{"id":79,"date":"2008-08-30T02:38:11","date_gmt":"2008-08-30T01:38:11","guid":{"rendered":"http:\/\/www.binauralmedia.org\/news\/?page_id=79&#038;langswitch_lang=pt"},"modified":"2021-12-13T14:45:58","modified_gmt":"2021-12-13T14:45:58","slug":"aldeias-sonoras","status":"publish","type":"avada_portfolio","link":"https:\/\/www.binauralmedia.org\/news\/arquivo\/portfolio-items\/aldeias-sonoras","title":{"rendered":"Aldeias Sonoras"},"content":{"rendered":"<p><strong>&#8220;Aldeias Sonoras&#8221; <\/strong><\/p>\n<p>Um projecto educativo da Binaural\/Nodar<\/p>\n<p>Coordenado por Lu\u00eds Costa com o apoio t\u00e9cnico de Manuela Barile<\/p>\n<p>O mundo rural portugu\u00eas est\u00e1 a despovoar-se e, com ele, vai paulatinamente morrendo uma cultura tradicional e uma rela\u00e7\u00e3o particular com a paisagem e seus usos. \u00c0 semelhan\u00e7a de outros pa\u00edses europeus, assiste-se a um processo de p\u00f3s-ruraliza\u00e7\u00e3o, com implica\u00e7\u00f5es em diversos dom\u00ednios: econ\u00f3mico, psicol\u00f3gico, social, cultural.<\/p>\n<p>Estas transforma\u00e7\u00f5es formam uma malha complexa e sobreposta de realidades. N\u00e3o existe um antes e um depois. As formas ancestrais de viver o rural (ainda) coexistem com novos usos da paisagem, com novas actividades e prioridades, muitas delas ligadas a uma dimens\u00e3o ociosa.<\/p>\n<p>Perante este cen\u00e1rio, existe hoje um imperativo de defesa e documenta\u00e7\u00e3o de realidades paisag\u00edsticas rurais, para al\u00e9m da perspectiva ambiental em sentido estrito. A paisagem enquanto sobreposi\u00e7\u00e3o de elementos naturais de fauna, flora e geologia, mas que inclui tamb\u00e9m elementos de interven\u00e7\u00e3o humana, sejam arquitect\u00f3nicos, agr\u00edcolas, saberes, utens\u00edlios, etc.<\/p>\n<p>Uma realidade que abrange todas as dimens\u00f5es da paisagem \u00e9 a ac\u00fastica. Quais os sons que a nossa paisagem rural incorpora? Quanto deles j\u00e1 desaparecerem irremediavelmente? Estamos habituados a olhar o mundo que nos rodeia, mas quanto tempo nos dedicamos a escutar a \u201cm\u00fasica\u201d da paisagem? O que podemos aprender acerca das comunidades rurais atrav\u00e9s da dimens\u00e3o sonora? Hoje em dia existe uma consciencializa\u00e7\u00e3o crescente para a necessidade de defender, estudar e documentar o patrim\u00f3nio sonoro, de tal forma que existem estudos de ecologia sonora e algumas \u00e1reas geogr\u00e1ficas (como a regi\u00e3o aut\u00f3noma da Galiza) incluem a dimens\u00e3o sonora no \u00e2mbito do seu patrim\u00f3nio imaterial aut\u00f3ctone. <strong> <\/strong><\/p>\n<p>\u00c9 com este contexto presente que surge o projecto \u201cAldeias Sonoras\u201d.<\/p>\n<p><strong> <\/strong> \u201cAldeias Sonoras\u201d \u00e9 um projecto educativo que consiste na grava\u00e7\u00e3o, edi\u00e7\u00e3o e mapeamento do patrim\u00f3nio ac\u00fastico de aldeias rurais em paralelo com o seu levantamento geogr\u00e1fico, hist\u00f3rico e s\u00f3cio-cultural.<\/p>\n<p>O projecto envolve escolas b\u00e1sicas e secund\u00e1rias de zonas rurais de diversas regi\u00f5es de Portugal, tendo come\u00e7ado no ano lectivo 2008-2009 na Escola Secund\u00e1ria de S. Pedro do Sul e passado por outros concelhos como os de Castro Daire, Arouca e VIla Nova de Paiva.<\/p>\n<p>\u201cAldeias Sonoras\u201d \u00e9 um projecto que encoraja estudantes de zonas rurais a \u201cabrirem o ouvido\u201d para o mundo ac\u00fastico que os rodeia, envolvendo-os num processo anal\u00edtico e colaborativo de capta\u00e7\u00e3o, edi\u00e7\u00e3o e publica\u00e7\u00e3o na internet de ambientes sonoros espec\u00edficos de cada aldeia ou paisagem rural.<\/p>\n<p>O projecto pretende evidenciar a riqueza sonora do mundo rural portugu\u00eas e a necessidade de o registar, envolvendo jovens nessa descoberta, promovendo em paralelo o sentido de identidade, de diversidade e de orgulho em viver no campo.<\/p>\n<p>\u201cAldeias Sonoras\u201d envolve uma s\u00e9rie de m\u00f3dulos de aprendizagem te\u00f3rico-pr\u00e1tica, com o objectivo de dotar os alunos de conhecimentos de tecnologias de registo e edi\u00e7\u00e3o de sons, utiliza\u00e7\u00e3o de blogs para a distribui\u00e7\u00e3o de informa\u00e7\u00e3o, associando cada etapa do projecto a diversas disciplinas curriculares (nas \u00e1reas da hist\u00f3ria, geografia, ecologia, cidadania, tecnologias de informa\u00e7\u00e3o, etc.).<\/p>\n<p>O elemento mais vis\u00edvel do projecto constitui um <a href=\"http:\/\/www.aldeias-sonoras.org\" target=\"_blank\" rel=\"noopener\">blog<\/a> onde s\u00e3o publicados de forma colaborativa todos os sons e informa\u00e7\u00f5es sobre as diversas aldeias visitadas pelos jovens no \u00e2mbito do projecto. \u00c9 poss\u00edvel aceder aos v\u00e1rios sons atrav\u00e9s da consulta de um mapa \u201cGoogle\u201d, o qual identifica os locais geogr\u00e1ficos onde os mesmos foram captados. O projecto relaciona um n\u00famero consider\u00e1vel de disciplinas curriculares do Ensino B\u00e1sico ou Secund\u00e1rio, incluindo m\u00fasica, geografia, arte, hist\u00f3ria, biologia, cidadania e tecnologias da informa\u00e7\u00e3o. O projecto articula-se de forma excepcional com as boas pr\u00e1ticas nas \u00e1reas do e-learning, consci\u00eancia ambiental e trabalho criativo com jovens.<\/p>\n<p><strong><\/strong>[AFG_gallery id=&#8217;111&#8242;]<\/p>\n<p><strong>Website do projecto:<\/strong> <a href=\"http:\/\/www.aldeias-sonoras.org\" target=\"_blank\" rel=\"noopener\">http:\/\/www.aldeias-sonoras.org<\/a>[:][\/fusion_builder_column][\/fusion_builder_row][\/fusion_builder_container]<\/p>\n","protected":false},"excerpt":{"rendered":"<p>&#8220;Aldeias Sonoras&#8221; Um projecto educativo da Binaural\/Nodar Coordenado por Lu\u00eds  [&#8230;]<\/p>\n","protected":false},"author":2,"featured_media":8222,"menu_order":14,"comment_status":"closed","ping_status":"closed","template":"","format":"standard","meta":{"_acf_changed":false,"_bbp_topic_count":0,"_bbp_reply_count":0,"_bbp_total_topic_count":0,"_bbp_total_reply_count":0,"_bbp_voice_count":0,"_bbp_anonymous_reply_count":0,"_bbp_topic_count_hidden":0,"_bbp_reply_count_hidden":0,"_bbp_forum_subforum_count":0,"footnotes":""},"portfolio_category":[619],"portfolio_skills":[],"portfolio_tags":[],"class_list":["post-79","avada_portfolio","type-avada_portfolio","status-publish","format-standard","has-post-thumbnail","hentry","portfolio_category-educational-programme"],"acf":[],"aioseo_notices":[],"aioseo_head":"\n\t\t<!-- All in One SEO 5.0.1.1 - aioseo.com -->\n\t<meta name=\"description\" content=\"&quot;Aldeias Sonoras&quot; Um projecto educativo da Binaural\/Nodar Coordenado por Lu\u00eds Costa com o apoio t\u00e9cnico de Manuela Barile O mundo rural portugu\u00eas est\u00e1 a despovoar-se e, com ele, vai paulatinamente morrendo uma cultura tradicional e uma rela\u00e7\u00e3o particular com a paisagem e seus usos. \u00c0 semelhan\u00e7a de outros pa\u00edses europeus, assiste-se a um processo de\" \/>\n\t<meta name=\"robots\" content=\"max-image-preview:large\" \/>\n\t<meta name=\"author\" content=\"luiscosta\"\/>\n\t<link rel=\"canonical\" href=\"https:\/\/www.binauralmedia.org\/news\/arquivo\/portfolio-items\/aldeias-sonoras\" \/>\n\t<meta name=\"generator\" content=\"All in One SEO (AIOSEO) 5.0.1.1\" \/>\n\t\t<meta property=\"og:locale\" content=\"pt_PT\" \/>\n\t\t<meta property=\"og:site_name\" content=\"binauralmedia.org - Rural Based Sound\/Media Arts &amp; Social Research\" \/>\n\t\t<meta property=\"og:type\" content=\"article\" \/>\n\t\t<meta property=\"og:title\" content=\"Aldeias Sonoras - binauralmedia.org\" \/>\n\t\t<meta property=\"og:description\" content=\"&quot;Aldeias Sonoras&quot; Um projecto educativo da Binaural\/Nodar Coordenado por Lu\u00eds Costa com o apoio t\u00e9cnico de Manuela Barile O mundo rural portugu\u00eas est\u00e1 a despovoar-se e, com ele, vai paulatinamente morrendo uma cultura tradicional e uma rela\u00e7\u00e3o particular com a paisagem e seus usos. \u00c0 semelhan\u00e7a de outros pa\u00edses europeus, assiste-se a um processo de\" \/>\n\t\t<meta property=\"og:url\" content=\"https:\/\/www.binauralmedia.org\/news\/arquivo\/portfolio-items\/aldeias-sonoras\" \/>\n\t\t<meta property=\"article:published_time\" content=\"2008-08-30T01:38:11+00:00\" \/>\n\t\t<meta property=\"article:modified_time\" content=\"2021-12-13T14:45:58+00:00\" \/>\n\t\t<meta name=\"twitter:card\" content=\"summary_large_image\" \/>\n\t\t<meta name=\"twitter:title\" content=\"Aldeias Sonoras - binauralmedia.org\" \/>\n\t\t<meta name=\"twitter:description\" content=\"&quot;Aldeias Sonoras&quot; Um projecto educativo da Binaural\/Nodar Coordenado por Lu\u00eds Costa com o apoio t\u00e9cnico de Manuela Barile O mundo rural portugu\u00eas est\u00e1 a despovoar-se e, com ele, vai paulatinamente morrendo uma cultura tradicional e uma rela\u00e7\u00e3o particular com a paisagem e seus usos. \u00c0 semelhan\u00e7a de outros pa\u00edses europeus, assiste-se a um processo de\" \/>\n\t\t<script type=\"application\/ld+json\" class=\"aioseo-schema\">\n\t\t\t{\"@context\":\"https:\\\/\\\/schema.org\",\"@graph\":[{\"@type\":\"BreadcrumbList\",\"@id\":\"https:\\\/\\\/www.binauralmedia.org\\\/news\\\/arquivo\\\/portfolio-items\\\/aldeias-sonoras#breadcrumblist\",\"itemListElement\":[{\"@type\":\"ListItem\",\"@id\":\"https:\\\/\\\/www.binauralmedia.org\\\/news#listItem\",\"position\":1,\"name\":\"Home\",\"item\":\"https:\\\/\\\/www.binauralmedia.org\\\/news\",\"nextItem\":{\"@type\":\"ListItem\",\"@id\":\"https:\\\/\\\/www.binauralmedia.org\\\/news\\\/arquivo\\\/portfolio-items#listItem\",\"name\":\"Portfolio\"}},{\"@type\":\"ListItem\",\"@id\":\"https:\\\/\\\/www.binauralmedia.org\\\/news\\\/arquivo\\\/portfolio-items#listItem\",\"position\":2,\"name\":\"Portfolio\",\"item\":\"https:\\\/\\\/www.binauralmedia.org\\\/news\\\/arquivo\\\/portfolio-items\",\"nextItem\":{\"@type\":\"ListItem\",\"@id\":\"https:\\\/\\\/www.binauralmedia.org\\\/news\\\/portfolio_category\\\/activities#listItem\",\"name\":\"Atividades\"},\"previousItem\":{\"@type\":\"ListItem\",\"@id\":\"https:\\\/\\\/www.binauralmedia.org\\\/news#listItem\",\"name\":\"Home\"}},{\"@type\":\"ListItem\",\"@id\":\"https:\\\/\\\/www.binauralmedia.org\\\/news\\\/portfolio_category\\\/activities#listItem\",\"position\":3,\"name\":\"Atividades\",\"item\":\"https:\\\/\\\/www.binauralmedia.org\\\/news\\\/portfolio_category\\\/activities\",\"nextItem\":{\"@type\":\"ListItem\",\"@id\":\"https:\\\/\\\/www.binauralmedia.org\\\/news\\\/portfolio_category\\\/educational-programme#listItem\",\"name\":\"Programa Educativo\"},\"previousItem\":{\"@type\":\"ListItem\",\"@id\":\"https:\\\/\\\/www.binauralmedia.org\\\/news\\\/arquivo\\\/portfolio-items#listItem\",\"name\":\"Portfolio\"}},{\"@type\":\"ListItem\",\"@id\":\"https:\\\/\\\/www.binauralmedia.org\\\/news\\\/portfolio_category\\\/educational-programme#listItem\",\"position\":4,\"name\":\"Programa Educativo\",\"item\":\"https:\\\/\\\/www.binauralmedia.org\\\/news\\\/portfolio_category\\\/educational-programme\",\"nextItem\":{\"@type\":\"ListItem\",\"@id\":\"https:\\\/\\\/www.binauralmedia.org\\\/news\\\/arquivo\\\/portfolio-items\\\/aldeias-sonoras#listItem\",\"name\":\"Aldeias Sonoras\"},\"previousItem\":{\"@type\":\"ListItem\",\"@id\":\"https:\\\/\\\/www.binauralmedia.org\\\/news\\\/portfolio_category\\\/activities#listItem\",\"name\":\"Atividades\"}},{\"@type\":\"ListItem\",\"@id\":\"https:\\\/\\\/www.binauralmedia.org\\\/news\\\/arquivo\\\/portfolio-items\\\/aldeias-sonoras#listItem\",\"position\":5,\"name\":\"Aldeias Sonoras\",\"previousItem\":{\"@type\":\"ListItem\",\"@id\":\"https:\\\/\\\/www.binauralmedia.org\\\/news\\\/portfolio_category\\\/educational-programme#listItem\",\"name\":\"Programa Educativo\"}}]},{\"@type\":\"Organization\",\"@id\":\"https:\\\/\\\/www.binauralmedia.org\\\/news\\\/#organization\",\"name\":\"binauralmedia.org\",\"description\":\"Rural Based Sound\\\/Media Arts & Social Research\",\"url\":\"https:\\\/\\\/www.binauralmedia.org\\\/news\\\/\"},{\"@type\":\"Person\",\"@id\":\"https:\\\/\\\/www.binauralmedia.org\\\/news\\\/arquivo\\\/author\\\/luiscosta#author\",\"url\":\"https:\\\/\\\/www.binauralmedia.org\\\/news\\\/arquivo\\\/author\\\/luiscosta\",\"name\":\"luiscosta\"},{\"@type\":\"WebPage\",\"@id\":\"https:\\\/\\\/www.binauralmedia.org\\\/news\\\/arquivo\\\/portfolio-items\\\/aldeias-sonoras#webpage\",\"url\":\"https:\\\/\\\/www.binauralmedia.org\\\/news\\\/arquivo\\\/portfolio-items\\\/aldeias-sonoras\",\"name\":\"Aldeias Sonoras - binauralmedia.org\",\"description\":\"\\\"Aldeias Sonoras\\\" Um projecto educativo da Binaural\\\/Nodar Coordenado por Lu\\u00eds Costa com o apoio t\\u00e9cnico de Manuela Barile O mundo rural portugu\\u00eas est\\u00e1 a despovoar-se e, com ele, vai paulatinamente morrendo uma cultura tradicional e uma rela\\u00e7\\u00e3o particular com a paisagem e seus usos. \\u00c0 semelhan\\u00e7a de outros pa\\u00edses europeus, assiste-se a um processo de\",\"inLanguage\":\"pt-PT\",\"isPartOf\":{\"@id\":\"https:\\\/\\\/www.binauralmedia.org\\\/news\\\/#website\"},\"breadcrumb\":{\"@id\":\"https:\\\/\\\/www.binauralmedia.org\\\/news\\\/arquivo\\\/portfolio-items\\\/aldeias-sonoras#breadcrumblist\"},\"author\":{\"@id\":\"https:\\\/\\\/www.binauralmedia.org\\\/news\\\/arquivo\\\/author\\\/luiscosta#author\"},\"creator\":{\"@id\":\"https:\\\/\\\/www.binauralmedia.org\\\/news\\\/arquivo\\\/author\\\/luiscosta#author\"},\"image\":{\"@type\":\"ImageObject\",\"url\":\"https:\\\/\\\/www.binauralmedia.org\\\/news\\\/wp-content\\\/uploads\\\/aldeias-sonoras-header-e1444874593770.jpg\",\"@id\":\"https:\\\/\\\/www.binauralmedia.org\\\/news\\\/arquivo\\\/portfolio-items\\\/aldeias-sonoras\\\/#mainImage\",\"width\":1326,\"height\":923},\"primaryImageOfPage\":{\"@id\":\"https:\\\/\\\/www.binauralmedia.org\\\/news\\\/arquivo\\\/portfolio-items\\\/aldeias-sonoras#mainImage\"},\"datePublished\":\"2008-08-30T02:38:11+00:00\",\"dateModified\":\"2021-12-13T14:45:58+00:00\"},{\"@type\":\"WebSite\",\"@id\":\"https:\\\/\\\/www.binauralmedia.org\\\/news\\\/#website\",\"url\":\"https:\\\/\\\/www.binauralmedia.org\\\/news\\\/\",\"name\":\"binauralmedia.org\",\"description\":\"Rural Based Sound\\\/Media Arts & Social Research\",\"inLanguage\":\"pt-PT\",\"publisher\":{\"@id\":\"https:\\\/\\\/www.binauralmedia.org\\\/news\\\/#organization\"}}]}\n\t\t<\/script>\n\t\t<!-- All in One SEO -->\n\n","aioseo_head_json":{"title":"Aldeias Sonoras - binauralmedia.org","description":"\"Aldeias Sonoras\" Um projecto educativo da Binaural\/Nodar Coordenado por Lu\u00eds Costa com o apoio t\u00e9cnico de Manuela Barile O mundo rural portugu\u00eas est\u00e1 a despovoar-se e, com ele, vai paulatinamente morrendo uma cultura tradicional e uma rela\u00e7\u00e3o particular com a paisagem e seus usos. \u00c0 semelhan\u00e7a de outros pa\u00edses europeus, assiste-se a um processo de","canonical_url":"https:\/\/www.binauralmedia.org\/news\/arquivo\/portfolio-items\/aldeias-sonoras","robots":"max-image-preview:large","keywords":"","webmasterTools":{"miscellaneous":""},"schema":{"@context":"https:\/\/schema.org","@graph":[{"@type":"BreadcrumbList","@id":"https:\/\/www.binauralmedia.org\/news\/arquivo\/portfolio-items\/aldeias-sonoras#breadcrumblist","itemListElement":[{"@type":"ListItem","@id":"https:\/\/www.binauralmedia.org\/news#listItem","position":1,"name":"Home","item":"https:\/\/www.binauralmedia.org\/news","nextItem":{"@type":"ListItem","@id":"https:\/\/www.binauralmedia.org\/news\/arquivo\/portfolio-items#listItem","name":"Portfolio"}},{"@type":"ListItem","@id":"https:\/\/www.binauralmedia.org\/news\/arquivo\/portfolio-items#listItem","position":2,"name":"Portfolio","item":"https:\/\/www.binauralmedia.org\/news\/arquivo\/portfolio-items","nextItem":{"@type":"ListItem","@id":"https:\/\/www.binauralmedia.org\/news\/portfolio_category\/activities#listItem","name":"Atividades"},"previousItem":{"@type":"ListItem","@id":"https:\/\/www.binauralmedia.org\/news#listItem","name":"Home"}},{"@type":"ListItem","@id":"https:\/\/www.binauralmedia.org\/news\/portfolio_category\/activities#listItem","position":3,"name":"Atividades","item":"https:\/\/www.binauralmedia.org\/news\/portfolio_category\/activities","nextItem":{"@type":"ListItem","@id":"https:\/\/www.binauralmedia.org\/news\/portfolio_category\/educational-programme#listItem","name":"Programa Educativo"},"previousItem":{"@type":"ListItem","@id":"https:\/\/www.binauralmedia.org\/news\/arquivo\/portfolio-items#listItem","name":"Portfolio"}},{"@type":"ListItem","@id":"https:\/\/www.binauralmedia.org\/news\/portfolio_category\/educational-programme#listItem","position":4,"name":"Programa Educativo","item":"https:\/\/www.binauralmedia.org\/news\/portfolio_category\/educational-programme","nextItem":{"@type":"ListItem","@id":"https:\/\/www.binauralmedia.org\/news\/arquivo\/portfolio-items\/aldeias-sonoras#listItem","name":"Aldeias Sonoras"},"previousItem":{"@type":"ListItem","@id":"https:\/\/www.binauralmedia.org\/news\/portfolio_category\/activities#listItem","name":"Atividades"}},{"@type":"ListItem","@id":"https:\/\/www.binauralmedia.org\/news\/arquivo\/portfolio-items\/aldeias-sonoras#listItem","position":5,"name":"Aldeias Sonoras","previousItem":{"@type":"ListItem","@id":"https:\/\/www.binauralmedia.org\/news\/portfolio_category\/educational-programme#listItem","name":"Programa Educativo"}}]},{"@type":"Organization","@id":"https:\/\/www.binauralmedia.org\/news\/#organization","name":"binauralmedia.org","description":"Rural Based Sound\/Media Arts & Social Research","url":"https:\/\/www.binauralmedia.org\/news\/"},{"@type":"Person","@id":"https:\/\/www.binauralmedia.org\/news\/arquivo\/author\/luiscosta#author","url":"https:\/\/www.binauralmedia.org\/news\/arquivo\/author\/luiscosta","name":"luiscosta"},{"@type":"WebPage","@id":"https:\/\/www.binauralmedia.org\/news\/arquivo\/portfolio-items\/aldeias-sonoras#webpage","url":"https:\/\/www.binauralmedia.org\/news\/arquivo\/portfolio-items\/aldeias-sonoras","name":"Aldeias Sonoras - binauralmedia.org","description":"\"Aldeias Sonoras\" Um projecto educativo da Binaural\/Nodar Coordenado por Lu\u00eds Costa com o apoio t\u00e9cnico de Manuela Barile O mundo rural portugu\u00eas est\u00e1 a despovoar-se e, com ele, vai paulatinamente morrendo uma cultura tradicional e uma rela\u00e7\u00e3o particular com a paisagem e seus usos. \u00c0 semelhan\u00e7a de outros pa\u00edses europeus, assiste-se a um processo de","inLanguage":"pt-PT","isPartOf":{"@id":"https:\/\/www.binauralmedia.org\/news\/#website"},"breadcrumb":{"@id":"https:\/\/www.binauralmedia.org\/news\/arquivo\/portfolio-items\/aldeias-sonoras#breadcrumblist"},"author":{"@id":"https:\/\/www.binauralmedia.org\/news\/arquivo\/author\/luiscosta#author"},"creator":{"@id":"https:\/\/www.binauralmedia.org\/news\/arquivo\/author\/luiscosta#author"},"image":{"@type":"ImageObject","url":"https:\/\/www.binauralmedia.org\/news\/wp-content\/uploads\/aldeias-sonoras-header-e1444874593770.jpg","@id":"https:\/\/www.binauralmedia.org\/news\/arquivo\/portfolio-items\/aldeias-sonoras\/#mainImage","width":1326,"height":923},"primaryImageOfPage":{"@id":"https:\/\/www.binauralmedia.org\/news\/arquivo\/portfolio-items\/aldeias-sonoras#mainImage"},"datePublished":"2008-08-30T02:38:11+00:00","dateModified":"2021-12-13T14:45:58+00:00"},{"@type":"WebSite","@id":"https:\/\/www.binauralmedia.org\/news\/#website","url":"https:\/\/www.binauralmedia.org\/news\/","name":"binauralmedia.org","description":"Rural Based Sound\/Media Arts & Social Research","inLanguage":"pt-PT","publisher":{"@id":"https:\/\/www.binauralmedia.org\/news\/#organization"}}]},"og:locale":"pt_PT","og:site_name":"binauralmedia.org - Rural Based Sound\/Media Arts &amp; Social Research","og:type":"article","og:title":"Aldeias Sonoras - binauralmedia.org","og:description":"&quot;Aldeias Sonoras&quot; Um projecto educativo da Binaural\/Nodar Coordenado por Lu\u00eds Costa com o apoio t\u00e9cnico de Manuela Barile O mundo rural portugu\u00eas est\u00e1 a despovoar-se e, com ele, vai paulatinamente morrendo uma cultura tradicional e uma rela\u00e7\u00e3o particular com a paisagem e seus usos. \u00c0 semelhan\u00e7a de outros pa\u00edses europeus, assiste-se a um processo de","og:url":"https:\/\/www.binauralmedia.org\/news\/arquivo\/portfolio-items\/aldeias-sonoras","article:published_time":"2008-08-30T01:38:11+00:00","article:modified_time":"2021-12-13T14:45:58+00:00","twitter:card":"summary_large_image","twitter:title":"Aldeias Sonoras - binauralmedia.org","twitter:description":"&quot;Aldeias Sonoras&quot; Um projecto educativo da Binaural\/Nodar Coordenado por Lu\u00eds Costa com o apoio t\u00e9cnico de Manuela Barile O mundo rural portugu\u00eas est\u00e1 a despovoar-se e, com ele, vai paulatinamente morrendo uma cultura tradicional e uma rela\u00e7\u00e3o particular com a paisagem e seus usos. \u00c0 semelhan\u00e7a de outros pa\u00edses europeus, assiste-se a um processo de"},"aioseo_meta_data":{"post_id":"79","title":null,"description":null,"keywords":null,"keyphrases":null,"primary_term":null,"canonical_url":null,"og_title":null,"og_description":null,"og_object_type":"default","og_image_type":"default","og_image_custom_url":null,"og_image_custom_fields":null,"og_image_url":null,"og_image_width":null,"og_image_height":null,"og_video":null,"og_custom_url":null,"og_article_section":null,"og_article_tags":null,"twitter_use_og":false,"twitter_card":"default","twitter_image_type":"default","twitter_image_custom_url":null,"twitter_image_custom_fields":null,"twitter_image_url":null,"twitter_title":null,"twitter_description":null,"schema_type":"default","schema_type_options":null,"schema":{"blockGraphs":[],"customGraphs":[],"default":{"data":{"Article":[],"Course":[],"Dataset":[],"FAQPage":[],"Movie":[],"Person":[],"Product":[],"ProductReview":[],"Car":[],"Recipe":[],"Service":[],"SoftwareApplication":[],"WebPage":[]},"graphName":"","isEnabled":true},"graphs":[]},"pillar_content":false,"robots_default":true,"robots_noindex":false,"robots_noarchive":false,"robots_nosnippet":false,"robots_nofollow":false,"robots_noimageindex":false,"robots_noodp":false,"robots_notranslate":false,"robots_max_snippet":null,"robots_max_videopreview":null,"robots_max_imagepreview":"large","priority":null,"frequency":null,"local_seo":null,"limit_modified_date":false,"ai":null,"breadcrumb_settings":null,"seo_analyzer_scan_date":null,"created":"2026-08-04 22:07:16","updated":"2026-08-04 22:07:16","focus_keyword":null,"additional_keywords":null,"truseo_locale":null},"aioseo_breadcrumb":"<div class=\"aioseo-breadcrumbs\"><span class=\"aioseo-breadcrumb\">\n\t\t\t<a href=\"https:\/\/www.binauralmedia.org\/news\" title=\"Home\">Home<\/a>\n\t\t<\/span><span class=\"aioseo-breadcrumb-separator\">&raquo;<\/span><span class=\"aioseo-breadcrumb\">\n\t\t\t<a href=\"https:\/\/www.binauralmedia.org\/news\/arquivo\/portfolio-items\" title=\"Portfolio\">Portfolio<\/a>\n\t\t<\/span><span class=\"aioseo-breadcrumb-separator\">&raquo;<\/span><span class=\"aioseo-breadcrumb\">\n\t\t\t<a href=\"https:\/\/www.binauralmedia.org\/news\/portfolio_category\/activities\" title=\"Atividades\">Atividades<\/a>\n\t\t<\/span><span class=\"aioseo-breadcrumb-separator\">&raquo;<\/span><span class=\"aioseo-breadcrumb\">\n\t\t\t<a href=\"https:\/\/www.binauralmedia.org\/news\/portfolio_category\/educational-programme\" title=\"Programa Educativo\">Programa Educativo<\/a>\n\t\t<\/span><span class=\"aioseo-breadcrumb-separator\">&raquo;<\/span><span class=\"aioseo-breadcrumb\">\n\t\t\tAldeias Sonoras\n\t\t<\/span><\/div>","aioseo_breadcrumb_json":[{"label":"Home","link":"https:\/\/www.binauralmedia.org\/news"},{"label":"Portfolio","link":"https:\/\/www.binauralmedia.org\/news\/arquivo\/portfolio-items"},{"label":"Atividades","link":"https:\/\/www.binauralmedia.org\/news\/portfolio_category\/activities"},{"label":"Programa Educativo","link":"https:\/\/www.binauralmedia.org\/news\/portfolio_category\/educational-programme"},{"label":"Aldeias Sonoras","link":"https:\/\/www.binauralmedia.org\/news\/arquivo\/portfolio-items\/aldeias-sonoras"}],"_links":{"self":[{"href":"https:\/\/www.binauralmedia.org\/news\/wp-json\/wp\/v2\/avada_portfolio\/79","targetHints":{"allow":["GET"]}}],"collection":[{"href":"https:\/\/www.binauralmedia.org\/news\/wp-json\/wp\/v2\/avada_portfolio"}],"about":[{"href":"https:\/\/www.binauralmedia.org\/news\/wp-json\/wp\/v2\/types\/avada_portfolio"}],"author":[{"embeddable":true,"href":"https:\/\/www.binauralmedia.org\/news\/wp-json\/wp\/v2\/users\/2"}],"replies":[{"embeddable":true,"href":"https:\/\/www.binauralmedia.org\/news\/wp-json\/wp\/v2\/comments?post=79"}],"version-history":[{"count":5,"href":"https:\/\/www.binauralmedia.org\/news\/wp-json\/wp\/v2\/avada_portfolio\/79\/revisions"}],"predecessor-version":[{"id":12460,"href":"https:\/\/www.binauralmedia.org\/news\/wp-json\/wp\/v2\/avada_portfolio\/79\/revisions\/12460"}],"wp:featuredmedia":[{"embeddable":true,"href":"https:\/\/www.binauralmedia.org\/news\/wp-json\/wp\/v2\/media\/8222"}],"wp:attachment":[{"href":"https:\/\/www.binauralmedia.org\/news\/wp-json\/wp\/v2\/media?parent=79"}],"wp:term":[{"taxonomy":"portfolio_category","embeddable":true,"href":"https:\/\/www.binauralmedia.org\/news\/wp-json\/wp\/v2\/portfolio_category?post=79"},{"taxonomy":"portfolio_skills","embeddable":true,"href":"https:\/\/www.binauralmedia.org\/news\/wp-json\/wp\/v2\/portfolio_skills?post=79"},{"taxonomy":"portfolio_tags","embeddable":true,"href":"https:\/\/www.binauralmedia.org\/news\/wp-json\/wp\/v2\/portfolio_tags?post=79"}],"curies":[{"name":"wp","href":"https:\/\/api.w.org\/{rel}","templated":true}]}}