{"id":7720,"date":"2014-12-05T16:35:35","date_gmt":"2014-12-05T15:35:35","guid":{"rendered":"http:\/\/binauralmedia.org\/news\/?post_type=dc_project&#038;p=7720"},"modified":"2021-08-16T15:34:27","modified_gmt":"2021-08-16T15:34:27","slug":"o-bastao-do-mendigo","status":"publish","type":"avada_portfolio","link":"https:\/\/www.binauralmedia.org\/news\/arquivo\/portfolio-items\/o-bastao-do-mendigo","title":{"rendered":"O Bast\u00e3o do Mendigo"},"content":{"rendered":"<div class=\"fusion-fullwidth fullwidth-box fusion-builder-row-1 hundred-percent-fullwidth non-hundred-percent-height-scrolling\" style=\"--awb-border-radius-top-left:0px;--awb-border-radius-top-right:0px;--awb-border-radius-bottom-right:0px;--awb-border-radius-bottom-left:0px;--awb-overflow:visible;--awb-flex-wrap:wrap;\" ><div class=\"fusion-builder-row fusion-row\"><div class=\"fusion-layout-column fusion_builder_column fusion-builder-column-0 fusion_builder_column_1_1 1_1 fusion-one-full fusion-column-first fusion-column-last fusion-column-no-min-height\" style=\"--awb-bg-size:cover;--awb-margin-bottom:0px;\"><div class=\"fusion-column-wrapper fusion-flex-column-wrapper-legacy\"><div class=\"fusion-text fusion-text-1\"><p><span style=\"line-height: 1.5em;\">\u201cO Bast\u00e3o\u00a0do\u00a0Mendigo\u201c\u00a0\u00e9 uma pe\u00e7a\u00a0audiovisual\u00a0experimental, da autoria do coordenador da\u00a0Binaural\/Nodar, Lu\u00eds Costa.\u00a0A pe\u00e7a\u00a0foi parte de\u00a0Divina\u00a0Souns\u00a0Ruris, um programa de\u00a0arte sonora\u00a0e\u00a0media\u00a0dedicado\u00a0a intera\u00e7\u00f5es entre\u00a0som e\u00a0religi\u00e3o que\u00a0ocorreu\u00a0ao longo de 2013,\u00a0e\u00a0\u00e9 uma reflex\u00e3o\u00a0baseada na presen\u00e7a\u00a0ancestral\u00a0de mendigos\u00a0durante\u00a0as prociss\u00f5es\u00a0religiosas no\u00a0Maci\u00e7o da Gralheira\u00a0 (S\u00e3o Pedro\u00a0do Sul,\u00a0Portugal).<\/span><\/p>\n<p>\u201cO Bast\u00e3o\u00a0do\u00a0Mendigo\u201c, comemora\u00a0um ano inteiro\u00a0que a\u00a0Binaural\/Nodar\u00a0dedicou \u00e0\u00a0intera\u00e7\u00e3o criativa com\u00a0temas e\u00a0entidades religiosas e que visou\u00a0a promo\u00e7\u00e3o de\u00a0um di\u00e1logo sincero\u00a0com a\u00a0hierarquia local da Igreja Cat\u00f3lica,\u00a0no\u00a0reconhecimento da import\u00e2ncia\u00a0da religi\u00e3o na\u00a0vida\u00a0das comunidades rurais\u00a0onde a\u00a0Binaural\/Nodar\u00a0desenvolve\u00a0as suas atividades.<\/p>\n<p>O Bast\u00e3o do Mendigo<\/p>\n<p>Contou-me o meu pai<br \/>\nque por volta dos anos 40 do s\u00e9culo passado<br \/>\nos mendigos percorriam a p\u00e9<br \/>\ntodas as manifesta\u00e7\u00f5es religiosas do maci\u00e7o da Gralheira,<br \/>\ncomo a romaria ao monte de S\u00e3o Mac\u00e1rio<br \/>\nno \u00faltimo fim de semana de julho.<\/p>\n<p>Logo a partir do meio da semana,<br \/>\nj\u00e1 os mendigos se dirigiam para o local da peregrina\u00e7\u00e3o.<\/p>\n<p>Iam pedindo esmola de aldeia em aldeia<br \/>\npara,\u00a0 no s\u00e1bado \u00e0 noite, o mais tardar no domingo pela alba,<br \/>\nse perfilarem com toda a restante legi\u00e3o de pedintes<br \/>\nque assentava arraiais \u00e0 porta das capelas no cimo do monte.<\/p>\n<p>Com os seus bast\u00f5es de caminhantes,<br \/>\nroupas andrajosas e<br \/>\nsand\u00e1lias muitas vezes rotas.<br \/>\ntirando partido da envolv\u00eancia de f\u00e9<br \/>\nque se respirava na ocasi\u00e3o.<\/p>\n<p>Mendigos.<br \/>\nEstes mendigos antigos.<br \/>\nPobres mas gentis.<\/p>\n<p>\u00c0s vezes queria que fossemos mais mendigos e menos senhores,<br \/>\nVoltarmos \u00e0 necessidade quotidiana,<br \/>\n\u00e0 liberdade absoluta de escolher o caminho<\/p>\n<p>Humildade, pobreza e verdade,<br \/>\ncomo bases de uma revolu\u00e7\u00e3o que nunca chegar\u00e1 a acontecer.<\/p>\n<p>[AFG_gallery id=&#8217;151&#8242;]<\/p>\n<\/div><div class=\"fusion-clearfix\"><\/div><\/div><\/div><\/div><\/div>\n","protected":false},"excerpt":{"rendered":"<p>\u201cO Bast\u00e3o do Mendigo\u201c \u00e9 uma pe\u00e7a audiovisual experimental, da autoria do coordenador da Binaural\/Nodar, Lu\u00eds Gomes da Costa. A pe\u00e7a foi parte de Divina Souns Ruris, um programa de arte sonora e media dedicado a intera\u00e7\u00f5es entre som e religi\u00e3o.<\/p>\n","protected":false},"author":2,"featured_media":7721,"menu_order":108,"comment_status":"open","ping_status":"closed","template":"","format":"standard","meta":{"_acf_changed":false,"_bbp_topic_count":0,"_bbp_reply_count":0,"_bbp_total_topic_count":0,"_bbp_total_reply_count":0,"_bbp_voice_count":0,"_bbp_anonymous_reply_count":0,"_bbp_topic_count_hidden":0,"_bbp_reply_count_hidden":0,"_bbp_forum_subforum_count":0,"footnotes":""},"portfolio_category":[618],"portfolio_skills":[],"portfolio_tags":[],"class_list":["post-7720","avada_portfolio","type-avada_portfolio","status-publish","format-standard","has-post-thumbnail","hentry","portfolio_category-art-creations"],"acf":[],"aioseo_notices":[],"aioseo_head":"\n\t\t<!-- All in One SEO 5.0.1.1 - aioseo.com -->\n\t<meta name=\"description\" content=\"\u201cO Bast\u00e3o do Mendigo\u201c \u00e9 uma pe\u00e7a audiovisual experimental, da autoria do coordenador da Binaural\/Nodar, Lu\u00eds Gomes da Costa. A pe\u00e7a foi parte de Divina Souns Ruris, um programa de arte sonora e media dedicado a intera\u00e7\u00f5es entre som e religi\u00e3o.\" \/>\n\t<meta name=\"robots\" content=\"max-image-preview:large\" \/>\n\t<meta name=\"author\" content=\"luiscosta\"\/>\n\t<link rel=\"canonical\" href=\"https:\/\/www.binauralmedia.org\/news\/arquivo\/portfolio-items\/o-bastao-do-mendigo\" \/>\n\t<meta name=\"generator\" content=\"All in One SEO (AIOSEO) 5.0.1.1\" \/>\n\t\t<meta property=\"og:locale\" content=\"pt_PT\" \/>\n\t\t<meta property=\"og:site_name\" content=\"binauralmedia.org - Rural Based Sound\/Media Arts &amp; Social Research\" \/>\n\t\t<meta property=\"og:type\" content=\"article\" \/>\n\t\t<meta property=\"og:title\" content=\"O Bast\u00e3o do Mendigo - binauralmedia.org\" \/>\n\t\t<meta property=\"og:description\" content=\"\u201cO Bast\u00e3o do Mendigo\u201c \u00e9 uma pe\u00e7a audiovisual experimental, da autoria do coordenador da Binaural\/Nodar, Lu\u00eds Gomes da Costa. A pe\u00e7a foi parte de Divina Souns Ruris, um programa de arte sonora e media dedicado a intera\u00e7\u00f5es entre som e religi\u00e3o.\" \/>\n\t\t<meta property=\"og:url\" content=\"https:\/\/www.binauralmedia.org\/news\/arquivo\/portfolio-items\/o-bastao-do-mendigo\" \/>\n\t\t<meta property=\"article:published_time\" content=\"2014-12-05T15:35:35+00:00\" \/>\n\t\t<meta property=\"article:modified_time\" content=\"2021-08-16T15:34:27+00:00\" \/>\n\t\t<meta name=\"twitter:card\" content=\"summary_large_image\" \/>\n\t\t<meta name=\"twitter:title\" content=\"O Bast\u00e3o do Mendigo - binauralmedia.org\" \/>\n\t\t<meta name=\"twitter:description\" content=\"\u201cO Bast\u00e3o do Mendigo\u201c \u00e9 uma pe\u00e7a audiovisual experimental, da autoria do coordenador da Binaural\/Nodar, Lu\u00eds Gomes da Costa. A pe\u00e7a foi parte de Divina Souns Ruris, um programa de arte sonora e media dedicado a intera\u00e7\u00f5es entre som e religi\u00e3o.\" \/>\n\t\t<script type=\"application\/ld+json\" class=\"aioseo-schema\">\n\t\t\t{\"@context\":\"https:\\\/\\\/schema.org\",\"@graph\":[{\"@type\":\"BreadcrumbList\",\"@id\":\"https:\\\/\\\/www.binauralmedia.org\\\/news\\\/arquivo\\\/portfolio-items\\\/o-bastao-do-mendigo#breadcrumblist\",\"itemListElement\":[{\"@type\":\"ListItem\",\"@id\":\"https:\\\/\\\/www.binauralmedia.org\\\/news#listItem\",\"position\":1,\"name\":\"Home\",\"item\":\"https:\\\/\\\/www.binauralmedia.org\\\/news\",\"nextItem\":{\"@type\":\"ListItem\",\"@id\":\"https:\\\/\\\/www.binauralmedia.org\\\/news\\\/arquivo\\\/portfolio-items#listItem\",\"name\":\"Portfolio\"}},{\"@type\":\"ListItem\",\"@id\":\"https:\\\/\\\/www.binauralmedia.org\\\/news\\\/arquivo\\\/portfolio-items#listItem\",\"position\":2,\"name\":\"Portfolio\",\"item\":\"https:\\\/\\\/www.binauralmedia.org\\\/news\\\/arquivo\\\/portfolio-items\",\"nextItem\":{\"@type\":\"ListItem\",\"@id\":\"https:\\\/\\\/www.binauralmedia.org\\\/news\\\/portfolio_category\\\/activities#listItem\",\"name\":\"Atividades\"},\"previousItem\":{\"@type\":\"ListItem\",\"@id\":\"https:\\\/\\\/www.binauralmedia.org\\\/news#listItem\",\"name\":\"Home\"}},{\"@type\":\"ListItem\",\"@id\":\"https:\\\/\\\/www.binauralmedia.org\\\/news\\\/portfolio_category\\\/activities#listItem\",\"position\":3,\"name\":\"Atividades\",\"item\":\"https:\\\/\\\/www.binauralmedia.org\\\/news\\\/portfolio_category\\\/activities\",\"nextItem\":{\"@type\":\"ListItem\",\"@id\":\"https:\\\/\\\/www.binauralmedia.org\\\/news\\\/portfolio_category\\\/art-creations#listItem\",\"name\":\"Cria\\u00e7\\u00f5es Art\\u00edsticas\"},\"previousItem\":{\"@type\":\"ListItem\",\"@id\":\"https:\\\/\\\/www.binauralmedia.org\\\/news\\\/arquivo\\\/portfolio-items#listItem\",\"name\":\"Portfolio\"}},{\"@type\":\"ListItem\",\"@id\":\"https:\\\/\\\/www.binauralmedia.org\\\/news\\\/portfolio_category\\\/art-creations#listItem\",\"position\":4,\"name\":\"Cria\\u00e7\\u00f5es Art\\u00edsticas\",\"item\":\"https:\\\/\\\/www.binauralmedia.org\\\/news\\\/portfolio_category\\\/art-creations\",\"nextItem\":{\"@type\":\"ListItem\",\"@id\":\"https:\\\/\\\/www.binauralmedia.org\\\/news\\\/arquivo\\\/portfolio-items\\\/o-bastao-do-mendigo#listItem\",\"name\":\"O Bast\\u00e3o do Mendigo\"},\"previousItem\":{\"@type\":\"ListItem\",\"@id\":\"https:\\\/\\\/www.binauralmedia.org\\\/news\\\/portfolio_category\\\/activities#listItem\",\"name\":\"Atividades\"}},{\"@type\":\"ListItem\",\"@id\":\"https:\\\/\\\/www.binauralmedia.org\\\/news\\\/arquivo\\\/portfolio-items\\\/o-bastao-do-mendigo#listItem\",\"position\":5,\"name\":\"O Bast\\u00e3o do Mendigo\",\"previousItem\":{\"@type\":\"ListItem\",\"@id\":\"https:\\\/\\\/www.binauralmedia.org\\\/news\\\/portfolio_category\\\/art-creations#listItem\",\"name\":\"Cria\\u00e7\\u00f5es Art\\u00edsticas\"}}]},{\"@type\":\"Organization\",\"@id\":\"https:\\\/\\\/www.binauralmedia.org\\\/news\\\/#organization\",\"name\":\"binauralmedia.org\",\"description\":\"Rural Based Sound\\\/Media Arts & Social Research\",\"url\":\"https:\\\/\\\/www.binauralmedia.org\\\/news\\\/\"},{\"@type\":\"Person\",\"@id\":\"https:\\\/\\\/www.binauralmedia.org\\\/news\\\/arquivo\\\/author\\\/luiscosta#author\",\"url\":\"https:\\\/\\\/www.binauralmedia.org\\\/news\\\/arquivo\\\/author\\\/luiscosta\",\"name\":\"luiscosta\"},{\"@type\":\"WebPage\",\"@id\":\"https:\\\/\\\/www.binauralmedia.org\\\/news\\\/arquivo\\\/portfolio-items\\\/o-bastao-do-mendigo#webpage\",\"url\":\"https:\\\/\\\/www.binauralmedia.org\\\/news\\\/arquivo\\\/portfolio-items\\\/o-bastao-do-mendigo\",\"name\":\"O Bast\\u00e3o do Mendigo - binauralmedia.org\",\"description\":\"\\u201cO Bast\\u00e3o do Mendigo\\u201c \\u00e9 uma pe\\u00e7a audiovisual experimental, da autoria do coordenador da Binaural\\\/Nodar, Lu\\u00eds Gomes da Costa. A pe\\u00e7a foi parte de Divina Souns Ruris, um programa de arte sonora e media dedicado a intera\\u00e7\\u00f5es entre som e religi\\u00e3o.\",\"inLanguage\":\"pt-PT\",\"isPartOf\":{\"@id\":\"https:\\\/\\\/www.binauralmedia.org\\\/news\\\/#website\"},\"breadcrumb\":{\"@id\":\"https:\\\/\\\/www.binauralmedia.org\\\/news\\\/arquivo\\\/portfolio-items\\\/o-bastao-do-mendigo#breadcrumblist\"},\"author\":{\"@id\":\"https:\\\/\\\/www.binauralmedia.org\\\/news\\\/arquivo\\\/author\\\/luiscosta#author\"},\"creator\":{\"@id\":\"https:\\\/\\\/www.binauralmedia.org\\\/news\\\/arquivo\\\/author\\\/luiscosta#author\"},\"image\":{\"@type\":\"ImageObject\",\"url\":\"https:\\\/\\\/www.binauralmedia.org\\\/news\\\/wp-content\\\/uploads\\\/b-e1585782844862.png\",\"@id\":\"https:\\\/\\\/www.binauralmedia.org\\\/news\\\/arquivo\\\/portfolio-items\\\/o-bastao-do-mendigo\\\/#mainImage\",\"width\":439,\"height\":292},\"primaryImageOfPage\":{\"@id\":\"https:\\\/\\\/www.binauralmedia.org\\\/news\\\/arquivo\\\/portfolio-items\\\/o-bastao-do-mendigo#mainImage\"},\"datePublished\":\"2014-12-05T16:35:35+00:00\",\"dateModified\":\"2021-08-16T15:34:27+00:00\"},{\"@type\":\"WebSite\",\"@id\":\"https:\\\/\\\/www.binauralmedia.org\\\/news\\\/#website\",\"url\":\"https:\\\/\\\/www.binauralmedia.org\\\/news\\\/\",\"name\":\"binauralmedia.org\",\"description\":\"Rural Based Sound\\\/Media Arts & Social Research\",\"inLanguage\":\"pt-PT\",\"publisher\":{\"@id\":\"https:\\\/\\\/www.binauralmedia.org\\\/news\\\/#organization\"}}]}\n\t\t<\/script>\n\t\t<!-- All in One SEO -->\n\n","aioseo_head_json":{"title":"O Bast\u00e3o do Mendigo - binauralmedia.org","description":"\u201cO Bast\u00e3o do Mendigo\u201c \u00e9 uma pe\u00e7a audiovisual experimental, da autoria do coordenador da Binaural\/Nodar, Lu\u00eds Gomes da Costa. A pe\u00e7a foi parte de Divina Souns Ruris, um programa de arte sonora e media dedicado a intera\u00e7\u00f5es entre som e religi\u00e3o.","canonical_url":"https:\/\/www.binauralmedia.org\/news\/arquivo\/portfolio-items\/o-bastao-do-mendigo","robots":"max-image-preview:large","keywords":"","webmasterTools":{"miscellaneous":""},"schema":{"@context":"https:\/\/schema.org","@graph":[{"@type":"BreadcrumbList","@id":"https:\/\/www.binauralmedia.org\/news\/arquivo\/portfolio-items\/o-bastao-do-mendigo#breadcrumblist","itemListElement":[{"@type":"ListItem","@id":"https:\/\/www.binauralmedia.org\/news#listItem","position":1,"name":"Home","item":"https:\/\/www.binauralmedia.org\/news","nextItem":{"@type":"ListItem","@id":"https:\/\/www.binauralmedia.org\/news\/arquivo\/portfolio-items#listItem","name":"Portfolio"}},{"@type":"ListItem","@id":"https:\/\/www.binauralmedia.org\/news\/arquivo\/portfolio-items#listItem","position":2,"name":"Portfolio","item":"https:\/\/www.binauralmedia.org\/news\/arquivo\/portfolio-items","nextItem":{"@type":"ListItem","@id":"https:\/\/www.binauralmedia.org\/news\/portfolio_category\/activities#listItem","name":"Atividades"},"previousItem":{"@type":"ListItem","@id":"https:\/\/www.binauralmedia.org\/news#listItem","name":"Home"}},{"@type":"ListItem","@id":"https:\/\/www.binauralmedia.org\/news\/portfolio_category\/activities#listItem","position":3,"name":"Atividades","item":"https:\/\/www.binauralmedia.org\/news\/portfolio_category\/activities","nextItem":{"@type":"ListItem","@id":"https:\/\/www.binauralmedia.org\/news\/portfolio_category\/art-creations#listItem","name":"Cria\u00e7\u00f5es Art\u00edsticas"},"previousItem":{"@type":"ListItem","@id":"https:\/\/www.binauralmedia.org\/news\/arquivo\/portfolio-items#listItem","name":"Portfolio"}},{"@type":"ListItem","@id":"https:\/\/www.binauralmedia.org\/news\/portfolio_category\/art-creations#listItem","position":4,"name":"Cria\u00e7\u00f5es Art\u00edsticas","item":"https:\/\/www.binauralmedia.org\/news\/portfolio_category\/art-creations","nextItem":{"@type":"ListItem","@id":"https:\/\/www.binauralmedia.org\/news\/arquivo\/portfolio-items\/o-bastao-do-mendigo#listItem","name":"O Bast\u00e3o do Mendigo"},"previousItem":{"@type":"ListItem","@id":"https:\/\/www.binauralmedia.org\/news\/portfolio_category\/activities#listItem","name":"Atividades"}},{"@type":"ListItem","@id":"https:\/\/www.binauralmedia.org\/news\/arquivo\/portfolio-items\/o-bastao-do-mendigo#listItem","position":5,"name":"O Bast\u00e3o do Mendigo","previousItem":{"@type":"ListItem","@id":"https:\/\/www.binauralmedia.org\/news\/portfolio_category\/art-creations#listItem","name":"Cria\u00e7\u00f5es Art\u00edsticas"}}]},{"@type":"Organization","@id":"https:\/\/www.binauralmedia.org\/news\/#organization","name":"binauralmedia.org","description":"Rural Based Sound\/Media Arts & Social Research","url":"https:\/\/www.binauralmedia.org\/news\/"},{"@type":"Person","@id":"https:\/\/www.binauralmedia.org\/news\/arquivo\/author\/luiscosta#author","url":"https:\/\/www.binauralmedia.org\/news\/arquivo\/author\/luiscosta","name":"luiscosta"},{"@type":"WebPage","@id":"https:\/\/www.binauralmedia.org\/news\/arquivo\/portfolio-items\/o-bastao-do-mendigo#webpage","url":"https:\/\/www.binauralmedia.org\/news\/arquivo\/portfolio-items\/o-bastao-do-mendigo","name":"O Bast\u00e3o do Mendigo - binauralmedia.org","description":"\u201cO Bast\u00e3o do Mendigo\u201c \u00e9 uma pe\u00e7a audiovisual experimental, da autoria do coordenador da Binaural\/Nodar, Lu\u00eds Gomes da Costa. A pe\u00e7a foi parte de Divina Souns Ruris, um programa de arte sonora e media dedicado a intera\u00e7\u00f5es entre som e religi\u00e3o.","inLanguage":"pt-PT","isPartOf":{"@id":"https:\/\/www.binauralmedia.org\/news\/#website"},"breadcrumb":{"@id":"https:\/\/www.binauralmedia.org\/news\/arquivo\/portfolio-items\/o-bastao-do-mendigo#breadcrumblist"},"author":{"@id":"https:\/\/www.binauralmedia.org\/news\/arquivo\/author\/luiscosta#author"},"creator":{"@id":"https:\/\/www.binauralmedia.org\/news\/arquivo\/author\/luiscosta#author"},"image":{"@type":"ImageObject","url":"https:\/\/www.binauralmedia.org\/news\/wp-content\/uploads\/b-e1585782844862.png","@id":"https:\/\/www.binauralmedia.org\/news\/arquivo\/portfolio-items\/o-bastao-do-mendigo\/#mainImage","width":439,"height":292},"primaryImageOfPage":{"@id":"https:\/\/www.binauralmedia.org\/news\/arquivo\/portfolio-items\/o-bastao-do-mendigo#mainImage"},"datePublished":"2014-12-05T16:35:35+00:00","dateModified":"2021-08-16T15:34:27+00:00"},{"@type":"WebSite","@id":"https:\/\/www.binauralmedia.org\/news\/#website","url":"https:\/\/www.binauralmedia.org\/news\/","name":"binauralmedia.org","description":"Rural Based Sound\/Media Arts & Social Research","inLanguage":"pt-PT","publisher":{"@id":"https:\/\/www.binauralmedia.org\/news\/#organization"}}]},"og:locale":"pt_PT","og:site_name":"binauralmedia.org - Rural Based Sound\/Media Arts &amp; Social Research","og:type":"article","og:title":"O Bast\u00e3o do Mendigo - binauralmedia.org","og:description":"\u201cO Bast\u00e3o do Mendigo\u201c \u00e9 uma pe\u00e7a audiovisual experimental, da autoria do coordenador da Binaural\/Nodar, Lu\u00eds Gomes da Costa. A pe\u00e7a foi parte de Divina Souns Ruris, um programa de arte sonora e media dedicado a intera\u00e7\u00f5es entre som e religi\u00e3o.","og:url":"https:\/\/www.binauralmedia.org\/news\/arquivo\/portfolio-items\/o-bastao-do-mendigo","article:published_time":"2014-12-05T15:35:35+00:00","article:modified_time":"2021-08-16T15:34:27+00:00","twitter:card":"summary_large_image","twitter:title":"O Bast\u00e3o do Mendigo - binauralmedia.org","twitter:description":"\u201cO Bast\u00e3o do Mendigo\u201c \u00e9 uma pe\u00e7a audiovisual experimental, da autoria do coordenador da Binaural\/Nodar, Lu\u00eds Gomes da Costa. A pe\u00e7a foi parte de Divina Souns Ruris, um programa de arte sonora e media dedicado a intera\u00e7\u00f5es entre som e religi\u00e3o."},"aioseo_meta_data":{"post_id":"7720","title":null,"description":null,"keywords":null,"keyphrases":null,"primary_term":null,"canonical_url":null,"og_title":null,"og_description":null,"og_object_type":"default","og_image_type":"default","og_image_custom_url":null,"og_image_custom_fields":null,"og_image_url":null,"og_image_width":null,"og_image_height":null,"og_video":null,"og_custom_url":null,"og_article_section":null,"og_article_tags":null,"twitter_use_og":false,"twitter_card":"default","twitter_image_type":"default","twitter_image_custom_url":null,"twitter_image_custom_fields":null,"twitter_image_url":null,"twitter_title":null,"twitter_description":null,"schema_type":"default","schema_type_options":null,"schema":{"blockGraphs":[],"customGraphs":[],"default":{"data":{"Article":[],"Course":[],"Dataset":[],"FAQPage":[],"Movie":[],"Person":[],"Product":[],"ProductReview":[],"Car":[],"Recipe":[],"Service":[],"SoftwareApplication":[],"WebPage":[]},"graphName":"","isEnabled":true},"graphs":[]},"pillar_content":false,"robots_default":true,"robots_noindex":false,"robots_noarchive":false,"robots_nosnippet":false,"robots_nofollow":false,"robots_noimageindex":false,"robots_noodp":false,"robots_notranslate":false,"robots_max_snippet":null,"robots_max_videopreview":null,"robots_max_imagepreview":"large","priority":null,"frequency":null,"local_seo":null,"limit_modified_date":false,"ai":null,"breadcrumb_settings":null,"seo_analyzer_scan_date":null,"created":"2026-08-04 22:24:11","updated":"2026-08-04 22:24:11","focus_keyword":null,"additional_keywords":null,"truseo_locale":null},"aioseo_breadcrumb":"<div class=\"aioseo-breadcrumbs\"><span class=\"aioseo-breadcrumb\">\n\t\t\t<a href=\"https:\/\/www.binauralmedia.org\/news\" title=\"Home\">Home<\/a>\n\t\t<\/span><span class=\"aioseo-breadcrumb-separator\">&raquo;<\/span><span class=\"aioseo-breadcrumb\">\n\t\t\t<a href=\"https:\/\/www.binauralmedia.org\/news\/arquivo\/portfolio-items\" title=\"Portfolio\">Portfolio<\/a>\n\t\t<\/span><span class=\"aioseo-breadcrumb-separator\">&raquo;<\/span><span class=\"aioseo-breadcrumb\">\n\t\t\t<a href=\"https:\/\/www.binauralmedia.org\/news\/portfolio_category\/activities\" title=\"Atividades\">Atividades<\/a>\n\t\t<\/span><span class=\"aioseo-breadcrumb-separator\">&raquo;<\/span><span class=\"aioseo-breadcrumb\">\n\t\t\t<a href=\"https:\/\/www.binauralmedia.org\/news\/portfolio_category\/art-creations\" title=\"Cria\u00e7\u00f5es Art\u00edsticas\">Cria\u00e7\u00f5es Art\u00edsticas<\/a>\n\t\t<\/span><span class=\"aioseo-breadcrumb-separator\">&raquo;<\/span><span class=\"aioseo-breadcrumb\">\n\t\t\tO Bast\u00e3o do Mendigo\n\t\t<\/span><\/div>","aioseo_breadcrumb_json":[{"label":"Home","link":"https:\/\/www.binauralmedia.org\/news"},{"label":"Portfolio","link":"https:\/\/www.binauralmedia.org\/news\/arquivo\/portfolio-items"},{"label":"Atividades","link":"https:\/\/www.binauralmedia.org\/news\/portfolio_category\/activities"},{"label":"Cria\u00e7\u00f5es Art\u00edsticas","link":"https:\/\/www.binauralmedia.org\/news\/portfolio_category\/art-creations"},{"label":"O Bast\u00e3o do Mendigo","link":"https:\/\/www.binauralmedia.org\/news\/arquivo\/portfolio-items\/o-bastao-do-mendigo"}],"_links":{"self":[{"href":"https:\/\/www.binauralmedia.org\/news\/wp-json\/wp\/v2\/avada_portfolio\/7720","targetHints":{"allow":["GET"]}}],"collection":[{"href":"https:\/\/www.binauralmedia.org\/news\/wp-json\/wp\/v2\/avada_portfolio"}],"about":[{"href":"https:\/\/www.binauralmedia.org\/news\/wp-json\/wp\/v2\/types\/avada_portfolio"}],"author":[{"embeddable":true,"href":"https:\/\/www.binauralmedia.org\/news\/wp-json\/wp\/v2\/users\/2"}],"replies":[{"embeddable":true,"href":"https:\/\/www.binauralmedia.org\/news\/wp-json\/wp\/v2\/comments?post=7720"}],"version-history":[{"count":5,"href":"https:\/\/www.binauralmedia.org\/news\/wp-json\/wp\/v2\/avada_portfolio\/7720\/revisions"}],"predecessor-version":[{"id":12512,"href":"https:\/\/www.binauralmedia.org\/news\/wp-json\/wp\/v2\/avada_portfolio\/7720\/revisions\/12512"}],"wp:featuredmedia":[{"embeddable":true,"href":"https:\/\/www.binauralmedia.org\/news\/wp-json\/wp\/v2\/media\/7721"}],"wp:attachment":[{"href":"https:\/\/www.binauralmedia.org\/news\/wp-json\/wp\/v2\/media?parent=7720"}],"wp:term":[{"taxonomy":"portfolio_category","embeddable":true,"href":"https:\/\/www.binauralmedia.org\/news\/wp-json\/wp\/v2\/portfolio_category?post=7720"},{"taxonomy":"portfolio_skills","embeddable":true,"href":"https:\/\/www.binauralmedia.org\/news\/wp-json\/wp\/v2\/portfolio_skills?post=7720"},{"taxonomy":"portfolio_tags","embeddable":true,"href":"https:\/\/www.binauralmedia.org\/news\/wp-json\/wp\/v2\/portfolio_tags?post=7720"}],"curies":[{"name":"wp","href":"https:\/\/api.w.org\/{rel}","templated":true}]}}