{"id":7717,"date":"2014-12-05T16:10:17","date_gmt":"2014-12-05T15:10:17","guid":{"rendered":"http:\/\/binauralmedia.org\/news\/?post_type=dc_project&#038;p=7717"},"modified":"2021-08-16T15:34:27","modified_gmt":"2021-08-16T15:34:27","slug":"memoria-sonora-da-cortica","status":"publish","type":"avada_portfolio","link":"https:\/\/www.binauralmedia.org\/news\/arquivo\/portfolio-items\/memoria-sonora-da-cortica","title":{"rendered":"Mem\u00f3ria Sonora da Corti\u00e7a"},"content":{"rendered":"<div class=\"fusion-fullwidth fullwidth-box fusion-builder-row-1 hundred-percent-fullwidth non-hundred-percent-height-scrolling\" style=\"--awb-border-radius-top-left:0px;--awb-border-radius-top-right:0px;--awb-border-radius-bottom-right:0px;--awb-border-radius-bottom-left:0px;--awb-overflow:visible;--awb-flex-wrap:wrap;\" ><div class=\"fusion-builder-row fusion-row\"><div class=\"fusion-layout-column fusion_builder_column fusion-builder-column-0 fusion_builder_column_1_1 1_1 fusion-one-full fusion-column-first fusion-column-last fusion-column-no-min-height\" style=\"--awb-bg-size:cover;--awb-margin-bottom:0px;\"><div class=\"fusion-column-wrapper fusion-flex-column-wrapper-legacy\"><div class=\"fusion-text fusion-text-1\"><p>Instala\u00e7\u00e3o sonora e visual multicanal<br \/>\nde Lu\u00eds Costa<\/p>\n<p>Uma co-produ\u00e7\u00e3o Binaural\/Nodar, Munic\u00edpio de Santa Maria da Feira e&nbsp;Orquestra&nbsp;e Banda Sinf\u00f3nica de Jovens de&nbsp;Santa Maria da Feira<\/p>\n<p>No Munic\u00edpio de Santa Maria da Feira existe uma t\u00e3o magn\u00edfica quanto improv\u00e1vel hist\u00f3ria industrial: a ind\u00fastria da corti\u00e7a. Um territ\u00f3rio rural de minif\u00fandio transformou-se em pouco mais de 50 anos no epicentro mundial de produ\u00e7\u00e3o de rolhas e outros derivados da corti\u00e7a, criando um ecossistema de centenas de empresas que perdura hoje em dia com uma pujan\u00e7a crescente. &nbsp;Podemos encarar esta hist\u00f3ria sob o prisma meramente empresarial, mas o que ressalta \u00e9 tamb\u00e9m a hist\u00f3ria de gera\u00e7\u00f5es de homens e mulheres, na maioria simples, os quais, com uma resili\u00eancia \u00edmpar, souberam transportar a heran\u00e7a passada de uma ind\u00fastria que nasceu artesanal rumo a novos modos de produzir, inovar e comercializar. Resumindo, Santa Maria da Feira \u00e9, pois, um caso raro em v\u00e1rios dom\u00ednios: na liga\u00e7\u00e3o profunda e quotidiana entre mem\u00f3ria e futuro, entre empreendedorismo e operariado e entre recursos naturais e ind\u00fastria.<\/p>\n<p>A Mem\u00f3ria Sonora da Corti\u00e7a \u00e9 uma instala\u00e7\u00e3o sonora e visual multicanal de Lu\u00eds Costa, coordenador da Binaural\/Nodar, que partiu de um trabalho de campo multidisciplinar: an\u00e1lise de documentos hist\u00f3ricos, registos sonoros em f\u00e1bricas da corti\u00e7a mapeados juntamente com mais de 50 alunos da comunidade escolar do concelho e entrevistas a atores relevantes do setor (atuais e antigos oper\u00e1rios, empreendedores, dirigentes associativos, gestores museol\u00f3gicos). Uma homenagem nunca dantes feita \u00e0 hist\u00f3ria da corti\u00e7a.<\/p>\n<p>[AFG_gallery id=&#8217;149&#8242;]<\/p>\n<p>&nbsp;<\/p>\n<\/div><div class=\"fusion-text fusion-text-2\"><p>Apresenta\u00e7\u00f5es P\u00fablicas<\/p>\n<p>Mem\u00f3ria Sonora da Corti\u00e7a: Instala\u00e7\u00e3o Sonora Multicanal em Lourosa | Casa da Cultura de Lourosa (Santa Maria da Feira) | 14 novembro \u2013 14 dezembro | 2014<\/p>\n<\/div><div class=\"fusion-clearfix\"><\/div><\/div><\/div><\/div><\/div>\n","protected":false},"excerpt":{"rendered":"<p>A Mem\u00f3ria Sonora da Corti\u00e7a \u00e9 uma instala\u00e7\u00e3o sonora e visual multicanal de Lu\u00eds Gomes da Costa, coordenador da Binaural\/Nodar, que partiu de um trabalho de campo multidisciplinar.<\/p>\n","protected":false},"author":2,"featured_media":7718,"menu_order":93,"comment_status":"open","ping_status":"closed","template":"","format":"standard","meta":{"_acf_changed":false,"_bbp_topic_count":0,"_bbp_reply_count":0,"_bbp_total_topic_count":0,"_bbp_total_reply_count":0,"_bbp_voice_count":0,"_bbp_anonymous_reply_count":0,"_bbp_topic_count_hidden":0,"_bbp_reply_count_hidden":0,"_bbp_forum_subforum_count":0,"footnotes":""},"portfolio_category":[618],"portfolio_skills":[],"portfolio_tags":[],"class_list":["post-7717","avada_portfolio","type-avada_portfolio","status-publish","format-standard","has-post-thumbnail","hentry","portfolio_category-art-creations"],"acf":[],"aioseo_notices":[],"aioseo_head":"\n\t\t<!-- All in One SEO 5.0.1.1 - aioseo.com -->\n\t<meta name=\"description\" content=\"A Mem\u00f3ria Sonora da Corti\u00e7a \u00e9 uma instala\u00e7\u00e3o sonora e visual multicanal de Lu\u00eds Gomes da Costa, coordenador da Binaural\/Nodar, que partiu de um trabalho de campo multidisciplinar.\" \/>\n\t<meta name=\"robots\" content=\"max-image-preview:large\" \/>\n\t<meta name=\"author\" content=\"luiscosta\"\/>\n\t<link rel=\"canonical\" href=\"https:\/\/www.binauralmedia.org\/news\/arquivo\/portfolio-items\/memoria-sonora-da-cortica\" \/>\n\t<meta name=\"generator\" content=\"All in One SEO (AIOSEO) 5.0.1.1\" \/>\n\t\t<meta property=\"og:locale\" content=\"pt_PT\" \/>\n\t\t<meta property=\"og:site_name\" content=\"binauralmedia.org - Rural Based Sound\/Media Arts &amp; Social Research\" \/>\n\t\t<meta property=\"og:type\" content=\"article\" \/>\n\t\t<meta property=\"og:title\" content=\"Mem\u00f3ria Sonora da Corti\u00e7a - binauralmedia.org\" \/>\n\t\t<meta property=\"og:description\" content=\"A Mem\u00f3ria Sonora da Corti\u00e7a \u00e9 uma instala\u00e7\u00e3o sonora e visual multicanal de Lu\u00eds Gomes da Costa, coordenador da Binaural\/Nodar, que partiu de um trabalho de campo multidisciplinar.\" \/>\n\t\t<meta property=\"og:url\" content=\"https:\/\/www.binauralmedia.org\/news\/arquivo\/portfolio-items\/memoria-sonora-da-cortica\" \/>\n\t\t<meta property=\"article:published_time\" content=\"2014-12-05T15:10:17+00:00\" \/>\n\t\t<meta property=\"article:modified_time\" content=\"2021-08-16T15:34:27+00:00\" \/>\n\t\t<meta name=\"twitter:card\" content=\"summary_large_image\" \/>\n\t\t<meta name=\"twitter:title\" content=\"Mem\u00f3ria Sonora da Corti\u00e7a - binauralmedia.org\" \/>\n\t\t<meta name=\"twitter:description\" content=\"A Mem\u00f3ria Sonora da Corti\u00e7a \u00e9 uma instala\u00e7\u00e3o sonora e visual multicanal de Lu\u00eds Gomes da Costa, coordenador da Binaural\/Nodar, que partiu de um trabalho de campo multidisciplinar.\" \/>\n\t\t<script type=\"application\/ld+json\" class=\"aioseo-schema\">\n\t\t\t{\"@context\":\"https:\\\/\\\/schema.org\",\"@graph\":[{\"@type\":\"BreadcrumbList\",\"@id\":\"https:\\\/\\\/www.binauralmedia.org\\\/news\\\/arquivo\\\/portfolio-items\\\/memoria-sonora-da-cortica#breadcrumblist\",\"itemListElement\":[{\"@type\":\"ListItem\",\"@id\":\"https:\\\/\\\/www.binauralmedia.org\\\/news#listItem\",\"position\":1,\"name\":\"Home\",\"item\":\"https:\\\/\\\/www.binauralmedia.org\\\/news\",\"nextItem\":{\"@type\":\"ListItem\",\"@id\":\"https:\\\/\\\/www.binauralmedia.org\\\/news\\\/arquivo\\\/portfolio-items#listItem\",\"name\":\"Portfolio\"}},{\"@type\":\"ListItem\",\"@id\":\"https:\\\/\\\/www.binauralmedia.org\\\/news\\\/arquivo\\\/portfolio-items#listItem\",\"position\":2,\"name\":\"Portfolio\",\"item\":\"https:\\\/\\\/www.binauralmedia.org\\\/news\\\/arquivo\\\/portfolio-items\",\"nextItem\":{\"@type\":\"ListItem\",\"@id\":\"https:\\\/\\\/www.binauralmedia.org\\\/news\\\/portfolio_category\\\/activities#listItem\",\"name\":\"Atividades\"},\"previousItem\":{\"@type\":\"ListItem\",\"@id\":\"https:\\\/\\\/www.binauralmedia.org\\\/news#listItem\",\"name\":\"Home\"}},{\"@type\":\"ListItem\",\"@id\":\"https:\\\/\\\/www.binauralmedia.org\\\/news\\\/portfolio_category\\\/activities#listItem\",\"position\":3,\"name\":\"Atividades\",\"item\":\"https:\\\/\\\/www.binauralmedia.org\\\/news\\\/portfolio_category\\\/activities\",\"nextItem\":{\"@type\":\"ListItem\",\"@id\":\"https:\\\/\\\/www.binauralmedia.org\\\/news\\\/portfolio_category\\\/art-creations#listItem\",\"name\":\"Cria\\u00e7\\u00f5es Art\\u00edsticas\"},\"previousItem\":{\"@type\":\"ListItem\",\"@id\":\"https:\\\/\\\/www.binauralmedia.org\\\/news\\\/arquivo\\\/portfolio-items#listItem\",\"name\":\"Portfolio\"}},{\"@type\":\"ListItem\",\"@id\":\"https:\\\/\\\/www.binauralmedia.org\\\/news\\\/portfolio_category\\\/art-creations#listItem\",\"position\":4,\"name\":\"Cria\\u00e7\\u00f5es Art\\u00edsticas\",\"item\":\"https:\\\/\\\/www.binauralmedia.org\\\/news\\\/portfolio_category\\\/art-creations\",\"nextItem\":{\"@type\":\"ListItem\",\"@id\":\"https:\\\/\\\/www.binauralmedia.org\\\/news\\\/arquivo\\\/portfolio-items\\\/memoria-sonora-da-cortica#listItem\",\"name\":\"Mem\\u00f3ria Sonora da Corti\\u00e7a\"},\"previousItem\":{\"@type\":\"ListItem\",\"@id\":\"https:\\\/\\\/www.binauralmedia.org\\\/news\\\/portfolio_category\\\/activities#listItem\",\"name\":\"Atividades\"}},{\"@type\":\"ListItem\",\"@id\":\"https:\\\/\\\/www.binauralmedia.org\\\/news\\\/arquivo\\\/portfolio-items\\\/memoria-sonora-da-cortica#listItem\",\"position\":5,\"name\":\"Mem\\u00f3ria Sonora da Corti\\u00e7a\",\"previousItem\":{\"@type\":\"ListItem\",\"@id\":\"https:\\\/\\\/www.binauralmedia.org\\\/news\\\/portfolio_category\\\/art-creations#listItem\",\"name\":\"Cria\\u00e7\\u00f5es Art\\u00edsticas\"}}]},{\"@type\":\"Organization\",\"@id\":\"https:\\\/\\\/www.binauralmedia.org\\\/news\\\/#organization\",\"name\":\"binauralmedia.org\",\"description\":\"Rural Based Sound\\\/Media Arts & Social Research\",\"url\":\"https:\\\/\\\/www.binauralmedia.org\\\/news\\\/\"},{\"@type\":\"Person\",\"@id\":\"https:\\\/\\\/www.binauralmedia.org\\\/news\\\/arquivo\\\/author\\\/luiscosta#author\",\"url\":\"https:\\\/\\\/www.binauralmedia.org\\\/news\\\/arquivo\\\/author\\\/luiscosta\",\"name\":\"luiscosta\"},{\"@type\":\"WebPage\",\"@id\":\"https:\\\/\\\/www.binauralmedia.org\\\/news\\\/arquivo\\\/portfolio-items\\\/memoria-sonora-da-cortica#webpage\",\"url\":\"https:\\\/\\\/www.binauralmedia.org\\\/news\\\/arquivo\\\/portfolio-items\\\/memoria-sonora-da-cortica\",\"name\":\"Mem\\u00f3ria Sonora da Corti\\u00e7a - binauralmedia.org\",\"description\":\"A Mem\\u00f3ria Sonora da Corti\\u00e7a \\u00e9 uma instala\\u00e7\\u00e3o sonora e visual multicanal de Lu\\u00eds Gomes da Costa, coordenador da Binaural\\\/Nodar, que partiu de um trabalho de campo multidisciplinar.\",\"inLanguage\":\"pt-PT\",\"isPartOf\":{\"@id\":\"https:\\\/\\\/www.binauralmedia.org\\\/news\\\/#website\"},\"breadcrumb\":{\"@id\":\"https:\\\/\\\/www.binauralmedia.org\\\/news\\\/arquivo\\\/portfolio-items\\\/memoria-sonora-da-cortica#breadcrumblist\"},\"author\":{\"@id\":\"https:\\\/\\\/www.binauralmedia.org\\\/news\\\/arquivo\\\/author\\\/luiscosta#author\"},\"creator\":{\"@id\":\"https:\\\/\\\/www.binauralmedia.org\\\/news\\\/arquivo\\\/author\\\/luiscosta#author\"},\"image\":{\"@type\":\"ImageObject\",\"url\":\"https:\\\/\\\/www.binauralmedia.org\\\/news\\\/wp-content\\\/uploads\\\/15176221358_d0202f6158_o-e1442694543615.jpg\",\"@id\":\"https:\\\/\\\/www.binauralmedia.org\\\/news\\\/arquivo\\\/portfolio-items\\\/memoria-sonora-da-cortica\\\/#mainImage\",\"width\":899,\"height\":600},\"primaryImageOfPage\":{\"@id\":\"https:\\\/\\\/www.binauralmedia.org\\\/news\\\/arquivo\\\/portfolio-items\\\/memoria-sonora-da-cortica#mainImage\"},\"datePublished\":\"2014-12-05T16:10:17+00:00\",\"dateModified\":\"2021-08-16T15:34:27+00:00\"},{\"@type\":\"WebSite\",\"@id\":\"https:\\\/\\\/www.binauralmedia.org\\\/news\\\/#website\",\"url\":\"https:\\\/\\\/www.binauralmedia.org\\\/news\\\/\",\"name\":\"binauralmedia.org\",\"description\":\"Rural Based Sound\\\/Media Arts & Social Research\",\"inLanguage\":\"pt-PT\",\"publisher\":{\"@id\":\"https:\\\/\\\/www.binauralmedia.org\\\/news\\\/#organization\"}}]}\n\t\t<\/script>\n\t\t<!-- All in One SEO -->\n\n","aioseo_head_json":{"title":"Mem\u00f3ria Sonora da Corti\u00e7a - binauralmedia.org","description":"A Mem\u00f3ria Sonora da Corti\u00e7a \u00e9 uma instala\u00e7\u00e3o sonora e visual multicanal de Lu\u00eds Gomes da Costa, coordenador da Binaural\/Nodar, que partiu de um trabalho de campo multidisciplinar.","canonical_url":"https:\/\/www.binauralmedia.org\/news\/arquivo\/portfolio-items\/memoria-sonora-da-cortica","robots":"max-image-preview:large","keywords":"","webmasterTools":{"miscellaneous":""},"schema":{"@context":"https:\/\/schema.org","@graph":[{"@type":"BreadcrumbList","@id":"https:\/\/www.binauralmedia.org\/news\/arquivo\/portfolio-items\/memoria-sonora-da-cortica#breadcrumblist","itemListElement":[{"@type":"ListItem","@id":"https:\/\/www.binauralmedia.org\/news#listItem","position":1,"name":"Home","item":"https:\/\/www.binauralmedia.org\/news","nextItem":{"@type":"ListItem","@id":"https:\/\/www.binauralmedia.org\/news\/arquivo\/portfolio-items#listItem","name":"Portfolio"}},{"@type":"ListItem","@id":"https:\/\/www.binauralmedia.org\/news\/arquivo\/portfolio-items#listItem","position":2,"name":"Portfolio","item":"https:\/\/www.binauralmedia.org\/news\/arquivo\/portfolio-items","nextItem":{"@type":"ListItem","@id":"https:\/\/www.binauralmedia.org\/news\/portfolio_category\/activities#listItem","name":"Atividades"},"previousItem":{"@type":"ListItem","@id":"https:\/\/www.binauralmedia.org\/news#listItem","name":"Home"}},{"@type":"ListItem","@id":"https:\/\/www.binauralmedia.org\/news\/portfolio_category\/activities#listItem","position":3,"name":"Atividades","item":"https:\/\/www.binauralmedia.org\/news\/portfolio_category\/activities","nextItem":{"@type":"ListItem","@id":"https:\/\/www.binauralmedia.org\/news\/portfolio_category\/art-creations#listItem","name":"Cria\u00e7\u00f5es Art\u00edsticas"},"previousItem":{"@type":"ListItem","@id":"https:\/\/www.binauralmedia.org\/news\/arquivo\/portfolio-items#listItem","name":"Portfolio"}},{"@type":"ListItem","@id":"https:\/\/www.binauralmedia.org\/news\/portfolio_category\/art-creations#listItem","position":4,"name":"Cria\u00e7\u00f5es Art\u00edsticas","item":"https:\/\/www.binauralmedia.org\/news\/portfolio_category\/art-creations","nextItem":{"@type":"ListItem","@id":"https:\/\/www.binauralmedia.org\/news\/arquivo\/portfolio-items\/memoria-sonora-da-cortica#listItem","name":"Mem\u00f3ria Sonora da Corti\u00e7a"},"previousItem":{"@type":"ListItem","@id":"https:\/\/www.binauralmedia.org\/news\/portfolio_category\/activities#listItem","name":"Atividades"}},{"@type":"ListItem","@id":"https:\/\/www.binauralmedia.org\/news\/arquivo\/portfolio-items\/memoria-sonora-da-cortica#listItem","position":5,"name":"Mem\u00f3ria Sonora da Corti\u00e7a","previousItem":{"@type":"ListItem","@id":"https:\/\/www.binauralmedia.org\/news\/portfolio_category\/art-creations#listItem","name":"Cria\u00e7\u00f5es Art\u00edsticas"}}]},{"@type":"Organization","@id":"https:\/\/www.binauralmedia.org\/news\/#organization","name":"binauralmedia.org","description":"Rural Based Sound\/Media Arts & Social Research","url":"https:\/\/www.binauralmedia.org\/news\/"},{"@type":"Person","@id":"https:\/\/www.binauralmedia.org\/news\/arquivo\/author\/luiscosta#author","url":"https:\/\/www.binauralmedia.org\/news\/arquivo\/author\/luiscosta","name":"luiscosta"},{"@type":"WebPage","@id":"https:\/\/www.binauralmedia.org\/news\/arquivo\/portfolio-items\/memoria-sonora-da-cortica#webpage","url":"https:\/\/www.binauralmedia.org\/news\/arquivo\/portfolio-items\/memoria-sonora-da-cortica","name":"Mem\u00f3ria Sonora da Corti\u00e7a - binauralmedia.org","description":"A Mem\u00f3ria Sonora da Corti\u00e7a \u00e9 uma instala\u00e7\u00e3o sonora e visual multicanal de Lu\u00eds Gomes da Costa, coordenador da Binaural\/Nodar, que partiu de um trabalho de campo multidisciplinar.","inLanguage":"pt-PT","isPartOf":{"@id":"https:\/\/www.binauralmedia.org\/news\/#website"},"breadcrumb":{"@id":"https:\/\/www.binauralmedia.org\/news\/arquivo\/portfolio-items\/memoria-sonora-da-cortica#breadcrumblist"},"author":{"@id":"https:\/\/www.binauralmedia.org\/news\/arquivo\/author\/luiscosta#author"},"creator":{"@id":"https:\/\/www.binauralmedia.org\/news\/arquivo\/author\/luiscosta#author"},"image":{"@type":"ImageObject","url":"https:\/\/www.binauralmedia.org\/news\/wp-content\/uploads\/15176221358_d0202f6158_o-e1442694543615.jpg","@id":"https:\/\/www.binauralmedia.org\/news\/arquivo\/portfolio-items\/memoria-sonora-da-cortica\/#mainImage","width":899,"height":600},"primaryImageOfPage":{"@id":"https:\/\/www.binauralmedia.org\/news\/arquivo\/portfolio-items\/memoria-sonora-da-cortica#mainImage"},"datePublished":"2014-12-05T16:10:17+00:00","dateModified":"2021-08-16T15:34:27+00:00"},{"@type":"WebSite","@id":"https:\/\/www.binauralmedia.org\/news\/#website","url":"https:\/\/www.binauralmedia.org\/news\/","name":"binauralmedia.org","description":"Rural Based Sound\/Media Arts & Social Research","inLanguage":"pt-PT","publisher":{"@id":"https:\/\/www.binauralmedia.org\/news\/#organization"}}]},"og:locale":"pt_PT","og:site_name":"binauralmedia.org - Rural Based Sound\/Media Arts &amp; Social Research","og:type":"article","og:title":"Mem\u00f3ria Sonora da Corti\u00e7a - binauralmedia.org","og:description":"A Mem\u00f3ria Sonora da Corti\u00e7a \u00e9 uma instala\u00e7\u00e3o sonora e visual multicanal de Lu\u00eds Gomes da Costa, coordenador da Binaural\/Nodar, que partiu de um trabalho de campo multidisciplinar.","og:url":"https:\/\/www.binauralmedia.org\/news\/arquivo\/portfolio-items\/memoria-sonora-da-cortica","article:published_time":"2014-12-05T15:10:17+00:00","article:modified_time":"2021-08-16T15:34:27+00:00","twitter:card":"summary_large_image","twitter:title":"Mem\u00f3ria Sonora da Corti\u00e7a - binauralmedia.org","twitter:description":"A Mem\u00f3ria Sonora da Corti\u00e7a \u00e9 uma instala\u00e7\u00e3o sonora e visual multicanal de Lu\u00eds Gomes da Costa, coordenador da Binaural\/Nodar, que partiu de um trabalho de campo multidisciplinar."},"aioseo_meta_data":{"post_id":"7717","title":null,"description":null,"keywords":null,"keyphrases":null,"primary_term":null,"canonical_url":null,"og_title":null,"og_description":null,"og_object_type":"default","og_image_type":"default","og_image_custom_url":null,"og_image_custom_fields":null,"og_image_url":null,"og_image_width":null,"og_image_height":null,"og_video":null,"og_custom_url":null,"og_article_section":null,"og_article_tags":null,"twitter_use_og":false,"twitter_card":"default","twitter_image_type":"default","twitter_image_custom_url":null,"twitter_image_custom_fields":null,"twitter_image_url":null,"twitter_title":null,"twitter_description":null,"schema_type":"default","schema_type_options":null,"schema":{"blockGraphs":[],"customGraphs":[],"default":{"data":{"Article":[],"Course":[],"Dataset":[],"FAQPage":[],"Movie":[],"Person":[],"Product":[],"ProductReview":[],"Car":[],"Recipe":[],"Service":[],"SoftwareApplication":[],"WebPage":[]},"graphName":"","isEnabled":true},"graphs":[]},"pillar_content":false,"robots_default":true,"robots_noindex":false,"robots_noarchive":false,"robots_nosnippet":false,"robots_nofollow":false,"robots_noimageindex":false,"robots_noodp":false,"robots_notranslate":false,"robots_max_snippet":null,"robots_max_videopreview":null,"robots_max_imagepreview":"large","priority":null,"frequency":null,"local_seo":null,"limit_modified_date":false,"ai":null,"breadcrumb_settings":null,"seo_analyzer_scan_date":null,"created":"2026-08-04 22:24:11","updated":"2026-08-04 22:24:11","focus_keyword":null,"additional_keywords":null,"truseo_locale":null},"aioseo_breadcrumb":"<div class=\"aioseo-breadcrumbs\"><span class=\"aioseo-breadcrumb\">\n\t\t\t<a href=\"https:\/\/www.binauralmedia.org\/news\" title=\"Home\">Home<\/a>\n\t\t<\/span><span class=\"aioseo-breadcrumb-separator\">&raquo;<\/span><span class=\"aioseo-breadcrumb\">\n\t\t\t<a href=\"https:\/\/www.binauralmedia.org\/news\/arquivo\/portfolio-items\" title=\"Portfolio\">Portfolio<\/a>\n\t\t<\/span><span class=\"aioseo-breadcrumb-separator\">&raquo;<\/span><span class=\"aioseo-breadcrumb\">\n\t\t\t<a href=\"https:\/\/www.binauralmedia.org\/news\/portfolio_category\/activities\" title=\"Atividades\">Atividades<\/a>\n\t\t<\/span><span class=\"aioseo-breadcrumb-separator\">&raquo;<\/span><span class=\"aioseo-breadcrumb\">\n\t\t\t<a href=\"https:\/\/www.binauralmedia.org\/news\/portfolio_category\/art-creations\" title=\"Cria\u00e7\u00f5es Art\u00edsticas\">Cria\u00e7\u00f5es Art\u00edsticas<\/a>\n\t\t<\/span><span class=\"aioseo-breadcrumb-separator\">&raquo;<\/span><span class=\"aioseo-breadcrumb\">\n\t\t\tMem\u00f3ria Sonora da Corti\u00e7a\n\t\t<\/span><\/div>","aioseo_breadcrumb_json":[{"label":"Home","link":"https:\/\/www.binauralmedia.org\/news"},{"label":"Portfolio","link":"https:\/\/www.binauralmedia.org\/news\/arquivo\/portfolio-items"},{"label":"Atividades","link":"https:\/\/www.binauralmedia.org\/news\/portfolio_category\/activities"},{"label":"Cria\u00e7\u00f5es Art\u00edsticas","link":"https:\/\/www.binauralmedia.org\/news\/portfolio_category\/art-creations"},{"label":"Mem\u00f3ria Sonora da Corti\u00e7a","link":"https:\/\/www.binauralmedia.org\/news\/arquivo\/portfolio-items\/memoria-sonora-da-cortica"}],"_links":{"self":[{"href":"https:\/\/www.binauralmedia.org\/news\/wp-json\/wp\/v2\/avada_portfolio\/7717","targetHints":{"allow":["GET"]}}],"collection":[{"href":"https:\/\/www.binauralmedia.org\/news\/wp-json\/wp\/v2\/avada_portfolio"}],"about":[{"href":"https:\/\/www.binauralmedia.org\/news\/wp-json\/wp\/v2\/types\/avada_portfolio"}],"author":[{"embeddable":true,"href":"https:\/\/www.binauralmedia.org\/news\/wp-json\/wp\/v2\/users\/2"}],"replies":[{"embeddable":true,"href":"https:\/\/www.binauralmedia.org\/news\/wp-json\/wp\/v2\/comments?post=7717"}],"version-history":[{"count":4,"href":"https:\/\/www.binauralmedia.org\/news\/wp-json\/wp\/v2\/avada_portfolio\/7717\/revisions"}],"predecessor-version":[{"id":12510,"href":"https:\/\/www.binauralmedia.org\/news\/wp-json\/wp\/v2\/avada_portfolio\/7717\/revisions\/12510"}],"wp:featuredmedia":[{"embeddable":true,"href":"https:\/\/www.binauralmedia.org\/news\/wp-json\/wp\/v2\/media\/7718"}],"wp:attachment":[{"href":"https:\/\/www.binauralmedia.org\/news\/wp-json\/wp\/v2\/media?parent=7717"}],"wp:term":[{"taxonomy":"portfolio_category","embeddable":true,"href":"https:\/\/www.binauralmedia.org\/news\/wp-json\/wp\/v2\/portfolio_category?post=7717"},{"taxonomy":"portfolio_skills","embeddable":true,"href":"https:\/\/www.binauralmedia.org\/news\/wp-json\/wp\/v2\/portfolio_skills?post=7717"},{"taxonomy":"portfolio_tags","embeddable":true,"href":"https:\/\/www.binauralmedia.org\/news\/wp-json\/wp\/v2\/portfolio_tags?post=7717"}],"curies":[{"name":"wp","href":"https:\/\/api.w.org\/{rel}","templated":true}]}}