{"id":5162,"date":"2012-06-27T12:56:17","date_gmt":"2012-06-27T11:56:17","guid":{"rendered":"http:\/\/www.binauralmedia.org\/news\/?page_id=3857"},"modified":"2021-08-16T15:34:20","modified_gmt":"2021-08-16T15:34:20","slug":"gilberto-norberto","status":"publish","type":"avada_portfolio","link":"https:\/\/www.binauralmedia.org\/news\/arquivo\/portfolio-items\/gilberto-norberto","title":{"rendered":"Gilberto &#038; Norberto"},"content":{"rendered":"<div class=\"fusion-fullwidth fullwidth-box fusion-builder-row-1 hundred-percent-fullwidth non-hundred-percent-height-scrolling\" style=\"--awb-border-radius-top-left:0px;--awb-border-radius-top-right:0px;--awb-border-radius-bottom-right:0px;--awb-border-radius-bottom-left:0px;--awb-overflow:visible;--awb-flex-wrap:wrap;\" ><div class=\"fusion-builder-row fusion-row\"><div class=\"fusion-layout-column fusion_builder_column fusion-builder-column-0 fusion_builder_column_1_1 1_1 fusion-one-full fusion-column-first fusion-column-last fusion-column-no-min-height\" style=\"--awb-bg-size:cover;--awb-margin-bottom:0px;\"><div class=\"fusion-column-wrapper fusion-flex-column-wrapper-legacy\"><div class=\"fusion-text fusion-text-1\"><p><strong>Projecto:\u00a0<\/strong>\u201cGilberto &amp; Norberto\u201d <strong><br \/>\nCategoria:<\/strong>\u00a0Arte Sonora<br \/>\n<strong>Per\u00edodo:<\/strong>\u00a0Abril 2012<\/p>\n<p>Numa long\u00ednqua escola prim\u00e1ria nas montanhas beir\u00e3s de h\u00e1 setenta anos, uma amizade se forjou entre dois meninos de duas aldeias pr\u00f3ximas, na essencialidade de tempos frugais, feitos de liberdade e paisagem, c\u00f4deas de p\u00e3o de milho bolorento, roupas esfarrapadas, subidas \u00e0s \u00e1rvores para apanhar ninhos, castigos corporais e li\u00e7\u00f5es impregnadas com a for\u00e7a de um ponteiro escrito numa lousa.<\/p>\n<p>Em mem\u00f3ria de Gilberto Henriques<\/p>\n<p>Sons e entrevistas gravados em S. Martinho das Moitas e Nodar, Abril 2012<br \/>\nPe\u00e7a sonora composta por Lu\u00eds Costa<\/p>\n<p>[AFG_gallery id=&#8217;106&#8242;]<\/p>\n<\/div><div class=\"fusion-sep-clear\"><\/div><div class=\"fusion-separator fusion-full-width-sep\" style=\"margin-left: auto;margin-right: auto;margin-top:30px;margin-bottom:30px;width:100%;\"><div class=\"fusion-separator-border sep-single sep-solid\" style=\"--awb-height:20px;--awb-amount:20px;border-color:#e0dede;border-top-width:1px;\"><\/div><\/div><div class=\"fusion-sep-clear\"><\/div><iframe width=\"100%\" height=\"166\" scrolling=\"no\" frameborder=\"no\" allow=\"autoplay\" src=\"https:\/\/w.soundcloud.com\/player\/?url=https%3A\/\/api.soundcloud.com\/tracks\/465530826&color=%23ff5500&auto_play=false&hide_related=false&show_comments=true&show_user=true&show_reposts=false&show_teaser=true\"><\/iframe><div class=\"fusion-clearfix\"><\/div><\/div><\/div><\/div><\/div>\n","protected":false},"excerpt":{"rendered":"<p>Lu\u00eds Costa \u00e9 um curador e produtor de arte sonora, pesquisador e arquivador sonoro. \u00c9 membro fundador e atual presidente da Binaural \/ Nodar, uma organiza\u00e7\u00e3o que desde 2006 gere o Nodar Rural Art Lab um espa\u00e7o dedicado \u00e0s artes media no contexto rural no maci\u00e7o da Gralheira.<\/p>\n","protected":false},"author":2,"featured_media":11661,"menu_order":76,"comment_status":"closed","ping_status":"closed","template":"","format":"standard","meta":{"_acf_changed":false,"_bbp_topic_count":0,"_bbp_reply_count":0,"_bbp_total_topic_count":0,"_bbp_total_reply_count":0,"_bbp_voice_count":0,"_bbp_anonymous_reply_count":0,"_bbp_topic_count_hidden":0,"_bbp_reply_count_hidden":0,"_bbp_forum_subforum_count":0,"footnotes":""},"portfolio_category":[618],"portfolio_skills":[],"portfolio_tags":[],"class_list":["post-5162","avada_portfolio","type-avada_portfolio","status-publish","format-standard","has-post-thumbnail","hentry","portfolio_category-art-creations"],"acf":[],"aioseo_notices":[],"aioseo_head":"\n\t\t<!-- All in One SEO 5.0.1.1 - aioseo.com -->\n\t<meta name=\"description\" content=\"Lu\u00eds Costa \u00e9 um curador e produtor de arte sonora, pesquisador e arquivador sonoro. \u00c9 membro fundador e atual presidente da Binaural \/ Nodar, uma organiza\u00e7\u00e3o que desde 2006 gere o Nodar Rural Art Lab um espa\u00e7o dedicado \u00e0s artes media no contexto rural no maci\u00e7o da Gralheira.\" \/>\n\t<meta name=\"robots\" content=\"max-image-preview:large\" \/>\n\t<meta name=\"author\" content=\"luiscosta\"\/>\n\t<link rel=\"canonical\" href=\"https:\/\/www.binauralmedia.org\/news\/arquivo\/portfolio-items\/gilberto-norberto\" \/>\n\t<meta name=\"generator\" content=\"All in One SEO (AIOSEO) 5.0.1.1\" \/>\n\t\t<meta property=\"og:locale\" content=\"pt_PT\" \/>\n\t\t<meta property=\"og:site_name\" content=\"binauralmedia.org - Rural Based Sound\/Media Arts &amp; Social Research\" \/>\n\t\t<meta property=\"og:type\" content=\"article\" \/>\n\t\t<meta property=\"og:title\" content=\"Gilberto &amp; Norberto - binauralmedia.org\" \/>\n\t\t<meta property=\"og:description\" content=\"Lu\u00eds Costa \u00e9 um curador e produtor de arte sonora, pesquisador e arquivador sonoro. \u00c9 membro fundador e atual presidente da Binaural \/ Nodar, uma organiza\u00e7\u00e3o que desde 2006 gere o Nodar Rural Art Lab um espa\u00e7o dedicado \u00e0s artes media no contexto rural no maci\u00e7o da Gralheira.\" \/>\n\t\t<meta property=\"og:url\" content=\"https:\/\/www.binauralmedia.org\/news\/arquivo\/portfolio-items\/gilberto-norberto\" \/>\n\t\t<meta property=\"article:published_time\" content=\"2012-06-27T11:56:17+00:00\" \/>\n\t\t<meta property=\"article:modified_time\" content=\"2021-08-16T15:34:20+00:00\" \/>\n\t\t<meta name=\"twitter:card\" content=\"summary_large_image\" \/>\n\t\t<meta name=\"twitter:title\" content=\"Gilberto &amp; Norberto - binauralmedia.org\" \/>\n\t\t<meta name=\"twitter:description\" content=\"Lu\u00eds Costa \u00e9 um curador e produtor de arte sonora, pesquisador e arquivador sonoro. \u00c9 membro fundador e atual presidente da Binaural \/ Nodar, uma organiza\u00e7\u00e3o que desde 2006 gere o Nodar Rural Art Lab um espa\u00e7o dedicado \u00e0s artes media no contexto rural no maci\u00e7o da Gralheira.\" \/>\n\t\t<script type=\"application\/ld+json\" class=\"aioseo-schema\">\n\t\t\t{\"@context\":\"https:\\\/\\\/schema.org\",\"@graph\":[{\"@type\":\"BreadcrumbList\",\"@id\":\"https:\\\/\\\/www.binauralmedia.org\\\/news\\\/arquivo\\\/portfolio-items\\\/gilberto-norberto#breadcrumblist\",\"itemListElement\":[{\"@type\":\"ListItem\",\"@id\":\"https:\\\/\\\/www.binauralmedia.org\\\/news#listItem\",\"position\":1,\"name\":\"Home\",\"item\":\"https:\\\/\\\/www.binauralmedia.org\\\/news\",\"nextItem\":{\"@type\":\"ListItem\",\"@id\":\"https:\\\/\\\/www.binauralmedia.org\\\/news\\\/arquivo\\\/portfolio-items#listItem\",\"name\":\"Portfolio\"}},{\"@type\":\"ListItem\",\"@id\":\"https:\\\/\\\/www.binauralmedia.org\\\/news\\\/arquivo\\\/portfolio-items#listItem\",\"position\":2,\"name\":\"Portfolio\",\"item\":\"https:\\\/\\\/www.binauralmedia.org\\\/news\\\/arquivo\\\/portfolio-items\",\"nextItem\":{\"@type\":\"ListItem\",\"@id\":\"https:\\\/\\\/www.binauralmedia.org\\\/news\\\/portfolio_category\\\/activities#listItem\",\"name\":\"Atividades\"},\"previousItem\":{\"@type\":\"ListItem\",\"@id\":\"https:\\\/\\\/www.binauralmedia.org\\\/news#listItem\",\"name\":\"Home\"}},{\"@type\":\"ListItem\",\"@id\":\"https:\\\/\\\/www.binauralmedia.org\\\/news\\\/portfolio_category\\\/activities#listItem\",\"position\":3,\"name\":\"Atividades\",\"item\":\"https:\\\/\\\/www.binauralmedia.org\\\/news\\\/portfolio_category\\\/activities\",\"nextItem\":{\"@type\":\"ListItem\",\"@id\":\"https:\\\/\\\/www.binauralmedia.org\\\/news\\\/portfolio_category\\\/art-creations#listItem\",\"name\":\"Cria\\u00e7\\u00f5es Art\\u00edsticas\"},\"previousItem\":{\"@type\":\"ListItem\",\"@id\":\"https:\\\/\\\/www.binauralmedia.org\\\/news\\\/arquivo\\\/portfolio-items#listItem\",\"name\":\"Portfolio\"}},{\"@type\":\"ListItem\",\"@id\":\"https:\\\/\\\/www.binauralmedia.org\\\/news\\\/portfolio_category\\\/art-creations#listItem\",\"position\":4,\"name\":\"Cria\\u00e7\\u00f5es Art\\u00edsticas\",\"item\":\"https:\\\/\\\/www.binauralmedia.org\\\/news\\\/portfolio_category\\\/art-creations\",\"nextItem\":{\"@type\":\"ListItem\",\"@id\":\"https:\\\/\\\/www.binauralmedia.org\\\/news\\\/arquivo\\\/portfolio-items\\\/gilberto-norberto#listItem\",\"name\":\"Gilberto &#038; Norberto\"},\"previousItem\":{\"@type\":\"ListItem\",\"@id\":\"https:\\\/\\\/www.binauralmedia.org\\\/news\\\/portfolio_category\\\/activities#listItem\",\"name\":\"Atividades\"}},{\"@type\":\"ListItem\",\"@id\":\"https:\\\/\\\/www.binauralmedia.org\\\/news\\\/arquivo\\\/portfolio-items\\\/gilberto-norberto#listItem\",\"position\":5,\"name\":\"Gilberto &#038; Norberto\",\"previousItem\":{\"@type\":\"ListItem\",\"@id\":\"https:\\\/\\\/www.binauralmedia.org\\\/news\\\/portfolio_category\\\/art-creations#listItem\",\"name\":\"Cria\\u00e7\\u00f5es Art\\u00edsticas\"}}]},{\"@type\":\"Organization\",\"@id\":\"https:\\\/\\\/www.binauralmedia.org\\\/news\\\/#organization\",\"name\":\"binauralmedia.org\",\"description\":\"Rural Based Sound\\\/Media Arts & Social Research\",\"url\":\"https:\\\/\\\/www.binauralmedia.org\\\/news\\\/\"},{\"@type\":\"Person\",\"@id\":\"https:\\\/\\\/www.binauralmedia.org\\\/news\\\/arquivo\\\/author\\\/luiscosta#author\",\"url\":\"https:\\\/\\\/www.binauralmedia.org\\\/news\\\/arquivo\\\/author\\\/luiscosta\",\"name\":\"luiscosta\"},{\"@type\":\"WebPage\",\"@id\":\"https:\\\/\\\/www.binauralmedia.org\\\/news\\\/arquivo\\\/portfolio-items\\\/gilberto-norberto#webpage\",\"url\":\"https:\\\/\\\/www.binauralmedia.org\\\/news\\\/arquivo\\\/portfolio-items\\\/gilberto-norberto\",\"name\":\"Gilberto & Norberto - binauralmedia.org\",\"description\":\"Lu\\u00eds Costa \\u00e9 um curador e produtor de arte sonora, pesquisador e arquivador sonoro. \\u00c9 membro fundador e atual presidente da Binaural \\\/ Nodar, uma organiza\\u00e7\\u00e3o que desde 2006 gere o Nodar Rural Art Lab um espa\\u00e7o dedicado \\u00e0s artes media no contexto rural no maci\\u00e7o da Gralheira.\",\"inLanguage\":\"pt-PT\",\"isPartOf\":{\"@id\":\"https:\\\/\\\/www.binauralmedia.org\\\/news\\\/#website\"},\"breadcrumb\":{\"@id\":\"https:\\\/\\\/www.binauralmedia.org\\\/news\\\/arquivo\\\/portfolio-items\\\/gilberto-norberto#breadcrumblist\"},\"author\":{\"@id\":\"https:\\\/\\\/www.binauralmedia.org\\\/news\\\/arquivo\\\/author\\\/luiscosta#author\"},\"creator\":{\"@id\":\"https:\\\/\\\/www.binauralmedia.org\\\/news\\\/arquivo\\\/author\\\/luiscosta#author\"},\"image\":{\"@type\":\"ImageObject\",\"url\":\"https:\\\/\\\/www.binauralmedia.org\\\/news\\\/wp-content\\\/uploads\\\/Gilberto-e-Norberto.jpg\",\"@id\":\"https:\\\/\\\/www.binauralmedia.org\\\/news\\\/arquivo\\\/portfolio-items\\\/gilberto-norberto\\\/#mainImage\",\"width\":1200,\"height\":800},\"primaryImageOfPage\":{\"@id\":\"https:\\\/\\\/www.binauralmedia.org\\\/news\\\/arquivo\\\/portfolio-items\\\/gilberto-norberto#mainImage\"},\"datePublished\":\"2012-06-27T12:56:17+00:00\",\"dateModified\":\"2021-08-16T15:34:20+00:00\"},{\"@type\":\"WebSite\",\"@id\":\"https:\\\/\\\/www.binauralmedia.org\\\/news\\\/#website\",\"url\":\"https:\\\/\\\/www.binauralmedia.org\\\/news\\\/\",\"name\":\"binauralmedia.org\",\"description\":\"Rural Based Sound\\\/Media Arts & Social Research\",\"inLanguage\":\"pt-PT\",\"publisher\":{\"@id\":\"https:\\\/\\\/www.binauralmedia.org\\\/news\\\/#organization\"}}]}\n\t\t<\/script>\n\t\t<!-- All in One SEO -->\n\n","aioseo_head_json":{"title":"Gilberto & Norberto - binauralmedia.org","description":"Lu\u00eds Costa \u00e9 um curador e produtor de arte sonora, pesquisador e arquivador sonoro. \u00c9 membro fundador e atual presidente da Binaural \/ Nodar, uma organiza\u00e7\u00e3o que desde 2006 gere o Nodar Rural Art Lab um espa\u00e7o dedicado \u00e0s artes media no contexto rural no maci\u00e7o da Gralheira.","canonical_url":"https:\/\/www.binauralmedia.org\/news\/arquivo\/portfolio-items\/gilberto-norberto","robots":"max-image-preview:large","keywords":"","webmasterTools":{"miscellaneous":""},"schema":{"@context":"https:\/\/schema.org","@graph":[{"@type":"BreadcrumbList","@id":"https:\/\/www.binauralmedia.org\/news\/arquivo\/portfolio-items\/gilberto-norberto#breadcrumblist","itemListElement":[{"@type":"ListItem","@id":"https:\/\/www.binauralmedia.org\/news#listItem","position":1,"name":"Home","item":"https:\/\/www.binauralmedia.org\/news","nextItem":{"@type":"ListItem","@id":"https:\/\/www.binauralmedia.org\/news\/arquivo\/portfolio-items#listItem","name":"Portfolio"}},{"@type":"ListItem","@id":"https:\/\/www.binauralmedia.org\/news\/arquivo\/portfolio-items#listItem","position":2,"name":"Portfolio","item":"https:\/\/www.binauralmedia.org\/news\/arquivo\/portfolio-items","nextItem":{"@type":"ListItem","@id":"https:\/\/www.binauralmedia.org\/news\/portfolio_category\/activities#listItem","name":"Atividades"},"previousItem":{"@type":"ListItem","@id":"https:\/\/www.binauralmedia.org\/news#listItem","name":"Home"}},{"@type":"ListItem","@id":"https:\/\/www.binauralmedia.org\/news\/portfolio_category\/activities#listItem","position":3,"name":"Atividades","item":"https:\/\/www.binauralmedia.org\/news\/portfolio_category\/activities","nextItem":{"@type":"ListItem","@id":"https:\/\/www.binauralmedia.org\/news\/portfolio_category\/art-creations#listItem","name":"Cria\u00e7\u00f5es Art\u00edsticas"},"previousItem":{"@type":"ListItem","@id":"https:\/\/www.binauralmedia.org\/news\/arquivo\/portfolio-items#listItem","name":"Portfolio"}},{"@type":"ListItem","@id":"https:\/\/www.binauralmedia.org\/news\/portfolio_category\/art-creations#listItem","position":4,"name":"Cria\u00e7\u00f5es Art\u00edsticas","item":"https:\/\/www.binauralmedia.org\/news\/portfolio_category\/art-creations","nextItem":{"@type":"ListItem","@id":"https:\/\/www.binauralmedia.org\/news\/arquivo\/portfolio-items\/gilberto-norberto#listItem","name":"Gilberto &#038; Norberto"},"previousItem":{"@type":"ListItem","@id":"https:\/\/www.binauralmedia.org\/news\/portfolio_category\/activities#listItem","name":"Atividades"}},{"@type":"ListItem","@id":"https:\/\/www.binauralmedia.org\/news\/arquivo\/portfolio-items\/gilberto-norberto#listItem","position":5,"name":"Gilberto &#038; Norberto","previousItem":{"@type":"ListItem","@id":"https:\/\/www.binauralmedia.org\/news\/portfolio_category\/art-creations#listItem","name":"Cria\u00e7\u00f5es Art\u00edsticas"}}]},{"@type":"Organization","@id":"https:\/\/www.binauralmedia.org\/news\/#organization","name":"binauralmedia.org","description":"Rural Based Sound\/Media Arts & Social Research","url":"https:\/\/www.binauralmedia.org\/news\/"},{"@type":"Person","@id":"https:\/\/www.binauralmedia.org\/news\/arquivo\/author\/luiscosta#author","url":"https:\/\/www.binauralmedia.org\/news\/arquivo\/author\/luiscosta","name":"luiscosta"},{"@type":"WebPage","@id":"https:\/\/www.binauralmedia.org\/news\/arquivo\/portfolio-items\/gilberto-norberto#webpage","url":"https:\/\/www.binauralmedia.org\/news\/arquivo\/portfolio-items\/gilberto-norberto","name":"Gilberto & Norberto - binauralmedia.org","description":"Lu\u00eds Costa \u00e9 um curador e produtor de arte sonora, pesquisador e arquivador sonoro. \u00c9 membro fundador e atual presidente da Binaural \/ Nodar, uma organiza\u00e7\u00e3o que desde 2006 gere o Nodar Rural Art Lab um espa\u00e7o dedicado \u00e0s artes media no contexto rural no maci\u00e7o da Gralheira.","inLanguage":"pt-PT","isPartOf":{"@id":"https:\/\/www.binauralmedia.org\/news\/#website"},"breadcrumb":{"@id":"https:\/\/www.binauralmedia.org\/news\/arquivo\/portfolio-items\/gilberto-norberto#breadcrumblist"},"author":{"@id":"https:\/\/www.binauralmedia.org\/news\/arquivo\/author\/luiscosta#author"},"creator":{"@id":"https:\/\/www.binauralmedia.org\/news\/arquivo\/author\/luiscosta#author"},"image":{"@type":"ImageObject","url":"https:\/\/www.binauralmedia.org\/news\/wp-content\/uploads\/Gilberto-e-Norberto.jpg","@id":"https:\/\/www.binauralmedia.org\/news\/arquivo\/portfolio-items\/gilberto-norberto\/#mainImage","width":1200,"height":800},"primaryImageOfPage":{"@id":"https:\/\/www.binauralmedia.org\/news\/arquivo\/portfolio-items\/gilberto-norberto#mainImage"},"datePublished":"2012-06-27T12:56:17+00:00","dateModified":"2021-08-16T15:34:20+00:00"},{"@type":"WebSite","@id":"https:\/\/www.binauralmedia.org\/news\/#website","url":"https:\/\/www.binauralmedia.org\/news\/","name":"binauralmedia.org","description":"Rural Based Sound\/Media Arts & Social Research","inLanguage":"pt-PT","publisher":{"@id":"https:\/\/www.binauralmedia.org\/news\/#organization"}}]},"og:locale":"pt_PT","og:site_name":"binauralmedia.org - Rural Based Sound\/Media Arts &amp; Social Research","og:type":"article","og:title":"Gilberto &amp; Norberto - binauralmedia.org","og:description":"Lu\u00eds Costa \u00e9 um curador e produtor de arte sonora, pesquisador e arquivador sonoro. \u00c9 membro fundador e atual presidente da Binaural \/ Nodar, uma organiza\u00e7\u00e3o que desde 2006 gere o Nodar Rural Art Lab um espa\u00e7o dedicado \u00e0s artes media no contexto rural no maci\u00e7o da Gralheira.","og:url":"https:\/\/www.binauralmedia.org\/news\/arquivo\/portfolio-items\/gilberto-norberto","article:published_time":"2012-06-27T11:56:17+00:00","article:modified_time":"2021-08-16T15:34:20+00:00","twitter:card":"summary_large_image","twitter:title":"Gilberto &amp; Norberto - binauralmedia.org","twitter:description":"Lu\u00eds Costa \u00e9 um curador e produtor de arte sonora, pesquisador e arquivador sonoro. \u00c9 membro fundador e atual presidente da Binaural \/ Nodar, uma organiza\u00e7\u00e3o que desde 2006 gere o Nodar Rural Art Lab um espa\u00e7o dedicado \u00e0s artes media no contexto rural no maci\u00e7o da Gralheira."},"aioseo_meta_data":{"post_id":"5162","title":null,"description":null,"keywords":null,"keyphrases":null,"primary_term":null,"canonical_url":null,"og_title":null,"og_description":null,"og_object_type":"default","og_image_type":"default","og_image_custom_url":null,"og_image_custom_fields":null,"og_image_url":null,"og_image_width":null,"og_image_height":null,"og_video":null,"og_custom_url":null,"og_article_section":null,"og_article_tags":null,"twitter_use_og":false,"twitter_card":"default","twitter_image_type":"default","twitter_image_custom_url":null,"twitter_image_custom_fields":null,"twitter_image_url":null,"twitter_title":null,"twitter_description":null,"schema_type":"default","schema_type_options":null,"schema":{"blockGraphs":[],"customGraphs":[],"default":{"data":{"Article":[],"Course":[],"Dataset":[],"FAQPage":[],"Movie":[],"Person":[],"Product":[],"ProductReview":[],"Car":[],"Recipe":[],"Service":[],"SoftwareApplication":[],"WebPage":[]},"graphName":"","isEnabled":true},"graphs":[]},"pillar_content":false,"robots_default":true,"robots_noindex":false,"robots_noarchive":false,"robots_nosnippet":false,"robots_nofollow":false,"robots_noimageindex":false,"robots_noodp":false,"robots_notranslate":false,"robots_max_snippet":null,"robots_max_videopreview":null,"robots_max_imagepreview":"large","priority":null,"frequency":null,"local_seo":null,"limit_modified_date":false,"ai":null,"breadcrumb_settings":null,"seo_analyzer_scan_date":null,"created":"2026-08-04 22:16:09","updated":"2026-08-04 22:16:09","focus_keyword":null,"additional_keywords":null,"truseo_locale":null},"aioseo_breadcrumb":"<div class=\"aioseo-breadcrumbs\"><span class=\"aioseo-breadcrumb\">\n\t\t\t<a href=\"https:\/\/www.binauralmedia.org\/news\" title=\"Home\">Home<\/a>\n\t\t<\/span><span class=\"aioseo-breadcrumb-separator\">&raquo;<\/span><span class=\"aioseo-breadcrumb\">\n\t\t\t<a href=\"https:\/\/www.binauralmedia.org\/news\/arquivo\/portfolio-items\" title=\"Portfolio\">Portfolio<\/a>\n\t\t<\/span><span class=\"aioseo-breadcrumb-separator\">&raquo;<\/span><span class=\"aioseo-breadcrumb\">\n\t\t\t<a href=\"https:\/\/www.binauralmedia.org\/news\/portfolio_category\/activities\" title=\"Atividades\">Atividades<\/a>\n\t\t<\/span><span class=\"aioseo-breadcrumb-separator\">&raquo;<\/span><span class=\"aioseo-breadcrumb\">\n\t\t\t<a href=\"https:\/\/www.binauralmedia.org\/news\/portfolio_category\/art-creations\" title=\"Cria\u00e7\u00f5es Art\u00edsticas\">Cria\u00e7\u00f5es Art\u00edsticas<\/a>\n\t\t<\/span><span class=\"aioseo-breadcrumb-separator\">&raquo;<\/span><span class=\"aioseo-breadcrumb\">\n\t\t\tGilberto &amp; Norberto\n\t\t<\/span><\/div>","aioseo_breadcrumb_json":[{"label":"Home","link":"https:\/\/www.binauralmedia.org\/news"},{"label":"Portfolio","link":"https:\/\/www.binauralmedia.org\/news\/arquivo\/portfolio-items"},{"label":"Atividades","link":"https:\/\/www.binauralmedia.org\/news\/portfolio_category\/activities"},{"label":"Cria\u00e7\u00f5es Art\u00edsticas","link":"https:\/\/www.binauralmedia.org\/news\/portfolio_category\/art-creations"},{"label":"Gilberto &#038; Norberto","link":"https:\/\/www.binauralmedia.org\/news\/arquivo\/portfolio-items\/gilberto-norberto"}],"_links":{"self":[{"href":"https:\/\/www.binauralmedia.org\/news\/wp-json\/wp\/v2\/avada_portfolio\/5162","targetHints":{"allow":["GET"]}}],"collection":[{"href":"https:\/\/www.binauralmedia.org\/news\/wp-json\/wp\/v2\/avada_portfolio"}],"about":[{"href":"https:\/\/www.binauralmedia.org\/news\/wp-json\/wp\/v2\/types\/avada_portfolio"}],"author":[{"embeddable":true,"href":"https:\/\/www.binauralmedia.org\/news\/wp-json\/wp\/v2\/users\/2"}],"replies":[{"embeddable":true,"href":"https:\/\/www.binauralmedia.org\/news\/wp-json\/wp\/v2\/comments?post=5162"}],"version-history":[{"count":5,"href":"https:\/\/www.binauralmedia.org\/news\/wp-json\/wp\/v2\/avada_portfolio\/5162\/revisions"}],"predecessor-version":[{"id":12490,"href":"https:\/\/www.binauralmedia.org\/news\/wp-json\/wp\/v2\/avada_portfolio\/5162\/revisions\/12490"}],"wp:featuredmedia":[{"embeddable":true,"href":"https:\/\/www.binauralmedia.org\/news\/wp-json\/wp\/v2\/media\/11661"}],"wp:attachment":[{"href":"https:\/\/www.binauralmedia.org\/news\/wp-json\/wp\/v2\/media?parent=5162"}],"wp:term":[{"taxonomy":"portfolio_category","embeddable":true,"href":"https:\/\/www.binauralmedia.org\/news\/wp-json\/wp\/v2\/portfolio_category?post=5162"},{"taxonomy":"portfolio_skills","embeddable":true,"href":"https:\/\/www.binauralmedia.org\/news\/wp-json\/wp\/v2\/portfolio_skills?post=5162"},{"taxonomy":"portfolio_tags","embeddable":true,"href":"https:\/\/www.binauralmedia.org\/news\/wp-json\/wp\/v2\/portfolio_tags?post=5162"}],"curies":[{"name":"wp","href":"https:\/\/api.w.org\/{rel}","templated":true}]}}