{"id":277,"date":"2009-10-22T13:16:40","date_gmt":"2009-10-22T12:16:40","guid":{"rendered":"http:\/\/www.binauralmedia.org\/news\/?page_id=277"},"modified":"2021-08-16T15:34:11","modified_gmt":"2021-08-16T15:34:11","slug":"voice-body-electroacoustic-space","status":"publish","type":"avada_portfolio","link":"https:\/\/www.binauralmedia.org\/news\/arquivo\/portfolio-items\/voice-body-electroacoustic-space","title":{"rendered":"Voz e Corpo no Espa\u00e7o Electroac\u00fastico"},"content":{"rendered":"<p><strong>Voz e Corpo no Espa\u00e7o Electroac\u00fastico<\/strong><\/p>\n<p><strong>Um workshop \/ laborat\u00f3rio dirigido por:<\/strong><\/p>\n<p><strong>Manuela Barile (IT)<\/strong><\/p>\n<p><strong> <\/strong>(performance vocal e corporal)<\/p>\n<p>(microfones e dispositivos electr\u00f3nicos)<\/p>\n<p>&nbsp;<\/p>\n<p>&nbsp;<\/p>\n<p><strong>INTRODU\u00c7\u00c3O<\/strong><\/p>\n<p>O espa\u00e7o \u00e9 um prolongamento indefinido e n\u00e3o circunscrito com uma capacidade ilimitada para conter corpos. O lugar \u00e9 uma por\u00e7\u00e3o do espa\u00e7o ocupado ou que n\u00e3o \u00e9 poss\u00edvel ocupar fisicamente ou idealmente.<\/p>\n<p>O espa\u00e7o \u00e9 abstracto, o lugar \u00e9 o concreto. O espa\u00e7o \u00e9 a liberdade, o lugar \u00e9 a seguran\u00e7a. O lugar \u00e9 a mem\u00f3ria, sentimento e pensamento. A nossa vida n\u00e3o pode ser dita e representada, sem qualquer refer\u00eancia aos lugares. O lugar \u00e9 um tecido obtido por relacionamentos e experi\u00eancias. Por este motivo, n\u00f3s odiamos e amamos os lugares, enquanto os espa\u00e7os s\u00e3o simplesmente medidos.<\/p>\n<p>O arqu\u00e9tipo do lugar \u00e9 o reunir, enquanto o arqu\u00e9tipo do espa\u00e7o \u00e9 o intervalo, que \u00e9 separa\u00e7\u00e3o, limite, confim e portanto, conflito.<\/p>\n<p>De que forma n\u00f3s pensamos e sentimos um lugar e um espa\u00e7o? O que influencia esse processo? De que forma \u00e9 poss\u00edvel \u201cfazer\u201d um espa\u00e7o e torn\u00e1-lo num lugar e um lugar para se tornar um espa\u00e7o? De que forma o tempo e som entram neste processo e de que forma nos influenciam?<\/p>\n<p>&nbsp;<\/p>\n<p>&nbsp;<\/p>\n<p><strong>OBJECTIVOS<\/strong><\/p>\n<p>O objectivo principal deste laborat\u00f3rio intensivo \u00e9 o de, atrav\u00e9s da pesquisa te\u00f3rica e da realiza\u00e7\u00e3o pr\u00e1tica, desenvolver as compet\u00eancias necess\u00e1rias para a performance colaborativa multidisciplinar na qual a utiliza\u00e7\u00e3o da voz, do corpo, do espa\u00e7o f\u00edsico e ac\u00fastico e de tecnologias de amplifica\u00e7\u00e3o sensorial se intersectam para uma cria\u00e7\u00e3o contempor\u00e2nea enriquecida nas suas possibilidades expressivas.<\/p>\n<p>O laborat\u00f3rio oferece uma introdu\u00e7\u00e3o:<\/p>\n<ul>\n<li>A voz na performance multidisciplinar e na m\u00fasica experimental (teoria)<\/li>\n<li>A percep\u00e7\u00e3o e os processos de controle do corpo, som e espa\u00e7o;<\/li>\n<li>O ouvir: a experi\u00eancia do espa\u00e7o atrav\u00e9s de uma escuta atenta e orientada;<\/li>\n<li>A rela\u00e7\u00e3o entre espa\u00e7o, tempo e corpo;<\/li>\n<li>Express\u00e3o e mecanismos de comunica\u00e7\u00e3o da sensibilidade interior;<\/li>\n<li>Metodologias para organizar os materiais que definem uma performance multidisciplinar;<\/li>\n<li>T\u00e9cnicas para capta\u00e7\u00e3o e amplia\u00e7\u00e3o sonora de v\u00e1rias realidades corporais e espaciais.<\/li>\n<\/ul>\n<p>&nbsp;<\/p>\n<p>&nbsp;<\/p>\n<p><strong>DESTINAT\u00c1RIOS<\/strong><\/p>\n<p>Qualquer pessoa com interesse na cria\u00e7\u00e3o art\u00edstica experimental e multidisciplinar (artistas, bailarinos, m\u00fasicos, cantores, etc.).<\/p>\n<p>&nbsp;<\/p>\n<p>&nbsp;<\/p>\n<p><strong>ESTRUTURA <\/strong><\/p>\n<p><strong>1\u00aa fase: A voz e a express\u00e3o corporal<\/strong><\/p>\n<ul>\n<li>T\u00e9cnica corporal: A postura do corpo, caminhar, trabalhar em cada parte do corpo.<\/li>\n<li>A linguagem sonora: o som, o sil\u00eancio, a respira\u00e7\u00e3o, voz, objectos sonoros e a sua escuta, o movimento com os objectos.<\/li>\n<li>T\u00e9cnicas vocais experimentais e de improvisa\u00e7\u00e3o livre.<\/li>\n<li>O trabalho colectivo: trabalho em pares e em grupos, contacto e di\u00e1logo.<\/li>\n<\/ul>\n<p><strong>2 \u00aa fase: Corpo, espa\u00e7o e amplifica\u00e7\u00e3o sensorial<\/strong><\/p>\n<ul>\n<li>Espa\u00e7o: diferentes tipologias de espa\u00e7os, ouvir o espa\u00e7o, espa\u00e7os interiores e exteriores, os contrastes, o movimento no espa\u00e7o, o ponto, a linha e o c\u00edrculo.<\/li>\n<li>O corpo humano e as suas possibilidades de express\u00e3o amplificada.<\/li>\n<li>As possibilidades de amplifica\u00e7\u00e3o sensorial e suas aplica\u00e7\u00f5es em contextos art\u00edsticos experimentais.<\/li>\n<li>A diversidade dos microfones: microfones piezo-el\u00e9ctricos (para captar as vibra\u00e7\u00f5es na superf\u00edcie de objectos), hidrofones (para capturar sons subaqu\u00e1ticos), laringofone (para captar as vibra\u00e7\u00f5es da laringe e produzir &#8220;discurso silencioso&#8221;), estetosc\u00f3pio amplificado (para captar os sons produzidos dentro do corpo humano), etc.<\/li>\n<li>Introdu\u00e7\u00e3o aos mecanismos t\u00e9cnicos para usar alguns microfones. Exemplos pr\u00e1ticos.<\/li>\n<\/ul>\n<p><strong>3\u00aa fase: Desenvolvimento de um projecto art\u00edstico<\/strong><\/p>\n<p>Os participantes v\u00e3o desenvolver, no \u00faltimo dia do laborat\u00f3rio, um projecto de colabora\u00e7\u00e3o art\u00edstica utilizando as v\u00e1rias no\u00e7\u00f5es e t\u00e9cnicas aprendidas nos m\u00f3dulos anteriores. O projecto pode ser apresentado publicamente e no final haver\u00e1 uma sess\u00e3o de reflex\u00e3o colectiva onde os resultados do semin\u00e1rio e o projecto final ser\u00e1 analisado\u00a0 por \u00a0todos os participantes e ser\u00e3o discutidas as possibilidades de uma maior explora\u00e7\u00e3o dos conceitos.<\/p>\n<p>&nbsp;<\/p>\n<p>&nbsp;<\/p>\n<p><strong>DURA\u00c7\u00c3O E LOCAIS<\/strong><\/p>\n<p>De acordo com as conveni\u00eancias do espa\u00e7o de acolhimento pode variar entre 2 dias (5 horas por dia) e 4 dias (4 horas por dia), em datas e locais a anunciar oportunamente.<\/p>\n<p>&nbsp;<\/p>\n<p>&nbsp;<\/p>\n<p><strong>REQUISITOS <\/strong><\/p>\n<p>\u00c9 recomend\u00e1vel que aqueles que utilizam softwares de processamento de som (Cubase, Appleton Live, Pure Data, Supercollider, MAX\/MSP, lloopp etc. ) possam trazer os seus computadores port\u00e1teis. Os participantes poder\u00e3o igualmente trazer uma c\u00e2mara de v\u00eddeo digital ou artefactos e materiais diversos, \u00fateis para o desenvolvimento do projecto art\u00edstico final.<\/p>\n<p>&nbsp;<\/p>\n<p>&nbsp;<\/p>\n<p><strong>CANDIDATURAS<\/strong><\/p>\n<p>&nbsp;<\/p>\n<p>Enviar um email para info[at]binauralmedia.org, com indica\u00e7\u00e3o do nome, morada, idade, email, URL, biografia resumida e motiva\u00e7\u00f5es para a presen\u00e7a no laborat\u00f3rio.<\/p>\n<p>Ser\u00e3o organizados laborat\u00f3rios em fun\u00e7\u00e3o do n\u00famero de candidaturas recebidas para a mesma zona geogr\u00e1fica.<\/p>\n<p>&nbsp;<\/p>\n<p>&nbsp;<\/p>\n<p><strong>Fotos de tr\u00eas workshops anteriores:<\/strong><\/p>\n<p><strong>MUSAC &#8211; Museu de Arte Contempor\u00e2nea de Le\u00f3n (Espanha)<\/strong><\/p>\n<p><a href=\"http:\/\/www.binauralmedia.org\/news\/\/news\/photos\/photo\/2294286294\/img_5948jpg.html\"><img class=\"lazyload\" decoding=\"async\" alt=\"IMG_5948.JPG\" src=\"data:image\/svg+xml,%3Csvg%20xmlns%3D%27http%3A%2F%2Fwww.w3.org%2F2000%2Fsvg%27%20width%3D%27240%27%20height%3D%27160%27%20viewBox%3D%270%200%20240%20160%27%3E%3Crect%20width%3D%27240%27%20height%3D%27160%27%20fill-opacity%3D%220%22%2F%3E%3C%2Fsvg%3E\" data-orig-src=\"http:\/\/farm3.static.flickr.com\/2134\/2294286294_d255f22315_m.jpg\" width=\"240\" height=\"160\" border=\"0\" \/><\/a> <a href=\"http:\/\/www.binauralmedia.org\/news\/\/news\/photos\/photo\/2294296132\/img_5974jpg.html\"><img class=\"lazyload\" decoding=\"async\" alt=\"IMG_5974.JPG\" src=\"data:image\/svg+xml,%3Csvg%20xmlns%3D%27http%3A%2F%2Fwww.w3.org%2F2000%2Fsvg%27%20width%3D%27240%27%20height%3D%27160%27%20viewBox%3D%270%200%20240%20160%27%3E%3Crect%20width%3D%27240%27%20height%3D%27160%27%20fill-opacity%3D%220%22%2F%3E%3C%2Fsvg%3E\" data-orig-src=\"http:\/\/farm3.static.flickr.com\/2012\/2294296132_26420d4dc4_m.jpg\" width=\"240\" height=\"160\" border=\"0\" \/><\/a> <a href=\"http:\/\/www.binauralmedia.org\/news\/\/news\/photos\/photo\/2294301226\/img_5991jpg.html\"><img class=\"lazyload\" decoding=\"async\" alt=\"IMG_5991.JPG\" src=\"data:image\/svg+xml,%3Csvg%20xmlns%3D%27http%3A%2F%2Fwww.w3.org%2F2000%2Fsvg%27%20width%3D%27240%27%20height%3D%27160%27%20viewBox%3D%270%200%20240%20160%27%3E%3Crect%20width%3D%27240%27%20height%3D%27160%27%20fill-opacity%3D%220%22%2F%3E%3C%2Fsvg%3E\" data-orig-src=\"http:\/\/farm4.static.flickr.com\/3025\/2294301226_beac4f6888_m.jpg\" width=\"240\" height=\"160\" border=\"0\" \/><\/a> <a href=\"http:\/\/www.binauralmedia.org\/news\/\/news\/photos\/photo\/2291775208\/img_6434jpg.html\"><img class=\"lazyload\" decoding=\"async\" alt=\"IMG_6434.JPG\" src=\"data:image\/svg+xml,%3Csvg%20xmlns%3D%27http%3A%2F%2Fwww.w3.org%2F2000%2Fsvg%27%20width%3D%27240%27%20height%3D%27160%27%20viewBox%3D%270%200%20240%20160%27%3E%3Crect%20width%3D%27240%27%20height%3D%27160%27%20fill-opacity%3D%220%22%2F%3E%3C%2Fsvg%3E\" data-orig-src=\"http:\/\/farm3.static.flickr.com\/2265\/2291775208_fb65bbcc13_m.jpg\" width=\"240\" height=\"160\" border=\"0\" \/><\/a> <a href=\"http:\/\/www.binauralmedia.org\/news\/\/news\/photos\/photo\/2290872791\/img_6225jpg.html\"><img class=\"lazyload\" decoding=\"async\" alt=\"IMG_6225.JPG\" src=\"data:image\/svg+xml,%3Csvg%20xmlns%3D%27http%3A%2F%2Fwww.w3.org%2F2000%2Fsvg%27%20width%3D%27240%27%20height%3D%27160%27%20viewBox%3D%270%200%20240%20160%27%3E%3Crect%20width%3D%27240%27%20height%3D%27160%27%20fill-opacity%3D%220%22%2F%3E%3C%2Fsvg%3E\" data-orig-src=\"http:\/\/farm3.static.flickr.com\/2025\/2290872791_59258cc5f2_m.jpg\" width=\"240\" height=\"160\" border=\"0\" \/><\/a><a href=\"http:\/\/www.binauralmedia.org\/news\/\/news\/photos\/photo\/2291622700\/img_6061jpg.html\"> <img class=\"lazyload\" decoding=\"async\" alt=\"IMG_6061.JPG\" src=\"data:image\/svg+xml,%3Csvg%20xmlns%3D%27http%3A%2F%2Fwww.w3.org%2F2000%2Fsvg%27%20width%3D%27240%27%20height%3D%27160%27%20viewBox%3D%270%200%20240%20160%27%3E%3Crect%20width%3D%27240%27%20height%3D%27160%27%20fill-opacity%3D%220%22%2F%3E%3C%2Fsvg%3E\" data-orig-src=\"http:\/\/farm3.static.flickr.com\/2192\/2291622700_614179a52e_m.jpg\" width=\"240\" height=\"160\" border=\"0\" \/><\/a><\/p>\n<p>&nbsp;<\/p>\n<p>&nbsp;<\/p>\n<p><strong>Centro Huarte &#8211; Centro de Arte Contempor\u00e2nea de Navarra (Espanha)<\/strong><\/p>\n<p><a href=\"http:\/\/www.binauralmedia.org\/news\/\/news\/photos\/photo\/2444571890\/ciclo-1jpg.html\"><img class=\"lazyload\" decoding=\"async\" alt=\"ciclo 1.jpg\" src=\"data:image\/svg+xml,%3Csvg%20xmlns%3D%27http%3A%2F%2Fwww.w3.org%2F2000%2Fsvg%27%20width%3D%27500%27%20height%3D%27163%27%20viewBox%3D%270%200%20500%20163%27%3E%3Crect%20width%3D%27500%27%20height%3D%27163%27%20fill-opacity%3D%220%22%2F%3E%3C%2Fsvg%3E\" data-orig-src=\"http:\/\/farm3.static.flickr.com\/2249\/2444571890_8128a597a0.jpg\" width=\"500\" height=\"163\" border=\"0\" \/><\/a><\/p>\n<p><a href=\"http:\/\/www.binauralmedia.org\/news\/\/news\/photos\/photo\/2444572036\/ciclo-2jpg.html\"><img class=\"lazyload\" decoding=\"async\" alt=\"ciclo 2.jpg\" src=\"data:image\/svg+xml,%3Csvg%20xmlns%3D%27http%3A%2F%2Fwww.w3.org%2F2000%2Fsvg%27%20width%3D%27500%27%20height%3D%27143%27%20viewBox%3D%270%200%20500%20143%27%3E%3Crect%20width%3D%27500%27%20height%3D%27143%27%20fill-opacity%3D%220%22%2F%3E%3C%2Fsvg%3E\" data-orig-src=\"http:\/\/farm3.static.flickr.com\/2188\/2444572036_6c07caca56.jpg\" width=\"500\" height=\"143\" border=\"0\" \/><\/a><\/p>\n<p><a href=\"http:\/\/www.binauralmedia.org\/news\/\/news\/photos\/photo\/2444572242\/ciclo-3jpg.html\"><img class=\"lazyload\" decoding=\"async\" alt=\"ciclo 3.jpg\" src=\"data:image\/svg+xml,%3Csvg%20xmlns%3D%27http%3A%2F%2Fwww.w3.org%2F2000%2Fsvg%27%20width%3D%27500%27%20height%3D%27123%27%20viewBox%3D%270%200%20500%20123%27%3E%3Crect%20width%3D%27500%27%20height%3D%27123%27%20fill-opacity%3D%220%22%2F%3E%3C%2Fsvg%3E\" data-orig-src=\"http:\/\/farm4.static.flickr.com\/3275\/2444572242_70452ca772.jpg\" width=\"500\" height=\"123\" border=\"0\" \/><\/a><\/p>\n<p>&nbsp;<\/p>\n<p>&nbsp;<\/p>\n<p><strong>Teatro Viriato, Viseu (Portugal)<\/strong><\/p>\n<p><a title=\"The amplified expression of the body\" href=\"http:\/\/farm3.static.flickr.com\/2436\/3654857581_ea07c2165d.jpg\"><img class=\"lazyload\" decoding=\"async\" alt=\"The amplified expression of the body\" src=\"data:image\/svg+xml,%3Csvg%20xmlns%3D%27http%3A%2F%2Fwww.w3.org%2F2000%2Fsvg%27%20width%3D%27240%27%20height%3D%27160%27%20viewBox%3D%270%200%20240%20160%27%3E%3Crect%20width%3D%27240%27%20height%3D%27160%27%20fill-opacity%3D%220%22%2F%3E%3C%2Fsvg%3E\" data-orig-src=\"http:\/\/farm3.static.flickr.com\/2436\/3654857581_ea07c2165d_m.jpg\" width=\"240\" height=\"160\" border=\"0\" \/><\/a> <a title=\"The amplified expression of the body\" href=\"http:\/\/farm3.static.flickr.com\/2439\/3655626732_237a1821cb.jpg\"><img class=\"lazyload\" decoding=\"async\" alt=\"The amplified expression of the body\" src=\"data:image\/svg+xml,%3Csvg%20xmlns%3D%27http%3A%2F%2Fwww.w3.org%2F2000%2Fsvg%27%20width%3D%27240%27%20height%3D%27160%27%20viewBox%3D%270%200%20240%20160%27%3E%3Crect%20width%3D%27240%27%20height%3D%27160%27%20fill-opacity%3D%220%22%2F%3E%3C%2Fsvg%3E\" data-orig-src=\"http:\/\/farm3.static.flickr.com\/2439\/3655626732_237a1821cb_m.jpg\" width=\"240\" height=\"160\" border=\"0\" \/><\/a> <a title=\"The amplified expression of the body\" href=\"http:\/\/farm4.static.flickr.com\/3317\/3654797207_e31030a5fa.jpg\"><img class=\"lazyload\" decoding=\"async\" alt=\"The amplified expression of the body\" src=\"data:image\/svg+xml,%3Csvg%20xmlns%3D%27http%3A%2F%2Fwww.w3.org%2F2000%2Fsvg%27%20width%3D%27240%27%20height%3D%27160%27%20viewBox%3D%270%200%20240%20160%27%3E%3Crect%20width%3D%27240%27%20height%3D%27160%27%20fill-opacity%3D%220%22%2F%3E%3C%2Fsvg%3E\" data-orig-src=\"http:\/\/farm4.static.flickr.com\/3317\/3654797207_e31030a5fa_m.jpg\" width=\"240\" height=\"160\" border=\"0\" \/><\/a> <a title=\"The amplified expression of the body\" href=\"http:\/\/farm3.static.flickr.com\/2478\/3655575848_d0d598c118.jpg\"><img class=\"lazyload\" decoding=\"async\" alt=\"The amplified expression of the body\" src=\"data:image\/svg+xml,%3Csvg%20xmlns%3D%27http%3A%2F%2Fwww.w3.org%2F2000%2Fsvg%27%20width%3D%27240%27%20height%3D%27160%27%20viewBox%3D%270%200%20240%20160%27%3E%3Crect%20width%3D%27240%27%20height%3D%27160%27%20fill-opacity%3D%220%22%2F%3E%3C%2Fsvg%3E\" data-orig-src=\"http:\/\/farm3.static.flickr.com\/2478\/3655575848_d0d598c118_m.jpg\" width=\"240\" height=\"160\" border=\"0\" \/><\/a> <a title=\"The amplified expression of the body\" href=\"http:\/\/farm4.static.flickr.com\/3620\/3654491835_9b7f9180be.jpg\"><img class=\"lazyload\" decoding=\"async\" alt=\"The amplified expression of the body\" src=\"data:image\/svg+xml,%3Csvg%20xmlns%3D%27http%3A%2F%2Fwww.w3.org%2F2000%2Fsvg%27%20width%3D%27240%27%20height%3D%27160%27%20viewBox%3D%270%200%20240%20160%27%3E%3Crect%20width%3D%27240%27%20height%3D%27160%27%20fill-opacity%3D%220%22%2F%3E%3C%2Fsvg%3E\" data-orig-src=\"http:\/\/farm4.static.flickr.com\/3620\/3654491835_9b7f9180be_m.jpg\" width=\"240\" height=\"160\" border=\"0\" \/><\/a> <a title=\"The amplified expression of the body\" href=\"http:\/\/farm4.static.flickr.com\/3343\/3654386895_49ee6c9395.jpg\"><img class=\"lazyload\" decoding=\"async\" alt=\"The amplified expression of the body\" src=\"data:image\/svg+xml,%3Csvg%20xmlns%3D%27http%3A%2F%2Fwww.w3.org%2F2000%2Fsvg%27%20width%3D%27240%27%20height%3D%27160%27%20viewBox%3D%270%200%20240%20160%27%3E%3Crect%20width%3D%27240%27%20height%3D%27160%27%20fill-opacity%3D%220%22%2F%3E%3C%2Fsvg%3E\" data-orig-src=\"http:\/\/farm4.static.flickr.com\/3343\/3654386895_49ee6c9395_m.jpg\" width=\"240\" height=\"160\" border=\"0\" \/><\/a>[:][\/fusion_builder_column][\/fusion_builder_row][\/fusion_builder_container]<\/p>\n","protected":false},"excerpt":{"rendered":"<p>Voz e Corpo no Espa\u00e7o Electroac\u00fastico Um workshop \/ laborat\u00f3rio  [&#8230;]<\/p>\n","protected":false},"author":2,"featured_media":1135,"menu_order":148,"comment_status":"closed","ping_status":"closed","template":"","format":"standard","meta":{"_acf_changed":false,"_bbp_topic_count":0,"_bbp_reply_count":0,"_bbp_total_topic_count":0,"_bbp_total_reply_count":0,"_bbp_voice_count":0,"_bbp_anonymous_reply_count":0,"_bbp_topic_count_hidden":0,"_bbp_reply_count_hidden":0,"_bbp_forum_subforum_count":0,"footnotes":""},"portfolio_category":[619],"portfolio_skills":[],"portfolio_tags":[],"class_list":["post-277","avada_portfolio","type-avada_portfolio","status-publish","format-standard","has-post-thumbnail","hentry","portfolio_category-educational-programme"],"acf":[],"aioseo_notices":[],"aioseo_head":"\n\t\t<!-- All in One SEO 5.0.1.1 - aioseo.com -->\n\t<meta name=\"description\" content=\"Voz e Corpo no Espa\u00e7o Electroac\u00fastico Um workshop \/ laborat\u00f3rio dirigido por: Manuela Barile (IT) (performance vocal e corporal) (microfones e dispositivos electr\u00f3nicos) INTRODU\u00c7\u00c3O O espa\u00e7o \u00e9 um prolongamento indefinido e n\u00e3o circunscrito com uma capacidade ilimitada para conter corpos. O lugar \u00e9 uma por\u00e7\u00e3o do espa\u00e7o ocupado ou que n\u00e3o \u00e9 poss\u00edvel\" \/>\n\t<meta name=\"robots\" content=\"max-image-preview:large\" \/>\n\t<meta name=\"author\" content=\"luiscosta\"\/>\n\t<link rel=\"canonical\" href=\"https:\/\/www.binauralmedia.org\/news\/arquivo\/portfolio-items\/voice-body-electroacoustic-space\" \/>\n\t<meta name=\"generator\" content=\"All in One SEO (AIOSEO) 5.0.1.1\" \/>\n\t\t<meta property=\"og:locale\" content=\"pt_PT\" \/>\n\t\t<meta property=\"og:site_name\" content=\"binauralmedia.org - Rural Based Sound\/Media Arts &amp; Social Research\" \/>\n\t\t<meta property=\"og:type\" content=\"article\" \/>\n\t\t<meta property=\"og:title\" content=\"Voz e Corpo no Espa\u00e7o Electroac\u00fastico - binauralmedia.org\" \/>\n\t\t<meta property=\"og:description\" content=\"Voz e Corpo no Espa\u00e7o Electroac\u00fastico Um workshop \/ laborat\u00f3rio dirigido por: Manuela Barile (IT) (performance vocal e corporal) (microfones e dispositivos electr\u00f3nicos) INTRODU\u00c7\u00c3O O espa\u00e7o \u00e9 um prolongamento indefinido e n\u00e3o circunscrito com uma capacidade ilimitada para conter corpos. O lugar \u00e9 uma por\u00e7\u00e3o do espa\u00e7o ocupado ou que n\u00e3o \u00e9 poss\u00edvel\" \/>\n\t\t<meta property=\"og:url\" content=\"https:\/\/www.binauralmedia.org\/news\/arquivo\/portfolio-items\/voice-body-electroacoustic-space\" \/>\n\t\t<meta property=\"article:published_time\" content=\"2009-10-22T12:16:40+00:00\" \/>\n\t\t<meta property=\"article:modified_time\" content=\"2021-08-16T15:34:11+00:00\" \/>\n\t\t<meta name=\"twitter:card\" content=\"summary_large_image\" \/>\n\t\t<meta name=\"twitter:title\" content=\"Voz e Corpo no Espa\u00e7o Electroac\u00fastico - binauralmedia.org\" \/>\n\t\t<meta name=\"twitter:description\" content=\"Voz e Corpo no Espa\u00e7o Electroac\u00fastico Um workshop \/ laborat\u00f3rio dirigido por: Manuela Barile (IT) (performance vocal e corporal) (microfones e dispositivos electr\u00f3nicos) INTRODU\u00c7\u00c3O O espa\u00e7o \u00e9 um prolongamento indefinido e n\u00e3o circunscrito com uma capacidade ilimitada para conter corpos. O lugar \u00e9 uma por\u00e7\u00e3o do espa\u00e7o ocupado ou que n\u00e3o \u00e9 poss\u00edvel\" \/>\n\t\t<script type=\"application\/ld+json\" class=\"aioseo-schema\">\n\t\t\t{\"@context\":\"https:\\\/\\\/schema.org\",\"@graph\":[{\"@type\":\"BreadcrumbList\",\"@id\":\"https:\\\/\\\/www.binauralmedia.org\\\/news\\\/arquivo\\\/portfolio-items\\\/voice-body-electroacoustic-space#breadcrumblist\",\"itemListElement\":[{\"@type\":\"ListItem\",\"@id\":\"https:\\\/\\\/www.binauralmedia.org\\\/news#listItem\",\"position\":1,\"name\":\"Home\",\"item\":\"https:\\\/\\\/www.binauralmedia.org\\\/news\",\"nextItem\":{\"@type\":\"ListItem\",\"@id\":\"https:\\\/\\\/www.binauralmedia.org\\\/news\\\/arquivo\\\/portfolio-items#listItem\",\"name\":\"Portfolio\"}},{\"@type\":\"ListItem\",\"@id\":\"https:\\\/\\\/www.binauralmedia.org\\\/news\\\/arquivo\\\/portfolio-items#listItem\",\"position\":2,\"name\":\"Portfolio\",\"item\":\"https:\\\/\\\/www.binauralmedia.org\\\/news\\\/arquivo\\\/portfolio-items\",\"nextItem\":{\"@type\":\"ListItem\",\"@id\":\"https:\\\/\\\/www.binauralmedia.org\\\/news\\\/portfolio_category\\\/activities#listItem\",\"name\":\"Atividades\"},\"previousItem\":{\"@type\":\"ListItem\",\"@id\":\"https:\\\/\\\/www.binauralmedia.org\\\/news#listItem\",\"name\":\"Home\"}},{\"@type\":\"ListItem\",\"@id\":\"https:\\\/\\\/www.binauralmedia.org\\\/news\\\/portfolio_category\\\/activities#listItem\",\"position\":3,\"name\":\"Atividades\",\"item\":\"https:\\\/\\\/www.binauralmedia.org\\\/news\\\/portfolio_category\\\/activities\",\"nextItem\":{\"@type\":\"ListItem\",\"@id\":\"https:\\\/\\\/www.binauralmedia.org\\\/news\\\/portfolio_category\\\/educational-programme#listItem\",\"name\":\"Programa Educativo\"},\"previousItem\":{\"@type\":\"ListItem\",\"@id\":\"https:\\\/\\\/www.binauralmedia.org\\\/news\\\/arquivo\\\/portfolio-items#listItem\",\"name\":\"Portfolio\"}},{\"@type\":\"ListItem\",\"@id\":\"https:\\\/\\\/www.binauralmedia.org\\\/news\\\/portfolio_category\\\/educational-programme#listItem\",\"position\":4,\"name\":\"Programa Educativo\",\"item\":\"https:\\\/\\\/www.binauralmedia.org\\\/news\\\/portfolio_category\\\/educational-programme\",\"nextItem\":{\"@type\":\"ListItem\",\"@id\":\"https:\\\/\\\/www.binauralmedia.org\\\/news\\\/arquivo\\\/portfolio-items\\\/voice-body-electroacoustic-space#listItem\",\"name\":\"Voz e Corpo no Espa\\u00e7o Electroac\\u00fastico\"},\"previousItem\":{\"@type\":\"ListItem\",\"@id\":\"https:\\\/\\\/www.binauralmedia.org\\\/news\\\/portfolio_category\\\/activities#listItem\",\"name\":\"Atividades\"}},{\"@type\":\"ListItem\",\"@id\":\"https:\\\/\\\/www.binauralmedia.org\\\/news\\\/arquivo\\\/portfolio-items\\\/voice-body-electroacoustic-space#listItem\",\"position\":5,\"name\":\"Voz e Corpo no Espa\\u00e7o Electroac\\u00fastico\",\"previousItem\":{\"@type\":\"ListItem\",\"@id\":\"https:\\\/\\\/www.binauralmedia.org\\\/news\\\/portfolio_category\\\/educational-programme#listItem\",\"name\":\"Programa Educativo\"}}]},{\"@type\":\"Organization\",\"@id\":\"https:\\\/\\\/www.binauralmedia.org\\\/news\\\/#organization\",\"name\":\"binauralmedia.org\",\"description\":\"Rural Based Sound\\\/Media Arts & Social Research\",\"url\":\"https:\\\/\\\/www.binauralmedia.org\\\/news\\\/\"},{\"@type\":\"Person\",\"@id\":\"https:\\\/\\\/www.binauralmedia.org\\\/news\\\/arquivo\\\/author\\\/luiscosta#author\",\"url\":\"https:\\\/\\\/www.binauralmedia.org\\\/news\\\/arquivo\\\/author\\\/luiscosta\",\"name\":\"luiscosta\"},{\"@type\":\"WebPage\",\"@id\":\"https:\\\/\\\/www.binauralmedia.org\\\/news\\\/arquivo\\\/portfolio-items\\\/voice-body-electroacoustic-space#webpage\",\"url\":\"https:\\\/\\\/www.binauralmedia.org\\\/news\\\/arquivo\\\/portfolio-items\\\/voice-body-electroacoustic-space\",\"name\":\"Voz e Corpo no Espa\\u00e7o Electroac\\u00fastico - binauralmedia.org\",\"description\":\"Voz e Corpo no Espa\\u00e7o Electroac\\u00fastico Um workshop \\\/ laborat\\u00f3rio dirigido por: Manuela Barile (IT) (performance vocal e corporal) (microfones e dispositivos electr\\u00f3nicos) INTRODU\\u00c7\\u00c3O O espa\\u00e7o \\u00e9 um prolongamento indefinido e n\\u00e3o circunscrito com uma capacidade ilimitada para conter corpos. O lugar \\u00e9 uma por\\u00e7\\u00e3o do espa\\u00e7o ocupado ou que n\\u00e3o \\u00e9 poss\\u00edvel\",\"inLanguage\":\"pt-PT\",\"isPartOf\":{\"@id\":\"https:\\\/\\\/www.binauralmedia.org\\\/news\\\/#website\"},\"breadcrumb\":{\"@id\":\"https:\\\/\\\/www.binauralmedia.org\\\/news\\\/arquivo\\\/portfolio-items\\\/voice-body-electroacoustic-space#breadcrumblist\"},\"author\":{\"@id\":\"https:\\\/\\\/www.binauralmedia.org\\\/news\\\/arquivo\\\/author\\\/luiscosta#author\"},\"creator\":{\"@id\":\"https:\\\/\\\/www.binauralmedia.org\\\/news\\\/arquivo\\\/author\\\/luiscosta#author\"},\"image\":{\"@type\":\"ImageObject\",\"url\":\"https:\\\/\\\/www.binauralmedia.org\\\/news\\\/wp-content\\\/uploads\\\/2294296132_26420d4dc4_m.jpg\",\"@id\":\"https:\\\/\\\/www.binauralmedia.org\\\/news\\\/arquivo\\\/portfolio-items\\\/voice-body-electroacoustic-space\\\/#mainImage\",\"width\":240,\"height\":160},\"primaryImageOfPage\":{\"@id\":\"https:\\\/\\\/www.binauralmedia.org\\\/news\\\/arquivo\\\/portfolio-items\\\/voice-body-electroacoustic-space#mainImage\"},\"datePublished\":\"2009-10-22T13:16:40+00:00\",\"dateModified\":\"2021-08-16T15:34:11+00:00\"},{\"@type\":\"WebSite\",\"@id\":\"https:\\\/\\\/www.binauralmedia.org\\\/news\\\/#website\",\"url\":\"https:\\\/\\\/www.binauralmedia.org\\\/news\\\/\",\"name\":\"binauralmedia.org\",\"description\":\"Rural Based Sound\\\/Media Arts & Social Research\",\"inLanguage\":\"pt-PT\",\"publisher\":{\"@id\":\"https:\\\/\\\/www.binauralmedia.org\\\/news\\\/#organization\"}}]}\n\t\t<\/script>\n\t\t<!-- All in One SEO -->\n\n","aioseo_head_json":{"title":"Voz e Corpo no Espa\u00e7o Electroac\u00fastico - binauralmedia.org","description":"Voz e Corpo no Espa\u00e7o Electroac\u00fastico Um workshop \/ laborat\u00f3rio dirigido por: Manuela Barile (IT) (performance vocal e corporal) (microfones e dispositivos electr\u00f3nicos) INTRODU\u00c7\u00c3O O espa\u00e7o \u00e9 um prolongamento indefinido e n\u00e3o circunscrito com uma capacidade ilimitada para conter corpos. O lugar \u00e9 uma por\u00e7\u00e3o do espa\u00e7o ocupado ou que n\u00e3o \u00e9 poss\u00edvel","canonical_url":"https:\/\/www.binauralmedia.org\/news\/arquivo\/portfolio-items\/voice-body-electroacoustic-space","robots":"max-image-preview:large","keywords":"","webmasterTools":{"miscellaneous":""},"schema":{"@context":"https:\/\/schema.org","@graph":[{"@type":"BreadcrumbList","@id":"https:\/\/www.binauralmedia.org\/news\/arquivo\/portfolio-items\/voice-body-electroacoustic-space#breadcrumblist","itemListElement":[{"@type":"ListItem","@id":"https:\/\/www.binauralmedia.org\/news#listItem","position":1,"name":"Home","item":"https:\/\/www.binauralmedia.org\/news","nextItem":{"@type":"ListItem","@id":"https:\/\/www.binauralmedia.org\/news\/arquivo\/portfolio-items#listItem","name":"Portfolio"}},{"@type":"ListItem","@id":"https:\/\/www.binauralmedia.org\/news\/arquivo\/portfolio-items#listItem","position":2,"name":"Portfolio","item":"https:\/\/www.binauralmedia.org\/news\/arquivo\/portfolio-items","nextItem":{"@type":"ListItem","@id":"https:\/\/www.binauralmedia.org\/news\/portfolio_category\/activities#listItem","name":"Atividades"},"previousItem":{"@type":"ListItem","@id":"https:\/\/www.binauralmedia.org\/news#listItem","name":"Home"}},{"@type":"ListItem","@id":"https:\/\/www.binauralmedia.org\/news\/portfolio_category\/activities#listItem","position":3,"name":"Atividades","item":"https:\/\/www.binauralmedia.org\/news\/portfolio_category\/activities","nextItem":{"@type":"ListItem","@id":"https:\/\/www.binauralmedia.org\/news\/portfolio_category\/educational-programme#listItem","name":"Programa Educativo"},"previousItem":{"@type":"ListItem","@id":"https:\/\/www.binauralmedia.org\/news\/arquivo\/portfolio-items#listItem","name":"Portfolio"}},{"@type":"ListItem","@id":"https:\/\/www.binauralmedia.org\/news\/portfolio_category\/educational-programme#listItem","position":4,"name":"Programa Educativo","item":"https:\/\/www.binauralmedia.org\/news\/portfolio_category\/educational-programme","nextItem":{"@type":"ListItem","@id":"https:\/\/www.binauralmedia.org\/news\/arquivo\/portfolio-items\/voice-body-electroacoustic-space#listItem","name":"Voz e Corpo no Espa\u00e7o Electroac\u00fastico"},"previousItem":{"@type":"ListItem","@id":"https:\/\/www.binauralmedia.org\/news\/portfolio_category\/activities#listItem","name":"Atividades"}},{"@type":"ListItem","@id":"https:\/\/www.binauralmedia.org\/news\/arquivo\/portfolio-items\/voice-body-electroacoustic-space#listItem","position":5,"name":"Voz e Corpo no Espa\u00e7o Electroac\u00fastico","previousItem":{"@type":"ListItem","@id":"https:\/\/www.binauralmedia.org\/news\/portfolio_category\/educational-programme#listItem","name":"Programa Educativo"}}]},{"@type":"Organization","@id":"https:\/\/www.binauralmedia.org\/news\/#organization","name":"binauralmedia.org","description":"Rural Based Sound\/Media Arts & Social Research","url":"https:\/\/www.binauralmedia.org\/news\/"},{"@type":"Person","@id":"https:\/\/www.binauralmedia.org\/news\/arquivo\/author\/luiscosta#author","url":"https:\/\/www.binauralmedia.org\/news\/arquivo\/author\/luiscosta","name":"luiscosta"},{"@type":"WebPage","@id":"https:\/\/www.binauralmedia.org\/news\/arquivo\/portfolio-items\/voice-body-electroacoustic-space#webpage","url":"https:\/\/www.binauralmedia.org\/news\/arquivo\/portfolio-items\/voice-body-electroacoustic-space","name":"Voz e Corpo no Espa\u00e7o Electroac\u00fastico - binauralmedia.org","description":"Voz e Corpo no Espa\u00e7o Electroac\u00fastico Um workshop \/ laborat\u00f3rio dirigido por: Manuela Barile (IT) (performance vocal e corporal) (microfones e dispositivos electr\u00f3nicos) INTRODU\u00c7\u00c3O O espa\u00e7o \u00e9 um prolongamento indefinido e n\u00e3o circunscrito com uma capacidade ilimitada para conter corpos. O lugar \u00e9 uma por\u00e7\u00e3o do espa\u00e7o ocupado ou que n\u00e3o \u00e9 poss\u00edvel","inLanguage":"pt-PT","isPartOf":{"@id":"https:\/\/www.binauralmedia.org\/news\/#website"},"breadcrumb":{"@id":"https:\/\/www.binauralmedia.org\/news\/arquivo\/portfolio-items\/voice-body-electroacoustic-space#breadcrumblist"},"author":{"@id":"https:\/\/www.binauralmedia.org\/news\/arquivo\/author\/luiscosta#author"},"creator":{"@id":"https:\/\/www.binauralmedia.org\/news\/arquivo\/author\/luiscosta#author"},"image":{"@type":"ImageObject","url":"https:\/\/www.binauralmedia.org\/news\/wp-content\/uploads\/2294296132_26420d4dc4_m.jpg","@id":"https:\/\/www.binauralmedia.org\/news\/arquivo\/portfolio-items\/voice-body-electroacoustic-space\/#mainImage","width":240,"height":160},"primaryImageOfPage":{"@id":"https:\/\/www.binauralmedia.org\/news\/arquivo\/portfolio-items\/voice-body-electroacoustic-space#mainImage"},"datePublished":"2009-10-22T13:16:40+00:00","dateModified":"2021-08-16T15:34:11+00:00"},{"@type":"WebSite","@id":"https:\/\/www.binauralmedia.org\/news\/#website","url":"https:\/\/www.binauralmedia.org\/news\/","name":"binauralmedia.org","description":"Rural Based Sound\/Media Arts & Social Research","inLanguage":"pt-PT","publisher":{"@id":"https:\/\/www.binauralmedia.org\/news\/#organization"}}]},"og:locale":"pt_PT","og:site_name":"binauralmedia.org - Rural Based Sound\/Media Arts &amp; Social Research","og:type":"article","og:title":"Voz e Corpo no Espa\u00e7o Electroac\u00fastico - binauralmedia.org","og:description":"Voz e Corpo no Espa\u00e7o Electroac\u00fastico Um workshop \/ laborat\u00f3rio dirigido por: Manuela Barile (IT) (performance vocal e corporal) (microfones e dispositivos electr\u00f3nicos) INTRODU\u00c7\u00c3O O espa\u00e7o \u00e9 um prolongamento indefinido e n\u00e3o circunscrito com uma capacidade ilimitada para conter corpos. O lugar \u00e9 uma por\u00e7\u00e3o do espa\u00e7o ocupado ou que n\u00e3o \u00e9 poss\u00edvel","og:url":"https:\/\/www.binauralmedia.org\/news\/arquivo\/portfolio-items\/voice-body-electroacoustic-space","article:published_time":"2009-10-22T12:16:40+00:00","article:modified_time":"2021-08-16T15:34:11+00:00","twitter:card":"summary_large_image","twitter:title":"Voz e Corpo no Espa\u00e7o Electroac\u00fastico - binauralmedia.org","twitter:description":"Voz e Corpo no Espa\u00e7o Electroac\u00fastico Um workshop \/ laborat\u00f3rio dirigido por: Manuela Barile (IT) (performance vocal e corporal) (microfones e dispositivos electr\u00f3nicos) INTRODU\u00c7\u00c3O O espa\u00e7o \u00e9 um prolongamento indefinido e n\u00e3o circunscrito com uma capacidade ilimitada para conter corpos. O lugar \u00e9 uma por\u00e7\u00e3o do espa\u00e7o ocupado ou que n\u00e3o \u00e9 poss\u00edvel"},"aioseo_meta_data":{"post_id":"277","title":null,"description":null,"keywords":null,"keyphrases":null,"primary_term":null,"canonical_url":null,"og_title":null,"og_description":null,"og_object_type":"default","og_image_type":"default","og_image_custom_url":null,"og_image_custom_fields":null,"og_image_url":null,"og_image_width":null,"og_image_height":null,"og_video":null,"og_custom_url":null,"og_article_section":null,"og_article_tags":null,"twitter_use_og":false,"twitter_card":"default","twitter_image_type":"default","twitter_image_custom_url":null,"twitter_image_custom_fields":null,"twitter_image_url":null,"twitter_title":null,"twitter_description":null,"schema_type":"default","schema_type_options":null,"schema":{"blockGraphs":[],"customGraphs":[],"default":{"data":{"Article":[],"Course":[],"Dataset":[],"FAQPage":[],"Movie":[],"Person":[],"Product":[],"ProductReview":[],"Car":[],"Recipe":[],"Service":[],"SoftwareApplication":[],"WebPage":[]},"graphName":"","isEnabled":true},"graphs":[]},"pillar_content":false,"robots_default":true,"robots_noindex":false,"robots_noarchive":false,"robots_nosnippet":false,"robots_nofollow":false,"robots_noimageindex":false,"robots_noodp":false,"robots_notranslate":false,"robots_max_snippet":null,"robots_max_videopreview":null,"robots_max_imagepreview":"large","priority":null,"frequency":null,"local_seo":null,"limit_modified_date":false,"ai":null,"breadcrumb_settings":null,"seo_analyzer_scan_date":null,"created":"2026-08-04 22:09:02","updated":"2026-08-04 22:09:02","focus_keyword":null,"additional_keywords":null,"truseo_locale":null},"aioseo_breadcrumb":"<div class=\"aioseo-breadcrumbs\"><span class=\"aioseo-breadcrumb\">\n\t\t\t<a href=\"https:\/\/www.binauralmedia.org\/news\" title=\"Home\">Home<\/a>\n\t\t<\/span><span class=\"aioseo-breadcrumb-separator\">&raquo;<\/span><span class=\"aioseo-breadcrumb\">\n\t\t\t<a href=\"https:\/\/www.binauralmedia.org\/news\/arquivo\/portfolio-items\" title=\"Portfolio\">Portfolio<\/a>\n\t\t<\/span><span class=\"aioseo-breadcrumb-separator\">&raquo;<\/span><span class=\"aioseo-breadcrumb\">\n\t\t\t<a href=\"https:\/\/www.binauralmedia.org\/news\/portfolio_category\/activities\" title=\"Atividades\">Atividades<\/a>\n\t\t<\/span><span class=\"aioseo-breadcrumb-separator\">&raquo;<\/span><span class=\"aioseo-breadcrumb\">\n\t\t\t<a href=\"https:\/\/www.binauralmedia.org\/news\/portfolio_category\/educational-programme\" title=\"Programa Educativo\">Programa Educativo<\/a>\n\t\t<\/span><span class=\"aioseo-breadcrumb-separator\">&raquo;<\/span><span class=\"aioseo-breadcrumb\">\n\t\t\tVoz e Corpo no Espa\u00e7o Electroac\u00fastico\n\t\t<\/span><\/div>","aioseo_breadcrumb_json":[{"label":"Home","link":"https:\/\/www.binauralmedia.org\/news"},{"label":"Portfolio","link":"https:\/\/www.binauralmedia.org\/news\/arquivo\/portfolio-items"},{"label":"Atividades","link":"https:\/\/www.binauralmedia.org\/news\/portfolio_category\/activities"},{"label":"Programa Educativo","link":"https:\/\/www.binauralmedia.org\/news\/portfolio_category\/educational-programme"},{"label":"Voz e Corpo no Espa\u00e7o Electroac\u00fastico","link":"https:\/\/www.binauralmedia.org\/news\/arquivo\/portfolio-items\/voice-body-electroacoustic-space"}],"_links":{"self":[{"href":"https:\/\/www.binauralmedia.org\/news\/wp-json\/wp\/v2\/avada_portfolio\/277","targetHints":{"allow":["GET"]}}],"collection":[{"href":"https:\/\/www.binauralmedia.org\/news\/wp-json\/wp\/v2\/avada_portfolio"}],"about":[{"href":"https:\/\/www.binauralmedia.org\/news\/wp-json\/wp\/v2\/types\/avada_portfolio"}],"author":[{"embeddable":true,"href":"https:\/\/www.binauralmedia.org\/news\/wp-json\/wp\/v2\/users\/2"}],"replies":[{"embeddable":true,"href":"https:\/\/www.binauralmedia.org\/news\/wp-json\/wp\/v2\/comments?post=277"}],"version-history":[{"count":5,"href":"https:\/\/www.binauralmedia.org\/news\/wp-json\/wp\/v2\/avada_portfolio\/277\/revisions"}],"predecessor-version":[{"id":12470,"href":"https:\/\/www.binauralmedia.org\/news\/wp-json\/wp\/v2\/avada_portfolio\/277\/revisions\/12470"}],"wp:featuredmedia":[{"embeddable":true,"href":"https:\/\/www.binauralmedia.org\/news\/wp-json\/wp\/v2\/media\/1135"}],"wp:attachment":[{"href":"https:\/\/www.binauralmedia.org\/news\/wp-json\/wp\/v2\/media?parent=277"}],"wp:term":[{"taxonomy":"portfolio_category","embeddable":true,"href":"https:\/\/www.binauralmedia.org\/news\/wp-json\/wp\/v2\/portfolio_category?post=277"},{"taxonomy":"portfolio_skills","embeddable":true,"href":"https:\/\/www.binauralmedia.org\/news\/wp-json\/wp\/v2\/portfolio_skills?post=277"},{"taxonomy":"portfolio_tags","embeddable":true,"href":"https:\/\/www.binauralmedia.org\/news\/wp-json\/wp\/v2\/portfolio_tags?post=277"}],"curies":[{"name":"wp","href":"https:\/\/api.w.org\/{rel}","templated":true}]}}