{"id":25203,"date":"2025-05-04T11:17:38","date_gmt":"2025-05-04T11:17:38","guid":{"rendered":"https:\/\/www.binauralmedia.org\/news?post_type=avada_portfolio&#038;p=25203"},"modified":"2026-04-22T13:09:43","modified_gmt":"2026-04-22T13:09:43","slug":"maira-ortins","status":"publish","type":"avada_portfolio","link":"https:\/\/www.binauralmedia.org\/news\/arquivo\/portfolio-items\/maira-ortins","title":{"rendered":"Ma\u00edra Ortins"},"content":{"rendered":"<div class=\"fusion-fullwidth fullwidth-box fusion-builder-row-1 fusion-flex-container has-pattern-background has-mask-background nonhundred-percent-fullwidth non-hundred-percent-height-scrolling\" style=\"--awb-border-radius-top-left:0px;--awb-border-radius-top-right:0px;--awb-border-radius-bottom-right:0px;--awb-border-radius-bottom-left:0px;--awb-flex-wrap:wrap;\" ><div class=\"fusion-builder-row fusion-row fusion-flex-align-items-flex-start fusion-flex-content-wrap\" style=\"max-width:1144px;margin-left: calc(-4% \/ 2 );margin-right: calc(-4% \/ 2 );\"><div class=\"fusion-layout-column fusion_builder_column fusion-builder-column-0 fusion_builder_column_1_1 1_1 fusion-flex-column\" style=\"--awb-bg-size:cover;--awb-width-large:100%;--awb-margin-top-large:0px;--awb-spacing-right-large:1.92%;--awb-margin-bottom-large:20px;--awb-spacing-left-large:1.92%;--awb-width-medium:100%;--awb-order-medium:0;--awb-spacing-right-medium:1.92%;--awb-spacing-left-medium:1.92%;--awb-width-small:100%;--awb-order-small:0;--awb-spacing-right-small:1.92%;--awb-spacing-left-small:1.92%;\"><div class=\"fusion-column-wrapper fusion-column-has-shadow fusion-flex-justify-content-flex-start fusion-content-layout-column\"><div class=\"fusion-text fusion-text-1\"><p>A instala\u00e7\u00e3o multim\u00e9dia interativa &#8220;A Menina do Rio&#8221; parte de uma analogia da mem\u00f3ria, constru\u00edda a partir de lembran\u00e7as afetivas em ambientes dom\u00e9sticos.<br \/>\nO trabalho baseia-se nas mem\u00f3rias da av\u00f3 materna da criadora, que, atrav\u00e9s das suas liga\u00e7\u00f5es pessoais, reescreveu a sua pr\u00f3pria narrativa.<\/p>\n<p>A aus\u00eancia da figura masculina provedora e a autonomia financeira das mulheres surgem como temas centrais da instala\u00e7\u00e3o, real\u00e7ados por dispositivos tecnol\u00f3gicos que promovem a intera\u00e7\u00e3o e refor\u00e7am o seu contexto.<\/p>\n<p>Em &#8220;A Menina do Rio&#8221;, as antigas can\u00e7\u00f5es e os relatos fragmentados de um quotidiano ligado ao rio ajudam a construir identidades que evocam o feminino e remetem para um passado melanc\u00f3lico. Desta forma, a a\u00e7\u00e3o encarnada no processo art\u00edstico permite reconfigurar mem\u00f3rias afetivas atrav\u00e9s da imagina\u00e7\u00e3o e resignificar o passado no presente.<\/p>\n<p>A instala\u00e7\u00e3o estabelece uma rela\u00e7\u00e3o simb\u00f3lica com a aldeia de V\u00e1rzea de Calde, nomeadamente atrav\u00e9s da presen\u00e7a de materiais como o linho e das mem\u00f3rias de paisagens ribeirinhas.<\/p>\n<p>Os materiais da obra incluem uma m\u00e1quina de costura interativa, obras bidimensionais em linho manufaturado, fotografia, um dedal, renda e um desenho sobre linho.<\/p>\n<\/div><div class=\"fusion-text fusion-text-2\"><p>Ma\u00edra Ortins \u00e9 uma artista multidisciplinar nascida na cidade do Recife em 1980. Radicou-se no Cear\u00e1 e possui Gradua\u00e7\u00e3o em Letras, UFC, (2006), sendo atualmente mestranda em Cria\u00e7\u00e3o Art\u00edstica Contempor\u00e2nea pela Universidade de Aveiro, Portugal. Participou de v\u00e1rios sal\u00f5es e exposi\u00e7\u00f5es coletivas e individuais pelo Brasil e exterior. A sua obra consta em acervos importantes de museus brasileiros e em institui\u00e7\u00f5es p\u00fablicas no estrangeiro.<\/p>\n<p>Pr\u00e9mios:<br \/>\n2024\/ Pr\u00e9mio Internacional John Goto, ESMAD, Portugal<br \/>\n2020\/ Pr\u00e9mio de aquisi\u00e7\u00e3o \u2013 Secult Ce, Fortaleza, Brasil<br \/>\n2018\/69\u00ba Sal\u00e3o de Abril-Fortaleza, Brasil<br \/>\n2009\/ Pr\u00e9mio Desenho, Unifor Pl\u00e1stica, Fortaleza, Brasil<\/p>\n<\/div><div class=\"fusion-audio fusion-audio-1\" style=\"--awb-progress-color:#ffffff;--awb-border-color:var(--awb-color1);--awb-background-color:#1d242d;--awb-max-width:100%;--awb-border-size:0;--awb-border-top-left-radius:0px;--awb-border-top-right-radius:0px;--awb-border-bottom-right-radius:0px;--awb-border-bottom-left-radius:0px;\">\n        <div id=\"waveplayer-6a9d00536fffb\" class=\"waveplayer loading wvpl-size-md wvpl-style-light wvpl-shape-circle\" data-ids=\"25213\" data-url=\"\" data-music_genre=\"\" data-limit=\"0\" data-size=\"md\" data-style=\"light\" data-info=\"none\" data-shape=\"circle\" data-autoplay=\"\" data-repeat_all=\"\" data-shuffle=\"0\" data-wave_color=\"#ddd\" data-wave_color_2=\"#666\" data-progress_color=\"#59f\" data-progress_color_2=\"#05a\" data-cursor_color=\"#ee2\" data-cursor_color_2=\"#d93\" data-cursor_width=\"2\" data-hover_opacity=\"40\" data-wave_mode=\"4\" data-gap_width=\"1\" data-wave_compression=\"2\" data-wave_asymmetry=\"2\">\n            <div class=\"wvpl-left-box\" style=\"background-image:url(http:\/\/www.binauralmedia.org\/news\/\/wp-content\/plugins\/waveplayer\/img\/music_file.png)\">\n                <div class=\"wvpl-interface\">\n                    <div class=\"wvpl-volume-overlay\"><\/div>\n                    <div class=\"wvpl-icon wvpl-info\"><\/div>\n                    <div class=\"wvpl-controls\">\n                        <div class=\"wvpl-icon wvpl-prev wvpl-disabled\"><\/div>\n                        <div class=\"wvpl-icon wvpl-play\"><\/div>\n                        <div class=\"wvpl-icon wvpl-next wvpl-disabled\"><\/div>\n                    <\/div>\n                    <div class=\"wvpl-icon wvpl-volume wvpl-volume_up\"><\/div>\n                <\/div>\n                <div class=\"wvpl-poster\"><\/div>\n            <\/div>\n            <div class=\"wvpl-right-box\">\n                <div class=\"wvpl-overlay\"><\/div>\n                <div class=\"wvpl-position\"><\/div>\n                <div class=\"wvpl-duration\"><\/div>\n                <div class=\"wvpl-waveform\"><\/div>\n                <div class=\"wvpl-infobar\">\n                    <div class=\"wvpl-playing-info\"><div class=\"wvpl-infoblock\"><\/div><\/div>\n                <\/div>\n            <\/div>\n            <div class=\"wvpl-playlist\">\n                <div class=\"wvpl-playlist-wrapper\"><\/div>\n            <\/div>\n        <\/div>\n    <\/div><div class=\"fusion-audio fusion-audio-2\" style=\"--awb-progress-color:#ffffff;--awb-border-color:var(--awb-color1);--awb-background-color:#1d242d;--awb-max-width:100%;--awb-border-size:0;--awb-border-top-left-radius:0px;--awb-border-top-right-radius:0px;--awb-border-bottom-right-radius:0px;--awb-border-bottom-left-radius:0px;\">\n        <div id=\"waveplayer-6a9d005373a0b\" class=\"waveplayer loading wvpl-size-md wvpl-style-light wvpl-shape-circle\" data-ids=\"25211\" data-url=\"\" data-music_genre=\"\" data-limit=\"0\" data-size=\"md\" data-style=\"light\" data-info=\"none\" data-shape=\"circle\" data-autoplay=\"\" data-repeat_all=\"\" data-shuffle=\"0\" data-wave_color=\"#ddd\" data-wave_color_2=\"#666\" data-progress_color=\"#59f\" data-progress_color_2=\"#05a\" data-cursor_color=\"#ee2\" data-cursor_color_2=\"#d93\" data-cursor_width=\"2\" data-hover_opacity=\"40\" data-wave_mode=\"4\" data-gap_width=\"1\" data-wave_compression=\"2\" data-wave_asymmetry=\"2\">\n            <div class=\"wvpl-left-box\" style=\"background-image:url(http:\/\/www.binauralmedia.org\/news\/\/wp-content\/plugins\/waveplayer\/img\/music_file.png)\">\n                <div class=\"wvpl-interface\">\n                    <div class=\"wvpl-volume-overlay\"><\/div>\n                    <div class=\"wvpl-icon wvpl-info\"><\/div>\n                    <div class=\"wvpl-controls\">\n                        <div class=\"wvpl-icon wvpl-prev wvpl-disabled\"><\/div>\n                        <div class=\"wvpl-icon wvpl-play\"><\/div>\n                        <div class=\"wvpl-icon wvpl-next wvpl-disabled\"><\/div>\n                    <\/div>\n                    <div class=\"wvpl-icon wvpl-volume wvpl-volume_up\"><\/div>\n                <\/div>\n                <div class=\"wvpl-poster\"><\/div>\n            <\/div>\n            <div class=\"wvpl-right-box\">\n                <div class=\"wvpl-overlay\"><\/div>\n                <div class=\"wvpl-position\"><\/div>\n                <div class=\"wvpl-duration\"><\/div>\n                <div class=\"wvpl-waveform\"><\/div>\n                <div class=\"wvpl-infobar\">\n                    <div class=\"wvpl-playing-info\"><div class=\"wvpl-infoblock\"><\/div><\/div>\n                <\/div>\n            <\/div>\n            <div class=\"wvpl-playlist\">\n                <div class=\"wvpl-playlist-wrapper\"><\/div>\n            <\/div>\n        <\/div>\n    <\/div><\/div><\/div><\/div><\/div>\n","protected":false},"excerpt":{"rendered":"","protected":false},"author":13,"featured_media":25204,"menu_order":0,"comment_status":"closed","ping_status":"closed","template":"","format":"standard","meta":{"_acf_changed":false,"_bbp_topic_count":0,"_bbp_reply_count":0,"_bbp_total_topic_count":0,"_bbp_total_reply_count":0,"_bbp_voice_count":0,"_bbp_anonymous_reply_count":0,"_bbp_topic_count_hidden":0,"_bbp_reply_count_hidden":0,"_bbp_forum_subforum_count":0,"footnotes":""},"portfolio_category":[1557,1229,1155,1145],"portfolio_skills":[],"portfolio_tags":[],"class_list":["post-25203","avada_portfolio","type-avada_portfolio","status-publish","format-standard","has-post-thumbnail","hentry","portfolio_category-1557","portfolio_category-artistas","portfolio_category-activities","portfolio_category-artist-residencies"],"acf":[],"aioseo_notices":[],"aioseo_head":"\n\t\t<!-- All in One SEO 5.0.1.1 - aioseo.com -->\n\t<meta name=\"description\" content=\"A instala\u00e7\u00e3o multim\u00e9dia interativa \u201cA Menina do Rio\u201d parte de uma analogia da mem\u00f3ria, constru\u00edda a partir de lembran\u00e7as afetivas em ambientes dom\u00e9sticos. O trabalho baseia-se nas mem\u00f3rias da av\u00f3 materna da criadora, que, atrav\u00e9s das suas liga\u00e7\u00f5es pessoais, reescreveu a sua pr\u00f3pria narrativa. A aus\u00eancia da figura masculina provedora e a autonomia financeira das\" \/>\n\t<meta name=\"robots\" content=\"max-image-preview:large\" \/>\n\t<meta name=\"author\" content=\"Ana Ferreira\"\/>\n\t<link rel=\"canonical\" href=\"https:\/\/www.binauralmedia.org\/news\/arquivo\/portfolio-items\/maira-ortins\" \/>\n\t<meta name=\"generator\" content=\"All in One SEO (AIOSEO) 5.0.1.1\" \/>\n\t\t<meta property=\"og:locale\" content=\"pt_PT\" \/>\n\t\t<meta property=\"og:site_name\" content=\"binauralmedia.org - Rural Based Sound\/Media Arts &amp; Social Research\" \/>\n\t\t<meta property=\"og:type\" content=\"article\" \/>\n\t\t<meta property=\"og:title\" content=\"Ma\u00edra Ortins - binauralmedia.org\" \/>\n\t\t<meta property=\"og:description\" content=\"A instala\u00e7\u00e3o multim\u00e9dia interativa \u201cA Menina do Rio\u201d parte de uma analogia da mem\u00f3ria, constru\u00edda a partir de lembran\u00e7as afetivas em ambientes dom\u00e9sticos. O trabalho baseia-se nas mem\u00f3rias da av\u00f3 materna da criadora, que, atrav\u00e9s das suas liga\u00e7\u00f5es pessoais, reescreveu a sua pr\u00f3pria narrativa. A aus\u00eancia da figura masculina provedora e a autonomia financeira das\" \/>\n\t\t<meta property=\"og:url\" content=\"https:\/\/www.binauralmedia.org\/news\/arquivo\/portfolio-items\/maira-ortins\" \/>\n\t\t<meta property=\"article:published_time\" content=\"2025-05-04T11:17:38+00:00\" \/>\n\t\t<meta property=\"article:modified_time\" content=\"2026-04-22T13:09:43+00:00\" \/>\n\t\t<meta name=\"twitter:card\" content=\"summary_large_image\" \/>\n\t\t<meta name=\"twitter:title\" content=\"Ma\u00edra Ortins - binauralmedia.org\" \/>\n\t\t<meta name=\"twitter:description\" content=\"A instala\u00e7\u00e3o multim\u00e9dia interativa \u201cA Menina do Rio\u201d parte de uma analogia da mem\u00f3ria, constru\u00edda a partir de lembran\u00e7as afetivas em ambientes dom\u00e9sticos. O trabalho baseia-se nas mem\u00f3rias da av\u00f3 materna da criadora, que, atrav\u00e9s das suas liga\u00e7\u00f5es pessoais, reescreveu a sua pr\u00f3pria narrativa. A aus\u00eancia da figura masculina provedora e a autonomia financeira das\" \/>\n\t\t<script type=\"application\/ld+json\" class=\"aioseo-schema\">\n\t\t\t{\"@context\":\"https:\\\/\\\/schema.org\",\"@graph\":[{\"@type\":\"BreadcrumbList\",\"@id\":\"https:\\\/\\\/www.binauralmedia.org\\\/news\\\/arquivo\\\/portfolio-items\\\/maira-ortins#breadcrumblist\",\"itemListElement\":[{\"@type\":\"ListItem\",\"@id\":\"https:\\\/\\\/www.binauralmedia.org\\\/news#listItem\",\"position\":1,\"name\":\"Home\",\"item\":\"https:\\\/\\\/www.binauralmedia.org\\\/news\",\"nextItem\":{\"@type\":\"ListItem\",\"@id\":\"https:\\\/\\\/www.binauralmedia.org\\\/news\\\/arquivo\\\/portfolio-items#listItem\",\"name\":\"Portfolio\"}},{\"@type\":\"ListItem\",\"@id\":\"https:\\\/\\\/www.binauralmedia.org\\\/news\\\/arquivo\\\/portfolio-items#listItem\",\"position\":2,\"name\":\"Portfolio\",\"item\":\"https:\\\/\\\/www.binauralmedia.org\\\/news\\\/arquivo\\\/portfolio-items\",\"nextItem\":{\"@type\":\"ListItem\",\"@id\":\"https:\\\/\\\/www.binauralmedia.org\\\/news\\\/portfolio_category\\\/activities#listItem\",\"name\":\"Atividades\"},\"previousItem\":{\"@type\":\"ListItem\",\"@id\":\"https:\\\/\\\/www.binauralmedia.org\\\/news#listItem\",\"name\":\"Home\"}},{\"@type\":\"ListItem\",\"@id\":\"https:\\\/\\\/www.binauralmedia.org\\\/news\\\/portfolio_category\\\/activities#listItem\",\"position\":3,\"name\":\"Atividades\",\"item\":\"https:\\\/\\\/www.binauralmedia.org\\\/news\\\/portfolio_category\\\/activities\",\"nextItem\":{\"@type\":\"ListItem\",\"@id\":\"https:\\\/\\\/www.binauralmedia.org\\\/news\\\/portfolio_category\\\/artist-residencies#listItem\",\"name\":\"Resid\\u00eancias Art\\u00edsticas\"},\"previousItem\":{\"@type\":\"ListItem\",\"@id\":\"https:\\\/\\\/www.binauralmedia.org\\\/news\\\/arquivo\\\/portfolio-items#listItem\",\"name\":\"Portfolio\"}},{\"@type\":\"ListItem\",\"@id\":\"https:\\\/\\\/www.binauralmedia.org\\\/news\\\/portfolio_category\\\/artist-residencies#listItem\",\"position\":4,\"name\":\"Resid\\u00eancias Art\\u00edsticas\",\"item\":\"https:\\\/\\\/www.binauralmedia.org\\\/news\\\/portfolio_category\\\/artist-residencies\",\"nextItem\":{\"@type\":\"ListItem\",\"@id\":\"https:\\\/\\\/www.binauralmedia.org\\\/news\\\/arquivo\\\/portfolio-items\\\/maira-ortins#listItem\",\"name\":\"Ma\\u00edra Ortins\"},\"previousItem\":{\"@type\":\"ListItem\",\"@id\":\"https:\\\/\\\/www.binauralmedia.org\\\/news\\\/portfolio_category\\\/activities#listItem\",\"name\":\"Atividades\"}},{\"@type\":\"ListItem\",\"@id\":\"https:\\\/\\\/www.binauralmedia.org\\\/news\\\/arquivo\\\/portfolio-items\\\/maira-ortins#listItem\",\"position\":5,\"name\":\"Ma\\u00edra Ortins\",\"previousItem\":{\"@type\":\"ListItem\",\"@id\":\"https:\\\/\\\/www.binauralmedia.org\\\/news\\\/portfolio_category\\\/artist-residencies#listItem\",\"name\":\"Resid\\u00eancias Art\\u00edsticas\"}}]},{\"@type\":\"Organization\",\"@id\":\"https:\\\/\\\/www.binauralmedia.org\\\/news\\\/#organization\",\"name\":\"binauralmedia.org\",\"description\":\"Rural Based Sound\\\/Media Arts & Social Research\",\"url\":\"https:\\\/\\\/www.binauralmedia.org\\\/news\\\/\"},{\"@type\":\"Person\",\"@id\":\"https:\\\/\\\/www.binauralmedia.org\\\/news\\\/arquivo\\\/author\\\/anaferreira#author\",\"url\":\"https:\\\/\\\/www.binauralmedia.org\\\/news\\\/arquivo\\\/author\\\/anaferreira\",\"name\":\"Ana Ferreira\"},{\"@type\":\"WebPage\",\"@id\":\"https:\\\/\\\/www.binauralmedia.org\\\/news\\\/arquivo\\\/portfolio-items\\\/maira-ortins#webpage\",\"url\":\"https:\\\/\\\/www.binauralmedia.org\\\/news\\\/arquivo\\\/portfolio-items\\\/maira-ortins\",\"name\":\"Ma\\u00edra Ortins - binauralmedia.org\",\"description\":\"A instala\\u00e7\\u00e3o multim\\u00e9dia interativa \\u201cA Menina do Rio\\u201d parte de uma analogia da mem\\u00f3ria, constru\\u00edda a partir de lembran\\u00e7as afetivas em ambientes dom\\u00e9sticos. O trabalho baseia-se nas mem\\u00f3rias da av\\u00f3 materna da criadora, que, atrav\\u00e9s das suas liga\\u00e7\\u00f5es pessoais, reescreveu a sua pr\\u00f3pria narrativa. A aus\\u00eancia da figura masculina provedora e a autonomia financeira das\",\"inLanguage\":\"pt-PT\",\"isPartOf\":{\"@id\":\"https:\\\/\\\/www.binauralmedia.org\\\/news\\\/#website\"},\"breadcrumb\":{\"@id\":\"https:\\\/\\\/www.binauralmedia.org\\\/news\\\/arquivo\\\/portfolio-items\\\/maira-ortins#breadcrumblist\"},\"author\":{\"@id\":\"https:\\\/\\\/www.binauralmedia.org\\\/news\\\/arquivo\\\/author\\\/anaferreira#author\"},\"creator\":{\"@id\":\"https:\\\/\\\/www.binauralmedia.org\\\/news\\\/arquivo\\\/author\\\/anaferreira#author\"},\"image\":{\"@type\":\"ImageObject\",\"url\":\"https:\\\/\\\/www.binauralmedia.org\\\/news\\\/wp-content\\\/uploads\\\/Maira-Ortins.jpg\",\"@id\":\"https:\\\/\\\/www.binauralmedia.org\\\/news\\\/arquivo\\\/portfolio-items\\\/maira-ortins\\\/#mainImage\",\"width\":1200,\"height\":800},\"primaryImageOfPage\":{\"@id\":\"https:\\\/\\\/www.binauralmedia.org\\\/news\\\/arquivo\\\/portfolio-items\\\/maira-ortins#mainImage\"},\"datePublished\":\"2025-05-04T11:17:38+00:00\",\"dateModified\":\"2026-04-22T13:09:43+00:00\"},{\"@type\":\"WebSite\",\"@id\":\"https:\\\/\\\/www.binauralmedia.org\\\/news\\\/#website\",\"url\":\"https:\\\/\\\/www.binauralmedia.org\\\/news\\\/\",\"name\":\"binauralmedia.org\",\"description\":\"Rural Based Sound\\\/Media Arts & Social Research\",\"inLanguage\":\"pt-PT\",\"publisher\":{\"@id\":\"https:\\\/\\\/www.binauralmedia.org\\\/news\\\/#organization\"}}]}\n\t\t<\/script>\n\t\t<!-- All in One SEO -->\n\n","aioseo_head_json":{"title":"Ma\u00edra Ortins - binauralmedia.org","description":"A instala\u00e7\u00e3o multim\u00e9dia interativa \u201cA Menina do Rio\u201d parte de uma analogia da mem\u00f3ria, constru\u00edda a partir de lembran\u00e7as afetivas em ambientes dom\u00e9sticos. O trabalho baseia-se nas mem\u00f3rias da av\u00f3 materna da criadora, que, atrav\u00e9s das suas liga\u00e7\u00f5es pessoais, reescreveu a sua pr\u00f3pria narrativa. A aus\u00eancia da figura masculina provedora e a autonomia financeira das","canonical_url":"https:\/\/www.binauralmedia.org\/news\/arquivo\/portfolio-items\/maira-ortins","robots":"max-image-preview:large","keywords":"","webmasterTools":{"miscellaneous":""},"schema":{"@context":"https:\/\/schema.org","@graph":[{"@type":"BreadcrumbList","@id":"https:\/\/www.binauralmedia.org\/news\/arquivo\/portfolio-items\/maira-ortins#breadcrumblist","itemListElement":[{"@type":"ListItem","@id":"https:\/\/www.binauralmedia.org\/news#listItem","position":1,"name":"Home","item":"https:\/\/www.binauralmedia.org\/news","nextItem":{"@type":"ListItem","@id":"https:\/\/www.binauralmedia.org\/news\/arquivo\/portfolio-items#listItem","name":"Portfolio"}},{"@type":"ListItem","@id":"https:\/\/www.binauralmedia.org\/news\/arquivo\/portfolio-items#listItem","position":2,"name":"Portfolio","item":"https:\/\/www.binauralmedia.org\/news\/arquivo\/portfolio-items","nextItem":{"@type":"ListItem","@id":"https:\/\/www.binauralmedia.org\/news\/portfolio_category\/activities#listItem","name":"Atividades"},"previousItem":{"@type":"ListItem","@id":"https:\/\/www.binauralmedia.org\/news#listItem","name":"Home"}},{"@type":"ListItem","@id":"https:\/\/www.binauralmedia.org\/news\/portfolio_category\/activities#listItem","position":3,"name":"Atividades","item":"https:\/\/www.binauralmedia.org\/news\/portfolio_category\/activities","nextItem":{"@type":"ListItem","@id":"https:\/\/www.binauralmedia.org\/news\/portfolio_category\/artist-residencies#listItem","name":"Resid\u00eancias Art\u00edsticas"},"previousItem":{"@type":"ListItem","@id":"https:\/\/www.binauralmedia.org\/news\/arquivo\/portfolio-items#listItem","name":"Portfolio"}},{"@type":"ListItem","@id":"https:\/\/www.binauralmedia.org\/news\/portfolio_category\/artist-residencies#listItem","position":4,"name":"Resid\u00eancias Art\u00edsticas","item":"https:\/\/www.binauralmedia.org\/news\/portfolio_category\/artist-residencies","nextItem":{"@type":"ListItem","@id":"https:\/\/www.binauralmedia.org\/news\/arquivo\/portfolio-items\/maira-ortins#listItem","name":"Ma\u00edra Ortins"},"previousItem":{"@type":"ListItem","@id":"https:\/\/www.binauralmedia.org\/news\/portfolio_category\/activities#listItem","name":"Atividades"}},{"@type":"ListItem","@id":"https:\/\/www.binauralmedia.org\/news\/arquivo\/portfolio-items\/maira-ortins#listItem","position":5,"name":"Ma\u00edra Ortins","previousItem":{"@type":"ListItem","@id":"https:\/\/www.binauralmedia.org\/news\/portfolio_category\/artist-residencies#listItem","name":"Resid\u00eancias Art\u00edsticas"}}]},{"@type":"Organization","@id":"https:\/\/www.binauralmedia.org\/news\/#organization","name":"binauralmedia.org","description":"Rural Based Sound\/Media Arts & Social Research","url":"https:\/\/www.binauralmedia.org\/news\/"},{"@type":"Person","@id":"https:\/\/www.binauralmedia.org\/news\/arquivo\/author\/anaferreira#author","url":"https:\/\/www.binauralmedia.org\/news\/arquivo\/author\/anaferreira","name":"Ana Ferreira"},{"@type":"WebPage","@id":"https:\/\/www.binauralmedia.org\/news\/arquivo\/portfolio-items\/maira-ortins#webpage","url":"https:\/\/www.binauralmedia.org\/news\/arquivo\/portfolio-items\/maira-ortins","name":"Ma\u00edra Ortins - binauralmedia.org","description":"A instala\u00e7\u00e3o multim\u00e9dia interativa \u201cA Menina do Rio\u201d parte de uma analogia da mem\u00f3ria, constru\u00edda a partir de lembran\u00e7as afetivas em ambientes dom\u00e9sticos. O trabalho baseia-se nas mem\u00f3rias da av\u00f3 materna da criadora, que, atrav\u00e9s das suas liga\u00e7\u00f5es pessoais, reescreveu a sua pr\u00f3pria narrativa. A aus\u00eancia da figura masculina provedora e a autonomia financeira das","inLanguage":"pt-PT","isPartOf":{"@id":"https:\/\/www.binauralmedia.org\/news\/#website"},"breadcrumb":{"@id":"https:\/\/www.binauralmedia.org\/news\/arquivo\/portfolio-items\/maira-ortins#breadcrumblist"},"author":{"@id":"https:\/\/www.binauralmedia.org\/news\/arquivo\/author\/anaferreira#author"},"creator":{"@id":"https:\/\/www.binauralmedia.org\/news\/arquivo\/author\/anaferreira#author"},"image":{"@type":"ImageObject","url":"https:\/\/www.binauralmedia.org\/news\/wp-content\/uploads\/Maira-Ortins.jpg","@id":"https:\/\/www.binauralmedia.org\/news\/arquivo\/portfolio-items\/maira-ortins\/#mainImage","width":1200,"height":800},"primaryImageOfPage":{"@id":"https:\/\/www.binauralmedia.org\/news\/arquivo\/portfolio-items\/maira-ortins#mainImage"},"datePublished":"2025-05-04T11:17:38+00:00","dateModified":"2026-04-22T13:09:43+00:00"},{"@type":"WebSite","@id":"https:\/\/www.binauralmedia.org\/news\/#website","url":"https:\/\/www.binauralmedia.org\/news\/","name":"binauralmedia.org","description":"Rural Based Sound\/Media Arts & Social Research","inLanguage":"pt-PT","publisher":{"@id":"https:\/\/www.binauralmedia.org\/news\/#organization"}}]},"og:locale":"pt_PT","og:site_name":"binauralmedia.org - Rural Based Sound\/Media Arts &amp; Social Research","og:type":"article","og:title":"Ma\u00edra Ortins - binauralmedia.org","og:description":"A instala\u00e7\u00e3o multim\u00e9dia interativa \u201cA Menina do Rio\u201d parte de uma analogia da mem\u00f3ria, constru\u00edda a partir de lembran\u00e7as afetivas em ambientes dom\u00e9sticos. O trabalho baseia-se nas mem\u00f3rias da av\u00f3 materna da criadora, que, atrav\u00e9s das suas liga\u00e7\u00f5es pessoais, reescreveu a sua pr\u00f3pria narrativa. A aus\u00eancia da figura masculina provedora e a autonomia financeira das","og:url":"https:\/\/www.binauralmedia.org\/news\/arquivo\/portfolio-items\/maira-ortins","article:published_time":"2025-05-04T11:17:38+00:00","article:modified_time":"2026-04-22T13:09:43+00:00","twitter:card":"summary_large_image","twitter:title":"Ma\u00edra Ortins - binauralmedia.org","twitter:description":"A instala\u00e7\u00e3o multim\u00e9dia interativa \u201cA Menina do Rio\u201d parte de uma analogia da mem\u00f3ria, constru\u00edda a partir de lembran\u00e7as afetivas em ambientes dom\u00e9sticos. O trabalho baseia-se nas mem\u00f3rias da av\u00f3 materna da criadora, que, atrav\u00e9s das suas liga\u00e7\u00f5es pessoais, reescreveu a sua pr\u00f3pria narrativa. A aus\u00eancia da figura masculina provedora e a autonomia financeira das"},"aioseo_meta_data":{"post_id":"25203","title":null,"description":null,"keywords":null,"keyphrases":null,"primary_term":null,"canonical_url":null,"og_title":null,"og_description":null,"og_object_type":"default","og_image_type":"default","og_image_custom_url":null,"og_image_custom_fields":null,"og_image_url":null,"og_image_width":null,"og_image_height":null,"og_video":null,"og_custom_url":null,"og_article_section":null,"og_article_tags":null,"twitter_use_og":false,"twitter_card":"default","twitter_image_type":"default","twitter_image_custom_url":null,"twitter_image_custom_fields":null,"twitter_image_url":null,"twitter_title":null,"twitter_description":null,"schema_type":"default","schema_type_options":null,"schema":{"blockGraphs":[],"customGraphs":[],"default":{"data":{"Article":[],"Course":[],"Dataset":[],"FAQPage":[],"Movie":[],"Person":[],"Product":[],"ProductReview":[],"Car":[],"Recipe":[],"Service":[],"SoftwareApplication":[],"WebPage":[]},"graphName":"","isEnabled":true},"graphs":[]},"pillar_content":false,"robots_default":true,"robots_noindex":false,"robots_noarchive":false,"robots_nosnippet":false,"robots_nofollow":false,"robots_noimageindex":false,"robots_noodp":false,"robots_notranslate":false,"robots_max_snippet":null,"robots_max_videopreview":null,"robots_max_imagepreview":"large","priority":null,"frequency":null,"local_seo":null,"limit_modified_date":false,"ai":null,"breadcrumb_settings":null,"seo_analyzer_scan_date":null,"created":"2026-08-04 23:40:28","updated":"2026-08-04 23:40:28","focus_keyword":null,"additional_keywords":null,"truseo_locale":null},"aioseo_breadcrumb":"<div class=\"aioseo-breadcrumbs\"><span class=\"aioseo-breadcrumb\">\n\t\t\t<a href=\"https:\/\/www.binauralmedia.org\/news\" title=\"Home\">Home<\/a>\n\t\t<\/span><span class=\"aioseo-breadcrumb-separator\">&raquo;<\/span><span class=\"aioseo-breadcrumb\">\n\t\t\t<a href=\"https:\/\/www.binauralmedia.org\/news\/arquivo\/portfolio-items\" title=\"Portfolio\">Portfolio<\/a>\n\t\t<\/span><span class=\"aioseo-breadcrumb-separator\">&raquo;<\/span><span class=\"aioseo-breadcrumb\">\n\t\t\t<a href=\"https:\/\/www.binauralmedia.org\/news\/portfolio_category\/activities\" title=\"Atividades\">Atividades<\/a>\n\t\t<\/span><span class=\"aioseo-breadcrumb-separator\">&raquo;<\/span><span class=\"aioseo-breadcrumb\">\n\t\t\t<a href=\"https:\/\/www.binauralmedia.org\/news\/portfolio_category\/artist-residencies\" title=\"Resid\u00eancias Art\u00edsticas\">Resid\u00eancias Art\u00edsticas<\/a>\n\t\t<\/span><span class=\"aioseo-breadcrumb-separator\">&raquo;<\/span><span class=\"aioseo-breadcrumb\">\n\t\t\tMa\u00edra Ortins\n\t\t<\/span><\/div>","aioseo_breadcrumb_json":[{"label":"Home","link":"https:\/\/www.binauralmedia.org\/news"},{"label":"Portfolio","link":"https:\/\/www.binauralmedia.org\/news\/arquivo\/portfolio-items"},{"label":"Atividades","link":"https:\/\/www.binauralmedia.org\/news\/portfolio_category\/activities"},{"label":"Resid\u00eancias Art\u00edsticas","link":"https:\/\/www.binauralmedia.org\/news\/portfolio_category\/artist-residencies"},{"label":"Ma\u00edra Ortins","link":"https:\/\/www.binauralmedia.org\/news\/arquivo\/portfolio-items\/maira-ortins"}],"_links":{"self":[{"href":"https:\/\/www.binauralmedia.org\/news\/wp-json\/wp\/v2\/avada_portfolio\/25203","targetHints":{"allow":["GET"]}}],"collection":[{"href":"https:\/\/www.binauralmedia.org\/news\/wp-json\/wp\/v2\/avada_portfolio"}],"about":[{"href":"https:\/\/www.binauralmedia.org\/news\/wp-json\/wp\/v2\/types\/avada_portfolio"}],"author":[{"embeddable":true,"href":"https:\/\/www.binauralmedia.org\/news\/wp-json\/wp\/v2\/users\/13"}],"replies":[{"embeddable":true,"href":"https:\/\/www.binauralmedia.org\/news\/wp-json\/wp\/v2\/comments?post=25203"}],"version-history":[{"count":3,"href":"https:\/\/www.binauralmedia.org\/news\/wp-json\/wp\/v2\/avada_portfolio\/25203\/revisions"}],"predecessor-version":[{"id":25215,"href":"https:\/\/www.binauralmedia.org\/news\/wp-json\/wp\/v2\/avada_portfolio\/25203\/revisions\/25215"}],"wp:featuredmedia":[{"embeddable":true,"href":"https:\/\/www.binauralmedia.org\/news\/wp-json\/wp\/v2\/media\/25204"}],"wp:attachment":[{"href":"https:\/\/www.binauralmedia.org\/news\/wp-json\/wp\/v2\/media?parent=25203"}],"wp:term":[{"taxonomy":"portfolio_category","embeddable":true,"href":"https:\/\/www.binauralmedia.org\/news\/wp-json\/wp\/v2\/portfolio_category?post=25203"},{"taxonomy":"portfolio_skills","embeddable":true,"href":"https:\/\/www.binauralmedia.org\/news\/wp-json\/wp\/v2\/portfolio_skills?post=25203"},{"taxonomy":"portfolio_tags","embeddable":true,"href":"https:\/\/www.binauralmedia.org\/news\/wp-json\/wp\/v2\/portfolio_tags?post=25203"}],"curies":[{"name":"wp","href":"https:\/\/api.w.org\/{rel}","templated":true}]}}