{"id":24766,"date":"2025-09-07T10:38:52","date_gmt":"2025-09-07T10:38:52","guid":{"rendered":"https:\/\/www.binauralmedia.org\/news?post_type=avada_portfolio&#038;p=24766"},"modified":"2025-12-19T11:54:08","modified_gmt":"2025-12-19T11:54:08","slug":"ana-carucci-2025","status":"publish","type":"avada_portfolio","link":"https:\/\/www.binauralmedia.org\/news\/arquivo\/portfolio-items\/ana-carucci-2025","title":{"rendered":"Ana Carucci (2025)"},"content":{"rendered":"<div class=\"fusion-fullwidth fullwidth-box fusion-builder-row-1 fusion-flex-container has-pattern-background has-mask-background nonhundred-percent-fullwidth non-hundred-percent-height-scrolling\" style=\"--awb-border-radius-top-left:0px;--awb-border-radius-top-right:0px;--awb-border-radius-bottom-right:0px;--awb-border-radius-bottom-left:0px;--awb-flex-wrap:wrap;\" ><div class=\"fusion-builder-row fusion-row fusion-flex-align-items-flex-start fusion-flex-content-wrap\" style=\"max-width:1144px;margin-left: calc(-4% \/ 2 );margin-right: calc(-4% \/ 2 );\"><div class=\"fusion-layout-column fusion_builder_column fusion-builder-column-0 fusion_builder_column_1_1 1_1 fusion-flex-column\" style=\"--awb-bg-size:cover;--awb-width-large:100%;--awb-margin-top-large:0px;--awb-spacing-right-large:1.92%;--awb-margin-bottom-large:20px;--awb-spacing-left-large:1.92%;--awb-width-medium:100%;--awb-order-medium:0;--awb-spacing-right-medium:1.92%;--awb-spacing-left-medium:1.92%;--awb-width-small:100%;--awb-order-small:0;--awb-spacing-right-small:1.92%;--awb-spacing-left-small:1.92%;\"><div class=\"fusion-column-wrapper fusion-column-has-shadow fusion-flex-justify-content-flex-start fusion-content-layout-column\"><div class=\"fusion-text fusion-text-1\"><p>Ana Carucci desenvolveu na aldeia de Ribolhos, de 19 de agosto a 7 de setembro de 2025, um trabalho que entrela\u00e7ou cer\u00e2mica, som e mem\u00f3ria material. A artista argentina, radicada em Espanha, criou objetos cer\u00e2micos que desafiavam a categoriza\u00e7\u00e3o tradicional ao sugerirem utilidade ou a contradizerem-na e, ao faz\u00ea-lo, ativavam um espa\u00e7o po\u00e9tico.<\/p>\n<p>A instala\u00e7\u00e3o art\u00edstica &#8220;Dreamtigers&#8221;, consistiu em algumas pe\u00e7as com apitos, outras que exploravam sons t\u00e9nues e ressonantes, aproximando-se de idiofones de fric\u00e7\u00e3o. A artista refletiu sobre o barro de Ribolhos, que passou de um material utilit\u00e1rio a um s\u00edmbolo representativo, explorando as formas como as regras de uso dos objetos se expandem, confundem e sobrep\u00f5em.<\/p>\n<p>O evento foi coproduzido pela Binaural Nodar, pelo Munic\u00edpio de Castro Daire e pela Uni\u00e3o de Freguesias de Mamouros, Alva e Ribolhos e integrou-se nas atividades da Rede Tramontana, fortalecendo o di\u00e1logo entre tradi\u00e7\u00e3o e contemporaneidade.<\/p>\n<p>O agradecimento \u00e9 \u00e0 Terracotta pelo fornecimento da argila e pela cozedura das pe\u00e7as.<\/p>\n<\/div><div class=\"fusion-text fusion-text-2\"><p>Ana Carucci \u00e9 uma artista argentina atualmente radicada em Espanha. Ela dedica-se \u00e0 pintura, ao desenho e ao som, criando instala\u00e7\u00f5es art\u00edsticas, m\u00fasica e paisagens sonoras. As suas obras surgem da explora\u00e7\u00e3o dos espa\u00e7os entre a abstra\u00e7\u00e3o e a literalidade, brincando com a linguagem e a mem\u00f3ria dos sentidos. A natureza e a sua rela\u00e7\u00e3o com a cultura s\u00e3o um tema recorrente na sua pr\u00e1tica art\u00edstica. Em 2022, Ana Carucci participou no programa de resid\u00eancia AADK Espanha e na resid\u00eancia Countdown Grabowsee em Berlim, Alemanha. Em 2024, participou no programa de resid\u00eancias art\u00edsticas \u201cO cantar das nascentes\u201d produzido pela Binaural Nodar. O seu trabalho Notebook 1 foi selecionado pelo Fundo de Artes Visuais da Argentina no contexto do seu pr\u00e9mio nacional em 2017.<\/p>\n<\/div><div class=\"fusion-video fusion-vimeo\" style=\"--awb-max-width:600px;--awb-max-height:350px;\"><div class=\"video-shortcode\"><div class=\"fluid-width-video-wrapper\" style=\"padding-top:58.33%;\" ><iframe title=\"Vimeo video player 1\" src=\"https:\/\/player.vimeo.com\/video\/1147996979?autoplay=0&amp;autopause=0\" width=\"600\" height=\"350\" allowfullscreen allow=\"autoplay; fullscreen\"><\/iframe><\/div><\/div><\/div><\/div><\/div><\/div><\/div>\n","protected":false},"excerpt":{"rendered":"","protected":false},"author":13,"featured_media":24768,"menu_order":0,"comment_status":"closed","ping_status":"closed","template":"","format":"standard","meta":{"_acf_changed":false,"_bbp_topic_count":0,"_bbp_reply_count":0,"_bbp_total_topic_count":0,"_bbp_total_reply_count":0,"_bbp_voice_count":0,"_bbp_anonymous_reply_count":0,"_bbp_topic_count_hidden":0,"_bbp_reply_count_hidden":0,"_bbp_forum_subforum_count":0,"footnotes":""},"portfolio_category":[1557,1229,1155,1145],"portfolio_skills":[],"portfolio_tags":[],"class_list":["post-24766","avada_portfolio","type-avada_portfolio","status-publish","format-standard","has-post-thumbnail","hentry","portfolio_category-1557","portfolio_category-artistas","portfolio_category-activities","portfolio_category-artist-residencies"],"acf":[],"aioseo_notices":[],"aioseo_head":"\n\t\t<!-- All in One SEO 5.0.1.1 - aioseo.com -->\n\t<meta name=\"description\" content=\"Ana Carucci desenvolveu na aldeia de Ribolhos, de 19 de agosto a 7 de setembro de 2025, um trabalho que entrela\u00e7ou cer\u00e2mica, som e mem\u00f3ria material. A artista argentina, radicada em Espanha, criou objetos cer\u00e2micos que desafiavam a categoriza\u00e7\u00e3o tradicional ao sugerirem utilidade ou a contradizerem-na e, ao faz\u00ea-lo, ativavam um espa\u00e7o po\u00e9tico. A instala\u00e7\u00e3o\" \/>\n\t<meta name=\"robots\" content=\"max-image-preview:large\" \/>\n\t<meta name=\"author\" content=\"Ana Ferreira\"\/>\n\t<link rel=\"canonical\" href=\"https:\/\/www.binauralmedia.org\/news\/arquivo\/portfolio-items\/ana-carucci-2025\" \/>\n\t<meta name=\"generator\" content=\"All in One SEO (AIOSEO) 5.0.1.1\" \/>\n\t\t<meta property=\"og:locale\" content=\"pt_PT\" \/>\n\t\t<meta property=\"og:site_name\" content=\"binauralmedia.org - Rural Based Sound\/Media Arts &amp; Social Research\" \/>\n\t\t<meta property=\"og:type\" content=\"article\" \/>\n\t\t<meta property=\"og:title\" content=\"Ana Carucci (2025) - binauralmedia.org\" \/>\n\t\t<meta property=\"og:description\" content=\"Ana Carucci desenvolveu na aldeia de Ribolhos, de 19 de agosto a 7 de setembro de 2025, um trabalho que entrela\u00e7ou cer\u00e2mica, som e mem\u00f3ria material. A artista argentina, radicada em Espanha, criou objetos cer\u00e2micos que desafiavam a categoriza\u00e7\u00e3o tradicional ao sugerirem utilidade ou a contradizerem-na e, ao faz\u00ea-lo, ativavam um espa\u00e7o po\u00e9tico. A instala\u00e7\u00e3o\" \/>\n\t\t<meta property=\"og:url\" content=\"https:\/\/www.binauralmedia.org\/news\/arquivo\/portfolio-items\/ana-carucci-2025\" \/>\n\t\t<meta property=\"article:published_time\" content=\"2025-09-07T10:38:52+00:00\" \/>\n\t\t<meta property=\"article:modified_time\" content=\"2025-12-19T11:54:08+00:00\" \/>\n\t\t<meta name=\"twitter:card\" content=\"summary_large_image\" \/>\n\t\t<meta name=\"twitter:title\" content=\"Ana Carucci (2025) - binauralmedia.org\" \/>\n\t\t<meta name=\"twitter:description\" content=\"Ana Carucci desenvolveu na aldeia de Ribolhos, de 19 de agosto a 7 de setembro de 2025, um trabalho que entrela\u00e7ou cer\u00e2mica, som e mem\u00f3ria material. A artista argentina, radicada em Espanha, criou objetos cer\u00e2micos que desafiavam a categoriza\u00e7\u00e3o tradicional ao sugerirem utilidade ou a contradizerem-na e, ao faz\u00ea-lo, ativavam um espa\u00e7o po\u00e9tico. A instala\u00e7\u00e3o\" \/>\n\t\t<script type=\"application\/ld+json\" class=\"aioseo-schema\">\n\t\t\t{\"@context\":\"https:\\\/\\\/schema.org\",\"@graph\":[{\"@type\":\"BreadcrumbList\",\"@id\":\"https:\\\/\\\/www.binauralmedia.org\\\/news\\\/arquivo\\\/portfolio-items\\\/ana-carucci-2025#breadcrumblist\",\"itemListElement\":[{\"@type\":\"ListItem\",\"@id\":\"https:\\\/\\\/www.binauralmedia.org\\\/news#listItem\",\"position\":1,\"name\":\"Home\",\"item\":\"https:\\\/\\\/www.binauralmedia.org\\\/news\",\"nextItem\":{\"@type\":\"ListItem\",\"@id\":\"https:\\\/\\\/www.binauralmedia.org\\\/news\\\/arquivo\\\/portfolio-items#listItem\",\"name\":\"Portfolio\"}},{\"@type\":\"ListItem\",\"@id\":\"https:\\\/\\\/www.binauralmedia.org\\\/news\\\/arquivo\\\/portfolio-items#listItem\",\"position\":2,\"name\":\"Portfolio\",\"item\":\"https:\\\/\\\/www.binauralmedia.org\\\/news\\\/arquivo\\\/portfolio-items\",\"nextItem\":{\"@type\":\"ListItem\",\"@id\":\"https:\\\/\\\/www.binauralmedia.org\\\/news\\\/portfolio_category\\\/activities#listItem\",\"name\":\"Atividades\"},\"previousItem\":{\"@type\":\"ListItem\",\"@id\":\"https:\\\/\\\/www.binauralmedia.org\\\/news#listItem\",\"name\":\"Home\"}},{\"@type\":\"ListItem\",\"@id\":\"https:\\\/\\\/www.binauralmedia.org\\\/news\\\/portfolio_category\\\/activities#listItem\",\"position\":3,\"name\":\"Atividades\",\"item\":\"https:\\\/\\\/www.binauralmedia.org\\\/news\\\/portfolio_category\\\/activities\",\"nextItem\":{\"@type\":\"ListItem\",\"@id\":\"https:\\\/\\\/www.binauralmedia.org\\\/news\\\/portfolio_category\\\/artist-residencies#listItem\",\"name\":\"Resid\\u00eancias Art\\u00edsticas\"},\"previousItem\":{\"@type\":\"ListItem\",\"@id\":\"https:\\\/\\\/www.binauralmedia.org\\\/news\\\/arquivo\\\/portfolio-items#listItem\",\"name\":\"Portfolio\"}},{\"@type\":\"ListItem\",\"@id\":\"https:\\\/\\\/www.binauralmedia.org\\\/news\\\/portfolio_category\\\/artist-residencies#listItem\",\"position\":4,\"name\":\"Resid\\u00eancias Art\\u00edsticas\",\"item\":\"https:\\\/\\\/www.binauralmedia.org\\\/news\\\/portfolio_category\\\/artist-residencies\",\"nextItem\":{\"@type\":\"ListItem\",\"@id\":\"https:\\\/\\\/www.binauralmedia.org\\\/news\\\/arquivo\\\/portfolio-items\\\/ana-carucci-2025#listItem\",\"name\":\"Ana Carucci (2025)\"},\"previousItem\":{\"@type\":\"ListItem\",\"@id\":\"https:\\\/\\\/www.binauralmedia.org\\\/news\\\/portfolio_category\\\/activities#listItem\",\"name\":\"Atividades\"}},{\"@type\":\"ListItem\",\"@id\":\"https:\\\/\\\/www.binauralmedia.org\\\/news\\\/arquivo\\\/portfolio-items\\\/ana-carucci-2025#listItem\",\"position\":5,\"name\":\"Ana Carucci (2025)\",\"previousItem\":{\"@type\":\"ListItem\",\"@id\":\"https:\\\/\\\/www.binauralmedia.org\\\/news\\\/portfolio_category\\\/artist-residencies#listItem\",\"name\":\"Resid\\u00eancias Art\\u00edsticas\"}}]},{\"@type\":\"Organization\",\"@id\":\"https:\\\/\\\/www.binauralmedia.org\\\/news\\\/#organization\",\"name\":\"binauralmedia.org\",\"description\":\"Rural Based Sound\\\/Media Arts & Social Research\",\"url\":\"https:\\\/\\\/www.binauralmedia.org\\\/news\\\/\"},{\"@type\":\"Person\",\"@id\":\"https:\\\/\\\/www.binauralmedia.org\\\/news\\\/arquivo\\\/author\\\/anaferreira#author\",\"url\":\"https:\\\/\\\/www.binauralmedia.org\\\/news\\\/arquivo\\\/author\\\/anaferreira\",\"name\":\"Ana Ferreira\"},{\"@type\":\"WebPage\",\"@id\":\"https:\\\/\\\/www.binauralmedia.org\\\/news\\\/arquivo\\\/portfolio-items\\\/ana-carucci-2025#webpage\",\"url\":\"https:\\\/\\\/www.binauralmedia.org\\\/news\\\/arquivo\\\/portfolio-items\\\/ana-carucci-2025\",\"name\":\"Ana Carucci (2025) - binauralmedia.org\",\"description\":\"Ana Carucci desenvolveu na aldeia de Ribolhos, de 19 de agosto a 7 de setembro de 2025, um trabalho que entrela\\u00e7ou cer\\u00e2mica, som e mem\\u00f3ria material. A artista argentina, radicada em Espanha, criou objetos cer\\u00e2micos que desafiavam a categoriza\\u00e7\\u00e3o tradicional ao sugerirem utilidade ou a contradizerem-na e, ao faz\\u00ea-lo, ativavam um espa\\u00e7o po\\u00e9tico. A instala\\u00e7\\u00e3o\",\"inLanguage\":\"pt-PT\",\"isPartOf\":{\"@id\":\"https:\\\/\\\/www.binauralmedia.org\\\/news\\\/#website\"},\"breadcrumb\":{\"@id\":\"https:\\\/\\\/www.binauralmedia.org\\\/news\\\/arquivo\\\/portfolio-items\\\/ana-carucci-2025#breadcrumblist\"},\"author\":{\"@id\":\"https:\\\/\\\/www.binauralmedia.org\\\/news\\\/arquivo\\\/author\\\/anaferreira#author\"},\"creator\":{\"@id\":\"https:\\\/\\\/www.binauralmedia.org\\\/news\\\/arquivo\\\/author\\\/anaferreira#author\"},\"image\":{\"@type\":\"ImageObject\",\"url\":\"https:\\\/\\\/www.binauralmedia.org\\\/news\\\/wp-content\\\/uploads\\\/Ana-Carucci-1.jpg\",\"@id\":\"https:\\\/\\\/www.binauralmedia.org\\\/news\\\/arquivo\\\/portfolio-items\\\/ana-carucci-2025\\\/#mainImage\",\"width\":1200,\"height\":800},\"primaryImageOfPage\":{\"@id\":\"https:\\\/\\\/www.binauralmedia.org\\\/news\\\/arquivo\\\/portfolio-items\\\/ana-carucci-2025#mainImage\"},\"datePublished\":\"2025-09-07T10:38:52+00:00\",\"dateModified\":\"2025-12-19T11:54:08+00:00\"},{\"@type\":\"WebSite\",\"@id\":\"https:\\\/\\\/www.binauralmedia.org\\\/news\\\/#website\",\"url\":\"https:\\\/\\\/www.binauralmedia.org\\\/news\\\/\",\"name\":\"binauralmedia.org\",\"description\":\"Rural Based Sound\\\/Media Arts & Social Research\",\"inLanguage\":\"pt-PT\",\"publisher\":{\"@id\":\"https:\\\/\\\/www.binauralmedia.org\\\/news\\\/#organization\"}}]}\n\t\t<\/script>\n\t\t<!-- All in One SEO -->\n\n","aioseo_head_json":{"title":"Ana Carucci (2025) - binauralmedia.org","description":"Ana Carucci desenvolveu na aldeia de Ribolhos, de 19 de agosto a 7 de setembro de 2025, um trabalho que entrela\u00e7ou cer\u00e2mica, som e mem\u00f3ria material. A artista argentina, radicada em Espanha, criou objetos cer\u00e2micos que desafiavam a categoriza\u00e7\u00e3o tradicional ao sugerirem utilidade ou a contradizerem-na e, ao faz\u00ea-lo, ativavam um espa\u00e7o po\u00e9tico. A instala\u00e7\u00e3o","canonical_url":"https:\/\/www.binauralmedia.org\/news\/arquivo\/portfolio-items\/ana-carucci-2025","robots":"max-image-preview:large","keywords":"","webmasterTools":{"miscellaneous":""},"schema":{"@context":"https:\/\/schema.org","@graph":[{"@type":"BreadcrumbList","@id":"https:\/\/www.binauralmedia.org\/news\/arquivo\/portfolio-items\/ana-carucci-2025#breadcrumblist","itemListElement":[{"@type":"ListItem","@id":"https:\/\/www.binauralmedia.org\/news#listItem","position":1,"name":"Home","item":"https:\/\/www.binauralmedia.org\/news","nextItem":{"@type":"ListItem","@id":"https:\/\/www.binauralmedia.org\/news\/arquivo\/portfolio-items#listItem","name":"Portfolio"}},{"@type":"ListItem","@id":"https:\/\/www.binauralmedia.org\/news\/arquivo\/portfolio-items#listItem","position":2,"name":"Portfolio","item":"https:\/\/www.binauralmedia.org\/news\/arquivo\/portfolio-items","nextItem":{"@type":"ListItem","@id":"https:\/\/www.binauralmedia.org\/news\/portfolio_category\/activities#listItem","name":"Atividades"},"previousItem":{"@type":"ListItem","@id":"https:\/\/www.binauralmedia.org\/news#listItem","name":"Home"}},{"@type":"ListItem","@id":"https:\/\/www.binauralmedia.org\/news\/portfolio_category\/activities#listItem","position":3,"name":"Atividades","item":"https:\/\/www.binauralmedia.org\/news\/portfolio_category\/activities","nextItem":{"@type":"ListItem","@id":"https:\/\/www.binauralmedia.org\/news\/portfolio_category\/artist-residencies#listItem","name":"Resid\u00eancias Art\u00edsticas"},"previousItem":{"@type":"ListItem","@id":"https:\/\/www.binauralmedia.org\/news\/arquivo\/portfolio-items#listItem","name":"Portfolio"}},{"@type":"ListItem","@id":"https:\/\/www.binauralmedia.org\/news\/portfolio_category\/artist-residencies#listItem","position":4,"name":"Resid\u00eancias Art\u00edsticas","item":"https:\/\/www.binauralmedia.org\/news\/portfolio_category\/artist-residencies","nextItem":{"@type":"ListItem","@id":"https:\/\/www.binauralmedia.org\/news\/arquivo\/portfolio-items\/ana-carucci-2025#listItem","name":"Ana Carucci (2025)"},"previousItem":{"@type":"ListItem","@id":"https:\/\/www.binauralmedia.org\/news\/portfolio_category\/activities#listItem","name":"Atividades"}},{"@type":"ListItem","@id":"https:\/\/www.binauralmedia.org\/news\/arquivo\/portfolio-items\/ana-carucci-2025#listItem","position":5,"name":"Ana Carucci (2025)","previousItem":{"@type":"ListItem","@id":"https:\/\/www.binauralmedia.org\/news\/portfolio_category\/artist-residencies#listItem","name":"Resid\u00eancias Art\u00edsticas"}}]},{"@type":"Organization","@id":"https:\/\/www.binauralmedia.org\/news\/#organization","name":"binauralmedia.org","description":"Rural Based Sound\/Media Arts & Social Research","url":"https:\/\/www.binauralmedia.org\/news\/"},{"@type":"Person","@id":"https:\/\/www.binauralmedia.org\/news\/arquivo\/author\/anaferreira#author","url":"https:\/\/www.binauralmedia.org\/news\/arquivo\/author\/anaferreira","name":"Ana Ferreira"},{"@type":"WebPage","@id":"https:\/\/www.binauralmedia.org\/news\/arquivo\/portfolio-items\/ana-carucci-2025#webpage","url":"https:\/\/www.binauralmedia.org\/news\/arquivo\/portfolio-items\/ana-carucci-2025","name":"Ana Carucci (2025) - binauralmedia.org","description":"Ana Carucci desenvolveu na aldeia de Ribolhos, de 19 de agosto a 7 de setembro de 2025, um trabalho que entrela\u00e7ou cer\u00e2mica, som e mem\u00f3ria material. A artista argentina, radicada em Espanha, criou objetos cer\u00e2micos que desafiavam a categoriza\u00e7\u00e3o tradicional ao sugerirem utilidade ou a contradizerem-na e, ao faz\u00ea-lo, ativavam um espa\u00e7o po\u00e9tico. A instala\u00e7\u00e3o","inLanguage":"pt-PT","isPartOf":{"@id":"https:\/\/www.binauralmedia.org\/news\/#website"},"breadcrumb":{"@id":"https:\/\/www.binauralmedia.org\/news\/arquivo\/portfolio-items\/ana-carucci-2025#breadcrumblist"},"author":{"@id":"https:\/\/www.binauralmedia.org\/news\/arquivo\/author\/anaferreira#author"},"creator":{"@id":"https:\/\/www.binauralmedia.org\/news\/arquivo\/author\/anaferreira#author"},"image":{"@type":"ImageObject","url":"https:\/\/www.binauralmedia.org\/news\/wp-content\/uploads\/Ana-Carucci-1.jpg","@id":"https:\/\/www.binauralmedia.org\/news\/arquivo\/portfolio-items\/ana-carucci-2025\/#mainImage","width":1200,"height":800},"primaryImageOfPage":{"@id":"https:\/\/www.binauralmedia.org\/news\/arquivo\/portfolio-items\/ana-carucci-2025#mainImage"},"datePublished":"2025-09-07T10:38:52+00:00","dateModified":"2025-12-19T11:54:08+00:00"},{"@type":"WebSite","@id":"https:\/\/www.binauralmedia.org\/news\/#website","url":"https:\/\/www.binauralmedia.org\/news\/","name":"binauralmedia.org","description":"Rural Based Sound\/Media Arts & Social Research","inLanguage":"pt-PT","publisher":{"@id":"https:\/\/www.binauralmedia.org\/news\/#organization"}}]},"og:locale":"pt_PT","og:site_name":"binauralmedia.org - Rural Based Sound\/Media Arts &amp; Social Research","og:type":"article","og:title":"Ana Carucci (2025) - binauralmedia.org","og:description":"Ana Carucci desenvolveu na aldeia de Ribolhos, de 19 de agosto a 7 de setembro de 2025, um trabalho que entrela\u00e7ou cer\u00e2mica, som e mem\u00f3ria material. A artista argentina, radicada em Espanha, criou objetos cer\u00e2micos que desafiavam a categoriza\u00e7\u00e3o tradicional ao sugerirem utilidade ou a contradizerem-na e, ao faz\u00ea-lo, ativavam um espa\u00e7o po\u00e9tico. A instala\u00e7\u00e3o","og:url":"https:\/\/www.binauralmedia.org\/news\/arquivo\/portfolio-items\/ana-carucci-2025","article:published_time":"2025-09-07T10:38:52+00:00","article:modified_time":"2025-12-19T11:54:08+00:00","twitter:card":"summary_large_image","twitter:title":"Ana Carucci (2025) - binauralmedia.org","twitter:description":"Ana Carucci desenvolveu na aldeia de Ribolhos, de 19 de agosto a 7 de setembro de 2025, um trabalho que entrela\u00e7ou cer\u00e2mica, som e mem\u00f3ria material. A artista argentina, radicada em Espanha, criou objetos cer\u00e2micos que desafiavam a categoriza\u00e7\u00e3o tradicional ao sugerirem utilidade ou a contradizerem-na e, ao faz\u00ea-lo, ativavam um espa\u00e7o po\u00e9tico. A instala\u00e7\u00e3o"},"aioseo_meta_data":{"post_id":"24766","title":null,"description":null,"keywords":null,"keyphrases":null,"primary_term":null,"canonical_url":null,"og_title":null,"og_description":null,"og_object_type":"default","og_image_type":"default","og_image_custom_url":null,"og_image_custom_fields":null,"og_image_url":null,"og_image_width":null,"og_image_height":null,"og_video":null,"og_custom_url":null,"og_article_section":null,"og_article_tags":null,"twitter_use_og":false,"twitter_card":"default","twitter_image_type":"default","twitter_image_custom_url":null,"twitter_image_custom_fields":null,"twitter_image_url":null,"twitter_title":null,"twitter_description":null,"schema_type":"default","schema_type_options":null,"schema":{"blockGraphs":[],"customGraphs":[],"default":{"data":{"Article":[],"Course":[],"Dataset":[],"FAQPage":[],"Movie":[],"Person":[],"Product":[],"ProductReview":[],"Car":[],"Recipe":[],"Service":[],"SoftwareApplication":[],"WebPage":[]},"graphName":"","isEnabled":true},"graphs":[]},"pillar_content":false,"robots_default":true,"robots_noindex":false,"robots_noarchive":false,"robots_nosnippet":false,"robots_nofollow":false,"robots_noimageindex":false,"robots_noodp":false,"robots_notranslate":false,"robots_max_snippet":null,"robots_max_videopreview":null,"robots_max_imagepreview":"large","priority":null,"frequency":null,"local_seo":null,"limit_modified_date":false,"ai":null,"breadcrumb_settings":null,"seo_analyzer_scan_date":null,"created":"2026-08-04 23:41:48","updated":"2026-08-04 23:41:48","focus_keyword":null,"additional_keywords":null,"truseo_locale":null},"aioseo_breadcrumb":"<div class=\"aioseo-breadcrumbs\"><span class=\"aioseo-breadcrumb\">\n\t\t\t<a href=\"https:\/\/www.binauralmedia.org\/news\" title=\"Home\">Home<\/a>\n\t\t<\/span><span class=\"aioseo-breadcrumb-separator\">&raquo;<\/span><span class=\"aioseo-breadcrumb\">\n\t\t\t<a href=\"https:\/\/www.binauralmedia.org\/news\/arquivo\/portfolio-items\" title=\"Portfolio\">Portfolio<\/a>\n\t\t<\/span><span class=\"aioseo-breadcrumb-separator\">&raquo;<\/span><span class=\"aioseo-breadcrumb\">\n\t\t\t<a href=\"https:\/\/www.binauralmedia.org\/news\/portfolio_category\/activities\" title=\"Atividades\">Atividades<\/a>\n\t\t<\/span><span class=\"aioseo-breadcrumb-separator\">&raquo;<\/span><span class=\"aioseo-breadcrumb\">\n\t\t\t<a href=\"https:\/\/www.binauralmedia.org\/news\/portfolio_category\/artist-residencies\" title=\"Resid\u00eancias Art\u00edsticas\">Resid\u00eancias Art\u00edsticas<\/a>\n\t\t<\/span><span class=\"aioseo-breadcrumb-separator\">&raquo;<\/span><span class=\"aioseo-breadcrumb\">\n\t\t\tAna Carucci (2025)\n\t\t<\/span><\/div>","aioseo_breadcrumb_json":[{"label":"Home","link":"https:\/\/www.binauralmedia.org\/news"},{"label":"Portfolio","link":"https:\/\/www.binauralmedia.org\/news\/arquivo\/portfolio-items"},{"label":"Atividades","link":"https:\/\/www.binauralmedia.org\/news\/portfolio_category\/activities"},{"label":"Resid\u00eancias Art\u00edsticas","link":"https:\/\/www.binauralmedia.org\/news\/portfolio_category\/artist-residencies"},{"label":"Ana Carucci (2025)","link":"https:\/\/www.binauralmedia.org\/news\/arquivo\/portfolio-items\/ana-carucci-2025"}],"_links":{"self":[{"href":"https:\/\/www.binauralmedia.org\/news\/wp-json\/wp\/v2\/avada_portfolio\/24766","targetHints":{"allow":["GET"]}}],"collection":[{"href":"https:\/\/www.binauralmedia.org\/news\/wp-json\/wp\/v2\/avada_portfolio"}],"about":[{"href":"https:\/\/www.binauralmedia.org\/news\/wp-json\/wp\/v2\/types\/avada_portfolio"}],"author":[{"embeddable":true,"href":"https:\/\/www.binauralmedia.org\/news\/wp-json\/wp\/v2\/users\/13"}],"replies":[{"embeddable":true,"href":"https:\/\/www.binauralmedia.org\/news\/wp-json\/wp\/v2\/comments?post=24766"}],"version-history":[{"count":2,"href":"https:\/\/www.binauralmedia.org\/news\/wp-json\/wp\/v2\/avada_portfolio\/24766\/revisions"}],"predecessor-version":[{"id":24770,"href":"https:\/\/www.binauralmedia.org\/news\/wp-json\/wp\/v2\/avada_portfolio\/24766\/revisions\/24770"}],"wp:featuredmedia":[{"embeddable":true,"href":"https:\/\/www.binauralmedia.org\/news\/wp-json\/wp\/v2\/media\/24768"}],"wp:attachment":[{"href":"https:\/\/www.binauralmedia.org\/news\/wp-json\/wp\/v2\/media?parent=24766"}],"wp:term":[{"taxonomy":"portfolio_category","embeddable":true,"href":"https:\/\/www.binauralmedia.org\/news\/wp-json\/wp\/v2\/portfolio_category?post=24766"},{"taxonomy":"portfolio_skills","embeddable":true,"href":"https:\/\/www.binauralmedia.org\/news\/wp-json\/wp\/v2\/portfolio_skills?post=24766"},{"taxonomy":"portfolio_tags","embeddable":true,"href":"https:\/\/www.binauralmedia.org\/news\/wp-json\/wp\/v2\/portfolio_tags?post=24766"}],"curies":[{"name":"wp","href":"https:\/\/api.w.org\/{rel}","templated":true}]}}