{"id":24736,"date":"2025-07-12T14:52:36","date_gmt":"2025-07-12T14:52:36","guid":{"rendered":"https:\/\/www.binauralmedia.org\/news?post_type=avada_portfolio&#038;p=24736"},"modified":"2026-04-17T16:18:21","modified_gmt":"2026-04-17T16:18:21","slug":"luis-costa-e-sanae-mazouz","status":"publish","type":"avada_portfolio","link":"https:\/\/www.binauralmedia.org\/news\/arquivo\/portfolio-items\/luis-costa-e-sanae-mazouz","title":{"rendered":"Lu\u00eds Costa e Sanae Mazouz"},"content":{"rendered":"<div class=\"fusion-fullwidth fullwidth-box fusion-builder-row-1 fusion-flex-container has-pattern-background has-mask-background nonhundred-percent-fullwidth non-hundred-percent-height-scrolling\" style=\"--awb-border-radius-top-left:0px;--awb-border-radius-top-right:0px;--awb-border-radius-bottom-right:0px;--awb-border-radius-bottom-left:0px;--awb-flex-wrap:wrap;\" ><div class=\"fusion-builder-row fusion-row fusion-flex-align-items-flex-start fusion-flex-content-wrap\" style=\"max-width:1144px;margin-left: calc(-4% \/ 2 );margin-right: calc(-4% \/ 2 );\"><div class=\"fusion-layout-column fusion_builder_column fusion-builder-column-0 fusion_builder_column_1_1 1_1 fusion-flex-column\" style=\"--awb-bg-size:cover;--awb-width-large:100%;--awb-margin-top-large:0px;--awb-spacing-right-large:1.92%;--awb-margin-bottom-large:20px;--awb-spacing-left-large:1.92%;--awb-width-medium:100%;--awb-order-medium:0;--awb-spacing-right-medium:1.92%;--awb-spacing-left-medium:1.92%;--awb-width-small:100%;--awb-order-small:0;--awb-spacing-right-small:1.92%;--awb-spacing-left-small:1.92%;\"><div class=\"fusion-column-wrapper fusion-column-has-shadow fusion-flex-justify-content-flex-start fusion-content-layout-column\"><div class=\"fusion-text fusion-text-1\"><div class=\"x14z9mp xat24cr x1lziwak x1vvkbs xtlvy1s x126k92a\">\n<p>Decorreu entre 30 de junho e 12 de julho, em V\u00e1rzea de Calde, a resid\u00eancia art\u00edstica &#8220;Escutar a Juventude Rural&#8221;, promovida pela Binaural Nodar com o apoio do Munic\u00edpio de Viseu, da Junta de Freguesia de Calde e do espa\u00e7o art\u00edstico italiano Studio Flor\u00ecda. Esta iniciativa esteve integrada no projeto europeu Tramontana, uma rede de estruturas culturais que operam em contexto de montanha, cofinanciada pelo programa Europa Criativa.<\/p>\n<div dir=\"auto\">Durante duas semanas, os artistas Adriana Lopes (Portugal), Leele J\u00fcrjen (Est\u00f3nia), Lu\u00eds Costa (Portugal) e Sanae Mazouz (Marrocos\/It\u00e1lia) desenvolveram projetos art\u00edsticos que refletiram sobre as rela\u00e7\u00f5es entre juventude e os contextos rurais. As propostas partiram de temas como a sociabilidade infantil e juvenil no meio rural, o impacto das transforma\u00e7\u00f5es sociais nas aldeias e o potencial regenerador do contacto com a natureza e com as tradi\u00e7\u00f5es.<\/div>\n<div dir=\"auto\"><\/div>\n<\/div>\n<div class=\"x14z9mp xat24cr x1lziwak x1vvkbs xtlvy1s x126k92a\">\n<div dir=\"auto\">A resid\u00eancia terminou no dia 12 de julho com uma apresenta\u00e7\u00e3o p\u00fablica dos processos art\u00edsticos desenvolvidos, num momento de partilha entre os artistas, a comunidade local e entidades parceiras.<\/div>\n<\/div>\n<\/div><div class=\"fusion-text fusion-text-2\"><div class=\"x14z9mp xat24cr x1lziwak x1vvkbs xtlvy1s x126k92a\">\n<p>Lu\u00eds Costa \u00e9 investigador de doutoramento em cria\u00e7\u00e3o art\u00edstica na Universidade de Aveiro e na Escola Superior de Artes e Design (Caldas da Rainha). Desde 2004, trabalha como curador e programador de pr\u00e1ticas art\u00edsticas contempor\u00e2neas e como artista sonoro e media. \u00c9 fundador e coordenador da Binaural Nodar desde 2006. \u00c9 autor\/editor de doze livros dedicados \u00e0 investiga\u00e7\u00e3o art\u00edstica sonora\/media e \u00e0 etnografia rural. Desde 2007 tem desenvolvido uma intensa atividade de cria\u00e7\u00e3o sonora e audiovisual em contextos rurais, atrav\u00e9s da qual reflete sobre as especificidades e as mudan\u00e7as paisag\u00edsticas, sociais e culturais dos lugares.<\/p>\n<div dir=\"auto\">\n<p>Sanae Mazouz (nascida em 1999, em El Brouj, Marrocos) \u00e9 uma artista multidisciplinar que trabalha principalmente com pintura, fotografia e v\u00eddeo performance. Nascida na regi\u00e3o de Chaouia, em Marrocos, onde viveu at\u00e9 aos nove anos, Sanae migrou para It\u00e1lia para se reunir com o pai. Formada em Qu\u00edmica Industrial no ensino secund\u00e1rio, est\u00e1 a frequentar o \u00faltimo ano do curso de Belas-Artes, com especializa\u00e7\u00e3o em Pintura, na Accademia Ligustica di Belle Arti di Genova, e colaborando regularmente com a organiza\u00e7\u00e3o art\u00edstica Studio Flor\u00ecda, localizada no cora\u00e7\u00e3o da cidade antiga de G\u00e9nova.<\/p>\n<\/div>\n<\/div>\n<\/div><div class=\"fusion-video fusion-vimeo\" style=\"--awb-max-width:600px;--awb-max-height:350px;--awb-align-self:center;--awb-width:100%;\"><div class=\"video-shortcode\"><div class=\"fluid-width-video-wrapper\" style=\"padding-top:58.33%;\" ><iframe title=\"Vimeo video player 1\" src=\"https:\/\/player.vimeo.com\/video\/1102601142?autoplay=0&amp;autopause=0\" width=\"600\" height=\"350\" allowfullscreen allow=\"autoplay; fullscreen\"><\/iframe><\/div><\/div><\/div><\/div><\/div><\/div><\/div>\n","protected":false},"excerpt":{"rendered":"","protected":false},"author":13,"featured_media":24741,"menu_order":0,"comment_status":"closed","ping_status":"closed","template":"","format":"standard","meta":{"_acf_changed":false,"_bbp_topic_count":0,"_bbp_reply_count":0,"_bbp_total_topic_count":0,"_bbp_total_reply_count":0,"_bbp_voice_count":0,"_bbp_anonymous_reply_count":0,"_bbp_topic_count_hidden":0,"_bbp_reply_count_hidden":0,"_bbp_forum_subforum_count":0,"footnotes":""},"portfolio_category":[1557,1229,1155,1145],"portfolio_skills":[],"portfolio_tags":[],"class_list":["post-24736","avada_portfolio","type-avada_portfolio","status-publish","format-standard","has-post-thumbnail","hentry","portfolio_category-1557","portfolio_category-artistas","portfolio_category-activities","portfolio_category-artist-residencies"],"acf":[],"aioseo_notices":[],"aioseo_head":"\n\t\t<!-- All in One SEO 5.0.1.1 - aioseo.com -->\n\t<meta name=\"description\" content=\"Decorreu entre 30 de junho e 12 de julho, em V\u00e1rzea de Calde, a resid\u00eancia art\u00edstica \u201cEscutar a Juventude Rural\u201d, promovida pela Binaural Nodar com o apoio do Munic\u00edpio de Viseu, da Junta de Freguesia de Calde e do espa\u00e7o art\u00edstico italiano Studio Flor\u00ecda. Esta iniciativa esteve integrada no projeto europeu Tramontana, uma rede de\" \/>\n\t<meta name=\"robots\" content=\"max-image-preview:large\" \/>\n\t<meta name=\"author\" content=\"Ana Ferreira\"\/>\n\t<link rel=\"canonical\" href=\"https:\/\/www.binauralmedia.org\/news\/arquivo\/portfolio-items\/luis-costa-e-sanae-mazouz\" \/>\n\t<meta name=\"generator\" content=\"All in One SEO (AIOSEO) 5.0.1.1\" \/>\n\t\t<meta property=\"og:locale\" content=\"pt_PT\" \/>\n\t\t<meta property=\"og:site_name\" content=\"binauralmedia.org - Rural Based Sound\/Media Arts &amp; Social Research\" \/>\n\t\t<meta property=\"og:type\" content=\"article\" \/>\n\t\t<meta property=\"og:title\" content=\"Lu\u00eds Costa e Sanae Mazouz - binauralmedia.org\" \/>\n\t\t<meta property=\"og:description\" content=\"Decorreu entre 30 de junho e 12 de julho, em V\u00e1rzea de Calde, a resid\u00eancia art\u00edstica \u201cEscutar a Juventude Rural\u201d, promovida pela Binaural Nodar com o apoio do Munic\u00edpio de Viseu, da Junta de Freguesia de Calde e do espa\u00e7o art\u00edstico italiano Studio Flor\u00ecda. Esta iniciativa esteve integrada no projeto europeu Tramontana, uma rede de\" \/>\n\t\t<meta property=\"og:url\" content=\"https:\/\/www.binauralmedia.org\/news\/arquivo\/portfolio-items\/luis-costa-e-sanae-mazouz\" \/>\n\t\t<meta property=\"article:published_time\" content=\"2025-07-12T14:52:36+00:00\" \/>\n\t\t<meta property=\"article:modified_time\" content=\"2026-04-17T16:18:21+00:00\" \/>\n\t\t<meta name=\"twitter:card\" content=\"summary_large_image\" \/>\n\t\t<meta name=\"twitter:title\" content=\"Lu\u00eds Costa e Sanae Mazouz - binauralmedia.org\" \/>\n\t\t<meta name=\"twitter:description\" content=\"Decorreu entre 30 de junho e 12 de julho, em V\u00e1rzea de Calde, a resid\u00eancia art\u00edstica \u201cEscutar a Juventude Rural\u201d, promovida pela Binaural Nodar com o apoio do Munic\u00edpio de Viseu, da Junta de Freguesia de Calde e do espa\u00e7o art\u00edstico italiano Studio Flor\u00ecda. Esta iniciativa esteve integrada no projeto europeu Tramontana, uma rede de\" \/>\n\t\t<script type=\"application\/ld+json\" class=\"aioseo-schema\">\n\t\t\t{\"@context\":\"https:\\\/\\\/schema.org\",\"@graph\":[{\"@type\":\"BreadcrumbList\",\"@id\":\"https:\\\/\\\/www.binauralmedia.org\\\/news\\\/arquivo\\\/portfolio-items\\\/luis-costa-e-sanae-mazouz#breadcrumblist\",\"itemListElement\":[{\"@type\":\"ListItem\",\"@id\":\"https:\\\/\\\/www.binauralmedia.org\\\/news#listItem\",\"position\":1,\"name\":\"Home\",\"item\":\"https:\\\/\\\/www.binauralmedia.org\\\/news\",\"nextItem\":{\"@type\":\"ListItem\",\"@id\":\"https:\\\/\\\/www.binauralmedia.org\\\/news\\\/arquivo\\\/portfolio-items#listItem\",\"name\":\"Portfolio\"}},{\"@type\":\"ListItem\",\"@id\":\"https:\\\/\\\/www.binauralmedia.org\\\/news\\\/arquivo\\\/portfolio-items#listItem\",\"position\":2,\"name\":\"Portfolio\",\"item\":\"https:\\\/\\\/www.binauralmedia.org\\\/news\\\/arquivo\\\/portfolio-items\",\"nextItem\":{\"@type\":\"ListItem\",\"@id\":\"https:\\\/\\\/www.binauralmedia.org\\\/news\\\/portfolio_category\\\/activities#listItem\",\"name\":\"Atividades\"},\"previousItem\":{\"@type\":\"ListItem\",\"@id\":\"https:\\\/\\\/www.binauralmedia.org\\\/news#listItem\",\"name\":\"Home\"}},{\"@type\":\"ListItem\",\"@id\":\"https:\\\/\\\/www.binauralmedia.org\\\/news\\\/portfolio_category\\\/activities#listItem\",\"position\":3,\"name\":\"Atividades\",\"item\":\"https:\\\/\\\/www.binauralmedia.org\\\/news\\\/portfolio_category\\\/activities\",\"nextItem\":{\"@type\":\"ListItem\",\"@id\":\"https:\\\/\\\/www.binauralmedia.org\\\/news\\\/portfolio_category\\\/artist-residencies#listItem\",\"name\":\"Resid\\u00eancias Art\\u00edsticas\"},\"previousItem\":{\"@type\":\"ListItem\",\"@id\":\"https:\\\/\\\/www.binauralmedia.org\\\/news\\\/arquivo\\\/portfolio-items#listItem\",\"name\":\"Portfolio\"}},{\"@type\":\"ListItem\",\"@id\":\"https:\\\/\\\/www.binauralmedia.org\\\/news\\\/portfolio_category\\\/artist-residencies#listItem\",\"position\":4,\"name\":\"Resid\\u00eancias Art\\u00edsticas\",\"item\":\"https:\\\/\\\/www.binauralmedia.org\\\/news\\\/portfolio_category\\\/artist-residencies\",\"nextItem\":{\"@type\":\"ListItem\",\"@id\":\"https:\\\/\\\/www.binauralmedia.org\\\/news\\\/arquivo\\\/portfolio-items\\\/luis-costa-e-sanae-mazouz#listItem\",\"name\":\"Lu\\u00eds Costa e Sanae Mazouz\"},\"previousItem\":{\"@type\":\"ListItem\",\"@id\":\"https:\\\/\\\/www.binauralmedia.org\\\/news\\\/portfolio_category\\\/activities#listItem\",\"name\":\"Atividades\"}},{\"@type\":\"ListItem\",\"@id\":\"https:\\\/\\\/www.binauralmedia.org\\\/news\\\/arquivo\\\/portfolio-items\\\/luis-costa-e-sanae-mazouz#listItem\",\"position\":5,\"name\":\"Lu\\u00eds Costa e Sanae Mazouz\",\"previousItem\":{\"@type\":\"ListItem\",\"@id\":\"https:\\\/\\\/www.binauralmedia.org\\\/news\\\/portfolio_category\\\/artist-residencies#listItem\",\"name\":\"Resid\\u00eancias Art\\u00edsticas\"}}]},{\"@type\":\"Organization\",\"@id\":\"https:\\\/\\\/www.binauralmedia.org\\\/news\\\/#organization\",\"name\":\"binauralmedia.org\",\"description\":\"Rural Based Sound\\\/Media Arts & Social Research\",\"url\":\"https:\\\/\\\/www.binauralmedia.org\\\/news\\\/\"},{\"@type\":\"Person\",\"@id\":\"https:\\\/\\\/www.binauralmedia.org\\\/news\\\/arquivo\\\/author\\\/anaferreira#author\",\"url\":\"https:\\\/\\\/www.binauralmedia.org\\\/news\\\/arquivo\\\/author\\\/anaferreira\",\"name\":\"Ana Ferreira\"},{\"@type\":\"WebPage\",\"@id\":\"https:\\\/\\\/www.binauralmedia.org\\\/news\\\/arquivo\\\/portfolio-items\\\/luis-costa-e-sanae-mazouz#webpage\",\"url\":\"https:\\\/\\\/www.binauralmedia.org\\\/news\\\/arquivo\\\/portfolio-items\\\/luis-costa-e-sanae-mazouz\",\"name\":\"Lu\\u00eds Costa e Sanae Mazouz - binauralmedia.org\",\"description\":\"Decorreu entre 30 de junho e 12 de julho, em V\\u00e1rzea de Calde, a resid\\u00eancia art\\u00edstica \\u201cEscutar a Juventude Rural\\u201d, promovida pela Binaural Nodar com o apoio do Munic\\u00edpio de Viseu, da Junta de Freguesia de Calde e do espa\\u00e7o art\\u00edstico italiano Studio Flor\\u00ecda. Esta iniciativa esteve integrada no projeto europeu Tramontana, uma rede de\",\"inLanguage\":\"pt-PT\",\"isPartOf\":{\"@id\":\"https:\\\/\\\/www.binauralmedia.org\\\/news\\\/#website\"},\"breadcrumb\":{\"@id\":\"https:\\\/\\\/www.binauralmedia.org\\\/news\\\/arquivo\\\/portfolio-items\\\/luis-costa-e-sanae-mazouz#breadcrumblist\"},\"author\":{\"@id\":\"https:\\\/\\\/www.binauralmedia.org\\\/news\\\/arquivo\\\/author\\\/anaferreira#author\"},\"creator\":{\"@id\":\"https:\\\/\\\/www.binauralmedia.org\\\/news\\\/arquivo\\\/author\\\/anaferreira#author\"},\"image\":{\"@type\":\"ImageObject\",\"url\":\"https:\\\/\\\/www.binauralmedia.org\\\/news\\\/wp-content\\\/uploads\\\/Adriana-Lopes-Leele-Jurjen-Luis-Costa-e-Sanae-Mazouz.jpg\",\"@id\":\"https:\\\/\\\/www.binauralmedia.org\\\/news\\\/arquivo\\\/portfolio-items\\\/luis-costa-e-sanae-mazouz\\\/#mainImage\",\"width\":1200,\"height\":800},\"primaryImageOfPage\":{\"@id\":\"https:\\\/\\\/www.binauralmedia.org\\\/news\\\/arquivo\\\/portfolio-items\\\/luis-costa-e-sanae-mazouz#mainImage\"},\"datePublished\":\"2025-07-12T14:52:36+00:00\",\"dateModified\":\"2026-04-17T16:18:21+00:00\"},{\"@type\":\"WebSite\",\"@id\":\"https:\\\/\\\/www.binauralmedia.org\\\/news\\\/#website\",\"url\":\"https:\\\/\\\/www.binauralmedia.org\\\/news\\\/\",\"name\":\"binauralmedia.org\",\"description\":\"Rural Based Sound\\\/Media Arts & Social Research\",\"inLanguage\":\"pt-PT\",\"publisher\":{\"@id\":\"https:\\\/\\\/www.binauralmedia.org\\\/news\\\/#organization\"}}]}\n\t\t<\/script>\n\t\t<!-- All in One SEO -->\n\n","aioseo_head_json":{"title":"Lu\u00eds Costa e Sanae Mazouz - binauralmedia.org","description":"Decorreu entre 30 de junho e 12 de julho, em V\u00e1rzea de Calde, a resid\u00eancia art\u00edstica \u201cEscutar a Juventude Rural\u201d, promovida pela Binaural Nodar com o apoio do Munic\u00edpio de Viseu, da Junta de Freguesia de Calde e do espa\u00e7o art\u00edstico italiano Studio Flor\u00ecda. Esta iniciativa esteve integrada no projeto europeu Tramontana, uma rede de","canonical_url":"https:\/\/www.binauralmedia.org\/news\/arquivo\/portfolio-items\/luis-costa-e-sanae-mazouz","robots":"max-image-preview:large","keywords":"","webmasterTools":{"miscellaneous":""},"schema":{"@context":"https:\/\/schema.org","@graph":[{"@type":"BreadcrumbList","@id":"https:\/\/www.binauralmedia.org\/news\/arquivo\/portfolio-items\/luis-costa-e-sanae-mazouz#breadcrumblist","itemListElement":[{"@type":"ListItem","@id":"https:\/\/www.binauralmedia.org\/news#listItem","position":1,"name":"Home","item":"https:\/\/www.binauralmedia.org\/news","nextItem":{"@type":"ListItem","@id":"https:\/\/www.binauralmedia.org\/news\/arquivo\/portfolio-items#listItem","name":"Portfolio"}},{"@type":"ListItem","@id":"https:\/\/www.binauralmedia.org\/news\/arquivo\/portfolio-items#listItem","position":2,"name":"Portfolio","item":"https:\/\/www.binauralmedia.org\/news\/arquivo\/portfolio-items","nextItem":{"@type":"ListItem","@id":"https:\/\/www.binauralmedia.org\/news\/portfolio_category\/activities#listItem","name":"Atividades"},"previousItem":{"@type":"ListItem","@id":"https:\/\/www.binauralmedia.org\/news#listItem","name":"Home"}},{"@type":"ListItem","@id":"https:\/\/www.binauralmedia.org\/news\/portfolio_category\/activities#listItem","position":3,"name":"Atividades","item":"https:\/\/www.binauralmedia.org\/news\/portfolio_category\/activities","nextItem":{"@type":"ListItem","@id":"https:\/\/www.binauralmedia.org\/news\/portfolio_category\/artist-residencies#listItem","name":"Resid\u00eancias Art\u00edsticas"},"previousItem":{"@type":"ListItem","@id":"https:\/\/www.binauralmedia.org\/news\/arquivo\/portfolio-items#listItem","name":"Portfolio"}},{"@type":"ListItem","@id":"https:\/\/www.binauralmedia.org\/news\/portfolio_category\/artist-residencies#listItem","position":4,"name":"Resid\u00eancias Art\u00edsticas","item":"https:\/\/www.binauralmedia.org\/news\/portfolio_category\/artist-residencies","nextItem":{"@type":"ListItem","@id":"https:\/\/www.binauralmedia.org\/news\/arquivo\/portfolio-items\/luis-costa-e-sanae-mazouz#listItem","name":"Lu\u00eds Costa e Sanae Mazouz"},"previousItem":{"@type":"ListItem","@id":"https:\/\/www.binauralmedia.org\/news\/portfolio_category\/activities#listItem","name":"Atividades"}},{"@type":"ListItem","@id":"https:\/\/www.binauralmedia.org\/news\/arquivo\/portfolio-items\/luis-costa-e-sanae-mazouz#listItem","position":5,"name":"Lu\u00eds Costa e Sanae Mazouz","previousItem":{"@type":"ListItem","@id":"https:\/\/www.binauralmedia.org\/news\/portfolio_category\/artist-residencies#listItem","name":"Resid\u00eancias Art\u00edsticas"}}]},{"@type":"Organization","@id":"https:\/\/www.binauralmedia.org\/news\/#organization","name":"binauralmedia.org","description":"Rural Based Sound\/Media Arts & Social Research","url":"https:\/\/www.binauralmedia.org\/news\/"},{"@type":"Person","@id":"https:\/\/www.binauralmedia.org\/news\/arquivo\/author\/anaferreira#author","url":"https:\/\/www.binauralmedia.org\/news\/arquivo\/author\/anaferreira","name":"Ana Ferreira"},{"@type":"WebPage","@id":"https:\/\/www.binauralmedia.org\/news\/arquivo\/portfolio-items\/luis-costa-e-sanae-mazouz#webpage","url":"https:\/\/www.binauralmedia.org\/news\/arquivo\/portfolio-items\/luis-costa-e-sanae-mazouz","name":"Lu\u00eds Costa e Sanae Mazouz - binauralmedia.org","description":"Decorreu entre 30 de junho e 12 de julho, em V\u00e1rzea de Calde, a resid\u00eancia art\u00edstica \u201cEscutar a Juventude Rural\u201d, promovida pela Binaural Nodar com o apoio do Munic\u00edpio de Viseu, da Junta de Freguesia de Calde e do espa\u00e7o art\u00edstico italiano Studio Flor\u00ecda. Esta iniciativa esteve integrada no projeto europeu Tramontana, uma rede de","inLanguage":"pt-PT","isPartOf":{"@id":"https:\/\/www.binauralmedia.org\/news\/#website"},"breadcrumb":{"@id":"https:\/\/www.binauralmedia.org\/news\/arquivo\/portfolio-items\/luis-costa-e-sanae-mazouz#breadcrumblist"},"author":{"@id":"https:\/\/www.binauralmedia.org\/news\/arquivo\/author\/anaferreira#author"},"creator":{"@id":"https:\/\/www.binauralmedia.org\/news\/arquivo\/author\/anaferreira#author"},"image":{"@type":"ImageObject","url":"https:\/\/www.binauralmedia.org\/news\/wp-content\/uploads\/Adriana-Lopes-Leele-Jurjen-Luis-Costa-e-Sanae-Mazouz.jpg","@id":"https:\/\/www.binauralmedia.org\/news\/arquivo\/portfolio-items\/luis-costa-e-sanae-mazouz\/#mainImage","width":1200,"height":800},"primaryImageOfPage":{"@id":"https:\/\/www.binauralmedia.org\/news\/arquivo\/portfolio-items\/luis-costa-e-sanae-mazouz#mainImage"},"datePublished":"2025-07-12T14:52:36+00:00","dateModified":"2026-04-17T16:18:21+00:00"},{"@type":"WebSite","@id":"https:\/\/www.binauralmedia.org\/news\/#website","url":"https:\/\/www.binauralmedia.org\/news\/","name":"binauralmedia.org","description":"Rural Based Sound\/Media Arts & Social Research","inLanguage":"pt-PT","publisher":{"@id":"https:\/\/www.binauralmedia.org\/news\/#organization"}}]},"og:locale":"pt_PT","og:site_name":"binauralmedia.org - Rural Based Sound\/Media Arts &amp; Social Research","og:type":"article","og:title":"Lu\u00eds Costa e Sanae Mazouz - binauralmedia.org","og:description":"Decorreu entre 30 de junho e 12 de julho, em V\u00e1rzea de Calde, a resid\u00eancia art\u00edstica \u201cEscutar a Juventude Rural\u201d, promovida pela Binaural Nodar com o apoio do Munic\u00edpio de Viseu, da Junta de Freguesia de Calde e do espa\u00e7o art\u00edstico italiano Studio Flor\u00ecda. Esta iniciativa esteve integrada no projeto europeu Tramontana, uma rede de","og:url":"https:\/\/www.binauralmedia.org\/news\/arquivo\/portfolio-items\/luis-costa-e-sanae-mazouz","article:published_time":"2025-07-12T14:52:36+00:00","article:modified_time":"2026-04-17T16:18:21+00:00","twitter:card":"summary_large_image","twitter:title":"Lu\u00eds Costa e Sanae Mazouz - binauralmedia.org","twitter:description":"Decorreu entre 30 de junho e 12 de julho, em V\u00e1rzea de Calde, a resid\u00eancia art\u00edstica \u201cEscutar a Juventude Rural\u201d, promovida pela Binaural Nodar com o apoio do Munic\u00edpio de Viseu, da Junta de Freguesia de Calde e do espa\u00e7o art\u00edstico italiano Studio Flor\u00ecda. Esta iniciativa esteve integrada no projeto europeu Tramontana, uma rede de"},"aioseo_meta_data":{"post_id":"24736","title":null,"description":null,"keywords":null,"keyphrases":null,"primary_term":null,"canonical_url":null,"og_title":null,"og_description":null,"og_object_type":"default","og_image_type":"default","og_image_custom_url":null,"og_image_custom_fields":null,"og_image_url":null,"og_image_width":null,"og_image_height":null,"og_video":null,"og_custom_url":null,"og_article_section":null,"og_article_tags":null,"twitter_use_og":false,"twitter_card":"default","twitter_image_type":"default","twitter_image_custom_url":null,"twitter_image_custom_fields":null,"twitter_image_url":null,"twitter_title":null,"twitter_description":null,"schema_type":"default","schema_type_options":null,"schema":{"blockGraphs":[],"customGraphs":[],"default":{"data":{"Article":[],"Course":[],"Dataset":[],"FAQPage":[],"Movie":[],"Person":[],"Product":[],"ProductReview":[],"Car":[],"Recipe":[],"Service":[],"SoftwareApplication":[],"WebPage":[]},"graphName":"","isEnabled":true},"graphs":[]},"pillar_content":false,"robots_default":true,"robots_noindex":false,"robots_noarchive":false,"robots_nosnippet":false,"robots_nofollow":false,"robots_noimageindex":false,"robots_noodp":false,"robots_notranslate":false,"robots_max_snippet":null,"robots_max_videopreview":null,"robots_max_imagepreview":"large","priority":null,"frequency":null,"local_seo":null,"limit_modified_date":false,"ai":null,"breadcrumb_settings":null,"seo_analyzer_scan_date":null,"created":"2026-08-04 23:40:28","updated":"2026-08-04 23:40:28","focus_keyword":null,"additional_keywords":null,"truseo_locale":null},"aioseo_breadcrumb":"<div class=\"aioseo-breadcrumbs\"><span class=\"aioseo-breadcrumb\">\n\t\t\t<a href=\"https:\/\/www.binauralmedia.org\/news\" title=\"Home\">Home<\/a>\n\t\t<\/span><span class=\"aioseo-breadcrumb-separator\">&raquo;<\/span><span class=\"aioseo-breadcrumb\">\n\t\t\t<a href=\"https:\/\/www.binauralmedia.org\/news\/arquivo\/portfolio-items\" title=\"Portfolio\">Portfolio<\/a>\n\t\t<\/span><span class=\"aioseo-breadcrumb-separator\">&raquo;<\/span><span class=\"aioseo-breadcrumb\">\n\t\t\t<a href=\"https:\/\/www.binauralmedia.org\/news\/portfolio_category\/activities\" title=\"Atividades\">Atividades<\/a>\n\t\t<\/span><span class=\"aioseo-breadcrumb-separator\">&raquo;<\/span><span class=\"aioseo-breadcrumb\">\n\t\t\t<a href=\"https:\/\/www.binauralmedia.org\/news\/portfolio_category\/artist-residencies\" title=\"Resid\u00eancias Art\u00edsticas\">Resid\u00eancias Art\u00edsticas<\/a>\n\t\t<\/span><span class=\"aioseo-breadcrumb-separator\">&raquo;<\/span><span class=\"aioseo-breadcrumb\">\n\t\t\tLu\u00eds Costa e Sanae Mazouz\n\t\t<\/span><\/div>","aioseo_breadcrumb_json":[{"label":"Home","link":"https:\/\/www.binauralmedia.org\/news"},{"label":"Portfolio","link":"https:\/\/www.binauralmedia.org\/news\/arquivo\/portfolio-items"},{"label":"Atividades","link":"https:\/\/www.binauralmedia.org\/news\/portfolio_category\/activities"},{"label":"Resid\u00eancias Art\u00edsticas","link":"https:\/\/www.binauralmedia.org\/news\/portfolio_category\/artist-residencies"},{"label":"Lu\u00eds Costa e Sanae Mazouz","link":"https:\/\/www.binauralmedia.org\/news\/arquivo\/portfolio-items\/luis-costa-e-sanae-mazouz"}],"_links":{"self":[{"href":"https:\/\/www.binauralmedia.org\/news\/wp-json\/wp\/v2\/avada_portfolio\/24736","targetHints":{"allow":["GET"]}}],"collection":[{"href":"https:\/\/www.binauralmedia.org\/news\/wp-json\/wp\/v2\/avada_portfolio"}],"about":[{"href":"https:\/\/www.binauralmedia.org\/news\/wp-json\/wp\/v2\/types\/avada_portfolio"}],"author":[{"embeddable":true,"href":"https:\/\/www.binauralmedia.org\/news\/wp-json\/wp\/v2\/users\/13"}],"replies":[{"embeddable":true,"href":"https:\/\/www.binauralmedia.org\/news\/wp-json\/wp\/v2\/comments?post=24736"}],"version-history":[{"count":5,"href":"https:\/\/www.binauralmedia.org\/news\/wp-json\/wp\/v2\/avada_portfolio\/24736\/revisions"}],"predecessor-version":[{"id":25187,"href":"https:\/\/www.binauralmedia.org\/news\/wp-json\/wp\/v2\/avada_portfolio\/24736\/revisions\/25187"}],"wp:featuredmedia":[{"embeddable":true,"href":"https:\/\/www.binauralmedia.org\/news\/wp-json\/wp\/v2\/media\/24741"}],"wp:attachment":[{"href":"https:\/\/www.binauralmedia.org\/news\/wp-json\/wp\/v2\/media?parent=24736"}],"wp:term":[{"taxonomy":"portfolio_category","embeddable":true,"href":"https:\/\/www.binauralmedia.org\/news\/wp-json\/wp\/v2\/portfolio_category?post=24736"},{"taxonomy":"portfolio_skills","embeddable":true,"href":"https:\/\/www.binauralmedia.org\/news\/wp-json\/wp\/v2\/portfolio_skills?post=24736"},{"taxonomy":"portfolio_tags","embeddable":true,"href":"https:\/\/www.binauralmedia.org\/news\/wp-json\/wp\/v2\/portfolio_tags?post=24736"}],"curies":[{"name":"wp","href":"https:\/\/api.w.org\/{rel}","templated":true}]}}