{"id":23020,"date":"2021-08-31T16:44:37","date_gmt":"2021-08-31T16:44:37","guid":{"rendered":"https:\/\/www.binauralmedia.org\/news?post_type=avada_portfolio&#038;p=23020"},"modified":"2025-02-21T14:33:02","modified_gmt":"2025-02-21T14:33:02","slug":"nodar-23","status":"publish","type":"avada_portfolio","link":"https:\/\/www.binauralmedia.org\/news\/arquivo\/portfolio-items\/nodar-23","title":{"rendered":"V\u00e1rzea de Calde: A Ancestral Vibra\u00e7\u00e3o do Linho"},"content":{"rendered":"<div class=\"fusion-fullwidth fullwidth-box fusion-builder-row-1 fusion-flex-container nonhundred-percent-fullwidth non-hundred-percent-height-scrolling\" style=\"--awb-border-radius-top-left:0px;--awb-border-radius-top-right:0px;--awb-border-radius-bottom-right:0px;--awb-border-radius-bottom-left:0px;--awb-flex-wrap:wrap;\" ><div class=\"fusion-builder-row fusion-row fusion-flex-align-items-flex-start fusion-flex-content-wrap\" style=\"max-width:1144px;margin-left: calc(-4% \/ 2 );margin-right: calc(-4% \/ 2 );\"><div class=\"fusion-layout-column fusion_builder_column fusion-builder-column-0 fusion_builder_column_1_1 1_1 fusion-flex-column\" style=\"--awb-bg-size:cover;--awb-width-large:100%;--awb-margin-top-large:0px;--awb-spacing-right-large:1.92%;--awb-margin-bottom-large:0px;--awb-spacing-left-large:1.92%;--awb-width-medium:100%;--awb-spacing-right-medium:1.92%;--awb-spacing-left-medium:1.92%;--awb-width-small:100%;--awb-spacing-right-small:1.92%;--awb-spacing-left-small:1.92%;\"><div class=\"fusion-column-wrapper fusion-flex-justify-content-flex-start fusion-content-layout-column\"><div class=\"fusion-image-element\" style=\"--awb-aspect-ratio:5 \/ 4;--awb-margin-bottom:3%;--awb-caption-title-font-family:var(--h2_typography-font-family);--awb-caption-title-font-weight:var(--h2_typography-font-weight);--awb-caption-title-font-style:var(--h2_typography-font-style);--awb-caption-title-size:var(--h2_typography-font-size);--awb-caption-title-transform:var(--h2_typography-text-transform);--awb-caption-title-line-height:var(--h2_typography-line-height);--awb-caption-title-letter-spacing:var(--h2_typography-letter-spacing);\"><span class=\" fusion-imageframe imageframe-none imageframe-1 hover-type-none has-aspect-ratio\"><img decoding=\"async\" width=\"450\" height=\"300\" title=\"A Ancestral Vibra\u00e7\u00e3o do Linho\" src=\"https:\/\/www.binauralmedia.org\/news\/wp-content\/uploads\/A-Ancestral-Vibracao-do-Linho.png\" data-orig-src=\"https:\/\/www.binauralmedia.org\/news\/wp-content\/uploads\/A-Ancestral-Vibracao-do-Linho-450x300.png\" class=\"lazyload img-responsive wp-image-22983 img-with-aspect-ratio\" data-parent-fit=\"cover\" data-parent-container=\".fusion-image-element\" alt srcset=\"data:image\/svg+xml,%3Csvg%20xmlns%3D%27http%3A%2F%2Fwww.w3.org%2F2000%2Fsvg%27%20width%3D%271200%27%20height%3D%27800%27%20viewBox%3D%270%200%201200%20800%27%3E%3Crect%20width%3D%271200%27%20height%3D%27800%27%20fill-opacity%3D%220%22%2F%3E%3C%2Fsvg%3E\" data-srcset=\"https:\/\/www.binauralmedia.org\/news\/wp-content\/uploads\/A-Ancestral-Vibracao-do-Linho-200x133.png 200w, https:\/\/www.binauralmedia.org\/news\/wp-content\/uploads\/A-Ancestral-Vibracao-do-Linho-400x267.png 400w, https:\/\/www.binauralmedia.org\/news\/wp-content\/uploads\/A-Ancestral-Vibracao-do-Linho-600x400.png 600w, https:\/\/www.binauralmedia.org\/news\/wp-content\/uploads\/A-Ancestral-Vibracao-do-Linho-800x533.png 800w, https:\/\/www.binauralmedia.org\/news\/wp-content\/uploads\/A-Ancestral-Vibracao-do-Linho.png 1200w\" data-sizes=\"auto\" data-orig-sizes=\"(max-width: 1024px) 100vw, (max-width: 640px) 100vw, 450px\" \/><\/span><\/div><div class=\"fusion-text fusion-text-1\"><p>Autor: Lu\u00eds Costa<br \/>\nN\u00famero de Cat\u00e1logo: Edi\u00e7\u00f5es Nodar, nodar.023<\/p>\n<p>At\u00e9 h\u00e1 meio s\u00e9culo atr\u00e1s, n\u00e3o existia aldeia beir\u00e3 onde n\u00e3o fosse cultivado o linho. O cultivo do linho respondia \u00e0s necessidades ancestrais de abrigo, prote\u00e7\u00e3o e conforto do corpo (roupas de vestir ou de cama), sendo que o mesmo existia, tal como acontecia com as restantes produ\u00e7\u00f5es agr\u00edcolas e pecu\u00e1rias, no contexto de uma economia de auto-subsist\u00eancia, na qual a maioria da produ\u00e7\u00e3o de tecidos era para o uso da fam\u00edlia, sendo igualmente comum que o trabalho (por exemplo, fiar ou tecer) ou o produto final (os tecidos) pudesse ser trocado por outros trabalhos ou bens, ou ainda, que os excedentes fossem vendidos nas feiras que existiam nas aldeias ou vilas principais da regi\u00e3o.<\/p>\n<p>A Binaural Nodar iniciou em 2015 uma longa investiga\u00e7\u00e3o sobre o ciclo do linho na aldeia de V\u00e1rzea de Calde (freguesia de Calde, munic\u00edpio de Viseu), em estreita colabora\u00e7\u00e3o com o Museu do Linho de V\u00e1rzea de Calde. Como resultado dessa investiga\u00e7\u00e3o, co-financiada simultaneamente pelo Programa Viseu Cultura do Munic\u00edpio de Viseu e pelo Programa Europa Criativa (rede Tramontana), foi publicado o livro bil\u00edngue (portugu\u00eas e ingl\u00eas) \u201cV\u00e1rzea de Calde: Uma aldeia tecida a linho\u201d, foi lan\u00e7ado o CD \u201cCancioneiro do linho e da vida rural\u201d do Grupo Etnogr\u00e1fico de V\u00e1rzea de Calde e foram efetuados dezenas de registos sonoros e audiovisuais, os quais fazem agora parte do Arquivo Digital Binaural Nodar.<\/p>\n<p>Tendo em conta a riqueza sonora e pl\u00e1stica do ciclo do linho, a Binaural Nodar concebeu em 2021 vinte postais sonoros e visuais, intitulados \u201cA ancestral vibra\u00e7\u00e3o do linho\u201d e correspondentes a cada fase do ciclo do linho: lavrar, semear, arrancar, ripar, aguar, ma\u00e7ar, tascar, sedar, fiar, ensarilhar, cozer, desemborralhar, lavar, embarrelar, corar, dobar, urdir, montar, encher e tecer.<\/p>\n<p>Esta cole\u00e7\u00e3o de postais teve desenho gr\u00e1fico de Liliana Silva e composi\u00e7\u00e3o sonora de Lu\u00eds Costa, sendo co-financiada pelo Munic\u00edpio de Viseu, atrav\u00e9s do Programa Viseu Cultura e pela Dire\u00e7\u00e3o-Geral das Artes.<\/p>\n<p><iframe src=\"https:\/\/w.soundcloud.com\/player\/?url=https%3A\/\/api.soundcloud.com\/playlists\/1356877822&amp;color=%23ff5500&amp;auto_play=false&amp;hide_related=false&amp;show_comments=true&amp;show_user=true&amp;show_reposts=false&amp;show_teaser=true\" width=\"100%\" height=\"450\" frameborder=\"no\" scrolling=\"no\"><\/iframe><\/p>\n<div style=\"font-size: 10px; color: #cccccc; line-break: anywhere; word-break: normal; overflow: hidden; white-space: nowrap; text-overflow: ellipsis; font-family: Interstate,Lucida Grande,Lucida Sans Unicode,Lucida Sans,Garuda,Verdana,Tahoma,sans-serif; font-weight: 100;\"><a style=\"color: #cccccc; text-decoration: none;\" title=\"binauralmedia\" href=\"https:\/\/soundcloud.com\/binauralmedia\" target=\"_blank\" rel=\"noopener\">binauralmedia<\/a> \u00b7 <a style=\"color: #cccccc; text-decoration: none;\" title=\"V\u00e1rzea de Calde: A Ancestral Vibra\u00e7\u00e3o do Linho\" href=\"https:\/\/soundcloud.com\/binauralmedia\/sets\/varzea-de-calde-a-ancestral-vibracao-do-linho\" target=\"_blank\" rel=\"noopener\">V\u00e1rzea de Calde: A Ancestral Vibra\u00e7\u00e3o do Linho<\/a><\/div>\n<\/div><\/div><\/div><\/div><\/div>\n","protected":false},"excerpt":{"rendered":"","protected":false},"author":8,"featured_media":22984,"menu_order":0,"comment_status":"closed","ping_status":"closed","template":"","format":"audio","meta":{"_acf_changed":false,"_bbp_topic_count":0,"_bbp_reply_count":0,"_bbp_total_topic_count":0,"_bbp_total_reply_count":0,"_bbp_voice_count":0,"_bbp_anonymous_reply_count":0,"_bbp_topic_count_hidden":0,"_bbp_reply_count_hidden":0,"_bbp_forum_subforum_count":0,"footnotes":""},"portfolio_category":[620],"portfolio_skills":[],"portfolio_tags":[],"class_list":["post-23020","avada_portfolio","type-avada_portfolio","status-publish","format-audio","has-post-thumbnail","hentry","portfolio_category-publications"],"acf":[],"aioseo_notices":[],"aioseo_head":"\n\t\t<!-- All in One SEO 5.0.1.1 - aioseo.com -->\n\t<meta name=\"description\" content=\"Autor: Lu\u00eds Costa N\u00famero de Cat\u00e1logo: Edi\u00e7\u00f5es Nodar, nodar.023 At\u00e9 h\u00e1 meio s\u00e9culo atr\u00e1s, n\u00e3o existia aldeia beir\u00e3 onde n\u00e3o fosse cultivado o linho. O cultivo do linho respondia \u00e0s necessidades ancestrais de abrigo, prote\u00e7\u00e3o e conforto do corpo (roupas de vestir ou de cama), sendo que o mesmo existia, tal como acontecia com as\" \/>\n\t<meta name=\"robots\" content=\"max-image-preview:large\" \/>\n\t<meta name=\"author\" content=\"Nely Ferreira\"\/>\n\t<link rel=\"canonical\" href=\"https:\/\/www.binauralmedia.org\/news\/arquivo\/portfolio-items\/nodar-23\" \/>\n\t<meta name=\"generator\" content=\"All in One SEO (AIOSEO) 5.0.1.1\" \/>\n\t\t<meta property=\"og:locale\" content=\"pt_PT\" \/>\n\t\t<meta property=\"og:site_name\" content=\"binauralmedia.org - Rural Based Sound\/Media Arts &amp; Social Research\" \/>\n\t\t<meta property=\"og:type\" content=\"article\" \/>\n\t\t<meta property=\"og:title\" content=\"V\u00e1rzea de Calde: A Ancestral Vibra\u00e7\u00e3o do Linho - binauralmedia.org\" \/>\n\t\t<meta property=\"og:description\" content=\"Autor: Lu\u00eds Costa N\u00famero de Cat\u00e1logo: Edi\u00e7\u00f5es Nodar, nodar.023 At\u00e9 h\u00e1 meio s\u00e9culo atr\u00e1s, n\u00e3o existia aldeia beir\u00e3 onde n\u00e3o fosse cultivado o linho. O cultivo do linho respondia \u00e0s necessidades ancestrais de abrigo, prote\u00e7\u00e3o e conforto do corpo (roupas de vestir ou de cama), sendo que o mesmo existia, tal como acontecia com as\" \/>\n\t\t<meta property=\"og:url\" content=\"https:\/\/www.binauralmedia.org\/news\/arquivo\/portfolio-items\/nodar-23\" \/>\n\t\t<meta property=\"article:published_time\" content=\"2021-08-31T16:44:37+00:00\" \/>\n\t\t<meta property=\"article:modified_time\" content=\"2025-02-21T14:33:02+00:00\" \/>\n\t\t<meta name=\"twitter:card\" content=\"summary_large_image\" \/>\n\t\t<meta name=\"twitter:title\" content=\"V\u00e1rzea de Calde: A Ancestral Vibra\u00e7\u00e3o do Linho - binauralmedia.org\" \/>\n\t\t<meta name=\"twitter:description\" content=\"Autor: Lu\u00eds Costa N\u00famero de Cat\u00e1logo: Edi\u00e7\u00f5es Nodar, nodar.023 At\u00e9 h\u00e1 meio s\u00e9culo atr\u00e1s, n\u00e3o existia aldeia beir\u00e3 onde n\u00e3o fosse cultivado o linho. O cultivo do linho respondia \u00e0s necessidades ancestrais de abrigo, prote\u00e7\u00e3o e conforto do corpo (roupas de vestir ou de cama), sendo que o mesmo existia, tal como acontecia com as\" \/>\n\t\t<script type=\"application\/ld+json\" class=\"aioseo-schema\">\n\t\t\t{\"@context\":\"https:\\\/\\\/schema.org\",\"@graph\":[{\"@type\":\"BreadcrumbList\",\"@id\":\"https:\\\/\\\/www.binauralmedia.org\\\/news\\\/arquivo\\\/portfolio-items\\\/nodar-23#breadcrumblist\",\"itemListElement\":[{\"@type\":\"ListItem\",\"@id\":\"https:\\\/\\\/www.binauralmedia.org\\\/news#listItem\",\"position\":1,\"name\":\"Home\",\"item\":\"https:\\\/\\\/www.binauralmedia.org\\\/news\",\"nextItem\":{\"@type\":\"ListItem\",\"@id\":\"https:\\\/\\\/www.binauralmedia.org\\\/news\\\/arquivo\\\/portfolio-items#listItem\",\"name\":\"Portfolio\"}},{\"@type\":\"ListItem\",\"@id\":\"https:\\\/\\\/www.binauralmedia.org\\\/news\\\/arquivo\\\/portfolio-items#listItem\",\"position\":2,\"name\":\"Portfolio\",\"item\":\"https:\\\/\\\/www.binauralmedia.org\\\/news\\\/arquivo\\\/portfolio-items\",\"nextItem\":{\"@type\":\"ListItem\",\"@id\":\"https:\\\/\\\/www.binauralmedia.org\\\/news\\\/portfolio_category\\\/activities#listItem\",\"name\":\"Atividades\"},\"previousItem\":{\"@type\":\"ListItem\",\"@id\":\"https:\\\/\\\/www.binauralmedia.org\\\/news#listItem\",\"name\":\"Home\"}},{\"@type\":\"ListItem\",\"@id\":\"https:\\\/\\\/www.binauralmedia.org\\\/news\\\/portfolio_category\\\/activities#listItem\",\"position\":3,\"name\":\"Atividades\",\"item\":\"https:\\\/\\\/www.binauralmedia.org\\\/news\\\/portfolio_category\\\/activities\",\"nextItem\":{\"@type\":\"ListItem\",\"@id\":\"https:\\\/\\\/www.binauralmedia.org\\\/news\\\/portfolio_category\\\/publications#listItem\",\"name\":\"Publica\\u00e7\\u00f5es\"},\"previousItem\":{\"@type\":\"ListItem\",\"@id\":\"https:\\\/\\\/www.binauralmedia.org\\\/news\\\/arquivo\\\/portfolio-items#listItem\",\"name\":\"Portfolio\"}},{\"@type\":\"ListItem\",\"@id\":\"https:\\\/\\\/www.binauralmedia.org\\\/news\\\/portfolio_category\\\/publications#listItem\",\"position\":4,\"name\":\"Publica\\u00e7\\u00f5es\",\"item\":\"https:\\\/\\\/www.binauralmedia.org\\\/news\\\/portfolio_category\\\/publications\",\"nextItem\":{\"@type\":\"ListItem\",\"@id\":\"https:\\\/\\\/www.binauralmedia.org\\\/news\\\/arquivo\\\/portfolio-items\\\/nodar-23#listItem\",\"name\":\"V\\u00e1rzea de Calde: A Ancestral Vibra\\u00e7\\u00e3o do Linho\"},\"previousItem\":{\"@type\":\"ListItem\",\"@id\":\"https:\\\/\\\/www.binauralmedia.org\\\/news\\\/portfolio_category\\\/activities#listItem\",\"name\":\"Atividades\"}},{\"@type\":\"ListItem\",\"@id\":\"https:\\\/\\\/www.binauralmedia.org\\\/news\\\/arquivo\\\/portfolio-items\\\/nodar-23#listItem\",\"position\":5,\"name\":\"V\\u00e1rzea de Calde: A Ancestral Vibra\\u00e7\\u00e3o do Linho\",\"previousItem\":{\"@type\":\"ListItem\",\"@id\":\"https:\\\/\\\/www.binauralmedia.org\\\/news\\\/portfolio_category\\\/publications#listItem\",\"name\":\"Publica\\u00e7\\u00f5es\"}}]},{\"@type\":\"Organization\",\"@id\":\"https:\\\/\\\/www.binauralmedia.org\\\/news\\\/#organization\",\"name\":\"binauralmedia.org\",\"description\":\"Rural Based Sound\\\/Media Arts & Social Research\",\"url\":\"https:\\\/\\\/www.binauralmedia.org\\\/news\\\/\"},{\"@type\":\"Person\",\"@id\":\"https:\\\/\\\/www.binauralmedia.org\\\/news\\\/arquivo\\\/author\\\/nelyferreira#author\",\"url\":\"https:\\\/\\\/www.binauralmedia.org\\\/news\\\/arquivo\\\/author\\\/nelyferreira\",\"name\":\"Nely Ferreira\"},{\"@type\":\"WebPage\",\"@id\":\"https:\\\/\\\/www.binauralmedia.org\\\/news\\\/arquivo\\\/portfolio-items\\\/nodar-23#webpage\",\"url\":\"https:\\\/\\\/www.binauralmedia.org\\\/news\\\/arquivo\\\/portfolio-items\\\/nodar-23\",\"name\":\"V\\u00e1rzea de Calde: A Ancestral Vibra\\u00e7\\u00e3o do Linho - binauralmedia.org\",\"description\":\"Autor: Lu\\u00eds Costa N\\u00famero de Cat\\u00e1logo: Edi\\u00e7\\u00f5es Nodar, nodar.023 At\\u00e9 h\\u00e1 meio s\\u00e9culo atr\\u00e1s, n\\u00e3o existia aldeia beir\\u00e3 onde n\\u00e3o fosse cultivado o linho. O cultivo do linho respondia \\u00e0s necessidades ancestrais de abrigo, prote\\u00e7\\u00e3o e conforto do corpo (roupas de vestir ou de cama), sendo que o mesmo existia, tal como acontecia com as\",\"inLanguage\":\"pt-PT\",\"isPartOf\":{\"@id\":\"https:\\\/\\\/www.binauralmedia.org\\\/news\\\/#website\"},\"breadcrumb\":{\"@id\":\"https:\\\/\\\/www.binauralmedia.org\\\/news\\\/arquivo\\\/portfolio-items\\\/nodar-23#breadcrumblist\"},\"author\":{\"@id\":\"https:\\\/\\\/www.binauralmedia.org\\\/news\\\/arquivo\\\/author\\\/nelyferreira#author\"},\"creator\":{\"@id\":\"https:\\\/\\\/www.binauralmedia.org\\\/news\\\/arquivo\\\/author\\\/nelyferreira#author\"},\"image\":{\"@type\":\"ImageObject\",\"url\":\"https:\\\/\\\/www.binauralmedia.org\\\/news\\\/wp-content\\\/uploads\\\/A-Ancestral-Vibracao-do-Linho.png\",\"@id\":\"https:\\\/\\\/www.binauralmedia.org\\\/news\\\/arquivo\\\/portfolio-items\\\/nodar-23\\\/#mainImage\",\"width\":1200,\"height\":800},\"primaryImageOfPage\":{\"@id\":\"https:\\\/\\\/www.binauralmedia.org\\\/news\\\/arquivo\\\/portfolio-items\\\/nodar-23#mainImage\"},\"datePublished\":\"2021-08-31T16:44:37+00:00\",\"dateModified\":\"2025-02-21T14:33:02+00:00\"},{\"@type\":\"WebSite\",\"@id\":\"https:\\\/\\\/www.binauralmedia.org\\\/news\\\/#website\",\"url\":\"https:\\\/\\\/www.binauralmedia.org\\\/news\\\/\",\"name\":\"binauralmedia.org\",\"description\":\"Rural Based Sound\\\/Media Arts & Social Research\",\"inLanguage\":\"pt-PT\",\"publisher\":{\"@id\":\"https:\\\/\\\/www.binauralmedia.org\\\/news\\\/#organization\"}}]}\n\t\t<\/script>\n\t\t<!-- All in One SEO -->\n\n","aioseo_head_json":{"title":"V\u00e1rzea de Calde: A Ancestral Vibra\u00e7\u00e3o do Linho - binauralmedia.org","description":"Autor: Lu\u00eds Costa N\u00famero de Cat\u00e1logo: Edi\u00e7\u00f5es Nodar, nodar.023 At\u00e9 h\u00e1 meio s\u00e9culo atr\u00e1s, n\u00e3o existia aldeia beir\u00e3 onde n\u00e3o fosse cultivado o linho. O cultivo do linho respondia \u00e0s necessidades ancestrais de abrigo, prote\u00e7\u00e3o e conforto do corpo (roupas de vestir ou de cama), sendo que o mesmo existia, tal como acontecia com as","canonical_url":"https:\/\/www.binauralmedia.org\/news\/arquivo\/portfolio-items\/nodar-23","robots":"max-image-preview:large","keywords":"","webmasterTools":{"miscellaneous":""},"schema":{"@context":"https:\/\/schema.org","@graph":[{"@type":"BreadcrumbList","@id":"https:\/\/www.binauralmedia.org\/news\/arquivo\/portfolio-items\/nodar-23#breadcrumblist","itemListElement":[{"@type":"ListItem","@id":"https:\/\/www.binauralmedia.org\/news#listItem","position":1,"name":"Home","item":"https:\/\/www.binauralmedia.org\/news","nextItem":{"@type":"ListItem","@id":"https:\/\/www.binauralmedia.org\/news\/arquivo\/portfolio-items#listItem","name":"Portfolio"}},{"@type":"ListItem","@id":"https:\/\/www.binauralmedia.org\/news\/arquivo\/portfolio-items#listItem","position":2,"name":"Portfolio","item":"https:\/\/www.binauralmedia.org\/news\/arquivo\/portfolio-items","nextItem":{"@type":"ListItem","@id":"https:\/\/www.binauralmedia.org\/news\/portfolio_category\/activities#listItem","name":"Atividades"},"previousItem":{"@type":"ListItem","@id":"https:\/\/www.binauralmedia.org\/news#listItem","name":"Home"}},{"@type":"ListItem","@id":"https:\/\/www.binauralmedia.org\/news\/portfolio_category\/activities#listItem","position":3,"name":"Atividades","item":"https:\/\/www.binauralmedia.org\/news\/portfolio_category\/activities","nextItem":{"@type":"ListItem","@id":"https:\/\/www.binauralmedia.org\/news\/portfolio_category\/publications#listItem","name":"Publica\u00e7\u00f5es"},"previousItem":{"@type":"ListItem","@id":"https:\/\/www.binauralmedia.org\/news\/arquivo\/portfolio-items#listItem","name":"Portfolio"}},{"@type":"ListItem","@id":"https:\/\/www.binauralmedia.org\/news\/portfolio_category\/publications#listItem","position":4,"name":"Publica\u00e7\u00f5es","item":"https:\/\/www.binauralmedia.org\/news\/portfolio_category\/publications","nextItem":{"@type":"ListItem","@id":"https:\/\/www.binauralmedia.org\/news\/arquivo\/portfolio-items\/nodar-23#listItem","name":"V\u00e1rzea de Calde: A Ancestral Vibra\u00e7\u00e3o do Linho"},"previousItem":{"@type":"ListItem","@id":"https:\/\/www.binauralmedia.org\/news\/portfolio_category\/activities#listItem","name":"Atividades"}},{"@type":"ListItem","@id":"https:\/\/www.binauralmedia.org\/news\/arquivo\/portfolio-items\/nodar-23#listItem","position":5,"name":"V\u00e1rzea de Calde: A Ancestral Vibra\u00e7\u00e3o do Linho","previousItem":{"@type":"ListItem","@id":"https:\/\/www.binauralmedia.org\/news\/portfolio_category\/publications#listItem","name":"Publica\u00e7\u00f5es"}}]},{"@type":"Organization","@id":"https:\/\/www.binauralmedia.org\/news\/#organization","name":"binauralmedia.org","description":"Rural Based Sound\/Media Arts & Social Research","url":"https:\/\/www.binauralmedia.org\/news\/"},{"@type":"Person","@id":"https:\/\/www.binauralmedia.org\/news\/arquivo\/author\/nelyferreira#author","url":"https:\/\/www.binauralmedia.org\/news\/arquivo\/author\/nelyferreira","name":"Nely Ferreira"},{"@type":"WebPage","@id":"https:\/\/www.binauralmedia.org\/news\/arquivo\/portfolio-items\/nodar-23#webpage","url":"https:\/\/www.binauralmedia.org\/news\/arquivo\/portfolio-items\/nodar-23","name":"V\u00e1rzea de Calde: A Ancestral Vibra\u00e7\u00e3o do Linho - binauralmedia.org","description":"Autor: Lu\u00eds Costa N\u00famero de Cat\u00e1logo: Edi\u00e7\u00f5es Nodar, nodar.023 At\u00e9 h\u00e1 meio s\u00e9culo atr\u00e1s, n\u00e3o existia aldeia beir\u00e3 onde n\u00e3o fosse cultivado o linho. O cultivo do linho respondia \u00e0s necessidades ancestrais de abrigo, prote\u00e7\u00e3o e conforto do corpo (roupas de vestir ou de cama), sendo que o mesmo existia, tal como acontecia com as","inLanguage":"pt-PT","isPartOf":{"@id":"https:\/\/www.binauralmedia.org\/news\/#website"},"breadcrumb":{"@id":"https:\/\/www.binauralmedia.org\/news\/arquivo\/portfolio-items\/nodar-23#breadcrumblist"},"author":{"@id":"https:\/\/www.binauralmedia.org\/news\/arquivo\/author\/nelyferreira#author"},"creator":{"@id":"https:\/\/www.binauralmedia.org\/news\/arquivo\/author\/nelyferreira#author"},"image":{"@type":"ImageObject","url":"https:\/\/www.binauralmedia.org\/news\/wp-content\/uploads\/A-Ancestral-Vibracao-do-Linho.png","@id":"https:\/\/www.binauralmedia.org\/news\/arquivo\/portfolio-items\/nodar-23\/#mainImage","width":1200,"height":800},"primaryImageOfPage":{"@id":"https:\/\/www.binauralmedia.org\/news\/arquivo\/portfolio-items\/nodar-23#mainImage"},"datePublished":"2021-08-31T16:44:37+00:00","dateModified":"2025-02-21T14:33:02+00:00"},{"@type":"WebSite","@id":"https:\/\/www.binauralmedia.org\/news\/#website","url":"https:\/\/www.binauralmedia.org\/news\/","name":"binauralmedia.org","description":"Rural Based Sound\/Media Arts & Social Research","inLanguage":"pt-PT","publisher":{"@id":"https:\/\/www.binauralmedia.org\/news\/#organization"}}]},"og:locale":"pt_PT","og:site_name":"binauralmedia.org - Rural Based Sound\/Media Arts &amp; Social Research","og:type":"article","og:title":"V\u00e1rzea de Calde: A Ancestral Vibra\u00e7\u00e3o do Linho - binauralmedia.org","og:description":"Autor: Lu\u00eds Costa N\u00famero de Cat\u00e1logo: Edi\u00e7\u00f5es Nodar, nodar.023 At\u00e9 h\u00e1 meio s\u00e9culo atr\u00e1s, n\u00e3o existia aldeia beir\u00e3 onde n\u00e3o fosse cultivado o linho. O cultivo do linho respondia \u00e0s necessidades ancestrais de abrigo, prote\u00e7\u00e3o e conforto do corpo (roupas de vestir ou de cama), sendo que o mesmo existia, tal como acontecia com as","og:url":"https:\/\/www.binauralmedia.org\/news\/arquivo\/portfolio-items\/nodar-23","article:published_time":"2021-08-31T16:44:37+00:00","article:modified_time":"2025-02-21T14:33:02+00:00","twitter:card":"summary_large_image","twitter:title":"V\u00e1rzea de Calde: A Ancestral Vibra\u00e7\u00e3o do Linho - binauralmedia.org","twitter:description":"Autor: Lu\u00eds Costa N\u00famero de Cat\u00e1logo: Edi\u00e7\u00f5es Nodar, nodar.023 At\u00e9 h\u00e1 meio s\u00e9culo atr\u00e1s, n\u00e3o existia aldeia beir\u00e3 onde n\u00e3o fosse cultivado o linho. O cultivo do linho respondia \u00e0s necessidades ancestrais de abrigo, prote\u00e7\u00e3o e conforto do corpo (roupas de vestir ou de cama), sendo que o mesmo existia, tal como acontecia com as"},"aioseo_meta_data":{"post_id":"23020","title":null,"description":null,"keywords":null,"keyphrases":null,"primary_term":null,"canonical_url":null,"og_title":null,"og_description":null,"og_object_type":"default","og_image_type":"default","og_image_custom_url":null,"og_image_custom_fields":null,"og_image_url":null,"og_image_width":null,"og_image_height":null,"og_video":null,"og_custom_url":null,"og_article_section":null,"og_article_tags":null,"twitter_use_og":false,"twitter_card":"default","twitter_image_type":"default","twitter_image_custom_url":null,"twitter_image_custom_fields":null,"twitter_image_url":null,"twitter_title":null,"twitter_description":null,"schema_type":"default","schema_type_options":null,"schema":{"blockGraphs":[],"customGraphs":[],"default":{"data":{"Article":[],"Course":[],"Dataset":[],"FAQPage":[],"Movie":[],"Person":[],"Product":[],"ProductReview":[],"Car":[],"Recipe":[],"Service":[],"SoftwareApplication":[],"WebPage":[]},"graphName":"","isEnabled":true},"graphs":[]},"pillar_content":false,"robots_default":true,"robots_noindex":false,"robots_noarchive":false,"robots_nosnippet":false,"robots_nofollow":false,"robots_noimageindex":false,"robots_noodp":false,"robots_notranslate":false,"robots_max_snippet":null,"robots_max_videopreview":null,"robots_max_imagepreview":"large","priority":null,"frequency":null,"local_seo":null,"limit_modified_date":false,"ai":null,"breadcrumb_settings":null,"seo_analyzer_scan_date":null,"created":"2026-08-04 22:33:29","updated":"2026-08-04 22:33:29","focus_keyword":null,"additional_keywords":null,"truseo_locale":null},"aioseo_breadcrumb":"<div class=\"aioseo-breadcrumbs\"><span class=\"aioseo-breadcrumb\">\n\t\t\t<a href=\"https:\/\/www.binauralmedia.org\/news\" title=\"Home\">Home<\/a>\n\t\t<\/span><span class=\"aioseo-breadcrumb-separator\">&raquo;<\/span><span class=\"aioseo-breadcrumb\">\n\t\t\t<a href=\"https:\/\/www.binauralmedia.org\/news\/arquivo\/portfolio-items\" title=\"Portfolio\">Portfolio<\/a>\n\t\t<\/span><span class=\"aioseo-breadcrumb-separator\">&raquo;<\/span><span class=\"aioseo-breadcrumb\">\n\t\t\t<a href=\"https:\/\/www.binauralmedia.org\/news\/portfolio_category\/activities\" title=\"Atividades\">Atividades<\/a>\n\t\t<\/span><span class=\"aioseo-breadcrumb-separator\">&raquo;<\/span><span class=\"aioseo-breadcrumb\">\n\t\t\t<a href=\"https:\/\/www.binauralmedia.org\/news\/portfolio_category\/publications\" title=\"Publica\u00e7\u00f5es\">Publica\u00e7\u00f5es<\/a>\n\t\t<\/span><span class=\"aioseo-breadcrumb-separator\">&raquo;<\/span><span class=\"aioseo-breadcrumb\">\n\t\t\tV\u00e1rzea de Calde: A Ancestral Vibra\u00e7\u00e3o do Linho\n\t\t<\/span><\/div>","aioseo_breadcrumb_json":[{"label":"Home","link":"https:\/\/www.binauralmedia.org\/news"},{"label":"Portfolio","link":"https:\/\/www.binauralmedia.org\/news\/arquivo\/portfolio-items"},{"label":"Atividades","link":"https:\/\/www.binauralmedia.org\/news\/portfolio_category\/activities"},{"label":"Publica\u00e7\u00f5es","link":"https:\/\/www.binauralmedia.org\/news\/portfolio_category\/publications"},{"label":"V\u00e1rzea de Calde: A Ancestral Vibra\u00e7\u00e3o do Linho","link":"https:\/\/www.binauralmedia.org\/news\/arquivo\/portfolio-items\/nodar-23"}],"_links":{"self":[{"href":"https:\/\/www.binauralmedia.org\/news\/wp-json\/wp\/v2\/avada_portfolio\/23020","targetHints":{"allow":["GET"]}}],"collection":[{"href":"https:\/\/www.binauralmedia.org\/news\/wp-json\/wp\/v2\/avada_portfolio"}],"about":[{"href":"https:\/\/www.binauralmedia.org\/news\/wp-json\/wp\/v2\/types\/avada_portfolio"}],"author":[{"embeddable":true,"href":"https:\/\/www.binauralmedia.org\/news\/wp-json\/wp\/v2\/users\/8"}],"replies":[{"embeddable":true,"href":"https:\/\/www.binauralmedia.org\/news\/wp-json\/wp\/v2\/comments?post=23020"}],"version-history":[{"count":5,"href":"https:\/\/www.binauralmedia.org\/news\/wp-json\/wp\/v2\/avada_portfolio\/23020\/revisions"}],"predecessor-version":[{"id":23316,"href":"https:\/\/www.binauralmedia.org\/news\/wp-json\/wp\/v2\/avada_portfolio\/23020\/revisions\/23316"}],"wp:featuredmedia":[{"embeddable":true,"href":"https:\/\/www.binauralmedia.org\/news\/wp-json\/wp\/v2\/media\/22984"}],"wp:attachment":[{"href":"https:\/\/www.binauralmedia.org\/news\/wp-json\/wp\/v2\/media?parent=23020"}],"wp:term":[{"taxonomy":"portfolio_category","embeddable":true,"href":"https:\/\/www.binauralmedia.org\/news\/wp-json\/wp\/v2\/portfolio_category?post=23020"},{"taxonomy":"portfolio_skills","embeddable":true,"href":"https:\/\/www.binauralmedia.org\/news\/wp-json\/wp\/v2\/portfolio_skills?post=23020"},{"taxonomy":"portfolio_tags","embeddable":true,"href":"https:\/\/www.binauralmedia.org\/news\/wp-json\/wp\/v2\/portfolio_tags?post=23020"}],"curies":[{"name":"wp","href":"https:\/\/api.w.org\/{rel}","templated":true}]}}