{"id":22997,"date":"2017-10-23T15:50:32","date_gmt":"2017-10-23T15:50:32","guid":{"rendered":"https:\/\/www.binauralmedia.org\/news?post_type=avada_portfolio&#038;p=22997"},"modified":"2025-02-21T15:07:51","modified_gmt":"2025-02-21T15:07:51","slug":"nodar-22","status":"publish","type":"avada_portfolio","link":"https:\/\/www.binauralmedia.org\/news\/arquivo\/portfolio-items\/nodar-22","title":{"rendered":"Viseu Rural 2.0: [Re]sounding Rurality"},"content":{"rendered":"<div class=\"fusion-fullwidth fullwidth-box fusion-builder-row-1 fusion-flex-container has-pattern-background has-mask-background nonhundred-percent-fullwidth non-hundred-percent-height-scrolling\" style=\"--awb-border-radius-top-left:0px;--awb-border-radius-top-right:0px;--awb-border-radius-bottom-right:0px;--awb-border-radius-bottom-left:0px;--awb-flex-wrap:wrap;\" ><div class=\"fusion-builder-row fusion-row fusion-flex-align-items-flex-start fusion-flex-content-wrap\" style=\"max-width:1144px;margin-left: calc(-4% \/ 2 );margin-right: calc(-4% \/ 2 );\"><div class=\"fusion-layout-column fusion_builder_column fusion-builder-column-0 fusion_builder_column_1_1 1_1 fusion-flex-column\" style=\"--awb-bg-size:cover;--awb-width-large:100%;--awb-margin-top-large:0px;--awb-spacing-right-large:1.92%;--awb-margin-bottom-large:20px;--awb-spacing-left-large:1.92%;--awb-width-medium:100%;--awb-order-medium:0;--awb-spacing-right-medium:1.92%;--awb-spacing-left-medium:1.92%;--awb-width-small:100%;--awb-order-small:0;--awb-spacing-right-small:1.92%;--awb-spacing-left-small:1.92%;\"><div class=\"fusion-column-wrapper fusion-column-has-shadow fusion-flex-justify-content-flex-start fusion-content-layout-column\"><div class=\"fusion-image-element\" style=\"--awb-aspect-ratio:5 \/ 4;--awb-margin-bottom:3%;--awb-caption-title-font-family:var(--h2_typography-font-family);--awb-caption-title-font-weight:var(--h2_typography-font-weight);--awb-caption-title-font-style:var(--h2_typography-font-style);--awb-caption-title-size:var(--h2_typography-font-size);--awb-caption-title-transform:var(--h2_typography-text-transform);--awb-caption-title-line-height:var(--h2_typography-line-height);--awb-caption-title-letter-spacing:var(--h2_typography-letter-spacing);\"><span class=\" fusion-imageframe imageframe-none imageframe-1 hover-type-none has-aspect-ratio\"><img decoding=\"async\" width=\"450\" height=\"300\" title=\"Viseu Rural 2.0- Re Sounding Exploration of a rural\" src=\"https:\/\/www.binauralmedia.org\/news\/wp-content\/uploads\/Viseu-Rural-2.0-Re-Sounding-Exploration-of-a-rural.png\" data-orig-src=\"https:\/\/www.binauralmedia.org\/news\/wp-content\/uploads\/Viseu-Rural-2.0-Re-Sounding-Exploration-of-a-rural-450x300.png\" class=\"lazyload img-responsive wp-image-22995 img-with-aspect-ratio\" data-parent-fit=\"cover\" data-parent-container=\".fusion-image-element\" alt srcset=\"data:image\/svg+xml,%3Csvg%20xmlns%3D%27http%3A%2F%2Fwww.w3.org%2F2000%2Fsvg%27%20width%3D%271200%27%20height%3D%27800%27%20viewBox%3D%270%200%201200%20800%27%3E%3Crect%20width%3D%271200%27%20height%3D%27800%27%20fill-opacity%3D%220%22%2F%3E%3C%2Fsvg%3E\" data-srcset=\"https:\/\/www.binauralmedia.org\/news\/wp-content\/uploads\/Viseu-Rural-2.0-Re-Sounding-Exploration-of-a-rural-200x133.png 200w, https:\/\/www.binauralmedia.org\/news\/wp-content\/uploads\/Viseu-Rural-2.0-Re-Sounding-Exploration-of-a-rural-400x267.png 400w, https:\/\/www.binauralmedia.org\/news\/wp-content\/uploads\/Viseu-Rural-2.0-Re-Sounding-Exploration-of-a-rural-600x400.png 600w, https:\/\/www.binauralmedia.org\/news\/wp-content\/uploads\/Viseu-Rural-2.0-Re-Sounding-Exploration-of-a-rural-800x533.png 800w, https:\/\/www.binauralmedia.org\/news\/wp-content\/uploads\/Viseu-Rural-2.0-Re-Sounding-Exploration-of-a-rural.png 1200w\" data-sizes=\"auto\" data-orig-sizes=\"(max-width: 1024px) 100vw, (max-width: 640px) 100vw, 450px\" \/><\/span><\/div><div class=\"fusion-text fusion-text-1\"><p>Autor: Binaural Nodar<br \/>\nN\u00famero de Cat\u00e1logo: Edi\u00e7\u00f5es Nodar, nodar.022<\/p>\n<p>Viseu Rural 2.0 \u00e9 um projeto integrado de documentac\u00e3o patrimonial, de criac\u00e3o art\u00edstica sonora e media e de difus\u00e3o cultural, cuja primeira edic\u00e3o decorreu em 2015 nas freguesias rurais do concelho de Viseu. O projeto est\u00e1integrado na rede europeia Tramontana de arquivos da mem\u00f3ria de zonas rurais, da qual a Binaural\/Nodar \u00e9presentemente chefe-de-fila e o Munic\u00edpio de Viseu \u00e9parceiro associado.<\/p>\n<p>Viseu Rural 2.0 envolveu trabalho de recolha audiovisual nas v\u00e1rias aldeias rurais do concelho o qual abrangeu um vasto conjunto de tem\u00e1ticas como a morfologia da paisagem, os ciclos agr\u00edcolas, os m\u00e9todos de cultivo, a dimens\u00e3o sacra do patrim\u00f3nio constru\u00eddo e natural, o com\u00e9rcio, a transforma\u00e7\u00e3o social e pol\u00edtica, etc.<\/p>\n<p>O material recolhido foi posteriormente cedido a diversos artistas sonoras convidados oriundos de diversos pa\u00edses da Europa e Am\u00e9rica, os quais desenvolveram uma s\u00e9rie de pe\u00e7as sonoras comissionadas pela Binaural\/Nodar.<\/p>\n<p><iframe src=\"https:\/\/w.soundcloud.com\/player\/?url=https%3A\/\/api.soundcloud.com\/playlists\/362196754&amp;color=%23ff5500&amp;auto_play=false&amp;hide_related=false&amp;show_comments=true&amp;show_user=true&amp;show_reposts=false&amp;show_teaser=true\" width=\"100%\" height=\"450\" frameborder=\"no\" scrolling=\"no\"><\/iframe><\/p>\n<div style=\"font-size: 10px; color: #cccccc; line-break: anywhere; word-break: normal; overflow: hidden; white-space: nowrap; text-overflow: ellipsis; font-family: Interstate,Lucida Grande,Lucida Sans Unicode,Lucida Sans,Garuda,Verdana,Tahoma,sans-serif; font-weight: 100;\"><a style=\"color: #cccccc; text-decoration: none;\" title=\"binauralmedia\" href=\"https:\/\/soundcloud.com\/binauralmedia\" target=\"_blank\" rel=\"noopener\">binauralmedia<\/a> \u00b7 <a style=\"color: #cccccc; text-decoration: none;\" title=\"Viseu Rural 2.0: &#091;Re&#093;sounding Rurality\" href=\"https:\/\/soundcloud.com\/binauralmedia\/sets\/viseu-rural-20-resounding-rurality\" target=\"_blank\" rel=\"noopener\">Viseu Rural 2.0: [Re]sounding Rurality<\/a><\/div>\n<\/div><\/div><\/div><\/div><\/div>\n","protected":false},"excerpt":{"rendered":"","protected":false},"author":8,"featured_media":22995,"menu_order":0,"comment_status":"closed","ping_status":"closed","template":"","format":"audio","meta":{"_acf_changed":false,"_bbp_topic_count":0,"_bbp_reply_count":0,"_bbp_total_topic_count":0,"_bbp_total_reply_count":0,"_bbp_voice_count":0,"_bbp_anonymous_reply_count":0,"_bbp_topic_count_hidden":0,"_bbp_reply_count_hidden":0,"_bbp_forum_subforum_count":0,"footnotes":""},"portfolio_category":[620],"portfolio_skills":[],"portfolio_tags":[],"class_list":["post-22997","avada_portfolio","type-avada_portfolio","status-publish","format-audio","has-post-thumbnail","hentry","portfolio_category-publications"],"acf":[],"aioseo_notices":[],"aioseo_head":"\n\t\t<!-- All in One SEO 5.0.1.1 - aioseo.com -->\n\t<meta name=\"description\" content=\"Autor: Binaural Nodar N\u00famero de Cat\u00e1logo: Edi\u00e7\u00f5es Nodar, nodar.022 Viseu Rural 2.0 \u00e9 um projeto integrado de documentac\u00e3o patrimonial, de criac\u00e3o art\u00edstica sonora e media e de difus\u00e3o cultural, cuja primeira edic\u00e3o decorreu em 2015 nas freguesias rurais do concelho de Viseu. O projeto est\u00e1integrado na rede europeia Tramontana de arquivos da mem\u00f3ria de zonas\" \/>\n\t<meta name=\"robots\" content=\"max-image-preview:large\" \/>\n\t<meta name=\"author\" content=\"Nely Ferreira\"\/>\n\t<link rel=\"canonical\" href=\"https:\/\/www.binauralmedia.org\/news\/arquivo\/portfolio-items\/nodar-22\" \/>\n\t<meta name=\"generator\" content=\"All in One SEO (AIOSEO) 5.0.1.1\" \/>\n\t\t<meta property=\"og:locale\" content=\"pt_PT\" \/>\n\t\t<meta property=\"og:site_name\" content=\"binauralmedia.org - Rural Based Sound\/Media Arts &amp; Social Research\" \/>\n\t\t<meta property=\"og:type\" content=\"article\" \/>\n\t\t<meta property=\"og:title\" content=\"Viseu Rural 2.0: [Re]sounding Rurality - binauralmedia.org\" \/>\n\t\t<meta property=\"og:description\" content=\"Autor: Binaural Nodar N\u00famero de Cat\u00e1logo: Edi\u00e7\u00f5es Nodar, nodar.022 Viseu Rural 2.0 \u00e9 um projeto integrado de documentac\u00e3o patrimonial, de criac\u00e3o art\u00edstica sonora e media e de difus\u00e3o cultural, cuja primeira edic\u00e3o decorreu em 2015 nas freguesias rurais do concelho de Viseu. O projeto est\u00e1integrado na rede europeia Tramontana de arquivos da mem\u00f3ria de zonas\" \/>\n\t\t<meta property=\"og:url\" content=\"https:\/\/www.binauralmedia.org\/news\/arquivo\/portfolio-items\/nodar-22\" \/>\n\t\t<meta property=\"article:published_time\" content=\"2017-10-23T15:50:32+00:00\" \/>\n\t\t<meta property=\"article:modified_time\" content=\"2025-02-21T15:07:51+00:00\" \/>\n\t\t<meta name=\"twitter:card\" content=\"summary_large_image\" \/>\n\t\t<meta name=\"twitter:title\" content=\"Viseu Rural 2.0: [Re]sounding Rurality - binauralmedia.org\" \/>\n\t\t<meta name=\"twitter:description\" content=\"Autor: Binaural Nodar N\u00famero de Cat\u00e1logo: Edi\u00e7\u00f5es Nodar, nodar.022 Viseu Rural 2.0 \u00e9 um projeto integrado de documentac\u00e3o patrimonial, de criac\u00e3o art\u00edstica sonora e media e de difus\u00e3o cultural, cuja primeira edic\u00e3o decorreu em 2015 nas freguesias rurais do concelho de Viseu. O projeto est\u00e1integrado na rede europeia Tramontana de arquivos da mem\u00f3ria de zonas\" \/>\n\t\t<script type=\"application\/ld+json\" class=\"aioseo-schema\">\n\t\t\t{\"@context\":\"https:\\\/\\\/schema.org\",\"@graph\":[{\"@type\":\"BreadcrumbList\",\"@id\":\"https:\\\/\\\/www.binauralmedia.org\\\/news\\\/arquivo\\\/portfolio-items\\\/nodar-22#breadcrumblist\",\"itemListElement\":[{\"@type\":\"ListItem\",\"@id\":\"https:\\\/\\\/www.binauralmedia.org\\\/news#listItem\",\"position\":1,\"name\":\"Home\",\"item\":\"https:\\\/\\\/www.binauralmedia.org\\\/news\",\"nextItem\":{\"@type\":\"ListItem\",\"@id\":\"https:\\\/\\\/www.binauralmedia.org\\\/news\\\/arquivo\\\/portfolio-items#listItem\",\"name\":\"Portfolio\"}},{\"@type\":\"ListItem\",\"@id\":\"https:\\\/\\\/www.binauralmedia.org\\\/news\\\/arquivo\\\/portfolio-items#listItem\",\"position\":2,\"name\":\"Portfolio\",\"item\":\"https:\\\/\\\/www.binauralmedia.org\\\/news\\\/arquivo\\\/portfolio-items\",\"nextItem\":{\"@type\":\"ListItem\",\"@id\":\"https:\\\/\\\/www.binauralmedia.org\\\/news\\\/portfolio_category\\\/activities#listItem\",\"name\":\"Atividades\"},\"previousItem\":{\"@type\":\"ListItem\",\"@id\":\"https:\\\/\\\/www.binauralmedia.org\\\/news#listItem\",\"name\":\"Home\"}},{\"@type\":\"ListItem\",\"@id\":\"https:\\\/\\\/www.binauralmedia.org\\\/news\\\/portfolio_category\\\/activities#listItem\",\"position\":3,\"name\":\"Atividades\",\"item\":\"https:\\\/\\\/www.binauralmedia.org\\\/news\\\/portfolio_category\\\/activities\",\"nextItem\":{\"@type\":\"ListItem\",\"@id\":\"https:\\\/\\\/www.binauralmedia.org\\\/news\\\/portfolio_category\\\/publications#listItem\",\"name\":\"Publica\\u00e7\\u00f5es\"},\"previousItem\":{\"@type\":\"ListItem\",\"@id\":\"https:\\\/\\\/www.binauralmedia.org\\\/news\\\/arquivo\\\/portfolio-items#listItem\",\"name\":\"Portfolio\"}},{\"@type\":\"ListItem\",\"@id\":\"https:\\\/\\\/www.binauralmedia.org\\\/news\\\/portfolio_category\\\/publications#listItem\",\"position\":4,\"name\":\"Publica\\u00e7\\u00f5es\",\"item\":\"https:\\\/\\\/www.binauralmedia.org\\\/news\\\/portfolio_category\\\/publications\",\"nextItem\":{\"@type\":\"ListItem\",\"@id\":\"https:\\\/\\\/www.binauralmedia.org\\\/news\\\/arquivo\\\/portfolio-items\\\/nodar-22#listItem\",\"name\":\"Viseu Rural 2.0: [Re]sounding Rurality\"},\"previousItem\":{\"@type\":\"ListItem\",\"@id\":\"https:\\\/\\\/www.binauralmedia.org\\\/news\\\/portfolio_category\\\/activities#listItem\",\"name\":\"Atividades\"}},{\"@type\":\"ListItem\",\"@id\":\"https:\\\/\\\/www.binauralmedia.org\\\/news\\\/arquivo\\\/portfolio-items\\\/nodar-22#listItem\",\"position\":5,\"name\":\"Viseu Rural 2.0: [Re]sounding Rurality\",\"previousItem\":{\"@type\":\"ListItem\",\"@id\":\"https:\\\/\\\/www.binauralmedia.org\\\/news\\\/portfolio_category\\\/publications#listItem\",\"name\":\"Publica\\u00e7\\u00f5es\"}}]},{\"@type\":\"Organization\",\"@id\":\"https:\\\/\\\/www.binauralmedia.org\\\/news\\\/#organization\",\"name\":\"binauralmedia.org\",\"description\":\"Rural Based Sound\\\/Media Arts & Social Research\",\"url\":\"https:\\\/\\\/www.binauralmedia.org\\\/news\\\/\"},{\"@type\":\"Person\",\"@id\":\"https:\\\/\\\/www.binauralmedia.org\\\/news\\\/arquivo\\\/author\\\/nelyferreira#author\",\"url\":\"https:\\\/\\\/www.binauralmedia.org\\\/news\\\/arquivo\\\/author\\\/nelyferreira\",\"name\":\"Nely Ferreira\"},{\"@type\":\"WebPage\",\"@id\":\"https:\\\/\\\/www.binauralmedia.org\\\/news\\\/arquivo\\\/portfolio-items\\\/nodar-22#webpage\",\"url\":\"https:\\\/\\\/www.binauralmedia.org\\\/news\\\/arquivo\\\/portfolio-items\\\/nodar-22\",\"name\":\"Viseu Rural 2.0: [Re]sounding Rurality - binauralmedia.org\",\"description\":\"Autor: Binaural Nodar N\\u00famero de Cat\\u00e1logo: Edi\\u00e7\\u00f5es Nodar, nodar.022 Viseu Rural 2.0 \\u00e9 um projeto integrado de documentac\\u00e3o patrimonial, de criac\\u00e3o art\\u00edstica sonora e media e de difus\\u00e3o cultural, cuja primeira edic\\u00e3o decorreu em 2015 nas freguesias rurais do concelho de Viseu. O projeto est\\u00e1integrado na rede europeia Tramontana de arquivos da mem\\u00f3ria de zonas\",\"inLanguage\":\"pt-PT\",\"isPartOf\":{\"@id\":\"https:\\\/\\\/www.binauralmedia.org\\\/news\\\/#website\"},\"breadcrumb\":{\"@id\":\"https:\\\/\\\/www.binauralmedia.org\\\/news\\\/arquivo\\\/portfolio-items\\\/nodar-22#breadcrumblist\"},\"author\":{\"@id\":\"https:\\\/\\\/www.binauralmedia.org\\\/news\\\/arquivo\\\/author\\\/nelyferreira#author\"},\"creator\":{\"@id\":\"https:\\\/\\\/www.binauralmedia.org\\\/news\\\/arquivo\\\/author\\\/nelyferreira#author\"},\"image\":{\"@type\":\"ImageObject\",\"url\":\"https:\\\/\\\/www.binauralmedia.org\\\/news\\\/wp-content\\\/uploads\\\/Viseu-Rural-2.0-Re-Sounding-Exploration-of-a-rural.png\",\"@id\":\"https:\\\/\\\/www.binauralmedia.org\\\/news\\\/arquivo\\\/portfolio-items\\\/nodar-22\\\/#mainImage\",\"width\":1200,\"height\":800},\"primaryImageOfPage\":{\"@id\":\"https:\\\/\\\/www.binauralmedia.org\\\/news\\\/arquivo\\\/portfolio-items\\\/nodar-22#mainImage\"},\"datePublished\":\"2017-10-23T15:50:32+00:00\",\"dateModified\":\"2025-02-21T15:07:51+00:00\"},{\"@type\":\"WebSite\",\"@id\":\"https:\\\/\\\/www.binauralmedia.org\\\/news\\\/#website\",\"url\":\"https:\\\/\\\/www.binauralmedia.org\\\/news\\\/\",\"name\":\"binauralmedia.org\",\"description\":\"Rural Based Sound\\\/Media Arts & Social Research\",\"inLanguage\":\"pt-PT\",\"publisher\":{\"@id\":\"https:\\\/\\\/www.binauralmedia.org\\\/news\\\/#organization\"}}]}\n\t\t<\/script>\n\t\t<!-- All in One SEO -->\n\n","aioseo_head_json":{"title":"Viseu Rural 2.0: [Re]sounding Rurality - binauralmedia.org","description":"Autor: Binaural Nodar N\u00famero de Cat\u00e1logo: Edi\u00e7\u00f5es Nodar, nodar.022 Viseu Rural 2.0 \u00e9 um projeto integrado de documentac\u00e3o patrimonial, de criac\u00e3o art\u00edstica sonora e media e de difus\u00e3o cultural, cuja primeira edic\u00e3o decorreu em 2015 nas freguesias rurais do concelho de Viseu. O projeto est\u00e1integrado na rede europeia Tramontana de arquivos da mem\u00f3ria de zonas","canonical_url":"https:\/\/www.binauralmedia.org\/news\/arquivo\/portfolio-items\/nodar-22","robots":"max-image-preview:large","keywords":"","webmasterTools":{"miscellaneous":""},"schema":{"@context":"https:\/\/schema.org","@graph":[{"@type":"BreadcrumbList","@id":"https:\/\/www.binauralmedia.org\/news\/arquivo\/portfolio-items\/nodar-22#breadcrumblist","itemListElement":[{"@type":"ListItem","@id":"https:\/\/www.binauralmedia.org\/news#listItem","position":1,"name":"Home","item":"https:\/\/www.binauralmedia.org\/news","nextItem":{"@type":"ListItem","@id":"https:\/\/www.binauralmedia.org\/news\/arquivo\/portfolio-items#listItem","name":"Portfolio"}},{"@type":"ListItem","@id":"https:\/\/www.binauralmedia.org\/news\/arquivo\/portfolio-items#listItem","position":2,"name":"Portfolio","item":"https:\/\/www.binauralmedia.org\/news\/arquivo\/portfolio-items","nextItem":{"@type":"ListItem","@id":"https:\/\/www.binauralmedia.org\/news\/portfolio_category\/activities#listItem","name":"Atividades"},"previousItem":{"@type":"ListItem","@id":"https:\/\/www.binauralmedia.org\/news#listItem","name":"Home"}},{"@type":"ListItem","@id":"https:\/\/www.binauralmedia.org\/news\/portfolio_category\/activities#listItem","position":3,"name":"Atividades","item":"https:\/\/www.binauralmedia.org\/news\/portfolio_category\/activities","nextItem":{"@type":"ListItem","@id":"https:\/\/www.binauralmedia.org\/news\/portfolio_category\/publications#listItem","name":"Publica\u00e7\u00f5es"},"previousItem":{"@type":"ListItem","@id":"https:\/\/www.binauralmedia.org\/news\/arquivo\/portfolio-items#listItem","name":"Portfolio"}},{"@type":"ListItem","@id":"https:\/\/www.binauralmedia.org\/news\/portfolio_category\/publications#listItem","position":4,"name":"Publica\u00e7\u00f5es","item":"https:\/\/www.binauralmedia.org\/news\/portfolio_category\/publications","nextItem":{"@type":"ListItem","@id":"https:\/\/www.binauralmedia.org\/news\/arquivo\/portfolio-items\/nodar-22#listItem","name":"Viseu Rural 2.0: [Re]sounding Rurality"},"previousItem":{"@type":"ListItem","@id":"https:\/\/www.binauralmedia.org\/news\/portfolio_category\/activities#listItem","name":"Atividades"}},{"@type":"ListItem","@id":"https:\/\/www.binauralmedia.org\/news\/arquivo\/portfolio-items\/nodar-22#listItem","position":5,"name":"Viseu Rural 2.0: [Re]sounding Rurality","previousItem":{"@type":"ListItem","@id":"https:\/\/www.binauralmedia.org\/news\/portfolio_category\/publications#listItem","name":"Publica\u00e7\u00f5es"}}]},{"@type":"Organization","@id":"https:\/\/www.binauralmedia.org\/news\/#organization","name":"binauralmedia.org","description":"Rural Based Sound\/Media Arts & Social Research","url":"https:\/\/www.binauralmedia.org\/news\/"},{"@type":"Person","@id":"https:\/\/www.binauralmedia.org\/news\/arquivo\/author\/nelyferreira#author","url":"https:\/\/www.binauralmedia.org\/news\/arquivo\/author\/nelyferreira","name":"Nely Ferreira"},{"@type":"WebPage","@id":"https:\/\/www.binauralmedia.org\/news\/arquivo\/portfolio-items\/nodar-22#webpage","url":"https:\/\/www.binauralmedia.org\/news\/arquivo\/portfolio-items\/nodar-22","name":"Viseu Rural 2.0: [Re]sounding Rurality - binauralmedia.org","description":"Autor: Binaural Nodar N\u00famero de Cat\u00e1logo: Edi\u00e7\u00f5es Nodar, nodar.022 Viseu Rural 2.0 \u00e9 um projeto integrado de documentac\u00e3o patrimonial, de criac\u00e3o art\u00edstica sonora e media e de difus\u00e3o cultural, cuja primeira edic\u00e3o decorreu em 2015 nas freguesias rurais do concelho de Viseu. O projeto est\u00e1integrado na rede europeia Tramontana de arquivos da mem\u00f3ria de zonas","inLanguage":"pt-PT","isPartOf":{"@id":"https:\/\/www.binauralmedia.org\/news\/#website"},"breadcrumb":{"@id":"https:\/\/www.binauralmedia.org\/news\/arquivo\/portfolio-items\/nodar-22#breadcrumblist"},"author":{"@id":"https:\/\/www.binauralmedia.org\/news\/arquivo\/author\/nelyferreira#author"},"creator":{"@id":"https:\/\/www.binauralmedia.org\/news\/arquivo\/author\/nelyferreira#author"},"image":{"@type":"ImageObject","url":"https:\/\/www.binauralmedia.org\/news\/wp-content\/uploads\/Viseu-Rural-2.0-Re-Sounding-Exploration-of-a-rural.png","@id":"https:\/\/www.binauralmedia.org\/news\/arquivo\/portfolio-items\/nodar-22\/#mainImage","width":1200,"height":800},"primaryImageOfPage":{"@id":"https:\/\/www.binauralmedia.org\/news\/arquivo\/portfolio-items\/nodar-22#mainImage"},"datePublished":"2017-10-23T15:50:32+00:00","dateModified":"2025-02-21T15:07:51+00:00"},{"@type":"WebSite","@id":"https:\/\/www.binauralmedia.org\/news\/#website","url":"https:\/\/www.binauralmedia.org\/news\/","name":"binauralmedia.org","description":"Rural Based Sound\/Media Arts & Social Research","inLanguage":"pt-PT","publisher":{"@id":"https:\/\/www.binauralmedia.org\/news\/#organization"}}]},"og:locale":"pt_PT","og:site_name":"binauralmedia.org - Rural Based Sound\/Media Arts &amp; Social Research","og:type":"article","og:title":"Viseu Rural 2.0: [Re]sounding Rurality - binauralmedia.org","og:description":"Autor: Binaural Nodar N\u00famero de Cat\u00e1logo: Edi\u00e7\u00f5es Nodar, nodar.022 Viseu Rural 2.0 \u00e9 um projeto integrado de documentac\u00e3o patrimonial, de criac\u00e3o art\u00edstica sonora e media e de difus\u00e3o cultural, cuja primeira edic\u00e3o decorreu em 2015 nas freguesias rurais do concelho de Viseu. O projeto est\u00e1integrado na rede europeia Tramontana de arquivos da mem\u00f3ria de zonas","og:url":"https:\/\/www.binauralmedia.org\/news\/arquivo\/portfolio-items\/nodar-22","article:published_time":"2017-10-23T15:50:32+00:00","article:modified_time":"2025-02-21T15:07:51+00:00","twitter:card":"summary_large_image","twitter:title":"Viseu Rural 2.0: [Re]sounding Rurality - binauralmedia.org","twitter:description":"Autor: Binaural Nodar N\u00famero de Cat\u00e1logo: Edi\u00e7\u00f5es Nodar, nodar.022 Viseu Rural 2.0 \u00e9 um projeto integrado de documentac\u00e3o patrimonial, de criac\u00e3o art\u00edstica sonora e media e de difus\u00e3o cultural, cuja primeira edic\u00e3o decorreu em 2015 nas freguesias rurais do concelho de Viseu. O projeto est\u00e1integrado na rede europeia Tramontana de arquivos da mem\u00f3ria de zonas"},"aioseo_meta_data":{"post_id":"22997","title":null,"description":null,"keywords":null,"keyphrases":null,"primary_term":null,"canonical_url":null,"og_title":null,"og_description":null,"og_object_type":"default","og_image_type":"default","og_image_custom_url":null,"og_image_custom_fields":null,"og_image_url":null,"og_image_width":null,"og_image_height":null,"og_video":null,"og_custom_url":null,"og_article_section":null,"og_article_tags":null,"twitter_use_og":false,"twitter_card":"default","twitter_image_type":"default","twitter_image_custom_url":null,"twitter_image_custom_fields":null,"twitter_image_url":null,"twitter_title":null,"twitter_description":null,"schema_type":"default","schema_type_options":null,"schema":{"blockGraphs":[],"customGraphs":[],"default":{"data":{"Article":[],"Course":[],"Dataset":[],"FAQPage":[],"Movie":[],"Person":[],"Product":[],"ProductReview":[],"Car":[],"Recipe":[],"Service":[],"SoftwareApplication":[],"WebPage":[]},"graphName":"","isEnabled":true},"graphs":[]},"pillar_content":false,"robots_default":true,"robots_noindex":false,"robots_noarchive":false,"robots_nosnippet":false,"robots_nofollow":false,"robots_noimageindex":false,"robots_noodp":false,"robots_notranslate":false,"robots_max_snippet":null,"robots_max_videopreview":null,"robots_max_imagepreview":"large","priority":null,"frequency":null,"local_seo":null,"limit_modified_date":false,"ai":null,"breadcrumb_settings":null,"seo_analyzer_scan_date":null,"created":"2026-08-04 22:25:29","updated":"2026-08-04 22:25:29","focus_keyword":null,"additional_keywords":null,"truseo_locale":null},"aioseo_breadcrumb":"<div class=\"aioseo-breadcrumbs\"><span class=\"aioseo-breadcrumb\">\n\t\t\t<a href=\"https:\/\/www.binauralmedia.org\/news\" title=\"Home\">Home<\/a>\n\t\t<\/span><span class=\"aioseo-breadcrumb-separator\">&raquo;<\/span><span class=\"aioseo-breadcrumb\">\n\t\t\t<a href=\"https:\/\/www.binauralmedia.org\/news\/arquivo\/portfolio-items\" title=\"Portfolio\">Portfolio<\/a>\n\t\t<\/span><span class=\"aioseo-breadcrumb-separator\">&raquo;<\/span><span class=\"aioseo-breadcrumb\">\n\t\t\t<a href=\"https:\/\/www.binauralmedia.org\/news\/portfolio_category\/activities\" title=\"Atividades\">Atividades<\/a>\n\t\t<\/span><span class=\"aioseo-breadcrumb-separator\">&raquo;<\/span><span class=\"aioseo-breadcrumb\">\n\t\t\t<a href=\"https:\/\/www.binauralmedia.org\/news\/portfolio_category\/publications\" title=\"Publica\u00e7\u00f5es\">Publica\u00e7\u00f5es<\/a>\n\t\t<\/span><span class=\"aioseo-breadcrumb-separator\">&raquo;<\/span><span class=\"aioseo-breadcrumb\">\n\t\t\tViseu Rural 2.0: [Re]sounding Rurality\n\t\t<\/span><\/div>","aioseo_breadcrumb_json":[{"label":"Home","link":"https:\/\/www.binauralmedia.org\/news"},{"label":"Portfolio","link":"https:\/\/www.binauralmedia.org\/news\/arquivo\/portfolio-items"},{"label":"Atividades","link":"https:\/\/www.binauralmedia.org\/news\/portfolio_category\/activities"},{"label":"Publica\u00e7\u00f5es","link":"https:\/\/www.binauralmedia.org\/news\/portfolio_category\/publications"},{"label":"Viseu Rural 2.0: [Re]sounding Rurality","link":"https:\/\/www.binauralmedia.org\/news\/arquivo\/portfolio-items\/nodar-22"}],"_links":{"self":[{"href":"https:\/\/www.binauralmedia.org\/news\/wp-json\/wp\/v2\/avada_portfolio\/22997","targetHints":{"allow":["GET"]}}],"collection":[{"href":"https:\/\/www.binauralmedia.org\/news\/wp-json\/wp\/v2\/avada_portfolio"}],"about":[{"href":"https:\/\/www.binauralmedia.org\/news\/wp-json\/wp\/v2\/types\/avada_portfolio"}],"author":[{"embeddable":true,"href":"https:\/\/www.binauralmedia.org\/news\/wp-json\/wp\/v2\/users\/8"}],"replies":[{"embeddable":true,"href":"https:\/\/www.binauralmedia.org\/news\/wp-json\/wp\/v2\/comments?post=22997"}],"version-history":[{"count":4,"href":"https:\/\/www.binauralmedia.org\/news\/wp-json\/wp\/v2\/avada_portfolio\/22997\/revisions"}],"predecessor-version":[{"id":23341,"href":"https:\/\/www.binauralmedia.org\/news\/wp-json\/wp\/v2\/avada_portfolio\/22997\/revisions\/23341"}],"wp:featuredmedia":[{"embeddable":true,"href":"https:\/\/www.binauralmedia.org\/news\/wp-json\/wp\/v2\/media\/22995"}],"wp:attachment":[{"href":"https:\/\/www.binauralmedia.org\/news\/wp-json\/wp\/v2\/media?parent=22997"}],"wp:term":[{"taxonomy":"portfolio_category","embeddable":true,"href":"https:\/\/www.binauralmedia.org\/news\/wp-json\/wp\/v2\/portfolio_category?post=22997"},{"taxonomy":"portfolio_skills","embeddable":true,"href":"https:\/\/www.binauralmedia.org\/news\/wp-json\/wp\/v2\/portfolio_skills?post=22997"},{"taxonomy":"portfolio_tags","embeddable":true,"href":"https:\/\/www.binauralmedia.org\/news\/wp-json\/wp\/v2\/portfolio_tags?post=22997"}],"curies":[{"name":"wp","href":"https:\/\/api.w.org\/{rel}","templated":true}]}}