{"id":20656,"date":"2024-01-29T10:42:47","date_gmt":"2024-01-29T10:42:47","guid":{"rendered":"https:\/\/www.binauralmedia.org\/news?post_type=avada_portfolio&#038;p=20656"},"modified":"2024-04-11T11:19:41","modified_gmt":"2024-04-11T11:19:41","slug":"luis-costa-2024","status":"publish","type":"avada_portfolio","link":"https:\/\/www.binauralmedia.org\/news\/arquivo\/portfolio-items\/luis-costa-2024","title":{"rendered":"Lu\u00eds Costa"},"content":{"rendered":"<div class=\"fusion-fullwidth fullwidth-box fusion-builder-row-1 fusion-flex-container has-pattern-background has-mask-background nonhundred-percent-fullwidth non-hundred-percent-height-scrolling\" style=\"--awb-border-radius-top-left:0px;--awb-border-radius-top-right:0px;--awb-border-radius-bottom-right:0px;--awb-border-radius-bottom-left:0px;--awb-flex-wrap:wrap;\" ><div class=\"fusion-builder-row fusion-row fusion-flex-align-items-flex-start fusion-flex-content-wrap\" style=\"max-width:1144px;margin-left: calc(-4% \/ 2 );margin-right: calc(-4% \/ 2 );\"><div class=\"fusion-layout-column fusion_builder_column fusion-builder-column-0 fusion_builder_column_1_1 1_1 fusion-flex-column\" style=\"--awb-bg-size:cover;--awb-width-large:100%;--awb-margin-top-large:0px;--awb-spacing-right-large:1.92%;--awb-margin-bottom-large:20px;--awb-spacing-left-large:1.92%;--awb-width-medium:100%;--awb-order-medium:0;--awb-spacing-right-medium:1.92%;--awb-spacing-left-medium:1.92%;--awb-width-small:100%;--awb-order-small:0;--awb-spacing-right-small:1.92%;--awb-spacing-left-small:1.92%;\"><div class=\"fusion-column-wrapper fusion-column-has-shadow fusion-flex-justify-content-flex-start fusion-content-layout-column\"><div class=\"fusion-text fusion-text-1\"><p><strong>DOIS MONTES IRM\u00c3OS<\/strong><\/p>\n<p>Um ensaio de \u201cetno-poeisis\u201d audiovisual, de vincula\u00e7\u00e3o entre os relatos locais sobre dois montes situados a cerca de trezentos quil\u00f3metros de dist\u00e2ncia: O Pico Sacro, no concelho de Boqueix\u00f3n (perto de Santiago de Compostela, na prov\u00edncia galega de A Coru\u00f1a) e o Monte de S\u00e3o Mac\u00e1rio, no concelho de S\u00e3o Pedro do Sul (na regi\u00e3o portuguesa de Viseu D\u00e3o Laf\u00f5es). Ambos os montes estabelecem rela\u00e7\u00f5es com santos oriundos de terras long\u00ednquas, Alexandria e Jerusal\u00e9m, assim como se associam simbolicamente a aspetos da sa\u00fade do c\u00e9rebro humano. O ensaio tenta responder artisticamente a uma intui\u00e7\u00e3o livre: A de que haver\u00e1 um \u201cinvis\u00edvel\u201d processo mobilizador da irmandade entre certos montes, resultado de uma combina\u00e7\u00e3o cruzada entre geologia, morfologia, meteorologia, psicologia, cultura e sacralidade.<\/p>\n<p>Ap\u00f3s uma s\u00e9rie de recolhas sonoras e audiovisuais realizadas no m\u00eas de dezembro nos dois montes, no \u00e2mbito da resid\u00eancia art\u00edstica ser\u00e1 concebido o dispositivo expositivo mixed-media. A instala\u00e7\u00e3o final ser\u00e1 apresentada oportunamente no Laf\u00f5es Cult Lab, ap\u00f3s uma primeira apresenta\u00e7\u00e3o a realizar no pr\u00f3ximo dia 20 de janeiro, no contexto do Programa Doutoral em Cria\u00e7\u00e3o Art\u00edstica da Universidade de Aveiro.<\/p>\n<p>O artista agradece a colabora\u00e7\u00e3o no projeto de Lana P\u00edas Peleteiro e Juan P\u00edas Peleteiro em Santiago de Compostela, assim como de Jos\u00e9 Almeida (pai) e Jos\u00e9 Almeida (filho) em S\u00e3o Pedro do Sul.<\/p>\n<\/div><div class=\"fusion-text fusion-text-2\" style=\"--awb-margin-top:30px;\"><h3 style=\"text-align: center;\"><strong>OBRAS ART\u00cdSTICAS<\/strong><\/h3>\n<\/div><div class=\"fusion-separator fusion-full-width-sep\" style=\"align-self: center;margin-left: auto;margin-right: auto;margin-bottom:30px;width:100%;\"><div class=\"fusion-separator-border sep-single sep-solid\" style=\"--awb-height:20px;--awb-amount:20px;border-color:#e0dede;border-top-width:1px;\"><\/div><\/div><div class=\"fusion-video fusion-vimeo\" style=\"--awb-max-width:1920px;--awb-max-height:1080px;--awb-align-self:center;--awb-width:100%;--awb-margin-top:30px;--awb-margin-bottom:40px;\"><div class=\"video-shortcode\"><div class=\"fluid-width-video-wrapper\" style=\"padding-top:56.25%;\" ><iframe title=\"Vimeo video player 1\" src=\"https:\/\/player.vimeo.com\/video\/911684732?autoplay=0&amp;autopause=0\" width=\"1920\" height=\"1080\" allowfullscreen allow=\"autoplay; fullscreen\"><\/iframe><\/div><\/div><\/div><\/div><\/div><\/div><\/div>\n","protected":false},"excerpt":{"rendered":"","protected":false},"author":8,"featured_media":20593,"menu_order":0,"comment_status":"closed","ping_status":"closed","template":"","format":"video","meta":{"_acf_changed":false,"_bbp_topic_count":0,"_bbp_reply_count":0,"_bbp_total_topic_count":0,"_bbp_total_reply_count":0,"_bbp_voice_count":0,"_bbp_anonymous_reply_count":0,"_bbp_topic_count_hidden":0,"_bbp_reply_count_hidden":0,"_bbp_forum_subforum_count":0,"footnotes":""},"portfolio_category":[1329,1229,1145],"portfolio_skills":[],"portfolio_tags":[],"class_list":["post-20656","avada_portfolio","type-avada_portfolio","status-publish","format-video","has-post-thumbnail","hentry","portfolio_category-1329","portfolio_category-artistas","portfolio_category-artist-residencies"],"acf":[],"aioseo_notices":[],"aioseo_head":"\n\t\t<!-- All in One SEO 5.0.1.1 - aioseo.com -->\n\t<meta name=\"description\" content=\"DOIS MONTES IRM\u00c3OS Um ensaio de \u201cetno-poeisis\u201d audiovisual, de vincula\u00e7\u00e3o entre os relatos locais sobre dois montes situados a cerca de trezentos quil\u00f3metros de dist\u00e2ncia: O Pico Sacro, no concelho de Boqueix\u00f3n (perto de Santiago de Compostela, na prov\u00edncia galega de A Coru\u00f1a) e o Monte de S\u00e3o Mac\u00e1rio, no concelho de S\u00e3o Pedro do\" \/>\n\t<meta name=\"robots\" content=\"max-image-preview:large\" \/>\n\t<meta name=\"author\" content=\"Nely Ferreira\"\/>\n\t<link rel=\"canonical\" href=\"https:\/\/www.binauralmedia.org\/news\/arquivo\/portfolio-items\/luis-costa-2024\" \/>\n\t<meta name=\"generator\" content=\"All in One SEO (AIOSEO) 5.0.1.1\" \/>\n\t\t<meta property=\"og:locale\" content=\"pt_PT\" \/>\n\t\t<meta property=\"og:site_name\" content=\"binauralmedia.org - Rural Based Sound\/Media Arts &amp; Social Research\" \/>\n\t\t<meta property=\"og:type\" content=\"article\" \/>\n\t\t<meta property=\"og:title\" content=\"Lu\u00eds Costa - binauralmedia.org\" \/>\n\t\t<meta property=\"og:description\" content=\"DOIS MONTES IRM\u00c3OS Um ensaio de \u201cetno-poeisis\u201d audiovisual, de vincula\u00e7\u00e3o entre os relatos locais sobre dois montes situados a cerca de trezentos quil\u00f3metros de dist\u00e2ncia: O Pico Sacro, no concelho de Boqueix\u00f3n (perto de Santiago de Compostela, na prov\u00edncia galega de A Coru\u00f1a) e o Monte de S\u00e3o Mac\u00e1rio, no concelho de S\u00e3o Pedro do\" \/>\n\t\t<meta property=\"og:url\" content=\"https:\/\/www.binauralmedia.org\/news\/arquivo\/portfolio-items\/luis-costa-2024\" \/>\n\t\t<meta property=\"article:published_time\" content=\"2024-01-29T10:42:47+00:00\" \/>\n\t\t<meta property=\"article:modified_time\" content=\"2024-04-11T11:19:41+00:00\" \/>\n\t\t<meta name=\"twitter:card\" content=\"summary_large_image\" \/>\n\t\t<meta name=\"twitter:title\" content=\"Lu\u00eds Costa - binauralmedia.org\" \/>\n\t\t<meta name=\"twitter:description\" content=\"DOIS MONTES IRM\u00c3OS Um ensaio de \u201cetno-poeisis\u201d audiovisual, de vincula\u00e7\u00e3o entre os relatos locais sobre dois montes situados a cerca de trezentos quil\u00f3metros de dist\u00e2ncia: O Pico Sacro, no concelho de Boqueix\u00f3n (perto de Santiago de Compostela, na prov\u00edncia galega de A Coru\u00f1a) e o Monte de S\u00e3o Mac\u00e1rio, no concelho de S\u00e3o Pedro do\" \/>\n\t\t<script type=\"application\/ld+json\" class=\"aioseo-schema\">\n\t\t\t{\"@context\":\"https:\\\/\\\/schema.org\",\"@graph\":[{\"@type\":\"BreadcrumbList\",\"@id\":\"https:\\\/\\\/www.binauralmedia.org\\\/news\\\/arquivo\\\/portfolio-items\\\/luis-costa-2024#breadcrumblist\",\"itemListElement\":[{\"@type\":\"ListItem\",\"@id\":\"https:\\\/\\\/www.binauralmedia.org\\\/news#listItem\",\"position\":1,\"name\":\"Home\",\"item\":\"https:\\\/\\\/www.binauralmedia.org\\\/news\",\"nextItem\":{\"@type\":\"ListItem\",\"@id\":\"https:\\\/\\\/www.binauralmedia.org\\\/news\\\/arquivo\\\/portfolio-items#listItem\",\"name\":\"Portfolio\"}},{\"@type\":\"ListItem\",\"@id\":\"https:\\\/\\\/www.binauralmedia.org\\\/news\\\/arquivo\\\/portfolio-items#listItem\",\"position\":2,\"name\":\"Portfolio\",\"item\":\"https:\\\/\\\/www.binauralmedia.org\\\/news\\\/arquivo\\\/portfolio-items\",\"nextItem\":{\"@type\":\"ListItem\",\"@id\":\"https:\\\/\\\/www.binauralmedia.org\\\/news\\\/portfolio_category\\\/activities#listItem\",\"name\":\"Atividades\"},\"previousItem\":{\"@type\":\"ListItem\",\"@id\":\"https:\\\/\\\/www.binauralmedia.org\\\/news#listItem\",\"name\":\"Home\"}},{\"@type\":\"ListItem\",\"@id\":\"https:\\\/\\\/www.binauralmedia.org\\\/news\\\/portfolio_category\\\/activities#listItem\",\"position\":3,\"name\":\"Atividades\",\"item\":\"https:\\\/\\\/www.binauralmedia.org\\\/news\\\/portfolio_category\\\/activities\",\"nextItem\":{\"@type\":\"ListItem\",\"@id\":\"https:\\\/\\\/www.binauralmedia.org\\\/news\\\/portfolio_category\\\/artist-residencies#listItem\",\"name\":\"Resid\\u00eancias Art\\u00edsticas\"},\"previousItem\":{\"@type\":\"ListItem\",\"@id\":\"https:\\\/\\\/www.binauralmedia.org\\\/news\\\/arquivo\\\/portfolio-items#listItem\",\"name\":\"Portfolio\"}},{\"@type\":\"ListItem\",\"@id\":\"https:\\\/\\\/www.binauralmedia.org\\\/news\\\/portfolio_category\\\/artist-residencies#listItem\",\"position\":4,\"name\":\"Resid\\u00eancias Art\\u00edsticas\",\"item\":\"https:\\\/\\\/www.binauralmedia.org\\\/news\\\/portfolio_category\\\/artist-residencies\",\"nextItem\":{\"@type\":\"ListItem\",\"@id\":\"https:\\\/\\\/www.binauralmedia.org\\\/news\\\/arquivo\\\/portfolio-items\\\/luis-costa-2024#listItem\",\"name\":\"Lu\\u00eds Costa\"},\"previousItem\":{\"@type\":\"ListItem\",\"@id\":\"https:\\\/\\\/www.binauralmedia.org\\\/news\\\/portfolio_category\\\/activities#listItem\",\"name\":\"Atividades\"}},{\"@type\":\"ListItem\",\"@id\":\"https:\\\/\\\/www.binauralmedia.org\\\/news\\\/arquivo\\\/portfolio-items\\\/luis-costa-2024#listItem\",\"position\":5,\"name\":\"Lu\\u00eds Costa\",\"previousItem\":{\"@type\":\"ListItem\",\"@id\":\"https:\\\/\\\/www.binauralmedia.org\\\/news\\\/portfolio_category\\\/artist-residencies#listItem\",\"name\":\"Resid\\u00eancias Art\\u00edsticas\"}}]},{\"@type\":\"Organization\",\"@id\":\"https:\\\/\\\/www.binauralmedia.org\\\/news\\\/#organization\",\"name\":\"binauralmedia.org\",\"description\":\"Rural Based Sound\\\/Media Arts & Social Research\",\"url\":\"https:\\\/\\\/www.binauralmedia.org\\\/news\\\/\"},{\"@type\":\"Person\",\"@id\":\"https:\\\/\\\/www.binauralmedia.org\\\/news\\\/arquivo\\\/author\\\/nelyferreira#author\",\"url\":\"https:\\\/\\\/www.binauralmedia.org\\\/news\\\/arquivo\\\/author\\\/nelyferreira\",\"name\":\"Nely Ferreira\"},{\"@type\":\"WebPage\",\"@id\":\"https:\\\/\\\/www.binauralmedia.org\\\/news\\\/arquivo\\\/portfolio-items\\\/luis-costa-2024#webpage\",\"url\":\"https:\\\/\\\/www.binauralmedia.org\\\/news\\\/arquivo\\\/portfolio-items\\\/luis-costa-2024\",\"name\":\"Lu\\u00eds Costa - binauralmedia.org\",\"description\":\"DOIS MONTES IRM\\u00c3OS Um ensaio de \\u201cetno-poeisis\\u201d audiovisual, de vincula\\u00e7\\u00e3o entre os relatos locais sobre dois montes situados a cerca de trezentos quil\\u00f3metros de dist\\u00e2ncia: O Pico Sacro, no concelho de Boqueix\\u00f3n (perto de Santiago de Compostela, na prov\\u00edncia galega de A Coru\\u00f1a) e o Monte de S\\u00e3o Mac\\u00e1rio, no concelho de S\\u00e3o Pedro do\",\"inLanguage\":\"pt-PT\",\"isPartOf\":{\"@id\":\"https:\\\/\\\/www.binauralmedia.org\\\/news\\\/#website\"},\"breadcrumb\":{\"@id\":\"https:\\\/\\\/www.binauralmedia.org\\\/news\\\/arquivo\\\/portfolio-items\\\/luis-costa-2024#breadcrumblist\"},\"author\":{\"@id\":\"https:\\\/\\\/www.binauralmedia.org\\\/news\\\/arquivo\\\/author\\\/nelyferreira#author\"},\"creator\":{\"@id\":\"https:\\\/\\\/www.binauralmedia.org\\\/news\\\/arquivo\\\/author\\\/nelyferreira#author\"},\"image\":{\"@type\":\"ImageObject\",\"url\":\"https:\\\/\\\/www.binauralmedia.org\\\/news\\\/wp-content\\\/uploads\\\/Dois-Montes-Irmaos.jpg\",\"@id\":\"https:\\\/\\\/www.binauralmedia.org\\\/news\\\/arquivo\\\/portfolio-items\\\/luis-costa-2024\\\/#mainImage\",\"width\":1200,\"height\":800},\"primaryImageOfPage\":{\"@id\":\"https:\\\/\\\/www.binauralmedia.org\\\/news\\\/arquivo\\\/portfolio-items\\\/luis-costa-2024#mainImage\"},\"datePublished\":\"2024-01-29T10:42:47+00:00\",\"dateModified\":\"2024-04-11T11:19:41+00:00\"},{\"@type\":\"WebSite\",\"@id\":\"https:\\\/\\\/www.binauralmedia.org\\\/news\\\/#website\",\"url\":\"https:\\\/\\\/www.binauralmedia.org\\\/news\\\/\",\"name\":\"binauralmedia.org\",\"description\":\"Rural Based Sound\\\/Media Arts & Social Research\",\"inLanguage\":\"pt-PT\",\"publisher\":{\"@id\":\"https:\\\/\\\/www.binauralmedia.org\\\/news\\\/#organization\"}}]}\n\t\t<\/script>\n\t\t<!-- All in One SEO -->\n\n","aioseo_head_json":{"title":"Lu\u00eds Costa - binauralmedia.org","description":"DOIS MONTES IRM\u00c3OS Um ensaio de \u201cetno-poeisis\u201d audiovisual, de vincula\u00e7\u00e3o entre os relatos locais sobre dois montes situados a cerca de trezentos quil\u00f3metros de dist\u00e2ncia: O Pico Sacro, no concelho de Boqueix\u00f3n (perto de Santiago de Compostela, na prov\u00edncia galega de A Coru\u00f1a) e o Monte de S\u00e3o Mac\u00e1rio, no concelho de S\u00e3o Pedro do","canonical_url":"https:\/\/www.binauralmedia.org\/news\/arquivo\/portfolio-items\/luis-costa-2024","robots":"max-image-preview:large","keywords":"","webmasterTools":{"miscellaneous":""},"schema":{"@context":"https:\/\/schema.org","@graph":[{"@type":"BreadcrumbList","@id":"https:\/\/www.binauralmedia.org\/news\/arquivo\/portfolio-items\/luis-costa-2024#breadcrumblist","itemListElement":[{"@type":"ListItem","@id":"https:\/\/www.binauralmedia.org\/news#listItem","position":1,"name":"Home","item":"https:\/\/www.binauralmedia.org\/news","nextItem":{"@type":"ListItem","@id":"https:\/\/www.binauralmedia.org\/news\/arquivo\/portfolio-items#listItem","name":"Portfolio"}},{"@type":"ListItem","@id":"https:\/\/www.binauralmedia.org\/news\/arquivo\/portfolio-items#listItem","position":2,"name":"Portfolio","item":"https:\/\/www.binauralmedia.org\/news\/arquivo\/portfolio-items","nextItem":{"@type":"ListItem","@id":"https:\/\/www.binauralmedia.org\/news\/portfolio_category\/activities#listItem","name":"Atividades"},"previousItem":{"@type":"ListItem","@id":"https:\/\/www.binauralmedia.org\/news#listItem","name":"Home"}},{"@type":"ListItem","@id":"https:\/\/www.binauralmedia.org\/news\/portfolio_category\/activities#listItem","position":3,"name":"Atividades","item":"https:\/\/www.binauralmedia.org\/news\/portfolio_category\/activities","nextItem":{"@type":"ListItem","@id":"https:\/\/www.binauralmedia.org\/news\/portfolio_category\/artist-residencies#listItem","name":"Resid\u00eancias Art\u00edsticas"},"previousItem":{"@type":"ListItem","@id":"https:\/\/www.binauralmedia.org\/news\/arquivo\/portfolio-items#listItem","name":"Portfolio"}},{"@type":"ListItem","@id":"https:\/\/www.binauralmedia.org\/news\/portfolio_category\/artist-residencies#listItem","position":4,"name":"Resid\u00eancias Art\u00edsticas","item":"https:\/\/www.binauralmedia.org\/news\/portfolio_category\/artist-residencies","nextItem":{"@type":"ListItem","@id":"https:\/\/www.binauralmedia.org\/news\/arquivo\/portfolio-items\/luis-costa-2024#listItem","name":"Lu\u00eds Costa"},"previousItem":{"@type":"ListItem","@id":"https:\/\/www.binauralmedia.org\/news\/portfolio_category\/activities#listItem","name":"Atividades"}},{"@type":"ListItem","@id":"https:\/\/www.binauralmedia.org\/news\/arquivo\/portfolio-items\/luis-costa-2024#listItem","position":5,"name":"Lu\u00eds Costa","previousItem":{"@type":"ListItem","@id":"https:\/\/www.binauralmedia.org\/news\/portfolio_category\/artist-residencies#listItem","name":"Resid\u00eancias Art\u00edsticas"}}]},{"@type":"Organization","@id":"https:\/\/www.binauralmedia.org\/news\/#organization","name":"binauralmedia.org","description":"Rural Based Sound\/Media Arts & Social Research","url":"https:\/\/www.binauralmedia.org\/news\/"},{"@type":"Person","@id":"https:\/\/www.binauralmedia.org\/news\/arquivo\/author\/nelyferreira#author","url":"https:\/\/www.binauralmedia.org\/news\/arquivo\/author\/nelyferreira","name":"Nely Ferreira"},{"@type":"WebPage","@id":"https:\/\/www.binauralmedia.org\/news\/arquivo\/portfolio-items\/luis-costa-2024#webpage","url":"https:\/\/www.binauralmedia.org\/news\/arquivo\/portfolio-items\/luis-costa-2024","name":"Lu\u00eds Costa - binauralmedia.org","description":"DOIS MONTES IRM\u00c3OS Um ensaio de \u201cetno-poeisis\u201d audiovisual, de vincula\u00e7\u00e3o entre os relatos locais sobre dois montes situados a cerca de trezentos quil\u00f3metros de dist\u00e2ncia: O Pico Sacro, no concelho de Boqueix\u00f3n (perto de Santiago de Compostela, na prov\u00edncia galega de A Coru\u00f1a) e o Monte de S\u00e3o Mac\u00e1rio, no concelho de S\u00e3o Pedro do","inLanguage":"pt-PT","isPartOf":{"@id":"https:\/\/www.binauralmedia.org\/news\/#website"},"breadcrumb":{"@id":"https:\/\/www.binauralmedia.org\/news\/arquivo\/portfolio-items\/luis-costa-2024#breadcrumblist"},"author":{"@id":"https:\/\/www.binauralmedia.org\/news\/arquivo\/author\/nelyferreira#author"},"creator":{"@id":"https:\/\/www.binauralmedia.org\/news\/arquivo\/author\/nelyferreira#author"},"image":{"@type":"ImageObject","url":"https:\/\/www.binauralmedia.org\/news\/wp-content\/uploads\/Dois-Montes-Irmaos.jpg","@id":"https:\/\/www.binauralmedia.org\/news\/arquivo\/portfolio-items\/luis-costa-2024\/#mainImage","width":1200,"height":800},"primaryImageOfPage":{"@id":"https:\/\/www.binauralmedia.org\/news\/arquivo\/portfolio-items\/luis-costa-2024#mainImage"},"datePublished":"2024-01-29T10:42:47+00:00","dateModified":"2024-04-11T11:19:41+00:00"},{"@type":"WebSite","@id":"https:\/\/www.binauralmedia.org\/news\/#website","url":"https:\/\/www.binauralmedia.org\/news\/","name":"binauralmedia.org","description":"Rural Based Sound\/Media Arts & Social Research","inLanguage":"pt-PT","publisher":{"@id":"https:\/\/www.binauralmedia.org\/news\/#organization"}}]},"og:locale":"pt_PT","og:site_name":"binauralmedia.org - Rural Based Sound\/Media Arts &amp; Social Research","og:type":"article","og:title":"Lu\u00eds Costa - binauralmedia.org","og:description":"DOIS MONTES IRM\u00c3OS Um ensaio de \u201cetno-poeisis\u201d audiovisual, de vincula\u00e7\u00e3o entre os relatos locais sobre dois montes situados a cerca de trezentos quil\u00f3metros de dist\u00e2ncia: O Pico Sacro, no concelho de Boqueix\u00f3n (perto de Santiago de Compostela, na prov\u00edncia galega de A Coru\u00f1a) e o Monte de S\u00e3o Mac\u00e1rio, no concelho de S\u00e3o Pedro do","og:url":"https:\/\/www.binauralmedia.org\/news\/arquivo\/portfolio-items\/luis-costa-2024","article:published_time":"2024-01-29T10:42:47+00:00","article:modified_time":"2024-04-11T11:19:41+00:00","twitter:card":"summary_large_image","twitter:title":"Lu\u00eds Costa - binauralmedia.org","twitter:description":"DOIS MONTES IRM\u00c3OS Um ensaio de \u201cetno-poeisis\u201d audiovisual, de vincula\u00e7\u00e3o entre os relatos locais sobre dois montes situados a cerca de trezentos quil\u00f3metros de dist\u00e2ncia: O Pico Sacro, no concelho de Boqueix\u00f3n (perto de Santiago de Compostela, na prov\u00edncia galega de A Coru\u00f1a) e o Monte de S\u00e3o Mac\u00e1rio, no concelho de S\u00e3o Pedro do"},"aioseo_meta_data":{"post_id":"20656","title":null,"description":null,"keywords":null,"keyphrases":null,"primary_term":null,"canonical_url":null,"og_title":null,"og_description":null,"og_object_type":"default","og_image_type":"default","og_image_custom_url":null,"og_image_custom_fields":null,"og_image_url":null,"og_image_width":null,"og_image_height":null,"og_video":null,"og_custom_url":null,"og_article_section":null,"og_article_tags":null,"twitter_use_og":false,"twitter_card":"default","twitter_image_type":"default","twitter_image_custom_url":null,"twitter_image_custom_fields":null,"twitter_image_url":null,"twitter_title":null,"twitter_description":null,"schema_type":"default","schema_type_options":null,"schema":{"blockGraphs":[],"customGraphs":[],"default":{"data":{"Article":[],"Course":[],"Dataset":[],"FAQPage":[],"Movie":[],"Person":[],"Product":[],"ProductReview":[],"Car":[],"Recipe":[],"Service":[],"SoftwareApplication":[],"WebPage":[]},"graphName":"","isEnabled":true},"graphs":[]},"pillar_content":false,"robots_default":true,"robots_noindex":false,"robots_noarchive":false,"robots_nosnippet":false,"robots_nofollow":false,"robots_noimageindex":false,"robots_noodp":false,"robots_notranslate":false,"robots_max_snippet":null,"robots_max_videopreview":null,"robots_max_imagepreview":"large","priority":null,"frequency":null,"local_seo":null,"limit_modified_date":false,"ai":null,"breadcrumb_settings":null,"seo_analyzer_scan_date":null,"created":"2026-08-04 23:34:46","updated":"2026-08-04 23:34:46","focus_keyword":null,"additional_keywords":null,"truseo_locale":null},"aioseo_breadcrumb":"<div class=\"aioseo-breadcrumbs\"><span class=\"aioseo-breadcrumb\">\n\t\t\t<a href=\"https:\/\/www.binauralmedia.org\/news\" title=\"Home\">Home<\/a>\n\t\t<\/span><span class=\"aioseo-breadcrumb-separator\">&raquo;<\/span><span class=\"aioseo-breadcrumb\">\n\t\t\t<a href=\"https:\/\/www.binauralmedia.org\/news\/arquivo\/portfolio-items\" title=\"Portfolio\">Portfolio<\/a>\n\t\t<\/span><span class=\"aioseo-breadcrumb-separator\">&raquo;<\/span><span class=\"aioseo-breadcrumb\">\n\t\t\t<a href=\"https:\/\/www.binauralmedia.org\/news\/portfolio_category\/activities\" title=\"Atividades\">Atividades<\/a>\n\t\t<\/span><span class=\"aioseo-breadcrumb-separator\">&raquo;<\/span><span class=\"aioseo-breadcrumb\">\n\t\t\t<a href=\"https:\/\/www.binauralmedia.org\/news\/portfolio_category\/artist-residencies\" title=\"Resid\u00eancias Art\u00edsticas\">Resid\u00eancias Art\u00edsticas<\/a>\n\t\t<\/span><span class=\"aioseo-breadcrumb-separator\">&raquo;<\/span><span class=\"aioseo-breadcrumb\">\n\t\t\tLu\u00eds Costa\n\t\t<\/span><\/div>","aioseo_breadcrumb_json":[{"label":"Home","link":"https:\/\/www.binauralmedia.org\/news"},{"label":"Portfolio","link":"https:\/\/www.binauralmedia.org\/news\/arquivo\/portfolio-items"},{"label":"Atividades","link":"https:\/\/www.binauralmedia.org\/news\/portfolio_category\/activities"},{"label":"Resid\u00eancias Art\u00edsticas","link":"https:\/\/www.binauralmedia.org\/news\/portfolio_category\/artist-residencies"},{"label":"Lu\u00eds Costa","link":"https:\/\/www.binauralmedia.org\/news\/arquivo\/portfolio-items\/luis-costa-2024"}],"_links":{"self":[{"href":"https:\/\/www.binauralmedia.org\/news\/wp-json\/wp\/v2\/avada_portfolio\/20656","targetHints":{"allow":["GET"]}}],"collection":[{"href":"https:\/\/www.binauralmedia.org\/news\/wp-json\/wp\/v2\/avada_portfolio"}],"about":[{"href":"https:\/\/www.binauralmedia.org\/news\/wp-json\/wp\/v2\/types\/avada_portfolio"}],"author":[{"embeddable":true,"href":"https:\/\/www.binauralmedia.org\/news\/wp-json\/wp\/v2\/users\/8"}],"replies":[{"embeddable":true,"href":"https:\/\/www.binauralmedia.org\/news\/wp-json\/wp\/v2\/comments?post=20656"}],"version-history":[{"count":5,"href":"https:\/\/www.binauralmedia.org\/news\/wp-json\/wp\/v2\/avada_portfolio\/20656\/revisions"}],"predecessor-version":[{"id":20986,"href":"https:\/\/www.binauralmedia.org\/news\/wp-json\/wp\/v2\/avada_portfolio\/20656\/revisions\/20986"}],"wp:featuredmedia":[{"embeddable":true,"href":"https:\/\/www.binauralmedia.org\/news\/wp-json\/wp\/v2\/media\/20593"}],"wp:attachment":[{"href":"https:\/\/www.binauralmedia.org\/news\/wp-json\/wp\/v2\/media?parent=20656"}],"wp:term":[{"taxonomy":"portfolio_category","embeddable":true,"href":"https:\/\/www.binauralmedia.org\/news\/wp-json\/wp\/v2\/portfolio_category?post=20656"},{"taxonomy":"portfolio_skills","embeddable":true,"href":"https:\/\/www.binauralmedia.org\/news\/wp-json\/wp\/v2\/portfolio_skills?post=20656"},{"taxonomy":"portfolio_tags","embeddable":true,"href":"https:\/\/www.binauralmedia.org\/news\/wp-json\/wp\/v2\/portfolio_tags?post=20656"}],"curies":[{"name":"wp","href":"https:\/\/api.w.org\/{rel}","templated":true}]}}