{"id":20545,"date":"2011-02-28T17:10:54","date_gmt":"2011-02-28T17:10:54","guid":{"rendered":"https:\/\/www.binauralmedia.org\/news?post_type=avada_portfolio&#038;p=20545"},"modified":"2023-12-14T17:30:00","modified_gmt":"2023-12-14T17:30:00","slug":"luis-costa-2011","status":"publish","type":"avada_portfolio","link":"https:\/\/www.binauralmedia.org\/news\/arquivo\/portfolio-items\/luis-costa-2011","title":{"rendered":"Luis Costa (2011)"},"content":{"rendered":"<div class=\"fusion-fullwidth fullwidth-box fusion-builder-row-1 fusion-flex-container has-pattern-background has-mask-background nonhundred-percent-fullwidth non-hundred-percent-height-scrolling\" style=\"--awb-border-radius-top-left:0px;--awb-border-radius-top-right:0px;--awb-border-radius-bottom-right:0px;--awb-border-radius-bottom-left:0px;--awb-flex-wrap:wrap;\" ><div class=\"fusion-builder-row fusion-row fusion-flex-align-items-flex-start fusion-flex-content-wrap\" style=\"max-width:1144px;margin-left: calc(-4% \/ 2 );margin-right: calc(-4% \/ 2 );\"><div class=\"fusion-layout-column fusion_builder_column fusion-builder-column-0 fusion_builder_column_1_1 1_1 fusion-flex-column\" style=\"--awb-bg-size:cover;--awb-width-large:100%;--awb-margin-top-large:0px;--awb-spacing-right-large:1.92%;--awb-margin-bottom-large:20px;--awb-spacing-left-large:1.92%;--awb-width-medium:100%;--awb-order-medium:0;--awb-spacing-right-medium:1.92%;--awb-spacing-left-medium:1.92%;--awb-width-small:100%;--awb-order-small:0;--awb-spacing-right-small:1.92%;--awb-spacing-left-small:1.92%;\"><div class=\"fusion-column-wrapper fusion-column-has-shadow fusion-flex-justify-content-flex-start fusion-content-layout-column\"><div class=\"fusion-text fusion-text-1\"><p>Um inqu\u00e9rito sonoro e visual \u00e0 subjetividade do territ\u00f3rio. H\u00e1 quase quarenta anos que imaginava como seria o lugar onde nasce o rio Paiva. O mesmo rio que passa na minha aldeia de Nodar, situada a 60 km da nascente. Transportando comigo as imagens da paisagem que conhe\u00e7o, por fim fui em busca das vozes da nascente. O mais reconfortante foi perceber que, o que se suponha ser um dado inquestion\u00e1vel &#8211; o rio nasce neste lugar exato &#8211; resultou num emaranhado de informa\u00e7\u00f5es, t\u00e3o denso quanto os fios de \u00e1gua que alimentam o rio na nascente<\/p>\n<p>Lu\u00eds Costa (1968). Presidente da Binaural\/Nodar (S\u00e3o Pedro do Sul, Portugal). Curador, programador, organizador e documentarista sonoro e v\u00eddeo. Desde 2006 desenvolve projetos de documenta\u00e7\u00e3o e educa\u00e7\u00e3o sonora e v\u00eddeo nas montanhas dos maci\u00e7os da Gralheira, Arada e Montemuro. Coordenador do Nodar Rural Art Lab, um, espa\u00e7o de pesquisa art\u00edstica multim\u00e9dia na aldeia rural de Nodar, o qual acolheu j\u00e1 mais de uma centena de artistas e investigadores. Coordenador do Arquivo da Mem\u00f3ria de D\u00e3o-Laf\u00f5es e Paiva, um projeto de pesquisa, cataloga\u00e7\u00e3o e mapeamento audiovisual da mem\u00f3ria coletiva de territ\u00f3rios dos distritos de Viseu e Aveiro. Realizou o document\u00e1rio sonoro\/v\u00eddeo experimental \u201cOnde nasce o meu Paiva?\u201d, estreado em 2011 durante o Festival Paivascapes #1. Enquanto artista sonoro, publicou em 2011 na Edi\u00e7\u00f5es Nodar, com o artista sonoro ingl\u00eas Jez riley French, o CD \u201cSonata for Clarinet and Nodar\u201d. Co-editou em 2011 o cat\u00e1logo e CD duplo \u201cTr\u00eas Anos em Nodar &#8211; Pr\u00e1ticas Art\u00edsticas em Contexto Espec\u00edfico no Portugal Rural\u201d, publicou em 2012 o livro de ensaios e entrevistas \u201cViver um Mundo Antigo: Textos de Arte e Territ\u00f3rio (2012-2008) e co-editou j\u00e1 em 2014, o livro+DVD \u201cIl Senso del Dolore: Due Opere di Manuela Barile\u201d, publicado em conjunto pelas Edi\u00e7\u00f5es Nodar e pela editora italiana La Parete della Caverna.<\/p>\n<\/div><div class=\"fusion-video fusion-vimeo\" style=\"--awb-max-width:600px;--awb-max-height:360px;\"><div class=\"video-shortcode\"><div class=\"fluid-width-video-wrapper\" style=\"padding-top:60%;\" ><iframe title=\"Vimeo video player 1\" src=\"https:\/\/player.vimeo.com\/video\/90695235?autoplay=0&amp;autopause=0\" width=\"600\" height=\"360\" allowfullscreen allow=\"autoplay; fullscreen\"><\/iframe><\/div><\/div><\/div><\/div><\/div><\/div><\/div>\n","protected":false},"excerpt":{"rendered":"","protected":false},"author":13,"featured_media":20546,"menu_order":0,"comment_status":"closed","ping_status":"closed","template":"","format":"video","meta":{"_acf_changed":false,"_bbp_topic_count":0,"_bbp_reply_count":0,"_bbp_total_topic_count":0,"_bbp_total_reply_count":0,"_bbp_voice_count":0,"_bbp_anonymous_reply_count":0,"_bbp_topic_count_hidden":0,"_bbp_reply_count_hidden":0,"_bbp_forum_subforum_count":0,"footnotes":""},"portfolio_category":[1236,1229],"portfolio_skills":[],"portfolio_tags":[],"class_list":["post-20545","avada_portfolio","type-avada_portfolio","status-publish","format-video","has-post-thumbnail","hentry","portfolio_category-1236","portfolio_category-artistas"],"acf":[],"aioseo_notices":[],"aioseo_head":"\n\t\t<!-- All in One SEO 5.0.1.1 - aioseo.com -->\n\t<meta name=\"description\" content=\"Um inqu\u00e9rito sonoro e visual \u00e0 subjetividade do territ\u00f3rio. H\u00e1 quase quarenta anos que imaginava como seria o lugar onde nasce o rio Paiva. O mesmo rio que passa na minha aldeia de Nodar, situada a 60 km da nascente. Transportando comigo as imagens da paisagem que conhe\u00e7o, por fim fui em busca das vozes\" \/>\n\t<meta name=\"robots\" content=\"max-image-preview:large\" \/>\n\t<meta name=\"author\" content=\"Ana Ferreira\"\/>\n\t<link rel=\"canonical\" href=\"https:\/\/www.binauralmedia.org\/news\/arquivo\/portfolio-items\/luis-costa-2011\" \/>\n\t<meta name=\"generator\" content=\"All in One SEO (AIOSEO) 5.0.1.1\" \/>\n\t\t<meta property=\"og:locale\" content=\"pt_PT\" \/>\n\t\t<meta property=\"og:site_name\" content=\"binauralmedia.org - Rural Based Sound\/Media Arts &amp; Social Research\" \/>\n\t\t<meta property=\"og:type\" content=\"article\" \/>\n\t\t<meta property=\"og:title\" content=\"Luis Costa (2011) - binauralmedia.org\" \/>\n\t\t<meta property=\"og:description\" content=\"Um inqu\u00e9rito sonoro e visual \u00e0 subjetividade do territ\u00f3rio. H\u00e1 quase quarenta anos que imaginava como seria o lugar onde nasce o rio Paiva. O mesmo rio que passa na minha aldeia de Nodar, situada a 60 km da nascente. Transportando comigo as imagens da paisagem que conhe\u00e7o, por fim fui em busca das vozes\" \/>\n\t\t<meta property=\"og:url\" content=\"https:\/\/www.binauralmedia.org\/news\/arquivo\/portfolio-items\/luis-costa-2011\" \/>\n\t\t<meta property=\"article:published_time\" content=\"2011-02-28T17:10:54+00:00\" \/>\n\t\t<meta property=\"article:modified_time\" content=\"2023-12-14T17:30:00+00:00\" \/>\n\t\t<meta name=\"twitter:card\" content=\"summary_large_image\" \/>\n\t\t<meta name=\"twitter:title\" content=\"Luis Costa (2011) - binauralmedia.org\" \/>\n\t\t<meta name=\"twitter:description\" content=\"Um inqu\u00e9rito sonoro e visual \u00e0 subjetividade do territ\u00f3rio. H\u00e1 quase quarenta anos que imaginava como seria o lugar onde nasce o rio Paiva. O mesmo rio que passa na minha aldeia de Nodar, situada a 60 km da nascente. Transportando comigo as imagens da paisagem que conhe\u00e7o, por fim fui em busca das vozes\" \/>\n\t\t<script type=\"application\/ld+json\" class=\"aioseo-schema\">\n\t\t\t{\"@context\":\"https:\\\/\\\/schema.org\",\"@graph\":[{\"@type\":\"BreadcrumbList\",\"@id\":\"https:\\\/\\\/www.binauralmedia.org\\\/news\\\/arquivo\\\/portfolio-items\\\/luis-costa-2011#breadcrumblist\",\"itemListElement\":[{\"@type\":\"ListItem\",\"@id\":\"https:\\\/\\\/www.binauralmedia.org\\\/news#listItem\",\"position\":1,\"name\":\"Home\",\"item\":\"https:\\\/\\\/www.binauralmedia.org\\\/news\",\"nextItem\":{\"@type\":\"ListItem\",\"@id\":\"https:\\\/\\\/www.binauralmedia.org\\\/news\\\/arquivo\\\/portfolio-items#listItem\",\"name\":\"Portfolio\"}},{\"@type\":\"ListItem\",\"@id\":\"https:\\\/\\\/www.binauralmedia.org\\\/news\\\/arquivo\\\/portfolio-items#listItem\",\"position\":2,\"name\":\"Portfolio\",\"item\":\"https:\\\/\\\/www.binauralmedia.org\\\/news\\\/arquivo\\\/portfolio-items\",\"nextItem\":{\"@type\":\"ListItem\",\"@id\":\"https:\\\/\\\/www.binauralmedia.org\\\/news\\\/portfolio_category\\\/artistas#listItem\",\"name\":\"Artistas\"},\"previousItem\":{\"@type\":\"ListItem\",\"@id\":\"https:\\\/\\\/www.binauralmedia.org\\\/news#listItem\",\"name\":\"Home\"}},{\"@type\":\"ListItem\",\"@id\":\"https:\\\/\\\/www.binauralmedia.org\\\/news\\\/portfolio_category\\\/artistas#listItem\",\"position\":3,\"name\":\"Artistas\",\"item\":\"https:\\\/\\\/www.binauralmedia.org\\\/news\\\/portfolio_category\\\/artistas\",\"nextItem\":{\"@type\":\"ListItem\",\"@id\":\"https:\\\/\\\/www.binauralmedia.org\\\/news\\\/portfolio_category\\\/2011#listItem\",\"name\":\"2011\"},\"previousItem\":{\"@type\":\"ListItem\",\"@id\":\"https:\\\/\\\/www.binauralmedia.org\\\/news\\\/arquivo\\\/portfolio-items#listItem\",\"name\":\"Portfolio\"}},{\"@type\":\"ListItem\",\"@id\":\"https:\\\/\\\/www.binauralmedia.org\\\/news\\\/portfolio_category\\\/2011#listItem\",\"position\":4,\"name\":\"2011\",\"item\":\"https:\\\/\\\/www.binauralmedia.org\\\/news\\\/portfolio_category\\\/2011\",\"nextItem\":{\"@type\":\"ListItem\",\"@id\":\"https:\\\/\\\/www.binauralmedia.org\\\/news\\\/arquivo\\\/portfolio-items\\\/luis-costa-2011#listItem\",\"name\":\"Luis Costa (2011)\"},\"previousItem\":{\"@type\":\"ListItem\",\"@id\":\"https:\\\/\\\/www.binauralmedia.org\\\/news\\\/portfolio_category\\\/artistas#listItem\",\"name\":\"Artistas\"}},{\"@type\":\"ListItem\",\"@id\":\"https:\\\/\\\/www.binauralmedia.org\\\/news\\\/arquivo\\\/portfolio-items\\\/luis-costa-2011#listItem\",\"position\":5,\"name\":\"Luis Costa (2011)\",\"previousItem\":{\"@type\":\"ListItem\",\"@id\":\"https:\\\/\\\/www.binauralmedia.org\\\/news\\\/portfolio_category\\\/2011#listItem\",\"name\":\"2011\"}}]},{\"@type\":\"Organization\",\"@id\":\"https:\\\/\\\/www.binauralmedia.org\\\/news\\\/#organization\",\"name\":\"binauralmedia.org\",\"description\":\"Rural Based Sound\\\/Media Arts & Social Research\",\"url\":\"https:\\\/\\\/www.binauralmedia.org\\\/news\\\/\"},{\"@type\":\"Person\",\"@id\":\"https:\\\/\\\/www.binauralmedia.org\\\/news\\\/arquivo\\\/author\\\/anaferreira#author\",\"url\":\"https:\\\/\\\/www.binauralmedia.org\\\/news\\\/arquivo\\\/author\\\/anaferreira\",\"name\":\"Ana Ferreira\"},{\"@type\":\"WebPage\",\"@id\":\"https:\\\/\\\/www.binauralmedia.org\\\/news\\\/arquivo\\\/portfolio-items\\\/luis-costa-2011#webpage\",\"url\":\"https:\\\/\\\/www.binauralmedia.org\\\/news\\\/arquivo\\\/portfolio-items\\\/luis-costa-2011\",\"name\":\"Luis Costa (2011) - binauralmedia.org\",\"description\":\"Um inqu\\u00e9rito sonoro e visual \\u00e0 subjetividade do territ\\u00f3rio. H\\u00e1 quase quarenta anos que imaginava como seria o lugar onde nasce o rio Paiva. O mesmo rio que passa na minha aldeia de Nodar, situada a 60 km da nascente. Transportando comigo as imagens da paisagem que conhe\\u00e7o, por fim fui em busca das vozes\",\"inLanguage\":\"pt-PT\",\"isPartOf\":{\"@id\":\"https:\\\/\\\/www.binauralmedia.org\\\/news\\\/#website\"},\"breadcrumb\":{\"@id\":\"https:\\\/\\\/www.binauralmedia.org\\\/news\\\/arquivo\\\/portfolio-items\\\/luis-costa-2011#breadcrumblist\"},\"author\":{\"@id\":\"https:\\\/\\\/www.binauralmedia.org\\\/news\\\/arquivo\\\/author\\\/anaferreira#author\"},\"creator\":{\"@id\":\"https:\\\/\\\/www.binauralmedia.org\\\/news\\\/arquivo\\\/author\\\/anaferreira#author\"},\"image\":{\"@type\":\"ImageObject\",\"url\":\"https:\\\/\\\/www.binauralmedia.org\\\/news\\\/wp-content\\\/uploads\\\/NODAR.00309-Luis-Costa-Onde-Nasce-o-meu-Paiva-Carapito-Moimenta-da-Beira.png\",\"@id\":\"https:\\\/\\\/www.binauralmedia.org\\\/news\\\/arquivo\\\/portfolio-items\\\/luis-costa-2011\\\/#mainImage\",\"width\":1200,\"height\":800},\"primaryImageOfPage\":{\"@id\":\"https:\\\/\\\/www.binauralmedia.org\\\/news\\\/arquivo\\\/portfolio-items\\\/luis-costa-2011#mainImage\"},\"datePublished\":\"2011-02-28T17:10:54+00:00\",\"dateModified\":\"2023-12-14T17:30:00+00:00\"},{\"@type\":\"WebSite\",\"@id\":\"https:\\\/\\\/www.binauralmedia.org\\\/news\\\/#website\",\"url\":\"https:\\\/\\\/www.binauralmedia.org\\\/news\\\/\",\"name\":\"binauralmedia.org\",\"description\":\"Rural Based Sound\\\/Media Arts & Social Research\",\"inLanguage\":\"pt-PT\",\"publisher\":{\"@id\":\"https:\\\/\\\/www.binauralmedia.org\\\/news\\\/#organization\"}}]}\n\t\t<\/script>\n\t\t<!-- All in One SEO -->\n\n","aioseo_head_json":{"title":"Luis Costa (2011) - binauralmedia.org","description":"Um inqu\u00e9rito sonoro e visual \u00e0 subjetividade do territ\u00f3rio. H\u00e1 quase quarenta anos que imaginava como seria o lugar onde nasce o rio Paiva. O mesmo rio que passa na minha aldeia de Nodar, situada a 60 km da nascente. Transportando comigo as imagens da paisagem que conhe\u00e7o, por fim fui em busca das vozes","canonical_url":"https:\/\/www.binauralmedia.org\/news\/arquivo\/portfolio-items\/luis-costa-2011","robots":"max-image-preview:large","keywords":"","webmasterTools":{"miscellaneous":""},"schema":{"@context":"https:\/\/schema.org","@graph":[{"@type":"BreadcrumbList","@id":"https:\/\/www.binauralmedia.org\/news\/arquivo\/portfolio-items\/luis-costa-2011#breadcrumblist","itemListElement":[{"@type":"ListItem","@id":"https:\/\/www.binauralmedia.org\/news#listItem","position":1,"name":"Home","item":"https:\/\/www.binauralmedia.org\/news","nextItem":{"@type":"ListItem","@id":"https:\/\/www.binauralmedia.org\/news\/arquivo\/portfolio-items#listItem","name":"Portfolio"}},{"@type":"ListItem","@id":"https:\/\/www.binauralmedia.org\/news\/arquivo\/portfolio-items#listItem","position":2,"name":"Portfolio","item":"https:\/\/www.binauralmedia.org\/news\/arquivo\/portfolio-items","nextItem":{"@type":"ListItem","@id":"https:\/\/www.binauralmedia.org\/news\/portfolio_category\/artistas#listItem","name":"Artistas"},"previousItem":{"@type":"ListItem","@id":"https:\/\/www.binauralmedia.org\/news#listItem","name":"Home"}},{"@type":"ListItem","@id":"https:\/\/www.binauralmedia.org\/news\/portfolio_category\/artistas#listItem","position":3,"name":"Artistas","item":"https:\/\/www.binauralmedia.org\/news\/portfolio_category\/artistas","nextItem":{"@type":"ListItem","@id":"https:\/\/www.binauralmedia.org\/news\/portfolio_category\/2011#listItem","name":"2011"},"previousItem":{"@type":"ListItem","@id":"https:\/\/www.binauralmedia.org\/news\/arquivo\/portfolio-items#listItem","name":"Portfolio"}},{"@type":"ListItem","@id":"https:\/\/www.binauralmedia.org\/news\/portfolio_category\/2011#listItem","position":4,"name":"2011","item":"https:\/\/www.binauralmedia.org\/news\/portfolio_category\/2011","nextItem":{"@type":"ListItem","@id":"https:\/\/www.binauralmedia.org\/news\/arquivo\/portfolio-items\/luis-costa-2011#listItem","name":"Luis Costa (2011)"},"previousItem":{"@type":"ListItem","@id":"https:\/\/www.binauralmedia.org\/news\/portfolio_category\/artistas#listItem","name":"Artistas"}},{"@type":"ListItem","@id":"https:\/\/www.binauralmedia.org\/news\/arquivo\/portfolio-items\/luis-costa-2011#listItem","position":5,"name":"Luis Costa (2011)","previousItem":{"@type":"ListItem","@id":"https:\/\/www.binauralmedia.org\/news\/portfolio_category\/2011#listItem","name":"2011"}}]},{"@type":"Organization","@id":"https:\/\/www.binauralmedia.org\/news\/#organization","name":"binauralmedia.org","description":"Rural Based Sound\/Media Arts & Social Research","url":"https:\/\/www.binauralmedia.org\/news\/"},{"@type":"Person","@id":"https:\/\/www.binauralmedia.org\/news\/arquivo\/author\/anaferreira#author","url":"https:\/\/www.binauralmedia.org\/news\/arquivo\/author\/anaferreira","name":"Ana Ferreira"},{"@type":"WebPage","@id":"https:\/\/www.binauralmedia.org\/news\/arquivo\/portfolio-items\/luis-costa-2011#webpage","url":"https:\/\/www.binauralmedia.org\/news\/arquivo\/portfolio-items\/luis-costa-2011","name":"Luis Costa (2011) - binauralmedia.org","description":"Um inqu\u00e9rito sonoro e visual \u00e0 subjetividade do territ\u00f3rio. H\u00e1 quase quarenta anos que imaginava como seria o lugar onde nasce o rio Paiva. O mesmo rio que passa na minha aldeia de Nodar, situada a 60 km da nascente. Transportando comigo as imagens da paisagem que conhe\u00e7o, por fim fui em busca das vozes","inLanguage":"pt-PT","isPartOf":{"@id":"https:\/\/www.binauralmedia.org\/news\/#website"},"breadcrumb":{"@id":"https:\/\/www.binauralmedia.org\/news\/arquivo\/portfolio-items\/luis-costa-2011#breadcrumblist"},"author":{"@id":"https:\/\/www.binauralmedia.org\/news\/arquivo\/author\/anaferreira#author"},"creator":{"@id":"https:\/\/www.binauralmedia.org\/news\/arquivo\/author\/anaferreira#author"},"image":{"@type":"ImageObject","url":"https:\/\/www.binauralmedia.org\/news\/wp-content\/uploads\/NODAR.00309-Luis-Costa-Onde-Nasce-o-meu-Paiva-Carapito-Moimenta-da-Beira.png","@id":"https:\/\/www.binauralmedia.org\/news\/arquivo\/portfolio-items\/luis-costa-2011\/#mainImage","width":1200,"height":800},"primaryImageOfPage":{"@id":"https:\/\/www.binauralmedia.org\/news\/arquivo\/portfolio-items\/luis-costa-2011#mainImage"},"datePublished":"2011-02-28T17:10:54+00:00","dateModified":"2023-12-14T17:30:00+00:00"},{"@type":"WebSite","@id":"https:\/\/www.binauralmedia.org\/news\/#website","url":"https:\/\/www.binauralmedia.org\/news\/","name":"binauralmedia.org","description":"Rural Based Sound\/Media Arts & Social Research","inLanguage":"pt-PT","publisher":{"@id":"https:\/\/www.binauralmedia.org\/news\/#organization"}}]},"og:locale":"pt_PT","og:site_name":"binauralmedia.org - Rural Based Sound\/Media Arts &amp; Social Research","og:type":"article","og:title":"Luis Costa (2011) - binauralmedia.org","og:description":"Um inqu\u00e9rito sonoro e visual \u00e0 subjetividade do territ\u00f3rio. H\u00e1 quase quarenta anos que imaginava como seria o lugar onde nasce o rio Paiva. O mesmo rio que passa na minha aldeia de Nodar, situada a 60 km da nascente. Transportando comigo as imagens da paisagem que conhe\u00e7o, por fim fui em busca das vozes","og:url":"https:\/\/www.binauralmedia.org\/news\/arquivo\/portfolio-items\/luis-costa-2011","article:published_time":"2011-02-28T17:10:54+00:00","article:modified_time":"2023-12-14T17:30:00+00:00","twitter:card":"summary_large_image","twitter:title":"Luis Costa (2011) - binauralmedia.org","twitter:description":"Um inqu\u00e9rito sonoro e visual \u00e0 subjetividade do territ\u00f3rio. H\u00e1 quase quarenta anos que imaginava como seria o lugar onde nasce o rio Paiva. O mesmo rio que passa na minha aldeia de Nodar, situada a 60 km da nascente. Transportando comigo as imagens da paisagem que conhe\u00e7o, por fim fui em busca das vozes"},"aioseo_meta_data":{"post_id":"20545","title":null,"description":null,"keywords":null,"keyphrases":null,"primary_term":null,"canonical_url":null,"og_title":null,"og_description":null,"og_object_type":"default","og_image_type":"default","og_image_custom_url":null,"og_image_custom_fields":null,"og_image_url":null,"og_image_width":null,"og_image_height":null,"og_video":null,"og_custom_url":null,"og_article_section":null,"og_article_tags":null,"twitter_use_og":false,"twitter_card":"default","twitter_image_type":"default","twitter_image_custom_url":null,"twitter_image_custom_fields":null,"twitter_image_url":null,"twitter_title":null,"twitter_description":null,"schema_type":"default","schema_type_options":null,"schema":{"blockGraphs":[],"customGraphs":[],"default":{"data":{"Article":[],"Course":[],"Dataset":[],"FAQPage":[],"Movie":[],"Person":[],"Product":[],"ProductReview":[],"Car":[],"Recipe":[],"Service":[],"SoftwareApplication":[],"WebPage":[]},"graphName":"","isEnabled":true},"graphs":[]},"pillar_content":false,"robots_default":true,"robots_noindex":false,"robots_noarchive":false,"robots_nosnippet":false,"robots_nofollow":false,"robots_noimageindex":false,"robots_noodp":false,"robots_notranslate":false,"robots_max_snippet":null,"robots_max_videopreview":null,"robots_max_imagepreview":"large","priority":null,"frequency":null,"local_seo":null,"limit_modified_date":false,"ai":null,"breadcrumb_settings":null,"seo_analyzer_scan_date":null,"created":"2026-08-04 22:13:58","updated":"2026-08-04 22:13:58","focus_keyword":null,"additional_keywords":null,"truseo_locale":null},"aioseo_breadcrumb":"<div class=\"aioseo-breadcrumbs\"><span class=\"aioseo-breadcrumb\">\n\t\t\t<a href=\"https:\/\/www.binauralmedia.org\/news\" title=\"Home\">Home<\/a>\n\t\t<\/span><span class=\"aioseo-breadcrumb-separator\">&raquo;<\/span><span class=\"aioseo-breadcrumb\">\n\t\t\t<a href=\"https:\/\/www.binauralmedia.org\/news\/arquivo\/portfolio-items\" title=\"Portfolio\">Portfolio<\/a>\n\t\t<\/span><span class=\"aioseo-breadcrumb-separator\">&raquo;<\/span><span class=\"aioseo-breadcrumb\">\n\t\t\t<a href=\"https:\/\/www.binauralmedia.org\/news\/portfolio_category\/artistas\" title=\"Artistas\">Artistas<\/a>\n\t\t<\/span><span class=\"aioseo-breadcrumb-separator\">&raquo;<\/span><span class=\"aioseo-breadcrumb\">\n\t\t\t<a href=\"https:\/\/www.binauralmedia.org\/news\/portfolio_category\/2011\" title=\"2011\">2011<\/a>\n\t\t<\/span><span class=\"aioseo-breadcrumb-separator\">&raquo;<\/span><span class=\"aioseo-breadcrumb\">\n\t\t\tLuis Costa (2011)\n\t\t<\/span><\/div>","aioseo_breadcrumb_json":[{"label":"Home","link":"https:\/\/www.binauralmedia.org\/news"},{"label":"Portfolio","link":"https:\/\/www.binauralmedia.org\/news\/arquivo\/portfolio-items"},{"label":"Artistas","link":"https:\/\/www.binauralmedia.org\/news\/portfolio_category\/artistas"},{"label":"2011","link":"https:\/\/www.binauralmedia.org\/news\/portfolio_category\/2011"},{"label":"Luis Costa (2011)","link":"https:\/\/www.binauralmedia.org\/news\/arquivo\/portfolio-items\/luis-costa-2011"}],"_links":{"self":[{"href":"https:\/\/www.binauralmedia.org\/news\/wp-json\/wp\/v2\/avada_portfolio\/20545","targetHints":{"allow":["GET"]}}],"collection":[{"href":"https:\/\/www.binauralmedia.org\/news\/wp-json\/wp\/v2\/avada_portfolio"}],"about":[{"href":"https:\/\/www.binauralmedia.org\/news\/wp-json\/wp\/v2\/types\/avada_portfolio"}],"author":[{"embeddable":true,"href":"https:\/\/www.binauralmedia.org\/news\/wp-json\/wp\/v2\/users\/13"}],"replies":[{"embeddable":true,"href":"https:\/\/www.binauralmedia.org\/news\/wp-json\/wp\/v2\/comments?post=20545"}],"version-history":[{"count":1,"href":"https:\/\/www.binauralmedia.org\/news\/wp-json\/wp\/v2\/avada_portfolio\/20545\/revisions"}],"predecessor-version":[{"id":20548,"href":"https:\/\/www.binauralmedia.org\/news\/wp-json\/wp\/v2\/avada_portfolio\/20545\/revisions\/20548"}],"wp:featuredmedia":[{"embeddable":true,"href":"https:\/\/www.binauralmedia.org\/news\/wp-json\/wp\/v2\/media\/20546"}],"wp:attachment":[{"href":"https:\/\/www.binauralmedia.org\/news\/wp-json\/wp\/v2\/media?parent=20545"}],"wp:term":[{"taxonomy":"portfolio_category","embeddable":true,"href":"https:\/\/www.binauralmedia.org\/news\/wp-json\/wp\/v2\/portfolio_category?post=20545"},{"taxonomy":"portfolio_skills","embeddable":true,"href":"https:\/\/www.binauralmedia.org\/news\/wp-json\/wp\/v2\/portfolio_skills?post=20545"},{"taxonomy":"portfolio_tags","embeddable":true,"href":"https:\/\/www.binauralmedia.org\/news\/wp-json\/wp\/v2\/portfolio_tags?post=20545"}],"curies":[{"name":"wp","href":"https:\/\/api.w.org\/{rel}","templated":true}]}}