{"id":19905,"date":"2023-07-09T15:30:10","date_gmt":"2023-07-09T15:30:10","guid":{"rendered":"https:\/\/www.binauralmedia.org\/news?post_type=avada_portfolio&#038;p=19905"},"modified":"2024-02-06T12:56:46","modified_gmt":"2024-02-06T12:56:46","slug":"luis-costa-2023","status":"publish","type":"avada_portfolio","link":"https:\/\/www.binauralmedia.org\/news\/arquivo\/portfolio-items\/luis-costa-2023","title":{"rendered":"Lui\u0301s Costa (2023)"},"content":{"rendered":"<div class=\"fusion-fullwidth fullwidth-box fusion-builder-row-1 fusion-flex-container has-pattern-background has-mask-background nonhundred-percent-fullwidth non-hundred-percent-height-scrolling\" style=\"--awb-border-radius-top-left:0px;--awb-border-radius-top-right:0px;--awb-border-radius-bottom-right:0px;--awb-border-radius-bottom-left:0px;--awb-flex-wrap:wrap;\" ><div class=\"fusion-builder-row fusion-row fusion-flex-align-items-flex-start fusion-flex-content-wrap\" style=\"max-width:1144px;margin-left: calc(-4% \/ 2 );margin-right: calc(-4% \/ 2 );\"><div class=\"fusion-layout-column fusion_builder_column fusion-builder-column-0 fusion_builder_column_1_1 1_1 fusion-flex-column\" style=\"--awb-bg-size:cover;--awb-width-large:100%;--awb-margin-top-large:0px;--awb-spacing-right-large:1.92%;--awb-margin-bottom-large:20px;--awb-spacing-left-large:1.92%;--awb-width-medium:100%;--awb-order-medium:0;--awb-spacing-right-medium:1.92%;--awb-spacing-left-medium:1.92%;--awb-width-small:100%;--awb-order-small:0;--awb-spacing-right-small:1.92%;--awb-spacing-left-small:1.92%;\"><div class=\"fusion-column-wrapper fusion-column-has-shadow fusion-flex-justify-content-flex-start fusion-content-layout-column\"><div class=\"fusion-text fusion-text-1\"><p><strong>Uma fenda na paisagem<\/strong><\/p>\n<p>No mundo em que os lugares s\u00e3o cada vez mais palco de \u201cexperi\u00eancias\u201d, aut\u00eanticos momentos fugazes de entusiasmo, \u00e9 interessante um pensamento em forma de contraponto que fa\u00e7a refletir\/sentir sobre os caminhos da hist\u00f3ria das comunidades que conduziram \u00e0 forma como hoje vemos e sentimos a paisagem transformada.<\/p>\n<p>Por exemplo, o que nos pode dizer uma antiga mina de Volfr\u00e2mio? A beleza p\u00e9trea faz-nos lembrar ou esquecer os mineiros que escavaram, dia a dia, estes rochedos? Os feixes de luz que entram a determinadas horas na mina podem ser sentidos do ponto de vista transcendente, como uma homenagem celestial a quem aqui pereceu?<\/p>\n<p>\u201cUma fenda na paisagem\u201d \u00e9 um poema audiovisual de Lu\u00eds Costa que nasceu de forma espont\u00e2nea, a partir da presen\u00e7a quotidiana na antiga mina de Queiriga (Vila Nova de Paiva), durante a resid\u00eancia art\u00edstica \u201cEcos da Ida e do Retorno\u201d organizada pela Binaural Nodar entre 26 junho e 8 de julho de 2023.<\/p>\n<p>Lu\u00eds Costa (1968). Curador de pr\u00e1ticas art\u00edsticas contempor\u00e2neas, investigador e artista sonoro, educador e animador cultural em contexto rural, no contexto da associa\u00e7\u00e3o Binaural Nodar. Coordenador do Laf\u00f5es Cult Lab, um, conceito de pesquisa art\u00edstica multim\u00e9dia no territ\u00f3rio de Viseu D\u00e3o Laf\u00f5es o qual acolheu j\u00e1 mais de 150 artistas sonoros\/media e investigadores sociais e ambientais oriundos de mais de 20 pa\u00edses. Coordenador do Arquivo Digital Binaural Nodar, um projeto de pesquisa, cataloga\u00e7\u00e3o e mapeamento sonoro e audiovisual da mem\u00f3ria coletiva dos territ\u00f3rios rurais de interven\u00e7\u00e3o da associa\u00e7\u00e3o. Coeditou em 2011 o cat\u00e1logo e CD duplo \u201cTr\u00eas Anos em Nodar: Pr\u00e1ticas Art\u00edsticas em Contexto Espec\u00edfico no Portugal Rural\u201d, editou em 2017, o livro + document\u00e1rio \u201cV\u00e1rzea de Calde: Uma Aldeia Tecida a Linho\u201d e em 2023 o livro \u201cDan\u00e7ar com a Raiz: Documentar a Mem\u00f3ria dos Ranchos Folcl\u00f3ricos de Castro Daire\u201d. Lu\u00eds Costa \u00e9 igualmente autor de dois livros + CD criados na sequ\u00eancia de projetos de educa\u00e7\u00e3o sonora: \u201cMem\u00f3ria Sonora da Corti\u00e7a\u201d com participa\u00e7\u00e3o de crian\u00e7as de escolas b\u00e1sicas do concelho de Santa Maria da Feira, junto de empresas e trabalhadores do sector da corti\u00e7a e \u201cS\u00e3o Pedro do Sul: Novas Escutas Rurais\u201d a partir de grava\u00e7\u00f5es efetuadas por jovens de S\u00e3o Pedro do Sul nas aldeias rurais do concelho.<\/p>\n<\/div><div class=\"fusion-title title fusion-title-1 fusion-sep-none fusion-title-center fusion-title-text fusion-title-size-one\" style=\"--awb-margin-top:30px;--awb-margin-bottom:5px;--awb-margin-top-small:0px;--awb-margin-right-small:0px;--awb-margin-bottom-small:20px;--awb-margin-left-small:0px;\"><h1 class=\"fusion-title-heading title-heading-center\" style=\"margin:0;\"><h3 style=\"text-align: center;\"><strong>OBRAS ART\u00cdSTICAS<\/strong><\/h3><\/h1><\/div><div class=\"fusion-separator fusion-full-width-sep\" style=\"align-self: center;margin-left: auto;margin-right: auto;margin-top:-10px;margin-bottom:20px;width:100%;\"><div class=\"fusion-separator-border sep-single sep-solid\" style=\"--awb-height:20px;--awb-amount:20px;border-color:#e0dede;border-top-width:1px;\"><\/div><\/div><div class=\"fusion-video fusion-vimeo\" style=\"--awb-max-width:600px;--awb-max-height:360px;--awb-align-self:center;--awb-width:100%;--awb-margin-top:30px;--awb-margin-bottom:40px;\"><div class=\"video-shortcode\"><div class=\"fluid-width-video-wrapper\" style=\"padding-top:60%;\" ><iframe title=\"Vimeo video player 1\" src=\"https:\/\/player.vimeo.com\/video\/844962405?autoplay=0&amp;autopause=0\" width=\"600\" height=\"360\" allowfullscreen allow=\"autoplay; fullscreen\"><\/iframe><\/div><\/div><\/div><\/div><\/div><\/div><\/div>\n","protected":false},"excerpt":{"rendered":"","protected":false},"author":13,"featured_media":19906,"menu_order":0,"comment_status":"closed","ping_status":"closed","template":"","format":"standard","meta":{"_acf_changed":false,"_bbp_topic_count":0,"_bbp_reply_count":0,"_bbp_total_topic_count":0,"_bbp_total_reply_count":0,"_bbp_voice_count":0,"_bbp_anonymous_reply_count":0,"_bbp_topic_count_hidden":0,"_bbp_reply_count_hidden":0,"_bbp_forum_subforum_count":0,"footnotes":""},"portfolio_category":[1249,1229,1155,1145],"portfolio_skills":[],"portfolio_tags":[],"class_list":["post-19905","avada_portfolio","type-avada_portfolio","status-publish","format-standard","has-post-thumbnail","hentry","portfolio_category-1249","portfolio_category-artistas","portfolio_category-activities","portfolio_category-artist-residencies"],"acf":[],"aioseo_notices":[],"aioseo_head":"\n\t\t<!-- All in One SEO 5.0.1.1 - aioseo.com -->\n\t<meta name=\"description\" content=\"Uma fenda na paisagem No mundo em que os lugares s\u00e3o cada vez mais palco de \u201cexperi\u00eancias\u201d, aut\u00eanticos momentos fugazes de entusiasmo, \u00e9 interessante um pensamento em forma de contraponto que fa\u00e7a refletir\/sentir sobre os caminhos da hist\u00f3ria das comunidades que conduziram \u00e0 forma como hoje vemos e sentimos a paisagem transformada. Por exemplo, o\" \/>\n\t<meta name=\"robots\" content=\"max-image-preview:large\" \/>\n\t<meta name=\"author\" content=\"Ana Ferreira\"\/>\n\t<link rel=\"canonical\" href=\"https:\/\/www.binauralmedia.org\/news\/arquivo\/portfolio-items\/luis-costa-2023\" \/>\n\t<meta name=\"generator\" content=\"All in One SEO (AIOSEO) 5.0.1.1\" \/>\n\t\t<meta property=\"og:locale\" content=\"pt_PT\" \/>\n\t\t<meta property=\"og:site_name\" content=\"binauralmedia.org - Rural Based Sound\/Media Arts &amp; Social Research\" \/>\n\t\t<meta property=\"og:type\" content=\"article\" \/>\n\t\t<meta property=\"og:title\" content=\"Lui\u0301s Costa (2023) - binauralmedia.org\" \/>\n\t\t<meta property=\"og:description\" content=\"Uma fenda na paisagem No mundo em que os lugares s\u00e3o cada vez mais palco de \u201cexperi\u00eancias\u201d, aut\u00eanticos momentos fugazes de entusiasmo, \u00e9 interessante um pensamento em forma de contraponto que fa\u00e7a refletir\/sentir sobre os caminhos da hist\u00f3ria das comunidades que conduziram \u00e0 forma como hoje vemos e sentimos a paisagem transformada. Por exemplo, o\" \/>\n\t\t<meta property=\"og:url\" content=\"https:\/\/www.binauralmedia.org\/news\/arquivo\/portfolio-items\/luis-costa-2023\" \/>\n\t\t<meta property=\"article:published_time\" content=\"2023-07-09T15:30:10+00:00\" \/>\n\t\t<meta property=\"article:modified_time\" content=\"2024-02-06T12:56:46+00:00\" \/>\n\t\t<meta name=\"twitter:card\" content=\"summary_large_image\" \/>\n\t\t<meta name=\"twitter:title\" content=\"Lui\u0301s Costa (2023) - binauralmedia.org\" \/>\n\t\t<meta name=\"twitter:description\" content=\"Uma fenda na paisagem No mundo em que os lugares s\u00e3o cada vez mais palco de \u201cexperi\u00eancias\u201d, aut\u00eanticos momentos fugazes de entusiasmo, \u00e9 interessante um pensamento em forma de contraponto que fa\u00e7a refletir\/sentir sobre os caminhos da hist\u00f3ria das comunidades que conduziram \u00e0 forma como hoje vemos e sentimos a paisagem transformada. Por exemplo, o\" \/>\n\t\t<script type=\"application\/ld+json\" class=\"aioseo-schema\">\n\t\t\t{\"@context\":\"https:\\\/\\\/schema.org\",\"@graph\":[{\"@type\":\"BreadcrumbList\",\"@id\":\"https:\\\/\\\/www.binauralmedia.org\\\/news\\\/arquivo\\\/portfolio-items\\\/luis-costa-2023#breadcrumblist\",\"itemListElement\":[{\"@type\":\"ListItem\",\"@id\":\"https:\\\/\\\/www.binauralmedia.org\\\/news#listItem\",\"position\":1,\"name\":\"Home\",\"item\":\"https:\\\/\\\/www.binauralmedia.org\\\/news\",\"nextItem\":{\"@type\":\"ListItem\",\"@id\":\"https:\\\/\\\/www.binauralmedia.org\\\/news\\\/arquivo\\\/portfolio-items#listItem\",\"name\":\"Portfolio\"}},{\"@type\":\"ListItem\",\"@id\":\"https:\\\/\\\/www.binauralmedia.org\\\/news\\\/arquivo\\\/portfolio-items#listItem\",\"position\":2,\"name\":\"Portfolio\",\"item\":\"https:\\\/\\\/www.binauralmedia.org\\\/news\\\/arquivo\\\/portfolio-items\",\"nextItem\":{\"@type\":\"ListItem\",\"@id\":\"https:\\\/\\\/www.binauralmedia.org\\\/news\\\/portfolio_category\\\/activities#listItem\",\"name\":\"Atividades\"},\"previousItem\":{\"@type\":\"ListItem\",\"@id\":\"https:\\\/\\\/www.binauralmedia.org\\\/news#listItem\",\"name\":\"Home\"}},{\"@type\":\"ListItem\",\"@id\":\"https:\\\/\\\/www.binauralmedia.org\\\/news\\\/portfolio_category\\\/activities#listItem\",\"position\":3,\"name\":\"Atividades\",\"item\":\"https:\\\/\\\/www.binauralmedia.org\\\/news\\\/portfolio_category\\\/activities\",\"nextItem\":{\"@type\":\"ListItem\",\"@id\":\"https:\\\/\\\/www.binauralmedia.org\\\/news\\\/portfolio_category\\\/artist-residencies#listItem\",\"name\":\"Resid\\u00eancias Art\\u00edsticas\"},\"previousItem\":{\"@type\":\"ListItem\",\"@id\":\"https:\\\/\\\/www.binauralmedia.org\\\/news\\\/arquivo\\\/portfolio-items#listItem\",\"name\":\"Portfolio\"}},{\"@type\":\"ListItem\",\"@id\":\"https:\\\/\\\/www.binauralmedia.org\\\/news\\\/portfolio_category\\\/artist-residencies#listItem\",\"position\":4,\"name\":\"Resid\\u00eancias Art\\u00edsticas\",\"item\":\"https:\\\/\\\/www.binauralmedia.org\\\/news\\\/portfolio_category\\\/artist-residencies\",\"nextItem\":{\"@type\":\"ListItem\",\"@id\":\"https:\\\/\\\/www.binauralmedia.org\\\/news\\\/arquivo\\\/portfolio-items\\\/luis-costa-2023#listItem\",\"name\":\"Lui\\u0301s Costa (2023)\"},\"previousItem\":{\"@type\":\"ListItem\",\"@id\":\"https:\\\/\\\/www.binauralmedia.org\\\/news\\\/portfolio_category\\\/activities#listItem\",\"name\":\"Atividades\"}},{\"@type\":\"ListItem\",\"@id\":\"https:\\\/\\\/www.binauralmedia.org\\\/news\\\/arquivo\\\/portfolio-items\\\/luis-costa-2023#listItem\",\"position\":5,\"name\":\"Lui\\u0301s Costa (2023)\",\"previousItem\":{\"@type\":\"ListItem\",\"@id\":\"https:\\\/\\\/www.binauralmedia.org\\\/news\\\/portfolio_category\\\/artist-residencies#listItem\",\"name\":\"Resid\\u00eancias Art\\u00edsticas\"}}]},{\"@type\":\"Organization\",\"@id\":\"https:\\\/\\\/www.binauralmedia.org\\\/news\\\/#organization\",\"name\":\"binauralmedia.org\",\"description\":\"Rural Based Sound\\\/Media Arts & Social Research\",\"url\":\"https:\\\/\\\/www.binauralmedia.org\\\/news\\\/\"},{\"@type\":\"Person\",\"@id\":\"https:\\\/\\\/www.binauralmedia.org\\\/news\\\/arquivo\\\/author\\\/anaferreira#author\",\"url\":\"https:\\\/\\\/www.binauralmedia.org\\\/news\\\/arquivo\\\/author\\\/anaferreira\",\"name\":\"Ana Ferreira\"},{\"@type\":\"WebPage\",\"@id\":\"https:\\\/\\\/www.binauralmedia.org\\\/news\\\/arquivo\\\/portfolio-items\\\/luis-costa-2023#webpage\",\"url\":\"https:\\\/\\\/www.binauralmedia.org\\\/news\\\/arquivo\\\/portfolio-items\\\/luis-costa-2023\",\"name\":\"Lui\\u0301s Costa (2023) - binauralmedia.org\",\"description\":\"Uma fenda na paisagem No mundo em que os lugares s\\u00e3o cada vez mais palco de \\u201cexperi\\u00eancias\\u201d, aut\\u00eanticos momentos fugazes de entusiasmo, \\u00e9 interessante um pensamento em forma de contraponto que fa\\u00e7a refletir\\\/sentir sobre os caminhos da hist\\u00f3ria das comunidades que conduziram \\u00e0 forma como hoje vemos e sentimos a paisagem transformada. Por exemplo, o\",\"inLanguage\":\"pt-PT\",\"isPartOf\":{\"@id\":\"https:\\\/\\\/www.binauralmedia.org\\\/news\\\/#website\"},\"breadcrumb\":{\"@id\":\"https:\\\/\\\/www.binauralmedia.org\\\/news\\\/arquivo\\\/portfolio-items\\\/luis-costa-2023#breadcrumblist\"},\"author\":{\"@id\":\"https:\\\/\\\/www.binauralmedia.org\\\/news\\\/arquivo\\\/author\\\/anaferreira#author\"},\"creator\":{\"@id\":\"https:\\\/\\\/www.binauralmedia.org\\\/news\\\/arquivo\\\/author\\\/anaferreira#author\"},\"image\":{\"@type\":\"ImageObject\",\"url\":\"https:\\\/\\\/www.binauralmedia.org\\\/news\\\/wp-content\\\/uploads\\\/NODAR.01696-Luis-Costa-Uma-Fenda-na-Paisagem-Queiriga-Vila-Nova-de-Paiva-imagem-de-destaque-1200x800px.jpg\",\"@id\":\"https:\\\/\\\/www.binauralmedia.org\\\/news\\\/arquivo\\\/portfolio-items\\\/luis-costa-2023\\\/#mainImage\",\"width\":1200,\"height\":800},\"primaryImageOfPage\":{\"@id\":\"https:\\\/\\\/www.binauralmedia.org\\\/news\\\/arquivo\\\/portfolio-items\\\/luis-costa-2023#mainImage\"},\"datePublished\":\"2023-07-09T15:30:10+00:00\",\"dateModified\":\"2024-02-06T12:56:46+00:00\"},{\"@type\":\"WebSite\",\"@id\":\"https:\\\/\\\/www.binauralmedia.org\\\/news\\\/#website\",\"url\":\"https:\\\/\\\/www.binauralmedia.org\\\/news\\\/\",\"name\":\"binauralmedia.org\",\"description\":\"Rural Based Sound\\\/Media Arts & Social Research\",\"inLanguage\":\"pt-PT\",\"publisher\":{\"@id\":\"https:\\\/\\\/www.binauralmedia.org\\\/news\\\/#organization\"}}]}\n\t\t<\/script>\n\t\t<!-- All in One SEO -->\n\n","aioseo_head_json":{"title":"Lui\u0301s Costa (2023) - binauralmedia.org","description":"Uma fenda na paisagem No mundo em que os lugares s\u00e3o cada vez mais palco de \u201cexperi\u00eancias\u201d, aut\u00eanticos momentos fugazes de entusiasmo, \u00e9 interessante um pensamento em forma de contraponto que fa\u00e7a refletir\/sentir sobre os caminhos da hist\u00f3ria das comunidades que conduziram \u00e0 forma como hoje vemos e sentimos a paisagem transformada. Por exemplo, o","canonical_url":"https:\/\/www.binauralmedia.org\/news\/arquivo\/portfolio-items\/luis-costa-2023","robots":"max-image-preview:large","keywords":"","webmasterTools":{"miscellaneous":""},"schema":{"@context":"https:\/\/schema.org","@graph":[{"@type":"BreadcrumbList","@id":"https:\/\/www.binauralmedia.org\/news\/arquivo\/portfolio-items\/luis-costa-2023#breadcrumblist","itemListElement":[{"@type":"ListItem","@id":"https:\/\/www.binauralmedia.org\/news#listItem","position":1,"name":"Home","item":"https:\/\/www.binauralmedia.org\/news","nextItem":{"@type":"ListItem","@id":"https:\/\/www.binauralmedia.org\/news\/arquivo\/portfolio-items#listItem","name":"Portfolio"}},{"@type":"ListItem","@id":"https:\/\/www.binauralmedia.org\/news\/arquivo\/portfolio-items#listItem","position":2,"name":"Portfolio","item":"https:\/\/www.binauralmedia.org\/news\/arquivo\/portfolio-items","nextItem":{"@type":"ListItem","@id":"https:\/\/www.binauralmedia.org\/news\/portfolio_category\/activities#listItem","name":"Atividades"},"previousItem":{"@type":"ListItem","@id":"https:\/\/www.binauralmedia.org\/news#listItem","name":"Home"}},{"@type":"ListItem","@id":"https:\/\/www.binauralmedia.org\/news\/portfolio_category\/activities#listItem","position":3,"name":"Atividades","item":"https:\/\/www.binauralmedia.org\/news\/portfolio_category\/activities","nextItem":{"@type":"ListItem","@id":"https:\/\/www.binauralmedia.org\/news\/portfolio_category\/artist-residencies#listItem","name":"Resid\u00eancias Art\u00edsticas"},"previousItem":{"@type":"ListItem","@id":"https:\/\/www.binauralmedia.org\/news\/arquivo\/portfolio-items#listItem","name":"Portfolio"}},{"@type":"ListItem","@id":"https:\/\/www.binauralmedia.org\/news\/portfolio_category\/artist-residencies#listItem","position":4,"name":"Resid\u00eancias Art\u00edsticas","item":"https:\/\/www.binauralmedia.org\/news\/portfolio_category\/artist-residencies","nextItem":{"@type":"ListItem","@id":"https:\/\/www.binauralmedia.org\/news\/arquivo\/portfolio-items\/luis-costa-2023#listItem","name":"Lui\u0301s Costa (2023)"},"previousItem":{"@type":"ListItem","@id":"https:\/\/www.binauralmedia.org\/news\/portfolio_category\/activities#listItem","name":"Atividades"}},{"@type":"ListItem","@id":"https:\/\/www.binauralmedia.org\/news\/arquivo\/portfolio-items\/luis-costa-2023#listItem","position":5,"name":"Lui\u0301s Costa (2023)","previousItem":{"@type":"ListItem","@id":"https:\/\/www.binauralmedia.org\/news\/portfolio_category\/artist-residencies#listItem","name":"Resid\u00eancias Art\u00edsticas"}}]},{"@type":"Organization","@id":"https:\/\/www.binauralmedia.org\/news\/#organization","name":"binauralmedia.org","description":"Rural Based Sound\/Media Arts & Social Research","url":"https:\/\/www.binauralmedia.org\/news\/"},{"@type":"Person","@id":"https:\/\/www.binauralmedia.org\/news\/arquivo\/author\/anaferreira#author","url":"https:\/\/www.binauralmedia.org\/news\/arquivo\/author\/anaferreira","name":"Ana Ferreira"},{"@type":"WebPage","@id":"https:\/\/www.binauralmedia.org\/news\/arquivo\/portfolio-items\/luis-costa-2023#webpage","url":"https:\/\/www.binauralmedia.org\/news\/arquivo\/portfolio-items\/luis-costa-2023","name":"Lui\u0301s Costa (2023) - binauralmedia.org","description":"Uma fenda na paisagem No mundo em que os lugares s\u00e3o cada vez mais palco de \u201cexperi\u00eancias\u201d, aut\u00eanticos momentos fugazes de entusiasmo, \u00e9 interessante um pensamento em forma de contraponto que fa\u00e7a refletir\/sentir sobre os caminhos da hist\u00f3ria das comunidades que conduziram \u00e0 forma como hoje vemos e sentimos a paisagem transformada. Por exemplo, o","inLanguage":"pt-PT","isPartOf":{"@id":"https:\/\/www.binauralmedia.org\/news\/#website"},"breadcrumb":{"@id":"https:\/\/www.binauralmedia.org\/news\/arquivo\/portfolio-items\/luis-costa-2023#breadcrumblist"},"author":{"@id":"https:\/\/www.binauralmedia.org\/news\/arquivo\/author\/anaferreira#author"},"creator":{"@id":"https:\/\/www.binauralmedia.org\/news\/arquivo\/author\/anaferreira#author"},"image":{"@type":"ImageObject","url":"https:\/\/www.binauralmedia.org\/news\/wp-content\/uploads\/NODAR.01696-Luis-Costa-Uma-Fenda-na-Paisagem-Queiriga-Vila-Nova-de-Paiva-imagem-de-destaque-1200x800px.jpg","@id":"https:\/\/www.binauralmedia.org\/news\/arquivo\/portfolio-items\/luis-costa-2023\/#mainImage","width":1200,"height":800},"primaryImageOfPage":{"@id":"https:\/\/www.binauralmedia.org\/news\/arquivo\/portfolio-items\/luis-costa-2023#mainImage"},"datePublished":"2023-07-09T15:30:10+00:00","dateModified":"2024-02-06T12:56:46+00:00"},{"@type":"WebSite","@id":"https:\/\/www.binauralmedia.org\/news\/#website","url":"https:\/\/www.binauralmedia.org\/news\/","name":"binauralmedia.org","description":"Rural Based Sound\/Media Arts & Social Research","inLanguage":"pt-PT","publisher":{"@id":"https:\/\/www.binauralmedia.org\/news\/#organization"}}]},"og:locale":"pt_PT","og:site_name":"binauralmedia.org - Rural Based Sound\/Media Arts &amp; Social Research","og:type":"article","og:title":"Lui\u0301s Costa (2023) - binauralmedia.org","og:description":"Uma fenda na paisagem No mundo em que os lugares s\u00e3o cada vez mais palco de \u201cexperi\u00eancias\u201d, aut\u00eanticos momentos fugazes de entusiasmo, \u00e9 interessante um pensamento em forma de contraponto que fa\u00e7a refletir\/sentir sobre os caminhos da hist\u00f3ria das comunidades que conduziram \u00e0 forma como hoje vemos e sentimos a paisagem transformada. Por exemplo, o","og:url":"https:\/\/www.binauralmedia.org\/news\/arquivo\/portfolio-items\/luis-costa-2023","article:published_time":"2023-07-09T15:30:10+00:00","article:modified_time":"2024-02-06T12:56:46+00:00","twitter:card":"summary_large_image","twitter:title":"Lui\u0301s Costa (2023) - binauralmedia.org","twitter:description":"Uma fenda na paisagem No mundo em que os lugares s\u00e3o cada vez mais palco de \u201cexperi\u00eancias\u201d, aut\u00eanticos momentos fugazes de entusiasmo, \u00e9 interessante um pensamento em forma de contraponto que fa\u00e7a refletir\/sentir sobre os caminhos da hist\u00f3ria das comunidades que conduziram \u00e0 forma como hoje vemos e sentimos a paisagem transformada. Por exemplo, o"},"aioseo_meta_data":{"post_id":"19905","title":null,"description":null,"keywords":null,"keyphrases":null,"primary_term":null,"canonical_url":null,"og_title":null,"og_description":null,"og_object_type":"default","og_image_type":"default","og_image_custom_url":null,"og_image_custom_fields":null,"og_image_url":null,"og_image_width":null,"og_image_height":null,"og_video":null,"og_custom_url":null,"og_article_section":null,"og_article_tags":null,"twitter_use_og":false,"twitter_card":"default","twitter_image_type":"default","twitter_image_custom_url":null,"twitter_image_custom_fields":null,"twitter_image_url":null,"twitter_title":null,"twitter_description":null,"schema_type":"default","schema_type_options":null,"schema":{"blockGraphs":[],"customGraphs":[],"default":{"data":{"Article":[],"Course":[],"Dataset":[],"FAQPage":[],"Movie":[],"Person":[],"Product":[],"ProductReview":[],"Car":[],"Recipe":[],"Service":[],"SoftwareApplication":[],"WebPage":[]},"graphName":"","isEnabled":true},"graphs":[]},"pillar_content":false,"robots_default":true,"robots_noindex":false,"robots_noarchive":false,"robots_nosnippet":false,"robots_nofollow":false,"robots_noimageindex":false,"robots_noodp":false,"robots_notranslate":false,"robots_max_snippet":null,"robots_max_videopreview":null,"robots_max_imagepreview":"large","priority":null,"frequency":null,"local_seo":null,"limit_modified_date":false,"ai":null,"breadcrumb_settings":null,"seo_analyzer_scan_date":null,"created":"2026-08-04 23:30:50","updated":"2026-08-04 23:30:50","focus_keyword":null,"additional_keywords":null,"truseo_locale":null},"aioseo_breadcrumb":"<div class=\"aioseo-breadcrumbs\"><span class=\"aioseo-breadcrumb\">\n\t\t\t<a href=\"https:\/\/www.binauralmedia.org\/news\" title=\"Home\">Home<\/a>\n\t\t<\/span><span class=\"aioseo-breadcrumb-separator\">&raquo;<\/span><span class=\"aioseo-breadcrumb\">\n\t\t\t<a href=\"https:\/\/www.binauralmedia.org\/news\/arquivo\/portfolio-items\" title=\"Portfolio\">Portfolio<\/a>\n\t\t<\/span><span class=\"aioseo-breadcrumb-separator\">&raquo;<\/span><span class=\"aioseo-breadcrumb\">\n\t\t\t<a href=\"https:\/\/www.binauralmedia.org\/news\/portfolio_category\/activities\" title=\"Atividades\">Atividades<\/a>\n\t\t<\/span><span class=\"aioseo-breadcrumb-separator\">&raquo;<\/span><span class=\"aioseo-breadcrumb\">\n\t\t\t<a href=\"https:\/\/www.binauralmedia.org\/news\/portfolio_category\/artist-residencies\" title=\"Resid\u00eancias Art\u00edsticas\">Resid\u00eancias Art\u00edsticas<\/a>\n\t\t<\/span><span class=\"aioseo-breadcrumb-separator\">&raquo;<\/span><span class=\"aioseo-breadcrumb\">\n\t\t\tLui\u0301s Costa (2023)\n\t\t<\/span><\/div>","aioseo_breadcrumb_json":[{"label":"Home","link":"https:\/\/www.binauralmedia.org\/news"},{"label":"Portfolio","link":"https:\/\/www.binauralmedia.org\/news\/arquivo\/portfolio-items"},{"label":"Atividades","link":"https:\/\/www.binauralmedia.org\/news\/portfolio_category\/activities"},{"label":"Resid\u00eancias Art\u00edsticas","link":"https:\/\/www.binauralmedia.org\/news\/portfolio_category\/artist-residencies"},{"label":"Lui\u0301s Costa (2023)","link":"https:\/\/www.binauralmedia.org\/news\/arquivo\/portfolio-items\/luis-costa-2023"}],"_links":{"self":[{"href":"https:\/\/www.binauralmedia.org\/news\/wp-json\/wp\/v2\/avada_portfolio\/19905","targetHints":{"allow":["GET"]}}],"collection":[{"href":"https:\/\/www.binauralmedia.org\/news\/wp-json\/wp\/v2\/avada_portfolio"}],"about":[{"href":"https:\/\/www.binauralmedia.org\/news\/wp-json\/wp\/v2\/types\/avada_portfolio"}],"author":[{"embeddable":true,"href":"https:\/\/www.binauralmedia.org\/news\/wp-json\/wp\/v2\/users\/13"}],"replies":[{"embeddable":true,"href":"https:\/\/www.binauralmedia.org\/news\/wp-json\/wp\/v2\/comments?post=19905"}],"version-history":[{"count":5,"href":"https:\/\/www.binauralmedia.org\/news\/wp-json\/wp\/v2\/avada_portfolio\/19905\/revisions"}],"predecessor-version":[{"id":20683,"href":"https:\/\/www.binauralmedia.org\/news\/wp-json\/wp\/v2\/avada_portfolio\/19905\/revisions\/20683"}],"wp:featuredmedia":[{"embeddable":true,"href":"https:\/\/www.binauralmedia.org\/news\/wp-json\/wp\/v2\/media\/19906"}],"wp:attachment":[{"href":"https:\/\/www.binauralmedia.org\/news\/wp-json\/wp\/v2\/media?parent=19905"}],"wp:term":[{"taxonomy":"portfolio_category","embeddable":true,"href":"https:\/\/www.binauralmedia.org\/news\/wp-json\/wp\/v2\/portfolio_category?post=19905"},{"taxonomy":"portfolio_skills","embeddable":true,"href":"https:\/\/www.binauralmedia.org\/news\/wp-json\/wp\/v2\/portfolio_skills?post=19905"},{"taxonomy":"portfolio_tags","embeddable":true,"href":"https:\/\/www.binauralmedia.org\/news\/wp-json\/wp\/v2\/portfolio_tags?post=19905"}],"curies":[{"name":"wp","href":"https:\/\/api.w.org\/{rel}","templated":true}]}}