{"id":19880,"date":"2023-07-09T14:17:24","date_gmt":"2023-07-09T14:17:24","guid":{"rendered":"https:\/\/www.binauralmedia.org\/news?post_type=avada_portfolio&#038;p=19880"},"modified":"2024-02-06T12:35:51","modified_gmt":"2024-02-06T12:35:51","slug":"jose-bica","status":"publish","type":"avada_portfolio","link":"https:\/\/www.binauralmedia.org\/news\/arquivo\/portfolio-items\/jose-bica","title":{"rendered":"Jos\u00e9 Bica"},"content":{"rendered":"<div class=\"fusion-fullwidth fullwidth-box fusion-builder-row-1 fusion-flex-container has-pattern-background has-mask-background nonhundred-percent-fullwidth non-hundred-percent-height-scrolling\" style=\"--awb-border-radius-top-left:0px;--awb-border-radius-top-right:0px;--awb-border-radius-bottom-right:0px;--awb-border-radius-bottom-left:0px;--awb-flex-wrap:wrap;\" ><div class=\"fusion-builder-row fusion-row fusion-flex-align-items-flex-start fusion-flex-content-wrap\" style=\"max-width:1144px;margin-left: calc(-4% \/ 2 );margin-right: calc(-4% \/ 2 );\"><div class=\"fusion-layout-column fusion_builder_column fusion-builder-column-0 fusion_builder_column_1_1 1_1 fusion-flex-column\" style=\"--awb-bg-size:cover;--awb-width-large:100%;--awb-margin-top-large:0px;--awb-spacing-right-large:1.92%;--awb-margin-bottom-large:20px;--awb-spacing-left-large:1.92%;--awb-width-medium:100%;--awb-order-medium:0;--awb-spacing-right-medium:1.92%;--awb-spacing-left-medium:1.92%;--awb-width-small:100%;--awb-order-small:0;--awb-spacing-right-small:1.92%;--awb-spacing-left-small:1.92%;\"><div class=\"fusion-column-wrapper fusion-column-has-shadow fusion-flex-justify-content-flex-start fusion-content-layout-column\"><div class=\"fusion-text fusion-text-1\"><p>Pe\u00e7a de arte sonora quadrif\u00f3nica que se desenvolveu a partir de um trabalho de campo com a popula\u00e7\u00e3o da freguesia de C\u00f4ta e ao longo das paisagens de aldeias da regi\u00e3o. Esta obra revela intermit\u00eancias observadas nas experi\u00eancias de emigra\u00e7\u00e3o relatadas pelos participantes, atrav\u00e9s de emo\u00e7\u00f5es resumidas em palavras e exploradas atrav\u00e9s da fon\u00e9tica de quatro l\u00ednguas distintas (Franc\u00eas, Alem\u00e3o, Portugu\u00eas e Italiano) acompanhadas pela composi\u00e7\u00e3o de uma paisagem sonora que sublinha o aspecto da etnografia e identidade sonora da regi\u00e3o e tamb\u00e9m da experi\u00eancia aural e emocional vivida pelo compositor durante a resid\u00eancia.<\/p>\n<p>Desde cedo interessado pelo som, Jos\u00e9 Bica interessa-se pela forma como esse elemento se propaga no espa\u00e7o e se liga a diferentes suportes, como a pintura, a escultura, o v\u00eddeo, a dan\u00e7a e o teatro. A sua pesquisa concentra-se na paisagem sonora e nos efeitos sonoros, na produ\u00e7\u00e3o e composi\u00e7\u00e3o musical, ecologia ac\u00fastica, ac\u00fastica e psico-ac\u00fastica lidando com a comunica\u00e7\u00e3o. O interesse assumido em explorar a interatividade em diversos ambientes de programa\u00e7\u00e3o levou a apostar na utiliza\u00e7\u00e3o e manipula\u00e7\u00e3o de grava\u00e7\u00f5es de campo para a produ\u00e7\u00e3o de pe\u00e7as sonoras para instala\u00e7\u00f5es e tamb\u00e9m para a cria\u00e7\u00e3o de po\u00e9ticas e texturas experimentais em contexto musical. Jos\u00e9 Bica tem igualmente trabalhado em projetos de document\u00e1rios e fic\u00e7\u00f5es, como operador e designer de som, para televis\u00e3o, cinema e comerciais.<\/p>\n<\/div><div class=\"fusion-title title fusion-title-1 fusion-sep-none fusion-title-center fusion-title-text fusion-title-size-one\" style=\"--awb-margin-top:30px;--awb-margin-bottom:5px;--awb-margin-top-small:0px;--awb-margin-right-small:0px;--awb-margin-bottom-small:20px;--awb-margin-left-small:0px;\"><h1 class=\"fusion-title-heading title-heading-center\" style=\"margin:0;\"><h3 style=\"text-align: center;\"><strong>OBRAS ART\u00cdSTICAS<\/strong><\/h3><\/h1><\/div><div class=\"fusion-separator fusion-full-width-sep\" style=\"align-self: center;margin-left: auto;margin-right: auto;margin-top:-10px;margin-bottom:20px;width:100%;\"><div class=\"fusion-separator-border sep-single sep-solid\" style=\"--awb-height:20px;--awb-amount:20px;border-color:#e0dede;border-top-width:1px;\"><\/div><\/div><div class=\"fusion-audio fusion-audio-1\" style=\"--awb-progress-color:#ffffff;--awb-border-color:var(--awb-color1);--awb-background-color:#1d242d;--awb-max-width:100%;--awb-margin-top:40px;--awb-margin-bottom:40px;--awb-border-size:0;--awb-border-top-left-radius:0px;--awb-border-top-right-radius:0px;--awb-border-bottom-right-radius:0px;--awb-border-bottom-left-radius:0px;\">\n        <div id=\"waveplayer-6a9d0052241ff\" class=\"waveplayer loading wvpl-size-md wvpl-style-light wvpl-shape-circle\" data-ids=\"19881\" data-url=\"\" data-music_genre=\"\" data-limit=\"0\" data-size=\"md\" data-style=\"light\" data-info=\"none\" data-shape=\"circle\" data-autoplay=\"\" data-repeat_all=\"\" data-shuffle=\"0\" data-wave_color=\"#ddd\" data-wave_color_2=\"#666\" data-progress_color=\"#59f\" data-progress_color_2=\"#05a\" data-cursor_color=\"#ee2\" data-cursor_color_2=\"#d93\" data-cursor_width=\"2\" data-hover_opacity=\"40\" data-wave_mode=\"4\" data-gap_width=\"1\" data-wave_compression=\"2\" data-wave_asymmetry=\"2\">\n            <div class=\"wvpl-left-box\" style=\"background-image:url(http:\/\/www.binauralmedia.org\/news\/\/wp-content\/plugins\/waveplayer\/img\/music_file.png)\">\n                <div class=\"wvpl-interface\">\n                    <div class=\"wvpl-volume-overlay\"><\/div>\n                    <div class=\"wvpl-icon wvpl-info\"><\/div>\n                    <div class=\"wvpl-controls\">\n                        <div class=\"wvpl-icon wvpl-prev wvpl-disabled\"><\/div>\n                        <div class=\"wvpl-icon wvpl-play\"><\/div>\n                        <div class=\"wvpl-icon wvpl-next wvpl-disabled\"><\/div>\n                    <\/div>\n                    <div class=\"wvpl-icon wvpl-volume wvpl-volume_up\"><\/div>\n                <\/div>\n                <div class=\"wvpl-poster\"><\/div>\n            <\/div>\n            <div class=\"wvpl-right-box\">\n                <div class=\"wvpl-overlay\"><\/div>\n                <div class=\"wvpl-position\"><\/div>\n                <div class=\"wvpl-duration\"><\/div>\n                <div class=\"wvpl-waveform\"><\/div>\n                <div class=\"wvpl-infobar\">\n                    <div class=\"wvpl-playing-info\"><div class=\"wvpl-infoblock\"><\/div><\/div>\n                <\/div>\n            <\/div>\n            <div class=\"wvpl-playlist\">\n                <div class=\"wvpl-playlist-wrapper\"><\/div>\n            <\/div>\n        <\/div>\n    <\/div><\/div><\/div><\/div><\/div>\n","protected":false},"excerpt":{"rendered":"","protected":false},"author":13,"featured_media":19883,"menu_order":0,"comment_status":"closed","ping_status":"closed","template":"","format":"audio","meta":{"_acf_changed":false,"_bbp_topic_count":0,"_bbp_reply_count":0,"_bbp_total_topic_count":0,"_bbp_total_reply_count":0,"_bbp_voice_count":0,"_bbp_anonymous_reply_count":0,"_bbp_topic_count_hidden":0,"_bbp_reply_count_hidden":0,"_bbp_forum_subforum_count":0,"footnotes":""},"portfolio_category":[1249,1229,1155,1145],"portfolio_skills":[],"portfolio_tags":[],"class_list":["post-19880","avada_portfolio","type-avada_portfolio","status-publish","format-audio","has-post-thumbnail","hentry","portfolio_category-1249","portfolio_category-artistas","portfolio_category-activities","portfolio_category-artist-residencies"],"acf":[],"aioseo_notices":[],"aioseo_head":"\n\t\t<!-- All in One SEO 5.0.1.1 - aioseo.com -->\n\t<meta name=\"description\" content=\"Pe\u00e7a de arte sonora quadrif\u00f3nica que se desenvolveu a partir de um trabalho de campo com a popula\u00e7\u00e3o da freguesia de C\u00f4ta e ao longo das paisagens de aldeias da regi\u00e3o. Esta obra revela intermit\u00eancias observadas nas experi\u00eancias de emigra\u00e7\u00e3o relatadas pelos participantes, atrav\u00e9s de emo\u00e7\u00f5es resumidas em palavras e exploradas atrav\u00e9s da fon\u00e9tica de\" \/>\n\t<meta name=\"robots\" content=\"max-image-preview:large\" \/>\n\t<meta name=\"author\" content=\"Ana Ferreira\"\/>\n\t<link rel=\"canonical\" href=\"https:\/\/www.binauralmedia.org\/news\/arquivo\/portfolio-items\/jose-bica\" \/>\n\t<meta name=\"generator\" content=\"All in One SEO (AIOSEO) 5.0.1.1\" \/>\n\t\t<meta property=\"og:locale\" content=\"pt_PT\" \/>\n\t\t<meta property=\"og:site_name\" content=\"binauralmedia.org - Rural Based Sound\/Media Arts &amp; Social Research\" \/>\n\t\t<meta property=\"og:type\" content=\"article\" \/>\n\t\t<meta property=\"og:title\" content=\"Jos\u00e9 Bica - binauralmedia.org\" \/>\n\t\t<meta property=\"og:description\" content=\"Pe\u00e7a de arte sonora quadrif\u00f3nica que se desenvolveu a partir de um trabalho de campo com a popula\u00e7\u00e3o da freguesia de C\u00f4ta e ao longo das paisagens de aldeias da regi\u00e3o. Esta obra revela intermit\u00eancias observadas nas experi\u00eancias de emigra\u00e7\u00e3o relatadas pelos participantes, atrav\u00e9s de emo\u00e7\u00f5es resumidas em palavras e exploradas atrav\u00e9s da fon\u00e9tica de\" \/>\n\t\t<meta property=\"og:url\" content=\"https:\/\/www.binauralmedia.org\/news\/arquivo\/portfolio-items\/jose-bica\" \/>\n\t\t<meta property=\"article:published_time\" content=\"2023-07-09T14:17:24+00:00\" \/>\n\t\t<meta property=\"article:modified_time\" content=\"2024-02-06T12:35:51+00:00\" \/>\n\t\t<meta name=\"twitter:card\" content=\"summary_large_image\" \/>\n\t\t<meta name=\"twitter:title\" content=\"Jos\u00e9 Bica - binauralmedia.org\" \/>\n\t\t<meta name=\"twitter:description\" content=\"Pe\u00e7a de arte sonora quadrif\u00f3nica que se desenvolveu a partir de um trabalho de campo com a popula\u00e7\u00e3o da freguesia de C\u00f4ta e ao longo das paisagens de aldeias da regi\u00e3o. Esta obra revela intermit\u00eancias observadas nas experi\u00eancias de emigra\u00e7\u00e3o relatadas pelos participantes, atrav\u00e9s de emo\u00e7\u00f5es resumidas em palavras e exploradas atrav\u00e9s da fon\u00e9tica de\" \/>\n\t\t<script type=\"application\/ld+json\" class=\"aioseo-schema\">\n\t\t\t{\"@context\":\"https:\\\/\\\/schema.org\",\"@graph\":[{\"@type\":\"BreadcrumbList\",\"@id\":\"https:\\\/\\\/www.binauralmedia.org\\\/news\\\/arquivo\\\/portfolio-items\\\/jose-bica#breadcrumblist\",\"itemListElement\":[{\"@type\":\"ListItem\",\"@id\":\"https:\\\/\\\/www.binauralmedia.org\\\/news#listItem\",\"position\":1,\"name\":\"Home\",\"item\":\"https:\\\/\\\/www.binauralmedia.org\\\/news\",\"nextItem\":{\"@type\":\"ListItem\",\"@id\":\"https:\\\/\\\/www.binauralmedia.org\\\/news\\\/arquivo\\\/portfolio-items#listItem\",\"name\":\"Portfolio\"}},{\"@type\":\"ListItem\",\"@id\":\"https:\\\/\\\/www.binauralmedia.org\\\/news\\\/arquivo\\\/portfolio-items#listItem\",\"position\":2,\"name\":\"Portfolio\",\"item\":\"https:\\\/\\\/www.binauralmedia.org\\\/news\\\/arquivo\\\/portfolio-items\",\"nextItem\":{\"@type\":\"ListItem\",\"@id\":\"https:\\\/\\\/www.binauralmedia.org\\\/news\\\/portfolio_category\\\/activities#listItem\",\"name\":\"Atividades\"},\"previousItem\":{\"@type\":\"ListItem\",\"@id\":\"https:\\\/\\\/www.binauralmedia.org\\\/news#listItem\",\"name\":\"Home\"}},{\"@type\":\"ListItem\",\"@id\":\"https:\\\/\\\/www.binauralmedia.org\\\/news\\\/portfolio_category\\\/activities#listItem\",\"position\":3,\"name\":\"Atividades\",\"item\":\"https:\\\/\\\/www.binauralmedia.org\\\/news\\\/portfolio_category\\\/activities\",\"nextItem\":{\"@type\":\"ListItem\",\"@id\":\"https:\\\/\\\/www.binauralmedia.org\\\/news\\\/portfolio_category\\\/artist-residencies#listItem\",\"name\":\"Resid\\u00eancias Art\\u00edsticas\"},\"previousItem\":{\"@type\":\"ListItem\",\"@id\":\"https:\\\/\\\/www.binauralmedia.org\\\/news\\\/arquivo\\\/portfolio-items#listItem\",\"name\":\"Portfolio\"}},{\"@type\":\"ListItem\",\"@id\":\"https:\\\/\\\/www.binauralmedia.org\\\/news\\\/portfolio_category\\\/artist-residencies#listItem\",\"position\":4,\"name\":\"Resid\\u00eancias Art\\u00edsticas\",\"item\":\"https:\\\/\\\/www.binauralmedia.org\\\/news\\\/portfolio_category\\\/artist-residencies\",\"nextItem\":{\"@type\":\"ListItem\",\"@id\":\"https:\\\/\\\/www.binauralmedia.org\\\/news\\\/arquivo\\\/portfolio-items\\\/jose-bica#listItem\",\"name\":\"Jos\\u00e9 Bica\"},\"previousItem\":{\"@type\":\"ListItem\",\"@id\":\"https:\\\/\\\/www.binauralmedia.org\\\/news\\\/portfolio_category\\\/activities#listItem\",\"name\":\"Atividades\"}},{\"@type\":\"ListItem\",\"@id\":\"https:\\\/\\\/www.binauralmedia.org\\\/news\\\/arquivo\\\/portfolio-items\\\/jose-bica#listItem\",\"position\":5,\"name\":\"Jos\\u00e9 Bica\",\"previousItem\":{\"@type\":\"ListItem\",\"@id\":\"https:\\\/\\\/www.binauralmedia.org\\\/news\\\/portfolio_category\\\/artist-residencies#listItem\",\"name\":\"Resid\\u00eancias Art\\u00edsticas\"}}]},{\"@type\":\"Organization\",\"@id\":\"https:\\\/\\\/www.binauralmedia.org\\\/news\\\/#organization\",\"name\":\"binauralmedia.org\",\"description\":\"Rural Based Sound\\\/Media Arts & Social Research\",\"url\":\"https:\\\/\\\/www.binauralmedia.org\\\/news\\\/\"},{\"@type\":\"Person\",\"@id\":\"https:\\\/\\\/www.binauralmedia.org\\\/news\\\/arquivo\\\/author\\\/anaferreira#author\",\"url\":\"https:\\\/\\\/www.binauralmedia.org\\\/news\\\/arquivo\\\/author\\\/anaferreira\",\"name\":\"Ana Ferreira\"},{\"@type\":\"WebPage\",\"@id\":\"https:\\\/\\\/www.binauralmedia.org\\\/news\\\/arquivo\\\/portfolio-items\\\/jose-bica#webpage\",\"url\":\"https:\\\/\\\/www.binauralmedia.org\\\/news\\\/arquivo\\\/portfolio-items\\\/jose-bica\",\"name\":\"Jos\\u00e9 Bica - binauralmedia.org\",\"description\":\"Pe\\u00e7a de arte sonora quadrif\\u00f3nica que se desenvolveu a partir de um trabalho de campo com a popula\\u00e7\\u00e3o da freguesia de C\\u00f4ta e ao longo das paisagens de aldeias da regi\\u00e3o. Esta obra revela intermit\\u00eancias observadas nas experi\\u00eancias de emigra\\u00e7\\u00e3o relatadas pelos participantes, atrav\\u00e9s de emo\\u00e7\\u00f5es resumidas em palavras e exploradas atrav\\u00e9s da fon\\u00e9tica de\",\"inLanguage\":\"pt-PT\",\"isPartOf\":{\"@id\":\"https:\\\/\\\/www.binauralmedia.org\\\/news\\\/#website\"},\"breadcrumb\":{\"@id\":\"https:\\\/\\\/www.binauralmedia.org\\\/news\\\/arquivo\\\/portfolio-items\\\/jose-bica#breadcrumblist\"},\"author\":{\"@id\":\"https:\\\/\\\/www.binauralmedia.org\\\/news\\\/arquivo\\\/author\\\/anaferreira#author\"},\"creator\":{\"@id\":\"https:\\\/\\\/www.binauralmedia.org\\\/news\\\/arquivo\\\/author\\\/anaferreira#author\"},\"image\":{\"@type\":\"ImageObject\",\"url\":\"https:\\\/\\\/www.binauralmedia.org\\\/news\\\/wp-content\\\/uploads\\\/202307-Jose-Bica-Nogueira-de-Cota-Viseu-1200x800px.jpg\",\"@id\":\"https:\\\/\\\/www.binauralmedia.org\\\/news\\\/arquivo\\\/portfolio-items\\\/jose-bica\\\/#mainImage\",\"width\":1200,\"height\":800},\"primaryImageOfPage\":{\"@id\":\"https:\\\/\\\/www.binauralmedia.org\\\/news\\\/arquivo\\\/portfolio-items\\\/jose-bica#mainImage\"},\"datePublished\":\"2023-07-09T14:17:24+00:00\",\"dateModified\":\"2024-02-06T12:35:51+00:00\"},{\"@type\":\"WebSite\",\"@id\":\"https:\\\/\\\/www.binauralmedia.org\\\/news\\\/#website\",\"url\":\"https:\\\/\\\/www.binauralmedia.org\\\/news\\\/\",\"name\":\"binauralmedia.org\",\"description\":\"Rural Based Sound\\\/Media Arts & Social Research\",\"inLanguage\":\"pt-PT\",\"publisher\":{\"@id\":\"https:\\\/\\\/www.binauralmedia.org\\\/news\\\/#organization\"}}]}\n\t\t<\/script>\n\t\t<!-- All in One SEO -->\n\n","aioseo_head_json":{"title":"Jos\u00e9 Bica - binauralmedia.org","description":"Pe\u00e7a de arte sonora quadrif\u00f3nica que se desenvolveu a partir de um trabalho de campo com a popula\u00e7\u00e3o da freguesia de C\u00f4ta e ao longo das paisagens de aldeias da regi\u00e3o. Esta obra revela intermit\u00eancias observadas nas experi\u00eancias de emigra\u00e7\u00e3o relatadas pelos participantes, atrav\u00e9s de emo\u00e7\u00f5es resumidas em palavras e exploradas atrav\u00e9s da fon\u00e9tica de","canonical_url":"https:\/\/www.binauralmedia.org\/news\/arquivo\/portfolio-items\/jose-bica","robots":"max-image-preview:large","keywords":"","webmasterTools":{"miscellaneous":""},"schema":{"@context":"https:\/\/schema.org","@graph":[{"@type":"BreadcrumbList","@id":"https:\/\/www.binauralmedia.org\/news\/arquivo\/portfolio-items\/jose-bica#breadcrumblist","itemListElement":[{"@type":"ListItem","@id":"https:\/\/www.binauralmedia.org\/news#listItem","position":1,"name":"Home","item":"https:\/\/www.binauralmedia.org\/news","nextItem":{"@type":"ListItem","@id":"https:\/\/www.binauralmedia.org\/news\/arquivo\/portfolio-items#listItem","name":"Portfolio"}},{"@type":"ListItem","@id":"https:\/\/www.binauralmedia.org\/news\/arquivo\/portfolio-items#listItem","position":2,"name":"Portfolio","item":"https:\/\/www.binauralmedia.org\/news\/arquivo\/portfolio-items","nextItem":{"@type":"ListItem","@id":"https:\/\/www.binauralmedia.org\/news\/portfolio_category\/activities#listItem","name":"Atividades"},"previousItem":{"@type":"ListItem","@id":"https:\/\/www.binauralmedia.org\/news#listItem","name":"Home"}},{"@type":"ListItem","@id":"https:\/\/www.binauralmedia.org\/news\/portfolio_category\/activities#listItem","position":3,"name":"Atividades","item":"https:\/\/www.binauralmedia.org\/news\/portfolio_category\/activities","nextItem":{"@type":"ListItem","@id":"https:\/\/www.binauralmedia.org\/news\/portfolio_category\/artist-residencies#listItem","name":"Resid\u00eancias Art\u00edsticas"},"previousItem":{"@type":"ListItem","@id":"https:\/\/www.binauralmedia.org\/news\/arquivo\/portfolio-items#listItem","name":"Portfolio"}},{"@type":"ListItem","@id":"https:\/\/www.binauralmedia.org\/news\/portfolio_category\/artist-residencies#listItem","position":4,"name":"Resid\u00eancias Art\u00edsticas","item":"https:\/\/www.binauralmedia.org\/news\/portfolio_category\/artist-residencies","nextItem":{"@type":"ListItem","@id":"https:\/\/www.binauralmedia.org\/news\/arquivo\/portfolio-items\/jose-bica#listItem","name":"Jos\u00e9 Bica"},"previousItem":{"@type":"ListItem","@id":"https:\/\/www.binauralmedia.org\/news\/portfolio_category\/activities#listItem","name":"Atividades"}},{"@type":"ListItem","@id":"https:\/\/www.binauralmedia.org\/news\/arquivo\/portfolio-items\/jose-bica#listItem","position":5,"name":"Jos\u00e9 Bica","previousItem":{"@type":"ListItem","@id":"https:\/\/www.binauralmedia.org\/news\/portfolio_category\/artist-residencies#listItem","name":"Resid\u00eancias Art\u00edsticas"}}]},{"@type":"Organization","@id":"https:\/\/www.binauralmedia.org\/news\/#organization","name":"binauralmedia.org","description":"Rural Based Sound\/Media Arts & Social Research","url":"https:\/\/www.binauralmedia.org\/news\/"},{"@type":"Person","@id":"https:\/\/www.binauralmedia.org\/news\/arquivo\/author\/anaferreira#author","url":"https:\/\/www.binauralmedia.org\/news\/arquivo\/author\/anaferreira","name":"Ana Ferreira"},{"@type":"WebPage","@id":"https:\/\/www.binauralmedia.org\/news\/arquivo\/portfolio-items\/jose-bica#webpage","url":"https:\/\/www.binauralmedia.org\/news\/arquivo\/portfolio-items\/jose-bica","name":"Jos\u00e9 Bica - binauralmedia.org","description":"Pe\u00e7a de arte sonora quadrif\u00f3nica que se desenvolveu a partir de um trabalho de campo com a popula\u00e7\u00e3o da freguesia de C\u00f4ta e ao longo das paisagens de aldeias da regi\u00e3o. Esta obra revela intermit\u00eancias observadas nas experi\u00eancias de emigra\u00e7\u00e3o relatadas pelos participantes, atrav\u00e9s de emo\u00e7\u00f5es resumidas em palavras e exploradas atrav\u00e9s da fon\u00e9tica de","inLanguage":"pt-PT","isPartOf":{"@id":"https:\/\/www.binauralmedia.org\/news\/#website"},"breadcrumb":{"@id":"https:\/\/www.binauralmedia.org\/news\/arquivo\/portfolio-items\/jose-bica#breadcrumblist"},"author":{"@id":"https:\/\/www.binauralmedia.org\/news\/arquivo\/author\/anaferreira#author"},"creator":{"@id":"https:\/\/www.binauralmedia.org\/news\/arquivo\/author\/anaferreira#author"},"image":{"@type":"ImageObject","url":"https:\/\/www.binauralmedia.org\/news\/wp-content\/uploads\/202307-Jose-Bica-Nogueira-de-Cota-Viseu-1200x800px.jpg","@id":"https:\/\/www.binauralmedia.org\/news\/arquivo\/portfolio-items\/jose-bica\/#mainImage","width":1200,"height":800},"primaryImageOfPage":{"@id":"https:\/\/www.binauralmedia.org\/news\/arquivo\/portfolio-items\/jose-bica#mainImage"},"datePublished":"2023-07-09T14:17:24+00:00","dateModified":"2024-02-06T12:35:51+00:00"},{"@type":"WebSite","@id":"https:\/\/www.binauralmedia.org\/news\/#website","url":"https:\/\/www.binauralmedia.org\/news\/","name":"binauralmedia.org","description":"Rural Based Sound\/Media Arts & Social Research","inLanguage":"pt-PT","publisher":{"@id":"https:\/\/www.binauralmedia.org\/news\/#organization"}}]},"og:locale":"pt_PT","og:site_name":"binauralmedia.org - Rural Based Sound\/Media Arts &amp; Social Research","og:type":"article","og:title":"Jos\u00e9 Bica - binauralmedia.org","og:description":"Pe\u00e7a de arte sonora quadrif\u00f3nica que se desenvolveu a partir de um trabalho de campo com a popula\u00e7\u00e3o da freguesia de C\u00f4ta e ao longo das paisagens de aldeias da regi\u00e3o. Esta obra revela intermit\u00eancias observadas nas experi\u00eancias de emigra\u00e7\u00e3o relatadas pelos participantes, atrav\u00e9s de emo\u00e7\u00f5es resumidas em palavras e exploradas atrav\u00e9s da fon\u00e9tica de","og:url":"https:\/\/www.binauralmedia.org\/news\/arquivo\/portfolio-items\/jose-bica","article:published_time":"2023-07-09T14:17:24+00:00","article:modified_time":"2024-02-06T12:35:51+00:00","twitter:card":"summary_large_image","twitter:title":"Jos\u00e9 Bica - binauralmedia.org","twitter:description":"Pe\u00e7a de arte sonora quadrif\u00f3nica que se desenvolveu a partir de um trabalho de campo com a popula\u00e7\u00e3o da freguesia de C\u00f4ta e ao longo das paisagens de aldeias da regi\u00e3o. Esta obra revela intermit\u00eancias observadas nas experi\u00eancias de emigra\u00e7\u00e3o relatadas pelos participantes, atrav\u00e9s de emo\u00e7\u00f5es resumidas em palavras e exploradas atrav\u00e9s da fon\u00e9tica de"},"aioseo_meta_data":{"post_id":"19880","title":null,"description":null,"keywords":null,"keyphrases":null,"primary_term":null,"canonical_url":null,"og_title":null,"og_description":null,"og_object_type":"default","og_image_type":"default","og_image_custom_url":null,"og_image_custom_fields":null,"og_image_url":null,"og_image_width":null,"og_image_height":null,"og_video":null,"og_custom_url":null,"og_article_section":null,"og_article_tags":null,"twitter_use_og":false,"twitter_card":"default","twitter_image_type":"default","twitter_image_custom_url":null,"twitter_image_custom_fields":null,"twitter_image_url":null,"twitter_title":null,"twitter_description":null,"schema_type":"default","schema_type_options":null,"schema":{"blockGraphs":[],"customGraphs":[],"default":{"data":{"Article":[],"Course":[],"Dataset":[],"FAQPage":[],"Movie":[],"Person":[],"Product":[],"ProductReview":[],"Car":[],"Recipe":[],"Service":[],"SoftwareApplication":[],"WebPage":[]},"graphName":"","isEnabled":true},"graphs":[]},"pillar_content":false,"robots_default":true,"robots_noindex":false,"robots_noarchive":false,"robots_nosnippet":false,"robots_nofollow":false,"robots_noimageindex":false,"robots_noodp":false,"robots_notranslate":false,"robots_max_snippet":null,"robots_max_videopreview":null,"robots_max_imagepreview":"large","priority":null,"frequency":null,"local_seo":null,"limit_modified_date":false,"ai":null,"breadcrumb_settings":null,"seo_analyzer_scan_date":null,"created":"2026-08-04 23:30:50","updated":"2026-08-04 23:30:50","focus_keyword":null,"additional_keywords":null,"truseo_locale":null},"aioseo_breadcrumb":"<div class=\"aioseo-breadcrumbs\"><span class=\"aioseo-breadcrumb\">\n\t\t\t<a href=\"https:\/\/www.binauralmedia.org\/news\" title=\"Home\">Home<\/a>\n\t\t<\/span><span class=\"aioseo-breadcrumb-separator\">&raquo;<\/span><span class=\"aioseo-breadcrumb\">\n\t\t\t<a href=\"https:\/\/www.binauralmedia.org\/news\/arquivo\/portfolio-items\" title=\"Portfolio\">Portfolio<\/a>\n\t\t<\/span><span class=\"aioseo-breadcrumb-separator\">&raquo;<\/span><span class=\"aioseo-breadcrumb\">\n\t\t\t<a href=\"https:\/\/www.binauralmedia.org\/news\/portfolio_category\/activities\" title=\"Atividades\">Atividades<\/a>\n\t\t<\/span><span class=\"aioseo-breadcrumb-separator\">&raquo;<\/span><span class=\"aioseo-breadcrumb\">\n\t\t\t<a href=\"https:\/\/www.binauralmedia.org\/news\/portfolio_category\/artist-residencies\" title=\"Resid\u00eancias Art\u00edsticas\">Resid\u00eancias Art\u00edsticas<\/a>\n\t\t<\/span><span class=\"aioseo-breadcrumb-separator\">&raquo;<\/span><span class=\"aioseo-breadcrumb\">\n\t\t\tJos\u00e9 Bica\n\t\t<\/span><\/div>","aioseo_breadcrumb_json":[{"label":"Home","link":"https:\/\/www.binauralmedia.org\/news"},{"label":"Portfolio","link":"https:\/\/www.binauralmedia.org\/news\/arquivo\/portfolio-items"},{"label":"Atividades","link":"https:\/\/www.binauralmedia.org\/news\/portfolio_category\/activities"},{"label":"Resid\u00eancias Art\u00edsticas","link":"https:\/\/www.binauralmedia.org\/news\/portfolio_category\/artist-residencies"},{"label":"Jos\u00e9 Bica","link":"https:\/\/www.binauralmedia.org\/news\/arquivo\/portfolio-items\/jose-bica"}],"_links":{"self":[{"href":"https:\/\/www.binauralmedia.org\/news\/wp-json\/wp\/v2\/avada_portfolio\/19880","targetHints":{"allow":["GET"]}}],"collection":[{"href":"https:\/\/www.binauralmedia.org\/news\/wp-json\/wp\/v2\/avada_portfolio"}],"about":[{"href":"https:\/\/www.binauralmedia.org\/news\/wp-json\/wp\/v2\/types\/avada_portfolio"}],"author":[{"embeddable":true,"href":"https:\/\/www.binauralmedia.org\/news\/wp-json\/wp\/v2\/users\/13"}],"replies":[{"embeddable":true,"href":"https:\/\/www.binauralmedia.org\/news\/wp-json\/wp\/v2\/comments?post=19880"}],"version-history":[{"count":4,"href":"https:\/\/www.binauralmedia.org\/news\/wp-json\/wp\/v2\/avada_portfolio\/19880\/revisions"}],"predecessor-version":[{"id":20677,"href":"https:\/\/www.binauralmedia.org\/news\/wp-json\/wp\/v2\/avada_portfolio\/19880\/revisions\/20677"}],"wp:featuredmedia":[{"embeddable":true,"href":"https:\/\/www.binauralmedia.org\/news\/wp-json\/wp\/v2\/media\/19883"}],"wp:attachment":[{"href":"https:\/\/www.binauralmedia.org\/news\/wp-json\/wp\/v2\/media?parent=19880"}],"wp:term":[{"taxonomy":"portfolio_category","embeddable":true,"href":"https:\/\/www.binauralmedia.org\/news\/wp-json\/wp\/v2\/portfolio_category?post=19880"},{"taxonomy":"portfolio_skills","embeddable":true,"href":"https:\/\/www.binauralmedia.org\/news\/wp-json\/wp\/v2\/portfolio_skills?post=19880"},{"taxonomy":"portfolio_tags","embeddable":true,"href":"https:\/\/www.binauralmedia.org\/news\/wp-json\/wp\/v2\/portfolio_tags?post=19880"}],"curies":[{"name":"wp","href":"https:\/\/api.w.org\/{rel}","templated":true}]}}