{"id":19859,"date":"2023-07-09T13:33:31","date_gmt":"2023-07-09T13:33:31","guid":{"rendered":"https:\/\/www.binauralmedia.org\/news?post_type=avada_portfolio&#038;p=19859"},"modified":"2024-02-06T15:44:00","modified_gmt":"2024-02-06T15:44:00","slug":"sofia-balbontin","status":"publish","type":"avada_portfolio","link":"https:\/\/www.binauralmedia.org\/news\/arquivo\/portfolio-items\/sofia-balbontin","title":{"rendered":"Sof\u00eda Balbont\u00edn"},"content":{"rendered":"<div class=\"fusion-fullwidth fullwidth-box fusion-builder-row-1 fusion-flex-container has-pattern-background has-mask-background nonhundred-percent-fullwidth non-hundred-percent-height-scrolling\" style=\"--awb-border-radius-top-left:0px;--awb-border-radius-top-right:0px;--awb-border-radius-bottom-right:0px;--awb-border-radius-bottom-left:0px;--awb-flex-wrap:wrap;\" ><div class=\"fusion-builder-row fusion-row fusion-flex-align-items-flex-start fusion-flex-content-wrap\" style=\"max-width:1144px;margin-left: calc(-4% \/ 2 );margin-right: calc(-4% \/ 2 );\"><div class=\"fusion-layout-column fusion_builder_column fusion-builder-column-0 fusion_builder_column_1_1 1_1 fusion-flex-column\" style=\"--awb-bg-size:cover;--awb-width-large:100%;--awb-margin-top-large:0px;--awb-spacing-right-large:1.92%;--awb-margin-bottom-large:20px;--awb-spacing-left-large:1.92%;--awb-width-medium:100%;--awb-order-medium:0;--awb-spacing-right-medium:1.92%;--awb-spacing-left-medium:1.92%;--awb-width-small:100%;--awb-order-small:0;--awb-spacing-right-small:1.92%;--awb-spacing-left-small:1.92%;\"><div class=\"fusion-column-wrapper fusion-column-has-shadow fusion-flex-justify-content-flex-start fusion-content-layout-column\"><div class=\"fusion-text fusion-text-1\"><p>A participa\u00e7\u00e3o de Sof\u00eda Balbont\u00edn durante a resid\u00eancia art\u00edstica em Junho de 2023, produzida pela <i>Binaural &#8211; Associa\u00e7\u00e3o Cultural de Nodar<\/i>, consistiu numa valoriza\u00e7\u00e3o dos espa\u00e7os vazios da zona de Viseu, contemplando sobretudo os espa\u00e7os e infra-estruturas de sistemas produtivos que porventura se tornaram obsoletos, modificando a economia local causando a consequente emigra\u00e7\u00e3o de uma popula\u00e7\u00e3o em busca de novas e melhores oportunidades. Estes espa\u00e7os vazios fazem parte da mem\u00f3ria do lugar, das actividades que outrora deram vida \u00e0s aldeias da zona e que, quando foram abandonadas, provocaram tamb\u00e9m o abandono da popula\u00e7\u00e3o. A obra Tungsteno consiste numa ocupa\u00e7\u00e3o tempor\u00e1ria da Mina de Queiriga, que na altura era explorada para a extra\u00e7\u00e3o de Volfr\u00e2mio, um mineral utilizado para produzir Tungst\u00e9nio, que \u00e9 um metal altamente resistente que foi utilizado nas guerras mundiais. A mina foi abandonada depois de a extra\u00e7\u00e3o de volfr\u00e2mio ter deixado de ser economicamente competitiva.<\/p>\n<p>O projeto explora os sons caracter\u00edsticos da mina, a partir dos quais foi desenvolvida uma composi\u00e7\u00e3o que procura enaltecer as caracter\u00edsticas ac\u00fasticas do local. Para a implanta\u00e7\u00e3o sonora a artista utilizou o &#8220;Polyphono&#8221;, um sistema sonoro de 10 extremidades sonoras colocado de forma dispersa pela mina, criando um sistema multicanal de espacializa\u00e7\u00e3o sonora que dialoga com os diferentes recantos do lugar, o que eventualmente estimula as diferen\u00e7as ac\u00fasticas que a mina alberga bem como a total magnitude sonora da gruta, onde o pr\u00f3prio espa\u00e7o \u00e9 quem modula o som. O resultado final revelou ser uma performance ao vivo no interior da mina, com o apoio de sintetizadores, ondas electromagn\u00e9ticas e sons dos t\u00faneis subterr\u00e2neos, lan\u00e7ados no espa\u00e7o e modulados por ele, criando um di\u00e1logo com a ac\u00fastica da mina.<\/p>\n<p>Sofi\u0301a Balbont\u00edn (Santiago, 1985) \u00e9 uma arquiteta e artista sonora chilena radicada em Lisboa, co-diretora do projeto Resonant Spaces e membro do NLC Nucleo de Lenguaje y Creaci\u00f3n UDLA. O seu trabalho centra-se principalmente na intera\u00e7\u00e3o entre som e espa\u00e7o, desenvolvendo a partir deste ponto de partida propostas experimentais em torno da m\u00fasica, v\u00eddeo, performance e instala\u00e7\u00e3o. Sofi\u0301a \u00e9 professora na escola de arquitetura Universidad de las Am\u00e9ricas, Chile e atualmente cursa um doutoramento em Artes Performativas na Universidade de Lisboa.<\/p>\n<\/div><div class=\"fusion-title title fusion-title-1 fusion-sep-none fusion-title-center fusion-title-text fusion-title-size-one\" style=\"--awb-margin-top:30px;--awb-margin-bottom:5px;--awb-margin-top-small:0px;--awb-margin-right-small:0px;--awb-margin-bottom-small:20px;--awb-margin-left-small:0px;\"><h1 class=\"fusion-title-heading title-heading-center\" style=\"margin:0;\"><h3 style=\"text-align: center;\"><strong>OBRAS ART\u00cdSTICAS<\/strong><\/h3><\/h1><\/div><div class=\"fusion-separator fusion-full-width-sep\" style=\"align-self: center;margin-left: auto;margin-right: auto;margin-top:-10px;margin-bottom:20px;width:100%;\"><div class=\"fusion-separator-border sep-single sep-solid\" style=\"--awb-height:20px;--awb-amount:20px;border-color:#e0dede;border-top-width:1px;\"><\/div><\/div><div class=\"fusion-video fusion-vimeo\" style=\"--awb-max-width:600px;--awb-max-height:360px;--awb-align-self:center;--awb-width:100%;--awb-margin-top:30px;--awb-margin-bottom:40px;\"><div class=\"video-shortcode\"><div class=\"fluid-width-video-wrapper\" style=\"padding-top:60%;\" ><iframe title=\"Vimeo video player 1\" src=\"https:\/\/player.vimeo.com\/video\/852394116?autoplay=0&amp;autopause=0\" width=\"600\" height=\"360\" allowfullscreen allow=\"autoplay; fullscreen\"><\/iframe><\/div><\/div><\/div><\/div><\/div><\/div><\/div>\n","protected":false},"excerpt":{"rendered":"","protected":false},"author":13,"featured_media":19866,"menu_order":0,"comment_status":"closed","ping_status":"closed","template":"","format":"standard","meta":{"_acf_changed":false,"_bbp_topic_count":0,"_bbp_reply_count":0,"_bbp_total_topic_count":0,"_bbp_total_reply_count":0,"_bbp_voice_count":0,"_bbp_anonymous_reply_count":0,"_bbp_topic_count_hidden":0,"_bbp_reply_count_hidden":0,"_bbp_forum_subforum_count":0,"footnotes":""},"portfolio_category":[1249,1229,1155,1145],"portfolio_skills":[],"portfolio_tags":[],"class_list":["post-19859","avada_portfolio","type-avada_portfolio","status-publish","format-standard","has-post-thumbnail","hentry","portfolio_category-1249","portfolio_category-artistas","portfolio_category-activities","portfolio_category-artist-residencies"],"acf":[],"aioseo_notices":[],"aioseo_head":"\n\t\t<!-- All in One SEO 5.0.1.1 - aioseo.com -->\n\t<meta name=\"description\" content=\"A participa\u00e7\u00e3o de Sof\u00eda Balbont\u00edn durante a resid\u00eancia art\u00edstica em Junho de 2023, produzida pela Binaural \u2013 Associa\u00e7\u00e3o Cultural de Nodar, consistiu numa valoriza\u00e7\u00e3o dos espa\u00e7os vazios da zona de Viseu, contemplando sobretudo os espa\u00e7os e infra-estruturas de sistemas produtivos que porventura se tornaram obsoletos, modificando a economia local causando a consequente emigra\u00e7\u00e3o de uma\" \/>\n\t<meta name=\"robots\" content=\"max-image-preview:large\" \/>\n\t<meta name=\"author\" content=\"Ana Ferreira\"\/>\n\t<link rel=\"canonical\" href=\"https:\/\/www.binauralmedia.org\/news\/arquivo\/portfolio-items\/sofia-balbontin\" \/>\n\t<meta name=\"generator\" content=\"All in One SEO (AIOSEO) 5.0.1.1\" \/>\n\t\t<meta property=\"og:locale\" content=\"pt_PT\" \/>\n\t\t<meta property=\"og:site_name\" content=\"binauralmedia.org - Rural Based Sound\/Media Arts &amp; Social Research\" \/>\n\t\t<meta property=\"og:type\" content=\"article\" \/>\n\t\t<meta property=\"og:title\" content=\"Sof\u00eda Balbont\u00edn - binauralmedia.org\" \/>\n\t\t<meta property=\"og:description\" content=\"A participa\u00e7\u00e3o de Sof\u00eda Balbont\u00edn durante a resid\u00eancia art\u00edstica em Junho de 2023, produzida pela Binaural \u2013 Associa\u00e7\u00e3o Cultural de Nodar, consistiu numa valoriza\u00e7\u00e3o dos espa\u00e7os vazios da zona de Viseu, contemplando sobretudo os espa\u00e7os e infra-estruturas de sistemas produtivos que porventura se tornaram obsoletos, modificando a economia local causando a consequente emigra\u00e7\u00e3o de uma\" \/>\n\t\t<meta property=\"og:url\" content=\"https:\/\/www.binauralmedia.org\/news\/arquivo\/portfolio-items\/sofia-balbontin\" \/>\n\t\t<meta property=\"article:published_time\" content=\"2023-07-09T13:33:31+00:00\" \/>\n\t\t<meta property=\"article:modified_time\" content=\"2024-02-06T15:44:00+00:00\" \/>\n\t\t<meta name=\"twitter:card\" content=\"summary_large_image\" \/>\n\t\t<meta name=\"twitter:title\" content=\"Sof\u00eda Balbont\u00edn - binauralmedia.org\" \/>\n\t\t<meta name=\"twitter:description\" content=\"A participa\u00e7\u00e3o de Sof\u00eda Balbont\u00edn durante a resid\u00eancia art\u00edstica em Junho de 2023, produzida pela Binaural \u2013 Associa\u00e7\u00e3o Cultural de Nodar, consistiu numa valoriza\u00e7\u00e3o dos espa\u00e7os vazios da zona de Viseu, contemplando sobretudo os espa\u00e7os e infra-estruturas de sistemas produtivos que porventura se tornaram obsoletos, modificando a economia local causando a consequente emigra\u00e7\u00e3o de uma\" \/>\n\t\t<script type=\"application\/ld+json\" class=\"aioseo-schema\">\n\t\t\t{\"@context\":\"https:\\\/\\\/schema.org\",\"@graph\":[{\"@type\":\"BreadcrumbList\",\"@id\":\"https:\\\/\\\/www.binauralmedia.org\\\/news\\\/arquivo\\\/portfolio-items\\\/sofia-balbontin#breadcrumblist\",\"itemListElement\":[{\"@type\":\"ListItem\",\"@id\":\"https:\\\/\\\/www.binauralmedia.org\\\/news#listItem\",\"position\":1,\"name\":\"Home\",\"item\":\"https:\\\/\\\/www.binauralmedia.org\\\/news\",\"nextItem\":{\"@type\":\"ListItem\",\"@id\":\"https:\\\/\\\/www.binauralmedia.org\\\/news\\\/arquivo\\\/portfolio-items#listItem\",\"name\":\"Portfolio\"}},{\"@type\":\"ListItem\",\"@id\":\"https:\\\/\\\/www.binauralmedia.org\\\/news\\\/arquivo\\\/portfolio-items#listItem\",\"position\":2,\"name\":\"Portfolio\",\"item\":\"https:\\\/\\\/www.binauralmedia.org\\\/news\\\/arquivo\\\/portfolio-items\",\"nextItem\":{\"@type\":\"ListItem\",\"@id\":\"https:\\\/\\\/www.binauralmedia.org\\\/news\\\/portfolio_category\\\/activities#listItem\",\"name\":\"Atividades\"},\"previousItem\":{\"@type\":\"ListItem\",\"@id\":\"https:\\\/\\\/www.binauralmedia.org\\\/news#listItem\",\"name\":\"Home\"}},{\"@type\":\"ListItem\",\"@id\":\"https:\\\/\\\/www.binauralmedia.org\\\/news\\\/portfolio_category\\\/activities#listItem\",\"position\":3,\"name\":\"Atividades\",\"item\":\"https:\\\/\\\/www.binauralmedia.org\\\/news\\\/portfolio_category\\\/activities\",\"nextItem\":{\"@type\":\"ListItem\",\"@id\":\"https:\\\/\\\/www.binauralmedia.org\\\/news\\\/portfolio_category\\\/artist-residencies#listItem\",\"name\":\"Resid\\u00eancias Art\\u00edsticas\"},\"previousItem\":{\"@type\":\"ListItem\",\"@id\":\"https:\\\/\\\/www.binauralmedia.org\\\/news\\\/arquivo\\\/portfolio-items#listItem\",\"name\":\"Portfolio\"}},{\"@type\":\"ListItem\",\"@id\":\"https:\\\/\\\/www.binauralmedia.org\\\/news\\\/portfolio_category\\\/artist-residencies#listItem\",\"position\":4,\"name\":\"Resid\\u00eancias Art\\u00edsticas\",\"item\":\"https:\\\/\\\/www.binauralmedia.org\\\/news\\\/portfolio_category\\\/artist-residencies\",\"nextItem\":{\"@type\":\"ListItem\",\"@id\":\"https:\\\/\\\/www.binauralmedia.org\\\/news\\\/arquivo\\\/portfolio-items\\\/sofia-balbontin#listItem\",\"name\":\"Sof\\u00eda Balbont\\u00edn\"},\"previousItem\":{\"@type\":\"ListItem\",\"@id\":\"https:\\\/\\\/www.binauralmedia.org\\\/news\\\/portfolio_category\\\/activities#listItem\",\"name\":\"Atividades\"}},{\"@type\":\"ListItem\",\"@id\":\"https:\\\/\\\/www.binauralmedia.org\\\/news\\\/arquivo\\\/portfolio-items\\\/sofia-balbontin#listItem\",\"position\":5,\"name\":\"Sof\\u00eda Balbont\\u00edn\",\"previousItem\":{\"@type\":\"ListItem\",\"@id\":\"https:\\\/\\\/www.binauralmedia.org\\\/news\\\/portfolio_category\\\/artist-residencies#listItem\",\"name\":\"Resid\\u00eancias Art\\u00edsticas\"}}]},{\"@type\":\"Organization\",\"@id\":\"https:\\\/\\\/www.binauralmedia.org\\\/news\\\/#organization\",\"name\":\"binauralmedia.org\",\"description\":\"Rural Based Sound\\\/Media Arts & Social Research\",\"url\":\"https:\\\/\\\/www.binauralmedia.org\\\/news\\\/\"},{\"@type\":\"Person\",\"@id\":\"https:\\\/\\\/www.binauralmedia.org\\\/news\\\/arquivo\\\/author\\\/anaferreira#author\",\"url\":\"https:\\\/\\\/www.binauralmedia.org\\\/news\\\/arquivo\\\/author\\\/anaferreira\",\"name\":\"Ana Ferreira\"},{\"@type\":\"WebPage\",\"@id\":\"https:\\\/\\\/www.binauralmedia.org\\\/news\\\/arquivo\\\/portfolio-items\\\/sofia-balbontin#webpage\",\"url\":\"https:\\\/\\\/www.binauralmedia.org\\\/news\\\/arquivo\\\/portfolio-items\\\/sofia-balbontin\",\"name\":\"Sof\\u00eda Balbont\\u00edn - binauralmedia.org\",\"description\":\"A participa\\u00e7\\u00e3o de Sof\\u00eda Balbont\\u00edn durante a resid\\u00eancia art\\u00edstica em Junho de 2023, produzida pela Binaural \\u2013 Associa\\u00e7\\u00e3o Cultural de Nodar, consistiu numa valoriza\\u00e7\\u00e3o dos espa\\u00e7os vazios da zona de Viseu, contemplando sobretudo os espa\\u00e7os e infra-estruturas de sistemas produtivos que porventura se tornaram obsoletos, modificando a economia local causando a consequente emigra\\u00e7\\u00e3o de uma\",\"inLanguage\":\"pt-PT\",\"isPartOf\":{\"@id\":\"https:\\\/\\\/www.binauralmedia.org\\\/news\\\/#website\"},\"breadcrumb\":{\"@id\":\"https:\\\/\\\/www.binauralmedia.org\\\/news\\\/arquivo\\\/portfolio-items\\\/sofia-balbontin#breadcrumblist\"},\"author\":{\"@id\":\"https:\\\/\\\/www.binauralmedia.org\\\/news\\\/arquivo\\\/author\\\/anaferreira#author\"},\"creator\":{\"@id\":\"https:\\\/\\\/www.binauralmedia.org\\\/news\\\/arquivo\\\/author\\\/anaferreira#author\"},\"image\":{\"@type\":\"ImageObject\",\"url\":\"https:\\\/\\\/www.binauralmedia.org\\\/news\\\/wp-content\\\/uploads\\\/2023-07-Sofia-Balbontin-Queiriga-Vila-Nova-de-Paiva-imagem-de-destaque-1200x800px.jpg\",\"@id\":\"https:\\\/\\\/www.binauralmedia.org\\\/news\\\/arquivo\\\/portfolio-items\\\/sofia-balbontin\\\/#mainImage\",\"width\":1200,\"height\":800},\"primaryImageOfPage\":{\"@id\":\"https:\\\/\\\/www.binauralmedia.org\\\/news\\\/arquivo\\\/portfolio-items\\\/sofia-balbontin#mainImage\"},\"datePublished\":\"2023-07-09T13:33:31+00:00\",\"dateModified\":\"2024-02-06T15:44:00+00:00\"},{\"@type\":\"WebSite\",\"@id\":\"https:\\\/\\\/www.binauralmedia.org\\\/news\\\/#website\",\"url\":\"https:\\\/\\\/www.binauralmedia.org\\\/news\\\/\",\"name\":\"binauralmedia.org\",\"description\":\"Rural Based Sound\\\/Media Arts & Social Research\",\"inLanguage\":\"pt-PT\",\"publisher\":{\"@id\":\"https:\\\/\\\/www.binauralmedia.org\\\/news\\\/#organization\"}}]}\n\t\t<\/script>\n\t\t<!-- All in One SEO -->\n\n","aioseo_head_json":{"title":"Sof\u00eda Balbont\u00edn - binauralmedia.org","description":"A participa\u00e7\u00e3o de Sof\u00eda Balbont\u00edn durante a resid\u00eancia art\u00edstica em Junho de 2023, produzida pela Binaural \u2013 Associa\u00e7\u00e3o Cultural de Nodar, consistiu numa valoriza\u00e7\u00e3o dos espa\u00e7os vazios da zona de Viseu, contemplando sobretudo os espa\u00e7os e infra-estruturas de sistemas produtivos que porventura se tornaram obsoletos, modificando a economia local causando a consequente emigra\u00e7\u00e3o de uma","canonical_url":"https:\/\/www.binauralmedia.org\/news\/arquivo\/portfolio-items\/sofia-balbontin","robots":"max-image-preview:large","keywords":"","webmasterTools":{"miscellaneous":""},"schema":{"@context":"https:\/\/schema.org","@graph":[{"@type":"BreadcrumbList","@id":"https:\/\/www.binauralmedia.org\/news\/arquivo\/portfolio-items\/sofia-balbontin#breadcrumblist","itemListElement":[{"@type":"ListItem","@id":"https:\/\/www.binauralmedia.org\/news#listItem","position":1,"name":"Home","item":"https:\/\/www.binauralmedia.org\/news","nextItem":{"@type":"ListItem","@id":"https:\/\/www.binauralmedia.org\/news\/arquivo\/portfolio-items#listItem","name":"Portfolio"}},{"@type":"ListItem","@id":"https:\/\/www.binauralmedia.org\/news\/arquivo\/portfolio-items#listItem","position":2,"name":"Portfolio","item":"https:\/\/www.binauralmedia.org\/news\/arquivo\/portfolio-items","nextItem":{"@type":"ListItem","@id":"https:\/\/www.binauralmedia.org\/news\/portfolio_category\/activities#listItem","name":"Atividades"},"previousItem":{"@type":"ListItem","@id":"https:\/\/www.binauralmedia.org\/news#listItem","name":"Home"}},{"@type":"ListItem","@id":"https:\/\/www.binauralmedia.org\/news\/portfolio_category\/activities#listItem","position":3,"name":"Atividades","item":"https:\/\/www.binauralmedia.org\/news\/portfolio_category\/activities","nextItem":{"@type":"ListItem","@id":"https:\/\/www.binauralmedia.org\/news\/portfolio_category\/artist-residencies#listItem","name":"Resid\u00eancias Art\u00edsticas"},"previousItem":{"@type":"ListItem","@id":"https:\/\/www.binauralmedia.org\/news\/arquivo\/portfolio-items#listItem","name":"Portfolio"}},{"@type":"ListItem","@id":"https:\/\/www.binauralmedia.org\/news\/portfolio_category\/artist-residencies#listItem","position":4,"name":"Resid\u00eancias Art\u00edsticas","item":"https:\/\/www.binauralmedia.org\/news\/portfolio_category\/artist-residencies","nextItem":{"@type":"ListItem","@id":"https:\/\/www.binauralmedia.org\/news\/arquivo\/portfolio-items\/sofia-balbontin#listItem","name":"Sof\u00eda Balbont\u00edn"},"previousItem":{"@type":"ListItem","@id":"https:\/\/www.binauralmedia.org\/news\/portfolio_category\/activities#listItem","name":"Atividades"}},{"@type":"ListItem","@id":"https:\/\/www.binauralmedia.org\/news\/arquivo\/portfolio-items\/sofia-balbontin#listItem","position":5,"name":"Sof\u00eda Balbont\u00edn","previousItem":{"@type":"ListItem","@id":"https:\/\/www.binauralmedia.org\/news\/portfolio_category\/artist-residencies#listItem","name":"Resid\u00eancias Art\u00edsticas"}}]},{"@type":"Organization","@id":"https:\/\/www.binauralmedia.org\/news\/#organization","name":"binauralmedia.org","description":"Rural Based Sound\/Media Arts & Social Research","url":"https:\/\/www.binauralmedia.org\/news\/"},{"@type":"Person","@id":"https:\/\/www.binauralmedia.org\/news\/arquivo\/author\/anaferreira#author","url":"https:\/\/www.binauralmedia.org\/news\/arquivo\/author\/anaferreira","name":"Ana Ferreira"},{"@type":"WebPage","@id":"https:\/\/www.binauralmedia.org\/news\/arquivo\/portfolio-items\/sofia-balbontin#webpage","url":"https:\/\/www.binauralmedia.org\/news\/arquivo\/portfolio-items\/sofia-balbontin","name":"Sof\u00eda Balbont\u00edn - binauralmedia.org","description":"A participa\u00e7\u00e3o de Sof\u00eda Balbont\u00edn durante a resid\u00eancia art\u00edstica em Junho de 2023, produzida pela Binaural \u2013 Associa\u00e7\u00e3o Cultural de Nodar, consistiu numa valoriza\u00e7\u00e3o dos espa\u00e7os vazios da zona de Viseu, contemplando sobretudo os espa\u00e7os e infra-estruturas de sistemas produtivos que porventura se tornaram obsoletos, modificando a economia local causando a consequente emigra\u00e7\u00e3o de uma","inLanguage":"pt-PT","isPartOf":{"@id":"https:\/\/www.binauralmedia.org\/news\/#website"},"breadcrumb":{"@id":"https:\/\/www.binauralmedia.org\/news\/arquivo\/portfolio-items\/sofia-balbontin#breadcrumblist"},"author":{"@id":"https:\/\/www.binauralmedia.org\/news\/arquivo\/author\/anaferreira#author"},"creator":{"@id":"https:\/\/www.binauralmedia.org\/news\/arquivo\/author\/anaferreira#author"},"image":{"@type":"ImageObject","url":"https:\/\/www.binauralmedia.org\/news\/wp-content\/uploads\/2023-07-Sofia-Balbontin-Queiriga-Vila-Nova-de-Paiva-imagem-de-destaque-1200x800px.jpg","@id":"https:\/\/www.binauralmedia.org\/news\/arquivo\/portfolio-items\/sofia-balbontin\/#mainImage","width":1200,"height":800},"primaryImageOfPage":{"@id":"https:\/\/www.binauralmedia.org\/news\/arquivo\/portfolio-items\/sofia-balbontin#mainImage"},"datePublished":"2023-07-09T13:33:31+00:00","dateModified":"2024-02-06T15:44:00+00:00"},{"@type":"WebSite","@id":"https:\/\/www.binauralmedia.org\/news\/#website","url":"https:\/\/www.binauralmedia.org\/news\/","name":"binauralmedia.org","description":"Rural Based Sound\/Media Arts & Social Research","inLanguage":"pt-PT","publisher":{"@id":"https:\/\/www.binauralmedia.org\/news\/#organization"}}]},"og:locale":"pt_PT","og:site_name":"binauralmedia.org - Rural Based Sound\/Media Arts &amp; Social Research","og:type":"article","og:title":"Sof\u00eda Balbont\u00edn - binauralmedia.org","og:description":"A participa\u00e7\u00e3o de Sof\u00eda Balbont\u00edn durante a resid\u00eancia art\u00edstica em Junho de 2023, produzida pela Binaural \u2013 Associa\u00e7\u00e3o Cultural de Nodar, consistiu numa valoriza\u00e7\u00e3o dos espa\u00e7os vazios da zona de Viseu, contemplando sobretudo os espa\u00e7os e infra-estruturas de sistemas produtivos que porventura se tornaram obsoletos, modificando a economia local causando a consequente emigra\u00e7\u00e3o de uma","og:url":"https:\/\/www.binauralmedia.org\/news\/arquivo\/portfolio-items\/sofia-balbontin","article:published_time":"2023-07-09T13:33:31+00:00","article:modified_time":"2024-02-06T15:44:00+00:00","twitter:card":"summary_large_image","twitter:title":"Sof\u00eda Balbont\u00edn - binauralmedia.org","twitter:description":"A participa\u00e7\u00e3o de Sof\u00eda Balbont\u00edn durante a resid\u00eancia art\u00edstica em Junho de 2023, produzida pela Binaural \u2013 Associa\u00e7\u00e3o Cultural de Nodar, consistiu numa valoriza\u00e7\u00e3o dos espa\u00e7os vazios da zona de Viseu, contemplando sobretudo os espa\u00e7os e infra-estruturas de sistemas produtivos que porventura se tornaram obsoletos, modificando a economia local causando a consequente emigra\u00e7\u00e3o de uma"},"aioseo_meta_data":{"post_id":"19859","title":null,"description":null,"keywords":null,"keyphrases":null,"primary_term":null,"canonical_url":null,"og_title":null,"og_description":null,"og_object_type":"default","og_image_type":"default","og_image_custom_url":null,"og_image_custom_fields":null,"og_image_url":null,"og_image_width":null,"og_image_height":null,"og_video":null,"og_custom_url":null,"og_article_section":null,"og_article_tags":null,"twitter_use_og":false,"twitter_card":"default","twitter_image_type":"default","twitter_image_custom_url":null,"twitter_image_custom_fields":null,"twitter_image_url":null,"twitter_title":null,"twitter_description":null,"schema_type":"default","schema_type_options":null,"schema":{"blockGraphs":[],"customGraphs":[],"default":{"data":{"Article":[],"Course":[],"Dataset":[],"FAQPage":[],"Movie":[],"Person":[],"Product":[],"ProductReview":[],"Car":[],"Recipe":[],"Service":[],"SoftwareApplication":[],"WebPage":[]},"graphName":"","isEnabled":true},"graphs":[]},"pillar_content":false,"robots_default":true,"robots_noindex":false,"robots_noarchive":false,"robots_nosnippet":false,"robots_nofollow":false,"robots_noimageindex":false,"robots_noodp":false,"robots_notranslate":false,"robots_max_snippet":null,"robots_max_videopreview":null,"robots_max_imagepreview":"large","priority":null,"frequency":null,"local_seo":null,"limit_modified_date":false,"ai":null,"breadcrumb_settings":null,"seo_analyzer_scan_date":null,"created":"2026-08-04 23:30:50","updated":"2026-08-04 23:30:50","focus_keyword":null,"additional_keywords":null,"truseo_locale":null},"aioseo_breadcrumb":"<div class=\"aioseo-breadcrumbs\"><span class=\"aioseo-breadcrumb\">\n\t\t\t<a href=\"https:\/\/www.binauralmedia.org\/news\" title=\"Home\">Home<\/a>\n\t\t<\/span><span class=\"aioseo-breadcrumb-separator\">&raquo;<\/span><span class=\"aioseo-breadcrumb\">\n\t\t\t<a href=\"https:\/\/www.binauralmedia.org\/news\/arquivo\/portfolio-items\" title=\"Portfolio\">Portfolio<\/a>\n\t\t<\/span><span class=\"aioseo-breadcrumb-separator\">&raquo;<\/span><span class=\"aioseo-breadcrumb\">\n\t\t\t<a href=\"https:\/\/www.binauralmedia.org\/news\/portfolio_category\/activities\" title=\"Atividades\">Atividades<\/a>\n\t\t<\/span><span class=\"aioseo-breadcrumb-separator\">&raquo;<\/span><span class=\"aioseo-breadcrumb\">\n\t\t\t<a href=\"https:\/\/www.binauralmedia.org\/news\/portfolio_category\/artist-residencies\" title=\"Resid\u00eancias Art\u00edsticas\">Resid\u00eancias Art\u00edsticas<\/a>\n\t\t<\/span><span class=\"aioseo-breadcrumb-separator\">&raquo;<\/span><span class=\"aioseo-breadcrumb\">\n\t\t\tSof\u00eda Balbont\u00edn\n\t\t<\/span><\/div>","aioseo_breadcrumb_json":[{"label":"Home","link":"https:\/\/www.binauralmedia.org\/news"},{"label":"Portfolio","link":"https:\/\/www.binauralmedia.org\/news\/arquivo\/portfolio-items"},{"label":"Atividades","link":"https:\/\/www.binauralmedia.org\/news\/portfolio_category\/activities"},{"label":"Resid\u00eancias Art\u00edsticas","link":"https:\/\/www.binauralmedia.org\/news\/portfolio_category\/artist-residencies"},{"label":"Sof\u00eda Balbont\u00edn","link":"https:\/\/www.binauralmedia.org\/news\/arquivo\/portfolio-items\/sofia-balbontin"}],"_links":{"self":[{"href":"https:\/\/www.binauralmedia.org\/news\/wp-json\/wp\/v2\/avada_portfolio\/19859","targetHints":{"allow":["GET"]}}],"collection":[{"href":"https:\/\/www.binauralmedia.org\/news\/wp-json\/wp\/v2\/avada_portfolio"}],"about":[{"href":"https:\/\/www.binauralmedia.org\/news\/wp-json\/wp\/v2\/types\/avada_portfolio"}],"author":[{"embeddable":true,"href":"https:\/\/www.binauralmedia.org\/news\/wp-json\/wp\/v2\/users\/13"}],"replies":[{"embeddable":true,"href":"https:\/\/www.binauralmedia.org\/news\/wp-json\/wp\/v2\/comments?post=19859"}],"version-history":[{"count":6,"href":"https:\/\/www.binauralmedia.org\/news\/wp-json\/wp\/v2\/avada_portfolio\/19859\/revisions"}],"predecessor-version":[{"id":20692,"href":"https:\/\/www.binauralmedia.org\/news\/wp-json\/wp\/v2\/avada_portfolio\/19859\/revisions\/20692"}],"wp:featuredmedia":[{"embeddable":true,"href":"https:\/\/www.binauralmedia.org\/news\/wp-json\/wp\/v2\/media\/19866"}],"wp:attachment":[{"href":"https:\/\/www.binauralmedia.org\/news\/wp-json\/wp\/v2\/media?parent=19859"}],"wp:term":[{"taxonomy":"portfolio_category","embeddable":true,"href":"https:\/\/www.binauralmedia.org\/news\/wp-json\/wp\/v2\/portfolio_category?post=19859"},{"taxonomy":"portfolio_skills","embeddable":true,"href":"https:\/\/www.binauralmedia.org\/news\/wp-json\/wp\/v2\/portfolio_skills?post=19859"},{"taxonomy":"portfolio_tags","embeddable":true,"href":"https:\/\/www.binauralmedia.org\/news\/wp-json\/wp\/v2\/portfolio_tags?post=19859"}],"curies":[{"name":"wp","href":"https:\/\/api.w.org\/{rel}","templated":true}]}}