{"id":19133,"date":"2023-06-30T10:28:12","date_gmt":"2023-06-30T10:28:12","guid":{"rendered":"https:\/\/www.binauralmedia.org\/news?post_type=avada_portfolio&#038;p=19133"},"modified":"2024-02-14T11:32:00","modified_gmt":"2024-02-14T11:32:00","slug":"andre-araujo","status":"publish","type":"avada_portfolio","link":"https:\/\/www.binauralmedia.org\/news\/arquivo\/portfolio-items\/andre-araujo","title":{"rendered":"Andr\u00e9 Ara\u00fajo"},"content":{"rendered":"<div class=\"fusion-fullwidth fullwidth-box fusion-builder-row-1 fusion-flex-container nonhundred-percent-fullwidth non-hundred-percent-height-scrolling\" style=\"--awb-border-radius-top-left:0px;--awb-border-radius-top-right:0px;--awb-border-radius-bottom-right:0px;--awb-border-radius-bottom-left:0px;--awb-flex-wrap:wrap;\" ><div class=\"fusion-builder-row fusion-row fusion-flex-align-items-flex-start fusion-flex-content-wrap\" style=\"max-width:1144px;margin-left: calc(-4% \/ 2 );margin-right: calc(-4% \/ 2 );\"><div class=\"fusion-layout-column fusion_builder_column fusion-builder-column-0 fusion_builder_column_1_1 1_1 fusion-flex-column\" style=\"--awb-bg-size:cover;--awb-width-large:100%;--awb-margin-top-large:0px;--awb-spacing-right-large:1.92%;--awb-margin-bottom-large:0px;--awb-spacing-left-large:1.92%;--awb-width-medium:100%;--awb-spacing-right-medium:1.92%;--awb-spacing-left-medium:1.92%;--awb-width-small:100%;--awb-spacing-right-small:1.92%;--awb-spacing-left-small:1.92%;\"><div class=\"fusion-column-wrapper fusion-flex-justify-content-flex-start fusion-content-layout-column\"><div class=\"fusion-text fusion-text-1\"><div>\n<div>\n<p><strong>Vaza e o tempo n\u00e3o guarda<\/strong><\/p>\n<p>O artista prop\u00f4s trabalhar a tem\u00e1tica da emigra\u00e7\u00e3o a partir do conflito entre o rural e o urbano, contudo, sem o objectivo de apresentar o rural nos seus lugares-comuns de isolamento. Afirmando que a velhice ou at\u00e9 decad\u00eancia, a mem\u00f3ria da ruralidade \u00e9, muitas vezes, apresentada a partir deste prisma: rural como velho, urbano como novo. A sua experi\u00eancia de investiga\u00e7\u00e3o acerca da emigra\u00e7\u00e3o Beir\u00e3 para Lisboa trouxe-lhe uma certa sensibilidade que pretendeu desenvolver: de que forma \u00e9 que a mem\u00f3ria enquanto pr\u00e9-requisito do ser se relaciona com o conflito quase freudiano do sonho e do percurso real das viv\u00eancias dos trabalhadores e dos povos de qualquer regi\u00e3o. A mem\u00f3ria, que muitas vezes funciona enquanto validador da realidade (\u201cIsto Aconteceu\u201d, \u201cIsto esteve aqui\u201d), tem dentro de si adial\u00e9tica entre o oficial e o oficioso\/o escrito e o falado\/o registrado e o transmitido.<\/p>\n<\/div>\n<div>\n<p>Trabalhar a tem\u00e1tica da emigra\u00e7\u00e3o, bem como a dial\u00e9tica entre a mem\u00f3ria rural e urbana, exige da parte de qualquer artista uma forte componente de investiga\u00e7\u00e3o. O mesmo surge como condi\u00e7\u00e3o obrigat\u00f3ria ao artista que, como Ara\u00fajo, se prop\u00f5e a entrar no espa\u00e7o do arquivo.<\/p>\n<\/div>\n<div>\n<p>Nesse sentido, Ara\u00fajo prop\u00f4s que a pr\u00e1tica art\u00edstica tivesse como base o tratamento do arquivo enquanto ferramenta primordial. O \u00e2mbito da sua investiga\u00e7\u00e3o art\u00edstica, para o Mestrado-Justamente acerca deste Bin\u00f3mio entre o arquivo e o m\u00e9dium audiovisual &#8211; torna tamb\u00e9m mais imediato o enquadramento conceptual \u00e0s pr\u00e1ticas do arquivo, uma vez que poderia enquadrar a sua investiga\u00e7\u00e3o \u00e0 pr\u00e1tica art\u00edstica a desenvolver na resid\u00eancia. Do mesmo modo, o percurso inverso pode ser feito, isto \u00e9, enquadrar os trabalhos produzidos enquanto refer\u00eancias da disserta\u00e7\u00e3o de mestrado.<\/p>\n<\/div>\n<div>\n<p>Andr\u00e9 Ara\u00fajo \u00e9 um m\u00fasico e artista visual, nascido no Porto em 1999. O seu trabalho centra-se na rela\u00e7\u00e3o entre o som e a imagem como ve\u00edculo para abordar as quest\u00f5es sociais e os temas da mem\u00f3ria. Opress\u00e3o\/repress\u00e3o, viol\u00eancia, pol\u00edtica e sociedade.<\/p>\n<\/div>\n<div>\n<p>M\u00fasico de forma\u00e7\u00e3o, toca flauta desde a inf\u00e2ncia, o que culminou nos seus estudos no conservat\u00f3rio de m\u00fasica do Porto onde transitou da m\u00fasica Cl\u00e1ssica para o Jazz. Teve o prazer de estudar com v\u00e1rios m\u00fasicos emblem\u00e1ticos portugueses, tais como: Jo\u00e3o Pedro Brand\u00e3o e Paulo Gomes. Depois de tocar em diferentes palcos e grupos em Portugal-incluindo a 150 Festa do Jazz do S\u00e3o Luiz, adicionalmente, ingressou no KONINKLIJK CONSERVATORIUM BRUSSEL (Conservat\u00f3rio Real de Bruxelas,f B\u00e9lgica) onde completou a licenciatura em Jazz (CUM LAUDE) com John Ruocco como seu mentor.<\/p>\n<\/div>\n<\/div>\n<\/div><div class=\"fusion-title title fusion-title-1 fusion-sep-none fusion-title-center fusion-title-text fusion-title-size-one\" style=\"--awb-margin-top:30px;--awb-margin-bottom:5px;--awb-margin-top-small:0px;--awb-margin-right-small:0px;--awb-margin-bottom-small:20px;--awb-margin-left-small:0px;\"><h1 class=\"fusion-title-heading title-heading-center\" style=\"margin:0;\"><h3 style=\"text-align: center;\">OBRAS ART\u00cdSTICAS<\/h3><\/h1><\/div><div class=\"fusion-separator fusion-full-width-sep\" style=\"align-self: center;margin-left: auto;margin-right: auto;margin-top:-10px;margin-bottom:20px;width:100%;\"><div class=\"fusion-separator-border sep-single sep-solid\" style=\"--awb-height:20px;--awb-amount:20px;border-color:#e0dede;border-top-width:1px;\"><\/div><\/div><div class=\"fusion-video fusion-vimeo\" style=\"--awb-max-width:600px;--awb-max-height:360px;--awb-align-self:center;--awb-width:100%;--awb-margin-top:30px;--awb-margin-bottom:40px;\"><div class=\"video-shortcode\"><div class=\"fluid-width-video-wrapper\" style=\"padding-top:60%;\" ><iframe title=\"Vimeo video player 1\" src=\"https:\/\/player.vimeo.com\/video\/830563614?autoplay=0&amp;autopause=0\" width=\"600\" height=\"360\" allowfullscreen allow=\"autoplay; fullscreen\"><\/iframe><\/div><\/div><\/div><\/div><\/div><\/div><\/div>\n","protected":false},"excerpt":{"rendered":"","protected":false},"author":2,"featured_media":19131,"menu_order":0,"comment_status":"closed","ping_status":"closed","template":"","format":"video","meta":{"_acf_changed":false,"_bbp_topic_count":0,"_bbp_reply_count":0,"_bbp_total_topic_count":0,"_bbp_total_reply_count":0,"_bbp_voice_count":0,"_bbp_anonymous_reply_count":0,"_bbp_topic_count_hidden":0,"_bbp_reply_count_hidden":0,"_bbp_forum_subforum_count":0,"footnotes":""},"portfolio_category":[1248,1229],"portfolio_skills":[],"portfolio_tags":[],"class_list":["post-19133","avada_portfolio","type-avada_portfolio","status-publish","format-video","has-post-thumbnail","hentry","portfolio_category-1248","portfolio_category-artistas"],"acf":[],"aioseo_notices":[],"aioseo_head":"\n\t\t<!-- All in One SEO 5.0.1.1 - aioseo.com -->\n\t<meta name=\"description\" content=\"Vaza e o tempo n\u00e3o guarda O artista prop\u00f4s trabalhar a tem\u00e1tica da emigra\u00e7\u00e3o a partir do conflito entre o rural e o urbano, contudo, sem o objectivo de apresentar o rural nos seus lugares-comuns de isolamento. Afirmando que a velhice ou at\u00e9 decad\u00eancia, a mem\u00f3ria da ruralidade \u00e9, muitas vezes, apresentada a partir deste\" \/>\n\t<meta name=\"robots\" content=\"max-image-preview:large\" \/>\n\t<meta name=\"author\" content=\"luiscosta\"\/>\n\t<link rel=\"canonical\" href=\"https:\/\/www.binauralmedia.org\/news\/arquivo\/portfolio-items\/andre-araujo\" \/>\n\t<meta name=\"generator\" content=\"All in One SEO (AIOSEO) 5.0.1.1\" \/>\n\t\t<meta property=\"og:locale\" content=\"pt_PT\" \/>\n\t\t<meta property=\"og:site_name\" content=\"binauralmedia.org - Rural Based Sound\/Media Arts &amp; Social Research\" \/>\n\t\t<meta property=\"og:type\" content=\"article\" \/>\n\t\t<meta property=\"og:title\" content=\"Andr\u00e9 Ara\u00fajo - binauralmedia.org\" \/>\n\t\t<meta property=\"og:description\" content=\"Vaza e o tempo n\u00e3o guarda O artista prop\u00f4s trabalhar a tem\u00e1tica da emigra\u00e7\u00e3o a partir do conflito entre o rural e o urbano, contudo, sem o objectivo de apresentar o rural nos seus lugares-comuns de isolamento. Afirmando que a velhice ou at\u00e9 decad\u00eancia, a mem\u00f3ria da ruralidade \u00e9, muitas vezes, apresentada a partir deste\" \/>\n\t\t<meta property=\"og:url\" content=\"https:\/\/www.binauralmedia.org\/news\/arquivo\/portfolio-items\/andre-araujo\" \/>\n\t\t<meta property=\"article:published_time\" content=\"2023-06-30T10:28:12+00:00\" \/>\n\t\t<meta property=\"article:modified_time\" content=\"2024-02-14T11:32:00+00:00\" \/>\n\t\t<meta name=\"twitter:card\" content=\"summary_large_image\" \/>\n\t\t<meta name=\"twitter:title\" content=\"Andr\u00e9 Ara\u00fajo - binauralmedia.org\" \/>\n\t\t<meta name=\"twitter:description\" content=\"Vaza e o tempo n\u00e3o guarda O artista prop\u00f4s trabalhar a tem\u00e1tica da emigra\u00e7\u00e3o a partir do conflito entre o rural e o urbano, contudo, sem o objectivo de apresentar o rural nos seus lugares-comuns de isolamento. Afirmando que a velhice ou at\u00e9 decad\u00eancia, a mem\u00f3ria da ruralidade \u00e9, muitas vezes, apresentada a partir deste\" \/>\n\t\t<script type=\"application\/ld+json\" class=\"aioseo-schema\">\n\t\t\t{\"@context\":\"https:\\\/\\\/schema.org\",\"@graph\":[{\"@type\":\"BreadcrumbList\",\"@id\":\"https:\\\/\\\/www.binauralmedia.org\\\/news\\\/arquivo\\\/portfolio-items\\\/andre-araujo#breadcrumblist\",\"itemListElement\":[{\"@type\":\"ListItem\",\"@id\":\"https:\\\/\\\/www.binauralmedia.org\\\/news#listItem\",\"position\":1,\"name\":\"Home\",\"item\":\"https:\\\/\\\/www.binauralmedia.org\\\/news\",\"nextItem\":{\"@type\":\"ListItem\",\"@id\":\"https:\\\/\\\/www.binauralmedia.org\\\/news\\\/arquivo\\\/portfolio-items#listItem\",\"name\":\"Portfolio\"}},{\"@type\":\"ListItem\",\"@id\":\"https:\\\/\\\/www.binauralmedia.org\\\/news\\\/arquivo\\\/portfolio-items#listItem\",\"position\":2,\"name\":\"Portfolio\",\"item\":\"https:\\\/\\\/www.binauralmedia.org\\\/news\\\/arquivo\\\/portfolio-items\",\"nextItem\":{\"@type\":\"ListItem\",\"@id\":\"https:\\\/\\\/www.binauralmedia.org\\\/news\\\/portfolio_category\\\/artistas#listItem\",\"name\":\"Artistas\"},\"previousItem\":{\"@type\":\"ListItem\",\"@id\":\"https:\\\/\\\/www.binauralmedia.org\\\/news#listItem\",\"name\":\"Home\"}},{\"@type\":\"ListItem\",\"@id\":\"https:\\\/\\\/www.binauralmedia.org\\\/news\\\/portfolio_category\\\/artistas#listItem\",\"position\":3,\"name\":\"Artistas\",\"item\":\"https:\\\/\\\/www.binauralmedia.org\\\/news\\\/portfolio_category\\\/artistas\",\"nextItem\":{\"@type\":\"ListItem\",\"@id\":\"https:\\\/\\\/www.binauralmedia.org\\\/news\\\/portfolio_category\\\/2022#listItem\",\"name\":\"2022\"},\"previousItem\":{\"@type\":\"ListItem\",\"@id\":\"https:\\\/\\\/www.binauralmedia.org\\\/news\\\/arquivo\\\/portfolio-items#listItem\",\"name\":\"Portfolio\"}},{\"@type\":\"ListItem\",\"@id\":\"https:\\\/\\\/www.binauralmedia.org\\\/news\\\/portfolio_category\\\/2022#listItem\",\"position\":4,\"name\":\"2022\",\"item\":\"https:\\\/\\\/www.binauralmedia.org\\\/news\\\/portfolio_category\\\/2022\",\"nextItem\":{\"@type\":\"ListItem\",\"@id\":\"https:\\\/\\\/www.binauralmedia.org\\\/news\\\/arquivo\\\/portfolio-items\\\/andre-araujo#listItem\",\"name\":\"Andr\\u00e9 Ara\\u00fajo\"},\"previousItem\":{\"@type\":\"ListItem\",\"@id\":\"https:\\\/\\\/www.binauralmedia.org\\\/news\\\/portfolio_category\\\/artistas#listItem\",\"name\":\"Artistas\"}},{\"@type\":\"ListItem\",\"@id\":\"https:\\\/\\\/www.binauralmedia.org\\\/news\\\/arquivo\\\/portfolio-items\\\/andre-araujo#listItem\",\"position\":5,\"name\":\"Andr\\u00e9 Ara\\u00fajo\",\"previousItem\":{\"@type\":\"ListItem\",\"@id\":\"https:\\\/\\\/www.binauralmedia.org\\\/news\\\/portfolio_category\\\/2022#listItem\",\"name\":\"2022\"}}]},{\"@type\":\"Organization\",\"@id\":\"https:\\\/\\\/www.binauralmedia.org\\\/news\\\/#organization\",\"name\":\"binauralmedia.org\",\"description\":\"Rural Based Sound\\\/Media Arts & Social Research\",\"url\":\"https:\\\/\\\/www.binauralmedia.org\\\/news\\\/\"},{\"@type\":\"Person\",\"@id\":\"https:\\\/\\\/www.binauralmedia.org\\\/news\\\/arquivo\\\/author\\\/luiscosta#author\",\"url\":\"https:\\\/\\\/www.binauralmedia.org\\\/news\\\/arquivo\\\/author\\\/luiscosta\",\"name\":\"luiscosta\"},{\"@type\":\"WebPage\",\"@id\":\"https:\\\/\\\/www.binauralmedia.org\\\/news\\\/arquivo\\\/portfolio-items\\\/andre-araujo#webpage\",\"url\":\"https:\\\/\\\/www.binauralmedia.org\\\/news\\\/arquivo\\\/portfolio-items\\\/andre-araujo\",\"name\":\"Andr\\u00e9 Ara\\u00fajo - binauralmedia.org\",\"description\":\"Vaza e o tempo n\\u00e3o guarda O artista prop\\u00f4s trabalhar a tem\\u00e1tica da emigra\\u00e7\\u00e3o a partir do conflito entre o rural e o urbano, contudo, sem o objectivo de apresentar o rural nos seus lugares-comuns de isolamento. Afirmando que a velhice ou at\\u00e9 decad\\u00eancia, a mem\\u00f3ria da ruralidade \\u00e9, muitas vezes, apresentada a partir deste\",\"inLanguage\":\"pt-PT\",\"isPartOf\":{\"@id\":\"https:\\\/\\\/www.binauralmedia.org\\\/news\\\/#website\"},\"breadcrumb\":{\"@id\":\"https:\\\/\\\/www.binauralmedia.org\\\/news\\\/arquivo\\\/portfolio-items\\\/andre-araujo#breadcrumblist\"},\"author\":{\"@id\":\"https:\\\/\\\/www.binauralmedia.org\\\/news\\\/arquivo\\\/author\\\/luiscosta#author\"},\"creator\":{\"@id\":\"https:\\\/\\\/www.binauralmedia.org\\\/news\\\/arquivo\\\/author\\\/luiscosta#author\"},\"image\":{\"@type\":\"ImageObject\",\"url\":\"https:\\\/\\\/www.binauralmedia.org\\\/news\\\/wp-content\\\/uploads\\\/2022-09-Andre-Araujo.png\",\"@id\":\"https:\\\/\\\/www.binauralmedia.org\\\/news\\\/arquivo\\\/portfolio-items\\\/andre-araujo\\\/#mainImage\",\"width\":1200,\"height\":800},\"primaryImageOfPage\":{\"@id\":\"https:\\\/\\\/www.binauralmedia.org\\\/news\\\/arquivo\\\/portfolio-items\\\/andre-araujo#mainImage\"},\"datePublished\":\"2023-06-30T10:28:12+00:00\",\"dateModified\":\"2024-02-14T11:32:00+00:00\"},{\"@type\":\"WebSite\",\"@id\":\"https:\\\/\\\/www.binauralmedia.org\\\/news\\\/#website\",\"url\":\"https:\\\/\\\/www.binauralmedia.org\\\/news\\\/\",\"name\":\"binauralmedia.org\",\"description\":\"Rural Based Sound\\\/Media Arts & Social Research\",\"inLanguage\":\"pt-PT\",\"publisher\":{\"@id\":\"https:\\\/\\\/www.binauralmedia.org\\\/news\\\/#organization\"}}]}\n\t\t<\/script>\n\t\t<!-- All in One SEO -->\n\n","aioseo_head_json":{"title":"Andr\u00e9 Ara\u00fajo - binauralmedia.org","description":"Vaza e o tempo n\u00e3o guarda O artista prop\u00f4s trabalhar a tem\u00e1tica da emigra\u00e7\u00e3o a partir do conflito entre o rural e o urbano, contudo, sem o objectivo de apresentar o rural nos seus lugares-comuns de isolamento. Afirmando que a velhice ou at\u00e9 decad\u00eancia, a mem\u00f3ria da ruralidade \u00e9, muitas vezes, apresentada a partir deste","canonical_url":"https:\/\/www.binauralmedia.org\/news\/arquivo\/portfolio-items\/andre-araujo","robots":"max-image-preview:large","keywords":"","webmasterTools":{"miscellaneous":""},"schema":{"@context":"https:\/\/schema.org","@graph":[{"@type":"BreadcrumbList","@id":"https:\/\/www.binauralmedia.org\/news\/arquivo\/portfolio-items\/andre-araujo#breadcrumblist","itemListElement":[{"@type":"ListItem","@id":"https:\/\/www.binauralmedia.org\/news#listItem","position":1,"name":"Home","item":"https:\/\/www.binauralmedia.org\/news","nextItem":{"@type":"ListItem","@id":"https:\/\/www.binauralmedia.org\/news\/arquivo\/portfolio-items#listItem","name":"Portfolio"}},{"@type":"ListItem","@id":"https:\/\/www.binauralmedia.org\/news\/arquivo\/portfolio-items#listItem","position":2,"name":"Portfolio","item":"https:\/\/www.binauralmedia.org\/news\/arquivo\/portfolio-items","nextItem":{"@type":"ListItem","@id":"https:\/\/www.binauralmedia.org\/news\/portfolio_category\/artistas#listItem","name":"Artistas"},"previousItem":{"@type":"ListItem","@id":"https:\/\/www.binauralmedia.org\/news#listItem","name":"Home"}},{"@type":"ListItem","@id":"https:\/\/www.binauralmedia.org\/news\/portfolio_category\/artistas#listItem","position":3,"name":"Artistas","item":"https:\/\/www.binauralmedia.org\/news\/portfolio_category\/artistas","nextItem":{"@type":"ListItem","@id":"https:\/\/www.binauralmedia.org\/news\/portfolio_category\/2022#listItem","name":"2022"},"previousItem":{"@type":"ListItem","@id":"https:\/\/www.binauralmedia.org\/news\/arquivo\/portfolio-items#listItem","name":"Portfolio"}},{"@type":"ListItem","@id":"https:\/\/www.binauralmedia.org\/news\/portfolio_category\/2022#listItem","position":4,"name":"2022","item":"https:\/\/www.binauralmedia.org\/news\/portfolio_category\/2022","nextItem":{"@type":"ListItem","@id":"https:\/\/www.binauralmedia.org\/news\/arquivo\/portfolio-items\/andre-araujo#listItem","name":"Andr\u00e9 Ara\u00fajo"},"previousItem":{"@type":"ListItem","@id":"https:\/\/www.binauralmedia.org\/news\/portfolio_category\/artistas#listItem","name":"Artistas"}},{"@type":"ListItem","@id":"https:\/\/www.binauralmedia.org\/news\/arquivo\/portfolio-items\/andre-araujo#listItem","position":5,"name":"Andr\u00e9 Ara\u00fajo","previousItem":{"@type":"ListItem","@id":"https:\/\/www.binauralmedia.org\/news\/portfolio_category\/2022#listItem","name":"2022"}}]},{"@type":"Organization","@id":"https:\/\/www.binauralmedia.org\/news\/#organization","name":"binauralmedia.org","description":"Rural Based Sound\/Media Arts & Social Research","url":"https:\/\/www.binauralmedia.org\/news\/"},{"@type":"Person","@id":"https:\/\/www.binauralmedia.org\/news\/arquivo\/author\/luiscosta#author","url":"https:\/\/www.binauralmedia.org\/news\/arquivo\/author\/luiscosta","name":"luiscosta"},{"@type":"WebPage","@id":"https:\/\/www.binauralmedia.org\/news\/arquivo\/portfolio-items\/andre-araujo#webpage","url":"https:\/\/www.binauralmedia.org\/news\/arquivo\/portfolio-items\/andre-araujo","name":"Andr\u00e9 Ara\u00fajo - binauralmedia.org","description":"Vaza e o tempo n\u00e3o guarda O artista prop\u00f4s trabalhar a tem\u00e1tica da emigra\u00e7\u00e3o a partir do conflito entre o rural e o urbano, contudo, sem o objectivo de apresentar o rural nos seus lugares-comuns de isolamento. Afirmando que a velhice ou at\u00e9 decad\u00eancia, a mem\u00f3ria da ruralidade \u00e9, muitas vezes, apresentada a partir deste","inLanguage":"pt-PT","isPartOf":{"@id":"https:\/\/www.binauralmedia.org\/news\/#website"},"breadcrumb":{"@id":"https:\/\/www.binauralmedia.org\/news\/arquivo\/portfolio-items\/andre-araujo#breadcrumblist"},"author":{"@id":"https:\/\/www.binauralmedia.org\/news\/arquivo\/author\/luiscosta#author"},"creator":{"@id":"https:\/\/www.binauralmedia.org\/news\/arquivo\/author\/luiscosta#author"},"image":{"@type":"ImageObject","url":"https:\/\/www.binauralmedia.org\/news\/wp-content\/uploads\/2022-09-Andre-Araujo.png","@id":"https:\/\/www.binauralmedia.org\/news\/arquivo\/portfolio-items\/andre-araujo\/#mainImage","width":1200,"height":800},"primaryImageOfPage":{"@id":"https:\/\/www.binauralmedia.org\/news\/arquivo\/portfolio-items\/andre-araujo#mainImage"},"datePublished":"2023-06-30T10:28:12+00:00","dateModified":"2024-02-14T11:32:00+00:00"},{"@type":"WebSite","@id":"https:\/\/www.binauralmedia.org\/news\/#website","url":"https:\/\/www.binauralmedia.org\/news\/","name":"binauralmedia.org","description":"Rural Based Sound\/Media Arts & Social Research","inLanguage":"pt-PT","publisher":{"@id":"https:\/\/www.binauralmedia.org\/news\/#organization"}}]},"og:locale":"pt_PT","og:site_name":"binauralmedia.org - Rural Based Sound\/Media Arts &amp; Social Research","og:type":"article","og:title":"Andr\u00e9 Ara\u00fajo - binauralmedia.org","og:description":"Vaza e o tempo n\u00e3o guarda O artista prop\u00f4s trabalhar a tem\u00e1tica da emigra\u00e7\u00e3o a partir do conflito entre o rural e o urbano, contudo, sem o objectivo de apresentar o rural nos seus lugares-comuns de isolamento. Afirmando que a velhice ou at\u00e9 decad\u00eancia, a mem\u00f3ria da ruralidade \u00e9, muitas vezes, apresentada a partir deste","og:url":"https:\/\/www.binauralmedia.org\/news\/arquivo\/portfolio-items\/andre-araujo","article:published_time":"2023-06-30T10:28:12+00:00","article:modified_time":"2024-02-14T11:32:00+00:00","twitter:card":"summary_large_image","twitter:title":"Andr\u00e9 Ara\u00fajo - binauralmedia.org","twitter:description":"Vaza e o tempo n\u00e3o guarda O artista prop\u00f4s trabalhar a tem\u00e1tica da emigra\u00e7\u00e3o a partir do conflito entre o rural e o urbano, contudo, sem o objectivo de apresentar o rural nos seus lugares-comuns de isolamento. Afirmando que a velhice ou at\u00e9 decad\u00eancia, a mem\u00f3ria da ruralidade \u00e9, muitas vezes, apresentada a partir deste"},"aioseo_meta_data":{"post_id":"19133","title":null,"description":null,"keywords":null,"keyphrases":null,"primary_term":null,"canonical_url":null,"og_title":null,"og_description":null,"og_object_type":"default","og_image_type":"default","og_image_custom_url":null,"og_image_custom_fields":null,"og_image_url":null,"og_image_width":null,"og_image_height":null,"og_video":null,"og_custom_url":null,"og_article_section":null,"og_article_tags":null,"twitter_use_og":false,"twitter_card":"default","twitter_image_type":"default","twitter_image_custom_url":null,"twitter_image_custom_fields":null,"twitter_image_url":null,"twitter_title":null,"twitter_description":null,"schema_type":"default","schema_type_options":null,"schema":{"blockGraphs":[],"customGraphs":[],"default":{"data":{"Article":[],"Course":[],"Dataset":[],"FAQPage":[],"Movie":[],"Person":[],"Product":[],"ProductReview":[],"Car":[],"Recipe":[],"Service":[],"SoftwareApplication":[],"WebPage":[]},"graphName":"","isEnabled":true},"graphs":[]},"pillar_content":false,"robots_default":true,"robots_noindex":false,"robots_noarchive":false,"robots_nosnippet":false,"robots_nofollow":false,"robots_noimageindex":false,"robots_noodp":false,"robots_notranslate":false,"robots_max_snippet":null,"robots_max_videopreview":null,"robots_max_imagepreview":"large","priority":null,"frequency":null,"local_seo":null,"limit_modified_date":false,"ai":null,"breadcrumb_settings":null,"seo_analyzer_scan_date":null,"created":"2026-08-04 23:28:23","updated":"2026-08-04 23:28:23","focus_keyword":null,"additional_keywords":null,"truseo_locale":null},"aioseo_breadcrumb":"<div class=\"aioseo-breadcrumbs\"><span class=\"aioseo-breadcrumb\">\n\t\t\t<a href=\"https:\/\/www.binauralmedia.org\/news\" title=\"Home\">Home<\/a>\n\t\t<\/span><span class=\"aioseo-breadcrumb-separator\">&raquo;<\/span><span class=\"aioseo-breadcrumb\">\n\t\t\t<a href=\"https:\/\/www.binauralmedia.org\/news\/arquivo\/portfolio-items\" title=\"Portfolio\">Portfolio<\/a>\n\t\t<\/span><span class=\"aioseo-breadcrumb-separator\">&raquo;<\/span><span class=\"aioseo-breadcrumb\">\n\t\t\t<a href=\"https:\/\/www.binauralmedia.org\/news\/portfolio_category\/artistas\" title=\"Artistas\">Artistas<\/a>\n\t\t<\/span><span class=\"aioseo-breadcrumb-separator\">&raquo;<\/span><span class=\"aioseo-breadcrumb\">\n\t\t\t<a href=\"https:\/\/www.binauralmedia.org\/news\/portfolio_category\/2022\" title=\"2022\">2022<\/a>\n\t\t<\/span><span class=\"aioseo-breadcrumb-separator\">&raquo;<\/span><span class=\"aioseo-breadcrumb\">\n\t\t\tAndr\u00e9 Ara\u00fajo\n\t\t<\/span><\/div>","aioseo_breadcrumb_json":[{"label":"Home","link":"https:\/\/www.binauralmedia.org\/news"},{"label":"Portfolio","link":"https:\/\/www.binauralmedia.org\/news\/arquivo\/portfolio-items"},{"label":"Artistas","link":"https:\/\/www.binauralmedia.org\/news\/portfolio_category\/artistas"},{"label":"2022","link":"https:\/\/www.binauralmedia.org\/news\/portfolio_category\/2022"},{"label":"Andr\u00e9 Ara\u00fajo","link":"https:\/\/www.binauralmedia.org\/news\/arquivo\/portfolio-items\/andre-araujo"}],"_links":{"self":[{"href":"https:\/\/www.binauralmedia.org\/news\/wp-json\/wp\/v2\/avada_portfolio\/19133","targetHints":{"allow":["GET"]}}],"collection":[{"href":"https:\/\/www.binauralmedia.org\/news\/wp-json\/wp\/v2\/avada_portfolio"}],"about":[{"href":"https:\/\/www.binauralmedia.org\/news\/wp-json\/wp\/v2\/types\/avada_portfolio"}],"author":[{"embeddable":true,"href":"https:\/\/www.binauralmedia.org\/news\/wp-json\/wp\/v2\/users\/2"}],"replies":[{"embeddable":true,"href":"https:\/\/www.binauralmedia.org\/news\/wp-json\/wp\/v2\/comments?post=19133"}],"version-history":[{"count":5,"href":"https:\/\/www.binauralmedia.org\/news\/wp-json\/wp\/v2\/avada_portfolio\/19133\/revisions"}],"predecessor-version":[{"id":20773,"href":"https:\/\/www.binauralmedia.org\/news\/wp-json\/wp\/v2\/avada_portfolio\/19133\/revisions\/20773"}],"wp:featuredmedia":[{"embeddable":true,"href":"https:\/\/www.binauralmedia.org\/news\/wp-json\/wp\/v2\/media\/19131"}],"wp:attachment":[{"href":"https:\/\/www.binauralmedia.org\/news\/wp-json\/wp\/v2\/media?parent=19133"}],"wp:term":[{"taxonomy":"portfolio_category","embeddable":true,"href":"https:\/\/www.binauralmedia.org\/news\/wp-json\/wp\/v2\/portfolio_category?post=19133"},{"taxonomy":"portfolio_skills","embeddable":true,"href":"https:\/\/www.binauralmedia.org\/news\/wp-json\/wp\/v2\/portfolio_skills?post=19133"},{"taxonomy":"portfolio_tags","embeddable":true,"href":"https:\/\/www.binauralmedia.org\/news\/wp-json\/wp\/v2\/portfolio_tags?post=19133"}],"curies":[{"name":"wp","href":"https:\/\/api.w.org\/{rel}","templated":true}]}}