{"id":19096,"date":"2023-06-30T09:01:30","date_gmt":"2023-06-30T09:01:30","guid":{"rendered":"https:\/\/www.binauralmedia.org\/news?post_type=avada_portfolio&#038;p=19096"},"modified":"2024-02-14T11:46:26","modified_gmt":"2024-02-14T11:46:26","slug":"jorge-pascual-e-luis-costa-2","status":"publish","type":"avada_portfolio","link":"https:\/\/www.binauralmedia.org\/news\/arquivo\/portfolio-items\/jorge-pascual-e-luis-costa-2","title":{"rendered":"Jorge Pascual e Lu\u00eds Costa"},"content":{"rendered":"<div class=\"fusion-fullwidth fullwidth-box fusion-builder-row-1 fusion-flex-container nonhundred-percent-fullwidth non-hundred-percent-height-scrolling\" style=\"--awb-border-radius-top-left:0px;--awb-border-radius-top-right:0px;--awb-border-radius-bottom-right:0px;--awb-border-radius-bottom-left:0px;--awb-flex-wrap:wrap;\" ><div class=\"fusion-builder-row fusion-row fusion-flex-align-items-flex-start fusion-flex-content-wrap\" style=\"max-width:1144px;margin-left: calc(-4% \/ 2 );margin-right: calc(-4% \/ 2 );\"><div class=\"fusion-layout-column fusion_builder_column fusion-builder-column-0 fusion_builder_column_1_1 1_1 fusion-flex-column\" style=\"--awb-bg-size:cover;--awb-width-large:100%;--awb-margin-top-large:0px;--awb-spacing-right-large:1.92%;--awb-margin-bottom-large:0px;--awb-spacing-left-large:1.92%;--awb-width-medium:100%;--awb-spacing-right-medium:1.92%;--awb-spacing-left-medium:1.92%;--awb-width-small:100%;--awb-spacing-right-small:1.92%;--awb-spacing-left-small:1.92%;\"><div class=\"fusion-column-wrapper fusion-flex-justify-content-flex-start fusion-content-layout-column\"><div class=\"fusion-text fusion-text-1\"><div>\n<div>\n<p><strong>Ruralidades lim\u00edtrofes<\/strong><\/p>\n<p>Uma resid\u00eancia art\u00edstica de Jorge Pascual e Lu\u00eds Costa, realizada em oito lugares lim\u00edtrofes da cidade de Viseu: Pascoal, Abraveses, Santiago, Rio de Loba, Ranhados, Repeses, Orgens e Campo. O trabalho de campo levado a cabo, no contexto de um projeto de cria\u00e7\u00e3o que a partir de agora se intitula \u201cRuralidades Lim\u00edtrofes\u201d, reuniu textos po\u00e9ticos, cr\u00f3nicas, fotografia, v\u00eddeo, paisagens sonoras e oralidade, com o objetivo de constru\u00e7\u00e3o de v\u00e1rios formatos de apresenta\u00e7\u00e3o, a serem divulgados em breve.<\/p>\n<\/div>\n<div>\n<p>\u201cO projeto surgiu do interesse em colaborar e de acrescentar a essa colabora\u00e7\u00e3o com Lu\u00eds Costa as nossas diferentes origens e tamb\u00e9m o nosso desenvolvimento art\u00edstico espec\u00edfico. Os objetos ou costumes pertencentes aos habitantes das cidades \u00e0s vezes desaparecem momentaneamente, para reaparecerem numa segunda vida ou com outros propriet\u00e1rios; Este foi o in\u00edcio do meu projeto &#8220;Periferias Caminhadas&#8221; San Sebasti\u00e1n \/ Donostia 2019 subsidiado pela Deputa\u00e7\u00e3o de Cultura de Guip\u00fazcoa, e foi o pano de fundo para iniciar esta nova colabora\u00e7\u00e3o, embora com uma perspectiva diferente, na qual dois plenairistas caminham com o seu olhar, desde o rural em dire\u00e7\u00e3o ao urbano. Caminhar tornou-se algo excepcional e falar em caminhar \u00e9 uma proposta de retorno \u00e0 lentid\u00e3o, sendo tamb\u00e9m uma resposta social e pol\u00edtica \u00e0s transforma\u00e7\u00f5es que ocorrem nos nossos modos de vida.\u201d (Jorge Pascual)<\/p>\n<\/div>\n<div>\n<p>\u201cOnde se tra\u00e7a o limite entre o que \u00e9 cidade e o que j\u00e1 \u00e9 outra coisa? Que especificidades pode ter o arco rural de uma cidade de interior, como \u00e9 Viseu? Como se alterou ao longo do tempo a paisagem dessa fronteira rural\/urbano? O que \u00e9 que os sentidos podem detetar sobre a vida nesses lugares, que hoje s\u00e3o de transi\u00e7\u00e3o? \u201dEstas quest\u00f5es resultam de quase vinte anos de observa\u00e7\u00f5es pessoais em zonas rurais da regi\u00e3o de Viseu, associadas a recolhas e a projetos criativos realizados\/acolhidos pela Binaural Nodar, sentindo-se uma lenta mas constante evanesc\u00eancia da vida rural mais tradicional e a sua substitui\u00e7\u00e3o gradual por novas gera\u00e7\u00f5es e pelos seus modos devida, j\u00e1 n\u00e3o (t\u00e3o) assentes na produ\u00e7\u00e3o de alimentos, o que acaba por modificar a pr\u00f3pria paisagem dos lugares. A colabora\u00e7\u00e3o com Jorge Pascual acaba por ser uma forma de propor uma perspectiva externa, de algu\u00e9m habituado a pensar e a criar a partir de \u201colhares obl\u00edquos\u201d. Ele \u00e9 aquele que chega de fora e que v\u00ea coisas que, muitas vezes, os locais parece j\u00e1 n\u00e3o detetarem, pela for\u00e7a dos h\u00e1bitos do dia-a-dia.\u201d (Lu\u00eds Costa)<\/p>\n<\/div>\n<div>\n<p>Jorge Pascual \u00e9 um poeta e ator espanhol nascido em 1981, de origem leonesa, mas com ra\u00edzes na zona de El Bierzo (Castilla y Le\u00f3n) e a residir desde h\u00e1 v\u00e1rios anosem San Sebasti\u00e1n. Publicou os poem\u00e1rios \u201cMorir de Viento\u201d (ed. Leteo, 2001, Manual de Ultramarinos, 2015) e \u201cCaminan las nubes descalzas\u201d. Tamb\u00e9m \u00e9 autor do livro \u201cMe Compras Unas Alas o Me Haces Una Fiesta\u201d, men\u00e7\u00e3o honrosa no Pr\u00e9mio de Poesia Eugenio de Nora (2006). Mais recentemente publicou dois poem\u00e1rios expandidos, baseados em caminhadas: \u201cEl viento ya est\u00e1 escrito\u201d (2018) e \u201cPeriferias Caminadas\u201d(2022). Participa assiduamente em projetos c\u00e9nicos multidisciplinares como o exerc\u00edcio de improvisa\u00e7\u00e3o Free Jazz \u201cJaula 13\u201d com Ildefonso Rodriguez e a colabora\u00e7\u00e3o com La Peque\u00f1a Victoria Cen no espet\u00e1culo de circo po\u00e9tico \u201cGigante\u201d, entre outros.<\/p>\n<\/div>\n<div>\n<p>Lu\u00eds Costa (1968). Curador de pr\u00e1ticas art\u00edsticas contempor\u00e2neas, investigador e artista sonoro, educador e animador cultural em contexto rural, no contexto da associa\u00e7\u00e3o Binaural Nodar. Coordenador do Laf\u00f5es Cult Lab, um, conceito de pesquisa art\u00edstica multim\u00e9dia no territ\u00f3rio de Viseu D\u00e3o Laf\u00f5es o qual acolheu j\u00e1 mais de 150 artistas sonoros\/media e investigadores sociais e ambientais oriundos de mais de 20 pa\u00edses. Coordenador do Arquivo Digital Binaural Nodar, um projeto de pesquisa, cataloga\u00e7\u00e3o e mapeamento sonoro e audiovisual da mem\u00f3ria coletiva dos territ\u00f3rios rurais de interven\u00e7\u00e3o da associa\u00e7\u00e3o. Coeditou em 2011 o cat\u00e1logo e CD duplo \u201cTr\u00eas Anos em Nodar: Pr\u00e1ticas Art\u00edsticas em Contexto Espec\u00edfico no Portugal Rural\u201d, editou em 2017, o livro + document\u00e1rio \u201cV\u00e1rzea de Calde: Uma Aldeia Tecida a Linho\u201d e em 2023 o livro \u201cDan\u00e7ar com a Raiz: Documentar a Mem\u00f3ria dos Ranchos Folcl\u00f3ricos de Castro Daire\u201d. Lu\u00eds Costa \u00e9 igualmente autor de dois livros + CD criados na sequ\u00eancia de projetos de educa\u00e7\u00e3o sonora: \u201cMem\u00f3ria Sonora da Corti\u00e7a\u201d com participa\u00e7\u00e3o de crian\u00e7as de escolas b\u00e1sicas do concelho de Santa Maria da Feira, junto de empresas e trabalhadores do sector da corti\u00e7a e \u201cS\u00e3o Pedro do Sul: Novas Escutas Rurais\u201d a partir de grava\u00e7\u00f5es efetuadas por jovens de S\u00e3o Pedro do Sul nas aldeias rurais do concelho.<\/p>\n<\/div>\n<\/div>\n<\/div><div class=\"fusion-title title fusion-title-1 fusion-sep-none fusion-title-center fusion-title-text fusion-title-size-one\" style=\"--awb-margin-top:30px;--awb-margin-bottom:5px;--awb-margin-top-small:0px;--awb-margin-right-small:0px;--awb-margin-bottom-small:20px;--awb-margin-left-small:0px;\"><h1 class=\"fusion-title-heading title-heading-center\" style=\"margin:0;\"><h3 style=\"text-align: center;\"><strong>OBRAS ART\u00cdSTICAS<\/strong><\/h3><\/h1><\/div><div class=\"fusion-separator fusion-full-width-sep\" style=\"align-self: center;margin-left: auto;margin-right: auto;margin-top:-10px;margin-bottom:20px;width:100%;\"><div class=\"fusion-separator-border sep-single sep-solid\" style=\"--awb-height:20px;--awb-amount:20px;border-color:#e0dede;border-top-width:1px;\"><\/div><\/div><div class=\"fusion-video fusion-vimeo\" style=\"--awb-max-width:600px;--awb-max-height:360px;--awb-align-self:center;--awb-width:100%;--awb-margin-top:30px;--awb-margin-bottom:40px;\"><div class=\"video-shortcode\"><div class=\"fluid-width-video-wrapper\" style=\"padding-top:60%;\" ><iframe title=\"Vimeo video player 1\" src=\"https:\/\/player.vimeo.com\/video\/814763383?autoplay=0&amp;autopause=0\" width=\"600\" height=\"360\" allowfullscreen allow=\"autoplay; fullscreen\"><\/iframe><\/div><\/div><\/div><\/div><\/div><\/div><\/div>\n","protected":false},"excerpt":{"rendered":"","protected":false},"author":2,"featured_media":19097,"menu_order":0,"comment_status":"closed","ping_status":"closed","template":"","format":"video","meta":{"_acf_changed":false,"_bbp_topic_count":0,"_bbp_reply_count":0,"_bbp_total_topic_count":0,"_bbp_total_reply_count":0,"_bbp_voice_count":0,"_bbp_anonymous_reply_count":0,"_bbp_topic_count_hidden":0,"_bbp_reply_count_hidden":0,"_bbp_forum_subforum_count":0,"footnotes":""},"portfolio_category":[1249,1229],"portfolio_skills":[],"portfolio_tags":[],"class_list":["post-19096","avada_portfolio","type-avada_portfolio","status-publish","format-video","has-post-thumbnail","hentry","portfolio_category-1249","portfolio_category-artistas"],"acf":[],"aioseo_notices":[],"aioseo_head":"\n\t\t<!-- All in One SEO 5.0.1.1 - aioseo.com -->\n\t<meta name=\"description\" content=\"Ruralidades lim\u00edtrofes Uma resid\u00eancia art\u00edstica de Jorge Pascual e Lu\u00eds Costa, realizada em oito lugares lim\u00edtrofes da cidade de Viseu: Pascoal, Abraveses, Santiago, Rio de Loba, Ranhados, Repeses, Orgens e Campo. O trabalho de campo levado a cabo, no contexto de um projeto de cria\u00e7\u00e3o que a partir de agora se intitula \u201cRuralidades Lim\u00edtrofes\u201d, reuniu\" \/>\n\t<meta name=\"robots\" content=\"max-image-preview:large\" \/>\n\t<meta name=\"author\" content=\"luiscosta\"\/>\n\t<link rel=\"canonical\" href=\"https:\/\/www.binauralmedia.org\/news\/arquivo\/portfolio-items\/jorge-pascual-e-luis-costa-2\" \/>\n\t<meta name=\"generator\" content=\"All in One SEO (AIOSEO) 5.0.1.1\" \/>\n\t\t<meta property=\"og:locale\" content=\"pt_PT\" \/>\n\t\t<meta property=\"og:site_name\" content=\"binauralmedia.org - Rural Based Sound\/Media Arts &amp; Social Research\" \/>\n\t\t<meta property=\"og:type\" content=\"article\" \/>\n\t\t<meta property=\"og:title\" content=\"Jorge Pascual e Lu\u00eds Costa - binauralmedia.org\" \/>\n\t\t<meta property=\"og:description\" content=\"Ruralidades lim\u00edtrofes Uma resid\u00eancia art\u00edstica de Jorge Pascual e Lu\u00eds Costa, realizada em oito lugares lim\u00edtrofes da cidade de Viseu: Pascoal, Abraveses, Santiago, Rio de Loba, Ranhados, Repeses, Orgens e Campo. O trabalho de campo levado a cabo, no contexto de um projeto de cria\u00e7\u00e3o que a partir de agora se intitula \u201cRuralidades Lim\u00edtrofes\u201d, reuniu\" \/>\n\t\t<meta property=\"og:url\" content=\"https:\/\/www.binauralmedia.org\/news\/arquivo\/portfolio-items\/jorge-pascual-e-luis-costa-2\" \/>\n\t\t<meta property=\"article:published_time\" content=\"2023-06-30T09:01:30+00:00\" \/>\n\t\t<meta property=\"article:modified_time\" content=\"2024-02-14T11:46:26+00:00\" \/>\n\t\t<meta name=\"twitter:card\" content=\"summary_large_image\" \/>\n\t\t<meta name=\"twitter:title\" content=\"Jorge Pascual e Lu\u00eds Costa - binauralmedia.org\" \/>\n\t\t<meta name=\"twitter:description\" content=\"Ruralidades lim\u00edtrofes Uma resid\u00eancia art\u00edstica de Jorge Pascual e Lu\u00eds Costa, realizada em oito lugares lim\u00edtrofes da cidade de Viseu: Pascoal, Abraveses, Santiago, Rio de Loba, Ranhados, Repeses, Orgens e Campo. O trabalho de campo levado a cabo, no contexto de um projeto de cria\u00e7\u00e3o que a partir de agora se intitula \u201cRuralidades Lim\u00edtrofes\u201d, reuniu\" \/>\n\t\t<script type=\"application\/ld+json\" class=\"aioseo-schema\">\n\t\t\t{\"@context\":\"https:\\\/\\\/schema.org\",\"@graph\":[{\"@type\":\"BreadcrumbList\",\"@id\":\"https:\\\/\\\/www.binauralmedia.org\\\/news\\\/arquivo\\\/portfolio-items\\\/jorge-pascual-e-luis-costa-2#breadcrumblist\",\"itemListElement\":[{\"@type\":\"ListItem\",\"@id\":\"https:\\\/\\\/www.binauralmedia.org\\\/news#listItem\",\"position\":1,\"name\":\"Home\",\"item\":\"https:\\\/\\\/www.binauralmedia.org\\\/news\",\"nextItem\":{\"@type\":\"ListItem\",\"@id\":\"https:\\\/\\\/www.binauralmedia.org\\\/news\\\/arquivo\\\/portfolio-items#listItem\",\"name\":\"Portfolio\"}},{\"@type\":\"ListItem\",\"@id\":\"https:\\\/\\\/www.binauralmedia.org\\\/news\\\/arquivo\\\/portfolio-items#listItem\",\"position\":2,\"name\":\"Portfolio\",\"item\":\"https:\\\/\\\/www.binauralmedia.org\\\/news\\\/arquivo\\\/portfolio-items\",\"nextItem\":{\"@type\":\"ListItem\",\"@id\":\"https:\\\/\\\/www.binauralmedia.org\\\/news\\\/portfolio_category\\\/artistas#listItem\",\"name\":\"Artistas\"},\"previousItem\":{\"@type\":\"ListItem\",\"@id\":\"https:\\\/\\\/www.binauralmedia.org\\\/news#listItem\",\"name\":\"Home\"}},{\"@type\":\"ListItem\",\"@id\":\"https:\\\/\\\/www.binauralmedia.org\\\/news\\\/portfolio_category\\\/artistas#listItem\",\"position\":3,\"name\":\"Artistas\",\"item\":\"https:\\\/\\\/www.binauralmedia.org\\\/news\\\/portfolio_category\\\/artistas\",\"nextItem\":{\"@type\":\"ListItem\",\"@id\":\"https:\\\/\\\/www.binauralmedia.org\\\/news\\\/portfolio_category\\\/2023#listItem\",\"name\":\"2023\"},\"previousItem\":{\"@type\":\"ListItem\",\"@id\":\"https:\\\/\\\/www.binauralmedia.org\\\/news\\\/arquivo\\\/portfolio-items#listItem\",\"name\":\"Portfolio\"}},{\"@type\":\"ListItem\",\"@id\":\"https:\\\/\\\/www.binauralmedia.org\\\/news\\\/portfolio_category\\\/2023#listItem\",\"position\":4,\"name\":\"2023\",\"item\":\"https:\\\/\\\/www.binauralmedia.org\\\/news\\\/portfolio_category\\\/2023\",\"nextItem\":{\"@type\":\"ListItem\",\"@id\":\"https:\\\/\\\/www.binauralmedia.org\\\/news\\\/arquivo\\\/portfolio-items\\\/jorge-pascual-e-luis-costa-2#listItem\",\"name\":\"Jorge Pascual e Lu\\u00eds Costa\"},\"previousItem\":{\"@type\":\"ListItem\",\"@id\":\"https:\\\/\\\/www.binauralmedia.org\\\/news\\\/portfolio_category\\\/artistas#listItem\",\"name\":\"Artistas\"}},{\"@type\":\"ListItem\",\"@id\":\"https:\\\/\\\/www.binauralmedia.org\\\/news\\\/arquivo\\\/portfolio-items\\\/jorge-pascual-e-luis-costa-2#listItem\",\"position\":5,\"name\":\"Jorge Pascual e Lu\\u00eds Costa\",\"previousItem\":{\"@type\":\"ListItem\",\"@id\":\"https:\\\/\\\/www.binauralmedia.org\\\/news\\\/portfolio_category\\\/2023#listItem\",\"name\":\"2023\"}}]},{\"@type\":\"Organization\",\"@id\":\"https:\\\/\\\/www.binauralmedia.org\\\/news\\\/#organization\",\"name\":\"binauralmedia.org\",\"description\":\"Rural Based Sound\\\/Media Arts & Social Research\",\"url\":\"https:\\\/\\\/www.binauralmedia.org\\\/news\\\/\"},{\"@type\":\"Person\",\"@id\":\"https:\\\/\\\/www.binauralmedia.org\\\/news\\\/arquivo\\\/author\\\/luiscosta#author\",\"url\":\"https:\\\/\\\/www.binauralmedia.org\\\/news\\\/arquivo\\\/author\\\/luiscosta\",\"name\":\"luiscosta\"},{\"@type\":\"WebPage\",\"@id\":\"https:\\\/\\\/www.binauralmedia.org\\\/news\\\/arquivo\\\/portfolio-items\\\/jorge-pascual-e-luis-costa-2#webpage\",\"url\":\"https:\\\/\\\/www.binauralmedia.org\\\/news\\\/arquivo\\\/portfolio-items\\\/jorge-pascual-e-luis-costa-2\",\"name\":\"Jorge Pascual e Lu\\u00eds Costa - binauralmedia.org\",\"description\":\"Ruralidades lim\\u00edtrofes Uma resid\\u00eancia art\\u00edstica de Jorge Pascual e Lu\\u00eds Costa, realizada em oito lugares lim\\u00edtrofes da cidade de Viseu: Pascoal, Abraveses, Santiago, Rio de Loba, Ranhados, Repeses, Orgens e Campo. O trabalho de campo levado a cabo, no contexto de um projeto de cria\\u00e7\\u00e3o que a partir de agora se intitula \\u201cRuralidades Lim\\u00edtrofes\\u201d, reuniu\",\"inLanguage\":\"pt-PT\",\"isPartOf\":{\"@id\":\"https:\\\/\\\/www.binauralmedia.org\\\/news\\\/#website\"},\"breadcrumb\":{\"@id\":\"https:\\\/\\\/www.binauralmedia.org\\\/news\\\/arquivo\\\/portfolio-items\\\/jorge-pascual-e-luis-costa-2#breadcrumblist\"},\"author\":{\"@id\":\"https:\\\/\\\/www.binauralmedia.org\\\/news\\\/arquivo\\\/author\\\/luiscosta#author\"},\"creator\":{\"@id\":\"https:\\\/\\\/www.binauralmedia.org\\\/news\\\/arquivo\\\/author\\\/luiscosta#author\"},\"image\":{\"@type\":\"ImageObject\",\"url\":\"https:\\\/\\\/www.binauralmedia.org\\\/news\\\/wp-content\\\/uploads\\\/2023-03-Jorge-Pascual-e-Luis-Costa.png\",\"@id\":\"https:\\\/\\\/www.binauralmedia.org\\\/news\\\/arquivo\\\/portfolio-items\\\/jorge-pascual-e-luis-costa-2\\\/#mainImage\",\"width\":1200,\"height\":800},\"primaryImageOfPage\":{\"@id\":\"https:\\\/\\\/www.binauralmedia.org\\\/news\\\/arquivo\\\/portfolio-items\\\/jorge-pascual-e-luis-costa-2#mainImage\"},\"datePublished\":\"2023-06-30T09:01:30+00:00\",\"dateModified\":\"2024-02-14T11:46:26+00:00\"},{\"@type\":\"WebSite\",\"@id\":\"https:\\\/\\\/www.binauralmedia.org\\\/news\\\/#website\",\"url\":\"https:\\\/\\\/www.binauralmedia.org\\\/news\\\/\",\"name\":\"binauralmedia.org\",\"description\":\"Rural Based Sound\\\/Media Arts & Social Research\",\"inLanguage\":\"pt-PT\",\"publisher\":{\"@id\":\"https:\\\/\\\/www.binauralmedia.org\\\/news\\\/#organization\"}}]}\n\t\t<\/script>\n\t\t<!-- All in One SEO -->\n\n","aioseo_head_json":{"title":"Jorge Pascual e Lu\u00eds Costa - binauralmedia.org","description":"Ruralidades lim\u00edtrofes Uma resid\u00eancia art\u00edstica de Jorge Pascual e Lu\u00eds Costa, realizada em oito lugares lim\u00edtrofes da cidade de Viseu: Pascoal, Abraveses, Santiago, Rio de Loba, Ranhados, Repeses, Orgens e Campo. O trabalho de campo levado a cabo, no contexto de um projeto de cria\u00e7\u00e3o que a partir de agora se intitula \u201cRuralidades Lim\u00edtrofes\u201d, reuniu","canonical_url":"https:\/\/www.binauralmedia.org\/news\/arquivo\/portfolio-items\/jorge-pascual-e-luis-costa-2","robots":"max-image-preview:large","keywords":"","webmasterTools":{"miscellaneous":""},"schema":{"@context":"https:\/\/schema.org","@graph":[{"@type":"BreadcrumbList","@id":"https:\/\/www.binauralmedia.org\/news\/arquivo\/portfolio-items\/jorge-pascual-e-luis-costa-2#breadcrumblist","itemListElement":[{"@type":"ListItem","@id":"https:\/\/www.binauralmedia.org\/news#listItem","position":1,"name":"Home","item":"https:\/\/www.binauralmedia.org\/news","nextItem":{"@type":"ListItem","@id":"https:\/\/www.binauralmedia.org\/news\/arquivo\/portfolio-items#listItem","name":"Portfolio"}},{"@type":"ListItem","@id":"https:\/\/www.binauralmedia.org\/news\/arquivo\/portfolio-items#listItem","position":2,"name":"Portfolio","item":"https:\/\/www.binauralmedia.org\/news\/arquivo\/portfolio-items","nextItem":{"@type":"ListItem","@id":"https:\/\/www.binauralmedia.org\/news\/portfolio_category\/artistas#listItem","name":"Artistas"},"previousItem":{"@type":"ListItem","@id":"https:\/\/www.binauralmedia.org\/news#listItem","name":"Home"}},{"@type":"ListItem","@id":"https:\/\/www.binauralmedia.org\/news\/portfolio_category\/artistas#listItem","position":3,"name":"Artistas","item":"https:\/\/www.binauralmedia.org\/news\/portfolio_category\/artistas","nextItem":{"@type":"ListItem","@id":"https:\/\/www.binauralmedia.org\/news\/portfolio_category\/2023#listItem","name":"2023"},"previousItem":{"@type":"ListItem","@id":"https:\/\/www.binauralmedia.org\/news\/arquivo\/portfolio-items#listItem","name":"Portfolio"}},{"@type":"ListItem","@id":"https:\/\/www.binauralmedia.org\/news\/portfolio_category\/2023#listItem","position":4,"name":"2023","item":"https:\/\/www.binauralmedia.org\/news\/portfolio_category\/2023","nextItem":{"@type":"ListItem","@id":"https:\/\/www.binauralmedia.org\/news\/arquivo\/portfolio-items\/jorge-pascual-e-luis-costa-2#listItem","name":"Jorge Pascual e Lu\u00eds Costa"},"previousItem":{"@type":"ListItem","@id":"https:\/\/www.binauralmedia.org\/news\/portfolio_category\/artistas#listItem","name":"Artistas"}},{"@type":"ListItem","@id":"https:\/\/www.binauralmedia.org\/news\/arquivo\/portfolio-items\/jorge-pascual-e-luis-costa-2#listItem","position":5,"name":"Jorge Pascual e Lu\u00eds Costa","previousItem":{"@type":"ListItem","@id":"https:\/\/www.binauralmedia.org\/news\/portfolio_category\/2023#listItem","name":"2023"}}]},{"@type":"Organization","@id":"https:\/\/www.binauralmedia.org\/news\/#organization","name":"binauralmedia.org","description":"Rural Based Sound\/Media Arts & Social Research","url":"https:\/\/www.binauralmedia.org\/news\/"},{"@type":"Person","@id":"https:\/\/www.binauralmedia.org\/news\/arquivo\/author\/luiscosta#author","url":"https:\/\/www.binauralmedia.org\/news\/arquivo\/author\/luiscosta","name":"luiscosta"},{"@type":"WebPage","@id":"https:\/\/www.binauralmedia.org\/news\/arquivo\/portfolio-items\/jorge-pascual-e-luis-costa-2#webpage","url":"https:\/\/www.binauralmedia.org\/news\/arquivo\/portfolio-items\/jorge-pascual-e-luis-costa-2","name":"Jorge Pascual e Lu\u00eds Costa - binauralmedia.org","description":"Ruralidades lim\u00edtrofes Uma resid\u00eancia art\u00edstica de Jorge Pascual e Lu\u00eds Costa, realizada em oito lugares lim\u00edtrofes da cidade de Viseu: Pascoal, Abraveses, Santiago, Rio de Loba, Ranhados, Repeses, Orgens e Campo. O trabalho de campo levado a cabo, no contexto de um projeto de cria\u00e7\u00e3o que a partir de agora se intitula \u201cRuralidades Lim\u00edtrofes\u201d, reuniu","inLanguage":"pt-PT","isPartOf":{"@id":"https:\/\/www.binauralmedia.org\/news\/#website"},"breadcrumb":{"@id":"https:\/\/www.binauralmedia.org\/news\/arquivo\/portfolio-items\/jorge-pascual-e-luis-costa-2#breadcrumblist"},"author":{"@id":"https:\/\/www.binauralmedia.org\/news\/arquivo\/author\/luiscosta#author"},"creator":{"@id":"https:\/\/www.binauralmedia.org\/news\/arquivo\/author\/luiscosta#author"},"image":{"@type":"ImageObject","url":"https:\/\/www.binauralmedia.org\/news\/wp-content\/uploads\/2023-03-Jorge-Pascual-e-Luis-Costa.png","@id":"https:\/\/www.binauralmedia.org\/news\/arquivo\/portfolio-items\/jorge-pascual-e-luis-costa-2\/#mainImage","width":1200,"height":800},"primaryImageOfPage":{"@id":"https:\/\/www.binauralmedia.org\/news\/arquivo\/portfolio-items\/jorge-pascual-e-luis-costa-2#mainImage"},"datePublished":"2023-06-30T09:01:30+00:00","dateModified":"2024-02-14T11:46:26+00:00"},{"@type":"WebSite","@id":"https:\/\/www.binauralmedia.org\/news\/#website","url":"https:\/\/www.binauralmedia.org\/news\/","name":"binauralmedia.org","description":"Rural Based Sound\/Media Arts & Social Research","inLanguage":"pt-PT","publisher":{"@id":"https:\/\/www.binauralmedia.org\/news\/#organization"}}]},"og:locale":"pt_PT","og:site_name":"binauralmedia.org - Rural Based Sound\/Media Arts &amp; Social Research","og:type":"article","og:title":"Jorge Pascual e Lu\u00eds Costa - binauralmedia.org","og:description":"Ruralidades lim\u00edtrofes Uma resid\u00eancia art\u00edstica de Jorge Pascual e Lu\u00eds Costa, realizada em oito lugares lim\u00edtrofes da cidade de Viseu: Pascoal, Abraveses, Santiago, Rio de Loba, Ranhados, Repeses, Orgens e Campo. O trabalho de campo levado a cabo, no contexto de um projeto de cria\u00e7\u00e3o que a partir de agora se intitula \u201cRuralidades Lim\u00edtrofes\u201d, reuniu","og:url":"https:\/\/www.binauralmedia.org\/news\/arquivo\/portfolio-items\/jorge-pascual-e-luis-costa-2","article:published_time":"2023-06-30T09:01:30+00:00","article:modified_time":"2024-02-14T11:46:26+00:00","twitter:card":"summary_large_image","twitter:title":"Jorge Pascual e Lu\u00eds Costa - binauralmedia.org","twitter:description":"Ruralidades lim\u00edtrofes Uma resid\u00eancia art\u00edstica de Jorge Pascual e Lu\u00eds Costa, realizada em oito lugares lim\u00edtrofes da cidade de Viseu: Pascoal, Abraveses, Santiago, Rio de Loba, Ranhados, Repeses, Orgens e Campo. O trabalho de campo levado a cabo, no contexto de um projeto de cria\u00e7\u00e3o que a partir de agora se intitula \u201cRuralidades Lim\u00edtrofes\u201d, reuniu"},"aioseo_meta_data":{"post_id":"19096","title":null,"description":null,"keywords":null,"keyphrases":null,"primary_term":null,"canonical_url":null,"og_title":null,"og_description":null,"og_object_type":"default","og_image_type":"default","og_image_custom_url":null,"og_image_custom_fields":null,"og_image_url":null,"og_image_width":null,"og_image_height":null,"og_video":null,"og_custom_url":null,"og_article_section":null,"og_article_tags":null,"twitter_use_og":false,"twitter_card":"default","twitter_image_type":"default","twitter_image_custom_url":null,"twitter_image_custom_fields":null,"twitter_image_url":null,"twitter_title":null,"twitter_description":null,"schema_type":"default","schema_type_options":null,"schema":{"blockGraphs":[],"customGraphs":[],"default":{"data":{"Article":[],"Course":[],"Dataset":[],"FAQPage":[],"Movie":[],"Person":[],"Product":[],"ProductReview":[],"Car":[],"Recipe":[],"Service":[],"SoftwareApplication":[],"WebPage":[]},"graphName":"","isEnabled":true},"graphs":[]},"pillar_content":false,"robots_default":true,"robots_noindex":false,"robots_noarchive":false,"robots_nosnippet":false,"robots_nofollow":false,"robots_noimageindex":false,"robots_noodp":false,"robots_notranslate":false,"robots_max_snippet":null,"robots_max_videopreview":null,"robots_max_imagepreview":"large","priority":null,"frequency":null,"local_seo":null,"limit_modified_date":false,"ai":null,"breadcrumb_settings":null,"seo_analyzer_scan_date":null,"created":"2026-08-04 23:26:09","updated":"2026-08-04 23:26:09","focus_keyword":null,"additional_keywords":null,"truseo_locale":null},"aioseo_breadcrumb":"<div class=\"aioseo-breadcrumbs\"><span class=\"aioseo-breadcrumb\">\n\t\t\t<a href=\"https:\/\/www.binauralmedia.org\/news\" title=\"Home\">Home<\/a>\n\t\t<\/span><span class=\"aioseo-breadcrumb-separator\">&raquo;<\/span><span class=\"aioseo-breadcrumb\">\n\t\t\t<a href=\"https:\/\/www.binauralmedia.org\/news\/arquivo\/portfolio-items\" title=\"Portfolio\">Portfolio<\/a>\n\t\t<\/span><span class=\"aioseo-breadcrumb-separator\">&raquo;<\/span><span class=\"aioseo-breadcrumb\">\n\t\t\t<a href=\"https:\/\/www.binauralmedia.org\/news\/portfolio_category\/artistas\" title=\"Artistas\">Artistas<\/a>\n\t\t<\/span><span class=\"aioseo-breadcrumb-separator\">&raquo;<\/span><span class=\"aioseo-breadcrumb\">\n\t\t\t<a href=\"https:\/\/www.binauralmedia.org\/news\/portfolio_category\/2023\" title=\"2023\">2023<\/a>\n\t\t<\/span><span class=\"aioseo-breadcrumb-separator\">&raquo;<\/span><span class=\"aioseo-breadcrumb\">\n\t\t\tJorge Pascual e Lu\u00eds Costa\n\t\t<\/span><\/div>","aioseo_breadcrumb_json":[{"label":"Home","link":"https:\/\/www.binauralmedia.org\/news"},{"label":"Portfolio","link":"https:\/\/www.binauralmedia.org\/news\/arquivo\/portfolio-items"},{"label":"Artistas","link":"https:\/\/www.binauralmedia.org\/news\/portfolio_category\/artistas"},{"label":"2023","link":"https:\/\/www.binauralmedia.org\/news\/portfolio_category\/2023"},{"label":"Jorge Pascual e Lu\u00eds Costa","link":"https:\/\/www.binauralmedia.org\/news\/arquivo\/portfolio-items\/jorge-pascual-e-luis-costa-2"}],"_links":{"self":[{"href":"https:\/\/www.binauralmedia.org\/news\/wp-json\/wp\/v2\/avada_portfolio\/19096","targetHints":{"allow":["GET"]}}],"collection":[{"href":"https:\/\/www.binauralmedia.org\/news\/wp-json\/wp\/v2\/avada_portfolio"}],"about":[{"href":"https:\/\/www.binauralmedia.org\/news\/wp-json\/wp\/v2\/types\/avada_portfolio"}],"author":[{"embeddable":true,"href":"https:\/\/www.binauralmedia.org\/news\/wp-json\/wp\/v2\/users\/2"}],"replies":[{"embeddable":true,"href":"https:\/\/www.binauralmedia.org\/news\/wp-json\/wp\/v2\/comments?post=19096"}],"version-history":[{"count":5,"href":"https:\/\/www.binauralmedia.org\/news\/wp-json\/wp\/v2\/avada_portfolio\/19096\/revisions"}],"predecessor-version":[{"id":20675,"href":"https:\/\/www.binauralmedia.org\/news\/wp-json\/wp\/v2\/avada_portfolio\/19096\/revisions\/20675"}],"wp:featuredmedia":[{"embeddable":true,"href":"https:\/\/www.binauralmedia.org\/news\/wp-json\/wp\/v2\/media\/19097"}],"wp:attachment":[{"href":"https:\/\/www.binauralmedia.org\/news\/wp-json\/wp\/v2\/media?parent=19096"}],"wp:term":[{"taxonomy":"portfolio_category","embeddable":true,"href":"https:\/\/www.binauralmedia.org\/news\/wp-json\/wp\/v2\/portfolio_category?post=19096"},{"taxonomy":"portfolio_skills","embeddable":true,"href":"https:\/\/www.binauralmedia.org\/news\/wp-json\/wp\/v2\/portfolio_skills?post=19096"},{"taxonomy":"portfolio_tags","embeddable":true,"href":"https:\/\/www.binauralmedia.org\/news\/wp-json\/wp\/v2\/portfolio_tags?post=19096"}],"curies":[{"name":"wp","href":"https:\/\/api.w.org\/{rel}","templated":true}]}}