{"id":19023,"date":"2023-06-29T14:32:31","date_gmt":"2023-06-29T14:32:31","guid":{"rendered":"https:\/\/www.binauralmedia.org\/news?post_type=avada_portfolio&#038;p=19023"},"modified":"2023-06-30T11:48:16","modified_gmt":"2023-06-30T11:48:16","slug":"daniel-v-melim","status":"publish","type":"avada_portfolio","link":"https:\/\/www.binauralmedia.org\/news\/arquivo\/portfolio-items\/daniel-v-melim","title":{"rendered":"Daniel V. Melim"},"content":{"rendered":"<div class=\"fusion-fullwidth fullwidth-box fusion-builder-row-1 fusion-flex-container nonhundred-percent-fullwidth non-hundred-percent-height-scrolling\" style=\"--awb-border-radius-top-left:0px;--awb-border-radius-top-right:0px;--awb-border-radius-bottom-right:0px;--awb-border-radius-bottom-left:0px;--awb-flex-wrap:wrap;\" ><div class=\"fusion-builder-row fusion-row fusion-flex-align-items-flex-start fusion-flex-content-wrap\" style=\"max-width:1144px;margin-left: calc(-4% \/ 2 );margin-right: calc(-4% \/ 2 );\"><div class=\"fusion-layout-column fusion_builder_column fusion-builder-column-0 fusion_builder_column_1_1 1_1 fusion-flex-column\" style=\"--awb-bg-size:cover;--awb-width-large:100%;--awb-margin-top-large:0px;--awb-spacing-right-large:1.92%;--awb-margin-bottom-large:0px;--awb-spacing-left-large:1.92%;--awb-width-medium:100%;--awb-spacing-right-medium:1.92%;--awb-spacing-left-medium:1.92%;--awb-width-small:100%;--awb-spacing-right-small:1.92%;--awb-spacing-left-small:1.92%;\"><div class=\"fusion-column-wrapper fusion-flex-justify-content-flex-start fusion-content-layout-column\"><div class=\"fusion-text fusion-text-1\"><p><strong>Pinturas Cantadas<\/strong><\/p>\n<div>\n<div>\n<p>Daniel V. Melim desenvolveu durante a sua resid\u00eancia art\u00edstica em Castro Daire uma itera\u00e7\u00e3o do seu projeto de longa dura\u00e7\u00e3o \u201cPinturas cantadas\u201d, que re\u00fane tr\u00eas vertentes do trabalho que desenvolve h\u00e1 15 anos (at\u00e9 \u00e0 data): artes visuais, performance \/ m\u00fasica e trabalho com pessoas. O objetivo foi criar uma performance a partir de encontros informais com apopula\u00e7\u00e3o local, atrav\u00e9s de conversas com membros da comunidade sobre as coisas positivas e os problemas das suas vidas, e tamb\u00e9m sobre hist\u00f3rias locais. O artista coletou objetos como m\u00f3veis ou roupas velhas e pintou sobre eles. As pinturas ficaram alinhadas com seu trabalho de pintura: uma mistura de imagens com forte inclina\u00e7\u00e3o realista e baseadas em modelos com uma sensa\u00e7\u00e3o geral de fragilidade\/estranheza na sua presen\u00e7a material. Esses objetos pintados s\u00e3o o cen\u00e1rio, os adere\u00e7os e a partitura da performance, em que Daniel V. Melim canta as pinturas.<\/p>\n<\/div>\n<div>\n<p>Daniel V. Melim nasceu em 1982, vivendo e trabalhando em Lisboa. O artista interessa-se pelas dimens\u00f5es afetivas, hist\u00f3ricas, colectivas, ecol\u00f3gicas, espirituais e curativas da cria\u00e7\u00e3o, repartindo o seu tempo entre a sua obra de autor (artes pl\u00e1sticas, m\u00fasica) e o seu trabalho com pessoas. Tem forma\u00e7\u00e3o acad\u00e9mica em Artes Pl\u00e1sticas-Pintura pela Faculdade de Belas-Artes da Universidade de Lisboa (2006) e em MA Applied Anthropology and Community and Youth Work pelo Goldsmiths College-University of London (2016). Foi finalista do Pr\u00e9mio EDP Novos Artistas 2007, vencedor do Pr\u00e9mio Fidelidade Mundial Jovens Pintores em 2011 e shortlister do projecto mundial 100 Painters of Tomorrow (Thames &amp; Hudson, 2014), tendo desenvolvido projectos art\u00edsticos em Portugal, Espanha, Brasil, Alemanha e Reino Unido.<\/p>\n<\/div>\n<\/div>\n<\/div><\/div><\/div><\/div><\/div>\n","protected":false},"excerpt":{"rendered":"","protected":false},"author":2,"featured_media":19024,"menu_order":0,"comment_status":"closed","ping_status":"closed","template":"","format":"standard","meta":{"_acf_changed":false,"_bbp_topic_count":0,"_bbp_reply_count":0,"_bbp_total_topic_count":0,"_bbp_total_reply_count":0,"_bbp_voice_count":0,"_bbp_anonymous_reply_count":0,"_bbp_topic_count_hidden":0,"_bbp_reply_count_hidden":0,"_bbp_forum_subforum_count":0,"footnotes":""},"portfolio_category":[1247,1229],"portfolio_skills":[],"portfolio_tags":[],"class_list":["post-19023","avada_portfolio","type-avada_portfolio","status-publish","format-standard","has-post-thumbnail","hentry","portfolio_category-1247","portfolio_category-artistas"],"acf":[],"aioseo_notices":[],"aioseo_head":"\n\t\t<!-- All in One SEO 5.0.1.1 - aioseo.com -->\n\t<meta name=\"description\" content=\"Pinturas Cantadas Daniel V. Melim desenvolveu durante a sua resid\u00eancia art\u00edstica em Castro Daire uma itera\u00e7\u00e3o do seu projeto de longa dura\u00e7\u00e3o \u201cPinturas cantadas\u201d, que re\u00fane tr\u00eas vertentes do trabalho que desenvolve h\u00e1 15 anos (at\u00e9 \u00e0 data): artes visuais, performance \/ m\u00fasica e trabalho com pessoas. O objetivo foi criar uma performance a partir\" \/>\n\t<meta name=\"robots\" content=\"max-image-preview:large\" \/>\n\t<meta name=\"author\" content=\"luiscosta\"\/>\n\t<link rel=\"canonical\" href=\"https:\/\/www.binauralmedia.org\/news\/arquivo\/portfolio-items\/daniel-v-melim\" \/>\n\t<meta name=\"generator\" content=\"All in One SEO (AIOSEO) 5.0.1.1\" \/>\n\t\t<meta property=\"og:locale\" content=\"pt_PT\" \/>\n\t\t<meta property=\"og:site_name\" content=\"binauralmedia.org - Rural Based Sound\/Media Arts &amp; Social Research\" \/>\n\t\t<meta property=\"og:type\" content=\"article\" \/>\n\t\t<meta property=\"og:title\" content=\"Daniel V. Melim - binauralmedia.org\" \/>\n\t\t<meta property=\"og:description\" content=\"Pinturas Cantadas Daniel V. Melim desenvolveu durante a sua resid\u00eancia art\u00edstica em Castro Daire uma itera\u00e7\u00e3o do seu projeto de longa dura\u00e7\u00e3o \u201cPinturas cantadas\u201d, que re\u00fane tr\u00eas vertentes do trabalho que desenvolve h\u00e1 15 anos (at\u00e9 \u00e0 data): artes visuais, performance \/ m\u00fasica e trabalho com pessoas. O objetivo foi criar uma performance a partir\" \/>\n\t\t<meta property=\"og:url\" content=\"https:\/\/www.binauralmedia.org\/news\/arquivo\/portfolio-items\/daniel-v-melim\" \/>\n\t\t<meta property=\"article:published_time\" content=\"2023-06-29T14:32:31+00:00\" \/>\n\t\t<meta property=\"article:modified_time\" content=\"2023-06-30T11:48:16+00:00\" \/>\n\t\t<meta name=\"twitter:card\" content=\"summary_large_image\" \/>\n\t\t<meta name=\"twitter:title\" content=\"Daniel V. Melim - binauralmedia.org\" \/>\n\t\t<meta name=\"twitter:description\" content=\"Pinturas Cantadas Daniel V. Melim desenvolveu durante a sua resid\u00eancia art\u00edstica em Castro Daire uma itera\u00e7\u00e3o do seu projeto de longa dura\u00e7\u00e3o \u201cPinturas cantadas\u201d, que re\u00fane tr\u00eas vertentes do trabalho que desenvolve h\u00e1 15 anos (at\u00e9 \u00e0 data): artes visuais, performance \/ m\u00fasica e trabalho com pessoas. O objetivo foi criar uma performance a partir\" \/>\n\t\t<script type=\"application\/ld+json\" class=\"aioseo-schema\">\n\t\t\t{\"@context\":\"https:\\\/\\\/schema.org\",\"@graph\":[{\"@type\":\"BreadcrumbList\",\"@id\":\"https:\\\/\\\/www.binauralmedia.org\\\/news\\\/arquivo\\\/portfolio-items\\\/daniel-v-melim#breadcrumblist\",\"itemListElement\":[{\"@type\":\"ListItem\",\"@id\":\"https:\\\/\\\/www.binauralmedia.org\\\/news#listItem\",\"position\":1,\"name\":\"Home\",\"item\":\"https:\\\/\\\/www.binauralmedia.org\\\/news\",\"nextItem\":{\"@type\":\"ListItem\",\"@id\":\"https:\\\/\\\/www.binauralmedia.org\\\/news\\\/arquivo\\\/portfolio-items#listItem\",\"name\":\"Portfolio\"}},{\"@type\":\"ListItem\",\"@id\":\"https:\\\/\\\/www.binauralmedia.org\\\/news\\\/arquivo\\\/portfolio-items#listItem\",\"position\":2,\"name\":\"Portfolio\",\"item\":\"https:\\\/\\\/www.binauralmedia.org\\\/news\\\/arquivo\\\/portfolio-items\",\"nextItem\":{\"@type\":\"ListItem\",\"@id\":\"https:\\\/\\\/www.binauralmedia.org\\\/news\\\/portfolio_category\\\/artistas#listItem\",\"name\":\"Artistas\"},\"previousItem\":{\"@type\":\"ListItem\",\"@id\":\"https:\\\/\\\/www.binauralmedia.org\\\/news#listItem\",\"name\":\"Home\"}},{\"@type\":\"ListItem\",\"@id\":\"https:\\\/\\\/www.binauralmedia.org\\\/news\\\/portfolio_category\\\/artistas#listItem\",\"position\":3,\"name\":\"Artistas\",\"item\":\"https:\\\/\\\/www.binauralmedia.org\\\/news\\\/portfolio_category\\\/artistas\",\"nextItem\":{\"@type\":\"ListItem\",\"@id\":\"https:\\\/\\\/www.binauralmedia.org\\\/news\\\/portfolio_category\\\/2021#listItem\",\"name\":\"2021\"},\"previousItem\":{\"@type\":\"ListItem\",\"@id\":\"https:\\\/\\\/www.binauralmedia.org\\\/news\\\/arquivo\\\/portfolio-items#listItem\",\"name\":\"Portfolio\"}},{\"@type\":\"ListItem\",\"@id\":\"https:\\\/\\\/www.binauralmedia.org\\\/news\\\/portfolio_category\\\/2021#listItem\",\"position\":4,\"name\":\"2021\",\"item\":\"https:\\\/\\\/www.binauralmedia.org\\\/news\\\/portfolio_category\\\/2021\",\"nextItem\":{\"@type\":\"ListItem\",\"@id\":\"https:\\\/\\\/www.binauralmedia.org\\\/news\\\/arquivo\\\/portfolio-items\\\/daniel-v-melim#listItem\",\"name\":\"Daniel V. Melim\"},\"previousItem\":{\"@type\":\"ListItem\",\"@id\":\"https:\\\/\\\/www.binauralmedia.org\\\/news\\\/portfolio_category\\\/artistas#listItem\",\"name\":\"Artistas\"}},{\"@type\":\"ListItem\",\"@id\":\"https:\\\/\\\/www.binauralmedia.org\\\/news\\\/arquivo\\\/portfolio-items\\\/daniel-v-melim#listItem\",\"position\":5,\"name\":\"Daniel V. Melim\",\"previousItem\":{\"@type\":\"ListItem\",\"@id\":\"https:\\\/\\\/www.binauralmedia.org\\\/news\\\/portfolio_category\\\/2021#listItem\",\"name\":\"2021\"}}]},{\"@type\":\"Organization\",\"@id\":\"https:\\\/\\\/www.binauralmedia.org\\\/news\\\/#organization\",\"name\":\"binauralmedia.org\",\"description\":\"Rural Based Sound\\\/Media Arts & Social Research\",\"url\":\"https:\\\/\\\/www.binauralmedia.org\\\/news\\\/\"},{\"@type\":\"Person\",\"@id\":\"https:\\\/\\\/www.binauralmedia.org\\\/news\\\/arquivo\\\/author\\\/luiscosta#author\",\"url\":\"https:\\\/\\\/www.binauralmedia.org\\\/news\\\/arquivo\\\/author\\\/luiscosta\",\"name\":\"luiscosta\"},{\"@type\":\"WebPage\",\"@id\":\"https:\\\/\\\/www.binauralmedia.org\\\/news\\\/arquivo\\\/portfolio-items\\\/daniel-v-melim#webpage\",\"url\":\"https:\\\/\\\/www.binauralmedia.org\\\/news\\\/arquivo\\\/portfolio-items\\\/daniel-v-melim\",\"name\":\"Daniel V. Melim - binauralmedia.org\",\"description\":\"Pinturas Cantadas Daniel V. Melim desenvolveu durante a sua resid\\u00eancia art\\u00edstica em Castro Daire uma itera\\u00e7\\u00e3o do seu projeto de longa dura\\u00e7\\u00e3o \\u201cPinturas cantadas\\u201d, que re\\u00fane tr\\u00eas vertentes do trabalho que desenvolve h\\u00e1 15 anos (at\\u00e9 \\u00e0 data): artes visuais, performance \\\/ m\\u00fasica e trabalho com pessoas. O objetivo foi criar uma performance a partir\",\"inLanguage\":\"pt-PT\",\"isPartOf\":{\"@id\":\"https:\\\/\\\/www.binauralmedia.org\\\/news\\\/#website\"},\"breadcrumb\":{\"@id\":\"https:\\\/\\\/www.binauralmedia.org\\\/news\\\/arquivo\\\/portfolio-items\\\/daniel-v-melim#breadcrumblist\"},\"author\":{\"@id\":\"https:\\\/\\\/www.binauralmedia.org\\\/news\\\/arquivo\\\/author\\\/luiscosta#author\"},\"creator\":{\"@id\":\"https:\\\/\\\/www.binauralmedia.org\\\/news\\\/arquivo\\\/author\\\/luiscosta#author\"},\"image\":{\"@type\":\"ImageObject\",\"url\":\"https:\\\/\\\/www.binauralmedia.org\\\/news\\\/wp-content\\\/uploads\\\/2021-09-Daniel-V.-Melim.png\",\"@id\":\"https:\\\/\\\/www.binauralmedia.org\\\/news\\\/arquivo\\\/portfolio-items\\\/daniel-v-melim\\\/#mainImage\",\"width\":1200,\"height\":800},\"primaryImageOfPage\":{\"@id\":\"https:\\\/\\\/www.binauralmedia.org\\\/news\\\/arquivo\\\/portfolio-items\\\/daniel-v-melim#mainImage\"},\"datePublished\":\"2023-06-29T14:32:31+00:00\",\"dateModified\":\"2023-06-30T11:48:16+00:00\"},{\"@type\":\"WebSite\",\"@id\":\"https:\\\/\\\/www.binauralmedia.org\\\/news\\\/#website\",\"url\":\"https:\\\/\\\/www.binauralmedia.org\\\/news\\\/\",\"name\":\"binauralmedia.org\",\"description\":\"Rural Based Sound\\\/Media Arts & Social Research\",\"inLanguage\":\"pt-PT\",\"publisher\":{\"@id\":\"https:\\\/\\\/www.binauralmedia.org\\\/news\\\/#organization\"}}]}\n\t\t<\/script>\n\t\t<!-- All in One SEO -->\n\n","aioseo_head_json":{"title":"Daniel V. Melim - binauralmedia.org","description":"Pinturas Cantadas Daniel V. Melim desenvolveu durante a sua resid\u00eancia art\u00edstica em Castro Daire uma itera\u00e7\u00e3o do seu projeto de longa dura\u00e7\u00e3o \u201cPinturas cantadas\u201d, que re\u00fane tr\u00eas vertentes do trabalho que desenvolve h\u00e1 15 anos (at\u00e9 \u00e0 data): artes visuais, performance \/ m\u00fasica e trabalho com pessoas. O objetivo foi criar uma performance a partir","canonical_url":"https:\/\/www.binauralmedia.org\/news\/arquivo\/portfolio-items\/daniel-v-melim","robots":"max-image-preview:large","keywords":"","webmasterTools":{"miscellaneous":""},"schema":{"@context":"https:\/\/schema.org","@graph":[{"@type":"BreadcrumbList","@id":"https:\/\/www.binauralmedia.org\/news\/arquivo\/portfolio-items\/daniel-v-melim#breadcrumblist","itemListElement":[{"@type":"ListItem","@id":"https:\/\/www.binauralmedia.org\/news#listItem","position":1,"name":"Home","item":"https:\/\/www.binauralmedia.org\/news","nextItem":{"@type":"ListItem","@id":"https:\/\/www.binauralmedia.org\/news\/arquivo\/portfolio-items#listItem","name":"Portfolio"}},{"@type":"ListItem","@id":"https:\/\/www.binauralmedia.org\/news\/arquivo\/portfolio-items#listItem","position":2,"name":"Portfolio","item":"https:\/\/www.binauralmedia.org\/news\/arquivo\/portfolio-items","nextItem":{"@type":"ListItem","@id":"https:\/\/www.binauralmedia.org\/news\/portfolio_category\/artistas#listItem","name":"Artistas"},"previousItem":{"@type":"ListItem","@id":"https:\/\/www.binauralmedia.org\/news#listItem","name":"Home"}},{"@type":"ListItem","@id":"https:\/\/www.binauralmedia.org\/news\/portfolio_category\/artistas#listItem","position":3,"name":"Artistas","item":"https:\/\/www.binauralmedia.org\/news\/portfolio_category\/artistas","nextItem":{"@type":"ListItem","@id":"https:\/\/www.binauralmedia.org\/news\/portfolio_category\/2021#listItem","name":"2021"},"previousItem":{"@type":"ListItem","@id":"https:\/\/www.binauralmedia.org\/news\/arquivo\/portfolio-items#listItem","name":"Portfolio"}},{"@type":"ListItem","@id":"https:\/\/www.binauralmedia.org\/news\/portfolio_category\/2021#listItem","position":4,"name":"2021","item":"https:\/\/www.binauralmedia.org\/news\/portfolio_category\/2021","nextItem":{"@type":"ListItem","@id":"https:\/\/www.binauralmedia.org\/news\/arquivo\/portfolio-items\/daniel-v-melim#listItem","name":"Daniel V. Melim"},"previousItem":{"@type":"ListItem","@id":"https:\/\/www.binauralmedia.org\/news\/portfolio_category\/artistas#listItem","name":"Artistas"}},{"@type":"ListItem","@id":"https:\/\/www.binauralmedia.org\/news\/arquivo\/portfolio-items\/daniel-v-melim#listItem","position":5,"name":"Daniel V. Melim","previousItem":{"@type":"ListItem","@id":"https:\/\/www.binauralmedia.org\/news\/portfolio_category\/2021#listItem","name":"2021"}}]},{"@type":"Organization","@id":"https:\/\/www.binauralmedia.org\/news\/#organization","name":"binauralmedia.org","description":"Rural Based Sound\/Media Arts & Social Research","url":"https:\/\/www.binauralmedia.org\/news\/"},{"@type":"Person","@id":"https:\/\/www.binauralmedia.org\/news\/arquivo\/author\/luiscosta#author","url":"https:\/\/www.binauralmedia.org\/news\/arquivo\/author\/luiscosta","name":"luiscosta"},{"@type":"WebPage","@id":"https:\/\/www.binauralmedia.org\/news\/arquivo\/portfolio-items\/daniel-v-melim#webpage","url":"https:\/\/www.binauralmedia.org\/news\/arquivo\/portfolio-items\/daniel-v-melim","name":"Daniel V. Melim - binauralmedia.org","description":"Pinturas Cantadas Daniel V. Melim desenvolveu durante a sua resid\u00eancia art\u00edstica em Castro Daire uma itera\u00e7\u00e3o do seu projeto de longa dura\u00e7\u00e3o \u201cPinturas cantadas\u201d, que re\u00fane tr\u00eas vertentes do trabalho que desenvolve h\u00e1 15 anos (at\u00e9 \u00e0 data): artes visuais, performance \/ m\u00fasica e trabalho com pessoas. O objetivo foi criar uma performance a partir","inLanguage":"pt-PT","isPartOf":{"@id":"https:\/\/www.binauralmedia.org\/news\/#website"},"breadcrumb":{"@id":"https:\/\/www.binauralmedia.org\/news\/arquivo\/portfolio-items\/daniel-v-melim#breadcrumblist"},"author":{"@id":"https:\/\/www.binauralmedia.org\/news\/arquivo\/author\/luiscosta#author"},"creator":{"@id":"https:\/\/www.binauralmedia.org\/news\/arquivo\/author\/luiscosta#author"},"image":{"@type":"ImageObject","url":"https:\/\/www.binauralmedia.org\/news\/wp-content\/uploads\/2021-09-Daniel-V.-Melim.png","@id":"https:\/\/www.binauralmedia.org\/news\/arquivo\/portfolio-items\/daniel-v-melim\/#mainImage","width":1200,"height":800},"primaryImageOfPage":{"@id":"https:\/\/www.binauralmedia.org\/news\/arquivo\/portfolio-items\/daniel-v-melim#mainImage"},"datePublished":"2023-06-29T14:32:31+00:00","dateModified":"2023-06-30T11:48:16+00:00"},{"@type":"WebSite","@id":"https:\/\/www.binauralmedia.org\/news\/#website","url":"https:\/\/www.binauralmedia.org\/news\/","name":"binauralmedia.org","description":"Rural Based Sound\/Media Arts & Social Research","inLanguage":"pt-PT","publisher":{"@id":"https:\/\/www.binauralmedia.org\/news\/#organization"}}]},"og:locale":"pt_PT","og:site_name":"binauralmedia.org - Rural Based Sound\/Media Arts &amp; Social Research","og:type":"article","og:title":"Daniel V. Melim - binauralmedia.org","og:description":"Pinturas Cantadas Daniel V. Melim desenvolveu durante a sua resid\u00eancia art\u00edstica em Castro Daire uma itera\u00e7\u00e3o do seu projeto de longa dura\u00e7\u00e3o \u201cPinturas cantadas\u201d, que re\u00fane tr\u00eas vertentes do trabalho que desenvolve h\u00e1 15 anos (at\u00e9 \u00e0 data): artes visuais, performance \/ m\u00fasica e trabalho com pessoas. O objetivo foi criar uma performance a partir","og:url":"https:\/\/www.binauralmedia.org\/news\/arquivo\/portfolio-items\/daniel-v-melim","article:published_time":"2023-06-29T14:32:31+00:00","article:modified_time":"2023-06-30T11:48:16+00:00","twitter:card":"summary_large_image","twitter:title":"Daniel V. Melim - binauralmedia.org","twitter:description":"Pinturas Cantadas Daniel V. Melim desenvolveu durante a sua resid\u00eancia art\u00edstica em Castro Daire uma itera\u00e7\u00e3o do seu projeto de longa dura\u00e7\u00e3o \u201cPinturas cantadas\u201d, que re\u00fane tr\u00eas vertentes do trabalho que desenvolve h\u00e1 15 anos (at\u00e9 \u00e0 data): artes visuais, performance \/ m\u00fasica e trabalho com pessoas. O objetivo foi criar uma performance a partir"},"aioseo_meta_data":{"post_id":"19023","title":null,"description":null,"keywords":null,"keyphrases":null,"primary_term":null,"canonical_url":null,"og_title":null,"og_description":null,"og_object_type":"default","og_image_type":"default","og_image_custom_url":null,"og_image_custom_fields":null,"og_image_url":null,"og_image_width":null,"og_image_height":null,"og_video":null,"og_custom_url":null,"og_article_section":null,"og_article_tags":null,"twitter_use_og":false,"twitter_card":"default","twitter_image_type":"default","twitter_image_custom_url":null,"twitter_image_custom_fields":null,"twitter_image_url":null,"twitter_title":null,"twitter_description":null,"schema_type":"default","schema_type_options":null,"schema":{"blockGraphs":[],"customGraphs":[],"default":{"data":{"Article":[],"Course":[],"Dataset":[],"FAQPage":[],"Movie":[],"Person":[],"Product":[],"ProductReview":[],"Car":[],"Recipe":[],"Service":[],"SoftwareApplication":[],"WebPage":[]},"graphName":"","isEnabled":true},"graphs":[]},"pillar_content":false,"robots_default":true,"robots_noindex":false,"robots_noarchive":false,"robots_nosnippet":false,"robots_nofollow":false,"robots_noimageindex":false,"robots_noodp":false,"robots_notranslate":false,"robots_max_snippet":null,"robots_max_videopreview":null,"robots_max_imagepreview":"large","priority":null,"frequency":null,"local_seo":null,"limit_modified_date":false,"ai":null,"breadcrumb_settings":null,"seo_analyzer_scan_date":null,"created":"2026-08-04 23:20:54","updated":"2026-08-04 23:20:54","focus_keyword":null,"additional_keywords":null,"truseo_locale":null},"aioseo_breadcrumb":"<div class=\"aioseo-breadcrumbs\"><span class=\"aioseo-breadcrumb\">\n\t\t\t<a href=\"https:\/\/www.binauralmedia.org\/news\" title=\"Home\">Home<\/a>\n\t\t<\/span><span class=\"aioseo-breadcrumb-separator\">&raquo;<\/span><span class=\"aioseo-breadcrumb\">\n\t\t\t<a href=\"https:\/\/www.binauralmedia.org\/news\/arquivo\/portfolio-items\" title=\"Portfolio\">Portfolio<\/a>\n\t\t<\/span><span class=\"aioseo-breadcrumb-separator\">&raquo;<\/span><span class=\"aioseo-breadcrumb\">\n\t\t\t<a href=\"https:\/\/www.binauralmedia.org\/news\/portfolio_category\/artistas\" title=\"Artistas\">Artistas<\/a>\n\t\t<\/span><span class=\"aioseo-breadcrumb-separator\">&raquo;<\/span><span class=\"aioseo-breadcrumb\">\n\t\t\t<a href=\"https:\/\/www.binauralmedia.org\/news\/portfolio_category\/2021\" title=\"2021\">2021<\/a>\n\t\t<\/span><span class=\"aioseo-breadcrumb-separator\">&raquo;<\/span><span class=\"aioseo-breadcrumb\">\n\t\t\tDaniel V. Melim\n\t\t<\/span><\/div>","aioseo_breadcrumb_json":[{"label":"Home","link":"https:\/\/www.binauralmedia.org\/news"},{"label":"Portfolio","link":"https:\/\/www.binauralmedia.org\/news\/arquivo\/portfolio-items"},{"label":"Artistas","link":"https:\/\/www.binauralmedia.org\/news\/portfolio_category\/artistas"},{"label":"2021","link":"https:\/\/www.binauralmedia.org\/news\/portfolio_category\/2021"},{"label":"Daniel V. Melim","link":"https:\/\/www.binauralmedia.org\/news\/arquivo\/portfolio-items\/daniel-v-melim"}],"_links":{"self":[{"href":"https:\/\/www.binauralmedia.org\/news\/wp-json\/wp\/v2\/avada_portfolio\/19023","targetHints":{"allow":["GET"]}}],"collection":[{"href":"https:\/\/www.binauralmedia.org\/news\/wp-json\/wp\/v2\/avada_portfolio"}],"about":[{"href":"https:\/\/www.binauralmedia.org\/news\/wp-json\/wp\/v2\/types\/avada_portfolio"}],"author":[{"embeddable":true,"href":"https:\/\/www.binauralmedia.org\/news\/wp-json\/wp\/v2\/users\/2"}],"replies":[{"embeddable":true,"href":"https:\/\/www.binauralmedia.org\/news\/wp-json\/wp\/v2\/comments?post=19023"}],"version-history":[{"count":2,"href":"https:\/\/www.binauralmedia.org\/news\/wp-json\/wp\/v2\/avada_portfolio\/19023\/revisions"}],"predecessor-version":[{"id":19150,"href":"https:\/\/www.binauralmedia.org\/news\/wp-json\/wp\/v2\/avada_portfolio\/19023\/revisions\/19150"}],"wp:featuredmedia":[{"embeddable":true,"href":"https:\/\/www.binauralmedia.org\/news\/wp-json\/wp\/v2\/media\/19024"}],"wp:attachment":[{"href":"https:\/\/www.binauralmedia.org\/news\/wp-json\/wp\/v2\/media?parent=19023"}],"wp:term":[{"taxonomy":"portfolio_category","embeddable":true,"href":"https:\/\/www.binauralmedia.org\/news\/wp-json\/wp\/v2\/portfolio_category?post=19023"},{"taxonomy":"portfolio_skills","embeddable":true,"href":"https:\/\/www.binauralmedia.org\/news\/wp-json\/wp\/v2\/portfolio_skills?post=19023"},{"taxonomy":"portfolio_tags","embeddable":true,"href":"https:\/\/www.binauralmedia.org\/news\/wp-json\/wp\/v2\/portfolio_tags?post=19023"}],"curies":[{"name":"wp","href":"https:\/\/api.w.org\/{rel}","templated":true}]}}