{"id":18985,"date":"2023-06-29T13:10:37","date_gmt":"2023-06-29T13:10:37","guid":{"rendered":"https:\/\/www.binauralmedia.org\/news?post_type=avada_portfolio&#038;p=18985"},"modified":"2023-06-30T11:18:45","modified_gmt":"2023-06-30T11:18:45","slug":"ana-rodriguez-2020","status":"publish","type":"avada_portfolio","link":"https:\/\/www.binauralmedia.org\/news\/arquivo\/portfolio-items\/ana-rodriguez-2020","title":{"rendered":"Ana Rodr\u00edguez (2020)"},"content":{"rendered":"<div class=\"fusion-fullwidth fullwidth-box fusion-builder-row-1 fusion-flex-container nonhundred-percent-fullwidth non-hundred-percent-height-scrolling\" style=\"--awb-border-radius-top-left:0px;--awb-border-radius-top-right:0px;--awb-border-radius-bottom-right:0px;--awb-border-radius-bottom-left:0px;--awb-flex-wrap:wrap;\" ><div class=\"fusion-builder-row fusion-row fusion-flex-align-items-flex-start fusion-flex-content-wrap\" style=\"max-width:1144px;margin-left: calc(-4% \/ 2 );margin-right: calc(-4% \/ 2 );\"><div class=\"fusion-layout-column fusion_builder_column fusion-builder-column-0 fusion_builder_column_1_1 1_1 fusion-flex-column\" style=\"--awb-bg-size:cover;--awb-width-large:100%;--awb-margin-top-large:0px;--awb-spacing-right-large:1.92%;--awb-margin-bottom-large:0px;--awb-spacing-left-large:1.92%;--awb-width-medium:100%;--awb-spacing-right-medium:1.92%;--awb-spacing-left-medium:1.92%;--awb-width-small:100%;--awb-spacing-right-small:1.92%;--awb-spacing-left-small:1.92%;\"><div class=\"fusion-column-wrapper fusion-flex-justify-content-flex-start fusion-content-layout-column\"><div class=\"fusion-text fusion-text-1\"><div>\n<div>\n<p><strong>Ecos do Dom<\/strong><\/p>\n<p>A antrop\u00f3loga uruguaia Ana Rodr\u00edguez desenvolveu, entre 25 de setembro e 25 de outubro de 2020, uma resid\u00eancia criativa no territ\u00f3rio rural de V\u00e1rzea de Calde (Munic\u00edpio de Viseu). O ano de 2020 ficou marcado pelo in\u00edcio da pandemia Covid-19, pelo que se adiou o programa de resid\u00eancias art\u00edsticas para o ano seguinte. N\u00e3o obstante, foi ainda poss\u00edvel realizar uma resid\u00eancia art\u00edstica com a antrop\u00f3loga uruguaia Ana Rodr\u00edguez, a qual deu sequ\u00eancia ao projeto realizado no ano anterior, com o in\u00edcio das recolhas para uma publica\u00e7\u00e3o intitulada \u201cEcos do Dom\u201d e que aborda tem\u00e1ticas ligadas ao universo de pr\u00e1ticas terap\u00eauticas tradicionais em aldeias do munic\u00edpio de Viseu e em localidades do Norte do Uruguai.<\/p>\n<\/div>\n<div>\n<p>No decorrer da sua presen\u00e7a foi feita uma indaga\u00e7\u00e3o sobre estas perman\u00eancias e como elass\u00e3o significadas atualmente pelos usu\u00e1rios. Nestes processos, que ajudaram no restabelecimento da sa\u00fade, interv\u00eam algumas plantas, assim como narra\u00e7\u00f5es transmitidas oralmente ao longo de gera\u00e7\u00f5es que viveram e vivem no mundo rural. O trabalho atual retoma alguns trilhos que come\u00e7aram a ser percorridos com o projeto \u201cPlantas Faladas-Arquivo de mem\u00f3ria vegetal\u201d, cuja exposi\u00e7\u00e3o retrospectiva se encontrou patente no Museu do Linho de V\u00e1rzea de Calde at\u00e9 ao final do ano de 2020,sendo que a conclus\u00e3o do projeto consiste na publica\u00e7\u00e3o do livro bilingue \u201cEcos do Dom\u201d que inclui um vasto conjunto de fotografias que ilustram a paisagem sensorial relacionada com as pr\u00e1ticas referidas.<\/p>\n<\/div>\n<div>\n<p>Esta resid\u00eancia criativa fez parte do projeto \u201cViseu Rural 2.0\u201d da Binaural Nodar, co-financiado pelo Programa Viseu Cultura do Munic\u00edpio de Viseu e que conta com o apoio do Museu do Linho de V\u00e1rzea de Calde.<\/p>\n<\/div>\n<div>\n<p>Ana Rodr\u00edguez nasceu em Montevid\u00e9u em 1975, vive e pesquisa em contextos rurais desde 2001, ano em que se estabeleceu em Tacuaremb\u00f3, no norte do Uruguai. Antrop\u00f3loga formada pela Universidade da Rep\u00fablica do Uruguai. Cursou o mestrado em Teoria e Pr\u00e1tica do Document\u00e1rio Criativo na Universidade Aut\u00f3noma de Barcelona. Formou parte da equipa docente do N\u00facleo de Estudos Rurais (Sede de Tacuaremb\u00f3 da Universidade da Rep\u00fablicado Uruguai) entre 2016 e 2018. Criou materiais did\u00e1ticos audiovisuais sobre g\u00e9nero e ruralidade para Faculdade de Agronomia do Uruguai (2016), um CD de contos de tradi\u00e7\u00e3o oral com paisagens sonoras (Los cuentos de Mam\u00e1 Carolina, 2013), criou o Mapa Sonoro do Uruguai (2016), sendo, desde 2013, artista e investigadora junto da Binaural Nodar. Ana Rodr\u00edguez tem vindo a trabalhar com mem\u00f3ria, som e oralidade em contextos rurais, nomeadamente atrav\u00e9s do seu projeto Mapa sonoro de Uruguai e, desta, vez o foco da sua interven\u00e7\u00e3o foram as pr\u00e1ticas tradicionais ligadas ao cuidado e \u00e0 sa\u00fade individual e da comunidade, as quais se foram transformando ao longo do tempo, ainda subsistindo em zonas rurais de pa\u00edses como Portugal e o Uruguai.<\/p>\n<\/div>\n<\/div>\n<\/div><\/div><\/div><\/div><\/div>\n","protected":false},"excerpt":{"rendered":"","protected":false},"author":2,"featured_media":18986,"menu_order":0,"comment_status":"closed","ping_status":"closed","template":"","format":"standard","meta":{"_acf_changed":false,"_bbp_topic_count":0,"_bbp_reply_count":0,"_bbp_total_topic_count":0,"_bbp_total_reply_count":0,"_bbp_voice_count":0,"_bbp_anonymous_reply_count":0,"_bbp_topic_count_hidden":0,"_bbp_reply_count_hidden":0,"_bbp_forum_subforum_count":0,"footnotes":""},"portfolio_category":[1246,1229],"portfolio_skills":[],"portfolio_tags":[],"class_list":["post-18985","avada_portfolio","type-avada_portfolio","status-publish","format-standard","has-post-thumbnail","hentry","portfolio_category-1246","portfolio_category-artistas"],"acf":[],"aioseo_notices":[],"aioseo_head":"\n\t\t<!-- All in One SEO 5.0.1.1 - aioseo.com -->\n\t<meta name=\"description\" content=\"Ecos do Dom A antrop\u00f3loga uruguaia Ana Rodr\u00edguez desenvolveu, entre 25 de setembro e 25 de outubro de 2020, uma resid\u00eancia criativa no territ\u00f3rio rural de V\u00e1rzea de Calde (Munic\u00edpio de Viseu). O ano de 2020 ficou marcado pelo in\u00edcio da pandemia Covid-19, pelo que se adiou o programa de resid\u00eancias art\u00edsticas para o ano\" \/>\n\t<meta name=\"robots\" content=\"max-image-preview:large\" \/>\n\t<meta name=\"author\" content=\"luiscosta\"\/>\n\t<link rel=\"canonical\" href=\"https:\/\/www.binauralmedia.org\/news\/arquivo\/portfolio-items\/ana-rodriguez-2020\" \/>\n\t<meta name=\"generator\" content=\"All in One SEO (AIOSEO) 5.0.1.1\" \/>\n\t\t<meta property=\"og:locale\" content=\"pt_PT\" \/>\n\t\t<meta property=\"og:site_name\" content=\"binauralmedia.org - Rural Based Sound\/Media Arts &amp; Social Research\" \/>\n\t\t<meta property=\"og:type\" content=\"article\" \/>\n\t\t<meta property=\"og:title\" content=\"Ana Rodr\u00edguez (2020) - binauralmedia.org\" \/>\n\t\t<meta property=\"og:description\" content=\"Ecos do Dom A antrop\u00f3loga uruguaia Ana Rodr\u00edguez desenvolveu, entre 25 de setembro e 25 de outubro de 2020, uma resid\u00eancia criativa no territ\u00f3rio rural de V\u00e1rzea de Calde (Munic\u00edpio de Viseu). O ano de 2020 ficou marcado pelo in\u00edcio da pandemia Covid-19, pelo que se adiou o programa de resid\u00eancias art\u00edsticas para o ano\" \/>\n\t\t<meta property=\"og:url\" content=\"https:\/\/www.binauralmedia.org\/news\/arquivo\/portfolio-items\/ana-rodriguez-2020\" \/>\n\t\t<meta property=\"article:published_time\" content=\"2023-06-29T13:10:37+00:00\" \/>\n\t\t<meta property=\"article:modified_time\" content=\"2023-06-30T11:18:45+00:00\" \/>\n\t\t<meta name=\"twitter:card\" content=\"summary_large_image\" \/>\n\t\t<meta name=\"twitter:title\" content=\"Ana Rodr\u00edguez (2020) - binauralmedia.org\" \/>\n\t\t<meta name=\"twitter:description\" content=\"Ecos do Dom A antrop\u00f3loga uruguaia Ana Rodr\u00edguez desenvolveu, entre 25 de setembro e 25 de outubro de 2020, uma resid\u00eancia criativa no territ\u00f3rio rural de V\u00e1rzea de Calde (Munic\u00edpio de Viseu). O ano de 2020 ficou marcado pelo in\u00edcio da pandemia Covid-19, pelo que se adiou o programa de resid\u00eancias art\u00edsticas para o ano\" \/>\n\t\t<script type=\"application\/ld+json\" class=\"aioseo-schema\">\n\t\t\t{\"@context\":\"https:\\\/\\\/schema.org\",\"@graph\":[{\"@type\":\"BreadcrumbList\",\"@id\":\"https:\\\/\\\/www.binauralmedia.org\\\/news\\\/arquivo\\\/portfolio-items\\\/ana-rodriguez-2020#breadcrumblist\",\"itemListElement\":[{\"@type\":\"ListItem\",\"@id\":\"https:\\\/\\\/www.binauralmedia.org\\\/news#listItem\",\"position\":1,\"name\":\"Home\",\"item\":\"https:\\\/\\\/www.binauralmedia.org\\\/news\",\"nextItem\":{\"@type\":\"ListItem\",\"@id\":\"https:\\\/\\\/www.binauralmedia.org\\\/news\\\/arquivo\\\/portfolio-items#listItem\",\"name\":\"Portfolio\"}},{\"@type\":\"ListItem\",\"@id\":\"https:\\\/\\\/www.binauralmedia.org\\\/news\\\/arquivo\\\/portfolio-items#listItem\",\"position\":2,\"name\":\"Portfolio\",\"item\":\"https:\\\/\\\/www.binauralmedia.org\\\/news\\\/arquivo\\\/portfolio-items\",\"nextItem\":{\"@type\":\"ListItem\",\"@id\":\"https:\\\/\\\/www.binauralmedia.org\\\/news\\\/portfolio_category\\\/artistas#listItem\",\"name\":\"Artistas\"},\"previousItem\":{\"@type\":\"ListItem\",\"@id\":\"https:\\\/\\\/www.binauralmedia.org\\\/news#listItem\",\"name\":\"Home\"}},{\"@type\":\"ListItem\",\"@id\":\"https:\\\/\\\/www.binauralmedia.org\\\/news\\\/portfolio_category\\\/artistas#listItem\",\"position\":3,\"name\":\"Artistas\",\"item\":\"https:\\\/\\\/www.binauralmedia.org\\\/news\\\/portfolio_category\\\/artistas\",\"nextItem\":{\"@type\":\"ListItem\",\"@id\":\"https:\\\/\\\/www.binauralmedia.org\\\/news\\\/portfolio_category\\\/2020#listItem\",\"name\":\"2020\"},\"previousItem\":{\"@type\":\"ListItem\",\"@id\":\"https:\\\/\\\/www.binauralmedia.org\\\/news\\\/arquivo\\\/portfolio-items#listItem\",\"name\":\"Portfolio\"}},{\"@type\":\"ListItem\",\"@id\":\"https:\\\/\\\/www.binauralmedia.org\\\/news\\\/portfolio_category\\\/2020#listItem\",\"position\":4,\"name\":\"2020\",\"item\":\"https:\\\/\\\/www.binauralmedia.org\\\/news\\\/portfolio_category\\\/2020\",\"nextItem\":{\"@type\":\"ListItem\",\"@id\":\"https:\\\/\\\/www.binauralmedia.org\\\/news\\\/arquivo\\\/portfolio-items\\\/ana-rodriguez-2020#listItem\",\"name\":\"Ana Rodr\\u00edguez (2020)\"},\"previousItem\":{\"@type\":\"ListItem\",\"@id\":\"https:\\\/\\\/www.binauralmedia.org\\\/news\\\/portfolio_category\\\/artistas#listItem\",\"name\":\"Artistas\"}},{\"@type\":\"ListItem\",\"@id\":\"https:\\\/\\\/www.binauralmedia.org\\\/news\\\/arquivo\\\/portfolio-items\\\/ana-rodriguez-2020#listItem\",\"position\":5,\"name\":\"Ana Rodr\\u00edguez (2020)\",\"previousItem\":{\"@type\":\"ListItem\",\"@id\":\"https:\\\/\\\/www.binauralmedia.org\\\/news\\\/portfolio_category\\\/2020#listItem\",\"name\":\"2020\"}}]},{\"@type\":\"Organization\",\"@id\":\"https:\\\/\\\/www.binauralmedia.org\\\/news\\\/#organization\",\"name\":\"binauralmedia.org\",\"description\":\"Rural Based Sound\\\/Media Arts & Social Research\",\"url\":\"https:\\\/\\\/www.binauralmedia.org\\\/news\\\/\"},{\"@type\":\"Person\",\"@id\":\"https:\\\/\\\/www.binauralmedia.org\\\/news\\\/arquivo\\\/author\\\/luiscosta#author\",\"url\":\"https:\\\/\\\/www.binauralmedia.org\\\/news\\\/arquivo\\\/author\\\/luiscosta\",\"name\":\"luiscosta\"},{\"@type\":\"WebPage\",\"@id\":\"https:\\\/\\\/www.binauralmedia.org\\\/news\\\/arquivo\\\/portfolio-items\\\/ana-rodriguez-2020#webpage\",\"url\":\"https:\\\/\\\/www.binauralmedia.org\\\/news\\\/arquivo\\\/portfolio-items\\\/ana-rodriguez-2020\",\"name\":\"Ana Rodr\\u00edguez (2020) - binauralmedia.org\",\"description\":\"Ecos do Dom A antrop\\u00f3loga uruguaia Ana Rodr\\u00edguez desenvolveu, entre 25 de setembro e 25 de outubro de 2020, uma resid\\u00eancia criativa no territ\\u00f3rio rural de V\\u00e1rzea de Calde (Munic\\u00edpio de Viseu). O ano de 2020 ficou marcado pelo in\\u00edcio da pandemia Covid-19, pelo que se adiou o programa de resid\\u00eancias art\\u00edsticas para o ano\",\"inLanguage\":\"pt-PT\",\"isPartOf\":{\"@id\":\"https:\\\/\\\/www.binauralmedia.org\\\/news\\\/#website\"},\"breadcrumb\":{\"@id\":\"https:\\\/\\\/www.binauralmedia.org\\\/news\\\/arquivo\\\/portfolio-items\\\/ana-rodriguez-2020#breadcrumblist\"},\"author\":{\"@id\":\"https:\\\/\\\/www.binauralmedia.org\\\/news\\\/arquivo\\\/author\\\/luiscosta#author\"},\"creator\":{\"@id\":\"https:\\\/\\\/www.binauralmedia.org\\\/news\\\/arquivo\\\/author\\\/luiscosta#author\"},\"image\":{\"@type\":\"ImageObject\",\"url\":\"https:\\\/\\\/www.binauralmedia.org\\\/news\\\/wp-content\\\/uploads\\\/2020-10-Ana-Rodriguez.png\",\"@id\":\"https:\\\/\\\/www.binauralmedia.org\\\/news\\\/arquivo\\\/portfolio-items\\\/ana-rodriguez-2020\\\/#mainImage\",\"width\":1200,\"height\":800},\"primaryImageOfPage\":{\"@id\":\"https:\\\/\\\/www.binauralmedia.org\\\/news\\\/arquivo\\\/portfolio-items\\\/ana-rodriguez-2020#mainImage\"},\"datePublished\":\"2023-06-29T13:10:37+00:00\",\"dateModified\":\"2023-06-30T11:18:45+00:00\"},{\"@type\":\"WebSite\",\"@id\":\"https:\\\/\\\/www.binauralmedia.org\\\/news\\\/#website\",\"url\":\"https:\\\/\\\/www.binauralmedia.org\\\/news\\\/\",\"name\":\"binauralmedia.org\",\"description\":\"Rural Based Sound\\\/Media Arts & Social Research\",\"inLanguage\":\"pt-PT\",\"publisher\":{\"@id\":\"https:\\\/\\\/www.binauralmedia.org\\\/news\\\/#organization\"}}]}\n\t\t<\/script>\n\t\t<!-- All in One SEO -->\n\n","aioseo_head_json":{"title":"Ana Rodr\u00edguez (2020) - binauralmedia.org","description":"Ecos do Dom A antrop\u00f3loga uruguaia Ana Rodr\u00edguez desenvolveu, entre 25 de setembro e 25 de outubro de 2020, uma resid\u00eancia criativa no territ\u00f3rio rural de V\u00e1rzea de Calde (Munic\u00edpio de Viseu). O ano de 2020 ficou marcado pelo in\u00edcio da pandemia Covid-19, pelo que se adiou o programa de resid\u00eancias art\u00edsticas para o ano","canonical_url":"https:\/\/www.binauralmedia.org\/news\/arquivo\/portfolio-items\/ana-rodriguez-2020","robots":"max-image-preview:large","keywords":"","webmasterTools":{"miscellaneous":""},"schema":{"@context":"https:\/\/schema.org","@graph":[{"@type":"BreadcrumbList","@id":"https:\/\/www.binauralmedia.org\/news\/arquivo\/portfolio-items\/ana-rodriguez-2020#breadcrumblist","itemListElement":[{"@type":"ListItem","@id":"https:\/\/www.binauralmedia.org\/news#listItem","position":1,"name":"Home","item":"https:\/\/www.binauralmedia.org\/news","nextItem":{"@type":"ListItem","@id":"https:\/\/www.binauralmedia.org\/news\/arquivo\/portfolio-items#listItem","name":"Portfolio"}},{"@type":"ListItem","@id":"https:\/\/www.binauralmedia.org\/news\/arquivo\/portfolio-items#listItem","position":2,"name":"Portfolio","item":"https:\/\/www.binauralmedia.org\/news\/arquivo\/portfolio-items","nextItem":{"@type":"ListItem","@id":"https:\/\/www.binauralmedia.org\/news\/portfolio_category\/artistas#listItem","name":"Artistas"},"previousItem":{"@type":"ListItem","@id":"https:\/\/www.binauralmedia.org\/news#listItem","name":"Home"}},{"@type":"ListItem","@id":"https:\/\/www.binauralmedia.org\/news\/portfolio_category\/artistas#listItem","position":3,"name":"Artistas","item":"https:\/\/www.binauralmedia.org\/news\/portfolio_category\/artistas","nextItem":{"@type":"ListItem","@id":"https:\/\/www.binauralmedia.org\/news\/portfolio_category\/2020#listItem","name":"2020"},"previousItem":{"@type":"ListItem","@id":"https:\/\/www.binauralmedia.org\/news\/arquivo\/portfolio-items#listItem","name":"Portfolio"}},{"@type":"ListItem","@id":"https:\/\/www.binauralmedia.org\/news\/portfolio_category\/2020#listItem","position":4,"name":"2020","item":"https:\/\/www.binauralmedia.org\/news\/portfolio_category\/2020","nextItem":{"@type":"ListItem","@id":"https:\/\/www.binauralmedia.org\/news\/arquivo\/portfolio-items\/ana-rodriguez-2020#listItem","name":"Ana Rodr\u00edguez (2020)"},"previousItem":{"@type":"ListItem","@id":"https:\/\/www.binauralmedia.org\/news\/portfolio_category\/artistas#listItem","name":"Artistas"}},{"@type":"ListItem","@id":"https:\/\/www.binauralmedia.org\/news\/arquivo\/portfolio-items\/ana-rodriguez-2020#listItem","position":5,"name":"Ana Rodr\u00edguez (2020)","previousItem":{"@type":"ListItem","@id":"https:\/\/www.binauralmedia.org\/news\/portfolio_category\/2020#listItem","name":"2020"}}]},{"@type":"Organization","@id":"https:\/\/www.binauralmedia.org\/news\/#organization","name":"binauralmedia.org","description":"Rural Based Sound\/Media Arts & Social Research","url":"https:\/\/www.binauralmedia.org\/news\/"},{"@type":"Person","@id":"https:\/\/www.binauralmedia.org\/news\/arquivo\/author\/luiscosta#author","url":"https:\/\/www.binauralmedia.org\/news\/arquivo\/author\/luiscosta","name":"luiscosta"},{"@type":"WebPage","@id":"https:\/\/www.binauralmedia.org\/news\/arquivo\/portfolio-items\/ana-rodriguez-2020#webpage","url":"https:\/\/www.binauralmedia.org\/news\/arquivo\/portfolio-items\/ana-rodriguez-2020","name":"Ana Rodr\u00edguez (2020) - binauralmedia.org","description":"Ecos do Dom A antrop\u00f3loga uruguaia Ana Rodr\u00edguez desenvolveu, entre 25 de setembro e 25 de outubro de 2020, uma resid\u00eancia criativa no territ\u00f3rio rural de V\u00e1rzea de Calde (Munic\u00edpio de Viseu). O ano de 2020 ficou marcado pelo in\u00edcio da pandemia Covid-19, pelo que se adiou o programa de resid\u00eancias art\u00edsticas para o ano","inLanguage":"pt-PT","isPartOf":{"@id":"https:\/\/www.binauralmedia.org\/news\/#website"},"breadcrumb":{"@id":"https:\/\/www.binauralmedia.org\/news\/arquivo\/portfolio-items\/ana-rodriguez-2020#breadcrumblist"},"author":{"@id":"https:\/\/www.binauralmedia.org\/news\/arquivo\/author\/luiscosta#author"},"creator":{"@id":"https:\/\/www.binauralmedia.org\/news\/arquivo\/author\/luiscosta#author"},"image":{"@type":"ImageObject","url":"https:\/\/www.binauralmedia.org\/news\/wp-content\/uploads\/2020-10-Ana-Rodriguez.png","@id":"https:\/\/www.binauralmedia.org\/news\/arquivo\/portfolio-items\/ana-rodriguez-2020\/#mainImage","width":1200,"height":800},"primaryImageOfPage":{"@id":"https:\/\/www.binauralmedia.org\/news\/arquivo\/portfolio-items\/ana-rodriguez-2020#mainImage"},"datePublished":"2023-06-29T13:10:37+00:00","dateModified":"2023-06-30T11:18:45+00:00"},{"@type":"WebSite","@id":"https:\/\/www.binauralmedia.org\/news\/#website","url":"https:\/\/www.binauralmedia.org\/news\/","name":"binauralmedia.org","description":"Rural Based Sound\/Media Arts & Social Research","inLanguage":"pt-PT","publisher":{"@id":"https:\/\/www.binauralmedia.org\/news\/#organization"}}]},"og:locale":"pt_PT","og:site_name":"binauralmedia.org - Rural Based Sound\/Media Arts &amp; Social Research","og:type":"article","og:title":"Ana Rodr\u00edguez (2020) - binauralmedia.org","og:description":"Ecos do Dom A antrop\u00f3loga uruguaia Ana Rodr\u00edguez desenvolveu, entre 25 de setembro e 25 de outubro de 2020, uma resid\u00eancia criativa no territ\u00f3rio rural de V\u00e1rzea de Calde (Munic\u00edpio de Viseu). O ano de 2020 ficou marcado pelo in\u00edcio da pandemia Covid-19, pelo que se adiou o programa de resid\u00eancias art\u00edsticas para o ano","og:url":"https:\/\/www.binauralmedia.org\/news\/arquivo\/portfolio-items\/ana-rodriguez-2020","article:published_time":"2023-06-29T13:10:37+00:00","article:modified_time":"2023-06-30T11:18:45+00:00","twitter:card":"summary_large_image","twitter:title":"Ana Rodr\u00edguez (2020) - binauralmedia.org","twitter:description":"Ecos do Dom A antrop\u00f3loga uruguaia Ana Rodr\u00edguez desenvolveu, entre 25 de setembro e 25 de outubro de 2020, uma resid\u00eancia criativa no territ\u00f3rio rural de V\u00e1rzea de Calde (Munic\u00edpio de Viseu). O ano de 2020 ficou marcado pelo in\u00edcio da pandemia Covid-19, pelo que se adiou o programa de resid\u00eancias art\u00edsticas para o ano"},"aioseo_meta_data":{"post_id":"18985","title":null,"description":null,"keywords":null,"keyphrases":null,"primary_term":null,"canonical_url":null,"og_title":null,"og_description":null,"og_object_type":"default","og_image_type":"default","og_image_custom_url":null,"og_image_custom_fields":null,"og_image_url":null,"og_image_width":null,"og_image_height":null,"og_video":null,"og_custom_url":null,"og_article_section":null,"og_article_tags":null,"twitter_use_og":false,"twitter_card":"default","twitter_image_type":"default","twitter_image_custom_url":null,"twitter_image_custom_fields":null,"twitter_image_url":null,"twitter_title":null,"twitter_description":null,"schema_type":"default","schema_type_options":null,"schema":{"blockGraphs":[],"customGraphs":[],"default":{"data":{"Article":[],"Course":[],"Dataset":[],"FAQPage":[],"Movie":[],"Person":[],"Product":[],"ProductReview":[],"Car":[],"Recipe":[],"Service":[],"SoftwareApplication":[],"WebPage":[]},"graphName":"","isEnabled":true},"graphs":[]},"pillar_content":false,"robots_default":true,"robots_noindex":false,"robots_noarchive":false,"robots_nosnippet":false,"robots_nofollow":false,"robots_noimageindex":false,"robots_noodp":false,"robots_notranslate":false,"robots_max_snippet":null,"robots_max_videopreview":null,"robots_max_imagepreview":"large","priority":null,"frequency":null,"local_seo":null,"limit_modified_date":false,"ai":null,"breadcrumb_settings":null,"seo_analyzer_scan_date":null,"created":"2026-08-04 23:18:53","updated":"2026-08-04 23:18:53","focus_keyword":null,"additional_keywords":null,"truseo_locale":null},"aioseo_breadcrumb":"<div class=\"aioseo-breadcrumbs\"><span class=\"aioseo-breadcrumb\">\n\t\t\t<a href=\"https:\/\/www.binauralmedia.org\/news\" title=\"Home\">Home<\/a>\n\t\t<\/span><span class=\"aioseo-breadcrumb-separator\">&raquo;<\/span><span class=\"aioseo-breadcrumb\">\n\t\t\t<a href=\"https:\/\/www.binauralmedia.org\/news\/arquivo\/portfolio-items\" title=\"Portfolio\">Portfolio<\/a>\n\t\t<\/span><span class=\"aioseo-breadcrumb-separator\">&raquo;<\/span><span class=\"aioseo-breadcrumb\">\n\t\t\t<a href=\"https:\/\/www.binauralmedia.org\/news\/portfolio_category\/artistas\" title=\"Artistas\">Artistas<\/a>\n\t\t<\/span><span class=\"aioseo-breadcrumb-separator\">&raquo;<\/span><span class=\"aioseo-breadcrumb\">\n\t\t\t<a href=\"https:\/\/www.binauralmedia.org\/news\/portfolio_category\/2020\" title=\"2020\">2020<\/a>\n\t\t<\/span><span class=\"aioseo-breadcrumb-separator\">&raquo;<\/span><span class=\"aioseo-breadcrumb\">\n\t\t\tAna Rodr\u00edguez (2020)\n\t\t<\/span><\/div>","aioseo_breadcrumb_json":[{"label":"Home","link":"https:\/\/www.binauralmedia.org\/news"},{"label":"Portfolio","link":"https:\/\/www.binauralmedia.org\/news\/arquivo\/portfolio-items"},{"label":"Artistas","link":"https:\/\/www.binauralmedia.org\/news\/portfolio_category\/artistas"},{"label":"2020","link":"https:\/\/www.binauralmedia.org\/news\/portfolio_category\/2020"},{"label":"Ana Rodr\u00edguez (2020)","link":"https:\/\/www.binauralmedia.org\/news\/arquivo\/portfolio-items\/ana-rodriguez-2020"}],"_links":{"self":[{"href":"https:\/\/www.binauralmedia.org\/news\/wp-json\/wp\/v2\/avada_portfolio\/18985","targetHints":{"allow":["GET"]}}],"collection":[{"href":"https:\/\/www.binauralmedia.org\/news\/wp-json\/wp\/v2\/avada_portfolio"}],"about":[{"href":"https:\/\/www.binauralmedia.org\/news\/wp-json\/wp\/v2\/types\/avada_portfolio"}],"author":[{"embeddable":true,"href":"https:\/\/www.binauralmedia.org\/news\/wp-json\/wp\/v2\/users\/2"}],"replies":[{"embeddable":true,"href":"https:\/\/www.binauralmedia.org\/news\/wp-json\/wp\/v2\/comments?post=18985"}],"version-history":[{"count":3,"href":"https:\/\/www.binauralmedia.org\/news\/wp-json\/wp\/v2\/avada_portfolio\/18985\/revisions"}],"predecessor-version":[{"id":19135,"href":"https:\/\/www.binauralmedia.org\/news\/wp-json\/wp\/v2\/avada_portfolio\/18985\/revisions\/19135"}],"wp:featuredmedia":[{"embeddable":true,"href":"https:\/\/www.binauralmedia.org\/news\/wp-json\/wp\/v2\/media\/18986"}],"wp:attachment":[{"href":"https:\/\/www.binauralmedia.org\/news\/wp-json\/wp\/v2\/media?parent=18985"}],"wp:term":[{"taxonomy":"portfolio_category","embeddable":true,"href":"https:\/\/www.binauralmedia.org\/news\/wp-json\/wp\/v2\/portfolio_category?post=18985"},{"taxonomy":"portfolio_skills","embeddable":true,"href":"https:\/\/www.binauralmedia.org\/news\/wp-json\/wp\/v2\/portfolio_skills?post=18985"},{"taxonomy":"portfolio_tags","embeddable":true,"href":"https:\/\/www.binauralmedia.org\/news\/wp-json\/wp\/v2\/portfolio_tags?post=18985"}],"curies":[{"name":"wp","href":"https:\/\/api.w.org\/{rel}","templated":true}]}}