{"id":18983,"date":"2023-06-29T12:12:53","date_gmt":"2023-06-29T12:12:53","guid":{"rendered":"https:\/\/www.binauralmedia.org\/news?post_type=avada_portfolio&#038;p=18983"},"modified":"2023-07-06T07:53:14","modified_gmt":"2023-07-06T07:53:14","slug":"diana-policarpo-judith-sonnicken","status":"publish","type":"avada_portfolio","link":"https:\/\/www.binauralmedia.org\/news\/arquivo\/portfolio-items\/diana-policarpo-judith-sonnicken","title":{"rendered":"Diana Policarpo &#038; Judith S\u00f6nnicken"},"content":{"rendered":"<p><div class=\"fusion-fullwidth fullwidth-box fusion-builder-row-1 fusion-flex-container nonhundred-percent-fullwidth non-hundred-percent-height-scrolling\" style=\"--awb-border-radius-top-left:0px;--awb-border-radius-top-right:0px;--awb-border-radius-bottom-right:0px;--awb-border-radius-bottom-left:0px;--awb-flex-wrap:wrap;\" ><div class=\"fusion-builder-row fusion-row fusion-flex-align-items-flex-start fusion-flex-content-wrap\" style=\"max-width:1144px;margin-left: calc(-4% \/ 2 );margin-right: calc(-4% \/ 2 );\"><div class=\"fusion-layout-column fusion_builder_column fusion-builder-column-0 fusion_builder_column_1_1 1_1 fusion-flex-column\" style=\"--awb-bg-size:cover;--awb-width-large:100%;--awb-margin-top-large:0px;--awb-spacing-right-large:1.92%;--awb-margin-bottom-large:0px;--awb-spacing-left-large:1.92%;--awb-width-medium:100%;--awb-spacing-right-medium:1.92%;--awb-spacing-left-medium:1.92%;--awb-width-small:100%;--awb-spacing-right-small:1.92%;--awb-spacing-left-small:1.92%;\"><div class=\"fusion-column-wrapper fusion-flex-justify-content-flex-start fusion-content-layout-column\"><div class=\"fusion-text fusion-text-1\"><div>\n<div>\n<p><strong>Homo et Bestia<\/strong><\/p>\n<p>Judith S\u00f6nnicken e Diana Policarpo ir\u00e3o desenvolver um trabalho sonoro colaborativo com o objetivo de pontuar processos e atores envolvidos na geografia sonora da zona de S\u00e3o Jo\u00e3o da Serra. Partindo de pesquisas sonoras que incluem grava\u00e7\u00f5es da intera\u00e7\u00e3o das artistas com habitantes humanos e n\u00e3o humanos, as mesmas ir\u00e3o criar pontua\u00e7\u00f5es e nota\u00e7\u00f5es que documentaram e gerar\u00e3o o seu envolvimento na atividade local. Essas pontua\u00e7\u00f5es n\u00e3o apenas se tornar\u00e3o no arquivo do projeto, como tamb\u00e9m servir\u00e3o de base para a sua apresenta\u00e7\u00e3o ao vivo final. O arquivo a formar dar\u00e1 visibilidade e audibilidade \u00e0s transi\u00e7\u00f5es sociais e geogr\u00e1ficas dentro do ecossistema, desde as tradi\u00e7\u00f5es orais do passado aos tapetes sonoros compostos na atualidade.<\/p>\n<\/div>\n<div>\n<p>Judith So\u0308nnicken \u00e9 uma artista alem\u00e3 que trabalha naquilo que designa por \u201catletismo dimensional, plasticidade da mem\u00f3ria e imers\u00e3o primitiva.&#8221; O que constitui a corporeidade e como se comunica com o ambiente? Na sua obra site-specific \u201cImmersive 4D matrices\u201d S\u00f6nnicken colocou os visitantes dentro da arquitetura mental de locais geogr\u00e1ficos. A sua obra \u201cMagic Capes\u201d s\u00e3o c\u00edrculos t\u00eaxteis de empoderamento, rodeando \u201ceus\u201d, fazendo a interface entre o antigo simbolismo cosmol\u00f3gico e os materiais contempor\u00e2neos. Na sua \u00faltima pe\u00e7a, \u201cGoogle Gardening\u201d usou a Realidade Virtual para invadir ambientes privatizados em Silicon Valley. Em 2017, foi co-fundadora do Befriending Hyper Objects, uma intera\u00e7\u00e3o performativa com hiper objetos no espa\u00e7o digital e anal\u00f3gico.<\/p>\n<\/div>\n<div>\n<p>Diana Policarpo \u00e9 uma artista visual e compositora portuguesa, que vive e trabalha entre Londres (Reino Unido) e Lisboa (Portugal). \u00c9 formada pela Goldsmiths College com um mestrado em Belas Artes, 2013. Com o seu trabalho, investiga rela\u00e7\u00f5es de poder, cultura popular e pol\u00edticas de g\u00e9nero, justa pondo a estrutura r\u00edtmica sonora como material t\u00e1til dentro da constru\u00e7\u00e3o social da ideologia esot\u00e9rica. Adicionalmente ao seu trabalho a solo, a artista colabora regularmente com a Orquestra Scratch, H\u00e1karl, \u00c1ine O\u2019Dwyer, AAS, Cabiria, Erinyese a Orquestra Intonadores Ru\u00eddos Futuristas. Diana Policarpo foi recentemente anunciada como a vencedora do Pr\u00e9mio EDP Novos Artistas 2019.<\/p>\n<\/div>\n<\/div>\n<\/div><\/div><\/div><\/div><\/div><div class=\"fusion-fullwidth fullwidth-box fusion-builder-row-2 fusion-flex-container has-pattern-background has-mask-background nonhundred-percent-fullwidth non-hundred-percent-height-scrolling\" style=\"--awb-border-radius-top-left:0px;--awb-border-radius-top-right:0px;--awb-border-radius-bottom-right:0px;--awb-border-radius-bottom-left:0px;--awb-flex-wrap:wrap;\" ><div class=\"fusion-builder-row fusion-row fusion-flex-align-items-flex-start fusion-flex-content-wrap\" style=\"max-width:1144px;margin-left: calc(-4% \/ 2 );margin-right: calc(-4% \/ 2 );\"><div class=\"fusion-layout-column fusion_builder_column fusion-builder-column-1 fusion_builder_column_1_1 1_1 fusion-flex-column\" style=\"--awb-bg-size:cover;--awb-width-large:100%;--awb-margin-top-large:0px;--awb-spacing-right-large:1.92%;--awb-margin-bottom-large:20px;--awb-spacing-left-large:1.92%;--awb-width-medium:100%;--awb-order-medium:0;--awb-spacing-right-medium:1.92%;--awb-spacing-left-medium:1.92%;--awb-width-small:100%;--awb-order-small:0;--awb-spacing-right-small:1.92%;--awb-spacing-left-small:1.92%;\"><div class=\"fusion-column-wrapper fusion-column-has-shadow fusion-flex-justify-content-flex-start fusion-content-layout-column\"><div class=\"fusion-text fusion-text-2\"><p><strong>OBRAS ART\u00cdSTICAS<\/strong><\/p>\n<\/div><div class=\"fusion-video fusion-vimeo\" style=\"--awb-max-width:600px;--awb-max-height:360px;--awb-align-self:center;--awb-width:100%;\"><div class=\"video-shortcode\"><div class=\"fluid-width-video-wrapper\" style=\"padding-top:60%;\" ><iframe title=\"Vimeo video player 1\" src=\"https:\/\/player.vimeo.com\/video\/830518269?autoplay=0&amp;autopause=0\" width=\"600\" height=\"360\" allowfullscreen allow=\"autoplay; fullscreen\"><\/iframe><\/div><\/div><\/div><div class=\"fusion-separator fusion-full-width-sep\" style=\"align-self: center;margin-left: auto;margin-right: auto;margin-top:50px;margin-bottom:50px;width:100%;\"><div class=\"fusion-separator-border sep-double\" style=\"--awb-height:20px;--awb-amount:20px;border-color:#e0dede;border-top-width:1px;border-bottom-width:1px;\"><\/div><\/div><div class=\"fusion-video fusion-vimeo\" style=\"--awb-max-width:600px;--awb-max-height:360px;--awb-align-self:center;--awb-width:100%;\"><div class=\"video-shortcode\"><div class=\"fluid-width-video-wrapper\" style=\"padding-top:60%;\" ><iframe title=\"Vimeo video player 2\" src=\"https:\/\/player.vimeo.com\/video\/842530040?autoplay=0&amp;autopause=0\" width=\"600\" height=\"360\" allowfullscreen allow=\"autoplay; fullscreen\"><\/iframe><\/div><\/div><\/div><\/div><\/div><\/div><\/div><\/p>\n","protected":false},"excerpt":{"rendered":"","protected":false},"author":2,"featured_media":18981,"menu_order":0,"comment_status":"closed","ping_status":"closed","template":"","format":"standard","meta":{"_acf_changed":false,"_bbp_topic_count":0,"_bbp_reply_count":0,"_bbp_total_topic_count":0,"_bbp_total_reply_count":0,"_bbp_voice_count":0,"_bbp_anonymous_reply_count":0,"_bbp_topic_count_hidden":0,"_bbp_reply_count_hidden":0,"_bbp_forum_subforum_count":0,"footnotes":""},"portfolio_category":[1245,1229],"portfolio_skills":[],"portfolio_tags":[],"class_list":["post-18983","avada_portfolio","type-avada_portfolio","status-publish","format-standard","has-post-thumbnail","hentry","portfolio_category-1245","portfolio_category-artistas"],"acf":[],"aioseo_notices":[],"aioseo_head":"\n\t\t<!-- All in One SEO 5.0.1.1 - aioseo.com -->\n\t<meta name=\"description\" content=\"Homo et Bestia Judith S\u00f6nnicken e Diana Policarpo ir\u00e3o desenvolver um trabalho sonoro colaborativo com o objetivo de pontuar processos e atores envolvidos na geografia sonora da zona de S\u00e3o Jo\u00e3o da Serra. Partindo de pesquisas sonoras que incluem grava\u00e7\u00f5es da intera\u00e7\u00e3o das artistas com habitantes humanos e n\u00e3o humanos, as mesmas ir\u00e3o criar pontua\u00e7\u00f5es\" \/>\n\t<meta name=\"robots\" content=\"max-image-preview:large\" \/>\n\t<meta name=\"author\" content=\"luiscosta\"\/>\n\t<link rel=\"canonical\" href=\"https:\/\/www.binauralmedia.org\/news\/arquivo\/portfolio-items\/diana-policarpo-judith-sonnicken\" \/>\n\t<meta name=\"generator\" content=\"All in One SEO (AIOSEO) 5.0.1.1\" \/>\n\t\t<meta property=\"og:locale\" content=\"pt_PT\" \/>\n\t\t<meta property=\"og:site_name\" content=\"binauralmedia.org - Rural Based Sound\/Media Arts &amp; Social Research\" \/>\n\t\t<meta property=\"og:type\" content=\"article\" \/>\n\t\t<meta property=\"og:title\" content=\"Diana Policarpo &amp; Judith S\u00f6nnicken - binauralmedia.org\" \/>\n\t\t<meta property=\"og:description\" content=\"Homo et Bestia Judith S\u00f6nnicken e Diana Policarpo ir\u00e3o desenvolver um trabalho sonoro colaborativo com o objetivo de pontuar processos e atores envolvidos na geografia sonora da zona de S\u00e3o Jo\u00e3o da Serra. Partindo de pesquisas sonoras que incluem grava\u00e7\u00f5es da intera\u00e7\u00e3o das artistas com habitantes humanos e n\u00e3o humanos, as mesmas ir\u00e3o criar pontua\u00e7\u00f5es\" \/>\n\t\t<meta property=\"og:url\" content=\"https:\/\/www.binauralmedia.org\/news\/arquivo\/portfolio-items\/diana-policarpo-judith-sonnicken\" \/>\n\t\t<meta property=\"article:published_time\" content=\"2023-06-29T12:12:53+00:00\" \/>\n\t\t<meta property=\"article:modified_time\" content=\"2023-07-06T07:53:14+00:00\" \/>\n\t\t<meta name=\"twitter:card\" content=\"summary_large_image\" \/>\n\t\t<meta name=\"twitter:title\" content=\"Diana Policarpo &amp; Judith S\u00f6nnicken - binauralmedia.org\" \/>\n\t\t<meta name=\"twitter:description\" content=\"Homo et Bestia Judith S\u00f6nnicken e Diana Policarpo ir\u00e3o desenvolver um trabalho sonoro colaborativo com o objetivo de pontuar processos e atores envolvidos na geografia sonora da zona de S\u00e3o Jo\u00e3o da Serra. Partindo de pesquisas sonoras que incluem grava\u00e7\u00f5es da intera\u00e7\u00e3o das artistas com habitantes humanos e n\u00e3o humanos, as mesmas ir\u00e3o criar pontua\u00e7\u00f5es\" \/>\n\t\t<script type=\"application\/ld+json\" class=\"aioseo-schema\">\n\t\t\t{\"@context\":\"https:\\\/\\\/schema.org\",\"@graph\":[{\"@type\":\"BreadcrumbList\",\"@id\":\"https:\\\/\\\/www.binauralmedia.org\\\/news\\\/arquivo\\\/portfolio-items\\\/diana-policarpo-judith-sonnicken#breadcrumblist\",\"itemListElement\":[{\"@type\":\"ListItem\",\"@id\":\"https:\\\/\\\/www.binauralmedia.org\\\/news#listItem\",\"position\":1,\"name\":\"Home\",\"item\":\"https:\\\/\\\/www.binauralmedia.org\\\/news\",\"nextItem\":{\"@type\":\"ListItem\",\"@id\":\"https:\\\/\\\/www.binauralmedia.org\\\/news\\\/arquivo\\\/portfolio-items#listItem\",\"name\":\"Portfolio\"}},{\"@type\":\"ListItem\",\"@id\":\"https:\\\/\\\/www.binauralmedia.org\\\/news\\\/arquivo\\\/portfolio-items#listItem\",\"position\":2,\"name\":\"Portfolio\",\"item\":\"https:\\\/\\\/www.binauralmedia.org\\\/news\\\/arquivo\\\/portfolio-items\",\"nextItem\":{\"@type\":\"ListItem\",\"@id\":\"https:\\\/\\\/www.binauralmedia.org\\\/news\\\/portfolio_category\\\/artistas#listItem\",\"name\":\"Artistas\"},\"previousItem\":{\"@type\":\"ListItem\",\"@id\":\"https:\\\/\\\/www.binauralmedia.org\\\/news#listItem\",\"name\":\"Home\"}},{\"@type\":\"ListItem\",\"@id\":\"https:\\\/\\\/www.binauralmedia.org\\\/news\\\/portfolio_category\\\/artistas#listItem\",\"position\":3,\"name\":\"Artistas\",\"item\":\"https:\\\/\\\/www.binauralmedia.org\\\/news\\\/portfolio_category\\\/artistas\",\"nextItem\":{\"@type\":\"ListItem\",\"@id\":\"https:\\\/\\\/www.binauralmedia.org\\\/news\\\/portfolio_category\\\/2019#listItem\",\"name\":\"2019\"},\"previousItem\":{\"@type\":\"ListItem\",\"@id\":\"https:\\\/\\\/www.binauralmedia.org\\\/news\\\/arquivo\\\/portfolio-items#listItem\",\"name\":\"Portfolio\"}},{\"@type\":\"ListItem\",\"@id\":\"https:\\\/\\\/www.binauralmedia.org\\\/news\\\/portfolio_category\\\/2019#listItem\",\"position\":4,\"name\":\"2019\",\"item\":\"https:\\\/\\\/www.binauralmedia.org\\\/news\\\/portfolio_category\\\/2019\",\"nextItem\":{\"@type\":\"ListItem\",\"@id\":\"https:\\\/\\\/www.binauralmedia.org\\\/news\\\/arquivo\\\/portfolio-items\\\/diana-policarpo-judith-sonnicken#listItem\",\"name\":\"Diana Policarpo &#038; Judith S\\u00f6nnicken\"},\"previousItem\":{\"@type\":\"ListItem\",\"@id\":\"https:\\\/\\\/www.binauralmedia.org\\\/news\\\/portfolio_category\\\/artistas#listItem\",\"name\":\"Artistas\"}},{\"@type\":\"ListItem\",\"@id\":\"https:\\\/\\\/www.binauralmedia.org\\\/news\\\/arquivo\\\/portfolio-items\\\/diana-policarpo-judith-sonnicken#listItem\",\"position\":5,\"name\":\"Diana Policarpo &#038; Judith S\\u00f6nnicken\",\"previousItem\":{\"@type\":\"ListItem\",\"@id\":\"https:\\\/\\\/www.binauralmedia.org\\\/news\\\/portfolio_category\\\/2019#listItem\",\"name\":\"2019\"}}]},{\"@type\":\"Organization\",\"@id\":\"https:\\\/\\\/www.binauralmedia.org\\\/news\\\/#organization\",\"name\":\"binauralmedia.org\",\"description\":\"Rural Based Sound\\\/Media Arts & Social Research\",\"url\":\"https:\\\/\\\/www.binauralmedia.org\\\/news\\\/\"},{\"@type\":\"Person\",\"@id\":\"https:\\\/\\\/www.binauralmedia.org\\\/news\\\/arquivo\\\/author\\\/luiscosta#author\",\"url\":\"https:\\\/\\\/www.binauralmedia.org\\\/news\\\/arquivo\\\/author\\\/luiscosta\",\"name\":\"luiscosta\"},{\"@type\":\"WebPage\",\"@id\":\"https:\\\/\\\/www.binauralmedia.org\\\/news\\\/arquivo\\\/portfolio-items\\\/diana-policarpo-judith-sonnicken#webpage\",\"url\":\"https:\\\/\\\/www.binauralmedia.org\\\/news\\\/arquivo\\\/portfolio-items\\\/diana-policarpo-judith-sonnicken\",\"name\":\"Diana Policarpo & Judith S\\u00f6nnicken - binauralmedia.org\",\"description\":\"Homo et Bestia Judith S\\u00f6nnicken e Diana Policarpo ir\\u00e3o desenvolver um trabalho sonoro colaborativo com o objetivo de pontuar processos e atores envolvidos na geografia sonora da zona de S\\u00e3o Jo\\u00e3o da Serra. Partindo de pesquisas sonoras que incluem grava\\u00e7\\u00f5es da intera\\u00e7\\u00e3o das artistas com habitantes humanos e n\\u00e3o humanos, as mesmas ir\\u00e3o criar pontua\\u00e7\\u00f5es\",\"inLanguage\":\"pt-PT\",\"isPartOf\":{\"@id\":\"https:\\\/\\\/www.binauralmedia.org\\\/news\\\/#website\"},\"breadcrumb\":{\"@id\":\"https:\\\/\\\/www.binauralmedia.org\\\/news\\\/arquivo\\\/portfolio-items\\\/diana-policarpo-judith-sonnicken#breadcrumblist\"},\"author\":{\"@id\":\"https:\\\/\\\/www.binauralmedia.org\\\/news\\\/arquivo\\\/author\\\/luiscosta#author\"},\"creator\":{\"@id\":\"https:\\\/\\\/www.binauralmedia.org\\\/news\\\/arquivo\\\/author\\\/luiscosta#author\"},\"image\":{\"@type\":\"ImageObject\",\"url\":\"https:\\\/\\\/www.binauralmedia.org\\\/news\\\/wp-content\\\/uploads\\\/2019-07-Diana-Policarpo-e-Judith-Sonnicken.png\",\"@id\":\"https:\\\/\\\/www.binauralmedia.org\\\/news\\\/arquivo\\\/portfolio-items\\\/diana-policarpo-judith-sonnicken\\\/#mainImage\",\"width\":1200,\"height\":800},\"primaryImageOfPage\":{\"@id\":\"https:\\\/\\\/www.binauralmedia.org\\\/news\\\/arquivo\\\/portfolio-items\\\/diana-policarpo-judith-sonnicken#mainImage\"},\"datePublished\":\"2023-06-29T12:12:53+00:00\",\"dateModified\":\"2023-07-06T07:53:14+00:00\"},{\"@type\":\"WebSite\",\"@id\":\"https:\\\/\\\/www.binauralmedia.org\\\/news\\\/#website\",\"url\":\"https:\\\/\\\/www.binauralmedia.org\\\/news\\\/\",\"name\":\"binauralmedia.org\",\"description\":\"Rural Based Sound\\\/Media Arts & Social Research\",\"inLanguage\":\"pt-PT\",\"publisher\":{\"@id\":\"https:\\\/\\\/www.binauralmedia.org\\\/news\\\/#organization\"}}]}\n\t\t<\/script>\n\t\t<!-- All in One SEO -->\n\n","aioseo_head_json":{"title":"Diana Policarpo & Judith S\u00f6nnicken - binauralmedia.org","description":"Homo et Bestia Judith S\u00f6nnicken e Diana Policarpo ir\u00e3o desenvolver um trabalho sonoro colaborativo com o objetivo de pontuar processos e atores envolvidos na geografia sonora da zona de S\u00e3o Jo\u00e3o da Serra. Partindo de pesquisas sonoras que incluem grava\u00e7\u00f5es da intera\u00e7\u00e3o das artistas com habitantes humanos e n\u00e3o humanos, as mesmas ir\u00e3o criar pontua\u00e7\u00f5es","canonical_url":"https:\/\/www.binauralmedia.org\/news\/arquivo\/portfolio-items\/diana-policarpo-judith-sonnicken","robots":"max-image-preview:large","keywords":"","webmasterTools":{"miscellaneous":""},"schema":{"@context":"https:\/\/schema.org","@graph":[{"@type":"BreadcrumbList","@id":"https:\/\/www.binauralmedia.org\/news\/arquivo\/portfolio-items\/diana-policarpo-judith-sonnicken#breadcrumblist","itemListElement":[{"@type":"ListItem","@id":"https:\/\/www.binauralmedia.org\/news#listItem","position":1,"name":"Home","item":"https:\/\/www.binauralmedia.org\/news","nextItem":{"@type":"ListItem","@id":"https:\/\/www.binauralmedia.org\/news\/arquivo\/portfolio-items#listItem","name":"Portfolio"}},{"@type":"ListItem","@id":"https:\/\/www.binauralmedia.org\/news\/arquivo\/portfolio-items#listItem","position":2,"name":"Portfolio","item":"https:\/\/www.binauralmedia.org\/news\/arquivo\/portfolio-items","nextItem":{"@type":"ListItem","@id":"https:\/\/www.binauralmedia.org\/news\/portfolio_category\/artistas#listItem","name":"Artistas"},"previousItem":{"@type":"ListItem","@id":"https:\/\/www.binauralmedia.org\/news#listItem","name":"Home"}},{"@type":"ListItem","@id":"https:\/\/www.binauralmedia.org\/news\/portfolio_category\/artistas#listItem","position":3,"name":"Artistas","item":"https:\/\/www.binauralmedia.org\/news\/portfolio_category\/artistas","nextItem":{"@type":"ListItem","@id":"https:\/\/www.binauralmedia.org\/news\/portfolio_category\/2019#listItem","name":"2019"},"previousItem":{"@type":"ListItem","@id":"https:\/\/www.binauralmedia.org\/news\/arquivo\/portfolio-items#listItem","name":"Portfolio"}},{"@type":"ListItem","@id":"https:\/\/www.binauralmedia.org\/news\/portfolio_category\/2019#listItem","position":4,"name":"2019","item":"https:\/\/www.binauralmedia.org\/news\/portfolio_category\/2019","nextItem":{"@type":"ListItem","@id":"https:\/\/www.binauralmedia.org\/news\/arquivo\/portfolio-items\/diana-policarpo-judith-sonnicken#listItem","name":"Diana Policarpo &#038; Judith S\u00f6nnicken"},"previousItem":{"@type":"ListItem","@id":"https:\/\/www.binauralmedia.org\/news\/portfolio_category\/artistas#listItem","name":"Artistas"}},{"@type":"ListItem","@id":"https:\/\/www.binauralmedia.org\/news\/arquivo\/portfolio-items\/diana-policarpo-judith-sonnicken#listItem","position":5,"name":"Diana Policarpo &#038; Judith S\u00f6nnicken","previousItem":{"@type":"ListItem","@id":"https:\/\/www.binauralmedia.org\/news\/portfolio_category\/2019#listItem","name":"2019"}}]},{"@type":"Organization","@id":"https:\/\/www.binauralmedia.org\/news\/#organization","name":"binauralmedia.org","description":"Rural Based Sound\/Media Arts & Social Research","url":"https:\/\/www.binauralmedia.org\/news\/"},{"@type":"Person","@id":"https:\/\/www.binauralmedia.org\/news\/arquivo\/author\/luiscosta#author","url":"https:\/\/www.binauralmedia.org\/news\/arquivo\/author\/luiscosta","name":"luiscosta"},{"@type":"WebPage","@id":"https:\/\/www.binauralmedia.org\/news\/arquivo\/portfolio-items\/diana-policarpo-judith-sonnicken#webpage","url":"https:\/\/www.binauralmedia.org\/news\/arquivo\/portfolio-items\/diana-policarpo-judith-sonnicken","name":"Diana Policarpo & Judith S\u00f6nnicken - binauralmedia.org","description":"Homo et Bestia Judith S\u00f6nnicken e Diana Policarpo ir\u00e3o desenvolver um trabalho sonoro colaborativo com o objetivo de pontuar processos e atores envolvidos na geografia sonora da zona de S\u00e3o Jo\u00e3o da Serra. Partindo de pesquisas sonoras que incluem grava\u00e7\u00f5es da intera\u00e7\u00e3o das artistas com habitantes humanos e n\u00e3o humanos, as mesmas ir\u00e3o criar pontua\u00e7\u00f5es","inLanguage":"pt-PT","isPartOf":{"@id":"https:\/\/www.binauralmedia.org\/news\/#website"},"breadcrumb":{"@id":"https:\/\/www.binauralmedia.org\/news\/arquivo\/portfolio-items\/diana-policarpo-judith-sonnicken#breadcrumblist"},"author":{"@id":"https:\/\/www.binauralmedia.org\/news\/arquivo\/author\/luiscosta#author"},"creator":{"@id":"https:\/\/www.binauralmedia.org\/news\/arquivo\/author\/luiscosta#author"},"image":{"@type":"ImageObject","url":"https:\/\/www.binauralmedia.org\/news\/wp-content\/uploads\/2019-07-Diana-Policarpo-e-Judith-Sonnicken.png","@id":"https:\/\/www.binauralmedia.org\/news\/arquivo\/portfolio-items\/diana-policarpo-judith-sonnicken\/#mainImage","width":1200,"height":800},"primaryImageOfPage":{"@id":"https:\/\/www.binauralmedia.org\/news\/arquivo\/portfolio-items\/diana-policarpo-judith-sonnicken#mainImage"},"datePublished":"2023-06-29T12:12:53+00:00","dateModified":"2023-07-06T07:53:14+00:00"},{"@type":"WebSite","@id":"https:\/\/www.binauralmedia.org\/news\/#website","url":"https:\/\/www.binauralmedia.org\/news\/","name":"binauralmedia.org","description":"Rural Based Sound\/Media Arts & Social Research","inLanguage":"pt-PT","publisher":{"@id":"https:\/\/www.binauralmedia.org\/news\/#organization"}}]},"og:locale":"pt_PT","og:site_name":"binauralmedia.org - Rural Based Sound\/Media Arts &amp; Social Research","og:type":"article","og:title":"Diana Policarpo &amp; Judith S\u00f6nnicken - binauralmedia.org","og:description":"Homo et Bestia Judith S\u00f6nnicken e Diana Policarpo ir\u00e3o desenvolver um trabalho sonoro colaborativo com o objetivo de pontuar processos e atores envolvidos na geografia sonora da zona de S\u00e3o Jo\u00e3o da Serra. Partindo de pesquisas sonoras que incluem grava\u00e7\u00f5es da intera\u00e7\u00e3o das artistas com habitantes humanos e n\u00e3o humanos, as mesmas ir\u00e3o criar pontua\u00e7\u00f5es","og:url":"https:\/\/www.binauralmedia.org\/news\/arquivo\/portfolio-items\/diana-policarpo-judith-sonnicken","article:published_time":"2023-06-29T12:12:53+00:00","article:modified_time":"2023-07-06T07:53:14+00:00","twitter:card":"summary_large_image","twitter:title":"Diana Policarpo &amp; Judith S\u00f6nnicken - binauralmedia.org","twitter:description":"Homo et Bestia Judith S\u00f6nnicken e Diana Policarpo ir\u00e3o desenvolver um trabalho sonoro colaborativo com o objetivo de pontuar processos e atores envolvidos na geografia sonora da zona de S\u00e3o Jo\u00e3o da Serra. Partindo de pesquisas sonoras que incluem grava\u00e7\u00f5es da intera\u00e7\u00e3o das artistas com habitantes humanos e n\u00e3o humanos, as mesmas ir\u00e3o criar pontua\u00e7\u00f5es"},"aioseo_meta_data":{"post_id":"18983","title":null,"description":null,"keywords":null,"keyphrases":null,"primary_term":null,"canonical_url":null,"og_title":null,"og_description":null,"og_object_type":"default","og_image_type":"default","og_image_custom_url":null,"og_image_custom_fields":null,"og_image_url":null,"og_image_width":null,"og_image_height":null,"og_video":null,"og_custom_url":null,"og_article_section":null,"og_article_tags":null,"twitter_use_og":false,"twitter_card":"default","twitter_image_type":"default","twitter_image_custom_url":null,"twitter_image_custom_fields":null,"twitter_image_url":null,"twitter_title":null,"twitter_description":null,"schema_type":"default","schema_type_options":null,"schema":{"blockGraphs":[],"customGraphs":[],"default":{"data":{"Article":[],"Course":[],"Dataset":[],"FAQPage":[],"Movie":[],"Person":[],"Product":[],"ProductReview":[],"Car":[],"Recipe":[],"Service":[],"SoftwareApplication":[],"WebPage":[]},"graphName":"","isEnabled":true},"graphs":[]},"pillar_content":false,"robots_default":true,"robots_noindex":false,"robots_noarchive":false,"robots_nosnippet":false,"robots_nofollow":false,"robots_noimageindex":false,"robots_noodp":false,"robots_notranslate":false,"robots_max_snippet":null,"robots_max_videopreview":null,"robots_max_imagepreview":"large","priority":null,"frequency":null,"local_seo":null,"limit_modified_date":false,"ai":null,"breadcrumb_settings":null,"seo_analyzer_scan_date":null,"created":"2026-08-04 23:18:53","updated":"2026-08-04 23:18:53","focus_keyword":null,"additional_keywords":null,"truseo_locale":null},"aioseo_breadcrumb":"<div class=\"aioseo-breadcrumbs\"><span class=\"aioseo-breadcrumb\">\n\t\t\t<a href=\"https:\/\/www.binauralmedia.org\/news\" title=\"Home\">Home<\/a>\n\t\t<\/span><span class=\"aioseo-breadcrumb-separator\">&raquo;<\/span><span class=\"aioseo-breadcrumb\">\n\t\t\t<a href=\"https:\/\/www.binauralmedia.org\/news\/arquivo\/portfolio-items\" title=\"Portfolio\">Portfolio<\/a>\n\t\t<\/span><span class=\"aioseo-breadcrumb-separator\">&raquo;<\/span><span class=\"aioseo-breadcrumb\">\n\t\t\t<a href=\"https:\/\/www.binauralmedia.org\/news\/portfolio_category\/artistas\" title=\"Artistas\">Artistas<\/a>\n\t\t<\/span><span class=\"aioseo-breadcrumb-separator\">&raquo;<\/span><span class=\"aioseo-breadcrumb\">\n\t\t\t<a href=\"https:\/\/www.binauralmedia.org\/news\/portfolio_category\/2019\" title=\"2019\">2019<\/a>\n\t\t<\/span><span class=\"aioseo-breadcrumb-separator\">&raquo;<\/span><span class=\"aioseo-breadcrumb\">\n\t\t\tDiana Policarpo &amp; Judith S\u00f6nnicken\n\t\t<\/span><\/div>","aioseo_breadcrumb_json":[{"label":"Home","link":"https:\/\/www.binauralmedia.org\/news"},{"label":"Portfolio","link":"https:\/\/www.binauralmedia.org\/news\/arquivo\/portfolio-items"},{"label":"Artistas","link":"https:\/\/www.binauralmedia.org\/news\/portfolio_category\/artistas"},{"label":"2019","link":"https:\/\/www.binauralmedia.org\/news\/portfolio_category\/2019"},{"label":"Diana Policarpo &#038; Judith S\u00f6nnicken","link":"https:\/\/www.binauralmedia.org\/news\/arquivo\/portfolio-items\/diana-policarpo-judith-sonnicken"}],"_links":{"self":[{"href":"https:\/\/www.binauralmedia.org\/news\/wp-json\/wp\/v2\/avada_portfolio\/18983","targetHints":{"allow":["GET"]}}],"collection":[{"href":"https:\/\/www.binauralmedia.org\/news\/wp-json\/wp\/v2\/avada_portfolio"}],"about":[{"href":"https:\/\/www.binauralmedia.org\/news\/wp-json\/wp\/v2\/types\/avada_portfolio"}],"author":[{"embeddable":true,"href":"https:\/\/www.binauralmedia.org\/news\/wp-json\/wp\/v2\/users\/2"}],"replies":[{"embeddable":true,"href":"https:\/\/www.binauralmedia.org\/news\/wp-json\/wp\/v2\/comments?post=18983"}],"version-history":[{"count":3,"href":"https:\/\/www.binauralmedia.org\/news\/wp-json\/wp\/v2\/avada_portfolio\/18983\/revisions"}],"predecessor-version":[{"id":19509,"href":"https:\/\/www.binauralmedia.org\/news\/wp-json\/wp\/v2\/avada_portfolio\/18983\/revisions\/19509"}],"wp:featuredmedia":[{"embeddable":true,"href":"https:\/\/www.binauralmedia.org\/news\/wp-json\/wp\/v2\/media\/18981"}],"wp:attachment":[{"href":"https:\/\/www.binauralmedia.org\/news\/wp-json\/wp\/v2\/media?parent=18983"}],"wp:term":[{"taxonomy":"portfolio_category","embeddable":true,"href":"https:\/\/www.binauralmedia.org\/news\/wp-json\/wp\/v2\/portfolio_category?post=18983"},{"taxonomy":"portfolio_skills","embeddable":true,"href":"https:\/\/www.binauralmedia.org\/news\/wp-json\/wp\/v2\/portfolio_skills?post=18983"},{"taxonomy":"portfolio_tags","embeddable":true,"href":"https:\/\/www.binauralmedia.org\/news\/wp-json\/wp\/v2\/portfolio_tags?post=18983"}],"curies":[{"name":"wp","href":"https:\/\/api.w.org\/{rel}","templated":true}]}}