{"id":18953,"date":"2023-06-29T11:22:20","date_gmt":"2023-06-29T11:22:20","guid":{"rendered":"https:\/\/www.binauralmedia.org\/news?post_type=avada_portfolio&#038;p=18953"},"modified":"2023-07-15T18:34:54","modified_gmt":"2023-07-15T18:34:54","slug":"marina-oural-chefa-alonso-irene-coto-monica-cofino","status":"publish","type":"avada_portfolio","link":"https:\/\/www.binauralmedia.org\/news\/arquivo\/portfolio-items\/marina-oural-chefa-alonso-irene-coto-monica-cofino","title":{"rendered":"Marina Oural, Chefa Alonso, Irene Coto &#038; M\u00f3nica Cofi\u00f1o"},"content":{"rendered":"<p><div class=\"fusion-fullwidth fullwidth-box fusion-builder-row-1 fusion-flex-container nonhundred-percent-fullwidth non-hundred-percent-height-scrolling\" style=\"--awb-border-radius-top-left:0px;--awb-border-radius-top-right:0px;--awb-border-radius-bottom-right:0px;--awb-border-radius-bottom-left:0px;--awb-flex-wrap:wrap;\" ><div class=\"fusion-builder-row fusion-row fusion-flex-align-items-flex-start fusion-flex-content-wrap\" style=\"max-width:1144px;margin-left: calc(-4% \/ 2 );margin-right: calc(-4% \/ 2 );\"><div class=\"fusion-layout-column fusion_builder_column fusion-builder-column-0 fusion_builder_column_1_1 1_1 fusion-flex-column\" style=\"--awb-bg-size:cover;--awb-width-large:100%;--awb-margin-top-large:0px;--awb-spacing-right-large:1.92%;--awb-margin-bottom-large:0px;--awb-spacing-left-large:1.92%;--awb-width-medium:100%;--awb-spacing-right-medium:1.92%;--awb-spacing-left-medium:1.92%;--awb-width-small:100%;--awb-spacing-right-small:1.92%;--awb-spacing-left-small:1.92%;\"><div class=\"fusion-column-wrapper fusion-flex-justify-content-flex-start fusion-content-layout-column\"><div class=\"fusion-text fusion-text-1\"><div>\n<div>\n<p><strong>Juana_Inspiraci\u00f3nsTrio<\/strong><\/p>\n<p>Uma semente em movimento da Gal\u00edcia para o Uruguai come\u00e7a sua jornada com a grande poetisa uruguaia Juana de Ibarbourou &#8216;Juana de Am\u00e9rica&#8217;, um elo entre duas terras e um pretexto para uma cria\u00e7\u00e3o c\u00eanica que integra v\u00e1rias disciplinas art\u00edsticas: poesia, dan\u00e7a, m\u00fasica e ensino para o servi\u00e7o de teatro. A escritora norte-americana d\u00e1 nome \u00e0 biblioteca de Lourenz\u00e1 (Lugo) desde 1962. O seu pai, natural desta cidade, posteriormente migra para o Uruguai em meados do s\u00e9culo XIX. A artista nasceu na cidade de Melo, no final do mesmo s\u00e9culo, sendo que aos 18 mudou-se para Montevid\u00e9u onde residiu at\u00e9 o momento da sua morte. Possivelmente ser\u00e3o os organismos da \u00e9poca, aqueles que facilitam que preservemos uma carta sonora da poeta com a sua voz e ecoando o momento da sua nomea\u00e7\u00e3o.<\/p>\n<\/div>\n<div>\n<p>O \u00e1udio apresentado, que a pr\u00f3pria poetisa enviou \u00e0s autoridades da \u00e9poca, \u00e9 a semente inspiradora da obra &#8216;JUANA&#8217;, na qual os famosos poemas de tr\u00eas mulheres de diferentes s\u00e9culos, se interligam com a m\u00fasica e a dan\u00e7a. Textos de Juana de Ibarbourou (1892-1979,Uruguai), Rosal\u00eda de Castro (1837-1885, Galiza) e Marina Oural Villapol (1968, Lourenz\u00e1-Galiza). Todas tutoras de um trabalho c\u00e9nico multidisciplinar: corpo, voz e m\u00fasica que servem o texto e vice-versa.<\/p>\n<\/div>\n<div>\n<p>Em cena verificam-se tamb\u00e9m muitas artistas femininas de diferentes gera\u00e7\u00f5es, a partilhar a sua cria\u00e7\u00e3o multidisciplinar com o homem, ao mesmo tempo que aprofundam a sua aprendizagem da arte c\u00eanica como ferramenta universal e necess\u00e1ria de relacionamento e comunica\u00e7\u00e3o.<\/p>\n<\/div>\n<div>\n<p>Existem locais e mundos distintos que assumem a improvisa\u00e7\u00e3o livre como o alcan\u00e7ar da mestria na sua cria\u00e7\u00e3o, o ponto onde partilham pela primeira vez a sua primeira composi\u00e7\u00e3o. Foram, assim na pr\u00e1tica, valores construtivos na oralidade, na musicalidade e no movimento da palavra sentida e escrita para o cultivo da terra e do c\u00e9u, numa obra internacional da aldeia, dedicada \u00e0 aldeia e ao feiti\u00e7o galego.<\/p>\n<\/div>\n<div>\n<p>Esta edi\u00e7\u00e3o da Performance \u2018Juana_Inspiraci\u00f3ns Tr\u00edo\u2019, pela primeira vez em territ\u00f3rio portugu\u00eas, decorreu durante o Festival Ocupai 2018, entre os dias 23 e 24 de Junho, na praia fluvial de Destriz (Uni\u00e3o de Freguesias de Destriz e Reigoso, Munic\u00edpio de Oliveira de Frades).<\/p>\n<\/div>\n<div>\n<p>Marina Oural (Galiza-Lourenz\u00e1, 1968) Produtora, docente, poeta-performer, e artista autodidata desde os 15 anos entra na consci\u00eancia do movimento atrav\u00e9s da CI_Contact Improvisation na It\u00e1lia, Madrid e Barcelona. Mergulha na performance colaborando com empresas como a Central Folque, poetas como Estibaliz Espinosa e cantores-compositores como Ugia Pedreira. Atualmente dirige projetos de Poesia e Movimento, bem como contextos de Arte e Diversidade Funcional.<\/p>\n<\/div>\n<div>\n<p>Irene \u00c1lvarez (Asturias-C\u00e1diz) Bailarina, core\u00f3grafa e diretora do Ast\u00farias Contact Festival, interessada pela dan\u00e7a e pela transforma\u00e7\u00e3o do vento em arte. IRENE COTO_DANCE; FESTIVAL DE CONTATO ASTURIAS;<\/p>\n<\/div>\n<div>\n<p>M\u00f3nica Cofi\u00f1o (Asturias) Licenciada em turismo, Cofin\u00f5 \u00e9 bailarina, performer e produtora c\u00eanica, sendo mais conhecida pela sua liga\u00e7\u00e3o ao colectivo La Xata La Rifa, onde oferece a sua maestria e vigor com o \u00edmpeto dos prados. Adicionalmente possui mais uma licenciatura em Dan\u00e7a Cl\u00e1ssica-Espanhol pelo Conservat\u00f3rio Professional de Dan\u00e7a de Madrid. Completou a sua forma\u00e7\u00e3o no L\u00e9on Choreographic Center bem como no Barcelona Theatre Institute. Ademais estudou em escolas e teatros internacionais em cidades como Budapeste, Viena, Bruxelas, Berlim, Paris, San Jos\u00e9 (Costa Rica) e Amsterd\u00e3o. Pelo seu trabalho, j\u00e1 foi premiada com o pr\u00e9mio \u201cInjuve\u201d de propostas c\u00eanicas 2009 e \u201cAstragal\u201d 2010.<\/p>\n<\/div>\n<div>\n<p>Chefa Alonso (Galiza-Madrid) Saxofonista e percussionista de free jazz e improvisa\u00e7\u00e3o livre. Comp\u00f5e m\u00fasica para espet\u00e1culos teatrais, de dan\u00e7a, circenses e audiovisuais, al\u00e9m de exercer importante atividade de doc\u00eancia, ministrando oficinas gratuitas de improvisa\u00e7\u00e3o e composi\u00e7\u00e3o na Universidade de Brunel (Londres, 2007). Participou em festivais de free jazz e de improvisa\u00e7\u00f5es na Alemanha, \u00c1ustria, Brasil, Fran\u00e7a, Espanha, Inglaterra, M\u00e9xico e Su\u00ed\u00e7a. Faz parte dos grupos Sin Red, quarteto de improvisa\u00e7\u00e3o livre, Uz, tr\u00edo de vientos, Akafree e do duo com o pianista Alberto Kaul. Por fim, Alonso faz tamb\u00e9m parte das orquestras de improvisa\u00e7\u00e3o LIO (London Improvisers Orchestra), Orquestra FOCO (Orquesta de Improvisadores de Madrid) e OMEGA (Orquesta de M\u00fasica Espont\u00e1nea de Galicia).<\/p>\n<\/div>\n<\/div>\n<\/div><\/div><\/div><\/div><\/div><div class=\"fusion-fullwidth fullwidth-box fusion-builder-row-2 fusion-flex-container has-pattern-background has-mask-background nonhundred-percent-fullwidth non-hundred-percent-height-scrolling\" style=\"--awb-border-radius-top-left:0px;--awb-border-radius-top-right:0px;--awb-border-radius-bottom-right:0px;--awb-border-radius-bottom-left:0px;--awb-flex-wrap:wrap;\" ><div class=\"fusion-builder-row fusion-row fusion-flex-align-items-flex-start fusion-flex-content-wrap\" style=\"max-width:1144px;margin-left: calc(-4% \/ 2 );margin-right: calc(-4% \/ 2 );\"><div class=\"fusion-layout-column fusion_builder_column fusion-builder-column-1 fusion_builder_column_1_1 1_1 fusion-flex-column\" style=\"--awb-bg-size:cover;--awb-width-large:100%;--awb-margin-top-large:0px;--awb-spacing-right-large:1.92%;--awb-margin-bottom-large:20px;--awb-spacing-left-large:1.92%;--awb-width-medium:100%;--awb-order-medium:0;--awb-spacing-right-medium:1.92%;--awb-spacing-left-medium:1.92%;--awb-width-small:100%;--awb-order-small:0;--awb-spacing-right-small:1.92%;--awb-spacing-left-small:1.92%;\"><div class=\"fusion-column-wrapper fusion-column-has-shadow fusion-flex-justify-content-flex-start fusion-content-layout-column\"><div class=\"fusion-text fusion-text-2\"><p style=\"text-align: center;\"><strong>OBRAS ART\u00cdSTICAS<\/strong><\/p>\n<\/div><div class=\"fusion-video fusion-vimeo\" style=\"--awb-max-width:600px;--awb-max-height:360px;\"><div class=\"video-shortcode\"><div class=\"fluid-width-video-wrapper\" style=\"padding-top:60%;\" ><iframe title=\"Vimeo video player 1\" src=\"https:\/\/player.vimeo.com\/video\/421596145?autoplay=0&amp;autopause=0\" width=\"600\" height=\"360\" allowfullscreen allow=\"autoplay; fullscreen\"><\/iframe><\/div><\/div><\/div><\/div><\/div><\/div><\/div><\/p>\n","protected":false},"excerpt":{"rendered":"","protected":false},"author":2,"featured_media":18954,"menu_order":0,"comment_status":"closed","ping_status":"closed","template":"","format":"standard","meta":{"_acf_changed":false,"_bbp_topic_count":0,"_bbp_reply_count":0,"_bbp_total_topic_count":0,"_bbp_total_reply_count":0,"_bbp_voice_count":0,"_bbp_anonymous_reply_count":0,"_bbp_topic_count_hidden":0,"_bbp_reply_count_hidden":0,"_bbp_forum_subforum_count":0,"footnotes":""},"portfolio_category":[1244,1229],"portfolio_skills":[],"portfolio_tags":[],"class_list":["post-18953","avada_portfolio","type-avada_portfolio","status-publish","format-standard","has-post-thumbnail","hentry","portfolio_category-1244","portfolio_category-artistas"],"acf":[],"aioseo_notices":[],"aioseo_head":"\n\t\t<!-- All in One SEO 5.0.1.1 - aioseo.com -->\n\t<meta name=\"description\" content=\"Juana_Inspiraci\u00f3nsTrio Uma semente em movimento da Gal\u00edcia para o Uruguai come\u00e7a sua jornada com a grande poetisa uruguaia Juana de Ibarbourou \u2018Juana de Am\u00e9rica\u2019, um elo entre duas terras e um pretexto para uma cria\u00e7\u00e3o c\u00eanica que integra v\u00e1rias disciplinas art\u00edsticas: poesia, dan\u00e7a, m\u00fasica e ensino para o servi\u00e7o de teatro. A escritora norte-americana d\u00e1\" \/>\n\t<meta name=\"robots\" content=\"max-image-preview:large\" \/>\n\t<meta name=\"author\" content=\"luiscosta\"\/>\n\t<link rel=\"canonical\" href=\"https:\/\/www.binauralmedia.org\/news\/arquivo\/portfolio-items\/marina-oural-chefa-alonso-irene-coto-monica-cofino\" \/>\n\t<meta name=\"generator\" content=\"All in One SEO (AIOSEO) 5.0.1.1\" \/>\n\t\t<meta property=\"og:locale\" content=\"pt_PT\" \/>\n\t\t<meta property=\"og:site_name\" content=\"binauralmedia.org - Rural Based Sound\/Media Arts &amp; Social Research\" \/>\n\t\t<meta property=\"og:type\" content=\"article\" \/>\n\t\t<meta property=\"og:title\" content=\"Marina Oural, Chefa Alonso, Irene Coto &amp; M\u00f3nica Cofi\u00f1o - binauralmedia.org\" \/>\n\t\t<meta property=\"og:description\" content=\"Juana_Inspiraci\u00f3nsTrio Uma semente em movimento da Gal\u00edcia para o Uruguai come\u00e7a sua jornada com a grande poetisa uruguaia Juana de Ibarbourou \u2018Juana de Am\u00e9rica\u2019, um elo entre duas terras e um pretexto para uma cria\u00e7\u00e3o c\u00eanica que integra v\u00e1rias disciplinas art\u00edsticas: poesia, dan\u00e7a, m\u00fasica e ensino para o servi\u00e7o de teatro. A escritora norte-americana d\u00e1\" \/>\n\t\t<meta property=\"og:url\" content=\"https:\/\/www.binauralmedia.org\/news\/arquivo\/portfolio-items\/marina-oural-chefa-alonso-irene-coto-monica-cofino\" \/>\n\t\t<meta property=\"article:published_time\" content=\"2023-06-29T11:22:20+00:00\" \/>\n\t\t<meta property=\"article:modified_time\" content=\"2023-07-15T18:34:54+00:00\" \/>\n\t\t<meta name=\"twitter:card\" content=\"summary_large_image\" \/>\n\t\t<meta name=\"twitter:title\" content=\"Marina Oural, Chefa Alonso, Irene Coto &amp; M\u00f3nica Cofi\u00f1o - binauralmedia.org\" \/>\n\t\t<meta name=\"twitter:description\" content=\"Juana_Inspiraci\u00f3nsTrio Uma semente em movimento da Gal\u00edcia para o Uruguai come\u00e7a sua jornada com a grande poetisa uruguaia Juana de Ibarbourou \u2018Juana de Am\u00e9rica\u2019, um elo entre duas terras e um pretexto para uma cria\u00e7\u00e3o c\u00eanica que integra v\u00e1rias disciplinas art\u00edsticas: poesia, dan\u00e7a, m\u00fasica e ensino para o servi\u00e7o de teatro. A escritora norte-americana d\u00e1\" \/>\n\t\t<script type=\"application\/ld+json\" class=\"aioseo-schema\">\n\t\t\t{\"@context\":\"https:\\\/\\\/schema.org\",\"@graph\":[{\"@type\":\"BreadcrumbList\",\"@id\":\"https:\\\/\\\/www.binauralmedia.org\\\/news\\\/arquivo\\\/portfolio-items\\\/marina-oural-chefa-alonso-irene-coto-monica-cofino#breadcrumblist\",\"itemListElement\":[{\"@type\":\"ListItem\",\"@id\":\"https:\\\/\\\/www.binauralmedia.org\\\/news#listItem\",\"position\":1,\"name\":\"Home\",\"item\":\"https:\\\/\\\/www.binauralmedia.org\\\/news\",\"nextItem\":{\"@type\":\"ListItem\",\"@id\":\"https:\\\/\\\/www.binauralmedia.org\\\/news\\\/arquivo\\\/portfolio-items#listItem\",\"name\":\"Portfolio\"}},{\"@type\":\"ListItem\",\"@id\":\"https:\\\/\\\/www.binauralmedia.org\\\/news\\\/arquivo\\\/portfolio-items#listItem\",\"position\":2,\"name\":\"Portfolio\",\"item\":\"https:\\\/\\\/www.binauralmedia.org\\\/news\\\/arquivo\\\/portfolio-items\",\"nextItem\":{\"@type\":\"ListItem\",\"@id\":\"https:\\\/\\\/www.binauralmedia.org\\\/news\\\/portfolio_category\\\/artistas#listItem\",\"name\":\"Artistas\"},\"previousItem\":{\"@type\":\"ListItem\",\"@id\":\"https:\\\/\\\/www.binauralmedia.org\\\/news#listItem\",\"name\":\"Home\"}},{\"@type\":\"ListItem\",\"@id\":\"https:\\\/\\\/www.binauralmedia.org\\\/news\\\/portfolio_category\\\/artistas#listItem\",\"position\":3,\"name\":\"Artistas\",\"item\":\"https:\\\/\\\/www.binauralmedia.org\\\/news\\\/portfolio_category\\\/artistas\",\"nextItem\":{\"@type\":\"ListItem\",\"@id\":\"https:\\\/\\\/www.binauralmedia.org\\\/news\\\/portfolio_category\\\/2018#listItem\",\"name\":\"2018\"},\"previousItem\":{\"@type\":\"ListItem\",\"@id\":\"https:\\\/\\\/www.binauralmedia.org\\\/news\\\/arquivo\\\/portfolio-items#listItem\",\"name\":\"Portfolio\"}},{\"@type\":\"ListItem\",\"@id\":\"https:\\\/\\\/www.binauralmedia.org\\\/news\\\/portfolio_category\\\/2018#listItem\",\"position\":4,\"name\":\"2018\",\"item\":\"https:\\\/\\\/www.binauralmedia.org\\\/news\\\/portfolio_category\\\/2018\",\"nextItem\":{\"@type\":\"ListItem\",\"@id\":\"https:\\\/\\\/www.binauralmedia.org\\\/news\\\/arquivo\\\/portfolio-items\\\/marina-oural-chefa-alonso-irene-coto-monica-cofino#listItem\",\"name\":\"Marina Oural, Chefa Alonso, Irene Coto &#038; M\\u00f3nica Cofi\\u00f1o\"},\"previousItem\":{\"@type\":\"ListItem\",\"@id\":\"https:\\\/\\\/www.binauralmedia.org\\\/news\\\/portfolio_category\\\/artistas#listItem\",\"name\":\"Artistas\"}},{\"@type\":\"ListItem\",\"@id\":\"https:\\\/\\\/www.binauralmedia.org\\\/news\\\/arquivo\\\/portfolio-items\\\/marina-oural-chefa-alonso-irene-coto-monica-cofino#listItem\",\"position\":5,\"name\":\"Marina Oural, Chefa Alonso, Irene Coto &#038; M\\u00f3nica Cofi\\u00f1o\",\"previousItem\":{\"@type\":\"ListItem\",\"@id\":\"https:\\\/\\\/www.binauralmedia.org\\\/news\\\/portfolio_category\\\/2018#listItem\",\"name\":\"2018\"}}]},{\"@type\":\"Organization\",\"@id\":\"https:\\\/\\\/www.binauralmedia.org\\\/news\\\/#organization\",\"name\":\"binauralmedia.org\",\"description\":\"Rural Based Sound\\\/Media Arts & Social Research\",\"url\":\"https:\\\/\\\/www.binauralmedia.org\\\/news\\\/\"},{\"@type\":\"Person\",\"@id\":\"https:\\\/\\\/www.binauralmedia.org\\\/news\\\/arquivo\\\/author\\\/luiscosta#author\",\"url\":\"https:\\\/\\\/www.binauralmedia.org\\\/news\\\/arquivo\\\/author\\\/luiscosta\",\"name\":\"luiscosta\"},{\"@type\":\"WebPage\",\"@id\":\"https:\\\/\\\/www.binauralmedia.org\\\/news\\\/arquivo\\\/portfolio-items\\\/marina-oural-chefa-alonso-irene-coto-monica-cofino#webpage\",\"url\":\"https:\\\/\\\/www.binauralmedia.org\\\/news\\\/arquivo\\\/portfolio-items\\\/marina-oural-chefa-alonso-irene-coto-monica-cofino\",\"name\":\"Marina Oural, Chefa Alonso, Irene Coto & M\\u00f3nica Cofi\\u00f1o - binauralmedia.org\",\"description\":\"Juana_Inspiraci\\u00f3nsTrio Uma semente em movimento da Gal\\u00edcia para o Uruguai come\\u00e7a sua jornada com a grande poetisa uruguaia Juana de Ibarbourou \\u2018Juana de Am\\u00e9rica\\u2019, um elo entre duas terras e um pretexto para uma cria\\u00e7\\u00e3o c\\u00eanica que integra v\\u00e1rias disciplinas art\\u00edsticas: poesia, dan\\u00e7a, m\\u00fasica e ensino para o servi\\u00e7o de teatro. A escritora norte-americana d\\u00e1\",\"inLanguage\":\"pt-PT\",\"isPartOf\":{\"@id\":\"https:\\\/\\\/www.binauralmedia.org\\\/news\\\/#website\"},\"breadcrumb\":{\"@id\":\"https:\\\/\\\/www.binauralmedia.org\\\/news\\\/arquivo\\\/portfolio-items\\\/marina-oural-chefa-alonso-irene-coto-monica-cofino#breadcrumblist\"},\"author\":{\"@id\":\"https:\\\/\\\/www.binauralmedia.org\\\/news\\\/arquivo\\\/author\\\/luiscosta#author\"},\"creator\":{\"@id\":\"https:\\\/\\\/www.binauralmedia.org\\\/news\\\/arquivo\\\/author\\\/luiscosta#author\"},\"image\":{\"@type\":\"ImageObject\",\"url\":\"https:\\\/\\\/www.binauralmedia.org\\\/news\\\/wp-content\\\/uploads\\\/2018-06-Marina-Oural-Chefa-Alonso-e-Irene-Coto-.png\",\"@id\":\"https:\\\/\\\/www.binauralmedia.org\\\/news\\\/arquivo\\\/portfolio-items\\\/marina-oural-chefa-alonso-irene-coto-monica-cofino\\\/#mainImage\",\"width\":1200,\"height\":800},\"primaryImageOfPage\":{\"@id\":\"https:\\\/\\\/www.binauralmedia.org\\\/news\\\/arquivo\\\/portfolio-items\\\/marina-oural-chefa-alonso-irene-coto-monica-cofino#mainImage\"},\"datePublished\":\"2023-06-29T11:22:20+00:00\",\"dateModified\":\"2023-07-15T18:34:54+00:00\"},{\"@type\":\"WebSite\",\"@id\":\"https:\\\/\\\/www.binauralmedia.org\\\/news\\\/#website\",\"url\":\"https:\\\/\\\/www.binauralmedia.org\\\/news\\\/\",\"name\":\"binauralmedia.org\",\"description\":\"Rural Based Sound\\\/Media Arts & Social Research\",\"inLanguage\":\"pt-PT\",\"publisher\":{\"@id\":\"https:\\\/\\\/www.binauralmedia.org\\\/news\\\/#organization\"}}]}\n\t\t<\/script>\n\t\t<!-- All in One SEO -->\n\n","aioseo_head_json":{"title":"Marina Oural, Chefa Alonso, Irene Coto & M\u00f3nica Cofi\u00f1o - binauralmedia.org","description":"Juana_Inspiraci\u00f3nsTrio Uma semente em movimento da Gal\u00edcia para o Uruguai come\u00e7a sua jornada com a grande poetisa uruguaia Juana de Ibarbourou \u2018Juana de Am\u00e9rica\u2019, um elo entre duas terras e um pretexto para uma cria\u00e7\u00e3o c\u00eanica que integra v\u00e1rias disciplinas art\u00edsticas: poesia, dan\u00e7a, m\u00fasica e ensino para o servi\u00e7o de teatro. A escritora norte-americana d\u00e1","canonical_url":"https:\/\/www.binauralmedia.org\/news\/arquivo\/portfolio-items\/marina-oural-chefa-alonso-irene-coto-monica-cofino","robots":"max-image-preview:large","keywords":"","webmasterTools":{"miscellaneous":""},"schema":{"@context":"https:\/\/schema.org","@graph":[{"@type":"BreadcrumbList","@id":"https:\/\/www.binauralmedia.org\/news\/arquivo\/portfolio-items\/marina-oural-chefa-alonso-irene-coto-monica-cofino#breadcrumblist","itemListElement":[{"@type":"ListItem","@id":"https:\/\/www.binauralmedia.org\/news#listItem","position":1,"name":"Home","item":"https:\/\/www.binauralmedia.org\/news","nextItem":{"@type":"ListItem","@id":"https:\/\/www.binauralmedia.org\/news\/arquivo\/portfolio-items#listItem","name":"Portfolio"}},{"@type":"ListItem","@id":"https:\/\/www.binauralmedia.org\/news\/arquivo\/portfolio-items#listItem","position":2,"name":"Portfolio","item":"https:\/\/www.binauralmedia.org\/news\/arquivo\/portfolio-items","nextItem":{"@type":"ListItem","@id":"https:\/\/www.binauralmedia.org\/news\/portfolio_category\/artistas#listItem","name":"Artistas"},"previousItem":{"@type":"ListItem","@id":"https:\/\/www.binauralmedia.org\/news#listItem","name":"Home"}},{"@type":"ListItem","@id":"https:\/\/www.binauralmedia.org\/news\/portfolio_category\/artistas#listItem","position":3,"name":"Artistas","item":"https:\/\/www.binauralmedia.org\/news\/portfolio_category\/artistas","nextItem":{"@type":"ListItem","@id":"https:\/\/www.binauralmedia.org\/news\/portfolio_category\/2018#listItem","name":"2018"},"previousItem":{"@type":"ListItem","@id":"https:\/\/www.binauralmedia.org\/news\/arquivo\/portfolio-items#listItem","name":"Portfolio"}},{"@type":"ListItem","@id":"https:\/\/www.binauralmedia.org\/news\/portfolio_category\/2018#listItem","position":4,"name":"2018","item":"https:\/\/www.binauralmedia.org\/news\/portfolio_category\/2018","nextItem":{"@type":"ListItem","@id":"https:\/\/www.binauralmedia.org\/news\/arquivo\/portfolio-items\/marina-oural-chefa-alonso-irene-coto-monica-cofino#listItem","name":"Marina Oural, Chefa Alonso, Irene Coto &#038; M\u00f3nica Cofi\u00f1o"},"previousItem":{"@type":"ListItem","@id":"https:\/\/www.binauralmedia.org\/news\/portfolio_category\/artistas#listItem","name":"Artistas"}},{"@type":"ListItem","@id":"https:\/\/www.binauralmedia.org\/news\/arquivo\/portfolio-items\/marina-oural-chefa-alonso-irene-coto-monica-cofino#listItem","position":5,"name":"Marina Oural, Chefa Alonso, Irene Coto &#038; M\u00f3nica Cofi\u00f1o","previousItem":{"@type":"ListItem","@id":"https:\/\/www.binauralmedia.org\/news\/portfolio_category\/2018#listItem","name":"2018"}}]},{"@type":"Organization","@id":"https:\/\/www.binauralmedia.org\/news\/#organization","name":"binauralmedia.org","description":"Rural Based Sound\/Media Arts & Social Research","url":"https:\/\/www.binauralmedia.org\/news\/"},{"@type":"Person","@id":"https:\/\/www.binauralmedia.org\/news\/arquivo\/author\/luiscosta#author","url":"https:\/\/www.binauralmedia.org\/news\/arquivo\/author\/luiscosta","name":"luiscosta"},{"@type":"WebPage","@id":"https:\/\/www.binauralmedia.org\/news\/arquivo\/portfolio-items\/marina-oural-chefa-alonso-irene-coto-monica-cofino#webpage","url":"https:\/\/www.binauralmedia.org\/news\/arquivo\/portfolio-items\/marina-oural-chefa-alonso-irene-coto-monica-cofino","name":"Marina Oural, Chefa Alonso, Irene Coto & M\u00f3nica Cofi\u00f1o - binauralmedia.org","description":"Juana_Inspiraci\u00f3nsTrio Uma semente em movimento da Gal\u00edcia para o Uruguai come\u00e7a sua jornada com a grande poetisa uruguaia Juana de Ibarbourou \u2018Juana de Am\u00e9rica\u2019, um elo entre duas terras e um pretexto para uma cria\u00e7\u00e3o c\u00eanica que integra v\u00e1rias disciplinas art\u00edsticas: poesia, dan\u00e7a, m\u00fasica e ensino para o servi\u00e7o de teatro. A escritora norte-americana d\u00e1","inLanguage":"pt-PT","isPartOf":{"@id":"https:\/\/www.binauralmedia.org\/news\/#website"},"breadcrumb":{"@id":"https:\/\/www.binauralmedia.org\/news\/arquivo\/portfolio-items\/marina-oural-chefa-alonso-irene-coto-monica-cofino#breadcrumblist"},"author":{"@id":"https:\/\/www.binauralmedia.org\/news\/arquivo\/author\/luiscosta#author"},"creator":{"@id":"https:\/\/www.binauralmedia.org\/news\/arquivo\/author\/luiscosta#author"},"image":{"@type":"ImageObject","url":"https:\/\/www.binauralmedia.org\/news\/wp-content\/uploads\/2018-06-Marina-Oural-Chefa-Alonso-e-Irene-Coto-.png","@id":"https:\/\/www.binauralmedia.org\/news\/arquivo\/portfolio-items\/marina-oural-chefa-alonso-irene-coto-monica-cofino\/#mainImage","width":1200,"height":800},"primaryImageOfPage":{"@id":"https:\/\/www.binauralmedia.org\/news\/arquivo\/portfolio-items\/marina-oural-chefa-alonso-irene-coto-monica-cofino#mainImage"},"datePublished":"2023-06-29T11:22:20+00:00","dateModified":"2023-07-15T18:34:54+00:00"},{"@type":"WebSite","@id":"https:\/\/www.binauralmedia.org\/news\/#website","url":"https:\/\/www.binauralmedia.org\/news\/","name":"binauralmedia.org","description":"Rural Based Sound\/Media Arts & Social Research","inLanguage":"pt-PT","publisher":{"@id":"https:\/\/www.binauralmedia.org\/news\/#organization"}}]},"og:locale":"pt_PT","og:site_name":"binauralmedia.org - Rural Based Sound\/Media Arts &amp; Social Research","og:type":"article","og:title":"Marina Oural, Chefa Alonso, Irene Coto &amp; M\u00f3nica Cofi\u00f1o - binauralmedia.org","og:description":"Juana_Inspiraci\u00f3nsTrio Uma semente em movimento da Gal\u00edcia para o Uruguai come\u00e7a sua jornada com a grande poetisa uruguaia Juana de Ibarbourou \u2018Juana de Am\u00e9rica\u2019, um elo entre duas terras e um pretexto para uma cria\u00e7\u00e3o c\u00eanica que integra v\u00e1rias disciplinas art\u00edsticas: poesia, dan\u00e7a, m\u00fasica e ensino para o servi\u00e7o de teatro. A escritora norte-americana d\u00e1","og:url":"https:\/\/www.binauralmedia.org\/news\/arquivo\/portfolio-items\/marina-oural-chefa-alonso-irene-coto-monica-cofino","article:published_time":"2023-06-29T11:22:20+00:00","article:modified_time":"2023-07-15T18:34:54+00:00","twitter:card":"summary_large_image","twitter:title":"Marina Oural, Chefa Alonso, Irene Coto &amp; M\u00f3nica Cofi\u00f1o - binauralmedia.org","twitter:description":"Juana_Inspiraci\u00f3nsTrio Uma semente em movimento da Gal\u00edcia para o Uruguai come\u00e7a sua jornada com a grande poetisa uruguaia Juana de Ibarbourou \u2018Juana de Am\u00e9rica\u2019, um elo entre duas terras e um pretexto para uma cria\u00e7\u00e3o c\u00eanica que integra v\u00e1rias disciplinas art\u00edsticas: poesia, dan\u00e7a, m\u00fasica e ensino para o servi\u00e7o de teatro. A escritora norte-americana d\u00e1"},"aioseo_meta_data":{"post_id":"18953","title":null,"description":null,"keywords":null,"keyphrases":null,"primary_term":null,"canonical_url":null,"og_title":null,"og_description":null,"og_object_type":"default","og_image_type":"default","og_image_custom_url":null,"og_image_custom_fields":null,"og_image_url":null,"og_image_width":null,"og_image_height":null,"og_video":null,"og_custom_url":null,"og_article_section":null,"og_article_tags":null,"twitter_use_og":false,"twitter_card":"default","twitter_image_type":"default","twitter_image_custom_url":null,"twitter_image_custom_fields":null,"twitter_image_url":null,"twitter_title":null,"twitter_description":null,"schema_type":"default","schema_type_options":null,"schema":{"blockGraphs":[],"customGraphs":[],"default":{"data":{"Article":[],"Course":[],"Dataset":[],"FAQPage":[],"Movie":[],"Person":[],"Product":[],"ProductReview":[],"Car":[],"Recipe":[],"Service":[],"SoftwareApplication":[],"WebPage":[]},"graphName":"","isEnabled":true},"graphs":[]},"pillar_content":false,"robots_default":true,"robots_noindex":false,"robots_noarchive":false,"robots_nosnippet":false,"robots_nofollow":false,"robots_noimageindex":false,"robots_noodp":false,"robots_notranslate":false,"robots_max_snippet":null,"robots_max_videopreview":null,"robots_max_imagepreview":"large","priority":null,"frequency":null,"local_seo":null,"limit_modified_date":false,"ai":null,"breadcrumb_settings":null,"seo_analyzer_scan_date":null,"created":"2026-08-04 23:16:52","updated":"2026-08-04 23:16:52","focus_keyword":null,"additional_keywords":null,"truseo_locale":null},"aioseo_breadcrumb":"<div class=\"aioseo-breadcrumbs\"><span class=\"aioseo-breadcrumb\">\n\t\t\t<a href=\"https:\/\/www.binauralmedia.org\/news\" title=\"Home\">Home<\/a>\n\t\t<\/span><span class=\"aioseo-breadcrumb-separator\">&raquo;<\/span><span class=\"aioseo-breadcrumb\">\n\t\t\t<a href=\"https:\/\/www.binauralmedia.org\/news\/arquivo\/portfolio-items\" title=\"Portfolio\">Portfolio<\/a>\n\t\t<\/span><span class=\"aioseo-breadcrumb-separator\">&raquo;<\/span><span class=\"aioseo-breadcrumb\">\n\t\t\t<a href=\"https:\/\/www.binauralmedia.org\/news\/portfolio_category\/artistas\" title=\"Artistas\">Artistas<\/a>\n\t\t<\/span><span class=\"aioseo-breadcrumb-separator\">&raquo;<\/span><span class=\"aioseo-breadcrumb\">\n\t\t\t<a href=\"https:\/\/www.binauralmedia.org\/news\/portfolio_category\/2018\" title=\"2018\">2018<\/a>\n\t\t<\/span><span class=\"aioseo-breadcrumb-separator\">&raquo;<\/span><span class=\"aioseo-breadcrumb\">\n\t\t\tMarina Oural, Chefa Alonso, Irene Coto &amp; M\u00f3nica Cofi\u00f1o\n\t\t<\/span><\/div>","aioseo_breadcrumb_json":[{"label":"Home","link":"https:\/\/www.binauralmedia.org\/news"},{"label":"Portfolio","link":"https:\/\/www.binauralmedia.org\/news\/arquivo\/portfolio-items"},{"label":"Artistas","link":"https:\/\/www.binauralmedia.org\/news\/portfolio_category\/artistas"},{"label":"2018","link":"https:\/\/www.binauralmedia.org\/news\/portfolio_category\/2018"},{"label":"Marina Oural, Chefa Alonso, Irene Coto &#038; M\u00f3nica Cofi\u00f1o","link":"https:\/\/www.binauralmedia.org\/news\/arquivo\/portfolio-items\/marina-oural-chefa-alonso-irene-coto-monica-cofino"}],"_links":{"self":[{"href":"https:\/\/www.binauralmedia.org\/news\/wp-json\/wp\/v2\/avada_portfolio\/18953","targetHints":{"allow":["GET"]}}],"collection":[{"href":"https:\/\/www.binauralmedia.org\/news\/wp-json\/wp\/v2\/avada_portfolio"}],"about":[{"href":"https:\/\/www.binauralmedia.org\/news\/wp-json\/wp\/v2\/types\/avada_portfolio"}],"author":[{"embeddable":true,"href":"https:\/\/www.binauralmedia.org\/news\/wp-json\/wp\/v2\/users\/2"}],"replies":[{"embeddable":true,"href":"https:\/\/www.binauralmedia.org\/news\/wp-json\/wp\/v2\/comments?post=18953"}],"version-history":[{"count":3,"href":"https:\/\/www.binauralmedia.org\/news\/wp-json\/wp\/v2\/avada_portfolio\/18953\/revisions"}],"predecessor-version":[{"id":19769,"href":"https:\/\/www.binauralmedia.org\/news\/wp-json\/wp\/v2\/avada_portfolio\/18953\/revisions\/19769"}],"wp:featuredmedia":[{"embeddable":true,"href":"https:\/\/www.binauralmedia.org\/news\/wp-json\/wp\/v2\/media\/18954"}],"wp:attachment":[{"href":"https:\/\/www.binauralmedia.org\/news\/wp-json\/wp\/v2\/media?parent=18953"}],"wp:term":[{"taxonomy":"portfolio_category","embeddable":true,"href":"https:\/\/www.binauralmedia.org\/news\/wp-json\/wp\/v2\/portfolio_category?post=18953"},{"taxonomy":"portfolio_skills","embeddable":true,"href":"https:\/\/www.binauralmedia.org\/news\/wp-json\/wp\/v2\/portfolio_skills?post=18953"},{"taxonomy":"portfolio_tags","embeddable":true,"href":"https:\/\/www.binauralmedia.org\/news\/wp-json\/wp\/v2\/portfolio_tags?post=18953"}],"curies":[{"name":"wp","href":"https:\/\/api.w.org\/{rel}","templated":true}]}}