{"id":18755,"date":"2023-06-27T15:37:49","date_gmt":"2023-06-27T15:37:49","guid":{"rendered":"https:\/\/www.binauralmedia.org\/news?post_type=avada_portfolio&#038;p=18755"},"modified":"2023-07-05T10:09:19","modified_gmt":"2023-07-05T10:09:19","slug":"joao-farelo","status":"publish","type":"avada_portfolio","link":"https:\/\/www.binauralmedia.org\/news\/arquivo\/portfolio-items\/joao-farelo","title":{"rendered":"Jo\u00e3o Farelo"},"content":{"rendered":"<p><div class=\"fusion-fullwidth fullwidth-box fusion-builder-row-1 fusion-flex-container nonhundred-percent-fullwidth non-hundred-percent-height-scrolling\" style=\"--awb-border-radius-top-left:0px;--awb-border-radius-top-right:0px;--awb-border-radius-bottom-right:0px;--awb-border-radius-bottom-left:0px;--awb-flex-wrap:wrap;\" ><div class=\"fusion-builder-row fusion-row fusion-flex-align-items-flex-start fusion-flex-content-wrap\" style=\"max-width:1144px;margin-left: calc(-4% \/ 2 );margin-right: calc(-4% \/ 2 );\"><div class=\"fusion-layout-column fusion_builder_column fusion-builder-column-0 fusion_builder_column_1_1 1_1 fusion-flex-column\" style=\"--awb-bg-size:cover;--awb-width-large:100%;--awb-margin-top-large:0px;--awb-spacing-right-large:1.92%;--awb-margin-bottom-large:0px;--awb-spacing-left-large:1.92%;--awb-width-medium:100%;--awb-spacing-right-medium:1.92%;--awb-spacing-left-medium:1.92%;--awb-width-small:100%;--awb-spacing-right-small:1.92%;--awb-spacing-left-small:1.92%;\"><div class=\"fusion-column-wrapper fusion-flex-justify-content-flex-start fusion-content-layout-column\"><div class=\"fusion-text fusion-text-1\"><p><strong>C\u00e3o pastor<\/strong><\/p>\n<div>\n<div>\n<p>O objectivo desta experi\u00eancia iconofonogr\u00e1fica, \u00e9 o registo em som e imagem de uma viagem na \u00e1rea dos Maci\u00e7os de Montemuro, Arada e Gralheira, obtido a partir de uma expedi\u00e7\u00e3o realizada no contexto espec\u00edfico da Mobilidade Pastor\u00edcia \u2013 Os Caminhos da Transum\u00e2ncia. O resultado a conseguir \u00e9 um arquivo \/ arte \/ mem\u00f3ria mush-up combinat\u00f3rio da fotografia, som, cartografia, geografia, ecologia e biologia. Toda a informa\u00e7\u00e3o ser\u00e1 cruzada com trabalhos de refer\u00eancia existentes em arquivos e bibliotecas. O tratamento e reinterpreta\u00e7\u00e3o dos dados ser\u00e1 apresentado numa instala\u00e7\u00e3o audiovisual. A viagem obedecer\u00e1 a rotinas de registo fonogr\u00e1fico, fotogr\u00e1fico e gr\u00e1fico (desenho vetorial) com o objectivo de cria\u00e7\u00e3o de cat\u00e1logos-caixa com a indexa\u00e7\u00e3o dos equipamentos transportados, bem como o registo em imagem dos materiais recolhidos ao longo da rota. Julgo que a abordagem desta cria\u00e7\u00e3o encontra na Associa\u00e7\u00e3o Cultural Binaural \/ Nodar uma excelente estrutura de suporte.<\/p>\n<\/div>\n<div>\n<p>A plataforma de experimenta\u00e7\u00e3o Nodar Rural Art Lab parece-me indispens\u00e1vel para a valoriza\u00e7\u00e3o desta ac\u00e7\u00e3o. As \u00e1reas disciplinares escolhidas para a produ\u00e7\u00e3o de imagem e som foram a fotografia e a fonografia, que mais tarde se cruzam com a cartografia, a geografia, a biologia e o design. Proponho que os suportes escolhidos e o entrosamento com as diversas \u00e1reas sejam uma boa solu\u00e7\u00e3o para fomentar novas leituras do local visado, por muito aleat\u00f3ria que seja a sua escolha. No conjunto apresentado remete-se o espectador para a ideia de gera\u00e7\u00e3o de arquivo. \u00c9 neste entrosamento \u2013 arquivo\/arte\/mem\u00f3ria \u2013 que se constr\u00f3i o racioc\u00ednio e se concebe a malha do projeto: construir como gesto de perpetuamento incompleto.<\/p>\n<\/div>\n<div>\n<p>Jo\u00e3o Farelo, nascido em Lisboa a 1981, \u00e9 artista sonoro e de v\u00eddeo, com Mestrado em Artes Visuais Interm\u00e9dia (2012), pelo Departamento de Artes Visuais e Design da Universidade de \u00c9vora.<\/p>\n<\/div>\n<div>\n<p>Come\u00e7ou o seu caminho art\u00edstico profissional em 2007 com uma colabora\u00e7\u00e3o com Carlos Z\u00edngaro, Pedro Lopes e Bernardo Chatillon no projecto Storia Intramuri 2- uma performance audiovisual, no Festival Urbano Pedras d\u2019agua 07, atelier Fragateiro, Lisboa. Ao longo dos anos, j\u00e1 exp\u00f4s o seu trabalho em locais como Galeria da Capela de Santo Ant\u00f3nio, (Portel); Galeria do Pal\u00e1cio Galveias, (Lisboa); Institut Fran\u00e7ais du Portugal, (Lisboa); Centro Cultural Malaposta, (Lisboa); Faculdade de Letras da Universidade de Lisboa, (Lisboa); Conventodos Rem\u00e9dios (\u00c9vora); Atelier-Moura-George, (Lisboa); Museu de Ci\u00eancia da Universidadede Lisboa, (Lisboa); Cinemateca Portuguesa &#8211; Museu do Cinema, (Lisboa); Biblioteca Municipal Cam\u00f5es, (Lisboa); Centro de Experimenta\u00e7\u00e3o e Cria\u00e7\u00e3o Art\u00edstica de Loul\u00e9, (Loul\u00e9); Adamastor Studios, (Lisboa).<\/p>\n<\/div>\n<\/div>\n<\/div><\/div><\/div><\/div><\/div><div class=\"fusion-fullwidth fullwidth-box fusion-builder-row-2 fusion-flex-container has-pattern-background has-mask-background nonhundred-percent-fullwidth non-hundred-percent-height-scrolling\" style=\"--awb-border-radius-top-left:0px;--awb-border-radius-top-right:0px;--awb-border-radius-bottom-right:0px;--awb-border-radius-bottom-left:0px;--awb-flex-wrap:wrap;\" ><div class=\"fusion-builder-row fusion-row fusion-flex-align-items-flex-start fusion-flex-content-wrap\" style=\"max-width:1144px;margin-left: calc(-4% \/ 2 );margin-right: calc(-4% \/ 2 );\"><div class=\"fusion-layout-column fusion_builder_column fusion-builder-column-1 fusion_builder_column_1_1 1_1 fusion-flex-column\" style=\"--awb-bg-size:cover;--awb-width-large:100%;--awb-margin-top-large:0px;--awb-spacing-right-large:1.92%;--awb-margin-bottom-large:20px;--awb-spacing-left-large:1.92%;--awb-width-medium:100%;--awb-order-medium:0;--awb-spacing-right-medium:1.92%;--awb-spacing-left-medium:1.92%;--awb-width-small:100%;--awb-order-small:0;--awb-spacing-right-small:1.92%;--awb-spacing-left-small:1.92%;\"><div class=\"fusion-column-wrapper fusion-column-has-shadow fusion-flex-justify-content-flex-start fusion-content-layout-column\"><div class=\"fusion-text fusion-text-2\"><p><strong>OBRAS ART\u00cdSTICAS<\/strong><\/p>\n<\/div><div class=\"fusion-video fusion-vimeo\" style=\"--awb-max-width:600px;--awb-max-height:360px;--awb-align-self:center;--awb-width:100%;\"><div class=\"video-shortcode\"><div class=\"fluid-width-video-wrapper\" style=\"padding-top:60%;\" ><iframe title=\"Vimeo video player 1\" src=\"https:\/\/player.vimeo.com\/video\/830225362?autoplay=0&amp;autopause=0\" width=\"600\" height=\"360\" allowfullscreen allow=\"autoplay; fullscreen\"><\/iframe><\/div><\/div><\/div><\/div><\/div><\/div><\/div><\/p>\n","protected":false},"excerpt":{"rendered":"","protected":false},"author":2,"featured_media":18756,"menu_order":0,"comment_status":"closed","ping_status":"closed","template":"","format":"standard","meta":{"_acf_changed":false,"_bbp_topic_count":0,"_bbp_reply_count":0,"_bbp_total_topic_count":0,"_bbp_total_reply_count":0,"_bbp_voice_count":0,"_bbp_anonymous_reply_count":0,"_bbp_topic_count_hidden":0,"_bbp_reply_count_hidden":0,"_bbp_forum_subforum_count":0,"footnotes":""},"portfolio_category":[1240,1229],"portfolio_skills":[],"portfolio_tags":[],"class_list":["post-18755","avada_portfolio","type-avada_portfolio","status-publish","format-standard","has-post-thumbnail","hentry","portfolio_category-1240","portfolio_category-artistas"],"acf":[],"aioseo_notices":[],"aioseo_head":"\n\t\t<!-- All in One SEO 5.0.1.1 - aioseo.com -->\n\t<meta name=\"description\" content=\"C\u00e3o pastor O objectivo desta experi\u00eancia iconofonogr\u00e1fica, \u00e9 o registo em som e imagem de uma viagem na \u00e1rea dos Maci\u00e7os de Montemuro, Arada e Gralheira, obtido a partir de uma expedi\u00e7\u00e3o realizada no contexto espec\u00edfico da Mobilidade Pastor\u00edcia \u2013 Os Caminhos da Transum\u00e2ncia. O resultado a conseguir \u00e9 um arquivo \/ arte \/ mem\u00f3ria\" \/>\n\t<meta name=\"robots\" content=\"max-image-preview:large\" \/>\n\t<meta name=\"author\" content=\"luiscosta\"\/>\n\t<link rel=\"canonical\" href=\"https:\/\/www.binauralmedia.org\/news\/arquivo\/portfolio-items\/joao-farelo\" \/>\n\t<meta name=\"generator\" content=\"All in One SEO (AIOSEO) 5.0.1.1\" \/>\n\t\t<meta property=\"og:locale\" content=\"pt_PT\" \/>\n\t\t<meta property=\"og:site_name\" content=\"binauralmedia.org - Rural Based Sound\/Media Arts &amp; Social Research\" \/>\n\t\t<meta property=\"og:type\" content=\"article\" \/>\n\t\t<meta property=\"og:title\" content=\"Jo\u00e3o Farelo - binauralmedia.org\" \/>\n\t\t<meta property=\"og:description\" content=\"C\u00e3o pastor O objectivo desta experi\u00eancia iconofonogr\u00e1fica, \u00e9 o registo em som e imagem de uma viagem na \u00e1rea dos Maci\u00e7os de Montemuro, Arada e Gralheira, obtido a partir de uma expedi\u00e7\u00e3o realizada no contexto espec\u00edfico da Mobilidade Pastor\u00edcia \u2013 Os Caminhos da Transum\u00e2ncia. O resultado a conseguir \u00e9 um arquivo \/ arte \/ mem\u00f3ria\" \/>\n\t\t<meta property=\"og:url\" content=\"https:\/\/www.binauralmedia.org\/news\/arquivo\/portfolio-items\/joao-farelo\" \/>\n\t\t<meta property=\"article:published_time\" content=\"2023-06-27T15:37:49+00:00\" \/>\n\t\t<meta property=\"article:modified_time\" content=\"2023-07-05T10:09:19+00:00\" \/>\n\t\t<meta name=\"twitter:card\" content=\"summary_large_image\" \/>\n\t\t<meta name=\"twitter:title\" content=\"Jo\u00e3o Farelo - binauralmedia.org\" \/>\n\t\t<meta name=\"twitter:description\" content=\"C\u00e3o pastor O objectivo desta experi\u00eancia iconofonogr\u00e1fica, \u00e9 o registo em som e imagem de uma viagem na \u00e1rea dos Maci\u00e7os de Montemuro, Arada e Gralheira, obtido a partir de uma expedi\u00e7\u00e3o realizada no contexto espec\u00edfico da Mobilidade Pastor\u00edcia \u2013 Os Caminhos da Transum\u00e2ncia. O resultado a conseguir \u00e9 um arquivo \/ arte \/ mem\u00f3ria\" \/>\n\t\t<script type=\"application\/ld+json\" class=\"aioseo-schema\">\n\t\t\t{\"@context\":\"https:\\\/\\\/schema.org\",\"@graph\":[{\"@type\":\"BreadcrumbList\",\"@id\":\"https:\\\/\\\/www.binauralmedia.org\\\/news\\\/arquivo\\\/portfolio-items\\\/joao-farelo#breadcrumblist\",\"itemListElement\":[{\"@type\":\"ListItem\",\"@id\":\"https:\\\/\\\/www.binauralmedia.org\\\/news#listItem\",\"position\":1,\"name\":\"Home\",\"item\":\"https:\\\/\\\/www.binauralmedia.org\\\/news\",\"nextItem\":{\"@type\":\"ListItem\",\"@id\":\"https:\\\/\\\/www.binauralmedia.org\\\/news\\\/arquivo\\\/portfolio-items#listItem\",\"name\":\"Portfolio\"}},{\"@type\":\"ListItem\",\"@id\":\"https:\\\/\\\/www.binauralmedia.org\\\/news\\\/arquivo\\\/portfolio-items#listItem\",\"position\":2,\"name\":\"Portfolio\",\"item\":\"https:\\\/\\\/www.binauralmedia.org\\\/news\\\/arquivo\\\/portfolio-items\",\"nextItem\":{\"@type\":\"ListItem\",\"@id\":\"https:\\\/\\\/www.binauralmedia.org\\\/news\\\/portfolio_category\\\/artistas#listItem\",\"name\":\"Artistas\"},\"previousItem\":{\"@type\":\"ListItem\",\"@id\":\"https:\\\/\\\/www.binauralmedia.org\\\/news#listItem\",\"name\":\"Home\"}},{\"@type\":\"ListItem\",\"@id\":\"https:\\\/\\\/www.binauralmedia.org\\\/news\\\/portfolio_category\\\/artistas#listItem\",\"position\":3,\"name\":\"Artistas\",\"item\":\"https:\\\/\\\/www.binauralmedia.org\\\/news\\\/portfolio_category\\\/artistas\",\"nextItem\":{\"@type\":\"ListItem\",\"@id\":\"https:\\\/\\\/www.binauralmedia.org\\\/news\\\/portfolio_category\\\/2014#listItem\",\"name\":\"2014\"},\"previousItem\":{\"@type\":\"ListItem\",\"@id\":\"https:\\\/\\\/www.binauralmedia.org\\\/news\\\/arquivo\\\/portfolio-items#listItem\",\"name\":\"Portfolio\"}},{\"@type\":\"ListItem\",\"@id\":\"https:\\\/\\\/www.binauralmedia.org\\\/news\\\/portfolio_category\\\/2014#listItem\",\"position\":4,\"name\":\"2014\",\"item\":\"https:\\\/\\\/www.binauralmedia.org\\\/news\\\/portfolio_category\\\/2014\",\"nextItem\":{\"@type\":\"ListItem\",\"@id\":\"https:\\\/\\\/www.binauralmedia.org\\\/news\\\/arquivo\\\/portfolio-items\\\/joao-farelo#listItem\",\"name\":\"Jo\\u00e3o Farelo\"},\"previousItem\":{\"@type\":\"ListItem\",\"@id\":\"https:\\\/\\\/www.binauralmedia.org\\\/news\\\/portfolio_category\\\/artistas#listItem\",\"name\":\"Artistas\"}},{\"@type\":\"ListItem\",\"@id\":\"https:\\\/\\\/www.binauralmedia.org\\\/news\\\/arquivo\\\/portfolio-items\\\/joao-farelo#listItem\",\"position\":5,\"name\":\"Jo\\u00e3o Farelo\",\"previousItem\":{\"@type\":\"ListItem\",\"@id\":\"https:\\\/\\\/www.binauralmedia.org\\\/news\\\/portfolio_category\\\/2014#listItem\",\"name\":\"2014\"}}]},{\"@type\":\"Organization\",\"@id\":\"https:\\\/\\\/www.binauralmedia.org\\\/news\\\/#organization\",\"name\":\"binauralmedia.org\",\"description\":\"Rural Based Sound\\\/Media Arts & Social Research\",\"url\":\"https:\\\/\\\/www.binauralmedia.org\\\/news\\\/\"},{\"@type\":\"Person\",\"@id\":\"https:\\\/\\\/www.binauralmedia.org\\\/news\\\/arquivo\\\/author\\\/luiscosta#author\",\"url\":\"https:\\\/\\\/www.binauralmedia.org\\\/news\\\/arquivo\\\/author\\\/luiscosta\",\"name\":\"luiscosta\"},{\"@type\":\"WebPage\",\"@id\":\"https:\\\/\\\/www.binauralmedia.org\\\/news\\\/arquivo\\\/portfolio-items\\\/joao-farelo#webpage\",\"url\":\"https:\\\/\\\/www.binauralmedia.org\\\/news\\\/arquivo\\\/portfolio-items\\\/joao-farelo\",\"name\":\"Jo\\u00e3o Farelo - binauralmedia.org\",\"description\":\"C\\u00e3o pastor O objectivo desta experi\\u00eancia iconofonogr\\u00e1fica, \\u00e9 o registo em som e imagem de uma viagem na \\u00e1rea dos Maci\\u00e7os de Montemuro, Arada e Gralheira, obtido a partir de uma expedi\\u00e7\\u00e3o realizada no contexto espec\\u00edfico da Mobilidade Pastor\\u00edcia \\u2013 Os Caminhos da Transum\\u00e2ncia. O resultado a conseguir \\u00e9 um arquivo \\\/ arte \\\/ mem\\u00f3ria\",\"inLanguage\":\"pt-PT\",\"isPartOf\":{\"@id\":\"https:\\\/\\\/www.binauralmedia.org\\\/news\\\/#website\"},\"breadcrumb\":{\"@id\":\"https:\\\/\\\/www.binauralmedia.org\\\/news\\\/arquivo\\\/portfolio-items\\\/joao-farelo#breadcrumblist\"},\"author\":{\"@id\":\"https:\\\/\\\/www.binauralmedia.org\\\/news\\\/arquivo\\\/author\\\/luiscosta#author\"},\"creator\":{\"@id\":\"https:\\\/\\\/www.binauralmedia.org\\\/news\\\/arquivo\\\/author\\\/luiscosta#author\"},\"image\":{\"@type\":\"ImageObject\",\"url\":\"https:\\\/\\\/www.binauralmedia.org\\\/news\\\/wp-content\\\/uploads\\\/2014-10-Joao-Farelo.png\",\"@id\":\"https:\\\/\\\/www.binauralmedia.org\\\/news\\\/arquivo\\\/portfolio-items\\\/joao-farelo\\\/#mainImage\",\"width\":1200,\"height\":800},\"primaryImageOfPage\":{\"@id\":\"https:\\\/\\\/www.binauralmedia.org\\\/news\\\/arquivo\\\/portfolio-items\\\/joao-farelo#mainImage\"},\"datePublished\":\"2023-06-27T15:37:49+00:00\",\"dateModified\":\"2023-07-05T10:09:19+00:00\"},{\"@type\":\"WebSite\",\"@id\":\"https:\\\/\\\/www.binauralmedia.org\\\/news\\\/#website\",\"url\":\"https:\\\/\\\/www.binauralmedia.org\\\/news\\\/\",\"name\":\"binauralmedia.org\",\"description\":\"Rural Based Sound\\\/Media Arts & Social Research\",\"inLanguage\":\"pt-PT\",\"publisher\":{\"@id\":\"https:\\\/\\\/www.binauralmedia.org\\\/news\\\/#organization\"}}]}\n\t\t<\/script>\n\t\t<!-- All in One SEO -->\n\n","aioseo_head_json":{"title":"Jo\u00e3o Farelo - binauralmedia.org","description":"C\u00e3o pastor O objectivo desta experi\u00eancia iconofonogr\u00e1fica, \u00e9 o registo em som e imagem de uma viagem na \u00e1rea dos Maci\u00e7os de Montemuro, Arada e Gralheira, obtido a partir de uma expedi\u00e7\u00e3o realizada no contexto espec\u00edfico da Mobilidade Pastor\u00edcia \u2013 Os Caminhos da Transum\u00e2ncia. O resultado a conseguir \u00e9 um arquivo \/ arte \/ mem\u00f3ria","canonical_url":"https:\/\/www.binauralmedia.org\/news\/arquivo\/portfolio-items\/joao-farelo","robots":"max-image-preview:large","keywords":"","webmasterTools":{"miscellaneous":""},"schema":{"@context":"https:\/\/schema.org","@graph":[{"@type":"BreadcrumbList","@id":"https:\/\/www.binauralmedia.org\/news\/arquivo\/portfolio-items\/joao-farelo#breadcrumblist","itemListElement":[{"@type":"ListItem","@id":"https:\/\/www.binauralmedia.org\/news#listItem","position":1,"name":"Home","item":"https:\/\/www.binauralmedia.org\/news","nextItem":{"@type":"ListItem","@id":"https:\/\/www.binauralmedia.org\/news\/arquivo\/portfolio-items#listItem","name":"Portfolio"}},{"@type":"ListItem","@id":"https:\/\/www.binauralmedia.org\/news\/arquivo\/portfolio-items#listItem","position":2,"name":"Portfolio","item":"https:\/\/www.binauralmedia.org\/news\/arquivo\/portfolio-items","nextItem":{"@type":"ListItem","@id":"https:\/\/www.binauralmedia.org\/news\/portfolio_category\/artistas#listItem","name":"Artistas"},"previousItem":{"@type":"ListItem","@id":"https:\/\/www.binauralmedia.org\/news#listItem","name":"Home"}},{"@type":"ListItem","@id":"https:\/\/www.binauralmedia.org\/news\/portfolio_category\/artistas#listItem","position":3,"name":"Artistas","item":"https:\/\/www.binauralmedia.org\/news\/portfolio_category\/artistas","nextItem":{"@type":"ListItem","@id":"https:\/\/www.binauralmedia.org\/news\/portfolio_category\/2014#listItem","name":"2014"},"previousItem":{"@type":"ListItem","@id":"https:\/\/www.binauralmedia.org\/news\/arquivo\/portfolio-items#listItem","name":"Portfolio"}},{"@type":"ListItem","@id":"https:\/\/www.binauralmedia.org\/news\/portfolio_category\/2014#listItem","position":4,"name":"2014","item":"https:\/\/www.binauralmedia.org\/news\/portfolio_category\/2014","nextItem":{"@type":"ListItem","@id":"https:\/\/www.binauralmedia.org\/news\/arquivo\/portfolio-items\/joao-farelo#listItem","name":"Jo\u00e3o Farelo"},"previousItem":{"@type":"ListItem","@id":"https:\/\/www.binauralmedia.org\/news\/portfolio_category\/artistas#listItem","name":"Artistas"}},{"@type":"ListItem","@id":"https:\/\/www.binauralmedia.org\/news\/arquivo\/portfolio-items\/joao-farelo#listItem","position":5,"name":"Jo\u00e3o Farelo","previousItem":{"@type":"ListItem","@id":"https:\/\/www.binauralmedia.org\/news\/portfolio_category\/2014#listItem","name":"2014"}}]},{"@type":"Organization","@id":"https:\/\/www.binauralmedia.org\/news\/#organization","name":"binauralmedia.org","description":"Rural Based Sound\/Media Arts & Social Research","url":"https:\/\/www.binauralmedia.org\/news\/"},{"@type":"Person","@id":"https:\/\/www.binauralmedia.org\/news\/arquivo\/author\/luiscosta#author","url":"https:\/\/www.binauralmedia.org\/news\/arquivo\/author\/luiscosta","name":"luiscosta"},{"@type":"WebPage","@id":"https:\/\/www.binauralmedia.org\/news\/arquivo\/portfolio-items\/joao-farelo#webpage","url":"https:\/\/www.binauralmedia.org\/news\/arquivo\/portfolio-items\/joao-farelo","name":"Jo\u00e3o Farelo - binauralmedia.org","description":"C\u00e3o pastor O objectivo desta experi\u00eancia iconofonogr\u00e1fica, \u00e9 o registo em som e imagem de uma viagem na \u00e1rea dos Maci\u00e7os de Montemuro, Arada e Gralheira, obtido a partir de uma expedi\u00e7\u00e3o realizada no contexto espec\u00edfico da Mobilidade Pastor\u00edcia \u2013 Os Caminhos da Transum\u00e2ncia. O resultado a conseguir \u00e9 um arquivo \/ arte \/ mem\u00f3ria","inLanguage":"pt-PT","isPartOf":{"@id":"https:\/\/www.binauralmedia.org\/news\/#website"},"breadcrumb":{"@id":"https:\/\/www.binauralmedia.org\/news\/arquivo\/portfolio-items\/joao-farelo#breadcrumblist"},"author":{"@id":"https:\/\/www.binauralmedia.org\/news\/arquivo\/author\/luiscosta#author"},"creator":{"@id":"https:\/\/www.binauralmedia.org\/news\/arquivo\/author\/luiscosta#author"},"image":{"@type":"ImageObject","url":"https:\/\/www.binauralmedia.org\/news\/wp-content\/uploads\/2014-10-Joao-Farelo.png","@id":"https:\/\/www.binauralmedia.org\/news\/arquivo\/portfolio-items\/joao-farelo\/#mainImage","width":1200,"height":800},"primaryImageOfPage":{"@id":"https:\/\/www.binauralmedia.org\/news\/arquivo\/portfolio-items\/joao-farelo#mainImage"},"datePublished":"2023-06-27T15:37:49+00:00","dateModified":"2023-07-05T10:09:19+00:00"},{"@type":"WebSite","@id":"https:\/\/www.binauralmedia.org\/news\/#website","url":"https:\/\/www.binauralmedia.org\/news\/","name":"binauralmedia.org","description":"Rural Based Sound\/Media Arts & Social Research","inLanguage":"pt-PT","publisher":{"@id":"https:\/\/www.binauralmedia.org\/news\/#organization"}}]},"og:locale":"pt_PT","og:site_name":"binauralmedia.org - Rural Based Sound\/Media Arts &amp; Social Research","og:type":"article","og:title":"Jo\u00e3o Farelo - binauralmedia.org","og:description":"C\u00e3o pastor O objectivo desta experi\u00eancia iconofonogr\u00e1fica, \u00e9 o registo em som e imagem de uma viagem na \u00e1rea dos Maci\u00e7os de Montemuro, Arada e Gralheira, obtido a partir de uma expedi\u00e7\u00e3o realizada no contexto espec\u00edfico da Mobilidade Pastor\u00edcia \u2013 Os Caminhos da Transum\u00e2ncia. O resultado a conseguir \u00e9 um arquivo \/ arte \/ mem\u00f3ria","og:url":"https:\/\/www.binauralmedia.org\/news\/arquivo\/portfolio-items\/joao-farelo","article:published_time":"2023-06-27T15:37:49+00:00","article:modified_time":"2023-07-05T10:09:19+00:00","twitter:card":"summary_large_image","twitter:title":"Jo\u00e3o Farelo - binauralmedia.org","twitter:description":"C\u00e3o pastor O objectivo desta experi\u00eancia iconofonogr\u00e1fica, \u00e9 o registo em som e imagem de uma viagem na \u00e1rea dos Maci\u00e7os de Montemuro, Arada e Gralheira, obtido a partir de uma expedi\u00e7\u00e3o realizada no contexto espec\u00edfico da Mobilidade Pastor\u00edcia \u2013 Os Caminhos da Transum\u00e2ncia. O resultado a conseguir \u00e9 um arquivo \/ arte \/ mem\u00f3ria"},"aioseo_meta_data":{"post_id":"18755","title":null,"description":null,"keywords":null,"keyphrases":null,"primary_term":null,"canonical_url":null,"og_title":null,"og_description":null,"og_object_type":"default","og_image_type":"default","og_image_custom_url":null,"og_image_custom_fields":null,"og_image_url":null,"og_image_width":null,"og_image_height":null,"og_video":null,"og_custom_url":null,"og_article_section":null,"og_article_tags":null,"twitter_use_og":false,"twitter_card":"default","twitter_image_type":"default","twitter_image_custom_url":null,"twitter_image_custom_fields":null,"twitter_image_url":null,"twitter_title":null,"twitter_description":null,"schema_type":"default","schema_type_options":null,"schema":{"blockGraphs":[],"customGraphs":[],"default":{"data":{"Article":[],"Course":[],"Dataset":[],"FAQPage":[],"Movie":[],"Person":[],"Product":[],"ProductReview":[],"Car":[],"Recipe":[],"Service":[],"SoftwareApplication":[],"WebPage":[]},"graphName":"","isEnabled":true},"graphs":[]},"pillar_content":false,"robots_default":true,"robots_noindex":false,"robots_noarchive":false,"robots_nosnippet":false,"robots_nofollow":false,"robots_noimageindex":false,"robots_noodp":false,"robots_notranslate":false,"robots_max_snippet":null,"robots_max_videopreview":null,"robots_max_imagepreview":"large","priority":null,"frequency":null,"local_seo":null,"limit_modified_date":false,"ai":null,"breadcrumb_settings":null,"seo_analyzer_scan_date":null,"created":"2026-08-04 23:07:44","updated":"2026-08-04 23:07:44","focus_keyword":null,"additional_keywords":null,"truseo_locale":null},"aioseo_breadcrumb":"<div class=\"aioseo-breadcrumbs\"><span class=\"aioseo-breadcrumb\">\n\t\t\t<a href=\"https:\/\/www.binauralmedia.org\/news\" title=\"Home\">Home<\/a>\n\t\t<\/span><span class=\"aioseo-breadcrumb-separator\">&raquo;<\/span><span class=\"aioseo-breadcrumb\">\n\t\t\t<a href=\"https:\/\/www.binauralmedia.org\/news\/arquivo\/portfolio-items\" title=\"Portfolio\">Portfolio<\/a>\n\t\t<\/span><span class=\"aioseo-breadcrumb-separator\">&raquo;<\/span><span class=\"aioseo-breadcrumb\">\n\t\t\t<a href=\"https:\/\/www.binauralmedia.org\/news\/portfolio_category\/artistas\" title=\"Artistas\">Artistas<\/a>\n\t\t<\/span><span class=\"aioseo-breadcrumb-separator\">&raquo;<\/span><span class=\"aioseo-breadcrumb\">\n\t\t\t<a href=\"https:\/\/www.binauralmedia.org\/news\/portfolio_category\/2014\" title=\"2014\">2014<\/a>\n\t\t<\/span><span class=\"aioseo-breadcrumb-separator\">&raquo;<\/span><span class=\"aioseo-breadcrumb\">\n\t\t\tJo\u00e3o Farelo\n\t\t<\/span><\/div>","aioseo_breadcrumb_json":[{"label":"Home","link":"https:\/\/www.binauralmedia.org\/news"},{"label":"Portfolio","link":"https:\/\/www.binauralmedia.org\/news\/arquivo\/portfolio-items"},{"label":"Artistas","link":"https:\/\/www.binauralmedia.org\/news\/portfolio_category\/artistas"},{"label":"2014","link":"https:\/\/www.binauralmedia.org\/news\/portfolio_category\/2014"},{"label":"Jo\u00e3o Farelo","link":"https:\/\/www.binauralmedia.org\/news\/arquivo\/portfolio-items\/joao-farelo"}],"_links":{"self":[{"href":"https:\/\/www.binauralmedia.org\/news\/wp-json\/wp\/v2\/avada_portfolio\/18755","targetHints":{"allow":["GET"]}}],"collection":[{"href":"https:\/\/www.binauralmedia.org\/news\/wp-json\/wp\/v2\/avada_portfolio"}],"about":[{"href":"https:\/\/www.binauralmedia.org\/news\/wp-json\/wp\/v2\/types\/avada_portfolio"}],"author":[{"embeddable":true,"href":"https:\/\/www.binauralmedia.org\/news\/wp-json\/wp\/v2\/users\/2"}],"replies":[{"embeddable":true,"href":"https:\/\/www.binauralmedia.org\/news\/wp-json\/wp\/v2\/comments?post=18755"}],"version-history":[{"count":2,"href":"https:\/\/www.binauralmedia.org\/news\/wp-json\/wp\/v2\/avada_portfolio\/18755\/revisions"}],"predecessor-version":[{"id":19437,"href":"https:\/\/www.binauralmedia.org\/news\/wp-json\/wp\/v2\/avada_portfolio\/18755\/revisions\/19437"}],"wp:featuredmedia":[{"embeddable":true,"href":"https:\/\/www.binauralmedia.org\/news\/wp-json\/wp\/v2\/media\/18756"}],"wp:attachment":[{"href":"https:\/\/www.binauralmedia.org\/news\/wp-json\/wp\/v2\/media?parent=18755"}],"wp:term":[{"taxonomy":"portfolio_category","embeddable":true,"href":"https:\/\/www.binauralmedia.org\/news\/wp-json\/wp\/v2\/portfolio_category?post=18755"},{"taxonomy":"portfolio_skills","embeddable":true,"href":"https:\/\/www.binauralmedia.org\/news\/wp-json\/wp\/v2\/portfolio_skills?post=18755"},{"taxonomy":"portfolio_tags","embeddable":true,"href":"https:\/\/www.binauralmedia.org\/news\/wp-json\/wp\/v2\/portfolio_tags?post=18755"}],"curies":[{"name":"wp","href":"https:\/\/api.w.org\/{rel}","templated":true}]}}