{"id":18644,"date":"2023-06-27T08:06:48","date_gmt":"2023-06-27T08:06:48","guid":{"rendered":"https:\/\/www.binauralmedia.org\/news?post_type=avada_portfolio&#038;p=18644"},"modified":"2023-06-27T08:17:05","modified_gmt":"2023-06-27T08:17:05","slug":"coletivo-uvba","status":"publish","type":"avada_portfolio","link":"https:\/\/www.binauralmedia.org\/news\/arquivo\/portfolio-items\/coletivo-uvba","title":{"rendered":"Coletivo UVBA"},"content":{"rendered":"<div>\n<div>\n<p><strong>Projecto: Santo<\/strong><\/p>\n<\/div>\n<div>\n<p>A nossa reflex\u00e3o centra-se na hist\u00f3ria de duas capelas (afastadas por umas centenas de metros) que concorrem no culto ao mesmo santo \u2014 S. Mac\u00e1rio (S\u00e3o Pedro doSul). Queremos &#8220;vivenci\u00e1-las&#8221;, medi-las, marc\u00e1-las, rezar nelas e construir rela\u00e7\u00f5es entre as ermidas, as suas narrativas e as comunidades que as utilizam. Aquilo que ser\u00e1 apresentado no final da resid\u00eancia, fruto dessa experi\u00eancia, est\u00e1 completamente em aberto.<\/p>\n<\/div>\n<div>\n<p>O Colectivo UVBA, descendente do Departamento de Comunica\u00e7\u00e3o e Arte da Universidade de Aveiro, incorpora um conjunto de artistas de diferentes \u00e1reas com interesses comuns: performance, v\u00eddeo, (an)arquitectura, land art, redes sociais e cidade, que se encontram para desenvolver projectos, conversar, estudar, jantar, beber e discutir, n\u00e3o necessariamente por esta ordem. O colectivo procura investigar e reflectir sobre quest\u00f5es relativas \u00e0 vida, \u00e0s pr\u00e1ticas art\u00edsticas contempor\u00e2neas e a tudo o resto.<\/p>\n<\/div>\n<div>\n<p>Jo\u00e3o Vilnei (Brasil) \u00e9 mestre (2009) em Cria\u00e7\u00e3o Art\u00edstica Contempor\u00e2nea pela Universidade de Aveiro \u2013 Portugal e bacharel (2006) em Comunica\u00e7\u00e3o Social\/Publicidade e Propaganda pela Universidade Federal do Cear\u00e1. Artista visual e performer, integra ainda o Laborat\u00f3rio de Investiga\u00e7\u00e3o em Corpo, Comunica\u00e7\u00e3o e Arte \u2013 LICCA<\/p>\n<\/div>\n<div>\n<p>Pedro Pais Correia (Portugal) mestre em Cria\u00e7\u00e3o Art\u00edstica Contempor\u00e2nea pela Universidade de Aveiro e professor no ensino p\u00fablico.<\/p>\n<\/div>\n<div>\n<p>Ana Saraiva Em 1998 concluiu a licenciatura em Antropologia, pela Universidade Nova de Lisboa (UNL). Em 2007 concluiu o Mestrado em Museologia e Patrim\u00f3nio, pela UNL, com especializa\u00e7\u00e3o em Programa\u00e7\u00e3o e Gest\u00e3o de Museus e Patrim\u00f3nios. Em 2010 concluiu os Altos Estudos em Antropologia (UNL). Frequenta o Curso de Doutoramento em Antropologia (UNL), com o projecto de investiga\u00e7\u00e3o \u201cExpress\u00f5es da arquitectura popular e os processos de representa\u00e7\u00f5es identit\u00e1rias\u201d. Em 1999 desempenhou fun\u00e7\u00f5es como Antrop\u00f3loga no Munic\u00edpio de G\u00f3is, com estudo centrado nas aldeias serranas de G\u00f3is \u2013 pr\u00e1ticas de comunitarismo; em 2000 integrou equipa pluridisciplinar do Plano de Ac\u00e7\u00e3o Local e do Plano de Pormenor e Salvaguarda do Centro Hist\u00f3rico de Belver, Munic\u00edpio de Gavi\u00e3o. Desde 2001 exerce fun\u00e7\u00f5es no Munic\u00edpio de Our\u00e9m, assumindo actualmente a chefia da Divis\u00e3o de Ac\u00e7\u00e3o Cultural e a direc\u00e7\u00e3o do Museu Municipal. Tem desenvolvido e participado em projectos de estudo e de programa\u00e7\u00e3o nas \u00e1reas disciplinares da Antropologia e da Museologia, resultado em publica\u00e7\u00f5es ligadas a discursos de representa\u00e7\u00e3o cultural.<\/p>\n<\/div>\n<div>\n<p>Pedro Silva ( Oliveira de Frades, 1974 ). Arquiteto pela Universidade Lus\u00edada em 1997. Enquanto jovem colaborador, em Lisboa, com Alexandre Marques Pereira, Philip Cabau, Manuel Ta\u00ednha e no Atelier do Chiado, desenvolveu concursos nacionais e internacionais e alguns projetos pontuais. J\u00e1 em Oliveira de Frades, em 2007, abre um atelier pr\u00f3prio ( psaa arquitectura ), onde tem desenvolvido trabalhos no \u00e2mbito da arquitetura, do planeamento e do design. Paralelamente, tem mantido uma atividade como professor do ensino p\u00fablico e mais recentemente ( 2012) como assistente convidado do curso de arquitetura da Universidade Cat\u00f3lica em Viseu. Entre 2007 e 2012 frequentou o mestrado em Cria\u00e7\u00e3o Art\u00edstica Contempor\u00e2nea na Universidade de Aveiro. Neste contexto, integra atualmente o \u201ccoletivo uvba\u201d tendo participado recentemente no concurso internacional \u201cPerformance Architecture\u201c para a Capital Europeia da Cultura-Guimar\u00e3es 2012.<\/p>\n<\/div>\n<\/div>\n","protected":false},"excerpt":{"rendered":"<p>Projecto: Santo A nossa reflex\u00e3o centra-se na hist\u00f3ria de duas  [&#8230;]<\/p>\n","protected":false},"author":2,"featured_media":18645,"menu_order":0,"comment_status":"closed","ping_status":"closed","template":"","format":"standard","meta":{"_acf_changed":false,"_bbp_topic_count":0,"_bbp_reply_count":0,"_bbp_total_topic_count":0,"_bbp_total_reply_count":0,"_bbp_voice_count":0,"_bbp_anonymous_reply_count":0,"_bbp_topic_count_hidden":0,"_bbp_reply_count_hidden":0,"_bbp_forum_subforum_count":0,"footnotes":""},"portfolio_category":[1238],"portfolio_skills":[],"portfolio_tags":[],"class_list":["post-18644","avada_portfolio","type-avada_portfolio","status-publish","format-standard","has-post-thumbnail","hentry","portfolio_category-1238"],"acf":[],"aioseo_notices":[],"aioseo_head":"\n\t\t<!-- All in One SEO 5.0.1.1 - aioseo.com -->\n\t<meta name=\"description\" content=\"Projecto: Santo A nossa reflex\u00e3o centra-se na hist\u00f3ria de duas capelas (afastadas por umas centenas de metros) que concorrem no culto ao mesmo santo \u2014 S. Mac\u00e1rio (S\u00e3o Pedro doSul). Queremos &quot;vivenci\u00e1-las&quot;, medi-las, marc\u00e1-las, rezar nelas e construir rela\u00e7\u00f5es entre as ermidas, as suas narrativas e as comunidades que as utilizam. Aquilo que ser\u00e1 apresentado\" \/>\n\t<meta name=\"robots\" content=\"max-image-preview:large\" \/>\n\t<meta name=\"author\" content=\"luiscosta\"\/>\n\t<link rel=\"canonical\" href=\"https:\/\/www.binauralmedia.org\/news\/arquivo\/portfolio-items\/coletivo-uvba\" \/>\n\t<meta name=\"generator\" content=\"All in One SEO (AIOSEO) 5.0.1.1\" \/>\n\t\t<meta property=\"og:locale\" content=\"pt_PT\" \/>\n\t\t<meta property=\"og:site_name\" content=\"binauralmedia.org - Rural Based Sound\/Media Arts &amp; Social Research\" \/>\n\t\t<meta property=\"og:type\" content=\"article\" \/>\n\t\t<meta property=\"og:title\" content=\"Coletivo UVBA - binauralmedia.org\" \/>\n\t\t<meta property=\"og:description\" content=\"Projecto: Santo A nossa reflex\u00e3o centra-se na hist\u00f3ria de duas capelas (afastadas por umas centenas de metros) que concorrem no culto ao mesmo santo \u2014 S. Mac\u00e1rio (S\u00e3o Pedro doSul). Queremos &quot;vivenci\u00e1-las&quot;, medi-las, marc\u00e1-las, rezar nelas e construir rela\u00e7\u00f5es entre as ermidas, as suas narrativas e as comunidades que as utilizam. Aquilo que ser\u00e1 apresentado\" \/>\n\t\t<meta property=\"og:url\" content=\"https:\/\/www.binauralmedia.org\/news\/arquivo\/portfolio-items\/coletivo-uvba\" \/>\n\t\t<meta property=\"article:published_time\" content=\"2023-06-27T08:06:48+00:00\" \/>\n\t\t<meta property=\"article:modified_time\" content=\"2023-06-27T08:17:05+00:00\" \/>\n\t\t<meta name=\"twitter:card\" content=\"summary_large_image\" \/>\n\t\t<meta name=\"twitter:title\" content=\"Coletivo UVBA - binauralmedia.org\" \/>\n\t\t<meta name=\"twitter:description\" content=\"Projecto: Santo A nossa reflex\u00e3o centra-se na hist\u00f3ria de duas capelas (afastadas por umas centenas de metros) que concorrem no culto ao mesmo santo \u2014 S. Mac\u00e1rio (S\u00e3o Pedro doSul). Queremos &quot;vivenci\u00e1-las&quot;, medi-las, marc\u00e1-las, rezar nelas e construir rela\u00e7\u00f5es entre as ermidas, as suas narrativas e as comunidades que as utilizam. Aquilo que ser\u00e1 apresentado\" \/>\n\t\t<script type=\"application\/ld+json\" class=\"aioseo-schema\">\n\t\t\t{\"@context\":\"https:\\\/\\\/schema.org\",\"@graph\":[{\"@type\":\"BreadcrumbList\",\"@id\":\"https:\\\/\\\/www.binauralmedia.org\\\/news\\\/arquivo\\\/portfolio-items\\\/coletivo-uvba#breadcrumblist\",\"itemListElement\":[{\"@type\":\"ListItem\",\"@id\":\"https:\\\/\\\/www.binauralmedia.org\\\/news#listItem\",\"position\":1,\"name\":\"Home\",\"item\":\"https:\\\/\\\/www.binauralmedia.org\\\/news\",\"nextItem\":{\"@type\":\"ListItem\",\"@id\":\"https:\\\/\\\/www.binauralmedia.org\\\/news\\\/arquivo\\\/portfolio-items#listItem\",\"name\":\"Portfolio\"}},{\"@type\":\"ListItem\",\"@id\":\"https:\\\/\\\/www.binauralmedia.org\\\/news\\\/arquivo\\\/portfolio-items#listItem\",\"position\":2,\"name\":\"Portfolio\",\"item\":\"https:\\\/\\\/www.binauralmedia.org\\\/news\\\/arquivo\\\/portfolio-items\",\"nextItem\":{\"@type\":\"ListItem\",\"@id\":\"https:\\\/\\\/www.binauralmedia.org\\\/news\\\/portfolio_category\\\/artistas#listItem\",\"name\":\"Artistas\"},\"previousItem\":{\"@type\":\"ListItem\",\"@id\":\"https:\\\/\\\/www.binauralmedia.org\\\/news#listItem\",\"name\":\"Home\"}},{\"@type\":\"ListItem\",\"@id\":\"https:\\\/\\\/www.binauralmedia.org\\\/news\\\/portfolio_category\\\/artistas#listItem\",\"position\":3,\"name\":\"Artistas\",\"item\":\"https:\\\/\\\/www.binauralmedia.org\\\/news\\\/portfolio_category\\\/artistas\",\"nextItem\":{\"@type\":\"ListItem\",\"@id\":\"https:\\\/\\\/www.binauralmedia.org\\\/news\\\/portfolio_category\\\/2012#listItem\",\"name\":\"2012\"},\"previousItem\":{\"@type\":\"ListItem\",\"@id\":\"https:\\\/\\\/www.binauralmedia.org\\\/news\\\/arquivo\\\/portfolio-items#listItem\",\"name\":\"Portfolio\"}},{\"@type\":\"ListItem\",\"@id\":\"https:\\\/\\\/www.binauralmedia.org\\\/news\\\/portfolio_category\\\/2012#listItem\",\"position\":4,\"name\":\"2012\",\"item\":\"https:\\\/\\\/www.binauralmedia.org\\\/news\\\/portfolio_category\\\/2012\",\"nextItem\":{\"@type\":\"ListItem\",\"@id\":\"https:\\\/\\\/www.binauralmedia.org\\\/news\\\/arquivo\\\/portfolio-items\\\/coletivo-uvba#listItem\",\"name\":\"Coletivo UVBA\"},\"previousItem\":{\"@type\":\"ListItem\",\"@id\":\"https:\\\/\\\/www.binauralmedia.org\\\/news\\\/portfolio_category\\\/artistas#listItem\",\"name\":\"Artistas\"}},{\"@type\":\"ListItem\",\"@id\":\"https:\\\/\\\/www.binauralmedia.org\\\/news\\\/arquivo\\\/portfolio-items\\\/coletivo-uvba#listItem\",\"position\":5,\"name\":\"Coletivo UVBA\",\"previousItem\":{\"@type\":\"ListItem\",\"@id\":\"https:\\\/\\\/www.binauralmedia.org\\\/news\\\/portfolio_category\\\/2012#listItem\",\"name\":\"2012\"}}]},{\"@type\":\"Organization\",\"@id\":\"https:\\\/\\\/www.binauralmedia.org\\\/news\\\/#organization\",\"name\":\"binauralmedia.org\",\"description\":\"Rural Based Sound\\\/Media Arts & Social Research\",\"url\":\"https:\\\/\\\/www.binauralmedia.org\\\/news\\\/\"},{\"@type\":\"Person\",\"@id\":\"https:\\\/\\\/www.binauralmedia.org\\\/news\\\/arquivo\\\/author\\\/luiscosta#author\",\"url\":\"https:\\\/\\\/www.binauralmedia.org\\\/news\\\/arquivo\\\/author\\\/luiscosta\",\"name\":\"luiscosta\"},{\"@type\":\"WebPage\",\"@id\":\"https:\\\/\\\/www.binauralmedia.org\\\/news\\\/arquivo\\\/portfolio-items\\\/coletivo-uvba#webpage\",\"url\":\"https:\\\/\\\/www.binauralmedia.org\\\/news\\\/arquivo\\\/portfolio-items\\\/coletivo-uvba\",\"name\":\"Coletivo UVBA - binauralmedia.org\",\"description\":\"Projecto: Santo A nossa reflex\\u00e3o centra-se na hist\\u00f3ria de duas capelas (afastadas por umas centenas de metros) que concorrem no culto ao mesmo santo \\u2014 S. Mac\\u00e1rio (S\\u00e3o Pedro doSul). Queremos \\\"vivenci\\u00e1-las\\\", medi-las, marc\\u00e1-las, rezar nelas e construir rela\\u00e7\\u00f5es entre as ermidas, as suas narrativas e as comunidades que as utilizam. Aquilo que ser\\u00e1 apresentado\",\"inLanguage\":\"pt-PT\",\"isPartOf\":{\"@id\":\"https:\\\/\\\/www.binauralmedia.org\\\/news\\\/#website\"},\"breadcrumb\":{\"@id\":\"https:\\\/\\\/www.binauralmedia.org\\\/news\\\/arquivo\\\/portfolio-items\\\/coletivo-uvba#breadcrumblist\"},\"author\":{\"@id\":\"https:\\\/\\\/www.binauralmedia.org\\\/news\\\/arquivo\\\/author\\\/luiscosta#author\"},\"creator\":{\"@id\":\"https:\\\/\\\/www.binauralmedia.org\\\/news\\\/arquivo\\\/author\\\/luiscosta#author\"},\"image\":{\"@type\":\"ImageObject\",\"url\":\"https:\\\/\\\/www.binauralmedia.org\\\/news\\\/wp-content\\\/uploads\\\/2012-04-Coletivo-UVBA.png\",\"@id\":\"https:\\\/\\\/www.binauralmedia.org\\\/news\\\/arquivo\\\/portfolio-items\\\/coletivo-uvba\\\/#mainImage\",\"width\":1200,\"height\":800},\"primaryImageOfPage\":{\"@id\":\"https:\\\/\\\/www.binauralmedia.org\\\/news\\\/arquivo\\\/portfolio-items\\\/coletivo-uvba#mainImage\"},\"datePublished\":\"2023-06-27T08:06:48+00:00\",\"dateModified\":\"2023-06-27T08:17:05+00:00\"},{\"@type\":\"WebSite\",\"@id\":\"https:\\\/\\\/www.binauralmedia.org\\\/news\\\/#website\",\"url\":\"https:\\\/\\\/www.binauralmedia.org\\\/news\\\/\",\"name\":\"binauralmedia.org\",\"description\":\"Rural Based Sound\\\/Media Arts & Social Research\",\"inLanguage\":\"pt-PT\",\"publisher\":{\"@id\":\"https:\\\/\\\/www.binauralmedia.org\\\/news\\\/#organization\"}}]}\n\t\t<\/script>\n\t\t<!-- All in One SEO -->\n\n","aioseo_head_json":{"title":"Coletivo UVBA - binauralmedia.org","description":"Projecto: Santo A nossa reflex\u00e3o centra-se na hist\u00f3ria de duas capelas (afastadas por umas centenas de metros) que concorrem no culto ao mesmo santo \u2014 S. Mac\u00e1rio (S\u00e3o Pedro doSul). Queremos \"vivenci\u00e1-las\", medi-las, marc\u00e1-las, rezar nelas e construir rela\u00e7\u00f5es entre as ermidas, as suas narrativas e as comunidades que as utilizam. Aquilo que ser\u00e1 apresentado","canonical_url":"https:\/\/www.binauralmedia.org\/news\/arquivo\/portfolio-items\/coletivo-uvba","robots":"max-image-preview:large","keywords":"","webmasterTools":{"miscellaneous":""},"schema":{"@context":"https:\/\/schema.org","@graph":[{"@type":"BreadcrumbList","@id":"https:\/\/www.binauralmedia.org\/news\/arquivo\/portfolio-items\/coletivo-uvba#breadcrumblist","itemListElement":[{"@type":"ListItem","@id":"https:\/\/www.binauralmedia.org\/news#listItem","position":1,"name":"Home","item":"https:\/\/www.binauralmedia.org\/news","nextItem":{"@type":"ListItem","@id":"https:\/\/www.binauralmedia.org\/news\/arquivo\/portfolio-items#listItem","name":"Portfolio"}},{"@type":"ListItem","@id":"https:\/\/www.binauralmedia.org\/news\/arquivo\/portfolio-items#listItem","position":2,"name":"Portfolio","item":"https:\/\/www.binauralmedia.org\/news\/arquivo\/portfolio-items","nextItem":{"@type":"ListItem","@id":"https:\/\/www.binauralmedia.org\/news\/portfolio_category\/artistas#listItem","name":"Artistas"},"previousItem":{"@type":"ListItem","@id":"https:\/\/www.binauralmedia.org\/news#listItem","name":"Home"}},{"@type":"ListItem","@id":"https:\/\/www.binauralmedia.org\/news\/portfolio_category\/artistas#listItem","position":3,"name":"Artistas","item":"https:\/\/www.binauralmedia.org\/news\/portfolio_category\/artistas","nextItem":{"@type":"ListItem","@id":"https:\/\/www.binauralmedia.org\/news\/portfolio_category\/2012#listItem","name":"2012"},"previousItem":{"@type":"ListItem","@id":"https:\/\/www.binauralmedia.org\/news\/arquivo\/portfolio-items#listItem","name":"Portfolio"}},{"@type":"ListItem","@id":"https:\/\/www.binauralmedia.org\/news\/portfolio_category\/2012#listItem","position":4,"name":"2012","item":"https:\/\/www.binauralmedia.org\/news\/portfolio_category\/2012","nextItem":{"@type":"ListItem","@id":"https:\/\/www.binauralmedia.org\/news\/arquivo\/portfolio-items\/coletivo-uvba#listItem","name":"Coletivo UVBA"},"previousItem":{"@type":"ListItem","@id":"https:\/\/www.binauralmedia.org\/news\/portfolio_category\/artistas#listItem","name":"Artistas"}},{"@type":"ListItem","@id":"https:\/\/www.binauralmedia.org\/news\/arquivo\/portfolio-items\/coletivo-uvba#listItem","position":5,"name":"Coletivo UVBA","previousItem":{"@type":"ListItem","@id":"https:\/\/www.binauralmedia.org\/news\/portfolio_category\/2012#listItem","name":"2012"}}]},{"@type":"Organization","@id":"https:\/\/www.binauralmedia.org\/news\/#organization","name":"binauralmedia.org","description":"Rural Based Sound\/Media Arts & Social Research","url":"https:\/\/www.binauralmedia.org\/news\/"},{"@type":"Person","@id":"https:\/\/www.binauralmedia.org\/news\/arquivo\/author\/luiscosta#author","url":"https:\/\/www.binauralmedia.org\/news\/arquivo\/author\/luiscosta","name":"luiscosta"},{"@type":"WebPage","@id":"https:\/\/www.binauralmedia.org\/news\/arquivo\/portfolio-items\/coletivo-uvba#webpage","url":"https:\/\/www.binauralmedia.org\/news\/arquivo\/portfolio-items\/coletivo-uvba","name":"Coletivo UVBA - binauralmedia.org","description":"Projecto: Santo A nossa reflex\u00e3o centra-se na hist\u00f3ria de duas capelas (afastadas por umas centenas de metros) que concorrem no culto ao mesmo santo \u2014 S. Mac\u00e1rio (S\u00e3o Pedro doSul). Queremos \"vivenci\u00e1-las\", medi-las, marc\u00e1-las, rezar nelas e construir rela\u00e7\u00f5es entre as ermidas, as suas narrativas e as comunidades que as utilizam. Aquilo que ser\u00e1 apresentado","inLanguage":"pt-PT","isPartOf":{"@id":"https:\/\/www.binauralmedia.org\/news\/#website"},"breadcrumb":{"@id":"https:\/\/www.binauralmedia.org\/news\/arquivo\/portfolio-items\/coletivo-uvba#breadcrumblist"},"author":{"@id":"https:\/\/www.binauralmedia.org\/news\/arquivo\/author\/luiscosta#author"},"creator":{"@id":"https:\/\/www.binauralmedia.org\/news\/arquivo\/author\/luiscosta#author"},"image":{"@type":"ImageObject","url":"https:\/\/www.binauralmedia.org\/news\/wp-content\/uploads\/2012-04-Coletivo-UVBA.png","@id":"https:\/\/www.binauralmedia.org\/news\/arquivo\/portfolio-items\/coletivo-uvba\/#mainImage","width":1200,"height":800},"primaryImageOfPage":{"@id":"https:\/\/www.binauralmedia.org\/news\/arquivo\/portfolio-items\/coletivo-uvba#mainImage"},"datePublished":"2023-06-27T08:06:48+00:00","dateModified":"2023-06-27T08:17:05+00:00"},{"@type":"WebSite","@id":"https:\/\/www.binauralmedia.org\/news\/#website","url":"https:\/\/www.binauralmedia.org\/news\/","name":"binauralmedia.org","description":"Rural Based Sound\/Media Arts & Social Research","inLanguage":"pt-PT","publisher":{"@id":"https:\/\/www.binauralmedia.org\/news\/#organization"}}]},"og:locale":"pt_PT","og:site_name":"binauralmedia.org - Rural Based Sound\/Media Arts &amp; Social Research","og:type":"article","og:title":"Coletivo UVBA - binauralmedia.org","og:description":"Projecto: Santo A nossa reflex\u00e3o centra-se na hist\u00f3ria de duas capelas (afastadas por umas centenas de metros) que concorrem no culto ao mesmo santo \u2014 S. Mac\u00e1rio (S\u00e3o Pedro doSul). Queremos &quot;vivenci\u00e1-las&quot;, medi-las, marc\u00e1-las, rezar nelas e construir rela\u00e7\u00f5es entre as ermidas, as suas narrativas e as comunidades que as utilizam. Aquilo que ser\u00e1 apresentado","og:url":"https:\/\/www.binauralmedia.org\/news\/arquivo\/portfolio-items\/coletivo-uvba","article:published_time":"2023-06-27T08:06:48+00:00","article:modified_time":"2023-06-27T08:17:05+00:00","twitter:card":"summary_large_image","twitter:title":"Coletivo UVBA - binauralmedia.org","twitter:description":"Projecto: Santo A nossa reflex\u00e3o centra-se na hist\u00f3ria de duas capelas (afastadas por umas centenas de metros) que concorrem no culto ao mesmo santo \u2014 S. Mac\u00e1rio (S\u00e3o Pedro doSul). Queremos &quot;vivenci\u00e1-las&quot;, medi-las, marc\u00e1-las, rezar nelas e construir rela\u00e7\u00f5es entre as ermidas, as suas narrativas e as comunidades que as utilizam. Aquilo que ser\u00e1 apresentado"},"aioseo_meta_data":{"post_id":"18644","title":null,"description":null,"keywords":null,"keyphrases":null,"primary_term":null,"canonical_url":null,"og_title":null,"og_description":null,"og_object_type":"default","og_image_type":"default","og_image_custom_url":null,"og_image_custom_fields":null,"og_image_url":null,"og_image_width":null,"og_image_height":null,"og_video":null,"og_custom_url":null,"og_article_section":null,"og_article_tags":null,"twitter_use_og":false,"twitter_card":"default","twitter_image_type":"default","twitter_image_custom_url":null,"twitter_image_custom_fields":null,"twitter_image_url":null,"twitter_title":null,"twitter_description":null,"schema_type":"default","schema_type_options":null,"schema":{"blockGraphs":[],"customGraphs":[],"default":{"data":{"Article":[],"Course":[],"Dataset":[],"FAQPage":[],"Movie":[],"Person":[],"Product":[],"ProductReview":[],"Car":[],"Recipe":[],"Service":[],"SoftwareApplication":[],"WebPage":[]},"graphName":"","isEnabled":true},"graphs":[]},"pillar_content":false,"robots_default":true,"robots_noindex":false,"robots_noarchive":false,"robots_nosnippet":false,"robots_nofollow":false,"robots_noimageindex":false,"robots_noodp":false,"robots_notranslate":false,"robots_max_snippet":null,"robots_max_videopreview":null,"robots_max_imagepreview":"large","priority":null,"frequency":null,"local_seo":null,"limit_modified_date":false,"ai":null,"breadcrumb_settings":null,"seo_analyzer_scan_date":null,"created":"2026-08-04 23:02:39","updated":"2026-08-04 23:02:39","focus_keyword":null,"additional_keywords":null,"truseo_locale":null},"aioseo_breadcrumb":"<div class=\"aioseo-breadcrumbs\"><span class=\"aioseo-breadcrumb\">\n\t\t\t<a href=\"https:\/\/www.binauralmedia.org\/news\" title=\"Home\">Home<\/a>\n\t\t<\/span><span class=\"aioseo-breadcrumb-separator\">&raquo;<\/span><span class=\"aioseo-breadcrumb\">\n\t\t\t<a href=\"https:\/\/www.binauralmedia.org\/news\/arquivo\/portfolio-items\" title=\"Portfolio\">Portfolio<\/a>\n\t\t<\/span><span class=\"aioseo-breadcrumb-separator\">&raquo;<\/span><span class=\"aioseo-breadcrumb\">\n\t\t\t<a href=\"https:\/\/www.binauralmedia.org\/news\/portfolio_category\/artistas\" title=\"Artistas\">Artistas<\/a>\n\t\t<\/span><span class=\"aioseo-breadcrumb-separator\">&raquo;<\/span><span class=\"aioseo-breadcrumb\">\n\t\t\t<a href=\"https:\/\/www.binauralmedia.org\/news\/portfolio_category\/2012\" title=\"2012\">2012<\/a>\n\t\t<\/span><span class=\"aioseo-breadcrumb-separator\">&raquo;<\/span><span class=\"aioseo-breadcrumb\">\n\t\t\tColetivo UVBA\n\t\t<\/span><\/div>","aioseo_breadcrumb_json":[{"label":"Home","link":"https:\/\/www.binauralmedia.org\/news"},{"label":"Portfolio","link":"https:\/\/www.binauralmedia.org\/news\/arquivo\/portfolio-items"},{"label":"Artistas","link":"https:\/\/www.binauralmedia.org\/news\/portfolio_category\/artistas"},{"label":"2012","link":"https:\/\/www.binauralmedia.org\/news\/portfolio_category\/2012"},{"label":"Coletivo UVBA","link":"https:\/\/www.binauralmedia.org\/news\/arquivo\/portfolio-items\/coletivo-uvba"}],"_links":{"self":[{"href":"https:\/\/www.binauralmedia.org\/news\/wp-json\/wp\/v2\/avada_portfolio\/18644","targetHints":{"allow":["GET"]}}],"collection":[{"href":"https:\/\/www.binauralmedia.org\/news\/wp-json\/wp\/v2\/avada_portfolio"}],"about":[{"href":"https:\/\/www.binauralmedia.org\/news\/wp-json\/wp\/v2\/types\/avada_portfolio"}],"author":[{"embeddable":true,"href":"https:\/\/www.binauralmedia.org\/news\/wp-json\/wp\/v2\/users\/2"}],"replies":[{"embeddable":true,"href":"https:\/\/www.binauralmedia.org\/news\/wp-json\/wp\/v2\/comments?post=18644"}],"version-history":[{"count":1,"href":"https:\/\/www.binauralmedia.org\/news\/wp-json\/wp\/v2\/avada_portfolio\/18644\/revisions"}],"predecessor-version":[{"id":18647,"href":"https:\/\/www.binauralmedia.org\/news\/wp-json\/wp\/v2\/avada_portfolio\/18644\/revisions\/18647"}],"wp:featuredmedia":[{"embeddable":true,"href":"https:\/\/www.binauralmedia.org\/news\/wp-json\/wp\/v2\/media\/18645"}],"wp:attachment":[{"href":"https:\/\/www.binauralmedia.org\/news\/wp-json\/wp\/v2\/media?parent=18644"}],"wp:term":[{"taxonomy":"portfolio_category","embeddable":true,"href":"https:\/\/www.binauralmedia.org\/news\/wp-json\/wp\/v2\/portfolio_category?post=18644"},{"taxonomy":"portfolio_skills","embeddable":true,"href":"https:\/\/www.binauralmedia.org\/news\/wp-json\/wp\/v2\/portfolio_skills?post=18644"},{"taxonomy":"portfolio_tags","embeddable":true,"href":"https:\/\/www.binauralmedia.org\/news\/wp-json\/wp\/v2\/portfolio_tags?post=18644"}],"curies":[{"name":"wp","href":"https:\/\/api.w.org\/{rel}","templated":true}]}}