{"id":18641,"date":"2023-06-26T11:06:15","date_gmt":"2023-06-26T11:06:15","guid":{"rendered":"https:\/\/www.binauralmedia.org\/news?post_type=avada_portfolio&#038;p=18641"},"modified":"2023-06-26T11:14:01","modified_gmt":"2023-06-26T11:14:01","slug":"coletivo-amsz","status":"publish","type":"avada_portfolio","link":"https:\/\/www.binauralmedia.org\/news\/arquivo\/portfolio-items\/coletivo-amsz","title":{"rendered":"Coletivo AMSZ"},"content":{"rendered":"<div class=\"fusion-fullwidth fullwidth-box fusion-builder-row-1 fusion-flex-container nonhundred-percent-fullwidth non-hundred-percent-height-scrolling\" style=\"--awb-border-radius-top-left:0px;--awb-border-radius-top-right:0px;--awb-border-radius-bottom-right:0px;--awb-border-radius-bottom-left:0px;--awb-flex-wrap:wrap;\" ><div class=\"fusion-builder-row fusion-row fusion-flex-align-items-flex-start fusion-flex-content-wrap\" style=\"max-width:1144px;margin-left: calc(-4% \/ 2 );margin-right: calc(-4% \/ 2 );\"><div class=\"fusion-layout-column fusion_builder_column fusion-builder-column-0 fusion_builder_column_1_1 1_1 fusion-flex-column\" style=\"--awb-bg-size:cover;--awb-width-large:100%;--awb-margin-top-large:0px;--awb-spacing-right-large:1.92%;--awb-margin-bottom-large:0px;--awb-spacing-left-large:1.92%;--awb-width-medium:100%;--awb-spacing-right-medium:1.92%;--awb-spacing-left-medium:1.92%;--awb-width-small:100%;--awb-spacing-right-small:1.92%;--awb-spacing-left-small:1.92%;\"><div class=\"fusion-column-wrapper fusion-flex-justify-content-flex-start fusion-content-layout-column\"><div class=\"fusion-text fusion-text-1\"><div>\n<p><strong>Sem T\u00edtulo<\/strong><\/p>\n<p>(Re)Rural \u00e9 um projecto centrado na an\u00e1lise de tr\u00eas vertentes distintas dos processos de transforma\u00e7\u00e3o no espa\u00e7o rural: o habitat, os usos e as pr\u00e1ticas do quotidiano. A leitura destes processos percorrer\u00e1 tr\u00eas escalas esp\u00e1cio-temporais, inter-relacionando o espa\u00e7o (o habitat e as tipologias associadas aos usos e pr\u00e1ticas do quotidiano) e o tempo (passado, presente e futuro), a partir de diferentes gera\u00e7\u00f5es (av\u00f3s, pais e filhos). Este ponto de partida direcionou o caso de estudo para a Aldeia de Manhouce, a \u00fanica com escola prim\u00e1ria a funcionar no contexto das Aldeias de Magaio. Tomar-se-\u00e1 como objeto de estudo este territ\u00f3rio e as hist\u00f3rias de vida da sua popula\u00e7\u00e3o, partindo de uma amostra de alunos do 4.\u00ba ano da Escola Prim\u00e1ria de Manhouce.<\/p>\n<\/div>\n<div>\n<p>Objectivos:<\/p>\n<\/div>\n<div>\n<p>-Estabelecer uma inter-rela\u00e7\u00e3o entre espa\u00e7o, tempo e as gera\u00e7\u00f5es envolvidas.<\/p>\n<\/div>\n<div>\n<p>-Desmontar as transforma\u00e7\u00f5es do espa\u00e7o rural ao longo do tempo: do habitat, dos usos e das pr\u00e1ticas do quotidiano, a partir das hist\u00f3rias devida de tr\u00eas gera\u00e7\u00f5es de habitantes (av\u00f3s, pais e filhos).<\/p>\n<\/div>\n<div>\n<p>-Reflectir sobre o impacto dessas transforma\u00e7\u00f5es no significado do conceito de \u201crural\u201d.<\/p>\n<\/div>\n<div>\n<p>-Identificar e questionar futuros cen\u00e1rios poss\u00edveis para o territ\u00f3rio em causa.<\/p>\n<\/div>\n<div>\n<p>-Suscitar e abrir o debate e a partilha de opini\u00e3o sobre as transforma\u00e7\u00f5es do espa\u00e7o, as necessidades e aspira\u00e7\u00f5es de quem nele habita.<\/p>\n<\/div>\n<div>\n<p>Ana Costa<\/p>\n<\/div>\n<div>\n<p>Formada em Arquitectura pela Faculdade de Arquitectura da Universidade T\u00e9cnica de Lisboa (FAUTL), o seu percurso profissional assenta nas \u00e1reas da arquitectura e da tradu\u00e7\u00e3o. Tem um particular interesse pela reabilita\u00e7\u00e3o da arquitectura e pelas cidades Patrim\u00f3nio da Humanidade da UNESCO, tendo frequentado o Mestrado em Reabilita\u00e7\u00e3o da Arquitectura e N\u00facleos Urbanos na FAUTL. Est\u00e1 actualmente envolvida num projecto de investiga\u00e7\u00e3o sobre Monumentos Nacionais com o apoio do International Council of Monuments and Sites (ICOMOS) de Portugal. O seu interesse na interdisciplinaridade da arquitectura leva-a a envolver-se em diversos projetos paralelos no \u00e2mbito cient\u00edfico e de investiga\u00e7\u00e3o, bem como no art\u00edstico, e aco-fundar recentemente uma plataforma internacional, platform[az], com enfoque na arquitectura e na interliga\u00e7\u00e3o desta com as diferentes \u00e1reas do saber e das artes.<\/p>\n<\/div>\n<div>\n<p>Maria Carlos Valverde<\/p>\n<\/div>\n<div>\n<p>Arquitecta, licenciada em Arquitectura de Gest\u00e3o Urban\u00edstica pela Faculdade de Arquitectura da Universidade T\u00e9cnica de Lisboa (FAUTL) em 2005. Foi bolseira ao abrigo do Programa S\u00f3crates\/Erasmus em 2003, tendo frequentado o 2.\u00ba semestredo 4.\u00ba ano na Faculdade de Arquitectura do Polit\u00e9cnico de Turim. Realizou o est\u00e1gio de ingresso \u00e0 Ordem dos Arquitectos no Gabinete T\u00e9cnico Local (GTL) em Trancoso (Aldeia Hist\u00f3rica de Portugal) e colaborou numa equipa multidisciplinar, onde desenvolveu Projectos de Arquitectura em diferentes escalas sob a orienta\u00e7\u00e3o da Prof. Doutora Isabel Raposo (2006-2007). Mestranda em Reabilita\u00e7\u00e3o da Arquitectura e N\u00facleos Urbanos na FAUTL, elabora actualmente a disserta\u00e7\u00e3o com o tema &#8220;Patrim\u00f3nio rural como factor de desenvolvimento local\u2013participa\u00e7\u00e3o da popula\u00e7\u00e3o entre espa\u00e7os de representa\u00e7\u00e3o e espa\u00e7os. vivenciais \u2013 Cogula e Aldeias de Magaio \u201dsob a orienta\u00e7\u00e3o da Prof. Margarida Moreira e Co-orienta\u00e7\u00e3o da Prof. Doutora Isabel Raposo. Em simult\u00e2neo, presta servi\u00e7os de arquitectura fundamentalmente em territ\u00f3rios de baixa densidade em contexto rural e na \u00e1rea da reabilita\u00e7\u00e3o.<\/p>\n<\/div>\n<div>\n<p>S\u00edlvia Branco Jorge<\/p>\n<\/div>\n<div>\n<p>Arquitecta, mestre em Reabilita\u00e7\u00e3o da Arquitectura e N\u00facleos Urbanos e doutoranda em Urbanismo pela Faculdade de Arquitectura da Universidade T\u00e9cnica de Lisboa (FAUTL), foi bolseira de investiga\u00e7\u00e3o da Funda\u00e7\u00e3o para a Ci\u00eancia e Tecnologia no projecto de investiga\u00e7\u00e3o \u201cReconvers\u00e3o e reinser\u00e7\u00e3o de bairros de g\u00e9nese ilegal\u201d, coordenado pela Professora Doutora Isabel Raposo. Recentemente, colaborou como Centro de Estudos e Desenvolvimento do Habitat, em Maputo, enquanto bolseirado Programa Inov-Art promovido pela Direc\u00e7\u00e3o Geral das Artes, e actualmente, de regresso a Portugal, integra a equipa do projecto de investiga\u00e7\u00e3o-ac\u00e7\u00e3o &#8220;Workshops de participa\u00e7\u00e3o e desenvolvimento de t\u00e9cnicas e processos de planeamento participado&#8221; na Vertente Sul de Odivelas, coordenado pela Professora Doutora Isabel Raposo, a decorrer no Centro de Investiga\u00e7\u00e3o em Arquitectura, Urbanismo e Designda FAUTL.<\/p>\n<\/div>\n<div>\n<p>Zoraima de FIGUEIREDO<\/p>\n<\/div>\n<div>\n<p>Arquitecta, licenciada pela Faculdade de Arquitectura da Universidade T\u00e9cnica de Lisboa (FAUTL), exerce a profiss\u00e3o de forma ininterrupta em ambiente de atelier h\u00e1 dez anos, acumulando experi\u00eancia em todas as \u00e1reas de projecto e no acompanhamento de obras. Destaca-se o seu interesse pelas artes, em particular pela fotografia, tendo-se dedicado ao longo dos \u00faltimos anos a fotografar arquitectura, bem como diversos outros temas e cenas do quotidiano. Participou em exposi\u00e7\u00f5es colectivas e j\u00e1 viu o seu trabalho publicado em diversas revistas e sites. Co-fundou recentemente a platform[az], uma plataforma internacional que tem como objectivo principal interligar a arquitectura com as outras \u00e1reas do saber e das artes.<\/p>\n<\/div>\n<\/div><\/div><\/div><\/div><\/div>\n","protected":false},"excerpt":{"rendered":"","protected":false},"author":2,"featured_media":18638,"menu_order":0,"comment_status":"closed","ping_status":"closed","template":"","format":"standard","meta":{"_acf_changed":false,"_bbp_topic_count":0,"_bbp_reply_count":0,"_bbp_total_topic_count":0,"_bbp_total_reply_count":0,"_bbp_voice_count":0,"_bbp_anonymous_reply_count":0,"_bbp_topic_count_hidden":0,"_bbp_reply_count_hidden":0,"_bbp_forum_subforum_count":0,"footnotes":""},"portfolio_category":[1238,1229],"portfolio_skills":[],"portfolio_tags":[],"class_list":["post-18641","avada_portfolio","type-avada_portfolio","status-publish","format-standard","has-post-thumbnail","hentry","portfolio_category-1238","portfolio_category-artistas"],"acf":[],"aioseo_notices":[],"aioseo_head":"\n\t\t<!-- All in One SEO 5.0.1.1 - aioseo.com -->\n\t<meta name=\"description\" content=\"Sem T\u00edtulo (Re)Rural \u00e9 um projecto centrado na an\u00e1lise de tr\u00eas vertentes distintas dos processos de transforma\u00e7\u00e3o no espa\u00e7o rural: o habitat, os usos e as pr\u00e1ticas do quotidiano. A leitura destes processos percorrer\u00e1 tr\u00eas escalas esp\u00e1cio-temporais, inter-relacionando o espa\u00e7o (o habitat e as tipologias associadas aos usos e pr\u00e1ticas do quotidiano) e o tempo\" \/>\n\t<meta name=\"robots\" content=\"max-image-preview:large\" \/>\n\t<meta name=\"author\" content=\"luiscosta\"\/>\n\t<link rel=\"canonical\" href=\"https:\/\/www.binauralmedia.org\/news\/arquivo\/portfolio-items\/coletivo-amsz\" \/>\n\t<meta name=\"generator\" content=\"All in One SEO (AIOSEO) 5.0.1.1\" \/>\n\t\t<meta property=\"og:locale\" content=\"pt_PT\" \/>\n\t\t<meta property=\"og:site_name\" content=\"binauralmedia.org - Rural Based Sound\/Media Arts &amp; Social Research\" \/>\n\t\t<meta property=\"og:type\" content=\"article\" \/>\n\t\t<meta property=\"og:title\" content=\"Coletivo AMSZ - binauralmedia.org\" \/>\n\t\t<meta property=\"og:description\" content=\"Sem T\u00edtulo (Re)Rural \u00e9 um projecto centrado na an\u00e1lise de tr\u00eas vertentes distintas dos processos de transforma\u00e7\u00e3o no espa\u00e7o rural: o habitat, os usos e as pr\u00e1ticas do quotidiano. A leitura destes processos percorrer\u00e1 tr\u00eas escalas esp\u00e1cio-temporais, inter-relacionando o espa\u00e7o (o habitat e as tipologias associadas aos usos e pr\u00e1ticas do quotidiano) e o tempo\" \/>\n\t\t<meta property=\"og:url\" content=\"https:\/\/www.binauralmedia.org\/news\/arquivo\/portfolio-items\/coletivo-amsz\" \/>\n\t\t<meta property=\"article:published_time\" content=\"2023-06-26T11:06:15+00:00\" \/>\n\t\t<meta property=\"article:modified_time\" content=\"2023-06-26T11:14:01+00:00\" \/>\n\t\t<meta name=\"twitter:card\" content=\"summary_large_image\" \/>\n\t\t<meta name=\"twitter:title\" content=\"Coletivo AMSZ - binauralmedia.org\" \/>\n\t\t<meta name=\"twitter:description\" content=\"Sem T\u00edtulo (Re)Rural \u00e9 um projecto centrado na an\u00e1lise de tr\u00eas vertentes distintas dos processos de transforma\u00e7\u00e3o no espa\u00e7o rural: o habitat, os usos e as pr\u00e1ticas do quotidiano. A leitura destes processos percorrer\u00e1 tr\u00eas escalas esp\u00e1cio-temporais, inter-relacionando o espa\u00e7o (o habitat e as tipologias associadas aos usos e pr\u00e1ticas do quotidiano) e o tempo\" \/>\n\t\t<script type=\"application\/ld+json\" class=\"aioseo-schema\">\n\t\t\t{\"@context\":\"https:\\\/\\\/schema.org\",\"@graph\":[{\"@type\":\"BreadcrumbList\",\"@id\":\"https:\\\/\\\/www.binauralmedia.org\\\/news\\\/arquivo\\\/portfolio-items\\\/coletivo-amsz#breadcrumblist\",\"itemListElement\":[{\"@type\":\"ListItem\",\"@id\":\"https:\\\/\\\/www.binauralmedia.org\\\/news#listItem\",\"position\":1,\"name\":\"Home\",\"item\":\"https:\\\/\\\/www.binauralmedia.org\\\/news\",\"nextItem\":{\"@type\":\"ListItem\",\"@id\":\"https:\\\/\\\/www.binauralmedia.org\\\/news\\\/arquivo\\\/portfolio-items#listItem\",\"name\":\"Portfolio\"}},{\"@type\":\"ListItem\",\"@id\":\"https:\\\/\\\/www.binauralmedia.org\\\/news\\\/arquivo\\\/portfolio-items#listItem\",\"position\":2,\"name\":\"Portfolio\",\"item\":\"https:\\\/\\\/www.binauralmedia.org\\\/news\\\/arquivo\\\/portfolio-items\",\"nextItem\":{\"@type\":\"ListItem\",\"@id\":\"https:\\\/\\\/www.binauralmedia.org\\\/news\\\/portfolio_category\\\/artistas#listItem\",\"name\":\"Artistas\"},\"previousItem\":{\"@type\":\"ListItem\",\"@id\":\"https:\\\/\\\/www.binauralmedia.org\\\/news#listItem\",\"name\":\"Home\"}},{\"@type\":\"ListItem\",\"@id\":\"https:\\\/\\\/www.binauralmedia.org\\\/news\\\/portfolio_category\\\/artistas#listItem\",\"position\":3,\"name\":\"Artistas\",\"item\":\"https:\\\/\\\/www.binauralmedia.org\\\/news\\\/portfolio_category\\\/artistas\",\"nextItem\":{\"@type\":\"ListItem\",\"@id\":\"https:\\\/\\\/www.binauralmedia.org\\\/news\\\/portfolio_category\\\/2012#listItem\",\"name\":\"2012\"},\"previousItem\":{\"@type\":\"ListItem\",\"@id\":\"https:\\\/\\\/www.binauralmedia.org\\\/news\\\/arquivo\\\/portfolio-items#listItem\",\"name\":\"Portfolio\"}},{\"@type\":\"ListItem\",\"@id\":\"https:\\\/\\\/www.binauralmedia.org\\\/news\\\/portfolio_category\\\/2012#listItem\",\"position\":4,\"name\":\"2012\",\"item\":\"https:\\\/\\\/www.binauralmedia.org\\\/news\\\/portfolio_category\\\/2012\",\"nextItem\":{\"@type\":\"ListItem\",\"@id\":\"https:\\\/\\\/www.binauralmedia.org\\\/news\\\/arquivo\\\/portfolio-items\\\/coletivo-amsz#listItem\",\"name\":\"Coletivo AMSZ\"},\"previousItem\":{\"@type\":\"ListItem\",\"@id\":\"https:\\\/\\\/www.binauralmedia.org\\\/news\\\/portfolio_category\\\/artistas#listItem\",\"name\":\"Artistas\"}},{\"@type\":\"ListItem\",\"@id\":\"https:\\\/\\\/www.binauralmedia.org\\\/news\\\/arquivo\\\/portfolio-items\\\/coletivo-amsz#listItem\",\"position\":5,\"name\":\"Coletivo AMSZ\",\"previousItem\":{\"@type\":\"ListItem\",\"@id\":\"https:\\\/\\\/www.binauralmedia.org\\\/news\\\/portfolio_category\\\/2012#listItem\",\"name\":\"2012\"}}]},{\"@type\":\"Organization\",\"@id\":\"https:\\\/\\\/www.binauralmedia.org\\\/news\\\/#organization\",\"name\":\"binauralmedia.org\",\"description\":\"Rural Based Sound\\\/Media Arts & Social Research\",\"url\":\"https:\\\/\\\/www.binauralmedia.org\\\/news\\\/\"},{\"@type\":\"Person\",\"@id\":\"https:\\\/\\\/www.binauralmedia.org\\\/news\\\/arquivo\\\/author\\\/luiscosta#author\",\"url\":\"https:\\\/\\\/www.binauralmedia.org\\\/news\\\/arquivo\\\/author\\\/luiscosta\",\"name\":\"luiscosta\"},{\"@type\":\"WebPage\",\"@id\":\"https:\\\/\\\/www.binauralmedia.org\\\/news\\\/arquivo\\\/portfolio-items\\\/coletivo-amsz#webpage\",\"url\":\"https:\\\/\\\/www.binauralmedia.org\\\/news\\\/arquivo\\\/portfolio-items\\\/coletivo-amsz\",\"name\":\"Coletivo AMSZ - binauralmedia.org\",\"description\":\"Sem T\\u00edtulo (Re)Rural \\u00e9 um projecto centrado na an\\u00e1lise de tr\\u00eas vertentes distintas dos processos de transforma\\u00e7\\u00e3o no espa\\u00e7o rural: o habitat, os usos e as pr\\u00e1ticas do quotidiano. A leitura destes processos percorrer\\u00e1 tr\\u00eas escalas esp\\u00e1cio-temporais, inter-relacionando o espa\\u00e7o (o habitat e as tipologias associadas aos usos e pr\\u00e1ticas do quotidiano) e o tempo\",\"inLanguage\":\"pt-PT\",\"isPartOf\":{\"@id\":\"https:\\\/\\\/www.binauralmedia.org\\\/news\\\/#website\"},\"breadcrumb\":{\"@id\":\"https:\\\/\\\/www.binauralmedia.org\\\/news\\\/arquivo\\\/portfolio-items\\\/coletivo-amsz#breadcrumblist\"},\"author\":{\"@id\":\"https:\\\/\\\/www.binauralmedia.org\\\/news\\\/arquivo\\\/author\\\/luiscosta#author\"},\"creator\":{\"@id\":\"https:\\\/\\\/www.binauralmedia.org\\\/news\\\/arquivo\\\/author\\\/luiscosta#author\"},\"image\":{\"@type\":\"ImageObject\",\"url\":\"https:\\\/\\\/www.binauralmedia.org\\\/news\\\/wp-content\\\/uploads\\\/2012-04-Coletivo-AMSZ.png\",\"@id\":\"https:\\\/\\\/www.binauralmedia.org\\\/news\\\/arquivo\\\/portfolio-items\\\/coletivo-amsz\\\/#mainImage\",\"width\":1200,\"height\":800},\"primaryImageOfPage\":{\"@id\":\"https:\\\/\\\/www.binauralmedia.org\\\/news\\\/arquivo\\\/portfolio-items\\\/coletivo-amsz#mainImage\"},\"datePublished\":\"2023-06-26T11:06:15+00:00\",\"dateModified\":\"2023-06-26T11:14:01+00:00\"},{\"@type\":\"WebSite\",\"@id\":\"https:\\\/\\\/www.binauralmedia.org\\\/news\\\/#website\",\"url\":\"https:\\\/\\\/www.binauralmedia.org\\\/news\\\/\",\"name\":\"binauralmedia.org\",\"description\":\"Rural Based Sound\\\/Media Arts & Social Research\",\"inLanguage\":\"pt-PT\",\"publisher\":{\"@id\":\"https:\\\/\\\/www.binauralmedia.org\\\/news\\\/#organization\"}}]}\n\t\t<\/script>\n\t\t<!-- All in One SEO -->\n\n","aioseo_head_json":{"title":"Coletivo AMSZ - binauralmedia.org","description":"Sem T\u00edtulo (Re)Rural \u00e9 um projecto centrado na an\u00e1lise de tr\u00eas vertentes distintas dos processos de transforma\u00e7\u00e3o no espa\u00e7o rural: o habitat, os usos e as pr\u00e1ticas do quotidiano. A leitura destes processos percorrer\u00e1 tr\u00eas escalas esp\u00e1cio-temporais, inter-relacionando o espa\u00e7o (o habitat e as tipologias associadas aos usos e pr\u00e1ticas do quotidiano) e o tempo","canonical_url":"https:\/\/www.binauralmedia.org\/news\/arquivo\/portfolio-items\/coletivo-amsz","robots":"max-image-preview:large","keywords":"","webmasterTools":{"miscellaneous":""},"schema":{"@context":"https:\/\/schema.org","@graph":[{"@type":"BreadcrumbList","@id":"https:\/\/www.binauralmedia.org\/news\/arquivo\/portfolio-items\/coletivo-amsz#breadcrumblist","itemListElement":[{"@type":"ListItem","@id":"https:\/\/www.binauralmedia.org\/news#listItem","position":1,"name":"Home","item":"https:\/\/www.binauralmedia.org\/news","nextItem":{"@type":"ListItem","@id":"https:\/\/www.binauralmedia.org\/news\/arquivo\/portfolio-items#listItem","name":"Portfolio"}},{"@type":"ListItem","@id":"https:\/\/www.binauralmedia.org\/news\/arquivo\/portfolio-items#listItem","position":2,"name":"Portfolio","item":"https:\/\/www.binauralmedia.org\/news\/arquivo\/portfolio-items","nextItem":{"@type":"ListItem","@id":"https:\/\/www.binauralmedia.org\/news\/portfolio_category\/artistas#listItem","name":"Artistas"},"previousItem":{"@type":"ListItem","@id":"https:\/\/www.binauralmedia.org\/news#listItem","name":"Home"}},{"@type":"ListItem","@id":"https:\/\/www.binauralmedia.org\/news\/portfolio_category\/artistas#listItem","position":3,"name":"Artistas","item":"https:\/\/www.binauralmedia.org\/news\/portfolio_category\/artistas","nextItem":{"@type":"ListItem","@id":"https:\/\/www.binauralmedia.org\/news\/portfolio_category\/2012#listItem","name":"2012"},"previousItem":{"@type":"ListItem","@id":"https:\/\/www.binauralmedia.org\/news\/arquivo\/portfolio-items#listItem","name":"Portfolio"}},{"@type":"ListItem","@id":"https:\/\/www.binauralmedia.org\/news\/portfolio_category\/2012#listItem","position":4,"name":"2012","item":"https:\/\/www.binauralmedia.org\/news\/portfolio_category\/2012","nextItem":{"@type":"ListItem","@id":"https:\/\/www.binauralmedia.org\/news\/arquivo\/portfolio-items\/coletivo-amsz#listItem","name":"Coletivo AMSZ"},"previousItem":{"@type":"ListItem","@id":"https:\/\/www.binauralmedia.org\/news\/portfolio_category\/artistas#listItem","name":"Artistas"}},{"@type":"ListItem","@id":"https:\/\/www.binauralmedia.org\/news\/arquivo\/portfolio-items\/coletivo-amsz#listItem","position":5,"name":"Coletivo AMSZ","previousItem":{"@type":"ListItem","@id":"https:\/\/www.binauralmedia.org\/news\/portfolio_category\/2012#listItem","name":"2012"}}]},{"@type":"Organization","@id":"https:\/\/www.binauralmedia.org\/news\/#organization","name":"binauralmedia.org","description":"Rural Based Sound\/Media Arts & Social Research","url":"https:\/\/www.binauralmedia.org\/news\/"},{"@type":"Person","@id":"https:\/\/www.binauralmedia.org\/news\/arquivo\/author\/luiscosta#author","url":"https:\/\/www.binauralmedia.org\/news\/arquivo\/author\/luiscosta","name":"luiscosta"},{"@type":"WebPage","@id":"https:\/\/www.binauralmedia.org\/news\/arquivo\/portfolio-items\/coletivo-amsz#webpage","url":"https:\/\/www.binauralmedia.org\/news\/arquivo\/portfolio-items\/coletivo-amsz","name":"Coletivo AMSZ - binauralmedia.org","description":"Sem T\u00edtulo (Re)Rural \u00e9 um projecto centrado na an\u00e1lise de tr\u00eas vertentes distintas dos processos de transforma\u00e7\u00e3o no espa\u00e7o rural: o habitat, os usos e as pr\u00e1ticas do quotidiano. A leitura destes processos percorrer\u00e1 tr\u00eas escalas esp\u00e1cio-temporais, inter-relacionando o espa\u00e7o (o habitat e as tipologias associadas aos usos e pr\u00e1ticas do quotidiano) e o tempo","inLanguage":"pt-PT","isPartOf":{"@id":"https:\/\/www.binauralmedia.org\/news\/#website"},"breadcrumb":{"@id":"https:\/\/www.binauralmedia.org\/news\/arquivo\/portfolio-items\/coletivo-amsz#breadcrumblist"},"author":{"@id":"https:\/\/www.binauralmedia.org\/news\/arquivo\/author\/luiscosta#author"},"creator":{"@id":"https:\/\/www.binauralmedia.org\/news\/arquivo\/author\/luiscosta#author"},"image":{"@type":"ImageObject","url":"https:\/\/www.binauralmedia.org\/news\/wp-content\/uploads\/2012-04-Coletivo-AMSZ.png","@id":"https:\/\/www.binauralmedia.org\/news\/arquivo\/portfolio-items\/coletivo-amsz\/#mainImage","width":1200,"height":800},"primaryImageOfPage":{"@id":"https:\/\/www.binauralmedia.org\/news\/arquivo\/portfolio-items\/coletivo-amsz#mainImage"},"datePublished":"2023-06-26T11:06:15+00:00","dateModified":"2023-06-26T11:14:01+00:00"},{"@type":"WebSite","@id":"https:\/\/www.binauralmedia.org\/news\/#website","url":"https:\/\/www.binauralmedia.org\/news\/","name":"binauralmedia.org","description":"Rural Based Sound\/Media Arts & Social Research","inLanguage":"pt-PT","publisher":{"@id":"https:\/\/www.binauralmedia.org\/news\/#organization"}}]},"og:locale":"pt_PT","og:site_name":"binauralmedia.org - Rural Based Sound\/Media Arts &amp; Social Research","og:type":"article","og:title":"Coletivo AMSZ - binauralmedia.org","og:description":"Sem T\u00edtulo (Re)Rural \u00e9 um projecto centrado na an\u00e1lise de tr\u00eas vertentes distintas dos processos de transforma\u00e7\u00e3o no espa\u00e7o rural: o habitat, os usos e as pr\u00e1ticas do quotidiano. A leitura destes processos percorrer\u00e1 tr\u00eas escalas esp\u00e1cio-temporais, inter-relacionando o espa\u00e7o (o habitat e as tipologias associadas aos usos e pr\u00e1ticas do quotidiano) e o tempo","og:url":"https:\/\/www.binauralmedia.org\/news\/arquivo\/portfolio-items\/coletivo-amsz","article:published_time":"2023-06-26T11:06:15+00:00","article:modified_time":"2023-06-26T11:14:01+00:00","twitter:card":"summary_large_image","twitter:title":"Coletivo AMSZ - binauralmedia.org","twitter:description":"Sem T\u00edtulo (Re)Rural \u00e9 um projecto centrado na an\u00e1lise de tr\u00eas vertentes distintas dos processos de transforma\u00e7\u00e3o no espa\u00e7o rural: o habitat, os usos e as pr\u00e1ticas do quotidiano. A leitura destes processos percorrer\u00e1 tr\u00eas escalas esp\u00e1cio-temporais, inter-relacionando o espa\u00e7o (o habitat e as tipologias associadas aos usos e pr\u00e1ticas do quotidiano) e o tempo"},"aioseo_meta_data":{"post_id":"18641","title":null,"description":null,"keywords":null,"keyphrases":null,"primary_term":null,"canonical_url":null,"og_title":null,"og_description":null,"og_object_type":"default","og_image_type":"default","og_image_custom_url":null,"og_image_custom_fields":null,"og_image_url":null,"og_image_width":null,"og_image_height":null,"og_video":null,"og_custom_url":null,"og_article_section":null,"og_article_tags":null,"twitter_use_og":false,"twitter_card":"default","twitter_image_type":"default","twitter_image_custom_url":null,"twitter_image_custom_fields":null,"twitter_image_url":null,"twitter_title":null,"twitter_description":null,"schema_type":"default","schema_type_options":null,"schema":{"blockGraphs":[],"customGraphs":[],"default":{"data":{"Article":[],"Course":[],"Dataset":[],"FAQPage":[],"Movie":[],"Person":[],"Product":[],"ProductReview":[],"Car":[],"Recipe":[],"Service":[],"SoftwareApplication":[],"WebPage":[]},"graphName":"","isEnabled":true},"graphs":[]},"pillar_content":false,"robots_default":true,"robots_noindex":false,"robots_noarchive":false,"robots_nosnippet":false,"robots_nofollow":false,"robots_noimageindex":false,"robots_noodp":false,"robots_notranslate":false,"robots_max_snippet":null,"robots_max_videopreview":null,"robots_max_imagepreview":"large","priority":null,"frequency":null,"local_seo":null,"limit_modified_date":false,"ai":null,"breadcrumb_settings":null,"seo_analyzer_scan_date":null,"created":"2026-08-04 23:00:39","updated":"2026-08-04 23:00:39","focus_keyword":null,"additional_keywords":null,"truseo_locale":null},"aioseo_breadcrumb":"<div class=\"aioseo-breadcrumbs\"><span class=\"aioseo-breadcrumb\">\n\t\t\t<a href=\"https:\/\/www.binauralmedia.org\/news\" title=\"Home\">Home<\/a>\n\t\t<\/span><span class=\"aioseo-breadcrumb-separator\">&raquo;<\/span><span class=\"aioseo-breadcrumb\">\n\t\t\t<a href=\"https:\/\/www.binauralmedia.org\/news\/arquivo\/portfolio-items\" title=\"Portfolio\">Portfolio<\/a>\n\t\t<\/span><span class=\"aioseo-breadcrumb-separator\">&raquo;<\/span><span class=\"aioseo-breadcrumb\">\n\t\t\t<a href=\"https:\/\/www.binauralmedia.org\/news\/portfolio_category\/artistas\" title=\"Artistas\">Artistas<\/a>\n\t\t<\/span><span class=\"aioseo-breadcrumb-separator\">&raquo;<\/span><span class=\"aioseo-breadcrumb\">\n\t\t\t<a href=\"https:\/\/www.binauralmedia.org\/news\/portfolio_category\/2012\" title=\"2012\">2012<\/a>\n\t\t<\/span><span class=\"aioseo-breadcrumb-separator\">&raquo;<\/span><span class=\"aioseo-breadcrumb\">\n\t\t\tColetivo AMSZ\n\t\t<\/span><\/div>","aioseo_breadcrumb_json":[{"label":"Home","link":"https:\/\/www.binauralmedia.org\/news"},{"label":"Portfolio","link":"https:\/\/www.binauralmedia.org\/news\/arquivo\/portfolio-items"},{"label":"Artistas","link":"https:\/\/www.binauralmedia.org\/news\/portfolio_category\/artistas"},{"label":"2012","link":"https:\/\/www.binauralmedia.org\/news\/portfolio_category\/2012"},{"label":"Coletivo AMSZ","link":"https:\/\/www.binauralmedia.org\/news\/arquivo\/portfolio-items\/coletivo-amsz"}],"_links":{"self":[{"href":"https:\/\/www.binauralmedia.org\/news\/wp-json\/wp\/v2\/avada_portfolio\/18641","targetHints":{"allow":["GET"]}}],"collection":[{"href":"https:\/\/www.binauralmedia.org\/news\/wp-json\/wp\/v2\/avada_portfolio"}],"about":[{"href":"https:\/\/www.binauralmedia.org\/news\/wp-json\/wp\/v2\/types\/avada_portfolio"}],"author":[{"embeddable":true,"href":"https:\/\/www.binauralmedia.org\/news\/wp-json\/wp\/v2\/users\/2"}],"replies":[{"embeddable":true,"href":"https:\/\/www.binauralmedia.org\/news\/wp-json\/wp\/v2\/comments?post=18641"}],"version-history":[{"count":2,"href":"https:\/\/www.binauralmedia.org\/news\/wp-json\/wp\/v2\/avada_portfolio\/18641\/revisions"}],"predecessor-version":[{"id":18643,"href":"https:\/\/www.binauralmedia.org\/news\/wp-json\/wp\/v2\/avada_portfolio\/18641\/revisions\/18643"}],"wp:featuredmedia":[{"embeddable":true,"href":"https:\/\/www.binauralmedia.org\/news\/wp-json\/wp\/v2\/media\/18638"}],"wp:attachment":[{"href":"https:\/\/www.binauralmedia.org\/news\/wp-json\/wp\/v2\/media?parent=18641"}],"wp:term":[{"taxonomy":"portfolio_category","embeddable":true,"href":"https:\/\/www.binauralmedia.org\/news\/wp-json\/wp\/v2\/portfolio_category?post=18641"},{"taxonomy":"portfolio_skills","embeddable":true,"href":"https:\/\/www.binauralmedia.org\/news\/wp-json\/wp\/v2\/portfolio_skills?post=18641"},{"taxonomy":"portfolio_tags","embeddable":true,"href":"https:\/\/www.binauralmedia.org\/news\/wp-json\/wp\/v2\/portfolio_tags?post=18641"}],"curies":[{"name":"wp","href":"https:\/\/api.w.org\/{rel}","templated":true}]}}