{"id":18626,"date":"2023-06-26T08:44:28","date_gmt":"2023-06-26T08:44:28","guid":{"rendered":"https:\/\/www.binauralmedia.org\/news?post_type=avada_portfolio&#038;p=18626"},"modified":"2023-07-05T09:08:54","modified_gmt":"2023-07-05T09:08:54","slug":"toine-horvers-myriam-van-imschoot","status":"publish","type":"avada_portfolio","link":"https:\/\/www.binauralmedia.org\/news\/arquivo\/portfolio-items\/toine-horvers-myriam-van-imschoot","title":{"rendered":"Toine Horvers &#038; Myriam Van Imschoot"},"content":{"rendered":"<p><div class=\"fusion-fullwidth fullwidth-box fusion-builder-row-1 fusion-flex-container nonhundred-percent-fullwidth non-hundred-percent-height-scrolling\" style=\"--awb-border-radius-top-left:0px;--awb-border-radius-top-right:0px;--awb-border-radius-bottom-right:0px;--awb-border-radius-bottom-left:0px;--awb-flex-wrap:wrap;\" ><div class=\"fusion-builder-row fusion-row fusion-flex-align-items-flex-start fusion-flex-content-wrap\" style=\"max-width:1144px;margin-left: calc(-4% \/ 2 );margin-right: calc(-4% \/ 2 );\"><div class=\"fusion-layout-column fusion_builder_column fusion-builder-column-0 fusion_builder_column_1_1 1_1 fusion-flex-column\" style=\"--awb-bg-size:cover;--awb-width-large:100%;--awb-margin-top-large:0px;--awb-spacing-right-large:1.92%;--awb-margin-bottom-large:0px;--awb-spacing-left-large:1.92%;--awb-width-medium:100%;--awb-spacing-right-medium:1.92%;--awb-spacing-left-medium:1.92%;--awb-width-small:100%;--awb-spacing-right-small:1.92%;--awb-spacing-left-small:1.92%;\"><div class=\"fusion-column-wrapper fusion-flex-justify-content-flex-start fusion-content-layout-column\"><div class=\"fusion-text fusion-text-1\"><div>\n<div>\n<p><strong>Walking, singing, talking the landscape<\/strong><\/p>\n<p>Ambos os artistas compartilham um interesse no som, linguagem e voz, no ponto de intersec\u00e7\u00e3o onde as pessoas e lugares se encontram. Para o programa de Resid\u00eancias Art\u00edsticas de Nodar eles gostariam de se envolver num mapeamento experimental da rede das \u201cAldeias de Magaio\u201d, focado na interliga\u00e7\u00e3o entre as aldeias da regi\u00e3o e os respectivos arredores. As aldeias rurais s\u00e3o muitas vezes consideradas como sendo isoladas. No entanto funcionam numa rede complexa de movimentos, passagens, tr\u00e1fego de desejos e deconhecimento, envolvendo seres humanos, animais, fauna e flora.Toine e Myriam ir\u00e3o experimentar o movimento e as conex\u00f5es das estradas com os caminhos alternativos ou secund\u00e1rios, abra\u00e7ando os encontros acidentais no seu caminho. Isto levar\u00e1 a um trabalho sonoro e verbal, que pode envolver grava\u00e7\u00f5es sonoras, desenho, lidando com a elasticidade da dist\u00e2ncia e do tempo, a altern\u00e2ncia de chegadas, partidas, transi\u00e7\u00f5es, destinos, perdas, etc, numa paisagem em perp\u00e9tuo movimento quando \u00e9 atravessada.<\/p>\n<\/div>\n<div>\n<p>Toine Horvers, \u00e9 um artista visual que trabalha a linguagem com o texto, atrav\u00e9s de formas visuais, aud\u00edveis e performativas. Toine atribui \u00e0 linguagem um car\u00e1ter de ritual, para criar esculturas tempor\u00e1rias a partir da linguagem, um gesto no espa\u00e7o eno tempo. Apresenta as descri\u00e7\u00f5es das suas observa\u00e7\u00f5es de situa\u00e7\u00f5es e processos do mundo \u00e0 sua volta, em diferentes media: performance (a solo ou em grupo), livros escritos \u00e0 m\u00e3o, instala\u00e7\u00f5es sonoras ou exibi\u00e7\u00e3o de texto electr\u00f3nico. A voz desempenha um papel essencial nas suas performances, o solo \u00e9 o instrumento que determina o seu lugar no espa\u00e7o. Em projetos e performances mais expandidos, a voz \u00e9 o meio atrav\u00e9s do qual pessoas e lugares podem ser conectados, \u00e0s vezes num \u00fanico espa\u00e7o, \u00e0s vezes atrav\u00e9s de longas dist\u00e2ncias<\/p>\n<\/div>\n<div>\n<p>Myriam Van Imschoot (1969) iniciou a sua pr\u00e1tica art\u00edstica e performativa com palestras na forma de performances. Originalmente uma escritora, tem sido influenciada por artistas como Vito Acconci, o qual como poeta trocou a p\u00e1gina por outros media. Nesse sentido, a artista olha para as passagens \u201cescorregadias\u201d, onde desliza em dire\u00e7\u00e3o a outros campos de express\u00e3o, muitas vezes desconhecidos para ela. O trabalho art\u00edstico que desenvolveu ao longo dos \u00faltimos anos com a s\u00e9rie \u201cExpanded Publications\u201d envolve diferentes media e respectivas potencialidades sensoriais, tais como a performance, v\u00eddeo, e instala\u00e7\u00e3o sonora. Myriam Van Imschoot \u00e9 a artista respons\u00e1vel por Sarma (com Jeroen Peeters) desde 2003. Entre outras coisas, em 2010-2011 come\u00e7ou a explorar com o software online Vzw Constant, espec\u00edfico para publica\u00e7\u00e3o de \u00e1udio-documenta\u00e7\u00e3o e poesia sonora.<\/p>\n<\/div>\n<\/div>\n<\/div><\/div><\/div><\/div><\/div><div class=\"fusion-fullwidth fullwidth-box fusion-builder-row-2 fusion-flex-container has-pattern-background has-mask-background nonhundred-percent-fullwidth non-hundred-percent-height-scrolling\" style=\"--awb-border-radius-top-left:0px;--awb-border-radius-top-right:0px;--awb-border-radius-bottom-right:0px;--awb-border-radius-bottom-left:0px;--awb-flex-wrap:wrap;\" ><div class=\"fusion-builder-row fusion-row fusion-flex-align-items-flex-start fusion-flex-content-wrap\" style=\"max-width:1144px;margin-left: calc(-4% \/ 2 );margin-right: calc(-4% \/ 2 );\"><div class=\"fusion-layout-column fusion_builder_column fusion-builder-column-1 fusion_builder_column_1_1 1_1 fusion-flex-column\" style=\"--awb-bg-size:cover;--awb-width-large:100%;--awb-margin-top-large:0px;--awb-spacing-right-large:1.92%;--awb-margin-bottom-large:20px;--awb-spacing-left-large:1.92%;--awb-width-medium:100%;--awb-order-medium:0;--awb-spacing-right-medium:1.92%;--awb-spacing-left-medium:1.92%;--awb-width-small:100%;--awb-order-small:0;--awb-spacing-right-small:1.92%;--awb-spacing-left-small:1.92%;\"><div class=\"fusion-column-wrapper fusion-column-has-shadow fusion-flex-justify-content-flex-start fusion-content-layout-column\"><div class=\"fusion-text fusion-text-2\"><p><strong>OBRAS ART\u00cdSTICAS<\/strong><\/p>\n<\/div><div class=\"fusion-video fusion-vimeo\" style=\"--awb-max-width:600px;--awb-max-height:360px;--awb-align-self:center;--awb-width:100%;\"><div class=\"video-shortcode\"><div class=\"fluid-width-video-wrapper\" style=\"padding-top:60%;\" ><iframe title=\"Vimeo video player 1\" src=\"https:\/\/player.vimeo.com\/video\/830152733?autoplay=0&amp;autopause=0\" width=\"600\" height=\"360\" allowfullscreen allow=\"autoplay; fullscreen\"><\/iframe><\/div><\/div><\/div><div class=\"fusion-separator fusion-full-width-sep\" style=\"align-self: center;margin-left: auto;margin-right: auto;margin-top:50px;margin-bottom:50px;width:100%;\"><div class=\"fusion-separator-border sep-double\" style=\"--awb-height:20px;--awb-amount:20px;border-color:#e0dede;border-top-width:1px;border-bottom-width:1px;\"><\/div><\/div><div class=\"fusion-soundcloud\"><iframe scrolling=\"no\" frameborder=\"no\" width=\"100%\" height=\"166\" allow=\"autoplay\" src=\"https:\/\/w.soundcloud.com\/player\/?url=https:\/\/soundcloud.com\/binauralmedia\/magaio-voicescapes-horvers-van-imschoot&amp;auto_play=false&amp;hide_related=false&amp;show_comments=true&amp;show_user=true&amp;show_reposts=false&amp;visual=false&amp;color=ff7700\" title=\"soundcloud\"><\/iframe><\/div><\/div><\/div><\/div><\/div><\/p>\n","protected":false},"excerpt":{"rendered":"","protected":false},"author":2,"featured_media":18624,"menu_order":0,"comment_status":"closed","ping_status":"closed","template":"","format":"standard","meta":{"_acf_changed":false,"_bbp_topic_count":0,"_bbp_reply_count":0,"_bbp_total_topic_count":0,"_bbp_total_reply_count":0,"_bbp_voice_count":0,"_bbp_anonymous_reply_count":0,"_bbp_topic_count_hidden":0,"_bbp_reply_count_hidden":0,"_bbp_forum_subforum_count":0,"footnotes":""},"portfolio_category":[1236,1229],"portfolio_skills":[],"portfolio_tags":[],"class_list":["post-18626","avada_portfolio","type-avada_portfolio","status-publish","format-standard","has-post-thumbnail","hentry","portfolio_category-1236","portfolio_category-artistas"],"acf":[],"aioseo_notices":[],"aioseo_head":"\n\t\t<!-- All in One SEO 5.0.1.1 - aioseo.com -->\n\t<meta name=\"description\" content=\"Walking, singing, talking the landscape Ambos os artistas compartilham um interesse no som, linguagem e voz, no ponto de intersec\u00e7\u00e3o onde as pessoas e lugares se encontram. Para o programa de Resid\u00eancias Art\u00edsticas de Nodar eles gostariam de se envolver num mapeamento experimental da rede das \u201cAldeias de Magaio\u201d, focado na interliga\u00e7\u00e3o entre as aldeias\" \/>\n\t<meta name=\"robots\" content=\"max-image-preview:large\" \/>\n\t<meta name=\"author\" content=\"luiscosta\"\/>\n\t<link rel=\"canonical\" href=\"https:\/\/www.binauralmedia.org\/news\/arquivo\/portfolio-items\/toine-horvers-myriam-van-imschoot\" \/>\n\t<meta name=\"generator\" content=\"All in One SEO (AIOSEO) 5.0.1.1\" \/>\n\t\t<meta property=\"og:locale\" content=\"pt_PT\" \/>\n\t\t<meta property=\"og:site_name\" content=\"binauralmedia.org - Rural Based Sound\/Media Arts &amp; Social Research\" \/>\n\t\t<meta property=\"og:type\" content=\"article\" \/>\n\t\t<meta property=\"og:title\" content=\"Toine Horvers &amp; Myriam Van Imschoot - binauralmedia.org\" \/>\n\t\t<meta property=\"og:description\" content=\"Walking, singing, talking the landscape Ambos os artistas compartilham um interesse no som, linguagem e voz, no ponto de intersec\u00e7\u00e3o onde as pessoas e lugares se encontram. Para o programa de Resid\u00eancias Art\u00edsticas de Nodar eles gostariam de se envolver num mapeamento experimental da rede das \u201cAldeias de Magaio\u201d, focado na interliga\u00e7\u00e3o entre as aldeias\" \/>\n\t\t<meta property=\"og:url\" content=\"https:\/\/www.binauralmedia.org\/news\/arquivo\/portfolio-items\/toine-horvers-myriam-van-imschoot\" \/>\n\t\t<meta property=\"article:published_time\" content=\"2023-06-26T08:44:28+00:00\" \/>\n\t\t<meta property=\"article:modified_time\" content=\"2023-07-05T09:08:54+00:00\" \/>\n\t\t<meta name=\"twitter:card\" content=\"summary_large_image\" \/>\n\t\t<meta name=\"twitter:title\" content=\"Toine Horvers &amp; Myriam Van Imschoot - binauralmedia.org\" \/>\n\t\t<meta name=\"twitter:description\" content=\"Walking, singing, talking the landscape Ambos os artistas compartilham um interesse no som, linguagem e voz, no ponto de intersec\u00e7\u00e3o onde as pessoas e lugares se encontram. Para o programa de Resid\u00eancias Art\u00edsticas de Nodar eles gostariam de se envolver num mapeamento experimental da rede das \u201cAldeias de Magaio\u201d, focado na interliga\u00e7\u00e3o entre as aldeias\" \/>\n\t\t<script type=\"application\/ld+json\" class=\"aioseo-schema\">\n\t\t\t{\"@context\":\"https:\\\/\\\/schema.org\",\"@graph\":[{\"@type\":\"BreadcrumbList\",\"@id\":\"https:\\\/\\\/www.binauralmedia.org\\\/news\\\/arquivo\\\/portfolio-items\\\/toine-horvers-myriam-van-imschoot#breadcrumblist\",\"itemListElement\":[{\"@type\":\"ListItem\",\"@id\":\"https:\\\/\\\/www.binauralmedia.org\\\/news#listItem\",\"position\":1,\"name\":\"Home\",\"item\":\"https:\\\/\\\/www.binauralmedia.org\\\/news\",\"nextItem\":{\"@type\":\"ListItem\",\"@id\":\"https:\\\/\\\/www.binauralmedia.org\\\/news\\\/arquivo\\\/portfolio-items#listItem\",\"name\":\"Portfolio\"}},{\"@type\":\"ListItem\",\"@id\":\"https:\\\/\\\/www.binauralmedia.org\\\/news\\\/arquivo\\\/portfolio-items#listItem\",\"position\":2,\"name\":\"Portfolio\",\"item\":\"https:\\\/\\\/www.binauralmedia.org\\\/news\\\/arquivo\\\/portfolio-items\",\"nextItem\":{\"@type\":\"ListItem\",\"@id\":\"https:\\\/\\\/www.binauralmedia.org\\\/news\\\/portfolio_category\\\/artistas#listItem\",\"name\":\"Artistas\"},\"previousItem\":{\"@type\":\"ListItem\",\"@id\":\"https:\\\/\\\/www.binauralmedia.org\\\/news#listItem\",\"name\":\"Home\"}},{\"@type\":\"ListItem\",\"@id\":\"https:\\\/\\\/www.binauralmedia.org\\\/news\\\/portfolio_category\\\/artistas#listItem\",\"position\":3,\"name\":\"Artistas\",\"item\":\"https:\\\/\\\/www.binauralmedia.org\\\/news\\\/portfolio_category\\\/artistas\",\"nextItem\":{\"@type\":\"ListItem\",\"@id\":\"https:\\\/\\\/www.binauralmedia.org\\\/news\\\/portfolio_category\\\/2011#listItem\",\"name\":\"2011\"},\"previousItem\":{\"@type\":\"ListItem\",\"@id\":\"https:\\\/\\\/www.binauralmedia.org\\\/news\\\/arquivo\\\/portfolio-items#listItem\",\"name\":\"Portfolio\"}},{\"@type\":\"ListItem\",\"@id\":\"https:\\\/\\\/www.binauralmedia.org\\\/news\\\/portfolio_category\\\/2011#listItem\",\"position\":4,\"name\":\"2011\",\"item\":\"https:\\\/\\\/www.binauralmedia.org\\\/news\\\/portfolio_category\\\/2011\",\"nextItem\":{\"@type\":\"ListItem\",\"@id\":\"https:\\\/\\\/www.binauralmedia.org\\\/news\\\/arquivo\\\/portfolio-items\\\/toine-horvers-myriam-van-imschoot#listItem\",\"name\":\"Toine Horvers &#038; Myriam Van Imschoot\"},\"previousItem\":{\"@type\":\"ListItem\",\"@id\":\"https:\\\/\\\/www.binauralmedia.org\\\/news\\\/portfolio_category\\\/artistas#listItem\",\"name\":\"Artistas\"}},{\"@type\":\"ListItem\",\"@id\":\"https:\\\/\\\/www.binauralmedia.org\\\/news\\\/arquivo\\\/portfolio-items\\\/toine-horvers-myriam-van-imschoot#listItem\",\"position\":5,\"name\":\"Toine Horvers &#038; Myriam Van Imschoot\",\"previousItem\":{\"@type\":\"ListItem\",\"@id\":\"https:\\\/\\\/www.binauralmedia.org\\\/news\\\/portfolio_category\\\/2011#listItem\",\"name\":\"2011\"}}]},{\"@type\":\"Organization\",\"@id\":\"https:\\\/\\\/www.binauralmedia.org\\\/news\\\/#organization\",\"name\":\"binauralmedia.org\",\"description\":\"Rural Based Sound\\\/Media Arts & Social Research\",\"url\":\"https:\\\/\\\/www.binauralmedia.org\\\/news\\\/\"},{\"@type\":\"Person\",\"@id\":\"https:\\\/\\\/www.binauralmedia.org\\\/news\\\/arquivo\\\/author\\\/luiscosta#author\",\"url\":\"https:\\\/\\\/www.binauralmedia.org\\\/news\\\/arquivo\\\/author\\\/luiscosta\",\"name\":\"luiscosta\"},{\"@type\":\"WebPage\",\"@id\":\"https:\\\/\\\/www.binauralmedia.org\\\/news\\\/arquivo\\\/portfolio-items\\\/toine-horvers-myriam-van-imschoot#webpage\",\"url\":\"https:\\\/\\\/www.binauralmedia.org\\\/news\\\/arquivo\\\/portfolio-items\\\/toine-horvers-myriam-van-imschoot\",\"name\":\"Toine Horvers & Myriam Van Imschoot - binauralmedia.org\",\"description\":\"Walking, singing, talking the landscape Ambos os artistas compartilham um interesse no som, linguagem e voz, no ponto de intersec\\u00e7\\u00e3o onde as pessoas e lugares se encontram. Para o programa de Resid\\u00eancias Art\\u00edsticas de Nodar eles gostariam de se envolver num mapeamento experimental da rede das \\u201cAldeias de Magaio\\u201d, focado na interliga\\u00e7\\u00e3o entre as aldeias\",\"inLanguage\":\"pt-PT\",\"isPartOf\":{\"@id\":\"https:\\\/\\\/www.binauralmedia.org\\\/news\\\/#website\"},\"breadcrumb\":{\"@id\":\"https:\\\/\\\/www.binauralmedia.org\\\/news\\\/arquivo\\\/portfolio-items\\\/toine-horvers-myriam-van-imschoot#breadcrumblist\"},\"author\":{\"@id\":\"https:\\\/\\\/www.binauralmedia.org\\\/news\\\/arquivo\\\/author\\\/luiscosta#author\"},\"creator\":{\"@id\":\"https:\\\/\\\/www.binauralmedia.org\\\/news\\\/arquivo\\\/author\\\/luiscosta#author\"},\"image\":{\"@type\":\"ImageObject\",\"url\":\"https:\\\/\\\/www.binauralmedia.org\\\/news\\\/wp-content\\\/uploads\\\/2011-09-Toine-Horvers-e-Myriam-Van-Imschoot.png\",\"@id\":\"https:\\\/\\\/www.binauralmedia.org\\\/news\\\/arquivo\\\/portfolio-items\\\/toine-horvers-myriam-van-imschoot\\\/#mainImage\",\"width\":1200,\"height\":800},\"primaryImageOfPage\":{\"@id\":\"https:\\\/\\\/www.binauralmedia.org\\\/news\\\/arquivo\\\/portfolio-items\\\/toine-horvers-myriam-van-imschoot#mainImage\"},\"datePublished\":\"2023-06-26T08:44:28+00:00\",\"dateModified\":\"2023-07-05T09:08:54+00:00\"},{\"@type\":\"WebSite\",\"@id\":\"https:\\\/\\\/www.binauralmedia.org\\\/news\\\/#website\",\"url\":\"https:\\\/\\\/www.binauralmedia.org\\\/news\\\/\",\"name\":\"binauralmedia.org\",\"description\":\"Rural Based Sound\\\/Media Arts & Social Research\",\"inLanguage\":\"pt-PT\",\"publisher\":{\"@id\":\"https:\\\/\\\/www.binauralmedia.org\\\/news\\\/#organization\"}}]}\n\t\t<\/script>\n\t\t<!-- All in One SEO -->\n\n","aioseo_head_json":{"title":"Toine Horvers & Myriam Van Imschoot - binauralmedia.org","description":"Walking, singing, talking the landscape Ambos os artistas compartilham um interesse no som, linguagem e voz, no ponto de intersec\u00e7\u00e3o onde as pessoas e lugares se encontram. Para o programa de Resid\u00eancias Art\u00edsticas de Nodar eles gostariam de se envolver num mapeamento experimental da rede das \u201cAldeias de Magaio\u201d, focado na interliga\u00e7\u00e3o entre as aldeias","canonical_url":"https:\/\/www.binauralmedia.org\/news\/arquivo\/portfolio-items\/toine-horvers-myriam-van-imschoot","robots":"max-image-preview:large","keywords":"","webmasterTools":{"miscellaneous":""},"schema":{"@context":"https:\/\/schema.org","@graph":[{"@type":"BreadcrumbList","@id":"https:\/\/www.binauralmedia.org\/news\/arquivo\/portfolio-items\/toine-horvers-myriam-van-imschoot#breadcrumblist","itemListElement":[{"@type":"ListItem","@id":"https:\/\/www.binauralmedia.org\/news#listItem","position":1,"name":"Home","item":"https:\/\/www.binauralmedia.org\/news","nextItem":{"@type":"ListItem","@id":"https:\/\/www.binauralmedia.org\/news\/arquivo\/portfolio-items#listItem","name":"Portfolio"}},{"@type":"ListItem","@id":"https:\/\/www.binauralmedia.org\/news\/arquivo\/portfolio-items#listItem","position":2,"name":"Portfolio","item":"https:\/\/www.binauralmedia.org\/news\/arquivo\/portfolio-items","nextItem":{"@type":"ListItem","@id":"https:\/\/www.binauralmedia.org\/news\/portfolio_category\/artistas#listItem","name":"Artistas"},"previousItem":{"@type":"ListItem","@id":"https:\/\/www.binauralmedia.org\/news#listItem","name":"Home"}},{"@type":"ListItem","@id":"https:\/\/www.binauralmedia.org\/news\/portfolio_category\/artistas#listItem","position":3,"name":"Artistas","item":"https:\/\/www.binauralmedia.org\/news\/portfolio_category\/artistas","nextItem":{"@type":"ListItem","@id":"https:\/\/www.binauralmedia.org\/news\/portfolio_category\/2011#listItem","name":"2011"},"previousItem":{"@type":"ListItem","@id":"https:\/\/www.binauralmedia.org\/news\/arquivo\/portfolio-items#listItem","name":"Portfolio"}},{"@type":"ListItem","@id":"https:\/\/www.binauralmedia.org\/news\/portfolio_category\/2011#listItem","position":4,"name":"2011","item":"https:\/\/www.binauralmedia.org\/news\/portfolio_category\/2011","nextItem":{"@type":"ListItem","@id":"https:\/\/www.binauralmedia.org\/news\/arquivo\/portfolio-items\/toine-horvers-myriam-van-imschoot#listItem","name":"Toine Horvers &#038; Myriam Van Imschoot"},"previousItem":{"@type":"ListItem","@id":"https:\/\/www.binauralmedia.org\/news\/portfolio_category\/artistas#listItem","name":"Artistas"}},{"@type":"ListItem","@id":"https:\/\/www.binauralmedia.org\/news\/arquivo\/portfolio-items\/toine-horvers-myriam-van-imschoot#listItem","position":5,"name":"Toine Horvers &#038; Myriam Van Imschoot","previousItem":{"@type":"ListItem","@id":"https:\/\/www.binauralmedia.org\/news\/portfolio_category\/2011#listItem","name":"2011"}}]},{"@type":"Organization","@id":"https:\/\/www.binauralmedia.org\/news\/#organization","name":"binauralmedia.org","description":"Rural Based Sound\/Media Arts & Social Research","url":"https:\/\/www.binauralmedia.org\/news\/"},{"@type":"Person","@id":"https:\/\/www.binauralmedia.org\/news\/arquivo\/author\/luiscosta#author","url":"https:\/\/www.binauralmedia.org\/news\/arquivo\/author\/luiscosta","name":"luiscosta"},{"@type":"WebPage","@id":"https:\/\/www.binauralmedia.org\/news\/arquivo\/portfolio-items\/toine-horvers-myriam-van-imschoot#webpage","url":"https:\/\/www.binauralmedia.org\/news\/arquivo\/portfolio-items\/toine-horvers-myriam-van-imschoot","name":"Toine Horvers & Myriam Van Imschoot - binauralmedia.org","description":"Walking, singing, talking the landscape Ambos os artistas compartilham um interesse no som, linguagem e voz, no ponto de intersec\u00e7\u00e3o onde as pessoas e lugares se encontram. Para o programa de Resid\u00eancias Art\u00edsticas de Nodar eles gostariam de se envolver num mapeamento experimental da rede das \u201cAldeias de Magaio\u201d, focado na interliga\u00e7\u00e3o entre as aldeias","inLanguage":"pt-PT","isPartOf":{"@id":"https:\/\/www.binauralmedia.org\/news\/#website"},"breadcrumb":{"@id":"https:\/\/www.binauralmedia.org\/news\/arquivo\/portfolio-items\/toine-horvers-myriam-van-imschoot#breadcrumblist"},"author":{"@id":"https:\/\/www.binauralmedia.org\/news\/arquivo\/author\/luiscosta#author"},"creator":{"@id":"https:\/\/www.binauralmedia.org\/news\/arquivo\/author\/luiscosta#author"},"image":{"@type":"ImageObject","url":"https:\/\/www.binauralmedia.org\/news\/wp-content\/uploads\/2011-09-Toine-Horvers-e-Myriam-Van-Imschoot.png","@id":"https:\/\/www.binauralmedia.org\/news\/arquivo\/portfolio-items\/toine-horvers-myriam-van-imschoot\/#mainImage","width":1200,"height":800},"primaryImageOfPage":{"@id":"https:\/\/www.binauralmedia.org\/news\/arquivo\/portfolio-items\/toine-horvers-myriam-van-imschoot#mainImage"},"datePublished":"2023-06-26T08:44:28+00:00","dateModified":"2023-07-05T09:08:54+00:00"},{"@type":"WebSite","@id":"https:\/\/www.binauralmedia.org\/news\/#website","url":"https:\/\/www.binauralmedia.org\/news\/","name":"binauralmedia.org","description":"Rural Based Sound\/Media Arts & Social Research","inLanguage":"pt-PT","publisher":{"@id":"https:\/\/www.binauralmedia.org\/news\/#organization"}}]},"og:locale":"pt_PT","og:site_name":"binauralmedia.org - Rural Based Sound\/Media Arts &amp; Social Research","og:type":"article","og:title":"Toine Horvers &amp; Myriam Van Imschoot - binauralmedia.org","og:description":"Walking, singing, talking the landscape Ambos os artistas compartilham um interesse no som, linguagem e voz, no ponto de intersec\u00e7\u00e3o onde as pessoas e lugares se encontram. Para o programa de Resid\u00eancias Art\u00edsticas de Nodar eles gostariam de se envolver num mapeamento experimental da rede das \u201cAldeias de Magaio\u201d, focado na interliga\u00e7\u00e3o entre as aldeias","og:url":"https:\/\/www.binauralmedia.org\/news\/arquivo\/portfolio-items\/toine-horvers-myriam-van-imschoot","article:published_time":"2023-06-26T08:44:28+00:00","article:modified_time":"2023-07-05T09:08:54+00:00","twitter:card":"summary_large_image","twitter:title":"Toine Horvers &amp; Myriam Van Imschoot - binauralmedia.org","twitter:description":"Walking, singing, talking the landscape Ambos os artistas compartilham um interesse no som, linguagem e voz, no ponto de intersec\u00e7\u00e3o onde as pessoas e lugares se encontram. Para o programa de Resid\u00eancias Art\u00edsticas de Nodar eles gostariam de se envolver num mapeamento experimental da rede das \u201cAldeias de Magaio\u201d, focado na interliga\u00e7\u00e3o entre as aldeias"},"aioseo_meta_data":{"post_id":"18626","title":null,"description":null,"keywords":null,"keyphrases":null,"primary_term":null,"canonical_url":null,"og_title":null,"og_description":null,"og_object_type":"default","og_image_type":"default","og_image_custom_url":null,"og_image_custom_fields":null,"og_image_url":null,"og_image_width":null,"og_image_height":null,"og_video":null,"og_custom_url":null,"og_article_section":null,"og_article_tags":null,"twitter_use_og":false,"twitter_card":"default","twitter_image_type":"default","twitter_image_custom_url":null,"twitter_image_custom_fields":null,"twitter_image_url":null,"twitter_title":null,"twitter_description":null,"schema_type":"default","schema_type_options":null,"schema":{"blockGraphs":[],"customGraphs":[],"default":{"data":{"Article":[],"Course":[],"Dataset":[],"FAQPage":[],"Movie":[],"Person":[],"Product":[],"ProductReview":[],"Car":[],"Recipe":[],"Service":[],"SoftwareApplication":[],"WebPage":[]},"graphName":"","isEnabled":true},"graphs":[]},"pillar_content":false,"robots_default":true,"robots_noindex":false,"robots_noarchive":false,"robots_nosnippet":false,"robots_nofollow":false,"robots_noimageindex":false,"robots_noodp":false,"robots_notranslate":false,"robots_max_snippet":null,"robots_max_videopreview":null,"robots_max_imagepreview":"large","priority":null,"frequency":null,"local_seo":null,"limit_modified_date":false,"ai":null,"breadcrumb_settings":null,"seo_analyzer_scan_date":null,"created":"2026-08-04 23:00:39","updated":"2026-08-04 23:00:39","focus_keyword":null,"additional_keywords":null,"truseo_locale":null},"aioseo_breadcrumb":"<div class=\"aioseo-breadcrumbs\"><span class=\"aioseo-breadcrumb\">\n\t\t\t<a href=\"https:\/\/www.binauralmedia.org\/news\" title=\"Home\">Home<\/a>\n\t\t<\/span><span class=\"aioseo-breadcrumb-separator\">&raquo;<\/span><span class=\"aioseo-breadcrumb\">\n\t\t\t<a href=\"https:\/\/www.binauralmedia.org\/news\/arquivo\/portfolio-items\" title=\"Portfolio\">Portfolio<\/a>\n\t\t<\/span><span class=\"aioseo-breadcrumb-separator\">&raquo;<\/span><span class=\"aioseo-breadcrumb\">\n\t\t\t<a href=\"https:\/\/www.binauralmedia.org\/news\/portfolio_category\/artistas\" title=\"Artistas\">Artistas<\/a>\n\t\t<\/span><span class=\"aioseo-breadcrumb-separator\">&raquo;<\/span><span class=\"aioseo-breadcrumb\">\n\t\t\t<a href=\"https:\/\/www.binauralmedia.org\/news\/portfolio_category\/2011\" title=\"2011\">2011<\/a>\n\t\t<\/span><span class=\"aioseo-breadcrumb-separator\">&raquo;<\/span><span class=\"aioseo-breadcrumb\">\n\t\t\tToine Horvers &amp; Myriam Van Imschoot\n\t\t<\/span><\/div>","aioseo_breadcrumb_json":[{"label":"Home","link":"https:\/\/www.binauralmedia.org\/news"},{"label":"Portfolio","link":"https:\/\/www.binauralmedia.org\/news\/arquivo\/portfolio-items"},{"label":"Artistas","link":"https:\/\/www.binauralmedia.org\/news\/portfolio_category\/artistas"},{"label":"2011","link":"https:\/\/www.binauralmedia.org\/news\/portfolio_category\/2011"},{"label":"Toine Horvers &#038; Myriam Van Imschoot","link":"https:\/\/www.binauralmedia.org\/news\/arquivo\/portfolio-items\/toine-horvers-myriam-van-imschoot"}],"_links":{"self":[{"href":"https:\/\/www.binauralmedia.org\/news\/wp-json\/wp\/v2\/avada_portfolio\/18626","targetHints":{"allow":["GET"]}}],"collection":[{"href":"https:\/\/www.binauralmedia.org\/news\/wp-json\/wp\/v2\/avada_portfolio"}],"about":[{"href":"https:\/\/www.binauralmedia.org\/news\/wp-json\/wp\/v2\/types\/avada_portfolio"}],"author":[{"embeddable":true,"href":"https:\/\/www.binauralmedia.org\/news\/wp-json\/wp\/v2\/users\/2"}],"replies":[{"embeddable":true,"href":"https:\/\/www.binauralmedia.org\/news\/wp-json\/wp\/v2\/comments?post=18626"}],"version-history":[{"count":2,"href":"https:\/\/www.binauralmedia.org\/news\/wp-json\/wp\/v2\/avada_portfolio\/18626\/revisions"}],"predecessor-version":[{"id":19416,"href":"https:\/\/www.binauralmedia.org\/news\/wp-json\/wp\/v2\/avada_portfolio\/18626\/revisions\/19416"}],"wp:featuredmedia":[{"embeddable":true,"href":"https:\/\/www.binauralmedia.org\/news\/wp-json\/wp\/v2\/media\/18624"}],"wp:attachment":[{"href":"https:\/\/www.binauralmedia.org\/news\/wp-json\/wp\/v2\/media?parent=18626"}],"wp:term":[{"taxonomy":"portfolio_category","embeddable":true,"href":"https:\/\/www.binauralmedia.org\/news\/wp-json\/wp\/v2\/portfolio_category?post=18626"},{"taxonomy":"portfolio_skills","embeddable":true,"href":"https:\/\/www.binauralmedia.org\/news\/wp-json\/wp\/v2\/portfolio_skills?post=18626"},{"taxonomy":"portfolio_tags","embeddable":true,"href":"https:\/\/www.binauralmedia.org\/news\/wp-json\/wp\/v2\/portfolio_tags?post=18626"}],"curies":[{"name":"wp","href":"https:\/\/api.w.org\/{rel}","templated":true}]}}