{"id":18331,"date":"2023-06-20T11:24:15","date_gmt":"2023-06-20T11:24:15","guid":{"rendered":"https:\/\/www.binauralmedia.org\/news?post_type=avada_portfolio&#038;p=18331"},"modified":"2023-07-04T11:28:28","modified_gmt":"2023-07-04T11:28:28","slug":"francisco-janes","status":"publish","type":"avada_portfolio","link":"https:\/\/www.binauralmedia.org\/news\/arquivo\/portfolio-items\/francisco-janes","title":{"rendered":"Francisco Janes"},"content":{"rendered":"<p><div class=\"fusion-fullwidth fullwidth-box fusion-builder-row-1 fusion-flex-container nonhundred-percent-fullwidth non-hundred-percent-height-scrolling\" style=\"--awb-border-radius-top-left:0px;--awb-border-radius-top-right:0px;--awb-border-radius-bottom-right:0px;--awb-border-radius-bottom-left:0px;--awb-flex-wrap:wrap;\" ><div class=\"fusion-builder-row fusion-row fusion-flex-align-items-flex-start fusion-flex-content-wrap\" style=\"max-width:1144px;margin-left: calc(-4% \/ 2 );margin-right: calc(-4% \/ 2 );\"><div class=\"fusion-layout-column fusion_builder_column fusion-builder-column-0 fusion_builder_column_1_1 1_1 fusion-flex-column\" style=\"--awb-bg-size:cover;--awb-width-large:100%;--awb-margin-top-large:0px;--awb-spacing-right-large:1.92%;--awb-margin-bottom-large:0px;--awb-spacing-left-large:1.92%;--awb-width-medium:100%;--awb-spacing-right-medium:1.92%;--awb-spacing-left-medium:1.92%;--awb-width-small:100%;--awb-spacing-right-small:1.92%;--awb-spacing-left-small:1.92%;\"><div class=\"fusion-column-wrapper fusion-flex-justify-content-flex-start fusion-content-layout-column\"><div class=\"fusion-text fusion-text-1\"><div>\n<div>\n<p><strong>Nodar Tensions<\/strong><\/p>\n<p>O projecto resulta de um percurso realizado pelo artista ao longo do rio Paiva, desde Nodar at\u00e9 \u00e0 nascente em Carapito, Moimenta da Beira. Em Nodar e ao longo do trajecto foram registados sons,fotografias e v\u00eddeo que foram apresentados na forma de uma instala\u00e7\u00e3o mixed-media. Os elementos que recolhi s\u00e3o o reflexo de uma vis\u00e3o subjectiva da rela\u00e7\u00e3o entre um corpo e a paisagem, das conting\u00eancias e mem\u00f3rias de uma viagem contra-corrente ao interiorde um rio.<\/p>\n<\/div>\n<div>\n<p>Inicialmente havia uma palavra relacionada com a mem\u00f3ria que tinha da aldeia, que era a palavra \u201cinterior\u201d. A percep\u00e7\u00e3o da geografia, da forma como a aldeia est\u00e1 rodeada por montanhas, mas tamb\u00e9m como se localiza longe da costa. Sobretudo relacionava-a com as ideias de luz, de interioridade e de espa\u00e7o interior. Ao mesmo tempo gostava da ideia de fazer caminhadas, de sofrer com o percurso.<\/p>\n<\/div>\n<div>\n<p>Interessava-me a rela\u00e7\u00e3o das pessoas com o territ\u00f3rio em tens\u00e3o com a mem\u00f3ria, a forma como, n\u00e3o havendo j\u00e1 necessidade de realizar caminhadas como antes, a paisagem se vai fechando sobre o lugar onde se vive e se trabalha. O caminho s\u00f3 existe quando algu\u00e9m o percorre.<\/p>\n<\/div>\n<div>\n<p>Em Nodar a presen\u00e7a do rio \u00e9 muito forte, no entanto n\u00e3o sabemos donde ele prov\u00e9m. A minha caminhada partiu da ideia de que o rio marca uma linha e deste movimento ser em direc\u00e7\u00e3o ao interior. A nascente era o meu objectivo. E comecei a pensar como poderia tornar isto vis\u00edvel. N\u00e3o podia trabalhar com muitos meios durante a caminhada porque a sua fun\u00e7\u00e3o \u00e9 exclusivamente progredir. Por isso tinha de aproveitar os momentos de paragem para trabalhar. Arranjei os mapas para ter o territ\u00f3rio bem designado, pensei em registar a minha localiza\u00e7\u00e3o sempre que parasse,tirando uma fotografia, e no final fazer uma filmagem do local da nascente. Por outro lado,interessavam-me os sons desta regi\u00e3o e queria fazer tamb\u00e9m fonografia.<\/p>\n<\/div>\n<div>\n<p>Pensei em mostrar alguns dos materiais que fa\u00e7o, mas tamb\u00e9m alguns que levei: o mapa que pretendia mostrar no ch\u00e3o com os lugares por onde parei, o colch\u00e3o onde dormi serviu para as pessoas se ajoelharem para ver o mapa, qualquer elemento que tenha tido uma fun\u00e7\u00e3o na caminhada. Interessava-me um espa\u00e7o recolhido para acolher as projec\u00e7\u00f5es tanto das filmagens que fiz como tamb\u00e9m das imagens das paragens. A ideia foi criar um espa\u00e7o interior como um abrigo,ou uma paragem.<\/p>\n<\/div>\n<div>\n<p>Vi muitas coisas&#8230; Vi uma parte do meu pa\u00eds que n\u00e3o conhecia. Vi um pa\u00eds novo. Tive uma experi\u00eancia do tempo diferente do que se tivesse ficado na resid\u00eancia art\u00edstica, sem intervalos e sem conforto.<\/p>\n<\/div>\n<div>\n<p>Andando durante algum tempo por entre estes montes e vales, percebemos que a religiosidade vivida por estas gentes \u00e9 talvez mais aut\u00eantica. A exist\u00eancia ainda de ermidas, locais de paragem,abrigos, porque ainda existe a noite, os perigos da terra. Houve mesmo quem julgasse que aquilo que eu fazia se devia a uma promessa e de facto eu considero que existe essa carga no fazer art\u00edstico, quando me proponho levar a cabo um projecto.<\/p>\n<\/div>\n<div>\n<p>(1981, Lisboa) Estudou literatura na faculdade de letras, concluiu o Curso Avan\u00e7ado de Fotografiana Ar.Co. Nos seus projectos trabalha com fotografia, v\u00eddeo, composi\u00e7\u00e3o sonora (na \u00e1rea dos \u201cfieldrecordings\u201d e da m\u00fasica concreta) objectos e instala\u00e7\u00f5es pluridisciplinares. O ponto focal do seu trabalho \u00e9 a quest\u00e3o da percep\u00e7\u00e3o e dos mecanismos fenomenol\u00f3gicos da consci\u00eancia, bem como as no\u00e7\u00f5es particulares de cis\u00e3o e fronteira.<\/p>\n<\/div>\n<div>\n<p>Francisco Janes foi o vencedor da Bolsa Ernesto de Sousa relativa a 2008, atribu\u00edda pela Experimental Intermedia Foundation de Phil Niblock e pela Funda\u00e7\u00e3o Luso-Americana para o Desenvolvimento.<\/p>\n<\/div>\n<\/div>\n<\/div><\/div><\/div><\/div><\/div><div class=\"fusion-fullwidth fullwidth-box fusion-builder-row-2 fusion-flex-container has-pattern-background has-mask-background nonhundred-percent-fullwidth non-hundred-percent-height-scrolling\" style=\"--awb-border-radius-top-left:0px;--awb-border-radius-top-right:0px;--awb-border-radius-bottom-right:0px;--awb-border-radius-bottom-left:0px;--awb-flex-wrap:wrap;\" ><div class=\"fusion-builder-row fusion-row fusion-flex-align-items-flex-start fusion-flex-content-wrap\" style=\"max-width:1144px;margin-left: calc(-4% \/ 2 );margin-right: calc(-4% \/ 2 );\"><div class=\"fusion-layout-column fusion_builder_column fusion-builder-column-1 fusion_builder_column_1_1 1_1 fusion-flex-column\" style=\"--awb-bg-size:cover;--awb-width-large:100%;--awb-margin-top-large:0px;--awb-spacing-right-large:1.92%;--awb-margin-bottom-large:20px;--awb-spacing-left-large:1.92%;--awb-width-medium:100%;--awb-order-medium:0;--awb-spacing-right-medium:1.92%;--awb-spacing-left-medium:1.92%;--awb-width-small:100%;--awb-order-small:0;--awb-spacing-right-small:1.92%;--awb-spacing-left-small:1.92%;\"><div class=\"fusion-column-wrapper fusion-column-has-shadow fusion-flex-justify-content-flex-start fusion-content-layout-column\"><div class=\"fusion-text fusion-text-2\"><p><strong>OBRAS ART\u00cdSTICAS<\/strong><\/p>\n<\/div><div class=\"fusion-video fusion-vimeo\" style=\"--awb-max-width:600px;--awb-max-height:360px;--awb-align-self:center;--awb-width:100%;\"><div class=\"video-shortcode\"><div class=\"fluid-width-video-wrapper\" style=\"padding-top:60%;\" ><iframe title=\"Vimeo video player 1\" src=\"https:\/\/player.vimeo.com\/video\/89109343?autoplay=0&amp;autopause=0\" width=\"600\" height=\"360\" allowfullscreen allow=\"autoplay; fullscreen\"><\/iframe><\/div><\/div><\/div><\/div><\/div><\/div><\/div><\/p>\n","protected":false},"excerpt":{"rendered":"","protected":false},"author":2,"featured_media":18327,"menu_order":0,"comment_status":"closed","ping_status":"closed","template":"","format":"standard","meta":{"_acf_changed":false,"_bbp_topic_count":0,"_bbp_reply_count":0,"_bbp_total_topic_count":0,"_bbp_total_reply_count":0,"_bbp_voice_count":0,"_bbp_anonymous_reply_count":0,"_bbp_topic_count_hidden":0,"_bbp_reply_count_hidden":0,"_bbp_forum_subforum_count":0,"footnotes":""},"portfolio_category":[1233,1229],"portfolio_skills":[],"portfolio_tags":[],"class_list":["post-18331","avada_portfolio","type-avada_portfolio","status-publish","format-standard","has-post-thumbnail","hentry","portfolio_category-1233","portfolio_category-artistas"],"acf":[],"aioseo_notices":[],"aioseo_head":"\n\t\t<!-- All in One SEO 5.0.1.1 - aioseo.com -->\n\t<meta name=\"description\" content=\"Nodar Tensions O projecto resulta de um percurso realizado pelo artista ao longo do rio Paiva, desde Nodar at\u00e9 \u00e0 nascente em Carapito, Moimenta da Beira. Em Nodar e ao longo do trajecto foram registados sons,fotografias e v\u00eddeo que foram apresentados na forma de uma instala\u00e7\u00e3o mixed-media. Os elementos que recolhi s\u00e3o o reflexo de\" \/>\n\t<meta name=\"robots\" content=\"max-image-preview:large\" \/>\n\t<meta name=\"author\" content=\"luiscosta\"\/>\n\t<link rel=\"canonical\" href=\"https:\/\/www.binauralmedia.org\/news\/arquivo\/portfolio-items\/francisco-janes\" \/>\n\t<meta name=\"generator\" content=\"All in One SEO (AIOSEO) 5.0.1.1\" \/>\n\t\t<meta property=\"og:locale\" content=\"pt_PT\" \/>\n\t\t<meta property=\"og:site_name\" content=\"binauralmedia.org - Rural Based Sound\/Media Arts &amp; Social Research\" \/>\n\t\t<meta property=\"og:type\" content=\"article\" \/>\n\t\t<meta property=\"og:title\" content=\"Francisco Janes - binauralmedia.org\" \/>\n\t\t<meta property=\"og:description\" content=\"Nodar Tensions O projecto resulta de um percurso realizado pelo artista ao longo do rio Paiva, desde Nodar at\u00e9 \u00e0 nascente em Carapito, Moimenta da Beira. Em Nodar e ao longo do trajecto foram registados sons,fotografias e v\u00eddeo que foram apresentados na forma de uma instala\u00e7\u00e3o mixed-media. Os elementos que recolhi s\u00e3o o reflexo de\" \/>\n\t\t<meta property=\"og:url\" content=\"https:\/\/www.binauralmedia.org\/news\/arquivo\/portfolio-items\/francisco-janes\" \/>\n\t\t<meta property=\"article:published_time\" content=\"2023-06-20T11:24:15+00:00\" \/>\n\t\t<meta property=\"article:modified_time\" content=\"2023-07-04T11:28:28+00:00\" \/>\n\t\t<meta name=\"twitter:card\" content=\"summary_large_image\" \/>\n\t\t<meta name=\"twitter:title\" content=\"Francisco Janes - binauralmedia.org\" \/>\n\t\t<meta name=\"twitter:description\" content=\"Nodar Tensions O projecto resulta de um percurso realizado pelo artista ao longo do rio Paiva, desde Nodar at\u00e9 \u00e0 nascente em Carapito, Moimenta da Beira. Em Nodar e ao longo do trajecto foram registados sons,fotografias e v\u00eddeo que foram apresentados na forma de uma instala\u00e7\u00e3o mixed-media. Os elementos que recolhi s\u00e3o o reflexo de\" \/>\n\t\t<script type=\"application\/ld+json\" class=\"aioseo-schema\">\n\t\t\t{\"@context\":\"https:\\\/\\\/schema.org\",\"@graph\":[{\"@type\":\"BreadcrumbList\",\"@id\":\"https:\\\/\\\/www.binauralmedia.org\\\/news\\\/arquivo\\\/portfolio-items\\\/francisco-janes#breadcrumblist\",\"itemListElement\":[{\"@type\":\"ListItem\",\"@id\":\"https:\\\/\\\/www.binauralmedia.org\\\/news#listItem\",\"position\":1,\"name\":\"Home\",\"item\":\"https:\\\/\\\/www.binauralmedia.org\\\/news\",\"nextItem\":{\"@type\":\"ListItem\",\"@id\":\"https:\\\/\\\/www.binauralmedia.org\\\/news\\\/arquivo\\\/portfolio-items#listItem\",\"name\":\"Portfolio\"}},{\"@type\":\"ListItem\",\"@id\":\"https:\\\/\\\/www.binauralmedia.org\\\/news\\\/arquivo\\\/portfolio-items#listItem\",\"position\":2,\"name\":\"Portfolio\",\"item\":\"https:\\\/\\\/www.binauralmedia.org\\\/news\\\/arquivo\\\/portfolio-items\",\"nextItem\":{\"@type\":\"ListItem\",\"@id\":\"https:\\\/\\\/www.binauralmedia.org\\\/news\\\/portfolio_category\\\/artistas#listItem\",\"name\":\"Artistas\"},\"previousItem\":{\"@type\":\"ListItem\",\"@id\":\"https:\\\/\\\/www.binauralmedia.org\\\/news#listItem\",\"name\":\"Home\"}},{\"@type\":\"ListItem\",\"@id\":\"https:\\\/\\\/www.binauralmedia.org\\\/news\\\/portfolio_category\\\/artistas#listItem\",\"position\":3,\"name\":\"Artistas\",\"item\":\"https:\\\/\\\/www.binauralmedia.org\\\/news\\\/portfolio_category\\\/artistas\",\"nextItem\":{\"@type\":\"ListItem\",\"@id\":\"https:\\\/\\\/www.binauralmedia.org\\\/news\\\/portfolio_category\\\/2008#listItem\",\"name\":\"2008\"},\"previousItem\":{\"@type\":\"ListItem\",\"@id\":\"https:\\\/\\\/www.binauralmedia.org\\\/news\\\/arquivo\\\/portfolio-items#listItem\",\"name\":\"Portfolio\"}},{\"@type\":\"ListItem\",\"@id\":\"https:\\\/\\\/www.binauralmedia.org\\\/news\\\/portfolio_category\\\/2008#listItem\",\"position\":4,\"name\":\"2008\",\"item\":\"https:\\\/\\\/www.binauralmedia.org\\\/news\\\/portfolio_category\\\/2008\",\"nextItem\":{\"@type\":\"ListItem\",\"@id\":\"https:\\\/\\\/www.binauralmedia.org\\\/news\\\/arquivo\\\/portfolio-items\\\/francisco-janes#listItem\",\"name\":\"Francisco Janes\"},\"previousItem\":{\"@type\":\"ListItem\",\"@id\":\"https:\\\/\\\/www.binauralmedia.org\\\/news\\\/portfolio_category\\\/artistas#listItem\",\"name\":\"Artistas\"}},{\"@type\":\"ListItem\",\"@id\":\"https:\\\/\\\/www.binauralmedia.org\\\/news\\\/arquivo\\\/portfolio-items\\\/francisco-janes#listItem\",\"position\":5,\"name\":\"Francisco Janes\",\"previousItem\":{\"@type\":\"ListItem\",\"@id\":\"https:\\\/\\\/www.binauralmedia.org\\\/news\\\/portfolio_category\\\/2008#listItem\",\"name\":\"2008\"}}]},{\"@type\":\"Organization\",\"@id\":\"https:\\\/\\\/www.binauralmedia.org\\\/news\\\/#organization\",\"name\":\"binauralmedia.org\",\"description\":\"Rural Based Sound\\\/Media Arts & Social Research\",\"url\":\"https:\\\/\\\/www.binauralmedia.org\\\/news\\\/\"},{\"@type\":\"Person\",\"@id\":\"https:\\\/\\\/www.binauralmedia.org\\\/news\\\/arquivo\\\/author\\\/luiscosta#author\",\"url\":\"https:\\\/\\\/www.binauralmedia.org\\\/news\\\/arquivo\\\/author\\\/luiscosta\",\"name\":\"luiscosta\"},{\"@type\":\"WebPage\",\"@id\":\"https:\\\/\\\/www.binauralmedia.org\\\/news\\\/arquivo\\\/portfolio-items\\\/francisco-janes#webpage\",\"url\":\"https:\\\/\\\/www.binauralmedia.org\\\/news\\\/arquivo\\\/portfolio-items\\\/francisco-janes\",\"name\":\"Francisco Janes - binauralmedia.org\",\"description\":\"Nodar Tensions O projecto resulta de um percurso realizado pelo artista ao longo do rio Paiva, desde Nodar at\\u00e9 \\u00e0 nascente em Carapito, Moimenta da Beira. Em Nodar e ao longo do trajecto foram registados sons,fotografias e v\\u00eddeo que foram apresentados na forma de uma instala\\u00e7\\u00e3o mixed-media. Os elementos que recolhi s\\u00e3o o reflexo de\",\"inLanguage\":\"pt-PT\",\"isPartOf\":{\"@id\":\"https:\\\/\\\/www.binauralmedia.org\\\/news\\\/#website\"},\"breadcrumb\":{\"@id\":\"https:\\\/\\\/www.binauralmedia.org\\\/news\\\/arquivo\\\/portfolio-items\\\/francisco-janes#breadcrumblist\"},\"author\":{\"@id\":\"https:\\\/\\\/www.binauralmedia.org\\\/news\\\/arquivo\\\/author\\\/luiscosta#author\"},\"creator\":{\"@id\":\"https:\\\/\\\/www.binauralmedia.org\\\/news\\\/arquivo\\\/author\\\/luiscosta#author\"},\"image\":{\"@type\":\"ImageObject\",\"url\":\"https:\\\/\\\/www.binauralmedia.org\\\/news\\\/wp-content\\\/uploads\\\/2008-08-Francisco-Janes.png\",\"@id\":\"https:\\\/\\\/www.binauralmedia.org\\\/news\\\/arquivo\\\/portfolio-items\\\/francisco-janes\\\/#mainImage\",\"width\":1200,\"height\":800},\"primaryImageOfPage\":{\"@id\":\"https:\\\/\\\/www.binauralmedia.org\\\/news\\\/arquivo\\\/portfolio-items\\\/francisco-janes#mainImage\"},\"datePublished\":\"2023-06-20T11:24:15+00:00\",\"dateModified\":\"2023-07-04T11:28:28+00:00\"},{\"@type\":\"WebSite\",\"@id\":\"https:\\\/\\\/www.binauralmedia.org\\\/news\\\/#website\",\"url\":\"https:\\\/\\\/www.binauralmedia.org\\\/news\\\/\",\"name\":\"binauralmedia.org\",\"description\":\"Rural Based Sound\\\/Media Arts & Social Research\",\"inLanguage\":\"pt-PT\",\"publisher\":{\"@id\":\"https:\\\/\\\/www.binauralmedia.org\\\/news\\\/#organization\"}}]}\n\t\t<\/script>\n\t\t<!-- All in One SEO -->\n\n","aioseo_head_json":{"title":"Francisco Janes - binauralmedia.org","description":"Nodar Tensions O projecto resulta de um percurso realizado pelo artista ao longo do rio Paiva, desde Nodar at\u00e9 \u00e0 nascente em Carapito, Moimenta da Beira. Em Nodar e ao longo do trajecto foram registados sons,fotografias e v\u00eddeo que foram apresentados na forma de uma instala\u00e7\u00e3o mixed-media. Os elementos que recolhi s\u00e3o o reflexo de","canonical_url":"https:\/\/www.binauralmedia.org\/news\/arquivo\/portfolio-items\/francisco-janes","robots":"max-image-preview:large","keywords":"","webmasterTools":{"miscellaneous":""},"schema":{"@context":"https:\/\/schema.org","@graph":[{"@type":"BreadcrumbList","@id":"https:\/\/www.binauralmedia.org\/news\/arquivo\/portfolio-items\/francisco-janes#breadcrumblist","itemListElement":[{"@type":"ListItem","@id":"https:\/\/www.binauralmedia.org\/news#listItem","position":1,"name":"Home","item":"https:\/\/www.binauralmedia.org\/news","nextItem":{"@type":"ListItem","@id":"https:\/\/www.binauralmedia.org\/news\/arquivo\/portfolio-items#listItem","name":"Portfolio"}},{"@type":"ListItem","@id":"https:\/\/www.binauralmedia.org\/news\/arquivo\/portfolio-items#listItem","position":2,"name":"Portfolio","item":"https:\/\/www.binauralmedia.org\/news\/arquivo\/portfolio-items","nextItem":{"@type":"ListItem","@id":"https:\/\/www.binauralmedia.org\/news\/portfolio_category\/artistas#listItem","name":"Artistas"},"previousItem":{"@type":"ListItem","@id":"https:\/\/www.binauralmedia.org\/news#listItem","name":"Home"}},{"@type":"ListItem","@id":"https:\/\/www.binauralmedia.org\/news\/portfolio_category\/artistas#listItem","position":3,"name":"Artistas","item":"https:\/\/www.binauralmedia.org\/news\/portfolio_category\/artistas","nextItem":{"@type":"ListItem","@id":"https:\/\/www.binauralmedia.org\/news\/portfolio_category\/2008#listItem","name":"2008"},"previousItem":{"@type":"ListItem","@id":"https:\/\/www.binauralmedia.org\/news\/arquivo\/portfolio-items#listItem","name":"Portfolio"}},{"@type":"ListItem","@id":"https:\/\/www.binauralmedia.org\/news\/portfolio_category\/2008#listItem","position":4,"name":"2008","item":"https:\/\/www.binauralmedia.org\/news\/portfolio_category\/2008","nextItem":{"@type":"ListItem","@id":"https:\/\/www.binauralmedia.org\/news\/arquivo\/portfolio-items\/francisco-janes#listItem","name":"Francisco Janes"},"previousItem":{"@type":"ListItem","@id":"https:\/\/www.binauralmedia.org\/news\/portfolio_category\/artistas#listItem","name":"Artistas"}},{"@type":"ListItem","@id":"https:\/\/www.binauralmedia.org\/news\/arquivo\/portfolio-items\/francisco-janes#listItem","position":5,"name":"Francisco Janes","previousItem":{"@type":"ListItem","@id":"https:\/\/www.binauralmedia.org\/news\/portfolio_category\/2008#listItem","name":"2008"}}]},{"@type":"Organization","@id":"https:\/\/www.binauralmedia.org\/news\/#organization","name":"binauralmedia.org","description":"Rural Based Sound\/Media Arts & Social Research","url":"https:\/\/www.binauralmedia.org\/news\/"},{"@type":"Person","@id":"https:\/\/www.binauralmedia.org\/news\/arquivo\/author\/luiscosta#author","url":"https:\/\/www.binauralmedia.org\/news\/arquivo\/author\/luiscosta","name":"luiscosta"},{"@type":"WebPage","@id":"https:\/\/www.binauralmedia.org\/news\/arquivo\/portfolio-items\/francisco-janes#webpage","url":"https:\/\/www.binauralmedia.org\/news\/arquivo\/portfolio-items\/francisco-janes","name":"Francisco Janes - binauralmedia.org","description":"Nodar Tensions O projecto resulta de um percurso realizado pelo artista ao longo do rio Paiva, desde Nodar at\u00e9 \u00e0 nascente em Carapito, Moimenta da Beira. Em Nodar e ao longo do trajecto foram registados sons,fotografias e v\u00eddeo que foram apresentados na forma de uma instala\u00e7\u00e3o mixed-media. Os elementos que recolhi s\u00e3o o reflexo de","inLanguage":"pt-PT","isPartOf":{"@id":"https:\/\/www.binauralmedia.org\/news\/#website"},"breadcrumb":{"@id":"https:\/\/www.binauralmedia.org\/news\/arquivo\/portfolio-items\/francisco-janes#breadcrumblist"},"author":{"@id":"https:\/\/www.binauralmedia.org\/news\/arquivo\/author\/luiscosta#author"},"creator":{"@id":"https:\/\/www.binauralmedia.org\/news\/arquivo\/author\/luiscosta#author"},"image":{"@type":"ImageObject","url":"https:\/\/www.binauralmedia.org\/news\/wp-content\/uploads\/2008-08-Francisco-Janes.png","@id":"https:\/\/www.binauralmedia.org\/news\/arquivo\/portfolio-items\/francisco-janes\/#mainImage","width":1200,"height":800},"primaryImageOfPage":{"@id":"https:\/\/www.binauralmedia.org\/news\/arquivo\/portfolio-items\/francisco-janes#mainImage"},"datePublished":"2023-06-20T11:24:15+00:00","dateModified":"2023-07-04T11:28:28+00:00"},{"@type":"WebSite","@id":"https:\/\/www.binauralmedia.org\/news\/#website","url":"https:\/\/www.binauralmedia.org\/news\/","name":"binauralmedia.org","description":"Rural Based Sound\/Media Arts & Social Research","inLanguage":"pt-PT","publisher":{"@id":"https:\/\/www.binauralmedia.org\/news\/#organization"}}]},"og:locale":"pt_PT","og:site_name":"binauralmedia.org - Rural Based Sound\/Media Arts &amp; Social Research","og:type":"article","og:title":"Francisco Janes - binauralmedia.org","og:description":"Nodar Tensions O projecto resulta de um percurso realizado pelo artista ao longo do rio Paiva, desde Nodar at\u00e9 \u00e0 nascente em Carapito, Moimenta da Beira. Em Nodar e ao longo do trajecto foram registados sons,fotografias e v\u00eddeo que foram apresentados na forma de uma instala\u00e7\u00e3o mixed-media. Os elementos que recolhi s\u00e3o o reflexo de","og:url":"https:\/\/www.binauralmedia.org\/news\/arquivo\/portfolio-items\/francisco-janes","article:published_time":"2023-06-20T11:24:15+00:00","article:modified_time":"2023-07-04T11:28:28+00:00","twitter:card":"summary_large_image","twitter:title":"Francisco Janes - binauralmedia.org","twitter:description":"Nodar Tensions O projecto resulta de um percurso realizado pelo artista ao longo do rio Paiva, desde Nodar at\u00e9 \u00e0 nascente em Carapito, Moimenta da Beira. Em Nodar e ao longo do trajecto foram registados sons,fotografias e v\u00eddeo que foram apresentados na forma de uma instala\u00e7\u00e3o mixed-media. Os elementos que recolhi s\u00e3o o reflexo de"},"aioseo_meta_data":{"post_id":"18331","title":null,"description":null,"keywords":null,"keyphrases":null,"primary_term":null,"canonical_url":null,"og_title":null,"og_description":null,"og_object_type":"default","og_image_type":"default","og_image_custom_url":null,"og_image_custom_fields":null,"og_image_url":null,"og_image_width":null,"og_image_height":null,"og_video":null,"og_custom_url":null,"og_article_section":null,"og_article_tags":null,"twitter_use_og":false,"twitter_card":"default","twitter_image_type":"default","twitter_image_custom_url":null,"twitter_image_custom_fields":null,"twitter_image_url":null,"twitter_title":null,"twitter_description":null,"schema_type":"default","schema_type_options":null,"schema":{"blockGraphs":[],"customGraphs":[],"default":{"data":{"Article":[],"Course":[],"Dataset":[],"FAQPage":[],"Movie":[],"Person":[],"Product":[],"ProductReview":[],"Car":[],"Recipe":[],"Service":[],"SoftwareApplication":[],"WebPage":[]},"graphName":"","isEnabled":true},"graphs":[]},"pillar_content":false,"robots_default":true,"robots_noindex":false,"robots_noarchive":false,"robots_nosnippet":false,"robots_nofollow":false,"robots_noimageindex":false,"robots_noodp":false,"robots_notranslate":false,"robots_max_snippet":null,"robots_max_videopreview":null,"robots_max_imagepreview":"large","priority":null,"frequency":null,"local_seo":null,"limit_modified_date":false,"ai":null,"breadcrumb_settings":null,"seo_analyzer_scan_date":null,"created":"2026-08-04 22:44:02","updated":"2026-08-04 22:44:02","focus_keyword":null,"additional_keywords":null,"truseo_locale":null},"aioseo_breadcrumb":"<div class=\"aioseo-breadcrumbs\"><span class=\"aioseo-breadcrumb\">\n\t\t\t<a href=\"https:\/\/www.binauralmedia.org\/news\" title=\"Home\">Home<\/a>\n\t\t<\/span><span class=\"aioseo-breadcrumb-separator\">&raquo;<\/span><span class=\"aioseo-breadcrumb\">\n\t\t\t<a href=\"https:\/\/www.binauralmedia.org\/news\/arquivo\/portfolio-items\" title=\"Portfolio\">Portfolio<\/a>\n\t\t<\/span><span class=\"aioseo-breadcrumb-separator\">&raquo;<\/span><span class=\"aioseo-breadcrumb\">\n\t\t\t<a href=\"https:\/\/www.binauralmedia.org\/news\/portfolio_category\/artistas\" title=\"Artistas\">Artistas<\/a>\n\t\t<\/span><span class=\"aioseo-breadcrumb-separator\">&raquo;<\/span><span class=\"aioseo-breadcrumb\">\n\t\t\t<a href=\"https:\/\/www.binauralmedia.org\/news\/portfolio_category\/2008\" title=\"2008\">2008<\/a>\n\t\t<\/span><span class=\"aioseo-breadcrumb-separator\">&raquo;<\/span><span class=\"aioseo-breadcrumb\">\n\t\t\tFrancisco Janes\n\t\t<\/span><\/div>","aioseo_breadcrumb_json":[{"label":"Home","link":"https:\/\/www.binauralmedia.org\/news"},{"label":"Portfolio","link":"https:\/\/www.binauralmedia.org\/news\/arquivo\/portfolio-items"},{"label":"Artistas","link":"https:\/\/www.binauralmedia.org\/news\/portfolio_category\/artistas"},{"label":"2008","link":"https:\/\/www.binauralmedia.org\/news\/portfolio_category\/2008"},{"label":"Francisco Janes","link":"https:\/\/www.binauralmedia.org\/news\/arquivo\/portfolio-items\/francisco-janes"}],"_links":{"self":[{"href":"https:\/\/www.binauralmedia.org\/news\/wp-json\/wp\/v2\/avada_portfolio\/18331","targetHints":{"allow":["GET"]}}],"collection":[{"href":"https:\/\/www.binauralmedia.org\/news\/wp-json\/wp\/v2\/avada_portfolio"}],"about":[{"href":"https:\/\/www.binauralmedia.org\/news\/wp-json\/wp\/v2\/types\/avada_portfolio"}],"author":[{"embeddable":true,"href":"https:\/\/www.binauralmedia.org\/news\/wp-json\/wp\/v2\/users\/2"}],"replies":[{"embeddable":true,"href":"https:\/\/www.binauralmedia.org\/news\/wp-json\/wp\/v2\/comments?post=18331"}],"version-history":[{"count":2,"href":"https:\/\/www.binauralmedia.org\/news\/wp-json\/wp\/v2\/avada_portfolio\/18331\/revisions"}],"predecessor-version":[{"id":19333,"href":"https:\/\/www.binauralmedia.org\/news\/wp-json\/wp\/v2\/avada_portfolio\/18331\/revisions\/19333"}],"wp:featuredmedia":[{"embeddable":true,"href":"https:\/\/www.binauralmedia.org\/news\/wp-json\/wp\/v2\/media\/18327"}],"wp:attachment":[{"href":"https:\/\/www.binauralmedia.org\/news\/wp-json\/wp\/v2\/media?parent=18331"}],"wp:term":[{"taxonomy":"portfolio_category","embeddable":true,"href":"https:\/\/www.binauralmedia.org\/news\/wp-json\/wp\/v2\/portfolio_category?post=18331"},{"taxonomy":"portfolio_skills","embeddable":true,"href":"https:\/\/www.binauralmedia.org\/news\/wp-json\/wp\/v2\/portfolio_skills?post=18331"},{"taxonomy":"portfolio_tags","embeddable":true,"href":"https:\/\/www.binauralmedia.org\/news\/wp-json\/wp\/v2\/portfolio_tags?post=18331"}],"curies":[{"name":"wp","href":"https:\/\/api.w.org\/{rel}","templated":true}]}}