{"id":18281,"date":"2023-06-19T15:32:27","date_gmt":"2023-06-19T15:32:27","guid":{"rendered":"https:\/\/www.binauralmedia.org\/news?post_type=avada_portfolio&#038;p=18281"},"modified":"2023-07-03T15:12:01","modified_gmt":"2023-07-03T15:12:01","slug":"nilo-gallego-e-noemi-fidalgo","status":"publish","type":"avada_portfolio","link":"https:\/\/www.binauralmedia.org\/news\/arquivo\/portfolio-items\/nilo-gallego-e-noemi-fidalgo","title":{"rendered":"Nilo Gallego e Noemi Fidalgo"},"content":{"rendered":"<div class=\"fusion-fullwidth fullwidth-box fusion-builder-row-1 fusion-flex-container nonhundred-percent-fullwidth non-hundred-percent-height-scrolling\" style=\"--awb-border-radius-top-left:0px;--awb-border-radius-top-right:0px;--awb-border-radius-bottom-right:0px;--awb-border-radius-bottom-left:0px;--awb-flex-wrap:wrap;\" ><div class=\"fusion-builder-row fusion-row fusion-flex-align-items-flex-start fusion-flex-content-wrap\" style=\"max-width:1144px;margin-left: calc(-4% \/ 2 );margin-right: calc(-4% \/ 2 );\"><div class=\"fusion-layout-column fusion_builder_column fusion-builder-column-0 fusion_builder_column_1_1 1_1 fusion-flex-column\" style=\"--awb-bg-size:cover;--awb-width-large:100%;--awb-margin-top-large:0px;--awb-spacing-right-large:1.92%;--awb-margin-bottom-large:0px;--awb-spacing-left-large:1.92%;--awb-width-medium:100%;--awb-spacing-right-medium:1.92%;--awb-spacing-left-medium:1.92%;--awb-width-small:100%;--awb-spacing-right-small:1.92%;--awb-spacing-left-small:1.92%;\"><div class=\"fusion-column-wrapper fusion-flex-justify-content-flex-start fusion-content-layout-column\"><div class=\"fusion-text fusion-text-1\"><div>\n<p><strong>A\u00e7\u00e3o Sonora com Pastor, Cabras, C\u00e3o<\/strong><\/p>\n<p>Noemi Fidalgo e eu realiz\u00e1mos uma resid\u00eancia art\u00edstica em Nodar no ano de 2007 com duas interven\u00e7\u00f5es sonoras e musicais que procuraram uma interac\u00e7\u00e3o com o meio e a participa\u00e7\u00e3o dos habitantes de Nodar.<\/p>\n<\/div>\n<div>\n<p>Primeira interven\u00e7\u00e3o:Passeio sonoro como pastor Fernando e as suas cabras.<\/p>\n<\/div>\n<div>\n<p>Num primeiro momento,Noemi e eu acompanh\u00e1mos o rebanho interpretando m\u00fasicas t\u00edpicas de arruadas (\u201cpasacalles\u201d),com o tambor e a gaita de foles (desta vez,as cabras vinham com vontade defesta).<\/p>\n<\/div>\n<div>\n<p>Ao chegar ao redil,mud\u00e1mos os instrumentos e realiz\u00e1mos uma improvisa\u00e7\u00e3o com percuss\u00e3o, saxofone e sons gravados e manipulados por computador.<\/p>\n<\/div>\n<div>\n<p>Esta improvisa\u00e7\u00e3o foi mais \u00edntima e descontra\u00edda, com a concentra\u00e7\u00e3o posta no movimento do som.<\/p>\n<\/div>\n<div>\n<p>Para terminar,Noemi entrevistou o Fernando.Como se estivessem na r\u00e1dio, como microfone na m\u00e3o,perguntou-lhe sobre a sua vida, se o of\u00edcio de pastor tinha futuro, se era verdade que o lobo tinha comido metade do seu rebanho, se gostava de dan\u00e7ar nas festas das aldeias. Fernando respondeu sempre de forma jovial e ligeira.As vinte pessoas que compunham o p\u00fablico escutavam atentamente do outro lado do campo.<\/p>\n<\/div>\n<div>\n<p>Segunda interven\u00e7\u00e3o:Concerto com a Orquestra \u201cSonsda Beira Alta\u201d.<\/p>\n<\/div>\n<div>\n<p>A Orquestra \u201cSons da Beira Alta\u201d \u00e9 uma forma\u00e7\u00e3o que interpreta m\u00fasica tradicional da regi\u00e3o do Rio Paiva.Os instrumentos que utilizam s\u00e3o o violino, duas violas, acorde\u00e3o,saxofone e voz.<\/p>\n<\/div>\n<div>\n<p>A esta forma\u00e7\u00e3o pertence Quim, o pastor de Parada, que j\u00e1 o conhec\u00edamos das nossas viagens anteriores a Nodar.Apesar da sua avan\u00e7ada idade \u00e9 um dos habitantes mais activos da zona.Gra\u00e7as a ele pudemos desfrutar dos ensaios musicais aos Domingos.Noemi com o saxofone e eu com a bateria junt\u00e1mo-nos ao grupo e aprendemos as can\u00e7\u00f5es do seu repert\u00f3rio. Lu\u00eds Costa da Binaural\/Nodar organizou um baile na aldeia de Sequeiros. Essa festa, para al\u00e9m de ser o encerramento da resid\u00eancia, foi uma grande reuni\u00e3o entre os habitantes da zona. Ningu\u00e9m parou de dan\u00e7ar durante as tr\u00eas horas que durou o baile.<\/p>\n<\/div>\n<\/div><\/div><\/div><\/div><\/div>\n","protected":false},"excerpt":{"rendered":"","protected":false},"author":2,"featured_media":18282,"menu_order":0,"comment_status":"closed","ping_status":"closed","template":"","format":"standard","meta":{"_acf_changed":false,"_bbp_topic_count":0,"_bbp_reply_count":0,"_bbp_total_topic_count":0,"_bbp_total_reply_count":0,"_bbp_voice_count":0,"_bbp_anonymous_reply_count":0,"_bbp_topic_count_hidden":0,"_bbp_reply_count_hidden":0,"_bbp_forum_subforum_count":0,"footnotes":""},"portfolio_category":[1231,1229],"portfolio_skills":[],"portfolio_tags":[],"class_list":["post-18281","avada_portfolio","type-avada_portfolio","status-publish","format-standard","has-post-thumbnail","hentry","portfolio_category-1231","portfolio_category-artistas"],"acf":[],"aioseo_notices":[],"aioseo_head":"\n\t\t<!-- All in One SEO 5.0.1.1 - aioseo.com -->\n\t<meta name=\"description\" content=\"A\u00e7\u00e3o Sonora com Pastor, Cabras, C\u00e3o Noemi Fidalgo e eu realiz\u00e1mos uma resid\u00eancia art\u00edstica em Nodar no ano de 2007 com duas interven\u00e7\u00f5es sonoras e musicais que procuraram uma interac\u00e7\u00e3o com o meio e a participa\u00e7\u00e3o dos habitantes de Nodar. Primeira interven\u00e7\u00e3o:Passeio sonoro como pastor Fernando e as suas cabras. Num primeiro momento,Noemi e eu\" \/>\n\t<meta name=\"robots\" content=\"max-image-preview:large\" \/>\n\t<meta name=\"author\" content=\"luiscosta\"\/>\n\t<link rel=\"canonical\" href=\"https:\/\/www.binauralmedia.org\/news\/arquivo\/portfolio-items\/nilo-gallego-e-noemi-fidalgo\" \/>\n\t<meta name=\"generator\" content=\"All in One SEO (AIOSEO) 5.0.1.1\" \/>\n\t\t<meta property=\"og:locale\" content=\"pt_PT\" \/>\n\t\t<meta property=\"og:site_name\" content=\"binauralmedia.org - Rural Based Sound\/Media Arts &amp; Social Research\" \/>\n\t\t<meta property=\"og:type\" content=\"article\" \/>\n\t\t<meta property=\"og:title\" content=\"Nilo Gallego e Noemi Fidalgo - binauralmedia.org\" \/>\n\t\t<meta property=\"og:description\" content=\"A\u00e7\u00e3o Sonora com Pastor, Cabras, C\u00e3o Noemi Fidalgo e eu realiz\u00e1mos uma resid\u00eancia art\u00edstica em Nodar no ano de 2007 com duas interven\u00e7\u00f5es sonoras e musicais que procuraram uma interac\u00e7\u00e3o com o meio e a participa\u00e7\u00e3o dos habitantes de Nodar. Primeira interven\u00e7\u00e3o:Passeio sonoro como pastor Fernando e as suas cabras. Num primeiro momento,Noemi e eu\" \/>\n\t\t<meta property=\"og:url\" content=\"https:\/\/www.binauralmedia.org\/news\/arquivo\/portfolio-items\/nilo-gallego-e-noemi-fidalgo\" \/>\n\t\t<meta property=\"article:published_time\" content=\"2023-06-19T15:32:27+00:00\" \/>\n\t\t<meta property=\"article:modified_time\" content=\"2023-07-03T15:12:01+00:00\" \/>\n\t\t<meta name=\"twitter:card\" content=\"summary_large_image\" \/>\n\t\t<meta name=\"twitter:title\" content=\"Nilo Gallego e Noemi Fidalgo - binauralmedia.org\" \/>\n\t\t<meta name=\"twitter:description\" content=\"A\u00e7\u00e3o Sonora com Pastor, Cabras, C\u00e3o Noemi Fidalgo e eu realiz\u00e1mos uma resid\u00eancia art\u00edstica em Nodar no ano de 2007 com duas interven\u00e7\u00f5es sonoras e musicais que procuraram uma interac\u00e7\u00e3o com o meio e a participa\u00e7\u00e3o dos habitantes de Nodar. Primeira interven\u00e7\u00e3o:Passeio sonoro como pastor Fernando e as suas cabras. Num primeiro momento,Noemi e eu\" \/>\n\t\t<script type=\"application\/ld+json\" class=\"aioseo-schema\">\n\t\t\t{\"@context\":\"https:\\\/\\\/schema.org\",\"@graph\":[{\"@type\":\"BreadcrumbList\",\"@id\":\"https:\\\/\\\/www.binauralmedia.org\\\/news\\\/arquivo\\\/portfolio-items\\\/nilo-gallego-e-noemi-fidalgo#breadcrumblist\",\"itemListElement\":[{\"@type\":\"ListItem\",\"@id\":\"https:\\\/\\\/www.binauralmedia.org\\\/news#listItem\",\"position\":1,\"name\":\"Home\",\"item\":\"https:\\\/\\\/www.binauralmedia.org\\\/news\",\"nextItem\":{\"@type\":\"ListItem\",\"@id\":\"https:\\\/\\\/www.binauralmedia.org\\\/news\\\/arquivo\\\/portfolio-items#listItem\",\"name\":\"Portfolio\"}},{\"@type\":\"ListItem\",\"@id\":\"https:\\\/\\\/www.binauralmedia.org\\\/news\\\/arquivo\\\/portfolio-items#listItem\",\"position\":2,\"name\":\"Portfolio\",\"item\":\"https:\\\/\\\/www.binauralmedia.org\\\/news\\\/arquivo\\\/portfolio-items\",\"nextItem\":{\"@type\":\"ListItem\",\"@id\":\"https:\\\/\\\/www.binauralmedia.org\\\/news\\\/portfolio_category\\\/artistas#listItem\",\"name\":\"Artistas\"},\"previousItem\":{\"@type\":\"ListItem\",\"@id\":\"https:\\\/\\\/www.binauralmedia.org\\\/news#listItem\",\"name\":\"Home\"}},{\"@type\":\"ListItem\",\"@id\":\"https:\\\/\\\/www.binauralmedia.org\\\/news\\\/portfolio_category\\\/artistas#listItem\",\"position\":3,\"name\":\"Artistas\",\"item\":\"https:\\\/\\\/www.binauralmedia.org\\\/news\\\/portfolio_category\\\/artistas\",\"nextItem\":{\"@type\":\"ListItem\",\"@id\":\"https:\\\/\\\/www.binauralmedia.org\\\/news\\\/portfolio_category\\\/2007#listItem\",\"name\":\"2007\"},\"previousItem\":{\"@type\":\"ListItem\",\"@id\":\"https:\\\/\\\/www.binauralmedia.org\\\/news\\\/arquivo\\\/portfolio-items#listItem\",\"name\":\"Portfolio\"}},{\"@type\":\"ListItem\",\"@id\":\"https:\\\/\\\/www.binauralmedia.org\\\/news\\\/portfolio_category\\\/2007#listItem\",\"position\":4,\"name\":\"2007\",\"item\":\"https:\\\/\\\/www.binauralmedia.org\\\/news\\\/portfolio_category\\\/2007\",\"nextItem\":{\"@type\":\"ListItem\",\"@id\":\"https:\\\/\\\/www.binauralmedia.org\\\/news\\\/arquivo\\\/portfolio-items\\\/nilo-gallego-e-noemi-fidalgo#listItem\",\"name\":\"Nilo Gallego e Noemi Fidalgo\"},\"previousItem\":{\"@type\":\"ListItem\",\"@id\":\"https:\\\/\\\/www.binauralmedia.org\\\/news\\\/portfolio_category\\\/artistas#listItem\",\"name\":\"Artistas\"}},{\"@type\":\"ListItem\",\"@id\":\"https:\\\/\\\/www.binauralmedia.org\\\/news\\\/arquivo\\\/portfolio-items\\\/nilo-gallego-e-noemi-fidalgo#listItem\",\"position\":5,\"name\":\"Nilo Gallego e Noemi Fidalgo\",\"previousItem\":{\"@type\":\"ListItem\",\"@id\":\"https:\\\/\\\/www.binauralmedia.org\\\/news\\\/portfolio_category\\\/2007#listItem\",\"name\":\"2007\"}}]},{\"@type\":\"Organization\",\"@id\":\"https:\\\/\\\/www.binauralmedia.org\\\/news\\\/#organization\",\"name\":\"binauralmedia.org\",\"description\":\"Rural Based Sound\\\/Media Arts & Social Research\",\"url\":\"https:\\\/\\\/www.binauralmedia.org\\\/news\\\/\"},{\"@type\":\"Person\",\"@id\":\"https:\\\/\\\/www.binauralmedia.org\\\/news\\\/arquivo\\\/author\\\/luiscosta#author\",\"url\":\"https:\\\/\\\/www.binauralmedia.org\\\/news\\\/arquivo\\\/author\\\/luiscosta\",\"name\":\"luiscosta\"},{\"@type\":\"WebPage\",\"@id\":\"https:\\\/\\\/www.binauralmedia.org\\\/news\\\/arquivo\\\/portfolio-items\\\/nilo-gallego-e-noemi-fidalgo#webpage\",\"url\":\"https:\\\/\\\/www.binauralmedia.org\\\/news\\\/arquivo\\\/portfolio-items\\\/nilo-gallego-e-noemi-fidalgo\",\"name\":\"Nilo Gallego e Noemi Fidalgo - binauralmedia.org\",\"description\":\"A\\u00e7\\u00e3o Sonora com Pastor, Cabras, C\\u00e3o Noemi Fidalgo e eu realiz\\u00e1mos uma resid\\u00eancia art\\u00edstica em Nodar no ano de 2007 com duas interven\\u00e7\\u00f5es sonoras e musicais que procuraram uma interac\\u00e7\\u00e3o com o meio e a participa\\u00e7\\u00e3o dos habitantes de Nodar. Primeira interven\\u00e7\\u00e3o:Passeio sonoro como pastor Fernando e as suas cabras. Num primeiro momento,Noemi e eu\",\"inLanguage\":\"pt-PT\",\"isPartOf\":{\"@id\":\"https:\\\/\\\/www.binauralmedia.org\\\/news\\\/#website\"},\"breadcrumb\":{\"@id\":\"https:\\\/\\\/www.binauralmedia.org\\\/news\\\/arquivo\\\/portfolio-items\\\/nilo-gallego-e-noemi-fidalgo#breadcrumblist\"},\"author\":{\"@id\":\"https:\\\/\\\/www.binauralmedia.org\\\/news\\\/arquivo\\\/author\\\/luiscosta#author\"},\"creator\":{\"@id\":\"https:\\\/\\\/www.binauralmedia.org\\\/news\\\/arquivo\\\/author\\\/luiscosta#author\"},\"image\":{\"@type\":\"ImageObject\",\"url\":\"https:\\\/\\\/www.binauralmedia.org\\\/news\\\/wp-content\\\/uploads\\\/2007-10-Nilo-Gallego-e-Noemi-Fidalgo.png\",\"@id\":\"https:\\\/\\\/www.binauralmedia.org\\\/news\\\/arquivo\\\/portfolio-items\\\/nilo-gallego-e-noemi-fidalgo\\\/#mainImage\",\"width\":1200,\"height\":800},\"primaryImageOfPage\":{\"@id\":\"https:\\\/\\\/www.binauralmedia.org\\\/news\\\/arquivo\\\/portfolio-items\\\/nilo-gallego-e-noemi-fidalgo#mainImage\"},\"datePublished\":\"2023-06-19T15:32:27+00:00\",\"dateModified\":\"2023-07-03T15:12:01+00:00\"},{\"@type\":\"WebSite\",\"@id\":\"https:\\\/\\\/www.binauralmedia.org\\\/news\\\/#website\",\"url\":\"https:\\\/\\\/www.binauralmedia.org\\\/news\\\/\",\"name\":\"binauralmedia.org\",\"description\":\"Rural Based Sound\\\/Media Arts & Social Research\",\"inLanguage\":\"pt-PT\",\"publisher\":{\"@id\":\"https:\\\/\\\/www.binauralmedia.org\\\/news\\\/#organization\"}}]}\n\t\t<\/script>\n\t\t<!-- All in One SEO -->\n\n","aioseo_head_json":{"title":"Nilo Gallego e Noemi Fidalgo - binauralmedia.org","description":"A\u00e7\u00e3o Sonora com Pastor, Cabras, C\u00e3o Noemi Fidalgo e eu realiz\u00e1mos uma resid\u00eancia art\u00edstica em Nodar no ano de 2007 com duas interven\u00e7\u00f5es sonoras e musicais que procuraram uma interac\u00e7\u00e3o com o meio e a participa\u00e7\u00e3o dos habitantes de Nodar. Primeira interven\u00e7\u00e3o:Passeio sonoro como pastor Fernando e as suas cabras. Num primeiro momento,Noemi e eu","canonical_url":"https:\/\/www.binauralmedia.org\/news\/arquivo\/portfolio-items\/nilo-gallego-e-noemi-fidalgo","robots":"max-image-preview:large","keywords":"","webmasterTools":{"miscellaneous":""},"schema":{"@context":"https:\/\/schema.org","@graph":[{"@type":"BreadcrumbList","@id":"https:\/\/www.binauralmedia.org\/news\/arquivo\/portfolio-items\/nilo-gallego-e-noemi-fidalgo#breadcrumblist","itemListElement":[{"@type":"ListItem","@id":"https:\/\/www.binauralmedia.org\/news#listItem","position":1,"name":"Home","item":"https:\/\/www.binauralmedia.org\/news","nextItem":{"@type":"ListItem","@id":"https:\/\/www.binauralmedia.org\/news\/arquivo\/portfolio-items#listItem","name":"Portfolio"}},{"@type":"ListItem","@id":"https:\/\/www.binauralmedia.org\/news\/arquivo\/portfolio-items#listItem","position":2,"name":"Portfolio","item":"https:\/\/www.binauralmedia.org\/news\/arquivo\/portfolio-items","nextItem":{"@type":"ListItem","@id":"https:\/\/www.binauralmedia.org\/news\/portfolio_category\/artistas#listItem","name":"Artistas"},"previousItem":{"@type":"ListItem","@id":"https:\/\/www.binauralmedia.org\/news#listItem","name":"Home"}},{"@type":"ListItem","@id":"https:\/\/www.binauralmedia.org\/news\/portfolio_category\/artistas#listItem","position":3,"name":"Artistas","item":"https:\/\/www.binauralmedia.org\/news\/portfolio_category\/artistas","nextItem":{"@type":"ListItem","@id":"https:\/\/www.binauralmedia.org\/news\/portfolio_category\/2007#listItem","name":"2007"},"previousItem":{"@type":"ListItem","@id":"https:\/\/www.binauralmedia.org\/news\/arquivo\/portfolio-items#listItem","name":"Portfolio"}},{"@type":"ListItem","@id":"https:\/\/www.binauralmedia.org\/news\/portfolio_category\/2007#listItem","position":4,"name":"2007","item":"https:\/\/www.binauralmedia.org\/news\/portfolio_category\/2007","nextItem":{"@type":"ListItem","@id":"https:\/\/www.binauralmedia.org\/news\/arquivo\/portfolio-items\/nilo-gallego-e-noemi-fidalgo#listItem","name":"Nilo Gallego e Noemi Fidalgo"},"previousItem":{"@type":"ListItem","@id":"https:\/\/www.binauralmedia.org\/news\/portfolio_category\/artistas#listItem","name":"Artistas"}},{"@type":"ListItem","@id":"https:\/\/www.binauralmedia.org\/news\/arquivo\/portfolio-items\/nilo-gallego-e-noemi-fidalgo#listItem","position":5,"name":"Nilo Gallego e Noemi Fidalgo","previousItem":{"@type":"ListItem","@id":"https:\/\/www.binauralmedia.org\/news\/portfolio_category\/2007#listItem","name":"2007"}}]},{"@type":"Organization","@id":"https:\/\/www.binauralmedia.org\/news\/#organization","name":"binauralmedia.org","description":"Rural Based Sound\/Media Arts & Social Research","url":"https:\/\/www.binauralmedia.org\/news\/"},{"@type":"Person","@id":"https:\/\/www.binauralmedia.org\/news\/arquivo\/author\/luiscosta#author","url":"https:\/\/www.binauralmedia.org\/news\/arquivo\/author\/luiscosta","name":"luiscosta"},{"@type":"WebPage","@id":"https:\/\/www.binauralmedia.org\/news\/arquivo\/portfolio-items\/nilo-gallego-e-noemi-fidalgo#webpage","url":"https:\/\/www.binauralmedia.org\/news\/arquivo\/portfolio-items\/nilo-gallego-e-noemi-fidalgo","name":"Nilo Gallego e Noemi Fidalgo - binauralmedia.org","description":"A\u00e7\u00e3o Sonora com Pastor, Cabras, C\u00e3o Noemi Fidalgo e eu realiz\u00e1mos uma resid\u00eancia art\u00edstica em Nodar no ano de 2007 com duas interven\u00e7\u00f5es sonoras e musicais que procuraram uma interac\u00e7\u00e3o com o meio e a participa\u00e7\u00e3o dos habitantes de Nodar. Primeira interven\u00e7\u00e3o:Passeio sonoro como pastor Fernando e as suas cabras. Num primeiro momento,Noemi e eu","inLanguage":"pt-PT","isPartOf":{"@id":"https:\/\/www.binauralmedia.org\/news\/#website"},"breadcrumb":{"@id":"https:\/\/www.binauralmedia.org\/news\/arquivo\/portfolio-items\/nilo-gallego-e-noemi-fidalgo#breadcrumblist"},"author":{"@id":"https:\/\/www.binauralmedia.org\/news\/arquivo\/author\/luiscosta#author"},"creator":{"@id":"https:\/\/www.binauralmedia.org\/news\/arquivo\/author\/luiscosta#author"},"image":{"@type":"ImageObject","url":"https:\/\/www.binauralmedia.org\/news\/wp-content\/uploads\/2007-10-Nilo-Gallego-e-Noemi-Fidalgo.png","@id":"https:\/\/www.binauralmedia.org\/news\/arquivo\/portfolio-items\/nilo-gallego-e-noemi-fidalgo\/#mainImage","width":1200,"height":800},"primaryImageOfPage":{"@id":"https:\/\/www.binauralmedia.org\/news\/arquivo\/portfolio-items\/nilo-gallego-e-noemi-fidalgo#mainImage"},"datePublished":"2023-06-19T15:32:27+00:00","dateModified":"2023-07-03T15:12:01+00:00"},{"@type":"WebSite","@id":"https:\/\/www.binauralmedia.org\/news\/#website","url":"https:\/\/www.binauralmedia.org\/news\/","name":"binauralmedia.org","description":"Rural Based Sound\/Media Arts & Social Research","inLanguage":"pt-PT","publisher":{"@id":"https:\/\/www.binauralmedia.org\/news\/#organization"}}]},"og:locale":"pt_PT","og:site_name":"binauralmedia.org - Rural Based Sound\/Media Arts &amp; Social Research","og:type":"article","og:title":"Nilo Gallego e Noemi Fidalgo - binauralmedia.org","og:description":"A\u00e7\u00e3o Sonora com Pastor, Cabras, C\u00e3o Noemi Fidalgo e eu realiz\u00e1mos uma resid\u00eancia art\u00edstica em Nodar no ano de 2007 com duas interven\u00e7\u00f5es sonoras e musicais que procuraram uma interac\u00e7\u00e3o com o meio e a participa\u00e7\u00e3o dos habitantes de Nodar. Primeira interven\u00e7\u00e3o:Passeio sonoro como pastor Fernando e as suas cabras. Num primeiro momento,Noemi e eu","og:url":"https:\/\/www.binauralmedia.org\/news\/arquivo\/portfolio-items\/nilo-gallego-e-noemi-fidalgo","article:published_time":"2023-06-19T15:32:27+00:00","article:modified_time":"2023-07-03T15:12:01+00:00","twitter:card":"summary_large_image","twitter:title":"Nilo Gallego e Noemi Fidalgo - binauralmedia.org","twitter:description":"A\u00e7\u00e3o Sonora com Pastor, Cabras, C\u00e3o Noemi Fidalgo e eu realiz\u00e1mos uma resid\u00eancia art\u00edstica em Nodar no ano de 2007 com duas interven\u00e7\u00f5es sonoras e musicais que procuraram uma interac\u00e7\u00e3o com o meio e a participa\u00e7\u00e3o dos habitantes de Nodar. Primeira interven\u00e7\u00e3o:Passeio sonoro como pastor Fernando e as suas cabras. Num primeiro momento,Noemi e eu"},"aioseo_meta_data":{"post_id":"18281","title":null,"description":null,"keywords":null,"keyphrases":null,"primary_term":null,"canonical_url":null,"og_title":null,"og_description":null,"og_object_type":"default","og_image_type":"default","og_image_custom_url":null,"og_image_custom_fields":null,"og_image_url":null,"og_image_width":null,"og_image_height":null,"og_video":null,"og_custom_url":null,"og_article_section":null,"og_article_tags":null,"twitter_use_og":false,"twitter_card":"default","twitter_image_type":"default","twitter_image_custom_url":null,"twitter_image_custom_fields":null,"twitter_image_url":null,"twitter_title":null,"twitter_description":null,"schema_type":"default","schema_type_options":null,"schema":{"blockGraphs":[],"customGraphs":[],"default":{"data":{"Article":[],"Course":[],"Dataset":[],"FAQPage":[],"Movie":[],"Person":[],"Product":[],"ProductReview":[],"Car":[],"Recipe":[],"Service":[],"SoftwareApplication":[],"WebPage":[]},"graphName":"","isEnabled":true},"graphs":[]},"pillar_content":false,"robots_default":true,"robots_noindex":false,"robots_noarchive":false,"robots_nosnippet":false,"robots_nofollow":false,"robots_noimageindex":false,"robots_noodp":false,"robots_notranslate":false,"robots_max_snippet":null,"robots_max_videopreview":null,"robots_max_imagepreview":"large","priority":null,"frequency":null,"local_seo":null,"limit_modified_date":false,"ai":null,"breadcrumb_settings":null,"seo_analyzer_scan_date":null,"created":"2026-08-04 22:42:54","updated":"2026-08-04 22:42:54","focus_keyword":null,"additional_keywords":null,"truseo_locale":null},"aioseo_breadcrumb":"<div class=\"aioseo-breadcrumbs\"><span class=\"aioseo-breadcrumb\">\n\t\t\t<a href=\"https:\/\/www.binauralmedia.org\/news\" title=\"Home\">Home<\/a>\n\t\t<\/span><span class=\"aioseo-breadcrumb-separator\">&raquo;<\/span><span class=\"aioseo-breadcrumb\">\n\t\t\t<a href=\"https:\/\/www.binauralmedia.org\/news\/arquivo\/portfolio-items\" title=\"Portfolio\">Portfolio<\/a>\n\t\t<\/span><span class=\"aioseo-breadcrumb-separator\">&raquo;<\/span><span class=\"aioseo-breadcrumb\">\n\t\t\t<a href=\"https:\/\/www.binauralmedia.org\/news\/portfolio_category\/artistas\" title=\"Artistas\">Artistas<\/a>\n\t\t<\/span><span class=\"aioseo-breadcrumb-separator\">&raquo;<\/span><span class=\"aioseo-breadcrumb\">\n\t\t\t<a href=\"https:\/\/www.binauralmedia.org\/news\/portfolio_category\/2007\" title=\"2007\">2007<\/a>\n\t\t<\/span><span class=\"aioseo-breadcrumb-separator\">&raquo;<\/span><span class=\"aioseo-breadcrumb\">\n\t\t\tNilo Gallego e Noemi Fidalgo\n\t\t<\/span><\/div>","aioseo_breadcrumb_json":[{"label":"Home","link":"https:\/\/www.binauralmedia.org\/news"},{"label":"Portfolio","link":"https:\/\/www.binauralmedia.org\/news\/arquivo\/portfolio-items"},{"label":"Artistas","link":"https:\/\/www.binauralmedia.org\/news\/portfolio_category\/artistas"},{"label":"2007","link":"https:\/\/www.binauralmedia.org\/news\/portfolio_category\/2007"},{"label":"Nilo Gallego e Noemi Fidalgo","link":"https:\/\/www.binauralmedia.org\/news\/arquivo\/portfolio-items\/nilo-gallego-e-noemi-fidalgo"}],"_links":{"self":[{"href":"https:\/\/www.binauralmedia.org\/news\/wp-json\/wp\/v2\/avada_portfolio\/18281","targetHints":{"allow":["GET"]}}],"collection":[{"href":"https:\/\/www.binauralmedia.org\/news\/wp-json\/wp\/v2\/avada_portfolio"}],"about":[{"href":"https:\/\/www.binauralmedia.org\/news\/wp-json\/wp\/v2\/types\/avada_portfolio"}],"author":[{"embeddable":true,"href":"https:\/\/www.binauralmedia.org\/news\/wp-json\/wp\/v2\/users\/2"}],"replies":[{"embeddable":true,"href":"https:\/\/www.binauralmedia.org\/news\/wp-json\/wp\/v2\/comments?post=18281"}],"version-history":[{"count":3,"href":"https:\/\/www.binauralmedia.org\/news\/wp-json\/wp\/v2\/avada_portfolio\/18281\/revisions"}],"predecessor-version":[{"id":19285,"href":"https:\/\/www.binauralmedia.org\/news\/wp-json\/wp\/v2\/avada_portfolio\/18281\/revisions\/19285"}],"wp:featuredmedia":[{"embeddable":true,"href":"https:\/\/www.binauralmedia.org\/news\/wp-json\/wp\/v2\/media\/18282"}],"wp:attachment":[{"href":"https:\/\/www.binauralmedia.org\/news\/wp-json\/wp\/v2\/media?parent=18281"}],"wp:term":[{"taxonomy":"portfolio_category","embeddable":true,"href":"https:\/\/www.binauralmedia.org\/news\/wp-json\/wp\/v2\/portfolio_category?post=18281"},{"taxonomy":"portfolio_skills","embeddable":true,"href":"https:\/\/www.binauralmedia.org\/news\/wp-json\/wp\/v2\/portfolio_skills?post=18281"},{"taxonomy":"portfolio_tags","embeddable":true,"href":"https:\/\/www.binauralmedia.org\/news\/wp-json\/wp\/v2\/portfolio_tags?post=18281"}],"curies":[{"name":"wp","href":"https:\/\/api.w.org\/{rel}","templated":true}]}}