{"id":12581,"date":"2012-09-18T23:05:17","date_gmt":"2012-09-18T22:05:17","guid":{"rendered":"https:\/\/www.binauralmedia.org\/news\/news-archive"},"modified":"2012-09-18T23:05:17","modified_gmt":"2012-09-18T22:05:17","slug":"news-archive","status":"publish","type":"page","link":"https:\/\/www.binauralmedia.org\/news\/en\/news-archive","title":{"rendered":"News Archive"},"content":{"rendered":"<div class=\"fusion-fullwidth fullwidth-box fusion-builder-row-1 nonhundred-percent-fullwidth non-hundred-percent-height-scrolling\" style=\"--awb-border-radius-top-left:0px;--awb-border-radius-top-right:0px;--awb-border-radius-bottom-right:0px;--awb-border-radius-bottom-left:0px;--awb-padding-top:7%;--awb-padding-bottom:7%;--awb-background-color:#f2f4ec;--awb-flex-wrap:wrap;\" ><div class=\"fusion-builder-row fusion-row\"><div class=\"fusion-layout-column fusion_builder_column fusion-builder-column-0 fusion_builder_column_1_1 1_1 fusion-one-full fusion-column-first fusion-column-last\" style=\"--awb-bg-size:cover;--awb-margin-bottom:0px;\"><div class=\"fusion-column-wrapper fusion-flex-column-wrapper-legacy\"><div class=\"fusion-blog-shortcode fusion-blog-shortcode-1 fusion-blog-archive fusion-blog-layout-grid-wrapper fusion-blog-pagination fusion-blog-layout-center\"><style type=\"text\/css\">.fusion-blog-shortcode-1 .fusion-blog-layout-grid .fusion-post-grid{padding:20px;}.fusion-blog-shortcode-1 .fusion-posts-container{margin-left: -20px !important; margin-right:-20px !important;}<\/style><div class=\"fusion-posts-container fusion-posts-container-pagination fusion-blog-rollover fusion-blog-layout-grid fusion-blog-layout-grid-3 isotope fusion-blog-equal-heights\" data-pages=\"77\" data-grid-col-space=\"40\" style=\"margin: -20px -20px 0;min-height:500px;\"><article id=\"blog-1-post-30804\" class=\"fusion-post-grid post-30804 post type-post status-publish format-standard has-post-thumbnail hentry category-news-2 category-publications-en\">\n<div class=\"fusion-post-wrapper\" style=\"background-color:rgba(255,255,255,1);border:1px solid #ebeaea;border-bottom-width:3px;\">\n\n\t\t\t<div class=\"fusion-flexslider flexslider fusion-flexslider-loading fusion-post-slideshow\" style=\"border-color:#ebeaea;\">\n\t\t<ul class=\"slides\">\n\t\t\t\n\t\t\t\t\t\t\t\t\t\t\t\t\t\t<li><div  class=\"fusion-image-wrapper\" aria-haspopup=\"true\">\n\t\t\t\t<img decoding=\"async\" width=\"1200\" height=\"800\" src=\"https:\/\/www.binauralmedia.org\/news\/wp-content\/uploads\/Apresentacao-2.jpg\" class=\"attachment-full size-full lazyload wp-post-image\" alt=\"\" srcset=\"data:image\/svg+xml,%3Csvg%20xmlns%3D%27http%3A%2F%2Fwww.w3.org%2F2000%2Fsvg%27%20width%3D%271200%27%20height%3D%27800%27%20viewBox%3D%270%200%201200%20800%27%3E%3Crect%20width%3D%271200%27%20height%3D%27800%27%20fill-opacity%3D%220%22%2F%3E%3C%2Fsvg%3E\" data-orig-src=\"https:\/\/www.binauralmedia.org\/news\/wp-content\/uploads\/Apresentacao-2.jpg\" data-srcset=\"https:\/\/www.binauralmedia.org\/news\/wp-content\/uploads\/Apresentacao-2-200x133.jpg 200w, https:\/\/www.binauralmedia.org\/news\/wp-content\/uploads\/Apresentacao-2-400x267.jpg 400w, https:\/\/www.binauralmedia.org\/news\/wp-content\/uploads\/Apresentacao-2-600x400.jpg 600w, https:\/\/www.binauralmedia.org\/news\/wp-content\/uploads\/Apresentacao-2-800x533.jpg 800w, https:\/\/www.binauralmedia.org\/news\/wp-content\/uploads\/Apresentacao-2.jpg 1200w\" data-sizes=\"auto\" \/><div class=\"fusion-rollover\">\n\t<div class=\"fusion-rollover-content\">\n\n\t\t\t\t\t\t\t\t\t\t\t\t\t\t<a class=\"fusion-rollover-link\" href=\"https:\/\/www.binauralmedia.org\/news\/en\/arquivo\/30804\">Foi apresentado o livro &#8220;Pontes Culturais: A di\u00e1spora portuguesa de Castro Daire no Luxemburgo&#8221;<\/a>\n\t\t\t\n\t\t\t\t\t\t\t\t\t\t\t\t\t\t\n\t\t\t\t\t\t\t\t\n\t\t\t\t\t\t\t\t\t\t\t\t\t<div class=\"fusion-rollover-sep\"><\/div>\n\t\t\t\t\n\t\t\t\t\t\t\t\t\t\t\t\t\t\t\t\t\t\t<a class=\"fusion-rollover-gallery\" href=\"https:\/\/www.binauralmedia.org\/news\/wp-content\/uploads\/Apresentacao-2.jpg\" data-options=\"\" data-id=\"30804\" data-rel=\"iLightbox[gallery]\" data-title=\"\" data-caption=\"\">\n\t\t\t\t\t\tGallery\t\t\t\t\t<\/a>\n\t\t\t\t\t\t\t\t\t\t\t\t\t\t\n\t\t\n\t\t\t\t\t\t\t\t\t\t\t\t<h4 class=\"fusion-rollover-title\">\n\t\t\t\t\t<a class=\"fusion-rollover-title-link\" href=\"https:\/\/www.binauralmedia.org\/news\/en\/arquivo\/30804\">\n\t\t\t\t\t\tFoi apresentado o livro &#8220;Pontes Culturais: A di\u00e1spora portuguesa de Castro Daire no Luxemburgo&#8221;\t\t\t\t\t<\/a>\n\t\t\t\t<\/h4>\n\t\t\t\n\t\t\t\t\t\t\t\t\t\t<div class=\"fusion-rollover-categories\"><a href=\"https:\/\/www.binauralmedia.org\/news\/en\/arquivo\/category\/news-2\" rel=\"tag\">News<\/a>, <a href=\"https:\/\/www.binauralmedia.org\/news\/en\/arquivo\/category\/publications-en\" rel=\"tag\">Publications<\/a><\/div>\t\t\t\t\t\n\t\t\n\t\t\t\t\t\t<a class=\"fusion-link-wrapper\" href=\"https:\/\/www.binauralmedia.org\/news\/en\/arquivo\/30804\" aria-label=\"Foi apresentado o livro &#8220;Pontes Culturais: A di\u00e1spora portuguesa de Castro Daire no Luxemburgo&#8221;\"><\/a>\n\t<\/div>\n<\/div>\n<\/div>\n<\/li>\n\t\t\t\n\t\t\t\n\t\t\t\t\t\t\t\t\t\t\t\t\t\t\t\t\t\t\t\t\t\t\t\t\t\t\t\t\t\t\t\t\t\t\t\t\t\t\t\t\t\t\t\t\t\t\t\t\t\t\t\t\t\t\t\t\t\t\t\t\t\t\t\t\t\t\t\t<\/ul>\n\t<\/div>\n\t<div class=\"fusion-post-content-wrapper\" style=\"padding:30px 25px 20px 25px;\"><div class=\"fusion-post-content post-content\"><h2 class=\"blog-shortcode-post-title entry-title\"><a href=\"https:\/\/www.binauralmedia.org\/news\/en\/arquivo\/30804\">Foi apresentado o livro &#8220;Pontes Culturais: A di\u00e1spora portuguesa de Castro Daire no Luxemburgo&#8221;<\/a><\/h2><p class=\"fusion-single-line-meta\"><span class=\"vcard\" style=\"display: none;\"><span class=\"fn\"><a href=\"https:\/\/www.binauralmedia.org\/news\/en\/arquivo\/author\/nelyferreira\" rel=\"author\">Nely Ferreira<\/a><\/span><\/span><span class=\"updated\" style=\"display:none;\">2026-07-04T10:52:06+00:00<\/span><span>4 July 2026<\/span><span class=\"fusion-inline-sep\">|<\/span><\/p><\/div><\/div><div class=\"fusion-clearfix\"><\/div><\/div>\n<\/article>\n<article id=\"blog-1-post-30794\" class=\"fusion-post-grid post-30794 post type-post status-publish format-standard has-post-thumbnail hentry category-educational-programme-en category-news-2\">\n<div class=\"fusion-post-wrapper\" style=\"background-color:rgba(255,255,255,1);border:1px solid #ebeaea;border-bottom-width:3px;\">\n\n\t\t\t<div class=\"fusion-flexslider flexslider fusion-flexslider-loading fusion-post-slideshow\" style=\"border-color:#ebeaea;\">\n\t\t<ul class=\"slides\">\n\t\t\t\n\t\t\t\t\t\t\t\t\t\t\t\t\t\t<li><div  class=\"fusion-image-wrapper\" aria-haspopup=\"true\">\n\t\t\t\t<img decoding=\"async\" width=\"1200\" height=\"800\" src=\"https:\/\/www.binauralmedia.org\/news\/wp-content\/uploads\/20260623-Atelie-Os-Sons-da-Agua-Varzea-de-Calde-Viseu-P1014438-2.jpg\" class=\"attachment-full size-full lazyload wp-post-image\" alt=\"\" srcset=\"data:image\/svg+xml,%3Csvg%20xmlns%3D%27http%3A%2F%2Fwww.w3.org%2F2000%2Fsvg%27%20width%3D%271200%27%20height%3D%27800%27%20viewBox%3D%270%200%201200%20800%27%3E%3Crect%20width%3D%271200%27%20height%3D%27800%27%20fill-opacity%3D%220%22%2F%3E%3C%2Fsvg%3E\" data-orig-src=\"https:\/\/www.binauralmedia.org\/news\/wp-content\/uploads\/20260623-Atelie-Os-Sons-da-Agua-Varzea-de-Calde-Viseu-P1014438-2.jpg\" data-srcset=\"https:\/\/www.binauralmedia.org\/news\/wp-content\/uploads\/20260623-Atelie-Os-Sons-da-Agua-Varzea-de-Calde-Viseu-P1014438-2-200x133.jpg 200w, https:\/\/www.binauralmedia.org\/news\/wp-content\/uploads\/20260623-Atelie-Os-Sons-da-Agua-Varzea-de-Calde-Viseu-P1014438-2-400x267.jpg 400w, https:\/\/www.binauralmedia.org\/news\/wp-content\/uploads\/20260623-Atelie-Os-Sons-da-Agua-Varzea-de-Calde-Viseu-P1014438-2-600x400.jpg 600w, https:\/\/www.binauralmedia.org\/news\/wp-content\/uploads\/20260623-Atelie-Os-Sons-da-Agua-Varzea-de-Calde-Viseu-P1014438-2-800x533.jpg 800w, https:\/\/www.binauralmedia.org\/news\/wp-content\/uploads\/20260623-Atelie-Os-Sons-da-Agua-Varzea-de-Calde-Viseu-P1014438-2.jpg 1200w\" data-sizes=\"auto\" \/><div class=\"fusion-rollover\">\n\t<div class=\"fusion-rollover-content\">\n\n\t\t\t\t\t\t\t\t\t\t\t\t\t\t<a class=\"fusion-rollover-link\" href=\"https:\/\/www.binauralmedia.org\/news\/en\/arquivo\/30794\">Ateli\u00eas sonoros de Ver\u00e3o: A escuta infinita da \u00e1gua rural<\/a>\n\t\t\t\n\t\t\t\t\t\t\t\t\t\t\t\t\t\t\n\t\t\t\t\t\t\t\t\n\t\t\t\t\t\t\t\t\t\t\t\t\t<div class=\"fusion-rollover-sep\"><\/div>\n\t\t\t\t\n\t\t\t\t\t\t\t\t\t\t\t\t\t\t\t\t\t\t<a class=\"fusion-rollover-gallery\" href=\"https:\/\/www.binauralmedia.org\/news\/wp-content\/uploads\/20260623-Atelie-Os-Sons-da-Agua-Varzea-de-Calde-Viseu-P1014438-2.jpg\" data-options=\"\" data-id=\"30794\" data-rel=\"iLightbox[gallery]\" data-title=\"\" data-caption=\"\">\n\t\t\t\t\t\tGallery\t\t\t\t\t<\/a>\n\t\t\t\t\t\t\t\t\t\t\t\t\t\t\n\t\t\n\t\t\t\t\t\t\t\t\t\t\t\t<h4 class=\"fusion-rollover-title\">\n\t\t\t\t\t<a class=\"fusion-rollover-title-link\" href=\"https:\/\/www.binauralmedia.org\/news\/en\/arquivo\/30794\">\n\t\t\t\t\t\tAteli\u00eas sonoros de Ver\u00e3o: A escuta infinita da \u00e1gua rural\t\t\t\t\t<\/a>\n\t\t\t\t<\/h4>\n\t\t\t\n\t\t\t\t\t\t\t\t\t\t<div class=\"fusion-rollover-categories\"><a href=\"https:\/\/www.binauralmedia.org\/news\/en\/arquivo\/category\/educational-programme-en\" rel=\"tag\">Educational Programme<\/a>, <a href=\"https:\/\/www.binauralmedia.org\/news\/en\/arquivo\/category\/news-2\" rel=\"tag\">News<\/a><\/div>\t\t\t\t\t\n\t\t\n\t\t\t\t\t\t<a class=\"fusion-link-wrapper\" href=\"https:\/\/www.binauralmedia.org\/news\/en\/arquivo\/30794\" aria-label=\"Ateli\u00eas sonoros de Ver\u00e3o: A escuta infinita da \u00e1gua rural\"><\/a>\n\t<\/div>\n<\/div>\n<\/div>\n<\/li>\n\t\t\t\n\t\t\t\n\t\t\t\t\t\t\t\t\t\t\t\t\t\t\t\t\t\t\t\t\t\t\t\t\t\t\t\t\t\t\t\t\t\t\t\t\t\t\t\t\t\t\t\t\t\t\t\t\t\t\t\t\t\t\t\t\t\t\t\t\t\t\t\t\t\t\t\t<\/ul>\n\t<\/div>\n\t<div class=\"fusion-post-content-wrapper\" style=\"padding:30px 25px 20px 25px;\"><div class=\"fusion-post-content post-content\"><h2 class=\"blog-shortcode-post-title entry-title\"><a href=\"https:\/\/www.binauralmedia.org\/news\/en\/arquivo\/30794\">Ateli\u00eas sonoros de Ver\u00e3o: A escuta infinita da \u00e1gua rural<\/a><\/h2><p class=\"fusion-single-line-meta\"><span class=\"vcard\" style=\"display: none;\"><span class=\"fn\"><a href=\"https:\/\/www.binauralmedia.org\/news\/en\/arquivo\/author\/nelyferreira\" rel=\"author\">Nely Ferreira<\/a><\/span><\/span><span class=\"updated\" style=\"display:none;\">2026-07-03T10:37:18+00:00<\/span><span>3 July 2026<\/span><span class=\"fusion-inline-sep\">|<\/span><\/p><\/div><\/div><div class=\"fusion-clearfix\"><\/div><\/div>\n<\/article>\n<article id=\"blog-1-post-30788\" class=\"fusion-post-grid post-30788 post type-post status-publish format-standard has-post-thumbnail hentry category-news-2\">\n<div class=\"fusion-post-wrapper\" style=\"background-color:rgba(255,255,255,1);border:1px solid #ebeaea;border-bottom-width:3px;\">\n\n\t\t\t<div class=\"fusion-flexslider flexslider fusion-flexslider-loading fusion-post-slideshow\" style=\"border-color:#ebeaea;\">\n\t\t<ul class=\"slides\">\n\t\t\t\n\t\t\t\t\t\t\t\t\t\t\t\t\t\t<li><div  class=\"fusion-image-wrapper\" aria-haspopup=\"true\">\n\t\t\t\t<img decoding=\"async\" width=\"1200\" height=\"800\" src=\"https:\/\/www.binauralmedia.org\/news\/wp-content\/uploads\/732584456_1496794665820214_1871328223775403663_n.jpg\" class=\"attachment-full size-full lazyload wp-post-image\" alt=\"\" srcset=\"data:image\/svg+xml,%3Csvg%20xmlns%3D%27http%3A%2F%2Fwww.w3.org%2F2000%2Fsvg%27%20width%3D%271200%27%20height%3D%27800%27%20viewBox%3D%270%200%201200%20800%27%3E%3Crect%20width%3D%271200%27%20height%3D%27800%27%20fill-opacity%3D%220%22%2F%3E%3C%2Fsvg%3E\" data-orig-src=\"https:\/\/www.binauralmedia.org\/news\/wp-content\/uploads\/732584456_1496794665820214_1871328223775403663_n.jpg\" data-srcset=\"https:\/\/www.binauralmedia.org\/news\/wp-content\/uploads\/732584456_1496794665820214_1871328223775403663_n-200x133.jpg 200w, https:\/\/www.binauralmedia.org\/news\/wp-content\/uploads\/732584456_1496794665820214_1871328223775403663_n-400x267.jpg 400w, https:\/\/www.binauralmedia.org\/news\/wp-content\/uploads\/732584456_1496794665820214_1871328223775403663_n-600x400.jpg 600w, https:\/\/www.binauralmedia.org\/news\/wp-content\/uploads\/732584456_1496794665820214_1871328223775403663_n-800x533.jpg 800w, https:\/\/www.binauralmedia.org\/news\/wp-content\/uploads\/732584456_1496794665820214_1871328223775403663_n.jpg 1200w\" data-sizes=\"auto\" \/><div class=\"fusion-rollover\">\n\t<div class=\"fusion-rollover-content\">\n\n\t\t\t\t\t\t\t\t\t\t\t\t\t\t<a class=\"fusion-rollover-link\" href=\"https:\/\/www.binauralmedia.org\/news\/en\/arquivo\/30788\">Sabores da Ucr\u00e2nia: Encontro gastron\u00f3mico e comunit\u00e1rio<\/a>\n\t\t\t\n\t\t\t\t\t\t\t\t\t\t\t\t\t\t\n\t\t\t\t\t\t\t\t\n\t\t\t\t\t\t\t\t\t\t\t\t\t<div class=\"fusion-rollover-sep\"><\/div>\n\t\t\t\t\n\t\t\t\t\t\t\t\t\t\t\t\t\t\t\t\t\t\t<a class=\"fusion-rollover-gallery\" href=\"https:\/\/www.binauralmedia.org\/news\/wp-content\/uploads\/732584456_1496794665820214_1871328223775403663_n.jpg\" data-options=\"\" data-id=\"30788\" data-rel=\"iLightbox[gallery]\" data-title=\"\" data-caption=\"\">\n\t\t\t\t\t\tGallery\t\t\t\t\t<\/a>\n\t\t\t\t\t\t\t\t\t\t\t\t\t\t\n\t\t\n\t\t\t\t\t\t\t\t\t\t\t\t<h4 class=\"fusion-rollover-title\">\n\t\t\t\t\t<a class=\"fusion-rollover-title-link\" href=\"https:\/\/www.binauralmedia.org\/news\/en\/arquivo\/30788\">\n\t\t\t\t\t\tSabores da Ucr\u00e2nia: Encontro gastron\u00f3mico e comunit\u00e1rio\t\t\t\t\t<\/a>\n\t\t\t\t<\/h4>\n\t\t\t\n\t\t\t\t\t\t\t\t\t\t<div class=\"fusion-rollover-categories\"><a href=\"https:\/\/www.binauralmedia.org\/news\/en\/arquivo\/category\/news-2\" rel=\"tag\">News<\/a><\/div>\t\t\t\t\t\n\t\t\n\t\t\t\t\t\t<a class=\"fusion-link-wrapper\" href=\"https:\/\/www.binauralmedia.org\/news\/en\/arquivo\/30788\" aria-label=\"Sabores da Ucr\u00e2nia: Encontro gastron\u00f3mico e comunit\u00e1rio\"><\/a>\n\t<\/div>\n<\/div>\n<\/div>\n<\/li>\n\t\t\t\n\t\t\t\n\t\t\t\t\t\t\t\t\t\t\t\t\t\t\t\t\t\t\t\t\t\t\t\t\t\t\t\t\t\t\t\t\t\t\t\t\t\t\t\t\t\t\t\t\t\t\t\t\t\t\t\t\t\t\t\t\t\t\t\t\t\t\t\t\t\t\t\t<\/ul>\n\t<\/div>\n\t<div class=\"fusion-post-content-wrapper\" style=\"padding:30px 25px 20px 25px;\"><div class=\"fusion-post-content post-content\"><h2 class=\"blog-shortcode-post-title entry-title\"><a href=\"https:\/\/www.binauralmedia.org\/news\/en\/arquivo\/30788\">Sabores da Ucr\u00e2nia: Encontro gastron\u00f3mico e comunit\u00e1rio<\/a><\/h2><p class=\"fusion-single-line-meta\"><span class=\"vcard\" style=\"display: none;\"><span class=\"fn\"><a href=\"https:\/\/www.binauralmedia.org\/news\/en\/arquivo\/author\/nelyferreira\" rel=\"author\">Nely Ferreira<\/a><\/span><\/span><span class=\"updated\" style=\"display:none;\">2026-06-29T10:35:51+00:00<\/span><span>29 June 2026<\/span><span class=\"fusion-inline-sep\">|<\/span><\/p><\/div><\/div><div class=\"fusion-clearfix\"><\/div><\/div>\n<\/article>\n<article id=\"blog-1-post-30782\" class=\"fusion-post-grid post-30782 post type-post status-publish format-standard has-post-thumbnail hentry category-news-2 category-publications-en\">\n<div class=\"fusion-post-wrapper\" style=\"background-color:rgba(255,255,255,1);border:1px solid #ebeaea;border-bottom-width:3px;\">\n\n\t\t\t<div class=\"fusion-flexslider flexslider fusion-flexslider-loading fusion-post-slideshow\" style=\"border-color:#ebeaea;\">\n\t\t<ul class=\"slides\">\n\t\t\t\n\t\t\t\t\t\t\t\t\t\t\t\t\t\t<li><div  class=\"fusion-image-wrapper\" aria-haspopup=\"true\">\n\t\t\t\t<img decoding=\"async\" width=\"1200\" height=\"800\" src=\"https:\/\/www.binauralmedia.org\/news\/wp-content\/uploads\/727542815_1491573153009032_4199971356445388676_n.jpg\" class=\"attachment-full size-full lazyload wp-post-image\" alt=\"\" srcset=\"data:image\/svg+xml,%3Csvg%20xmlns%3D%27http%3A%2F%2Fwww.w3.org%2F2000%2Fsvg%27%20width%3D%271200%27%20height%3D%27800%27%20viewBox%3D%270%200%201200%20800%27%3E%3Crect%20width%3D%271200%27%20height%3D%27800%27%20fill-opacity%3D%220%22%2F%3E%3C%2Fsvg%3E\" data-orig-src=\"https:\/\/www.binauralmedia.org\/news\/wp-content\/uploads\/727542815_1491573153009032_4199971356445388676_n.jpg\" data-srcset=\"https:\/\/www.binauralmedia.org\/news\/wp-content\/uploads\/727542815_1491573153009032_4199971356445388676_n-200x133.jpg 200w, https:\/\/www.binauralmedia.org\/news\/wp-content\/uploads\/727542815_1491573153009032_4199971356445388676_n-400x267.jpg 400w, https:\/\/www.binauralmedia.org\/news\/wp-content\/uploads\/727542815_1491573153009032_4199971356445388676_n-600x400.jpg 600w, https:\/\/www.binauralmedia.org\/news\/wp-content\/uploads\/727542815_1491573153009032_4199971356445388676_n-800x533.jpg 800w, https:\/\/www.binauralmedia.org\/news\/wp-content\/uploads\/727542815_1491573153009032_4199971356445388676_n.jpg 1200w\" data-sizes=\"auto\" \/><div class=\"fusion-rollover\">\n\t<div class=\"fusion-rollover-content\">\n\n\t\t\t\t\t\t\t\t\t\t\t\t\t\t<a class=\"fusion-rollover-link\" href=\"https:\/\/www.binauralmedia.org\/news\/en\/arquivo\/30782\">A di\u00e1spora portuguesa de Castro Daire no Luxemburgo<\/a>\n\t\t\t\n\t\t\t\t\t\t\t\t\t\t\t\t\t\t\n\t\t\t\t\t\t\t\t\n\t\t\t\t\t\t\t\t\t\t\t\t\t<div class=\"fusion-rollover-sep\"><\/div>\n\t\t\t\t\n\t\t\t\t\t\t\t\t\t\t\t\t\t\t\t\t\t\t<a class=\"fusion-rollover-gallery\" href=\"https:\/\/www.binauralmedia.org\/news\/wp-content\/uploads\/727542815_1491573153009032_4199971356445388676_n.jpg\" data-options=\"\" data-id=\"30782\" data-rel=\"iLightbox[gallery]\" data-title=\"\" data-caption=\"\">\n\t\t\t\t\t\tGallery\t\t\t\t\t<\/a>\n\t\t\t\t\t\t\t\t\t\t\t\t\t\t\n\t\t\n\t\t\t\t\t\t\t\t\t\t\t\t<h4 class=\"fusion-rollover-title\">\n\t\t\t\t\t<a class=\"fusion-rollover-title-link\" href=\"https:\/\/www.binauralmedia.org\/news\/en\/arquivo\/30782\">\n\t\t\t\t\t\tA di\u00e1spora portuguesa de Castro Daire no Luxemburgo\t\t\t\t\t<\/a>\n\t\t\t\t<\/h4>\n\t\t\t\n\t\t\t\t\t\t\t\t\t\t<div class=\"fusion-rollover-categories\"><a href=\"https:\/\/www.binauralmedia.org\/news\/en\/arquivo\/category\/news-2\" rel=\"tag\">News<\/a>, <a href=\"https:\/\/www.binauralmedia.org\/news\/en\/arquivo\/category\/publications-en\" rel=\"tag\">Publications<\/a><\/div>\t\t\t\t\t\n\t\t\n\t\t\t\t\t\t<a class=\"fusion-link-wrapper\" href=\"https:\/\/www.binauralmedia.org\/news\/en\/arquivo\/30782\" aria-label=\"A di\u00e1spora portuguesa de Castro Daire no Luxemburgo\"><\/a>\n\t<\/div>\n<\/div>\n<\/div>\n<\/li>\n\t\t\t\n\t\t\t\n\t\t\t\t\t\t\t\t\t\t\t\t\t\t\t\t\t\t\t\t\t\t\t\t\t\t\t\t\t\t\t\t\t\t\t\t\t\t\t\t\t\t\t\t\t\t\t\t\t\t\t\t\t\t\t\t\t\t\t\t\t\t\t\t\t\t\t\t<\/ul>\n\t<\/div>\n\t<div class=\"fusion-post-content-wrapper\" style=\"padding:30px 25px 20px 25px;\"><div class=\"fusion-post-content post-content\"><h2 class=\"blog-shortcode-post-title entry-title\"><a href=\"https:\/\/www.binauralmedia.org\/news\/en\/arquivo\/30782\">A di\u00e1spora portuguesa de Castro Daire no Luxemburgo<\/a><\/h2><p class=\"fusion-single-line-meta\"><span class=\"vcard\" style=\"display: none;\"><span class=\"fn\"><a href=\"https:\/\/www.binauralmedia.org\/news\/en\/arquivo\/author\/nelyferreira\" rel=\"author\">Nely Ferreira<\/a><\/span><\/span><span class=\"updated\" style=\"display:none;\">2026-06-23T10:27:11+00:00<\/span><span>23 June 2026<\/span><span class=\"fusion-inline-sep\">|<\/span><\/p><\/div><\/div><div class=\"fusion-clearfix\"><\/div><\/div>\n<\/article>\n<article id=\"blog-1-post-30777\" class=\"fusion-post-grid post-30777 post type-post status-publish format-standard has-post-thumbnail hentry category-artist-residencies-en category-news-2\">\n<div class=\"fusion-post-wrapper\" style=\"background-color:rgba(255,255,255,1);border:1px solid #ebeaea;border-bottom-width:3px;\">\n\n\t\t\t<div class=\"fusion-flexslider flexslider fusion-flexslider-loading fusion-post-slideshow\" style=\"border-color:#ebeaea;\">\n\t\t<ul class=\"slides\">\n\t\t\t\n\t\t\t\t\t\t\t\t\t\t\t\t\t\t<li><div  class=\"fusion-image-wrapper\" aria-haspopup=\"true\">\n\t\t\t\t<img decoding=\"async\" width=\"1200\" height=\"800\" src=\"https:\/\/www.binauralmedia.org\/news\/wp-content\/uploads\/728195662_1490510553115292_1534891555359630177_n.jpg\" class=\"attachment-full size-full lazyload wp-post-image\" alt=\"\" srcset=\"data:image\/svg+xml,%3Csvg%20xmlns%3D%27http%3A%2F%2Fwww.w3.org%2F2000%2Fsvg%27%20width%3D%271200%27%20height%3D%27800%27%20viewBox%3D%270%200%201200%20800%27%3E%3Crect%20width%3D%271200%27%20height%3D%27800%27%20fill-opacity%3D%220%22%2F%3E%3C%2Fsvg%3E\" data-orig-src=\"https:\/\/www.binauralmedia.org\/news\/wp-content\/uploads\/728195662_1490510553115292_1534891555359630177_n.jpg\" data-srcset=\"https:\/\/www.binauralmedia.org\/news\/wp-content\/uploads\/728195662_1490510553115292_1534891555359630177_n-200x133.jpg 200w, https:\/\/www.binauralmedia.org\/news\/wp-content\/uploads\/728195662_1490510553115292_1534891555359630177_n-400x267.jpg 400w, https:\/\/www.binauralmedia.org\/news\/wp-content\/uploads\/728195662_1490510553115292_1534891555359630177_n-600x400.jpg 600w, https:\/\/www.binauralmedia.org\/news\/wp-content\/uploads\/728195662_1490510553115292_1534891555359630177_n-800x533.jpg 800w, https:\/\/www.binauralmedia.org\/news\/wp-content\/uploads\/728195662_1490510553115292_1534891555359630177_n.jpg 1200w\" data-sizes=\"auto\" \/><div class=\"fusion-rollover\">\n\t<div class=\"fusion-rollover-content\">\n\n\t\t\t\t\t\t\t\t\t\t\t\t\t\t<a class=\"fusion-rollover-link\" href=\"https:\/\/www.binauralmedia.org\/news\/en\/arquivo\/30777\">O \u00faltimo encontro dos participantes do projeto \u201cPaisagem com Gente Dentro\u201d<\/a>\n\t\t\t\n\t\t\t\t\t\t\t\t\t\t\t\t\t\t\n\t\t\t\t\t\t\t\t\n\t\t\t\t\t\t\t\t\t\t\t\t\t<div class=\"fusion-rollover-sep\"><\/div>\n\t\t\t\t\n\t\t\t\t\t\t\t\t\t\t\t\t\t\t\t\t\t\t<a class=\"fusion-rollover-gallery\" href=\"https:\/\/www.binauralmedia.org\/news\/wp-content\/uploads\/728195662_1490510553115292_1534891555359630177_n.jpg\" data-options=\"\" data-id=\"30777\" data-rel=\"iLightbox[gallery]\" data-title=\"\" data-caption=\"\">\n\t\t\t\t\t\tGallery\t\t\t\t\t<\/a>\n\t\t\t\t\t\t\t\t\t\t\t\t\t\t\n\t\t\n\t\t\t\t\t\t\t\t\t\t\t\t<h4 class=\"fusion-rollover-title\">\n\t\t\t\t\t<a class=\"fusion-rollover-title-link\" href=\"https:\/\/www.binauralmedia.org\/news\/en\/arquivo\/30777\">\n\t\t\t\t\t\tO \u00faltimo encontro dos participantes do projeto \u201cPaisagem com Gente Dentro\u201d\t\t\t\t\t<\/a>\n\t\t\t\t<\/h4>\n\t\t\t\n\t\t\t\t\t\t\t\t\t\t<div class=\"fusion-rollover-categories\"><a href=\"https:\/\/www.binauralmedia.org\/news\/en\/arquivo\/category\/artist-residencies-en\" rel=\"tag\">Artist Residencies<\/a>, <a href=\"https:\/\/www.binauralmedia.org\/news\/en\/arquivo\/category\/news-2\" rel=\"tag\">News<\/a><\/div>\t\t\t\t\t\n\t\t\n\t\t\t\t\t\t<a class=\"fusion-link-wrapper\" href=\"https:\/\/www.binauralmedia.org\/news\/en\/arquivo\/30777\" aria-label=\"O \u00faltimo encontro dos participantes do projeto \u201cPaisagem com Gente Dentro\u201d\"><\/a>\n\t<\/div>\n<\/div>\n<\/div>\n<\/li>\n\t\t\t\n\t\t\t\n\t\t\t\t\t\t\t\t\t\t\t\t\t\t\t\t\t\t\t\t\t\t\t\t\t\t\t\t\t\t\t\t\t\t\t\t\t\t\t\t\t\t\t\t\t\t\t\t\t\t\t\t\t\t\t\t\t\t\t\t\t\t\t\t\t\t\t\t<\/ul>\n\t<\/div>\n\t<div class=\"fusion-post-content-wrapper\" style=\"padding:30px 25px 20px 25px;\"><div class=\"fusion-post-content post-content\"><h2 class=\"blog-shortcode-post-title entry-title\"><a href=\"https:\/\/www.binauralmedia.org\/news\/en\/arquivo\/30777\">O \u00faltimo encontro dos participantes do projeto \u201cPaisagem com Gente Dentro\u201d<\/a><\/h2><p class=\"fusion-single-line-meta\"><span class=\"vcard\" style=\"display: none;\"><span class=\"fn\"><a href=\"https:\/\/www.binauralmedia.org\/news\/en\/arquivo\/author\/nelyferreira\" rel=\"author\">Nely Ferreira<\/a><\/span><\/span><span class=\"updated\" style=\"display:none;\">2026-06-22T10:16:44+00:00<\/span><span>22 June 2026<\/span><span class=\"fusion-inline-sep\">|<\/span><\/p><\/div><\/div><div class=\"fusion-clearfix\"><\/div><\/div>\n<\/article>\n<article id=\"blog-1-post-30749\" class=\"fusion-post-grid post-30749 post type-post status-publish format-standard has-post-thumbnail hentry category-news-2\">\n<div class=\"fusion-post-wrapper\" style=\"background-color:rgba(255,255,255,1);border:1px solid #ebeaea;border-bottom-width:3px;\">\n\n\t\t\t<div class=\"fusion-flexslider flexslider fusion-flexslider-loading fusion-post-slideshow\" style=\"border-color:#ebeaea;\">\n\t\t<ul class=\"slides\">\n\t\t\t\n\t\t\t\t\t\t\t\t\t\t\t\t\t\t<li><div  class=\"fusion-image-wrapper\" aria-haspopup=\"true\">\n\t\t\t\t<img decoding=\"async\" width=\"1200\" height=\"800\" src=\"https:\/\/www.binauralmedia.org\/news\/wp-content\/uploads\/Demonstracao-gastronomica-de-varenyky-Com-Iryna-Melnyk.jpg\" class=\"attachment-full size-full lazyload wp-post-image\" alt=\"\" srcset=\"data:image\/svg+xml,%3Csvg%20xmlns%3D%27http%3A%2F%2Fwww.w3.org%2F2000%2Fsvg%27%20width%3D%271200%27%20height%3D%27800%27%20viewBox%3D%270%200%201200%20800%27%3E%3Crect%20width%3D%271200%27%20height%3D%27800%27%20fill-opacity%3D%220%22%2F%3E%3C%2Fsvg%3E\" data-orig-src=\"https:\/\/www.binauralmedia.org\/news\/wp-content\/uploads\/Demonstracao-gastronomica-de-varenyky-Com-Iryna-Melnyk.jpg\" data-srcset=\"https:\/\/www.binauralmedia.org\/news\/wp-content\/uploads\/Demonstracao-gastronomica-de-varenyky-Com-Iryna-Melnyk-200x133.jpg 200w, https:\/\/www.binauralmedia.org\/news\/wp-content\/uploads\/Demonstracao-gastronomica-de-varenyky-Com-Iryna-Melnyk-400x267.jpg 400w, https:\/\/www.binauralmedia.org\/news\/wp-content\/uploads\/Demonstracao-gastronomica-de-varenyky-Com-Iryna-Melnyk-600x400.jpg 600w, https:\/\/www.binauralmedia.org\/news\/wp-content\/uploads\/Demonstracao-gastronomica-de-varenyky-Com-Iryna-Melnyk-800x533.jpg 800w, https:\/\/www.binauralmedia.org\/news\/wp-content\/uploads\/Demonstracao-gastronomica-de-varenyky-Com-Iryna-Melnyk.jpg 1200w\" data-sizes=\"auto\" \/><div class=\"fusion-rollover\">\n\t<div class=\"fusion-rollover-content\">\n\n\t\t\t\t\t\t\t\t\t\t\t\t\t\t<a class=\"fusion-rollover-link\" href=\"https:\/\/www.binauralmedia.org\/news\/en\/arquivo\/30749\">Demonstra\u00e7\u00e3o gastron\u00f3mica de varenyky, com Iryna Melnyk<\/a>\n\t\t\t\n\t\t\t\t\t\t\t\t\t\t\t\t\t\t\n\t\t\t\t\t\t\t\t\n\t\t\t\t\t\t\t\t\t\t\t\t\t<div class=\"fusion-rollover-sep\"><\/div>\n\t\t\t\t\n\t\t\t\t\t\t\t\t\t\t\t\t\t\t\t\t\t\t<a class=\"fusion-rollover-gallery\" href=\"https:\/\/www.binauralmedia.org\/news\/wp-content\/uploads\/Demonstracao-gastronomica-de-varenyky-Com-Iryna-Melnyk.jpg\" data-options=\"\" data-id=\"30749\" data-rel=\"iLightbox[gallery]\" data-title=\"\" data-caption=\"\">\n\t\t\t\t\t\tGallery\t\t\t\t\t<\/a>\n\t\t\t\t\t\t\t\t\t\t\t\t\t\t\n\t\t\n\t\t\t\t\t\t\t\t\t\t\t\t<h4 class=\"fusion-rollover-title\">\n\t\t\t\t\t<a class=\"fusion-rollover-title-link\" href=\"https:\/\/www.binauralmedia.org\/news\/en\/arquivo\/30749\">\n\t\t\t\t\t\tDemonstra\u00e7\u00e3o gastron\u00f3mica de varenyky, com Iryna Melnyk\t\t\t\t\t<\/a>\n\t\t\t\t<\/h4>\n\t\t\t\n\t\t\t\t\t\t\t\t\t\t<div class=\"fusion-rollover-categories\"><a href=\"https:\/\/www.binauralmedia.org\/news\/en\/arquivo\/category\/news-2\" rel=\"tag\">News<\/a><\/div>\t\t\t\t\t\n\t\t\n\t\t\t\t\t\t<a class=\"fusion-link-wrapper\" href=\"https:\/\/www.binauralmedia.org\/news\/en\/arquivo\/30749\" aria-label=\"Demonstra\u00e7\u00e3o gastron\u00f3mica de varenyky, com Iryna Melnyk\"><\/a>\n\t<\/div>\n<\/div>\n<\/div>\n<\/li>\n\t\t\t\n\t\t\t\n\t\t\t\t\t\t\t\t\t\t\t\t\t\t\t\t\t\t\t\t\t\t\t\t\t\t\t\t\t\t\t\t\t\t\t\t\t\t\t\t\t\t\t\t\t\t\t\t\t\t\t\t\t\t\t\t\t\t\t\t\t\t\t\t\t\t\t\t<\/ul>\n\t<\/div>\n\t<div class=\"fusion-post-content-wrapper\" style=\"padding:30px 25px 20px 25px;\"><div class=\"fusion-post-content post-content\"><h2 class=\"blog-shortcode-post-title entry-title\"><a href=\"https:\/\/www.binauralmedia.org\/news\/en\/arquivo\/30749\">Demonstra\u00e7\u00e3o gastron\u00f3mica de varenyky, com Iryna Melnyk<\/a><\/h2><p class=\"fusion-single-line-meta\"><span class=\"vcard\" style=\"display: none;\"><span class=\"fn\"><a href=\"https:\/\/www.binauralmedia.org\/news\/en\/arquivo\/author\/nelyferreira\" rel=\"author\">Nely Ferreira<\/a><\/span><\/span><span class=\"updated\" style=\"display:none;\">2026-06-22T10:01:25+00:00<\/span><span>22 June 2026<\/span><span class=\"fusion-inline-sep\">|<\/span><\/p><\/div><\/div><div class=\"fusion-clearfix\"><\/div><\/div>\n<\/article>\n<article id=\"blog-1-post-30744\" class=\"fusion-post-grid post-30744 post type-post status-publish format-standard has-post-thumbnail hentry category-artistic-creations-2 category-news-2\">\n<div class=\"fusion-post-wrapper\" style=\"background-color:rgba(255,255,255,1);border:1px solid #ebeaea;border-bottom-width:3px;\">\n\n\t\t\t<div class=\"fusion-flexslider flexslider fusion-flexslider-loading fusion-post-slideshow\" style=\"border-color:#ebeaea;\">\n\t\t<ul class=\"slides\">\n\t\t\t\n\t\t\t\t\t\t\t\t\t\t\t\t\t\t<li><div  class=\"fusion-image-wrapper\" aria-haspopup=\"true\">\n\t\t\t\t<img decoding=\"async\" width=\"1200\" height=\"800\" src=\"https:\/\/www.binauralmedia.org\/news\/wp-content\/uploads\/20260518-Treino-e-jogo-jogo-e-emocao-Jogo-2-IMG_0588.jpg\" class=\"attachment-full size-full lazyload wp-post-image\" alt=\"\" srcset=\"data:image\/svg+xml,%3Csvg%20xmlns%3D%27http%3A%2F%2Fwww.w3.org%2F2000%2Fsvg%27%20width%3D%271200%27%20height%3D%27800%27%20viewBox%3D%270%200%201200%20800%27%3E%3Crect%20width%3D%271200%27%20height%3D%27800%27%20fill-opacity%3D%220%22%2F%3E%3C%2Fsvg%3E\" data-orig-src=\"https:\/\/www.binauralmedia.org\/news\/wp-content\/uploads\/20260518-Treino-e-jogo-jogo-e-emocao-Jogo-2-IMG_0588.jpg\" data-srcset=\"https:\/\/www.binauralmedia.org\/news\/wp-content\/uploads\/20260518-Treino-e-jogo-jogo-e-emocao-Jogo-2-IMG_0588-200x133.jpg 200w, https:\/\/www.binauralmedia.org\/news\/wp-content\/uploads\/20260518-Treino-e-jogo-jogo-e-emocao-Jogo-2-IMG_0588-400x267.jpg 400w, https:\/\/www.binauralmedia.org\/news\/wp-content\/uploads\/20260518-Treino-e-jogo-jogo-e-emocao-Jogo-2-IMG_0588-600x400.jpg 600w, https:\/\/www.binauralmedia.org\/news\/wp-content\/uploads\/20260518-Treino-e-jogo-jogo-e-emocao-Jogo-2-IMG_0588-800x533.jpg 800w, https:\/\/www.binauralmedia.org\/news\/wp-content\/uploads\/20260518-Treino-e-jogo-jogo-e-emocao-Jogo-2-IMG_0588.jpg 1200w\" data-sizes=\"auto\" \/><div class=\"fusion-rollover\">\n\t<div class=\"fusion-rollover-content\">\n\n\t\t\t\t\t\t\t\t\t\t\t\t\t\t<a class=\"fusion-rollover-link\" href=\"https:\/\/www.binauralmedia.org\/news\/en\/arquivo\/30744\">Exposi\u00e7\u00e3o fotogr\u00e1fica: Treino \u00e9 jogo, jogo \u00e9 emo\u00e7\u00e3o<\/a>\n\t\t\t\n\t\t\t\t\t\t\t\t\t\t\t\t\t\t\n\t\t\t\t\t\t\t\t\n\t\t\t\t\t\t\t\t\t\t\t\t\t<div class=\"fusion-rollover-sep\"><\/div>\n\t\t\t\t\n\t\t\t\t\t\t\t\t\t\t\t\t\t\t\t\t\t\t<a class=\"fusion-rollover-gallery\" href=\"https:\/\/www.binauralmedia.org\/news\/wp-content\/uploads\/20260518-Treino-e-jogo-jogo-e-emocao-Jogo-2-IMG_0588.jpg\" data-options=\"\" data-id=\"30744\" data-rel=\"iLightbox[gallery]\" data-title=\"\" data-caption=\"\">\n\t\t\t\t\t\tGallery\t\t\t\t\t<\/a>\n\t\t\t\t\t\t\t\t\t\t\t\t\t\t\n\t\t\n\t\t\t\t\t\t\t\t\t\t\t\t<h4 class=\"fusion-rollover-title\">\n\t\t\t\t\t<a class=\"fusion-rollover-title-link\" href=\"https:\/\/www.binauralmedia.org\/news\/en\/arquivo\/30744\">\n\t\t\t\t\t\tExposi\u00e7\u00e3o fotogr\u00e1fica: Treino \u00e9 jogo, jogo \u00e9 emo\u00e7\u00e3o\t\t\t\t\t<\/a>\n\t\t\t\t<\/h4>\n\t\t\t\n\t\t\t\t\t\t\t\t\t\t<div class=\"fusion-rollover-categories\"><a href=\"https:\/\/www.binauralmedia.org\/news\/en\/arquivo\/category\/artistic-creations-2\" rel=\"tag\">Artistic Creations<\/a>, <a href=\"https:\/\/www.binauralmedia.org\/news\/en\/arquivo\/category\/news-2\" rel=\"tag\">News<\/a><\/div>\t\t\t\t\t\n\t\t\n\t\t\t\t\t\t<a class=\"fusion-link-wrapper\" href=\"https:\/\/www.binauralmedia.org\/news\/en\/arquivo\/30744\" aria-label=\"Exposi\u00e7\u00e3o fotogr\u00e1fica: Treino \u00e9 jogo, jogo \u00e9 emo\u00e7\u00e3o\"><\/a>\n\t<\/div>\n<\/div>\n<\/div>\n<\/li>\n\t\t\t\n\t\t\t\n\t\t\t\t\t\t\t\t\t\t\t\t\t\t\t\t\t\t\t\t\t\t\t\t\t\t\t\t\t\t\t\t\t\t\t\t\t\t\t\t\t\t\t\t\t\t\t\t\t\t\t\t\t\t\t\t\t\t\t\t\t\t\t\t\t\t\t\t<\/ul>\n\t<\/div>\n\t<div class=\"fusion-post-content-wrapper\" style=\"padding:30px 25px 20px 25px;\"><div class=\"fusion-post-content post-content\"><h2 class=\"blog-shortcode-post-title entry-title\"><a href=\"https:\/\/www.binauralmedia.org\/news\/en\/arquivo\/30744\">Exposi\u00e7\u00e3o fotogr\u00e1fica: Treino \u00e9 jogo, jogo \u00e9 emo\u00e7\u00e3o<\/a><\/h2><p class=\"fusion-single-line-meta\"><span class=\"vcard\" style=\"display: none;\"><span class=\"fn\"><a href=\"https:\/\/www.binauralmedia.org\/news\/en\/arquivo\/author\/nelyferreira\" rel=\"author\">Nely Ferreira<\/a><\/span><\/span><span class=\"updated\" style=\"display:none;\">2026-06-22T09:54:41+00:00<\/span><span>22 June 2026<\/span><span class=\"fusion-inline-sep\">|<\/span><\/p><\/div><\/div><div class=\"fusion-clearfix\"><\/div><\/div>\n<\/article>\n<article id=\"blog-1-post-30739\" class=\"fusion-post-grid post-30739 post type-post status-publish format-standard has-post-thumbnail hentry category-educational-programme-en category-news-2\">\n<div class=\"fusion-post-wrapper\" style=\"background-color:rgba(255,255,255,1);border:1px solid #ebeaea;border-bottom-width:3px;\">\n\n\t\t\t<div class=\"fusion-flexslider flexslider fusion-flexslider-loading fusion-post-slideshow\" style=\"border-color:#ebeaea;\">\n\t\t<ul class=\"slides\">\n\t\t\t\n\t\t\t\t\t\t\t\t\t\t\t\t\t\t<li><div  class=\"fusion-image-wrapper\" aria-haspopup=\"true\">\n\t\t\t\t<img decoding=\"async\" width=\"1200\" height=\"800\" src=\"https:\/\/www.binauralmedia.org\/news\/wp-content\/uploads\/Granja_Ativa.jpg\" class=\"attachment-full size-full lazyload wp-post-image\" alt=\"\" srcset=\"data:image\/svg+xml,%3Csvg%20xmlns%3D%27http%3A%2F%2Fwww.w3.org%2F2000%2Fsvg%27%20width%3D%271200%27%20height%3D%27800%27%20viewBox%3D%270%200%201200%20800%27%3E%3Crect%20width%3D%271200%27%20height%3D%27800%27%20fill-opacity%3D%220%22%2F%3E%3C%2Fsvg%3E\" data-orig-src=\"https:\/\/www.binauralmedia.org\/news\/wp-content\/uploads\/Granja_Ativa.jpg\" data-srcset=\"https:\/\/www.binauralmedia.org\/news\/wp-content\/uploads\/Granja_Ativa-200x133.jpg 200w, https:\/\/www.binauralmedia.org\/news\/wp-content\/uploads\/Granja_Ativa-400x267.jpg 400w, https:\/\/www.binauralmedia.org\/news\/wp-content\/uploads\/Granja_Ativa-600x400.jpg 600w, https:\/\/www.binauralmedia.org\/news\/wp-content\/uploads\/Granja_Ativa-800x533.jpg 800w, https:\/\/www.binauralmedia.org\/news\/wp-content\/uploads\/Granja_Ativa.jpg 1200w\" data-sizes=\"auto\" \/><div class=\"fusion-rollover\">\n\t<div class=\"fusion-rollover-content\">\n\n\t\t\t\t\t\t\t\t\t\t\t\t\t\t<a class=\"fusion-rollover-link\" href=\"https:\/\/www.binauralmedia.org\/news\/en\/arquivo\/30739\">Granja Ativa 2026: Campo de Trabalho Internacional<\/a>\n\t\t\t\n\t\t\t\t\t\t\t\t\t\t\t\t\t\t\n\t\t\t\t\t\t\t\t\n\t\t\t\t\t\t\t\t\t\t\t\t\t<div class=\"fusion-rollover-sep\"><\/div>\n\t\t\t\t\n\t\t\t\t\t\t\t\t\t\t\t\t\t\t\t\t\t\t<a class=\"fusion-rollover-gallery\" href=\"https:\/\/www.binauralmedia.org\/news\/wp-content\/uploads\/Granja_Ativa.jpg\" data-options=\"\" data-id=\"30739\" data-rel=\"iLightbox[gallery]\" data-title=\"\" data-caption=\"\">\n\t\t\t\t\t\tGallery\t\t\t\t\t<\/a>\n\t\t\t\t\t\t\t\t\t\t\t\t\t\t\n\t\t\n\t\t\t\t\t\t\t\t\t\t\t\t<h4 class=\"fusion-rollover-title\">\n\t\t\t\t\t<a class=\"fusion-rollover-title-link\" href=\"https:\/\/www.binauralmedia.org\/news\/en\/arquivo\/30739\">\n\t\t\t\t\t\tGranja Ativa 2026: Campo de Trabalho Internacional\t\t\t\t\t<\/a>\n\t\t\t\t<\/h4>\n\t\t\t\n\t\t\t\t\t\t\t\t\t\t<div class=\"fusion-rollover-categories\"><a href=\"https:\/\/www.binauralmedia.org\/news\/en\/arquivo\/category\/educational-programme-en\" rel=\"tag\">Educational Programme<\/a>, <a href=\"https:\/\/www.binauralmedia.org\/news\/en\/arquivo\/category\/news-2\" rel=\"tag\">News<\/a><\/div>\t\t\t\t\t\n\t\t\n\t\t\t\t\t\t<a class=\"fusion-link-wrapper\" href=\"https:\/\/www.binauralmedia.org\/news\/en\/arquivo\/30739\" aria-label=\"Granja Ativa 2026: Campo de Trabalho Internacional\"><\/a>\n\t<\/div>\n<\/div>\n<\/div>\n<\/li>\n\t\t\t\n\t\t\t\n\t\t\t\t\t\t\t\t\t\t\t\t\t\t\t\t\t\t\t\t\t\t\t\t\t\t\t\t\t\t\t\t\t\t\t\t\t\t\t\t\t\t\t\t\t\t\t\t\t\t\t\t\t\t\t\t\t\t\t\t\t\t\t\t\t\t\t\t<\/ul>\n\t<\/div>\n\t<div class=\"fusion-post-content-wrapper\" style=\"padding:30px 25px 20px 25px;\"><div class=\"fusion-post-content post-content\"><h2 class=\"blog-shortcode-post-title entry-title\"><a href=\"https:\/\/www.binauralmedia.org\/news\/en\/arquivo\/30739\">Granja Ativa 2026: Campo de Trabalho Internacional<\/a><\/h2><p class=\"fusion-single-line-meta\"><span class=\"vcard\" style=\"display: none;\"><span class=\"fn\"><a href=\"https:\/\/www.binauralmedia.org\/news\/en\/arquivo\/author\/nelyferreira\" rel=\"author\">Nely Ferreira<\/a><\/span><\/span><span class=\"updated\" style=\"display:none;\">2026-06-15T09:49:35+00:00<\/span><span>15 June 2026<\/span><span class=\"fusion-inline-sep\">|<\/span><\/p><\/div><\/div><div class=\"fusion-clearfix\"><\/div><\/div>\n<\/article>\n<article id=\"blog-1-post-30734\" class=\"fusion-post-grid post-30734 post type-post status-publish format-standard has-post-thumbnail hentry category-news-2 category-visual-sound-ethnograhpy-en\">\n<div class=\"fusion-post-wrapper\" style=\"background-color:rgba(255,255,255,1);border:1px solid #ebeaea;border-bottom-width:3px;\">\n\n\t\t\t<div class=\"fusion-flexslider flexslider fusion-flexslider-loading fusion-post-slideshow\" style=\"border-color:#ebeaea;\">\n\t\t<ul class=\"slides\">\n\t\t\t\n\t\t\t\t\t\t\t\t\t\t\t\t\t\t<li><div  class=\"fusion-image-wrapper\" aria-haspopup=\"true\">\n\t\t\t\t<img decoding=\"async\" width=\"1600\" height=\"1067\" src=\"https:\/\/www.binauralmedia.org\/news\/wp-content\/uploads\/Dgartes-Sabores-da-Ucrania.jpg\" class=\"attachment-full size-full lazyload wp-post-image\" alt=\"\" srcset=\"data:image\/svg+xml,%3Csvg%20xmlns%3D%27http%3A%2F%2Fwww.w3.org%2F2000%2Fsvg%27%20width%3D%271600%27%20height%3D%271067%27%20viewBox%3D%270%200%201600%201067%27%3E%3Crect%20width%3D%271600%27%20height%3D%271067%27%20fill-opacity%3D%220%22%2F%3E%3C%2Fsvg%3E\" data-orig-src=\"https:\/\/www.binauralmedia.org\/news\/wp-content\/uploads\/Dgartes-Sabores-da-Ucrania.jpg\" data-srcset=\"https:\/\/www.binauralmedia.org\/news\/wp-content\/uploads\/Dgartes-Sabores-da-Ucrania-200x133.jpg 200w, https:\/\/www.binauralmedia.org\/news\/wp-content\/uploads\/Dgartes-Sabores-da-Ucrania-400x267.jpg 400w, https:\/\/www.binauralmedia.org\/news\/wp-content\/uploads\/Dgartes-Sabores-da-Ucrania-600x400.jpg 600w, https:\/\/www.binauralmedia.org\/news\/wp-content\/uploads\/Dgartes-Sabores-da-Ucrania-800x534.jpg 800w, https:\/\/www.binauralmedia.org\/news\/wp-content\/uploads\/Dgartes-Sabores-da-Ucrania-1200x800.jpg 1200w, https:\/\/www.binauralmedia.org\/news\/wp-content\/uploads\/Dgartes-Sabores-da-Ucrania.jpg 1600w\" data-sizes=\"auto\" \/><div class=\"fusion-rollover\">\n\t<div class=\"fusion-rollover-content\">\n\n\t\t\t\t\t\t\t\t\t\t\t\t\t\t<a class=\"fusion-rollover-link\" href=\"https:\/\/www.binauralmedia.org\/news\/en\/arquivo\/30734\">Encontro gastron\u00f3mico entre comunidade ucraniana e parceiros do projeto<\/a>\n\t\t\t\n\t\t\t\t\t\t\t\t\t\t\t\t\t\t\n\t\t\t\t\t\t\t\t\n\t\t\t\t\t\t\t\t\t\t\t\t\t<div class=\"fusion-rollover-sep\"><\/div>\n\t\t\t\t\n\t\t\t\t\t\t\t\t\t\t\t\t\t\t\t\t\t\t<a class=\"fusion-rollover-gallery\" href=\"https:\/\/www.binauralmedia.org\/news\/wp-content\/uploads\/Dgartes-Sabores-da-Ucrania.jpg\" data-options=\"\" data-id=\"30734\" data-rel=\"iLightbox[gallery]\" data-title=\"\" data-caption=\"\">\n\t\t\t\t\t\tGallery\t\t\t\t\t<\/a>\n\t\t\t\t\t\t\t\t\t\t\t\t\t\t\n\t\t\n\t\t\t\t\t\t\t\t\t\t\t\t<h4 class=\"fusion-rollover-title\">\n\t\t\t\t\t<a class=\"fusion-rollover-title-link\" href=\"https:\/\/www.binauralmedia.org\/news\/en\/arquivo\/30734\">\n\t\t\t\t\t\tEncontro gastron\u00f3mico entre comunidade ucraniana e parceiros do projeto\t\t\t\t\t<\/a>\n\t\t\t\t<\/h4>\n\t\t\t\n\t\t\t\t\t\t\t\t\t\t<div class=\"fusion-rollover-categories\"><a href=\"https:\/\/www.binauralmedia.org\/news\/en\/arquivo\/category\/news-2\" rel=\"tag\">News<\/a>, <a href=\"https:\/\/www.binauralmedia.org\/news\/en\/arquivo\/category\/visual-sound-ethnograhpy-en\" rel=\"tag\">Visual and Sound Ethnography<\/a><\/div>\t\t\t\t\t\n\t\t\n\t\t\t\t\t\t<a class=\"fusion-link-wrapper\" href=\"https:\/\/www.binauralmedia.org\/news\/en\/arquivo\/30734\" aria-label=\"Encontro gastron\u00f3mico entre comunidade ucraniana e parceiros do projeto\"><\/a>\n\t<\/div>\n<\/div>\n<\/div>\n<\/li>\n\t\t\t\n\t\t\t\n\t\t\t\t\t\t\t\t\t\t\t\t\t\t\t\t\t\t\t\t\t\t\t\t\t\t\t\t\t\t\t\t\t\t\t\t\t\t\t\t\t\t\t\t\t\t\t\t\t\t\t\t\t\t\t\t\t\t\t\t\t\t\t\t\t\t\t\t<\/ul>\n\t<\/div>\n\t<div class=\"fusion-post-content-wrapper\" style=\"padding:30px 25px 20px 25px;\"><div class=\"fusion-post-content post-content\"><h2 class=\"blog-shortcode-post-title entry-title\"><a href=\"https:\/\/www.binauralmedia.org\/news\/en\/arquivo\/30734\">Encontro gastron\u00f3mico entre comunidade ucraniana e parceiros do projeto<\/a><\/h2><p class=\"fusion-single-line-meta\"><span class=\"vcard\" style=\"display: none;\"><span class=\"fn\"><a href=\"https:\/\/www.binauralmedia.org\/news\/en\/arquivo\/author\/nelyferreira\" rel=\"author\">Nely Ferreira<\/a><\/span><\/span><span class=\"updated\" style=\"display:none;\">2026-06-12T09:46:24+00:00<\/span><span>12 June 2026<\/span><span class=\"fusion-inline-sep\">|<\/span><\/p><\/div><\/div><div class=\"fusion-clearfix\"><\/div><\/div>\n<\/article>\n<article id=\"blog-1-post-30727\" class=\"fusion-post-grid post-30727 post type-post status-publish format-standard has-post-thumbnail hentry category-artist-residencies-en category-news-2\">\n<div class=\"fusion-post-wrapper\" style=\"background-color:rgba(255,255,255,1);border:1px solid #ebeaea;border-bottom-width:3px;\">\n\n\t\t\t<div class=\"fusion-flexslider flexslider fusion-flexslider-loading fusion-post-slideshow\" style=\"border-color:#ebeaea;\">\n\t\t<ul class=\"slides\">\n\t\t\t\n\t\t\t\t\t\t\t\t\t\t\t\t\t\t<li><div  class=\"fusion-image-wrapper\" aria-haspopup=\"true\">\n\t\t\t\t<img decoding=\"async\" width=\"1200\" height=\"800\" src=\"https:\/\/www.binauralmedia.org\/news\/wp-content\/uploads\/Exposicao-2.jpg\" class=\"attachment-full size-full lazyload wp-post-image\" alt=\"\" srcset=\"data:image\/svg+xml,%3Csvg%20xmlns%3D%27http%3A%2F%2Fwww.w3.org%2F2000%2Fsvg%27%20width%3D%271200%27%20height%3D%27800%27%20viewBox%3D%270%200%201200%20800%27%3E%3Crect%20width%3D%271200%27%20height%3D%27800%27%20fill-opacity%3D%220%22%2F%3E%3C%2Fsvg%3E\" data-orig-src=\"https:\/\/www.binauralmedia.org\/news\/wp-content\/uploads\/Exposicao-2.jpg\" data-srcset=\"https:\/\/www.binauralmedia.org\/news\/wp-content\/uploads\/Exposicao-2-200x133.jpg 200w, https:\/\/www.binauralmedia.org\/news\/wp-content\/uploads\/Exposicao-2-400x267.jpg 400w, https:\/\/www.binauralmedia.org\/news\/wp-content\/uploads\/Exposicao-2-600x400.jpg 600w, https:\/\/www.binauralmedia.org\/news\/wp-content\/uploads\/Exposicao-2-800x533.jpg 800w, https:\/\/www.binauralmedia.org\/news\/wp-content\/uploads\/Exposicao-2.jpg 1200w\" data-sizes=\"auto\" \/><div class=\"fusion-rollover\">\n\t<div class=\"fusion-rollover-content\">\n\n\t\t\t\t\t\t\t\t\t\t\t\t\t\t<a class=\"fusion-rollover-link\" href=\"https:\/\/www.binauralmedia.org\/news\/en\/arquivo\/30727\">Inaugura\u00e7\u00e3o da exposi\u00e7\u00e3o \u201cCircularidades\u201d<\/a>\n\t\t\t\n\t\t\t\t\t\t\t\t\t\t\t\t\t\t\n\t\t\t\t\t\t\t\t\n\t\t\t\t\t\t\t\t\t\t\t\t\t<div class=\"fusion-rollover-sep\"><\/div>\n\t\t\t\t\n\t\t\t\t\t\t\t\t\t\t\t\t\t\t\t\t\t\t<a class=\"fusion-rollover-gallery\" href=\"https:\/\/www.binauralmedia.org\/news\/wp-content\/uploads\/Exposicao-2.jpg\" data-options=\"\" data-id=\"30727\" data-rel=\"iLightbox[gallery]\" data-title=\"\" data-caption=\"\">\n\t\t\t\t\t\tGallery\t\t\t\t\t<\/a>\n\t\t\t\t\t\t\t\t\t\t\t\t\t\t\n\t\t\n\t\t\t\t\t\t\t\t\t\t\t\t<h4 class=\"fusion-rollover-title\">\n\t\t\t\t\t<a class=\"fusion-rollover-title-link\" href=\"https:\/\/www.binauralmedia.org\/news\/en\/arquivo\/30727\">\n\t\t\t\t\t\tInaugura\u00e7\u00e3o da exposi\u00e7\u00e3o \u201cCircularidades\u201d\t\t\t\t\t<\/a>\n\t\t\t\t<\/h4>\n\t\t\t\n\t\t\t\t\t\t\t\t\t\t<div class=\"fusion-rollover-categories\"><a href=\"https:\/\/www.binauralmedia.org\/news\/en\/arquivo\/category\/artist-residencies-en\" rel=\"tag\">Artist Residencies<\/a>, <a href=\"https:\/\/www.binauralmedia.org\/news\/en\/arquivo\/category\/news-2\" rel=\"tag\">News<\/a><\/div>\t\t\t\t\t\n\t\t\n\t\t\t\t\t\t<a class=\"fusion-link-wrapper\" href=\"https:\/\/www.binauralmedia.org\/news\/en\/arquivo\/30727\" aria-label=\"Inaugura\u00e7\u00e3o da exposi\u00e7\u00e3o \u201cCircularidades\u201d\"><\/a>\n\t<\/div>\n<\/div>\n<\/div>\n<\/li>\n\t\t\t\n\t\t\t\n\t\t\t\t\t\t\t\t\t\t\t\t\t\t\t\t\t\t\t\t\t\t\t\t\t\t\t\t\t\t\t\t\t\t\t\t\t\t\t\t\t\t\t\t\t\t\t\t\t\t\t\t\t\t\t\t\t\t\t\t\t\t\t\t\t\t\t\t<\/ul>\n\t<\/div>\n\t<div class=\"fusion-post-content-wrapper\" style=\"padding:30px 25px 20px 25px;\"><div class=\"fusion-post-content post-content\"><h2 class=\"blog-shortcode-post-title entry-title\"><a href=\"https:\/\/www.binauralmedia.org\/news\/en\/arquivo\/30727\">Inaugura\u00e7\u00e3o da exposi\u00e7\u00e3o \u201cCircularidades\u201d<\/a><\/h2><p class=\"fusion-single-line-meta\"><span class=\"vcard\" style=\"display: none;\"><span class=\"fn\"><a href=\"https:\/\/www.binauralmedia.org\/news\/en\/arquivo\/author\/nelyferreira\" rel=\"author\">Nely Ferreira<\/a><\/span><\/span><span class=\"updated\" style=\"display:none;\">2026-06-09T09:42:00+00:00<\/span><span>9 June 2026<\/span><span class=\"fusion-inline-sep\">|<\/span><\/p><\/div><\/div><div class=\"fusion-clearfix\"><\/div><\/div>\n<\/article>\n<article id=\"blog-1-post-30722\" class=\"fusion-post-grid post-30722 post type-post status-publish format-standard has-post-thumbnail hentry category-educational-programme-en category-news-2\">\n<div class=\"fusion-post-wrapper\" style=\"background-color:rgba(255,255,255,1);border:1px solid #ebeaea;border-bottom-width:3px;\">\n\n\t\t\t<div class=\"fusion-flexslider flexslider fusion-flexslider-loading fusion-post-slideshow\" style=\"border-color:#ebeaea;\">\n\t\t<ul class=\"slides\">\n\t\t\t\n\t\t\t\t\t\t\t\t\t\t\t\t\t\t<li><div  class=\"fusion-image-wrapper\" aria-haspopup=\"true\">\n\t\t\t\t<img decoding=\"async\" width=\"1200\" height=\"800\" src=\"https:\/\/www.binauralmedia.org\/news\/wp-content\/uploads\/Franca.jpg\" class=\"attachment-full size-full lazyload wp-post-image\" alt=\"\" srcset=\"data:image\/svg+xml,%3Csvg%20xmlns%3D%27http%3A%2F%2Fwww.w3.org%2F2000%2Fsvg%27%20width%3D%271200%27%20height%3D%27800%27%20viewBox%3D%270%200%201200%20800%27%3E%3Crect%20width%3D%271200%27%20height%3D%27800%27%20fill-opacity%3D%220%22%2F%3E%3C%2Fsvg%3E\" data-orig-src=\"https:\/\/www.binauralmedia.org\/news\/wp-content\/uploads\/Franca.jpg\" data-srcset=\"https:\/\/www.binauralmedia.org\/news\/wp-content\/uploads\/Franca-200x133.jpg 200w, https:\/\/www.binauralmedia.org\/news\/wp-content\/uploads\/Franca-400x267.jpg 400w, https:\/\/www.binauralmedia.org\/news\/wp-content\/uploads\/Franca-600x400.jpg 600w, https:\/\/www.binauralmedia.org\/news\/wp-content\/uploads\/Franca-800x533.jpg 800w, https:\/\/www.binauralmedia.org\/news\/wp-content\/uploads\/Franca.jpg 1200w\" data-sizes=\"auto\" \/><div class=\"fusion-rollover\">\n\t<div class=\"fusion-rollover-content\">\n\n\t\t\t\t\t\t\t\t\t\t\t\t\t\t<a class=\"fusion-rollover-link\" href=\"https:\/\/www.binauralmedia.org\/news\/en\/arquivo\/30722\">Ateli\u00ea de escuta e express\u00e3o oral em Haute-Garonne, Fran\u00e7a<\/a>\n\t\t\t\n\t\t\t\t\t\t\t\t\t\t\t\t\t\t\n\t\t\t\t\t\t\t\t\n\t\t\t\t\t\t\t\t\t\t\t\t\t<div class=\"fusion-rollover-sep\"><\/div>\n\t\t\t\t\n\t\t\t\t\t\t\t\t\t\t\t\t\t\t\t\t\t\t<a class=\"fusion-rollover-gallery\" href=\"https:\/\/www.binauralmedia.org\/news\/wp-content\/uploads\/Franca.jpg\" data-options=\"\" data-id=\"30722\" data-rel=\"iLightbox[gallery]\" data-title=\"\" data-caption=\"\">\n\t\t\t\t\t\tGallery\t\t\t\t\t<\/a>\n\t\t\t\t\t\t\t\t\t\t\t\t\t\t\n\t\t\n\t\t\t\t\t\t\t\t\t\t\t\t<h4 class=\"fusion-rollover-title\">\n\t\t\t\t\t<a class=\"fusion-rollover-title-link\" href=\"https:\/\/www.binauralmedia.org\/news\/en\/arquivo\/30722\">\n\t\t\t\t\t\tAteli\u00ea de escuta e express\u00e3o oral em Haute-Garonne, Fran\u00e7a\t\t\t\t\t<\/a>\n\t\t\t\t<\/h4>\n\t\t\t\n\t\t\t\t\t\t\t\t\t\t<div class=\"fusion-rollover-categories\"><a href=\"https:\/\/www.binauralmedia.org\/news\/en\/arquivo\/category\/educational-programme-en\" rel=\"tag\">Educational Programme<\/a>, <a href=\"https:\/\/www.binauralmedia.org\/news\/en\/arquivo\/category\/news-2\" rel=\"tag\">News<\/a><\/div>\t\t\t\t\t\n\t\t\n\t\t\t\t\t\t<a class=\"fusion-link-wrapper\" href=\"https:\/\/www.binauralmedia.org\/news\/en\/arquivo\/30722\" aria-label=\"Ateli\u00ea de escuta e express\u00e3o oral em Haute-Garonne, Fran\u00e7a\"><\/a>\n\t<\/div>\n<\/div>\n<\/div>\n<\/li>\n\t\t\t\n\t\t\t\n\t\t\t\t\t\t\t\t\t\t\t\t\t\t\t\t\t\t\t\t\t\t\t\t\t\t\t\t\t\t\t\t\t\t\t\t\t\t\t\t\t\t\t\t\t\t\t\t\t\t\t\t\t\t\t\t\t\t\t\t\t\t\t\t\t\t\t\t<\/ul>\n\t<\/div>\n\t<div class=\"fusion-post-content-wrapper\" style=\"padding:30px 25px 20px 25px;\"><div class=\"fusion-post-content post-content\"><h2 class=\"blog-shortcode-post-title entry-title\"><a href=\"https:\/\/www.binauralmedia.org\/news\/en\/arquivo\/30722\">Ateli\u00ea de escuta e express\u00e3o oral em Haute-Garonne, Fran\u00e7a<\/a><\/h2><p class=\"fusion-single-line-meta\"><span class=\"vcard\" style=\"display: none;\"><span class=\"fn\"><a href=\"https:\/\/www.binauralmedia.org\/news\/en\/arquivo\/author\/nelyferreira\" rel=\"author\">Nely Ferreira<\/a><\/span><\/span><span class=\"updated\" style=\"display:none;\">2026-06-03T09:36:10+00:00<\/span><span>3 June 2026<\/span><span class=\"fusion-inline-sep\">|<\/span><\/p><\/div><\/div><div class=\"fusion-clearfix\"><\/div><\/div>\n<\/article>\n<article id=\"blog-1-post-30715\" class=\"fusion-post-grid post-30715 post type-post status-publish format-standard has-post-thumbnail hentry category-news-2 category-visual-sound-ethnograhpy-en\">\n<div class=\"fusion-post-wrapper\" style=\"background-color:rgba(255,255,255,1);border:1px solid #ebeaea;border-bottom-width:3px;\">\n\n\t\t\t<div class=\"fusion-flexslider flexslider fusion-flexslider-loading fusion-post-slideshow\" style=\"border-color:#ebeaea;\">\n\t\t<ul class=\"slides\">\n\t\t\t\n\t\t\t\t\t\t\t\t\t\t\t\t\t\t<li><div  class=\"fusion-image-wrapper\" aria-haspopup=\"true\">\n\t\t\t\t<img decoding=\"async\" width=\"1200\" height=\"800\" src=\"https:\/\/www.binauralmedia.org\/news\/wp-content\/uploads\/DgArtes-O-Tempo-das-Coisas-Varzea-de-Calde-1200x800-2.png\" class=\"attachment-full size-full lazyload wp-post-image\" alt=\"\" srcset=\"data:image\/svg+xml,%3Csvg%20xmlns%3D%27http%3A%2F%2Fwww.w3.org%2F2000%2Fsvg%27%20width%3D%271200%27%20height%3D%27800%27%20viewBox%3D%270%200%201200%20800%27%3E%3Crect%20width%3D%271200%27%20height%3D%27800%27%20fill-opacity%3D%220%22%2F%3E%3C%2Fsvg%3E\" data-orig-src=\"https:\/\/www.binauralmedia.org\/news\/wp-content\/uploads\/DgArtes-O-Tempo-das-Coisas-Varzea-de-Calde-1200x800-2.png\" data-srcset=\"https:\/\/www.binauralmedia.org\/news\/wp-content\/uploads\/DgArtes-O-Tempo-das-Coisas-Varzea-de-Calde-1200x800-2-200x133.png 200w, https:\/\/www.binauralmedia.org\/news\/wp-content\/uploads\/DgArtes-O-Tempo-das-Coisas-Varzea-de-Calde-1200x800-2-400x267.png 400w, https:\/\/www.binauralmedia.org\/news\/wp-content\/uploads\/DgArtes-O-Tempo-das-Coisas-Varzea-de-Calde-1200x800-2-600x400.png 600w, https:\/\/www.binauralmedia.org\/news\/wp-content\/uploads\/DgArtes-O-Tempo-das-Coisas-Varzea-de-Calde-1200x800-2-800x533.png 800w, https:\/\/www.binauralmedia.org\/news\/wp-content\/uploads\/DgArtes-O-Tempo-das-Coisas-Varzea-de-Calde-1200x800-2.png 1200w\" data-sizes=\"auto\" \/><div class=\"fusion-rollover\">\n\t<div class=\"fusion-rollover-content\">\n\n\t\t\t\t\t\t\t\t\t\t\t\t\t\t<a class=\"fusion-rollover-link\" href=\"https:\/\/www.binauralmedia.org\/news\/en\/arquivo\/30715\">Visitas guiadas e tert\u00falias no Museu do Linho de V\u00e1rzea de Calde<\/a>\n\t\t\t\n\t\t\t\t\t\t\t\t\t\t\t\t\t\t\n\t\t\t\t\t\t\t\t\n\t\t\t\t\t\t\t\t\t\t\t\t\t<div class=\"fusion-rollover-sep\"><\/div>\n\t\t\t\t\n\t\t\t\t\t\t\t\t\t\t\t\t\t\t\t\t\t\t<a class=\"fusion-rollover-gallery\" href=\"https:\/\/www.binauralmedia.org\/news\/wp-content\/uploads\/DgArtes-O-Tempo-das-Coisas-Varzea-de-Calde-1200x800-2.png\" data-options=\"\" data-id=\"30715\" data-rel=\"iLightbox[gallery]\" data-title=\"\" data-caption=\"\">\n\t\t\t\t\t\tGallery\t\t\t\t\t<\/a>\n\t\t\t\t\t\t\t\t\t\t\t\t\t\t\n\t\t\n\t\t\t\t\t\t\t\t\t\t\t\t<h4 class=\"fusion-rollover-title\">\n\t\t\t\t\t<a class=\"fusion-rollover-title-link\" href=\"https:\/\/www.binauralmedia.org\/news\/en\/arquivo\/30715\">\n\t\t\t\t\t\tVisitas guiadas e tert\u00falias no Museu do Linho de V\u00e1rzea de Calde\t\t\t\t\t<\/a>\n\t\t\t\t<\/h4>\n\t\t\t\n\t\t\t\t\t\t\t\t\t\t<div class=\"fusion-rollover-categories\"><a href=\"https:\/\/www.binauralmedia.org\/news\/en\/arquivo\/category\/news-2\" rel=\"tag\">News<\/a>, <a href=\"https:\/\/www.binauralmedia.org\/news\/en\/arquivo\/category\/visual-sound-ethnograhpy-en\" rel=\"tag\">Visual and Sound Ethnography<\/a><\/div>\t\t\t\t\t\n\t\t\n\t\t\t\t\t\t<a class=\"fusion-link-wrapper\" href=\"https:\/\/www.binauralmedia.org\/news\/en\/arquivo\/30715\" aria-label=\"Visitas guiadas e tert\u00falias no Museu do Linho de V\u00e1rzea de Calde\"><\/a>\n\t<\/div>\n<\/div>\n<\/div>\n<\/li>\n\t\t\t\n\t\t\t\n\t\t\t\t\t\t\t\t\t\t\t\t\t\t\t\t\t\t\t\t\t\t\t\t\t\t\t\t\t\t\t\t\t\t\t\t\t\t\t\t\t\t\t\t\t\t\t\t\t\t\t\t\t\t\t\t\t\t\t\t\t\t\t\t\t\t\t\t<\/ul>\n\t<\/div>\n\t<div class=\"fusion-post-content-wrapper\" style=\"padding:30px 25px 20px 25px;\"><div class=\"fusion-post-content post-content\"><h2 class=\"blog-shortcode-post-title entry-title\"><a href=\"https:\/\/www.binauralmedia.org\/news\/en\/arquivo\/30715\">Visitas guiadas e tert\u00falias no Museu do Linho de V\u00e1rzea de Calde<\/a><\/h2><p class=\"fusion-single-line-meta\"><span class=\"vcard\" style=\"display: none;\"><span class=\"fn\"><a href=\"https:\/\/www.binauralmedia.org\/news\/en\/arquivo\/author\/nelyferreira\" rel=\"author\">Nely Ferreira<\/a><\/span><\/span><span class=\"updated\" style=\"display:none;\">2026-06-01T09:26:19+00:00<\/span><span>1 June 2026<\/span><span class=\"fusion-inline-sep\">|<\/span><\/p><\/div><\/div><div class=\"fusion-clearfix\"><\/div><\/div>\n<\/article>\n<div class=\"fusion-clearfix\"><\/div><\/div><div class=\"pagination clearfix\"><span class=\"current\">1<\/span><a href=\"https:\/\/www.binauralmedia.org\/news\/en\/wp-json\/wp\/v2\/pages\/12581\/page\/2\" class=\"inactive\">2<\/a><a class=\"pagination-next\" rel=\"next\" href=\"https:\/\/www.binauralmedia.org\/news\/en\/wp-json\/wp\/v2\/pages\/12581\/page\/2\"><span class=\"page-text\">Next<\/span><span class=\"page-next\"><\/span><\/a><\/div><div class=\"fusion-clearfix\"><\/div><\/div><div class=\"fusion-clearfix\"><\/div><\/div><\/div><\/div><\/div>\n","protected":false},"excerpt":{"rendered":"","protected":false},"author":2,"featured_media":0,"parent":0,"menu_order":0,"comment_status":"closed","ping_status":"closed","template":"100-width.php","meta":{"_acf_changed":false,"_bbp_topic_count":0,"_bbp_reply_count":0,"_bbp_total_topic_count":0,"_bbp_total_reply_count":0,"_bbp_voice_count":0,"_bbp_anonymous_reply_count":0,"_bbp_topic_count_hidden":0,"_bbp_reply_count_hidden":0,"_bbp_forum_subforum_count":0,"footnotes":""},"class_list":["post-12581","page","type-page","status-publish","hentry"],"acf":[],"aioseo_notices":[],"aioseo_head":"\n\t\t<!-- All in One SEO 5.0.1.1 - aioseo.com -->\n\t<meta name=\"description\" content=\"O TEMPO DAS COISAS Visitas Guiadas + Tert\u00falias Junho a Agosto 2026 Museu do Linho de V\u00e1rzea de Calde No \u00e2mbito da exposi\u00e7\u00e3o &quot;O Tempo das Coisas&quot;, patente no Museu do Linho de V\u00e1rzea de Calde at\u00e9 30 de agosto de 2026, o p\u00fablico \u00e9 convidado a participar num conjunto de visitas guiadas e tert\u00falias,\" \/>\n\t<meta name=\"robots\" content=\"max-image-preview:large\" \/>\n\t<link rel=\"canonical\" href=\"https:\/\/www.binauralmedia.org\/news\/en\/arquivo\/30715\" \/>\n\t<meta name=\"generator\" content=\"All in One SEO (AIOSEO) 5.0.1.1\" \/>\n\t\t<meta property=\"og:locale\" content=\"en_US\" \/>\n\t\t<meta property=\"og:site_name\" content=\"binauralmedia.org - Rural Based Sound\/Media Arts &amp; Social Research\" \/>\n\t\t<meta property=\"og:type\" content=\"article\" \/>\n\t\t<meta property=\"og:title\" content=\"Visitas guiadas e tert\u00falias no Museu do Linho de V\u00e1rzea de Calde - binauralmedia.org\" \/>\n\t\t<meta property=\"og:description\" content=\"O TEMPO DAS COISAS Visitas Guiadas + Tert\u00falias Junho a Agosto 2026 Museu do Linho de V\u00e1rzea de Calde No \u00e2mbito da exposi\u00e7\u00e3o &quot;O Tempo das Coisas&quot;, patente no Museu do Linho de V\u00e1rzea de Calde at\u00e9 30 de agosto de 2026, o p\u00fablico \u00e9 convidado a participar num conjunto de visitas guiadas e tert\u00falias,\" \/>\n\t\t<meta property=\"og:url\" content=\"https:\/\/www.binauralmedia.org\/news\/en\/arquivo\/30715\" \/>\n\t\t<meta property=\"article:published_time\" content=\"2026-06-01T09:26:19+00:00\" \/>\n\t\t<meta property=\"article:modified_time\" content=\"2026-06-01T09:26:19+00:00\" \/>\n\t\t<meta name=\"twitter:card\" content=\"summary_large_image\" \/>\n\t\t<meta name=\"twitter:title\" content=\"Visitas guiadas e tert\u00falias no Museu do Linho de V\u00e1rzea de Calde - binauralmedia.org\" \/>\n\t\t<meta name=\"twitter:description\" content=\"O TEMPO DAS COISAS Visitas Guiadas + Tert\u00falias Junho a Agosto 2026 Museu do Linho de V\u00e1rzea de Calde No \u00e2mbito da exposi\u00e7\u00e3o &quot;O Tempo das Coisas&quot;, patente no Museu do Linho de V\u00e1rzea de Calde at\u00e9 30 de agosto de 2026, o p\u00fablico \u00e9 convidado a participar num conjunto de visitas guiadas e tert\u00falias,\" \/>\n\t\t<script type=\"application\/ld+json\" class=\"aioseo-schema\">\n\t\t\t{\"@context\":\"https:\\\/\\\/schema.org\",\"@graph\":[{\"@type\":\"BlogPosting\",\"@id\":\"https:\\\/\\\/www.binauralmedia.org\\\/news\\\/en\\\/arquivo\\\/30715#blogposting\",\"name\":\"Visitas guiadas e tert\\u00falias no Museu do Linho de V\\u00e1rzea de Calde - binauralmedia.org\",\"headline\":\"News Archive\",\"author\":{\"@id\":\"https:\\\/\\\/www.binauralmedia.org\\\/news\\\/en\\\/arquivo\\\/author\\\/luiscosta#author\"},\"publisher\":{\"@id\":\"https:\\\/\\\/www.binauralmedia.org\\\/news\\\/en\\\/#organization\"},\"datePublished\":\"2012-09-18T23:05:17+00:00\",\"dateModified\":\"2012-09-18T23:05:17+00:00\",\"inLanguage\":\"en-US\",\"mainEntityOfPage\":{\"@id\":\"https:\\\/\\\/www.binauralmedia.org\\\/news\\\/en\\\/arquivo\\\/30715#webpage\"},\"isPartOf\":{\"@id\":\"https:\\\/\\\/www.binauralmedia.org\\\/news\\\/en\\\/arquivo\\\/30715#webpage\"}},{\"@type\":\"BreadcrumbList\",\"@id\":\"https:\\\/\\\/www.binauralmedia.org\\\/news\\\/en\\\/arquivo\\\/30715#breadcrumblist\",\"itemListElement\":[{\"@type\":\"ListItem\",\"@id\":\"https:\\\/\\\/www.binauralmedia.org\\\/news\\\/en#listItem\",\"position\":1,\"name\":\"Home\",\"item\":\"https:\\\/\\\/www.binauralmedia.org\\\/news\\\/en\",\"nextItem\":{\"@type\":\"ListItem\",\"@id\":\"https:\\\/\\\/www.binauralmedia.org\\\/news\\\/en\\\/news-archive#listItem\",\"name\":\"News Archive\"}},{\"@type\":\"ListItem\",\"@id\":\"https:\\\/\\\/www.binauralmedia.org\\\/news\\\/en\\\/news-archive#listItem\",\"position\":2,\"name\":\"News Archive\",\"previousItem\":{\"@type\":\"ListItem\",\"@id\":\"https:\\\/\\\/www.binauralmedia.org\\\/news\\\/en#listItem\",\"name\":\"Home\"}}]},{\"@type\":\"Organization\",\"@id\":\"https:\\\/\\\/www.binauralmedia.org\\\/news\\\/en\\\/#organization\",\"name\":\"binauralmedia.org\",\"description\":\"Rural Based Sound\\\/Media Arts & Social Research\",\"url\":\"https:\\\/\\\/www.binauralmedia.org\\\/news\\\/en\\\/\"},{\"@type\":\"Person\",\"@id\":\"https:\\\/\\\/www.binauralmedia.org\\\/news\\\/en\\\/arquivo\\\/author\\\/luiscosta#author\",\"url\":\"https:\\\/\\\/www.binauralmedia.org\\\/news\\\/en\\\/arquivo\\\/author\\\/luiscosta\",\"name\":\"luiscosta\"},{\"@type\":\"WebPage\",\"@id\":\"https:\\\/\\\/www.binauralmedia.org\\\/news\\\/en\\\/arquivo\\\/30715#webpage\",\"url\":\"https:\\\/\\\/www.binauralmedia.org\\\/news\\\/en\\\/arquivo\\\/30715\",\"name\":\"News Archive - binauralmedia.org\",\"description\":\"O TEMPO DAS COISAS Visitas Guiadas + Tert\\u00falias Junho a Agosto 2026 Museu do Linho de V\\u00e1rzea de Calde No \\u00e2mbito da exposi\\u00e7\\u00e3o \\\"O Tempo das Coisas\\\", patente no Museu do Linho de V\\u00e1rzea de Calde at\\u00e9 30 de agosto de 2026, o p\\u00fablico \\u00e9 convidado a participar num conjunto de visitas guiadas e tert\\u00falias,\",\"inLanguage\":\"en-US\",\"isPartOf\":{\"@id\":\"https:\\\/\\\/www.binauralmedia.org\\\/news\\\/en\\\/#website\"},\"breadcrumb\":{\"@id\":\"https:\\\/\\\/www.binauralmedia.org\\\/news\\\/en\\\/arquivo\\\/30715#breadcrumblist\"},\"image\":{\"@type\":\"ImageObject\",\"@id\":\"https:\\\/\\\/www.binauralmedia.org\\\/news\\\/en\\\/arquivo\\\/30715\\\/#mainImage\"},\"primaryImageOfPage\":{\"@id\":\"https:\\\/\\\/www.binauralmedia.org\\\/news\\\/en\\\/arquivo\\\/30715#mainImage\"},\"datePublished\":\"2026-06-01T09:26:19+00:00\",\"dateModified\":\"2026-06-01T09:26:19+00:00\"},{\"@type\":\"WebSite\",\"@id\":\"https:\\\/\\\/www.binauralmedia.org\\\/news\\\/en\\\/#website\",\"url\":\"https:\\\/\\\/www.binauralmedia.org\\\/news\\\/en\\\/\",\"name\":\"binauralmedia.org\",\"description\":\"Rural Based Sound\\\/Media Arts & Social Research\",\"inLanguage\":\"en-US\",\"publisher\":{\"@id\":\"https:\\\/\\\/www.binauralmedia.org\\\/news\\\/en\\\/#organization\"}}]}\n\t\t<\/script>\n\t\t<!-- All in One SEO -->\n\n","aioseo_head_json":{"title":"News Archive - binauralmedia.org","description":"","canonical_url":"https:\/\/www.binauralmedia.org\/news\/en\/arquivo\/30715","robots":"max-image-preview:large","keywords":"","webmasterTools":{"miscellaneous":""},"schema":{"@context":"https:\/\/schema.org","@graph":[{"@type":"BlogPosting","@id":"https:\/\/www.binauralmedia.org\/news\/en\/news-archive#blogposting","name":"News Archive - binauralmedia.org","headline":"News Archive","author":{"@id":"https:\/\/www.binauralmedia.org\/news\/en\/arquivo\/author\/luiscosta#author"},"publisher":{"@id":"https:\/\/www.binauralmedia.org\/news\/en\/#organization"},"datePublished":"2012-09-18T23:05:17+00:00","dateModified":"2012-09-18T23:05:17+00:00","inLanguage":"en-US","mainEntityOfPage":{"@id":"https:\/\/www.binauralmedia.org\/news\/en\/news-archive#webpage"},"isPartOf":{"@id":"https:\/\/www.binauralmedia.org\/news\/en\/news-archive#webpage"}},{"@type":"BreadcrumbList","@id":"https:\/\/www.binauralmedia.org\/news\/en\/news-archive#breadcrumblist","itemListElement":[{"@type":"ListItem","@id":"https:\/\/www.binauralmedia.org\/news\/en#listItem","position":1,"name":"Home","item":"https:\/\/www.binauralmedia.org\/news\/en","nextItem":{"@type":"ListItem","@id":"https:\/\/www.binauralmedia.org\/news\/en\/news-archive#listItem","name":"News Archive"}},{"@type":"ListItem","@id":"https:\/\/www.binauralmedia.org\/news\/en\/news-archive#listItem","position":2,"name":"News Archive","previousItem":{"@type":"ListItem","@id":"https:\/\/www.binauralmedia.org\/news\/en#listItem","name":"Home"}}]},{"@type":"Organization","@id":"https:\/\/www.binauralmedia.org\/news\/en\/#organization","name":"binauralmedia.org","description":"Rural Based Sound\/Media Arts & Social Research","url":"https:\/\/www.binauralmedia.org\/news\/en\/"},{"@type":"Person","@id":"https:\/\/www.binauralmedia.org\/news\/en\/arquivo\/author\/luiscosta#author","url":"https:\/\/www.binauralmedia.org\/news\/en\/arquivo\/author\/luiscosta","name":"luiscosta"},{"@type":"WebPage","@id":"https:\/\/www.binauralmedia.org\/news\/en\/news-archive#webpage","url":"https:\/\/www.binauralmedia.org\/news\/en\/news-archive","name":"News Archive - binauralmedia.org","inLanguage":"en-US","isPartOf":{"@id":"https:\/\/www.binauralmedia.org\/news\/en\/#website"},"breadcrumb":{"@id":"https:\/\/www.binauralmedia.org\/news\/en\/news-archive#breadcrumblist"},"datePublished":"2012-09-18T23:05:17+00:00","dateModified":"2012-09-18T23:05:17+00:00"},{"@type":"WebSite","@id":"https:\/\/www.binauralmedia.org\/news\/en\/#website","url":"https:\/\/www.binauralmedia.org\/news\/en\/","name":"binauralmedia.org","description":"Rural Based Sound\/Media Arts & Social Research","inLanguage":"en-US","publisher":{"@id":"https:\/\/www.binauralmedia.org\/news\/en\/#organization"}}]},"og:locale":"en_US","og:site_name":"binauralmedia.org - Rural Based Sound\/Media Arts &amp; Social Research","og:type":"article","og:title":"News Archive - binauralmedia.org","og:url":"https:\/\/www.binauralmedia.org\/news\/en\/arquivo\/30715","article:published_time":"2012-09-18T22:05:17+00:00","article:modified_time":"2012-09-18T22:05:17+00:00","twitter:card":"summary_large_image","twitter:title":"News Archive - binauralmedia.org"},"aioseo_meta_data":{"post_id":"12581","title":null,"description":null,"keywords":null,"keyphrases":null,"primary_term":null,"canonical_url":null,"og_title":null,"og_description":null,"og_object_type":"default","og_image_type":"default","og_image_custom_url":null,"og_image_custom_fields":null,"og_image_url":null,"og_image_width":null,"og_image_height":null,"og_video":null,"og_custom_url":null,"og_article_section":null,"og_article_tags":null,"twitter_use_og":false,"twitter_card":"default","twitter_image_type":"default","twitter_image_custom_url":null,"twitter_image_custom_fields":null,"twitter_image_url":null,"twitter_title":null,"twitter_description":null,"schema_type":"default","schema_type_options":null,"schema":{"blockGraphs":[],"customGraphs":[],"default":{"data":{"Article":[],"Course":[],"Dataset":[],"FAQPage":[],"Movie":[],"Person":[],"Product":[],"ProductReview":[],"Car":[],"Recipe":[],"Service":[],"SoftwareApplication":[],"WebPage":[]},"graphName":"","isEnabled":true},"graphs":[]},"pillar_content":false,"robots_default":true,"robots_noindex":false,"robots_noarchive":false,"robots_nosnippet":false,"robots_nofollow":false,"robots_noimageindex":false,"robots_noodp":false,"robots_notranslate":false,"robots_max_snippet":null,"robots_max_videopreview":null,"robots_max_imagepreview":"large","priority":null,"frequency":null,"local_seo":null,"limit_modified_date":false,"ai":null,"breadcrumb_settings":null,"seo_analyzer_scan_date":null,"created":"2026-08-04 23:43:26","updated":"2026-08-04 23:43:26","focus_keyword":null,"additional_keywords":null,"truseo_locale":null},"aioseo_breadcrumb":"<div class=\"aioseo-breadcrumbs\"><span class=\"aioseo-breadcrumb\">\n\t\t\t<a href=\"https:\/\/www.binauralmedia.org\/news\/en\" title=\"Home\">Home<\/a>\n\t\t<\/span><span class=\"aioseo-breadcrumb-separator\">&raquo;<\/span><span class=\"aioseo-breadcrumb\">\n\t\t\tNews Archive\n\t\t<\/span><\/div>","aioseo_breadcrumb_json":[{"label":"Home","link":"https:\/\/www.binauralmedia.org\/news\/en"},{"label":"News Archive","link":"https:\/\/www.binauralmedia.org\/news\/en\/news-archive"}],"_links":{"self":[{"href":"https:\/\/www.binauralmedia.org\/news\/en\/wp-json\/wp\/v2\/pages\/12581","targetHints":{"allow":["GET"]}}],"collection":[{"href":"https:\/\/www.binauralmedia.org\/news\/en\/wp-json\/wp\/v2\/pages"}],"about":[{"href":"https:\/\/www.binauralmedia.org\/news\/en\/wp-json\/wp\/v2\/types\/page"}],"author":[{"embeddable":true,"href":"https:\/\/www.binauralmedia.org\/news\/en\/wp-json\/wp\/v2\/users\/2"}],"replies":[{"embeddable":true,"href":"https:\/\/www.binauralmedia.org\/news\/en\/wp-json\/wp\/v2\/comments?post=12581"}],"version-history":[{"count":0,"href":"https:\/\/www.binauralmedia.org\/news\/en\/wp-json\/wp\/v2\/pages\/12581\/revisions"}],"wp:attachment":[{"href":"https:\/\/www.binauralmedia.org\/news\/en\/wp-json\/wp\/v2\/media?parent=12581"}],"curies":[{"name":"wp","href":"https:\/\/api.w.org\/{rel}","templated":true}]}}