{"id":20659,"date":"2024-01-29T10:42:47","date_gmt":"2024-01-29T10:42:47","guid":{"rendered":"https:\/\/www.binauralmedia.org\/news\/arquivo\/portfolio-items\/luis-costa"},"modified":"2024-02-15T14:40:12","modified_gmt":"2024-02-15T14:40:12","slug":"luis-costa-2024","status":"publish","type":"avada_portfolio","link":"https:\/\/www.binauralmedia.org\/news\/en\/arquivo\/portfolio-items\/luis-costa-2024","title":{"rendered":"Lu\u00eds Costa"},"content":{"rendered":"<div class=\"fusion-fullwidth fullwidth-box fusion-builder-row-1 fusion-flex-container has-pattern-background has-mask-background nonhundred-percent-fullwidth non-hundred-percent-height-scrolling\" style=\"--awb-border-radius-top-left:0px;--awb-border-radius-top-right:0px;--awb-border-radius-bottom-right:0px;--awb-border-radius-bottom-left:0px;--awb-flex-wrap:wrap;\" ><div class=\"fusion-builder-row fusion-row fusion-flex-align-items-flex-start fusion-flex-content-wrap\" style=\"max-width:1144px;margin-left: calc(-4% \/ 2 );margin-right: calc(-4% \/ 2 );\"><div class=\"fusion-layout-column fusion_builder_column fusion-builder-column-0 fusion_builder_column_1_1 1_1 fusion-flex-column\" style=\"--awb-bg-size:cover;--awb-width-large:100%;--awb-margin-top-large:0px;--awb-spacing-right-large:1.92%;--awb-margin-bottom-large:20px;--awb-spacing-left-large:1.92%;--awb-width-medium:100%;--awb-order-medium:0;--awb-spacing-right-medium:1.92%;--awb-spacing-left-medium:1.92%;--awb-width-small:100%;--awb-order-small:0;--awb-spacing-right-small:1.92%;--awb-spacing-left-small:1.92%;\"><div class=\"fusion-column-wrapper fusion-column-has-shadow fusion-flex-justify-content-flex-start fusion-content-layout-column\"><div class=\"fusion-text fusion-text-1\"><p><strong>TWO BROTHERLY HILLS<\/strong><\/p>\n<p>An audiovisual \u201cethno-poeisis\u201d essay, linking local accounts of two mountains located around three hundred kilometers apart: Pico Sacro, in the municipality of Boqueix\u00f3n (near Santiago de Compostela, in the Galician province of A Coru\u00f1a) and Monte de S\u00e3o Mac\u00e1rio, in the municipality of S\u00e3o Pedro do Sul (in the Portuguese region of Viseu D\u00e3o Laf\u00f5es). Both mountains have links to saints from faraway lands, Alexandria and Jerusalem, and are symbolically associated with aspects of human brain health. The essay attempts to respond artistically to an intuition: that there is an \u201cinvisible\u201d process mobilizing brotherhood between certain hills, the result of a cross-combination of geology, morphology, meteorology, psychology, culture and sacredness.<\/p>\n<p>After a series of sound and audiovisual collections carried out in December on the two hills, the mixed-media exhibition will be created as part of the artist residency. The final installation will be presented at Laf\u00f5es Cult Lab in due course, after an initial presentation on January 20th, as part of the Doctoral Program in Artistic Creation at the University of Aveiro.<\/p>\n<p>The artist would like to thank Lana P\u00edas Peleteiro and Juan P\u00edas Peleteiro in Santiago de Compostela for their collaboration on the project, as well as Jos\u00e9 Almeida (father) and Jos\u00e9 Almeida (son) in S\u00e3o Pedro do Sul.<\/p>\n<\/div><div class=\"fusion-text fusion-text-2\" style=\"--awb-margin-top:30px;\"><h3 style=\"text-align: center;\"><strong>ARTISTIC WORKS<\/strong><\/h3>\n<\/div><div class=\"fusion-separator fusion-full-width-sep\" style=\"align-self: center;margin-left: auto;margin-right: auto;margin-bottom:30px;width:100%;\"><div class=\"fusion-separator-border sep-single sep-solid\" style=\"--awb-height:20px;--awb-amount:20px;border-color:#e0dede;border-top-width:1px;\"><\/div><\/div><div class=\"fusion-video fusion-vimeo\" style=\"--awb-max-width:600px;--awb-max-height:360px;--awb-align-self:center;--awb-width:100%;--awb-margin-top:30px;--awb-margin-bottom:40px;\"><div class=\"video-shortcode\"><div class=\"fluid-width-video-wrapper\" style=\"padding-top:60%;\" ><iframe title=\"Vimeo video player 1\" src=\"https:\/\/player.vimeo.com\/video\/911684732?autoplay=0&amp;autopause=0\" width=\"600\" height=\"360\" allowfullscreen allow=\"autoplay; fullscreen\"><\/iframe><\/div><\/div><\/div><\/div><\/div><\/div><\/div>\n","protected":false},"excerpt":{"rendered":"","protected":false},"author":8,"featured_media":20594,"menu_order":0,"comment_status":"closed","ping_status":"closed","template":"","format":"video","meta":{"_acf_changed":false,"_bbp_topic_count":0,"_bbp_reply_count":0,"_bbp_total_topic_count":0,"_bbp_total_reply_count":0,"_bbp_voice_count":0,"_bbp_anonymous_reply_count":0,"_bbp_topic_count_hidden":0,"_bbp_reply_count_hidden":0,"_bbp_forum_subforum_count":0,"footnotes":""},"portfolio_category":[1330,1217,1254],"portfolio_skills":[],"portfolio_tags":[],"class_list":["post-20659","avada_portfolio","type-avada_portfolio","status-publish","format-video","has-post-thumbnail","hentry","portfolio_category-2024-en","portfolio_category-artist-residencies-en","portfolio_category-artistas-en"],"acf":[],"aioseo_notices":[],"aioseo_head":"\n\t\t<!-- All in One SEO 5.0.1.1 - aioseo.com -->\n\t<meta name=\"description\" content=\"TWO BROTHERLY HILLS An audiovisual \u201cethno-poeisis\u201d essay, linking local accounts of two mountains located around three hundred kilometers apart: Pico Sacro, in the municipality of Boqueix\u00f3n (near Santiago de Compostela, in the Galician province of A Coru\u00f1a) and Monte de S\u00e3o Mac\u00e1rio, in the municipality of S\u00e3o Pedro do Sul (in the Portuguese region of\" \/>\n\t<meta name=\"robots\" content=\"max-image-preview:large\" \/>\n\t<meta name=\"author\" content=\"Nely Ferreira\"\/>\n\t<link rel=\"canonical\" href=\"https:\/\/www.binauralmedia.org\/news\/en\/arquivo\/portfolio-items\/luis-costa-2024\" \/>\n\t<meta name=\"generator\" content=\"All in One SEO (AIOSEO) 5.0.1.1\" \/>\n\t\t<meta property=\"og:locale\" content=\"en_US\" \/>\n\t\t<meta property=\"og:site_name\" content=\"binauralmedia.org - Rural Based Sound\/Media Arts &amp; Social Research\" \/>\n\t\t<meta property=\"og:type\" content=\"article\" \/>\n\t\t<meta property=\"og:title\" content=\"Lu\u00eds Costa - binauralmedia.org\" \/>\n\t\t<meta property=\"og:description\" content=\"TWO BROTHERLY HILLS An audiovisual \u201cethno-poeisis\u201d essay, linking local accounts of two mountains located around three hundred kilometers apart: Pico Sacro, in the municipality of Boqueix\u00f3n (near Santiago de Compostela, in the Galician province of A Coru\u00f1a) and Monte de S\u00e3o Mac\u00e1rio, in the municipality of S\u00e3o Pedro do Sul (in the Portuguese region of\" \/>\n\t\t<meta property=\"og:url\" content=\"https:\/\/www.binauralmedia.org\/news\/en\/arquivo\/portfolio-items\/luis-costa-2024\" \/>\n\t\t<meta property=\"article:published_time\" content=\"2024-01-29T10:42:47+00:00\" \/>\n\t\t<meta property=\"article:modified_time\" content=\"2024-02-15T14:40:12+00:00\" \/>\n\t\t<meta name=\"twitter:card\" content=\"summary_large_image\" \/>\n\t\t<meta name=\"twitter:title\" content=\"Lu\u00eds Costa - binauralmedia.org\" \/>\n\t\t<meta name=\"twitter:description\" content=\"TWO BROTHERLY HILLS An audiovisual \u201cethno-poeisis\u201d essay, linking local accounts of two mountains located around three hundred kilometers apart: Pico Sacro, in the municipality of Boqueix\u00f3n (near Santiago de Compostela, in the Galician province of A Coru\u00f1a) and Monte de S\u00e3o Mac\u00e1rio, in the municipality of S\u00e3o Pedro do Sul (in the Portuguese region of\" \/>\n\t\t<script type=\"application\/ld+json\" class=\"aioseo-schema\">\n\t\t\t{\"@context\":\"https:\\\/\\\/schema.org\",\"@graph\":[{\"@type\":\"BreadcrumbList\",\"@id\":\"https:\\\/\\\/www.binauralmedia.org\\\/news\\\/en\\\/arquivo\\\/portfolio-items\\\/luis-costa-2024#breadcrumblist\",\"itemListElement\":[{\"@type\":\"ListItem\",\"@id\":\"https:\\\/\\\/www.binauralmedia.org\\\/news\\\/en#listItem\",\"position\":1,\"name\":\"Home\",\"item\":\"https:\\\/\\\/www.binauralmedia.org\\\/news\\\/en\",\"nextItem\":{\"@type\":\"ListItem\",\"@id\":\"https:\\\/\\\/www.binauralmedia.org\\\/news\\\/en\\\/arquivo\\\/portfolio-items#listItem\",\"name\":\"Portfolio\"}},{\"@type\":\"ListItem\",\"@id\":\"https:\\\/\\\/www.binauralmedia.org\\\/news\\\/en\\\/arquivo\\\/portfolio-items#listItem\",\"position\":2,\"name\":\"Portfolio\",\"item\":\"https:\\\/\\\/www.binauralmedia.org\\\/news\\\/en\\\/arquivo\\\/portfolio-items\",\"nextItem\":{\"@type\":\"ListItem\",\"@id\":\"https:\\\/\\\/www.binauralmedia.org\\\/news\\\/en\\\/portfolio_category\\\/activities-en#listItem\",\"name\":\"Activities\"},\"previousItem\":{\"@type\":\"ListItem\",\"@id\":\"https:\\\/\\\/www.binauralmedia.org\\\/news\\\/en#listItem\",\"name\":\"Home\"}},{\"@type\":\"ListItem\",\"@id\":\"https:\\\/\\\/www.binauralmedia.org\\\/news\\\/en\\\/portfolio_category\\\/activities-en#listItem\",\"position\":3,\"name\":\"Activities\",\"item\":\"https:\\\/\\\/www.binauralmedia.org\\\/news\\\/en\\\/portfolio_category\\\/activities-en\",\"nextItem\":{\"@type\":\"ListItem\",\"@id\":\"https:\\\/\\\/www.binauralmedia.org\\\/news\\\/en\\\/portfolio_category\\\/artist-residencies-en#listItem\",\"name\":\"Artist Residencies\"},\"previousItem\":{\"@type\":\"ListItem\",\"@id\":\"https:\\\/\\\/www.binauralmedia.org\\\/news\\\/en\\\/arquivo\\\/portfolio-items#listItem\",\"name\":\"Portfolio\"}},{\"@type\":\"ListItem\",\"@id\":\"https:\\\/\\\/www.binauralmedia.org\\\/news\\\/en\\\/portfolio_category\\\/artist-residencies-en#listItem\",\"position\":4,\"name\":\"Artist Residencies\",\"item\":\"https:\\\/\\\/www.binauralmedia.org\\\/news\\\/en\\\/portfolio_category\\\/artist-residencies-en\",\"nextItem\":{\"@type\":\"ListItem\",\"@id\":\"https:\\\/\\\/www.binauralmedia.org\\\/news\\\/en\\\/arquivo\\\/portfolio-items\\\/luis-costa-2024#listItem\",\"name\":\"Lu\\u00eds Costa\"},\"previousItem\":{\"@type\":\"ListItem\",\"@id\":\"https:\\\/\\\/www.binauralmedia.org\\\/news\\\/en\\\/portfolio_category\\\/activities-en#listItem\",\"name\":\"Activities\"}},{\"@type\":\"ListItem\",\"@id\":\"https:\\\/\\\/www.binauralmedia.org\\\/news\\\/en\\\/arquivo\\\/portfolio-items\\\/luis-costa-2024#listItem\",\"position\":5,\"name\":\"Lu\\u00eds Costa\",\"previousItem\":{\"@type\":\"ListItem\",\"@id\":\"https:\\\/\\\/www.binauralmedia.org\\\/news\\\/en\\\/portfolio_category\\\/artist-residencies-en#listItem\",\"name\":\"Artist Residencies\"}}]},{\"@type\":\"Organization\",\"@id\":\"https:\\\/\\\/www.binauralmedia.org\\\/news\\\/en\\\/#organization\",\"name\":\"binauralmedia.org\",\"description\":\"Rural Based Sound\\\/Media Arts & Social Research\",\"url\":\"https:\\\/\\\/www.binauralmedia.org\\\/news\\\/en\\\/\"},{\"@type\":\"Person\",\"@id\":\"https:\\\/\\\/www.binauralmedia.org\\\/news\\\/en\\\/arquivo\\\/author\\\/nelyferreira#author\",\"url\":\"https:\\\/\\\/www.binauralmedia.org\\\/news\\\/en\\\/arquivo\\\/author\\\/nelyferreira\",\"name\":\"Nely Ferreira\"},{\"@type\":\"WebPage\",\"@id\":\"https:\\\/\\\/www.binauralmedia.org\\\/news\\\/en\\\/arquivo\\\/portfolio-items\\\/luis-costa-2024#webpage\",\"url\":\"https:\\\/\\\/www.binauralmedia.org\\\/news\\\/en\\\/arquivo\\\/portfolio-items\\\/luis-costa-2024\",\"name\":\"Lu\\u00eds Costa - binauralmedia.org\",\"description\":\"TWO BROTHERLY HILLS An audiovisual \\u201cethno-poeisis\\u201d essay, linking local accounts of two mountains located around three hundred kilometers apart: Pico Sacro, in the municipality of Boqueix\\u00f3n (near Santiago de Compostela, in the Galician province of A Coru\\u00f1a) and Monte de S\\u00e3o Mac\\u00e1rio, in the municipality of S\\u00e3o Pedro do Sul (in the Portuguese region of\",\"inLanguage\":\"en-US\",\"isPartOf\":{\"@id\":\"https:\\\/\\\/www.binauralmedia.org\\\/news\\\/en\\\/#website\"},\"breadcrumb\":{\"@id\":\"https:\\\/\\\/www.binauralmedia.org\\\/news\\\/en\\\/arquivo\\\/portfolio-items\\\/luis-costa-2024#breadcrumblist\"},\"author\":{\"@id\":\"https:\\\/\\\/www.binauralmedia.org\\\/news\\\/en\\\/arquivo\\\/author\\\/nelyferreira#author\"},\"creator\":{\"@id\":\"https:\\\/\\\/www.binauralmedia.org\\\/news\\\/en\\\/arquivo\\\/author\\\/nelyferreira#author\"},\"image\":{\"@type\":\"ImageObject\",\"url\":\"https:\\\/\\\/www.binauralmedia.org\\\/news\\\/wp-content\\\/uploads\\\/Dois-Montes-Irmaos.jpg\",\"@id\":\"https:\\\/\\\/www.binauralmedia.org\\\/news\\\/en\\\/arquivo\\\/portfolio-items\\\/luis-costa-2024\\\/#mainImage\",\"width\":1200,\"height\":800},\"primaryImageOfPage\":{\"@id\":\"https:\\\/\\\/www.binauralmedia.org\\\/news\\\/en\\\/arquivo\\\/portfolio-items\\\/luis-costa-2024#mainImage\"},\"datePublished\":\"2024-01-29T10:42:47+00:00\",\"dateModified\":\"2024-02-15T14:40:12+00:00\"},{\"@type\":\"WebSite\",\"@id\":\"https:\\\/\\\/www.binauralmedia.org\\\/news\\\/en\\\/#website\",\"url\":\"https:\\\/\\\/www.binauralmedia.org\\\/news\\\/en\\\/\",\"name\":\"binauralmedia.org\",\"description\":\"Rural Based Sound\\\/Media Arts & Social Research\",\"inLanguage\":\"en-US\",\"publisher\":{\"@id\":\"https:\\\/\\\/www.binauralmedia.org\\\/news\\\/en\\\/#organization\"}}]}\n\t\t<\/script>\n\t\t<!-- All in One SEO -->\n\n","aioseo_head_json":{"title":"Lu\u00eds Costa - binauralmedia.org","description":"TWO BROTHERLY HILLS An audiovisual \u201cethno-poeisis\u201d essay, linking local accounts of two mountains located around three hundred kilometers apart: Pico Sacro, in the municipality of Boqueix\u00f3n (near Santiago de Compostela, in the Galician province of A Coru\u00f1a) and Monte de S\u00e3o Mac\u00e1rio, in the municipality of S\u00e3o Pedro do Sul (in the Portuguese region of","canonical_url":"https:\/\/www.binauralmedia.org\/news\/en\/arquivo\/portfolio-items\/luis-costa-2024","robots":"max-image-preview:large","keywords":"","webmasterTools":{"miscellaneous":""},"schema":{"@context":"https:\/\/schema.org","@graph":[{"@type":"BreadcrumbList","@id":"https:\/\/www.binauralmedia.org\/news\/en\/arquivo\/portfolio-items\/luis-costa-2024#breadcrumblist","itemListElement":[{"@type":"ListItem","@id":"https:\/\/www.binauralmedia.org\/news\/en#listItem","position":1,"name":"Home","item":"https:\/\/www.binauralmedia.org\/news\/en","nextItem":{"@type":"ListItem","@id":"https:\/\/www.binauralmedia.org\/news\/en\/arquivo\/portfolio-items#listItem","name":"Portfolio"}},{"@type":"ListItem","@id":"https:\/\/www.binauralmedia.org\/news\/en\/arquivo\/portfolio-items#listItem","position":2,"name":"Portfolio","item":"https:\/\/www.binauralmedia.org\/news\/en\/arquivo\/portfolio-items","nextItem":{"@type":"ListItem","@id":"https:\/\/www.binauralmedia.org\/news\/en\/portfolio_category\/activities-en#listItem","name":"Activities"},"previousItem":{"@type":"ListItem","@id":"https:\/\/www.binauralmedia.org\/news\/en#listItem","name":"Home"}},{"@type":"ListItem","@id":"https:\/\/www.binauralmedia.org\/news\/en\/portfolio_category\/activities-en#listItem","position":3,"name":"Activities","item":"https:\/\/www.binauralmedia.org\/news\/en\/portfolio_category\/activities-en","nextItem":{"@type":"ListItem","@id":"https:\/\/www.binauralmedia.org\/news\/en\/portfolio_category\/artist-residencies-en#listItem","name":"Artist Residencies"},"previousItem":{"@type":"ListItem","@id":"https:\/\/www.binauralmedia.org\/news\/en\/arquivo\/portfolio-items#listItem","name":"Portfolio"}},{"@type":"ListItem","@id":"https:\/\/www.binauralmedia.org\/news\/en\/portfolio_category\/artist-residencies-en#listItem","position":4,"name":"Artist Residencies","item":"https:\/\/www.binauralmedia.org\/news\/en\/portfolio_category\/artist-residencies-en","nextItem":{"@type":"ListItem","@id":"https:\/\/www.binauralmedia.org\/news\/en\/arquivo\/portfolio-items\/luis-costa-2024#listItem","name":"Lu\u00eds Costa"},"previousItem":{"@type":"ListItem","@id":"https:\/\/www.binauralmedia.org\/news\/en\/portfolio_category\/activities-en#listItem","name":"Activities"}},{"@type":"ListItem","@id":"https:\/\/www.binauralmedia.org\/news\/en\/arquivo\/portfolio-items\/luis-costa-2024#listItem","position":5,"name":"Lu\u00eds Costa","previousItem":{"@type":"ListItem","@id":"https:\/\/www.binauralmedia.org\/news\/en\/portfolio_category\/artist-residencies-en#listItem","name":"Artist Residencies"}}]},{"@type":"Organization","@id":"https:\/\/www.binauralmedia.org\/news\/en\/#organization","name":"binauralmedia.org","description":"Rural Based Sound\/Media Arts & Social Research","url":"https:\/\/www.binauralmedia.org\/news\/en\/"},{"@type":"Person","@id":"https:\/\/www.binauralmedia.org\/news\/en\/arquivo\/author\/nelyferreira#author","url":"https:\/\/www.binauralmedia.org\/news\/en\/arquivo\/author\/nelyferreira","name":"Nely Ferreira"},{"@type":"WebPage","@id":"https:\/\/www.binauralmedia.org\/news\/en\/arquivo\/portfolio-items\/luis-costa-2024#webpage","url":"https:\/\/www.binauralmedia.org\/news\/en\/arquivo\/portfolio-items\/luis-costa-2024","name":"Lu\u00eds Costa - binauralmedia.org","description":"TWO BROTHERLY HILLS An audiovisual \u201cethno-poeisis\u201d essay, linking local accounts of two mountains located around three hundred kilometers apart: Pico Sacro, in the municipality of Boqueix\u00f3n (near Santiago de Compostela, in the Galician province of A Coru\u00f1a) and Monte de S\u00e3o Mac\u00e1rio, in the municipality of S\u00e3o Pedro do Sul (in the Portuguese region of","inLanguage":"en-US","isPartOf":{"@id":"https:\/\/www.binauralmedia.org\/news\/en\/#website"},"breadcrumb":{"@id":"https:\/\/www.binauralmedia.org\/news\/en\/arquivo\/portfolio-items\/luis-costa-2024#breadcrumblist"},"author":{"@id":"https:\/\/www.binauralmedia.org\/news\/en\/arquivo\/author\/nelyferreira#author"},"creator":{"@id":"https:\/\/www.binauralmedia.org\/news\/en\/arquivo\/author\/nelyferreira#author"},"image":{"@type":"ImageObject","url":"https:\/\/www.binauralmedia.org\/news\/wp-content\/uploads\/Dois-Montes-Irmaos.jpg","@id":"https:\/\/www.binauralmedia.org\/news\/en\/arquivo\/portfolio-items\/luis-costa-2024\/#mainImage","width":1200,"height":800},"primaryImageOfPage":{"@id":"https:\/\/www.binauralmedia.org\/news\/en\/arquivo\/portfolio-items\/luis-costa-2024#mainImage"},"datePublished":"2024-01-29T10:42:47+00:00","dateModified":"2024-02-15T14:40:12+00:00"},{"@type":"WebSite","@id":"https:\/\/www.binauralmedia.org\/news\/en\/#website","url":"https:\/\/www.binauralmedia.org\/news\/en\/","name":"binauralmedia.org","description":"Rural Based Sound\/Media Arts & Social Research","inLanguage":"en-US","publisher":{"@id":"https:\/\/www.binauralmedia.org\/news\/en\/#organization"}}]},"og:locale":"en_US","og:site_name":"binauralmedia.org - Rural Based Sound\/Media Arts &amp; Social Research","og:type":"article","og:title":"Lu\u00eds Costa - binauralmedia.org","og:description":"TWO BROTHERLY HILLS An audiovisual \u201cethno-poeisis\u201d essay, linking local accounts of two mountains located around three hundred kilometers apart: Pico Sacro, in the municipality of Boqueix\u00f3n (near Santiago de Compostela, in the Galician province of A Coru\u00f1a) and Monte de S\u00e3o Mac\u00e1rio, in the municipality of S\u00e3o Pedro do Sul (in the Portuguese region of","og:url":"https:\/\/www.binauralmedia.org\/news\/en\/arquivo\/portfolio-items\/luis-costa-2024","article:published_time":"2024-01-29T10:42:47+00:00","article:modified_time":"2024-02-15T14:40:12+00:00","twitter:card":"summary_large_image","twitter:title":"Lu\u00eds Costa - binauralmedia.org","twitter:description":"TWO BROTHERLY HILLS An audiovisual \u201cethno-poeisis\u201d essay, linking local accounts of two mountains located around three hundred kilometers apart: Pico Sacro, in the municipality of Boqueix\u00f3n (near Santiago de Compostela, in the Galician province of A Coru\u00f1a) and Monte de S\u00e3o Mac\u00e1rio, in the municipality of S\u00e3o Pedro do Sul (in the Portuguese region of"},"aioseo_meta_data":{"post_id":"20659","title":null,"description":null,"keywords":null,"keyphrases":null,"primary_term":null,"canonical_url":null,"og_title":null,"og_description":null,"og_object_type":"default","og_image_type":"default","og_image_custom_url":null,"og_image_custom_fields":null,"og_image_url":null,"og_image_width":null,"og_image_height":null,"og_video":null,"og_custom_url":null,"og_article_section":null,"og_article_tags":null,"twitter_use_og":false,"twitter_card":"default","twitter_image_type":"default","twitter_image_custom_url":null,"twitter_image_custom_fields":null,"twitter_image_url":null,"twitter_title":null,"twitter_description":null,"schema_type":"default","schema_type_options":null,"schema":{"blockGraphs":[],"customGraphs":[],"default":{"data":{"Article":[],"Course":[],"Dataset":[],"FAQPage":[],"Movie":[],"Person":[],"Product":[],"ProductReview":[],"Car":[],"Recipe":[],"Service":[],"SoftwareApplication":[],"WebPage":[]},"graphName":"","isEnabled":true},"graphs":[]},"pillar_content":false,"robots_default":true,"robots_noindex":false,"robots_noarchive":false,"robots_nosnippet":false,"robots_nofollow":false,"robots_noimageindex":false,"robots_noodp":false,"robots_notranslate":false,"robots_max_snippet":null,"robots_max_videopreview":null,"robots_max_imagepreview":"large","priority":null,"frequency":null,"local_seo":null,"limit_modified_date":false,"ai":null,"breadcrumb_settings":null,"seo_analyzer_scan_date":null,"created":"2026-08-04 23:36:11","updated":"2026-08-04 23:36:11","focus_keyword":null,"additional_keywords":null,"truseo_locale":null},"aioseo_breadcrumb":"<div class=\"aioseo-breadcrumbs\"><span class=\"aioseo-breadcrumb\">\n\t\t\t<a href=\"https:\/\/www.binauralmedia.org\/news\/en\" title=\"Home\">Home<\/a>\n\t\t<\/span><span class=\"aioseo-breadcrumb-separator\">&raquo;<\/span><span class=\"aioseo-breadcrumb\">\n\t\t\t<a href=\"https:\/\/www.binauralmedia.org\/news\/en\/arquivo\/portfolio-items\" title=\"Portfolio\">Portfolio<\/a>\n\t\t<\/span><span class=\"aioseo-breadcrumb-separator\">&raquo;<\/span><span class=\"aioseo-breadcrumb\">\n\t\t\t<a href=\"https:\/\/www.binauralmedia.org\/news\/en\/portfolio_category\/activities-en\" title=\"Activities\">Activities<\/a>\n\t\t<\/span><span class=\"aioseo-breadcrumb-separator\">&raquo;<\/span><span class=\"aioseo-breadcrumb\">\n\t\t\t<a href=\"https:\/\/www.binauralmedia.org\/news\/en\/portfolio_category\/artist-residencies-en\" title=\"Artist Residencies\">Artist Residencies<\/a>\n\t\t<\/span><span class=\"aioseo-breadcrumb-separator\">&raquo;<\/span><span class=\"aioseo-breadcrumb\">\n\t\t\tLu\u00eds Costa\n\t\t<\/span><\/div>","aioseo_breadcrumb_json":[{"label":"Home","link":"https:\/\/www.binauralmedia.org\/news\/en"},{"label":"Portfolio","link":"https:\/\/www.binauralmedia.org\/news\/en\/arquivo\/portfolio-items"},{"label":"Activities","link":"https:\/\/www.binauralmedia.org\/news\/en\/portfolio_category\/activities-en"},{"label":"Artist Residencies","link":"https:\/\/www.binauralmedia.org\/news\/en\/portfolio_category\/artist-residencies-en"},{"label":"Lu\u00eds Costa","link":"https:\/\/www.binauralmedia.org\/news\/en\/arquivo\/portfolio-items\/luis-costa-2024"}],"_links":{"self":[{"href":"https:\/\/www.binauralmedia.org\/news\/en\/wp-json\/wp\/v2\/avada_portfolio\/20659","targetHints":{"allow":["GET"]}}],"collection":[{"href":"https:\/\/www.binauralmedia.org\/news\/en\/wp-json\/wp\/v2\/avada_portfolio"}],"about":[{"href":"https:\/\/www.binauralmedia.org\/news\/en\/wp-json\/wp\/v2\/types\/avada_portfolio"}],"author":[{"embeddable":true,"href":"https:\/\/www.binauralmedia.org\/news\/en\/wp-json\/wp\/v2\/users\/8"}],"replies":[{"embeddable":true,"href":"https:\/\/www.binauralmedia.org\/news\/en\/wp-json\/wp\/v2\/comments?post=20659"}],"version-history":[{"count":5,"href":"https:\/\/www.binauralmedia.org\/news\/en\/wp-json\/wp\/v2\/avada_portfolio\/20659\/revisions"}],"predecessor-version":[{"id":20862,"href":"https:\/\/www.binauralmedia.org\/news\/en\/wp-json\/wp\/v2\/avada_portfolio\/20659\/revisions\/20862"}],"wp:featuredmedia":[{"embeddable":true,"href":"https:\/\/www.binauralmedia.org\/news\/en\/wp-json\/wp\/v2\/media\/20594"}],"wp:attachment":[{"href":"https:\/\/www.binauralmedia.org\/news\/en\/wp-json\/wp\/v2\/media?parent=20659"}],"wp:term":[{"taxonomy":"portfolio_category","embeddable":true,"href":"https:\/\/www.binauralmedia.org\/news\/en\/wp-json\/wp\/v2\/portfolio_category?post=20659"},{"taxonomy":"portfolio_skills","embeddable":true,"href":"https:\/\/www.binauralmedia.org\/news\/en\/wp-json\/wp\/v2\/portfolio_skills?post=20659"},{"taxonomy":"portfolio_tags","embeddable":true,"href":"https:\/\/www.binauralmedia.org\/news\/en\/wp-json\/wp\/v2\/portfolio_tags?post=20659"}],"curies":[{"name":"wp","href":"https:\/\/api.w.org\/{rel}","templated":true}]}}